{"id":20029,"date":"2026-02-23T16:53:29","date_gmt":"2026-02-23T15:53:29","guid":{"rendered":"https:\/\/dfvcg-events.de\/digital-talk\/?post_type=portfolio&#038;p=20029"},"modified":"2026-04-17T11:11:27","modified_gmt":"2026-04-17T09:11:27","slug":"digital-coaching-stark-im-stress-an-der-theke","status":"publish","type":"portfolio","link":"https:\/\/dfvcg-events.de\/digital-talk\/veranstaltung\/digital-coaching-stark-im-stress-an-der-theke\/","title":{"rendered":"digital coaching: Stark im Stress an der Theke"},"content":{"rendered":"<div class='clear'><\/div><div id='sub_menu1'  class='av-submenu-container av-kawv0if6-b4e37991045abd8a15205f662d77aaf5 header_color av-switch-990  avia-builder-el-0  el_before_av_section  avia-builder-el-first  av-sticky-submenu container_wrap fullsize' style='z-index:301' ><div class='container av-menu-mobile-active av-submenu-pos-left'><a href=\"#\" class=\"mobile_menu_toggle\"><span class='avia-svg-icon avia-font-svg_entypo-fontello' data-av_svg_icon='list' data-av_iconset='svg_entypo-fontello'><svg version=\"1.1\" xmlns=\"http:\/\/www.w3.org\/2000\/svg\" width=\"22\" height=\"32\" viewBox=\"0 0 22 32\" preserveAspectRatio=\"xMidYMid meet\" aria-labelledby='av-svg-title-1' aria-describedby='av-svg-desc-1' role=\"graphics-symbol\" aria-hidden=\"true\">\n<title id='av-svg-title-1'>List<\/title>\n<desc id='av-svg-desc-1'>List<\/desc>\n<path d=\"M3.2 20.8q0.64 0 1.12 0.48t0.48 1.12-0.48 1.12-1.12 0.48h-1.6q-0.64 0-1.12-0.48t-0.48-1.12 0.448-1.12 1.152-0.48h1.6zM3.2 14.4q0.64 0 1.12 0.48t0.48 1.12-0.48 1.12-1.12 0.48h-1.6q-0.64 0-1.12-0.48t-0.48-1.12 0.448-1.12 1.152-0.48h1.6zM3.2 8q0.64 0 1.12 0.48t0.48 1.12-0.48 1.12-1.12 0.48h-1.6q-0.64 0-1.12-0.48t-0.48-1.12 0.448-1.12 1.152-0.48h1.6zM9.6 11.2q-0.64 0-1.12-0.48t-0.48-1.12 0.48-1.12 1.12-0.48h11.2q0.704 0 1.152 0.48t0.448 1.12-0.48 1.12-1.12 0.48h-11.2zM20.8 14.4q0.704 0 1.152 0.48t0.448 1.12-0.48 1.12-1.12 0.48h-11.2q-0.64 0-1.12-0.48t-0.48-1.12 0.48-1.12 1.12-0.48h11.2zM20.8 20.8q0.704 0 1.152 0.48t0.448 1.12-0.48 1.12-1.12 0.48h-11.2q-0.64 0-1.12-0.48t-0.48-1.12 0.48-1.12 1.12-0.48h11.2z\"><\/path>\n<\/svg><\/span><span class=\"av-current-placeholder\">Men\u00fc<\/span><\/a><ul id='av-custom-submenu-1' class='av-subnav-menu' role='menu'>\n<li class='menu-item av-2kckn4-d8dc538657b3c2d5a66620c5c72848ba menu-item-top-level av-menu-button av-menu-button-bordered menu-item-top-level-1' role='menuitem'><a href='https:\/\/dfvcg-events.de\/digital-talk\/'  ><span class='avia-bullet'><\/span><span class='avia-menu-text'>digital talks<\/span><\/a><\/li>\n<li class='menu-item av-cpa6i-76dd22975082e57ace79a66955ab2612 menu-item-top-level av-menu-button av-menu-button-colored menu-item-top-level-2' role='menuitem'><a href='#anmelden'  ><span class='avia-bullet'><\/span><span class='avia-menu-text'>Jetzt anmelden<\/span><\/a><\/li>\n<li class='menu-item av-2u4alb-435ddfe1c330219f60bc42ac1453e131 menu-item-top-level menu-item-top-level-3' role='menuitem'><a href='#'  ><span class='avia-bullet'><\/span><span class='avia-menu-text'>Start<\/span><\/a><\/li>\n<li class='menu-item av-4qodp5-6172f5cdc7098ba75066de71f1c058fb menu-item-top-level menu-item-top-level-4' role='menuitem'><a href='#referenten'  ><span class='avia-bullet'><\/span><span class='avia-menu-text'>Vortragende<\/span><\/a><\/li>\n<\/ul><\/div><\/div><div class='sticky_placeholder'><\/div>\n<div id='av_section_1'  class='avia-section av-srk2y-112106500345416558fb7b75c6b4ce9b main_color avia-section-default avia-no-border-styling  avia-builder-el-1  el_after_av_submenu  el_before_av_section  avia-bg-style-scroll container_wrap fullsize'  ><div class='container av-section-cont-open' ><div class='template-page content  av-content-full alpha units'><div class='post-entry post-entry-type-page post-entry-20029'><div class='entry-content-wrapper clearfix'>\n<div class='flex_column_table av-prli-64bf6691d8e0f71fe37b32964844bca4 sc-av_two_fifth av-equal-height-column-flextable'>\n<style type=\"text\/css\" data-created_by=\"avia_inline_auto\" id=\"style-css-av-prli-64bf6691d8e0f71fe37b32964844bca4\">\n.flex_column.av-prli-64bf6691d8e0f71fe37b32964844bca4{\nborder-radius:0px 0px 0px 0px;\npadding:0px 0px 0px 0px;\n}\n<\/style>\n<div  class='flex_column av-prli-64bf6691d8e0f71fe37b32964844bca4 av_two_fifth  avia-builder-el-2  el_before_av_three_fifth  avia-builder-el-first  first flex_column_table_cell av-equal-height-column av-align-top av-zero-column-padding  '     ><style type=\"text\/css\" data-created_by=\"avia_inline_auto\" id=\"style-css-av-kgj4bohl-32500e8c92f455bcbffe98bf842952b7\">\n.avia-image-container.av-kgj4bohl-32500e8c92f455bcbffe98bf842952b7 img.avia_image{\nbox-shadow:none;\n}\n.avia-image-container.av-kgj4bohl-32500e8c92f455bcbffe98bf842952b7 .av-image-caption-overlay-center{\ncolor:#ffffff;\n}\n<\/style>\n<div  class='avia-image-container av-kgj4bohl-32500e8c92f455bcbffe98bf842952b7 av-styling- avia-align-center  avia-builder-el-3  avia-builder-el-no-sibling '   itemprop=\"image\" itemscope=\"itemscope\" itemtype=\"https:\/\/schema.org\/ImageObject\" ><div class=\"avia-image-container-inner\"><div class=\"avia-image-overlay-wrap\"><img decoding=\"async\" fetchpriority=\"high\" class='wp-image-20060 avia-img-lazy-loading-not-20060 avia_image ' src=\"https:\/\/dfvcg-events.de\/digital-talk\/wp-content\/uploads\/sites\/14\/2026\/02\/Teaser-DigiCoach-StarkimStress-800x800_oDatum.jpg\" alt='' title='DigiCoach Stark im Stress'  height=\"800\" width=\"800\"  itemprop=\"thumbnailUrl\" srcset=\"https:\/\/dfvcg-events.de\/digital-talk\/wp-content\/uploads\/sites\/14\/2026\/02\/Teaser-DigiCoach-StarkimStress-800x800_oDatum.jpg 800w, https:\/\/dfvcg-events.de\/digital-talk\/wp-content\/uploads\/sites\/14\/2026\/02\/Teaser-DigiCoach-StarkimStress-800x800_oDatum-36x36.jpg 36w, https:\/\/dfvcg-events.de\/digital-talk\/wp-content\/uploads\/sites\/14\/2026\/02\/Teaser-DigiCoach-StarkimStress-800x800_oDatum-180x180.jpg 180w, https:\/\/dfvcg-events.de\/digital-talk\/wp-content\/uploads\/sites\/14\/2026\/02\/Teaser-DigiCoach-StarkimStress-800x800_oDatum-705x705.jpg 705w\" sizes=\"(max-width: 800px) 100vw, 800px\" \/><\/div><\/div><\/div><\/div><div class='av-flex-placeholder'><\/div>\n<style type=\"text\/css\" data-created_by=\"avia_inline_auto\" id=\"style-css-av-k26i2v6p-2688042be07242d734261d0b65f3805f\">\n.flex_column.av-k26i2v6p-2688042be07242d734261d0b65f3805f{\nborder-radius:0px 0px 0px 0px;\npadding:0px 35px 0px 0px;\n}\n<\/style>\n<div  class='flex_column av-k26i2v6p-2688042be07242d734261d0b65f3805f av_three_fifth  avia-builder-el-4  el_after_av_two_fifth  avia-builder-el-last  flex_column_table_cell av-equal-height-column av-align-top  '     ><p>\n<style type=\"text\/css\" data-created_by=\"avia_inline_auto\" id=\"style-css-av-280ihu-0e1cf0f87f0da10aaec6ffdef3ef8b0b\">\n#top .av-special-heading.av-280ihu-0e1cf0f87f0da10aaec6ffdef3ef8b0b{\npadding-bottom:10px;\ncolor:#894f1e;\n}\nbody .av-special-heading.av-280ihu-0e1cf0f87f0da10aaec6ffdef3ef8b0b .av-special-heading-tag .heading-char{\nfont-size:25px;\n}\n.av-special-heading.av-280ihu-0e1cf0f87f0da10aaec6ffdef3ef8b0b .special-heading-inner-border{\nborder-color:#894f1e;\n}\n.av-special-heading.av-280ihu-0e1cf0f87f0da10aaec6ffdef3ef8b0b .av-subheading{\nfont-size:19px;\ncolor:#000000;\n}\n<\/style>\n<div  class='av-special-heading av-280ihu-0e1cf0f87f0da10aaec6ffdef3ef8b0b av-special-heading-h1 custom-color-heading blockquote modern-quote  avia-builder-el-5  el_before_av_textblock  avia-builder-el-first  av-linked-heading'><div class='av_custom_color av-subheading av-subheading_above'><p>digital coaching:<\/p>\n<\/div><h1 class='av-special-heading-tag '  itemprop=\"headline\"  >Stark im Stress an der Theke<\/h1><div class=\"special-heading-border\"><div class=\"special-heading-inner-border\"><\/div><\/div><\/div><br \/>\n\n<style type=\"text\/css\" data-created_by=\"avia_inline_auto\" id=\"style-css-av-kk6mwm01-ecd4c00e8628473cd79b63e1395d2be6\">\n#top .av_textblock_section.av-kk6mwm01-ecd4c00e8628473cd79b63e1395d2be6 .avia_textblock{\nfont-size:21px;\n}\n<\/style>\n<section  class='av_textblock_section av-kk6mwm01-ecd4c00e8628473cd79b63e1395d2be6 '   itemscope=\"itemscope\" itemtype=\"https:\/\/schema.org\/CreativeWork\" ><div class='avia_textblock'  itemprop=\"text\" ><p class=\"av-special-heading-tag\"><strong>Wie man auch bei schwierigen Kunden und Situationen resilient bleibt<\/strong><\/p>\n<p class=\"av-special-heading-tag\">14. April 2026<br \/>\n10:00 \u2013 11:30 Uhr<\/p>\n<\/div><\/section><br \/>\n<div  class='hr av-kaz5acoo-b78fa01771143abfb53ff655947cbd6e hr-default  avia-builder-el-7  el_after_av_textblock  el_before_av_buttonrow '><span class='hr-inner '><span class=\"hr-inner-style\"><\/span><\/span><\/div><br \/>\n<div  class='avia-buttonrow-wrap av-kcn3m3gt-fff65312e5a8530eff99563e24d61bb2 avia-buttonrow-left  avia-builder-el-8  el_after_av_hr  avia-builder-el-last '>\n\n<style type=\"text\/css\" data-created_by=\"avia_inline_auto\" id=\"style-css-av-3k12xc-d7df612ad380ace5ea56d0c4bfa4be78\">\n#top #wrap_all .avia-button.av-3k12xc-d7df612ad380ace5ea56d0c4bfa4be78{\nbackground-color:#894f1e;\nborder-color:#894f1e;\ncolor:#ffffff;\ntransition:all 0.4s ease-in-out;\nmargin-bottom:5px;\nmargin-right:5px;\n}\n#top #wrap_all .avia-button.av-3k12xc-d7df612ad380ace5ea56d0c4bfa4be78 .avia-svg-icon svg:first-child{\nfill:#ffffff;\nstroke:#ffffff;\n}\n<\/style>\n<a href='#anmelden'  class='avia-button av-3k12xc-d7df612ad380ace5ea56d0c4bfa4be78 avia-icon_select-yes-left-icon avia-size-large'   aria-label=\"Jetzt anmelden\"><span class='avia_button_icon avia_button_icon_left avia-iconfont avia-font-entypo-fontello' data-av_icon='\ue8cb' data-av_iconfont='entypo-fontello' ><\/span><span class='avia_iconbox_title' >Jetzt anmelden<\/span><\/a>\n\n<style type=\"text\/css\" data-created_by=\"avia_inline_auto\" id=\"style-css-av-2000oy-985f4408f49cd27ba0c7574e3e5fbd98\">\n#top #wrap_all .avia-button.av-2000oy-985f4408f49cd27ba0c7574e3e5fbd98{\nbackground-color:#897665;\nborder-color:#897665;\ncolor:#ffffff;\ntransition:all 0.4s ease-in-out;\nmargin-bottom:5px;\nmargin-right:5px;\n}\n#top #wrap_all .avia-button.av-2000oy-985f4408f49cd27ba0c7574e3e5fbd98 .avia-svg-icon svg:first-child{\nfill:#ffffff;\nstroke:#ffffff;\n}\n<\/style>\n<a href='https:\/\/dfvcg-events.de\/digital-talk\/wp-content\/uploads\/sites\/14\/2026\/02\/digital-coaching-Stark-im-Stress-an-der-Theke.ics'  class='avia-button av-2000oy-985f4408f49cd27ba0c7574e3e5fbd98 avia-icon_select-yes-left-icon avia-size-large'  target=\"_blank\"  rel=\"noopener noreferrer\"  aria-label=\"Save the Date\"><span class='avia_button_icon avia_button_icon_left avia-iconfont avia-font-entypo-fontello' data-av_icon='\ue85b' data-av_iconfont='entypo-fontello' ><\/span><span class='avia_iconbox_title' >Save the Date<\/span><\/a>\n<\/div><\/p><\/div><\/div><!--close column table wrapper. Autoclose: 1 -->\n\n<\/div><\/div><\/div><!-- close content main div --><\/div><\/div>\n<style type=\"text\/css\" data-created_by=\"avia_inline_auto\" id=\"style-css-av-luwuobe8-c87e9e4e33c33f1f52f47822f7394b05\">\n.avia-section.av-luwuobe8-c87e9e4e33c33f1f52f47822f7394b05{\nbackground-color:#894f1e;\nbackground:linear-gradient( to bottom right, #894f1e, #896e55 );\n}\n<\/style>\n<div id='av_section_2'  class='avia-section av-luwuobe8-c87e9e4e33c33f1f52f47822f7394b05 main_color avia-section-large avia-no-shadow  avia-builder-el-9  el_after_av_section  el_before_av_section  avia-bg-style-scroll container_wrap fullsize'  ><div class='container av-section-cont-open' ><div class='template-page content  av-content-full alpha units'><div class='post-entry post-entry-type-page post-entry-20029'><div class='entry-content-wrapper clearfix'>\n\n<style type=\"text\/css\" data-created_by=\"avia_inline_auto\" id=\"style-css-av-l9yl7h-f86d87a92920418078a2f5959fbe36e0\">\n#top .av_textblock_section.av-l9yl7h-f86d87a92920418078a2f5959fbe36e0 .avia_textblock{\nfont-size:20px;\ncolor:#ffffff;\n}\n<\/style>\n<section  class='av_textblock_section av-l9yl7h-f86d87a92920418078a2f5959fbe36e0 '   itemscope=\"itemscope\" itemtype=\"https:\/\/schema.org\/CreativeWork\" ><div class='avia_textblock av_inherit_color'  itemprop=\"text\" ><p>Der Alltag an der Theke kann fordern. Unfreundliche Kunden, Zeitdruck, Erwartungen von allen Seiten. In diesem Training lernen Sie, wie Sie ruhig bleiben, sich innerlich sch\u00fctzen und trotzdem souver\u00e4n reagieren. F\u00fcr mehr Sicherheit im Auftreten und mehr Gesundheit im Arbeitsalltag.<\/p>\n<p><strong><span style=\"color: #ffffff\">Inhalte:<\/span><\/strong><\/p>\n<ul>\n<li>Mit schwierigen Kunden gelassen und professionell umgehen<\/li>\n<li>Klare innere Abgrenzung, ohne unfreundlich zu wirken<\/li>\n<li>Kommunikationsmuster erkennen und bewusst steuern<\/li>\n<li>Souver\u00e4ne Reaktionen statt emotionaler \u00dcberforderung<\/li>\n<li>Strategien, um langfristig resilient und gesund im Job zu bleiben<\/li>\n<\/ul>\n<\/div><\/section>\n\n<\/div><\/div><\/div><!-- close content main div --><\/div><\/div><div id='referenten'  class='avia-section av-17ucxhj-3ee926ad684304918d435a8e02aa1f68 main_color avia-section-default avia-no-shadow  avia-builder-el-11  el_after_av_section  el_before_av_section  avia-bg-style-scroll container_wrap fullsize'  ><div class='container av-section-cont-open' ><div class='template-page content  av-content-full alpha units'><div class='post-entry post-entry-type-page post-entry-20029'><div class='entry-content-wrapper clearfix'>\n\n<style type=\"text\/css\" data-created_by=\"avia_inline_auto\" id=\"style-css-av-16us2dj-6ee74e4ca7cb063cbef93c3ca5074c74\">\n#top .av-special-heading.av-16us2dj-6ee74e4ca7cb063cbef93c3ca5074c74{\npadding-bottom:25px;\n}\nbody .av-special-heading.av-16us2dj-6ee74e4ca7cb063cbef93c3ca5074c74 .av-special-heading-tag .heading-char{\nfont-size:25px;\n}\n.av-special-heading.av-16us2dj-6ee74e4ca7cb063cbef93c3ca5074c74 .av-subheading{\nfont-size:15px;\n}\n<\/style>\n<div  class='av-special-heading av-16us2dj-6ee74e4ca7cb063cbef93c3ca5074c74 av-special-heading-h2 blockquote modern-quote  avia-builder-el-12  el_before_av_one_third  avia-builder-el-first '><h2 class='av-special-heading-tag '  itemprop=\"headline\"  >Vortragende<\/h2><div class='av-subheading av-subheading_below'><p>Freuen Sie sich auf:<\/p>\n<\/div><div class=\"special-heading-border\"><div class=\"special-heading-inner-border\"><\/div><\/div><\/div>\n\n<style type=\"text\/css\" data-created_by=\"avia_inline_auto\" id=\"style-css-av-28vml7c-24e0b8976ac860921815e06eca21ad13\">\n.flex_column.av-28vml7c-24e0b8976ac860921815e06eca21ad13{\nborder-radius:0px 0px 0px 0px;\npadding:0px 0px 0px 0px;\n}\n<\/style>\n<div  class='flex_column av-28vml7c-24e0b8976ac860921815e06eca21ad13 av_one_third  avia-builder-el-13  el_after_av_heading  avia-builder-el-last  first flex_column_div av-zero-column-padding  '     ><p><section  class='avia-team-member av-59gh3s-8e58f1b54ba39968916a886dcce8dc9f  avia-builder-el-14  el_before_av_toggle_container  avia-builder-el-first '  itemscope=\"itemscope\" itemtype=\"https:\/\/schema.org\/Person\" ><div class=\"team-img-container\"><img decoding=\"async\" fetchpriority=\"high\" class='wp-image-19339 avia-img-lazy-loading-not-19339 avia_image avia_image_team' src=\"https:\/\/dfvcg-events.de\/digital-talk\/wp-content\/uploads\/sites\/14\/2025\/10\/IMG_9738-web.jpg\" alt='Frank Simmeth'  itemprop=\"image\"   height=\"2114\" width=\"1585\" srcset=\"https:\/\/dfvcg-events.de\/digital-talk\/wp-content\/uploads\/sites\/14\/2025\/10\/IMG_9738-web.jpg 1585w, https:\/\/dfvcg-events.de\/digital-talk\/wp-content\/uploads\/sites\/14\/2025\/10\/IMG_9738-web-1125x1500.jpg 1125w, https:\/\/dfvcg-events.de\/digital-talk\/wp-content\/uploads\/sites\/14\/2025\/10\/IMG_9738-web-529x705.jpg 529w\" sizes=\"(max-width: 1585px) 100vw, 1585px\" \/><\/div><h3 class='team-member-name '  itemprop=\"name\" >Frank Simmeth<\/h3><div class='team-member-job-title '  itemprop=\"jobTitle\" >Gr\u00fcnder, Simmeth-Training<\/div><span class='hidden team-member-affiliation'  itemprop=\"affiliation\" >Digital Talk<\/span><\/section><br \/>\n<div  class='togglecontainer av-1447iig-3f74fef65e01c5c33c9903aaaebb0a32  avia-builder-el-15  el_after_av_team_member  avia-builder-el-last  toggle_close_all' >\n<section class='av_toggle_section av-wtncqg-6a25540f5ad31dcb727ef781ac7784e8'  itemscope=\"itemscope\" itemtype=\"https:\/\/schema.org\/CreativeWork\" ><div role=\"tablist\" class=\"single_toggle\" data-tags=\"{Alle} \"  ><p id='toggle-toggle-id-1' data-fake-id='#toggle-id-1' class='toggler  av-title-above '  itemprop=\"headline\"  role='tab' tabindex='0' aria-controls='toggle-id-1' data-slide-speed=\"200\" data-title=\"Info\" data-title-open=\"\" data-aria_collapsed=\"Click to expand: Info\" data-aria_expanded=\"Click to collapse: Info\">Info<span class=\"toggle_icon\"><span class=\"vert_icon\"><\/span><span class=\"hor_icon\"><\/span><\/span><\/p><div id='toggle-id-1' aria-labelledby='toggle-toggle-id-1' role='region' class='toggle_wrap  av-title-above'  ><div class='toggle_content invers-color '  itemprop=\"text\" ><p><strong>Coach. Unternehmer. Mutmacher.<\/strong><\/p>\n<p>Frank Simmeth ist Gr\u00fcnder und Herz von\u00a0<strong>Simmeth-Training<\/strong>\u00a0\u2013 einer vielfach ausgezeichneten Akademie f\u00fcr Pers\u00f6nlichkeitsentwicklung, Coaching und F\u00fchrung im Dienstleistungsumfeld. Als ausgebildeter Koch mit Wurzeln in Spitzengastronomie und Einzelhandel, als systemischer Coach, ECA-Lehrcoach, INLPTA-Trainer und Experte f\u00fcr Positive Psychologie vereint er seit \u00fcber 20 Jahren Fachwissen mit Tiefe, Haltung und Humor.<\/p>\n<p>Was ihn auszeichnet, ist seine F\u00e4higkeit, Menschen zu bewegen \u2013 mit klarer Sprache, unkonventionellen Methoden und echtem Interesse am Gegen\u00fcber. Ob auf der B\u00fchne, im Seminarraum oder online: Frank denkt Training neu. Als Entwickler des agilen Weiterbildungskonzepts\u00a0<strong>WebiFlix\u00ae<\/strong>\u00a0bringt er Lernen ins Jetzt \u2013 praxisnah, inspirierend und interaktiv.<\/p>\n<p>In seinen Seminaren, Coachings und Keynotes steht immer der Mensch im Mittelpunkt \u2013 nicht die Methode. Seine Devise:\u00a0<strong>St\u00e4rken st\u00e4rken, pers\u00f6nlich wachsen und \u00fcber eigene Schw\u00e4chen auch mal herzhaft lachen k\u00f6nnen.<\/strong>\u00a0Er fordert heraus, macht Mut und zeigt, wie F\u00fchrung heute wirkt: klar, coachend und mit echter Verbindung.<\/p>\n<p>Frank Simmeth ist professionelles Mitglied im FCSI Deutschland-\u00d6sterreich, Autor mehrerer Fachb\u00fccher und ein gefragter Redner zu den Themen Positive Leadership, Coachingkultur und wirksame Mitarbeiterentwicklung in der Dienstleistungsbranche.<\/p>\n<\/div><\/div><\/div><\/section>\n<\/div><\/p><\/div>\n\n<\/div><\/div><\/div><!-- close content main div --><\/div><\/div><div id='anmelden'  class='avia-section av-kawtoycl-1-b06506d3f004b7712fe681922b309195 main_color avia-section-default avia-no-shadow  avia-builder-el-16  el_after_av_section  el_before_av_section  avia-bg-style-scroll container_wrap fullsize'  ><div class='container av-section-cont-open' ><div class='template-page content  av-content-full alpha units'><div class='post-entry post-entry-type-page post-entry-20029'><div class='entry-content-wrapper clearfix'>\n\n<style type=\"text\/css\" data-created_by=\"avia_inline_auto\" id=\"style-css-av-24jcbm-d0be2e8687d81f89b68817615d6dfd37\">\n#top .av-special-heading.av-24jcbm-d0be2e8687d81f89b68817615d6dfd37{\npadding-bottom:25px;\n}\nbody .av-special-heading.av-24jcbm-d0be2e8687d81f89b68817615d6dfd37 .av-special-heading-tag .heading-char{\nfont-size:25px;\n}\n.av-special-heading.av-24jcbm-d0be2e8687d81f89b68817615d6dfd37 .av-subheading{\nfont-size:15px;\n}\n<\/style>\n<div  class='av-special-heading av-24jcbm-d0be2e8687d81f89b68817615d6dfd37 av-special-heading-h2 blockquote modern-quote  avia-builder-el-17  el_before_av_codeblock  avia-builder-el-first '><h2 class='av-special-heading-tag '  itemprop=\"headline\"  >Jetzt anmelden<\/h2><div class=\"special-heading-border\"><div class=\"special-heading-inner-border\"><\/div><\/div><\/div>\n\n\n<\/div><\/div><\/div><!-- close content main div --><\/div><\/div><div id='av_section_5'  class='avia-section av-55yknhf-c49b15a7cdc58e9a45b0476fcfb56e3b main_color avia-section-default avia-no-shadow  avia-builder-el-19  el_after_av_section  el_before_av_section  avia-bg-style-scroll container_wrap fullsize'  ><div class='container av-section-cont-open' ><div class='template-page content  av-content-full alpha units'><div class='post-entry post-entry-type-page post-entry-20029'><div class='entry-content-wrapper clearfix'>\n\n<style type=\"text\/css\" data-created_by=\"avia_inline_auto\" id=\"style-css-av-1bzlwyu-a1087a54e774d5a2d3438c833eb51609\">\n#top .av-special-heading.av-1bzlwyu-a1087a54e774d5a2d3438c833eb51609{\npadding-bottom:25px;\n}\nbody .av-special-heading.av-1bzlwyu-a1087a54e774d5a2d3438c833eb51609 .av-special-heading-tag .heading-char{\nfont-size:25px;\n}\n.av-special-heading.av-1bzlwyu-a1087a54e774d5a2d3438c833eb51609 .av-subheading{\nfont-size:15px;\n}\n<\/style>\n<div  class='av-special-heading av-1bzlwyu-a1087a54e774d5a2d3438c833eb51609 av-special-heading-h2 blockquote modern-quote  avia-builder-el-20  el_before_av_textblock  avia-builder-el-first '><h2 class='av-special-heading-tag '  itemprop=\"headline\"  >Gut zu wissen<\/h2><div class='av-subheading av-subheading_below'><p>Wichtige Informationen rund um Ihre digitale Teilnahme<\/p>\n<\/div><div class=\"special-heading-border\"><div class=\"special-heading-inner-border\"><\/div><\/div><\/div>\n<section  class='av_textblock_section av-qcdsfa-68170b5066ddc76dbc5943fd4f3142ae '   itemscope=\"itemscope\" itemtype=\"https:\/\/schema.org\/CreativeWork\" ><div class='avia_textblock'  itemprop=\"text\" ><p>Unsere digitalen Workshops sind auf berufliche Weiterbildung ausgerichtet und k\u00f6nnen in der Regel steuerlich als Werbungskosten geltend gemacht werden.<br \/>\nF\u00fcr die individuelle steuerliche Behandlung wenden Sie sich bitte an Ihren Steuerberater. Ein Teilnahmezertifikat k\u00f6nnen Sie im Anschluss bei uns anfragen.<\/p>\n<p>Nach Ihrer Registrierung erhalten Sie Ihre Anmeldebest\u00e4tigung sowie einen Link f\u00fcr Ihren Kalendereintrag. Die Zugangsdaten zum Einloggen erhalten Sie rechtzeitig vor Beginn des Digital Talks.<\/p>\n<\/div><\/section>\n\n<\/div><\/div><\/div><!-- close content main div --><\/div><\/div><div id='av_section_6'  class='avia-section av-1mxxbgd-334aed9fdb24cfef1e251096bd5820b3 main_color avia-section-default avia-no-shadow  avia-builder-el-22  el_after_av_section  el_before_av_section  avia-bg-style-scroll container_wrap fullsize'  ><div class='container av-section-cont-open' ><div class='template-page content  av-content-full alpha units'><div class='post-entry post-entry-type-page post-entry-20029'><div class='entry-content-wrapper clearfix'>\n<div  class='flex_column av-1clmyvx-c2cfabc7a3118d961d4fbf4ce5d28ea4 av_one_third  avia-builder-el-23  el_before_av_two_third  avia-builder-el-first  first flex_column_div  '     ><style type=\"text\/css\" data-created_by=\"avia_inline_auto\" id=\"style-css-av-mnfu1zal-045cb6843d861a2e3ee436cd702675d9\">\n#top .av-special-heading.av-mnfu1zal-045cb6843d861a2e3ee436cd702675d9{\npadding-bottom:25px;\n}\nbody .av-special-heading.av-mnfu1zal-045cb6843d861a2e3ee436cd702675d9 .av-special-heading-tag .heading-char{\nfont-size:25px;\n}\n#top #wrap_all .av-special-heading.av-mnfu1zal-045cb6843d861a2e3ee436cd702675d9 .av-special-heading-tag{\npadding:50px 0 0 0;\n}\n.av-special-heading.av-mnfu1zal-045cb6843d861a2e3ee436cd702675d9 .av-subheading{\nfont-size:15px;\n}\n<\/style>\n<div  class='av-special-heading av-mnfu1zal-045cb6843d861a2e3ee436cd702675d9 av-special-heading-h2 blockquote modern-quote  avia-builder-el-24  avia-builder-el-no-sibling '><h2 class='av-special-heading-tag '  itemprop=\"headline\"  >Das k\u00f6nnte auch f\u00fcr Sie interessant sein:<\/h2><div class=\"special-heading-border\"><div class=\"special-heading-inner-border\"><\/div><\/div><\/div><\/div><div  class='flex_column av-nuns3h-08e299c9a13591fb6abb2b6640b7a1de av_two_third  avia-builder-el-25  el_after_av_one_third  avia-builder-el-last  flex_column_div  '     ><style type=\"text\/css\" data-created_by=\"avia_inline_auto\" id=\"style-css-av-mnfu4r4i-6a97cf474bc3b4e02030bf11b4229a20\">\n.avia-image-container.av-mnfu4r4i-6a97cf474bc3b4e02030bf11b4229a20 img.avia_image{\nbox-shadow:none;\n}\n.avia-image-container.av-mnfu4r4i-6a97cf474bc3b4e02030bf11b4229a20 .av-image-caption-overlay-center{\ncolor:#ffffff;\n}\n<\/style>\n<div  class='avia-image-container av-mnfu4r4i-6a97cf474bc3b4e02030bf11b4229a20 av-styling- av-img-linked avia-align-center  avia-builder-el-26  avia-builder-el-no-sibling '   itemprop=\"image\" itemscope=\"itemscope\" itemtype=\"https:\/\/schema.org\/ImageObject\" ><div class=\"avia-image-container-inner\"><div class=\"avia-image-overlay-wrap\"><a href=\"https:\/\/dfvcg-events.de\/digital-talk\/veranstaltung\/digital-coaching-zusatzverkauf-an-der-theke\/\" class='avia_image '  target=\"_blank\"  rel=\"noopener noreferrer\" aria-label='Banner_DigiCoach-Zusatzverkauf-940x250'><img decoding=\"async\" fetchpriority=\"high\" class='wp-image-20257 avia-img-lazy-loading-not-20257 avia_image ' src=\"https:\/\/dfvcg-events.de\/digital-talk\/wp-content\/uploads\/sites\/14\/2026\/02\/Banner_DigiCoach-Zusatzverkauf-940x250-1.jpg\" alt='' title='Banner_DigiCoach-Zusatzverkauf-940x250'  height=\"250\" width=\"940\"  itemprop=\"thumbnailUrl\" srcset=\"https:\/\/dfvcg-events.de\/digital-talk\/wp-content\/uploads\/sites\/14\/2026\/02\/Banner_DigiCoach-Zusatzverkauf-940x250-1.jpg 940w, https:\/\/dfvcg-events.de\/digital-talk\/wp-content\/uploads\/sites\/14\/2026\/02\/Banner_DigiCoach-Zusatzverkauf-940x250-1-705x188.jpg 705w\" sizes=\"(max-width: 940px) 100vw, 940px\" \/><\/a><\/div><\/div><\/div><\/div>\n\n<\/div><\/div><\/div><!-- close content main div --><\/div><\/div><div id='av_section_7'  class='avia-section av-lty2lth2-e8d93158b7a88c5a2d1e5bee8f99a47d main_color avia-section-default avia-no-shadow  avia-builder-el-27  el_after_av_section  el_before_av_section  avia-bg-style-scroll container_wrap fullsize'  ><div class='container av-section-cont-open' ><div class='template-page content  av-content-full alpha units'><div class='post-entry post-entry-type-page post-entry-20029'><div class='entry-content-wrapper clearfix'>\n\n<style type=\"text\/css\" data-created_by=\"avia_inline_auto\" id=\"style-css-av-lty2m27w-c8689d7e64a5324cc1d15ebbb98c3443\">\n#top .av-special-heading.av-lty2m27w-c8689d7e64a5324cc1d15ebbb98c3443{\npadding-bottom:25px;\n}\nbody .av-special-heading.av-lty2m27w-c8689d7e64a5324cc1d15ebbb98c3443 .av-special-heading-tag .heading-char{\nfont-size:25px;\n}\n.av-special-heading.av-lty2m27w-c8689d7e64a5324cc1d15ebbb98c3443 .av-subheading{\nfont-size:15px;\n}\n<\/style>\n<div  class='av-special-heading av-lty2m27w-c8689d7e64a5324cc1d15ebbb98c3443 av-special-heading-h2 blockquote modern-quote  avia-builder-el-28  el_before_av_one_fourth  avia-builder-el-first '><h2 class='av-special-heading-tag '  itemprop=\"headline\"  >Ein Business-Event von<\/h2><div class=\"special-heading-border\"><div class=\"special-heading-inner-border\"><\/div><\/div><\/div>\n<div  class='flex_column av-40kds4-3ffb5b2bbdb52c9a6eb5e7dca64d90a0 av_one_fourth  avia-builder-el-29  el_after_av_heading  el_before_av_one_fourth  first flex_column_div  '     ><style type=\"text\/css\" data-created_by=\"avia_inline_auto\" id=\"style-css-av-s84u90-9e262a2103f980be08581389a5b0ee4a\">\n.avia-image-container.av-s84u90-9e262a2103f980be08581389a5b0ee4a img.avia_image{\nbox-shadow:none;\n}\n.avia-image-container.av-s84u90-9e262a2103f980be08581389a5b0ee4a .av-image-caption-overlay-center{\ncolor:#ffffff;\n}\n<\/style>\n<div  class='avia-image-container av-s84u90-9e262a2103f980be08581389a5b0ee4a av-styling- av-img-linked avia-align-center  avia-builder-el-30  avia-builder-el-no-sibling '   itemprop=\"image\" itemscope=\"itemscope\" itemtype=\"https:\/\/schema.org\/ImageObject\" ><div class=\"avia-image-container-inner\"><div class=\"avia-image-overlay-wrap\"><a href=\"https:\/\/www.abzonline.de\" class='avia_image '  target=\"_blank\"  rel=\"noopener noreferrer\" aria-label='abz-web'><img decoding=\"async\" fetchpriority=\"high\" class='wp-image-8234 avia-img-lazy-loading-not-8234 avia_image ' src=\"https:\/\/dfvcg-events.de\/digital-talk\/wp-content\/uploads\/sites\/14\/2022\/09\/abz-web.jpg\" alt='' title='abz-web'  height=\"601\" width=\"800\"  itemprop=\"thumbnailUrl\"  \/><\/a><\/div><\/div><\/div><\/div><div  class='flex_column av-20u3krh-9a1c1ae3f250c6cb064ab17e86d47009 av_one_fourth  avia-builder-el-31  el_after_av_one_fourth  el_before_av_one_fourth  flex_column_div  '     ><style type=\"text\/css\" data-created_by=\"avia_inline_auto\" id=\"style-css-av-mlzd8g39-a332fe3365d7f796cceea2b8dee63835\">\n.avia-image-container.av-mlzd8g39-a332fe3365d7f796cceea2b8dee63835 img.avia_image{\nbox-shadow:none;\n}\n.avia-image-container.av-mlzd8g39-a332fe3365d7f796cceea2b8dee63835 .av-image-caption-overlay-center{\ncolor:#ffffff;\n}\n<\/style>\n<div  class='avia-image-container av-mlzd8g39-a332fe3365d7f796cceea2b8dee63835 av-styling- av-img-linked avia-align-center  avia-builder-el-32  avia-builder-el-no-sibling '   itemprop=\"image\" itemscope=\"itemscope\" itemtype=\"https:\/\/schema.org\/ImageObject\" ><div class=\"avia-image-container-inner\"><div class=\"avia-image-overlay-wrap\"><a href=\"https:\/\/afz.fleischwirtschaft.de\" class='avia_image '  target=\"_blank\"  rel=\"noopener noreferrer\" aria-label='afz'><img decoding=\"async\" fetchpriority=\"high\" class='wp-image-20117 avia-img-lazy-loading-not-20117 avia_image ' src=\"https:\/\/dfvcg-events.de\/digital-talk\/wp-content\/uploads\/sites\/14\/2026\/02\/afz.jpg\" alt='' title='afz'  height=\"600\" width=\"800\"  itemprop=\"thumbnailUrl\" srcset=\"https:\/\/dfvcg-events.de\/digital-talk\/wp-content\/uploads\/sites\/14\/2026\/02\/afz.jpg 800w, https:\/\/dfvcg-events.de\/digital-talk\/wp-content\/uploads\/sites\/14\/2026\/02\/afz-705x529.jpg 705w\" sizes=\"(max-width: 800px) 100vw, 800px\" \/><\/a><\/div><\/div><\/div><\/div><div  class='flex_column av-1qujwjh-3316f5f3dd4d9e6c8ac7965ce621fd19 av_one_fourth  avia-builder-el-33  el_after_av_one_fourth  el_before_av_one_fourth  flex_column_div  '     ><style type=\"text\/css\" data-created_by=\"avia_inline_auto\" id=\"style-css-av-mlzdbbll-effdb64be63a5d0e6062822d3d29f152\">\n.avia-image-container.av-mlzdbbll-effdb64be63a5d0e6062822d3d29f152 img.avia_image{\nbox-shadow:none;\n}\n.avia-image-container.av-mlzdbbll-effdb64be63a5d0e6062822d3d29f152 .av-image-caption-overlay-center{\ncolor:#ffffff;\n}\n<\/style>\n<div  class='avia-image-container av-mlzdbbll-effdb64be63a5d0e6062822d3d29f152 av-styling- av-img-linked avia-align-center  avia-builder-el-34  avia-builder-el-no-sibling '   itemprop=\"image\" itemscope=\"itemscope\" itemtype=\"https:\/\/schema.org\/ImageObject\" ><div class=\"avia-image-container-inner\"><div class=\"avia-image-overlay-wrap\"><a href=\"https:\/\/www.lzdirekt.de\" class='avia_image '  target=\"_blank\"  rel=\"noopener noreferrer\" aria-label='LZdirekt'><img decoding=\"async\" fetchpriority=\"high\" class='wp-image-20068 avia-img-lazy-loading-not-20068 avia_image ' src=\"https:\/\/dfvcg-events.de\/digital-talk\/wp-content\/uploads\/sites\/14\/2026\/02\/LZdirekt_Logo_800x600.jpg\" alt='' title='LZdirekt'  height=\"600\" width=\"800\"  itemprop=\"thumbnailUrl\" srcset=\"https:\/\/dfvcg-events.de\/digital-talk\/wp-content\/uploads\/sites\/14\/2026\/02\/LZdirekt_Logo_800x600.jpg 800w, https:\/\/dfvcg-events.de\/digital-talk\/wp-content\/uploads\/sites\/14\/2026\/02\/LZdirekt_Logo_800x600-705x529.jpg 705w\" sizes=\"(max-width: 800px) 100vw, 800px\" \/><\/a><\/div><\/div><\/div><\/div><div  class='flex_column av-13n6lnh-fbf9891bba26c31a53569f4dd8ee37dd av_one_fourth  avia-builder-el-35  el_after_av_one_fourth  avia-builder-el-last  flex_column_div  '     ><style type=\"text\/css\" data-created_by=\"avia_inline_auto\" id=\"style-css-av-j3hnod-4965a2bee54c915d56d27d80d06375d8\">\n.avia-image-container.av-j3hnod-4965a2bee54c915d56d27d80d06375d8 img.avia_image{\nbox-shadow:none;\n}\n.avia-image-container.av-j3hnod-4965a2bee54c915d56d27d80d06375d8 .av-image-caption-overlay-center{\ncolor:#ffffff;\n}\n<\/style>\n<div  class='avia-image-container av-j3hnod-4965a2bee54c915d56d27d80d06375d8 av-styling- av-img-linked avia-align-center  avia-builder-el-36  avia-builder-el-no-sibling '   itemprop=\"image\" itemscope=\"itemscope\" itemtype=\"https:\/\/schema.org\/ImageObject\" ><div class=\"avia-image-container-inner\"><div class=\"avia-image-overlay-wrap\"><a href=\"https:\/\/dfvcg-events.de\/\" class='avia_image '  target=\"_blank\"  rel=\"noopener noreferrer\" aria-label='dfvCG_Logo_ab_062023_800x600_WEB'><img decoding=\"async\" fetchpriority=\"high\" class='wp-image-12261 avia-img-lazy-loading-not-12261 avia_image ' src=\"https:\/\/dfvcg-events.de\/digital-talk\/wp-content\/uploads\/sites\/14\/2023\/08\/dfvCG_Logo_ab_062023_800x600_WEB-1.jpg\" alt='' title='dfvCG_Logo_ab_062023_800x600_WEB'  height=\"600\" width=\"800\"  itemprop=\"thumbnailUrl\"  \/><\/a><\/div><\/div><\/div><\/div>\n\n<\/div><\/div><\/div><!-- close content main div --><\/div><\/div><div id='av_section_8'  class='avia-section av-di8ztv-49f045c4e7cb8832e03958a98da893b2 main_color avia-section-default avia-no-shadow  avia-builder-el-37  el_after_av_section  avia-builder-el-last  avia-bg-style-scroll container_wrap fullsize'  ><div class='container av-section-cont-open' ><div class='template-page content  av-content-full alpha units'><div class='post-entry post-entry-type-page post-entry-20029'><div class='entry-content-wrapper clearfix'>\n\n<style type=\"text\/css\" data-created_by=\"avia_inline_auto\" id=\"style-css-av-3iv6kpv-40380dda22c837ef9e4caae9dd7e80fd\">\n#top .av-special-heading.av-3iv6kpv-40380dda22c837ef9e4caae9dd7e80fd{\npadding-bottom:25px;\n}\nbody .av-special-heading.av-3iv6kpv-40380dda22c837ef9e4caae9dd7e80fd .av-special-heading-tag .heading-char{\nfont-size:25px;\n}\n.av-special-heading.av-3iv6kpv-40380dda22c837ef9e4caae9dd7e80fd .av-subheading{\nfont-size:15px;\n}\n<\/style>\n<div  class='av-special-heading av-3iv6kpv-40380dda22c837ef9e4caae9dd7e80fd av-special-heading-h2 blockquote modern-quote  avia-builder-el-38  el_before_av_one_third  avia-builder-el-first '><h2 class='av-special-heading-tag '  itemprop=\"headline\"  >Ihre Ansprechpartner:innen<\/h2><div class='av-subheading av-subheading_below'><p>Wir sind f\u00fcr Sie da<\/p>\n<\/div><div class=\"special-heading-border\"><div class=\"special-heading-inner-border\"><\/div><\/div><\/div>\n\n<style type=\"text\/css\" data-created_by=\"avia_inline_auto\" id=\"style-css-av-3626n0j-f8f2912c4ae01d29d4e7d6ee5c935ca3\">\n.flex_column.av-3626n0j-f8f2912c4ae01d29d4e7d6ee5c935ca3{\nborder-radius:0px 0px 0px 0px;\npadding:0px 0px 0px 0px;\n}\n<\/style>\n<div  class='flex_column av-3626n0j-f8f2912c4ae01d29d4e7d6ee5c935ca3 av_one_third  avia-builder-el-39  el_after_av_heading  el_before_av_one_third  first flex_column_div av-zero-column-padding  '     ><section  class='av_textblock_section av-2lmu5r7-626b59b7fa8edffe98bdb1a3757e125e '   itemscope=\"itemscope\" itemtype=\"https:\/\/schema.org\/CreativeWork\" ><div class='avia_textblock'  itemprop=\"text\" ><p><strong>Programm<\/strong><\/p>\n<p>Sarah Sternberger<br \/>\n<a href=\"m&#97;&#x69;&#x6c;&#x74;o&#58;&#x73;&#x61;&#x72;a&#104;&#x2e;&#x73;&#x74;e&#114;&#x6e;&#x62;&#x65;r&#103;&#x65;&#x72;&#x40;d&#102;&#x76;&#x63;&#x67;&#46;&#100;&#x65;\" target=\"_blank\" rel=\"noopener\">s&#97;&#114;&#x61;&#x68;&#x2e;&#x73;t&#101;&#114;&#110;&#x62;&#x65;&#x72;ge&#114;&#64;&#x64;&#x66;&#x76;cg&#46;&#100;&#x65;<\/a><br \/>\n+49 69 7595 3039<\/p>\n<\/div><\/section><\/div>\n<style type=\"text\/css\" data-created_by=\"avia_inline_auto\" id=\"style-css-av-21jeclf-44f3cbe0bf348f4764813bfb86b5bf82\">\n.flex_column.av-21jeclf-44f3cbe0bf348f4764813bfb86b5bf82{\nborder-radius:0px 0px 0px 0px;\npadding:0px 0px 0px 0px;\n}\n<\/style>\n<div  class='flex_column av-21jeclf-44f3cbe0bf348f4764813bfb86b5bf82 av_one_third  avia-builder-el-41  el_after_av_one_third  el_before_av_one_third  flex_column_div av-zero-column-padding  '     ><section  class='av_textblock_section av-1tp910j-93d429135b6e4f1de77540eb84bd099b '   itemscope=\"itemscope\" itemtype=\"https:\/\/schema.org\/CreativeWork\" ><div class='avia_textblock'  itemprop=\"text\" ><p><strong>Organisation<\/strong><\/p>\n<p>Marie Hartmann<br \/>\n<a href=\"&#x6d;&#x61;&#x69;&#x6c;&#116;&#111;&#58;ma&#x72;&#x69;&#x65;&#x2e;&#x68;&#97;&#114;&#116;ma&#x6e;&#x6e;&#x40;&#x64;&#x66;&#118;&#99;&#103;&#46;d&#x65;\">&#x6d;&#x61;&#x72;&#x69;&#x65;&#x2e;&#x68;&#x61;&#x72;&#x74;&#x6d;&#x61;&#x6e;&#x6e;&#x40;&#x64;&#x66;&#x76;&#x63;&#x67;&#x2e;&#x64;&#x65;<\/a><br \/>\n+49 69 7595 3028<\/p>\n<\/div><\/section><\/div>\n<style type=\"text\/css\" data-created_by=\"avia_inline_auto\" id=\"style-css-av-psuoys-4edc25e218ce6adbf1fe360f47920ed5\">\n.flex_column.av-psuoys-4edc25e218ce6adbf1fe360f47920ed5{\nborder-radius:0px 0px 0px 0px;\npadding:0px 0px 0px 0px;\n}\n<\/style>\n<div  class='flex_column av-psuoys-4edc25e218ce6adbf1fe360f47920ed5 av_one_third  avia-builder-el-43  el_after_av_one_third  avia-builder-el-last  flex_column_div av-zero-column-padding  '     ><section  class='av_textblock_section av-luwuma6l-64fcccf226f77fc6506e0329dd4ae753 '   itemscope=\"itemscope\" itemtype=\"https:\/\/schema.org\/CreativeWork\" ><div class='avia_textblock'  itemprop=\"text\" ><p><strong>Marketing &amp; Social Media<\/strong><\/p>\n<p>Sina Goy<br \/>\n<a href=\"mail&#116;&#111;&#58;&#37;&#50;&#x30;&#x73;&#x69;&#x6e;&#x61;&#x2e;&#x67;oy&#64;d&#102;&#118;&#99;&#103;&#46;&#x64;&#x65;\">&#115;&#x69;&#x6e;&#97;&#x2e;&#x67;&#111;&#x79;&#x40;&#100;&#x66;&#x76;&#99;&#x67;&#x2e;&#100;&#x65;<\/a><br \/>\n+49 69 7595 1904<\/p>\n<\/div><\/section><\/div>\n\n","protected":false},"excerpt":{"rendered":"<p>14. April 2026<br \/>\n10:00 \u2013 11:30 Uhr<\/p>\n","protected":false},"author":10,"featured_media":20060,"comment_status":"closed","ping_status":"closed","template":"","meta":{"footnotes":""},"tags":[],"portfolio_entries":[47],"class_list":["post-20029","portfolio","type-portfolio","status-publish","has-post-thumbnail","hentry","portfolio_entries-archiv"],"yoast_head":"<!-- This site is optimized with the Yoast SEO plugin v27.4 - https:\/\/yoast.com\/product\/yoast-seo-wordpress\/ -->\n<title>digital coaching: Stark im Stress an der Theke - Digital Talk<\/title>\n<meta name=\"description\" content=\"Live. Aktuell. Inspirierend: digital coaching: Stark im Stress an der Theke\" \/>\n<meta name=\"robots\" content=\"index, follow, max-snippet:-1, max-image-preview:large, max-video-preview:-1\" \/>\n<link rel=\"canonical\" href=\"https:\/\/dfvcg-events.de\/digital-talk\/veranstaltung\/digital-coaching-stark-im-stress-an-der-theke\/\" \/>\n<meta property=\"og:locale\" content=\"de_DE\" \/>\n<meta property=\"og:type\" content=\"article\" \/>\n<meta property=\"og:title\" content=\"digital coaching: Stark im Stress an der Theke - Digital Talk\" \/>\n<meta property=\"og:description\" content=\"Live. Aktuell. Inspirierend: digital coaching: Stark im Stress an der Theke\" \/>\n<meta property=\"og:url\" content=\"https:\/\/dfvcg-events.de\/digital-talk\/veranstaltung\/digital-coaching-stark-im-stress-an-der-theke\/\" \/>\n<meta property=\"og:site_name\" content=\"Digital Talk\" \/>\n<meta property=\"article:modified_time\" content=\"2026-04-17T09:11:27+00:00\" \/>\n<meta property=\"og:image\" content=\"https:\/\/dfvcg-events.de\/digital-talk\/wp-content\/uploads\/sites\/14\/2026\/02\/Teaser-DigiCoach-StarkimStress-800x800_oDatum.jpg\" \/>\n\t<meta property=\"og:image:width\" content=\"800\" \/>\n\t<meta property=\"og:image:height\" content=\"800\" \/>\n\t<meta property=\"og:image:type\" content=\"image\/jpeg\" \/>\n<meta name=\"twitter:card\" content=\"summary_large_image\" \/>\n<meta name=\"twitter:label1\" content=\"Gesch\u00e4tzte Lesezeit\" \/>\n\t<meta name=\"twitter:data1\" content=\"4\u00a0Minuten\" \/>\n<script type=\"application\/ld+json\" class=\"yoast-schema-graph\">{\"@context\":\"https:\\\/\\\/schema.org\",\"@graph\":[{\"@type\":\"WebPage\",\"@id\":\"https:\\\/\\\/dfvcg-events.de\\\/digital-talk\\\/veranstaltung\\\/digital-coaching-stark-im-stress-an-der-theke\\\/\",\"url\":\"https:\\\/\\\/dfvcg-events.de\\\/digital-talk\\\/veranstaltung\\\/digital-coaching-stark-im-stress-an-der-theke\\\/\",\"name\":\"digital coaching: Stark im Stress an der Theke - Digital Talk\",\"isPartOf\":{\"@id\":\"https:\\\/\\\/dfvcg-events.de\\\/digital-talk\\\/#website\"},\"primaryImageOfPage\":{\"@id\":\"https:\\\/\\\/dfvcg-events.de\\\/digital-talk\\\/veranstaltung\\\/digital-coaching-stark-im-stress-an-der-theke\\\/#primaryimage\"},\"image\":{\"@id\":\"https:\\\/\\\/dfvcg-events.de\\\/digital-talk\\\/veranstaltung\\\/digital-coaching-stark-im-stress-an-der-theke\\\/#primaryimage\"},\"thumbnailUrl\":\"https:\\\/\\\/dfvcg-events.de\\\/digital-talk\\\/wp-content\\\/uploads\\\/sites\\\/14\\\/2026\\\/02\\\/Teaser-DigiCoach-StarkimStress-800x800_oDatum.jpg\",\"datePublished\":\"2026-02-23T15:53:29+00:00\",\"dateModified\":\"2026-04-17T09:11:27+00:00\",\"description\":\"Live. Aktuell. Inspirierend: digital coaching: Stark im Stress an der Theke\",\"breadcrumb\":{\"@id\":\"https:\\\/\\\/dfvcg-events.de\\\/digital-talk\\\/veranstaltung\\\/digital-coaching-stark-im-stress-an-der-theke\\\/#breadcrumb\"},\"inLanguage\":\"de\",\"potentialAction\":[{\"@type\":\"ReadAction\",\"target\":[\"https:\\\/\\\/dfvcg-events.de\\\/digital-talk\\\/veranstaltung\\\/digital-coaching-stark-im-stress-an-der-theke\\\/\"]}]},{\"@type\":\"ImageObject\",\"inLanguage\":\"de\",\"@id\":\"https:\\\/\\\/dfvcg-events.de\\\/digital-talk\\\/veranstaltung\\\/digital-coaching-stark-im-stress-an-der-theke\\\/#primaryimage\",\"url\":\"https:\\\/\\\/dfvcg-events.de\\\/digital-talk\\\/wp-content\\\/uploads\\\/sites\\\/14\\\/2026\\\/02\\\/Teaser-DigiCoach-StarkimStress-800x800_oDatum.jpg\",\"contentUrl\":\"https:\\\/\\\/dfvcg-events.de\\\/digital-talk\\\/wp-content\\\/uploads\\\/sites\\\/14\\\/2026\\\/02\\\/Teaser-DigiCoach-StarkimStress-800x800_oDatum.jpg\",\"width\":800,\"height\":800},{\"@type\":\"BreadcrumbList\",\"@id\":\"https:\\\/\\\/dfvcg-events.de\\\/digital-talk\\\/veranstaltung\\\/digital-coaching-stark-im-stress-an-der-theke\\\/#breadcrumb\",\"itemListElement\":[{\"@type\":\"ListItem\",\"position\":1,\"name\":\"Startseite\",\"item\":\"https:\\\/\\\/dfvcg-events.de\\\/digital-talk\\\/\"},{\"@type\":\"ListItem\",\"position\":2,\"name\":\"digital coaching: Stark im Stress an der Theke\"}]},{\"@type\":\"WebSite\",\"@id\":\"https:\\\/\\\/dfvcg-events.de\\\/digital-talk\\\/#website\",\"url\":\"https:\\\/\\\/dfvcg-events.de\\\/digital-talk\\\/\",\"name\":\"Digital Talk\",\"description\":\"dfv Conference Group\",\"publisher\":{\"@id\":\"https:\\\/\\\/dfvcg-events.de\\\/digital-talk\\\/#organization\"},\"potentialAction\":[{\"@type\":\"SearchAction\",\"target\":{\"@type\":\"EntryPoint\",\"urlTemplate\":\"https:\\\/\\\/dfvcg-events.de\\\/digital-talk\\\/?s={search_term_string}\"},\"query-input\":{\"@type\":\"PropertyValueSpecification\",\"valueRequired\":true,\"valueName\":\"search_term_string\"}}],\"inLanguage\":\"de\"},{\"@type\":\"Organization\",\"@id\":\"https:\\\/\\\/dfvcg-events.de\\\/digital-talk\\\/#organization\",\"name\":\"Digital Talks | dfv Conference Group\",\"url\":\"https:\\\/\\\/dfvcg-events.de\\\/digital-talk\\\/\",\"logo\":{\"@type\":\"ImageObject\",\"inLanguage\":\"de\",\"@id\":\"https:\\\/\\\/dfvcg-events.de\\\/digital-talk\\\/#\\\/schema\\\/logo\\\/image\\\/\",\"url\":\"https:\\\/\\\/dfvcg-events.de\\\/digital-talk\\\/wp-content\\\/uploads\\\/sites\\\/14\\\/2021\\\/02\\\/digital-talks-start.jpg\",\"contentUrl\":\"https:\\\/\\\/dfvcg-events.de\\\/digital-talk\\\/wp-content\\\/uploads\\\/sites\\\/14\\\/2021\\\/02\\\/digital-talks-start.jpg\",\"width\":800,\"height\":800,\"caption\":\"Digital Talks | dfv Conference Group\"},\"image\":{\"@id\":\"https:\\\/\\\/dfvcg-events.de\\\/digital-talk\\\/#\\\/schema\\\/logo\\\/image\\\/\"}}]}<\/script>\n<!-- \/ Yoast SEO plugin. -->","yoast_head_json":{"title":"digital coaching: Stark im Stress an der Theke - Digital Talk","description":"Live. Aktuell. Inspirierend: digital coaching: Stark im Stress an der Theke","robots":{"index":"index","follow":"follow","max-snippet":"max-snippet:-1","max-image-preview":"max-image-preview:large","max-video-preview":"max-video-preview:-1"},"canonical":"https:\/\/dfvcg-events.de\/digital-talk\/veranstaltung\/digital-coaching-stark-im-stress-an-der-theke\/","og_locale":"de_DE","og_type":"article","og_title":"digital coaching: Stark im Stress an der Theke - Digital Talk","og_description":"Live. Aktuell. Inspirierend: digital coaching: Stark im Stress an der Theke","og_url":"https:\/\/dfvcg-events.de\/digital-talk\/veranstaltung\/digital-coaching-stark-im-stress-an-der-theke\/","og_site_name":"Digital Talk","article_modified_time":"2026-04-17T09:11:27+00:00","og_image":[{"width":800,"height":800,"url":"https:\/\/dfvcg-events.de\/digital-talk\/wp-content\/uploads\/sites\/14\/2026\/02\/Teaser-DigiCoach-StarkimStress-800x800_oDatum.jpg","type":"image\/jpeg"}],"twitter_card":"summary_large_image","twitter_misc":{"Gesch\u00e4tzte Lesezeit":"4\u00a0Minuten"},"schema":{"@context":"https:\/\/schema.org","@graph":[{"@type":"WebPage","@id":"https:\/\/dfvcg-events.de\/digital-talk\/veranstaltung\/digital-coaching-stark-im-stress-an-der-theke\/","url":"https:\/\/dfvcg-events.de\/digital-talk\/veranstaltung\/digital-coaching-stark-im-stress-an-der-theke\/","name":"digital coaching: Stark im Stress an der Theke - Digital Talk","isPartOf":{"@id":"https:\/\/dfvcg-events.de\/digital-talk\/#website"},"primaryImageOfPage":{"@id":"https:\/\/dfvcg-events.de\/digital-talk\/veranstaltung\/digital-coaching-stark-im-stress-an-der-theke\/#primaryimage"},"image":{"@id":"https:\/\/dfvcg-events.de\/digital-talk\/veranstaltung\/digital-coaching-stark-im-stress-an-der-theke\/#primaryimage"},"thumbnailUrl":"https:\/\/dfvcg-events.de\/digital-talk\/wp-content\/uploads\/sites\/14\/2026\/02\/Teaser-DigiCoach-StarkimStress-800x800_oDatum.jpg","datePublished":"2026-02-23T15:53:29+00:00","dateModified":"2026-04-17T09:11:27+00:00","description":"Live. Aktuell. Inspirierend: digital coaching: Stark im Stress an der Theke","breadcrumb":{"@id":"https:\/\/dfvcg-events.de\/digital-talk\/veranstaltung\/digital-coaching-stark-im-stress-an-der-theke\/#breadcrumb"},"inLanguage":"de","potentialAction":[{"@type":"ReadAction","target":["https:\/\/dfvcg-events.de\/digital-talk\/veranstaltung\/digital-coaching-stark-im-stress-an-der-theke\/"]}]},{"@type":"ImageObject","inLanguage":"de","@id":"https:\/\/dfvcg-events.de\/digital-talk\/veranstaltung\/digital-coaching-stark-im-stress-an-der-theke\/#primaryimage","url":"https:\/\/dfvcg-events.de\/digital-talk\/wp-content\/uploads\/sites\/14\/2026\/02\/Teaser-DigiCoach-StarkimStress-800x800_oDatum.jpg","contentUrl":"https:\/\/dfvcg-events.de\/digital-talk\/wp-content\/uploads\/sites\/14\/2026\/02\/Teaser-DigiCoach-StarkimStress-800x800_oDatum.jpg","width":800,"height":800},{"@type":"BreadcrumbList","@id":"https:\/\/dfvcg-events.de\/digital-talk\/veranstaltung\/digital-coaching-stark-im-stress-an-der-theke\/#breadcrumb","itemListElement":[{"@type":"ListItem","position":1,"name":"Startseite","item":"https:\/\/dfvcg-events.de\/digital-talk\/"},{"@type":"ListItem","position":2,"name":"digital coaching: Stark im Stress an der Theke"}]},{"@type":"WebSite","@id":"https:\/\/dfvcg-events.de\/digital-talk\/#website","url":"https:\/\/dfvcg-events.de\/digital-talk\/","name":"Digital Talk","description":"dfv Conference Group","publisher":{"@id":"https:\/\/dfvcg-events.de\/digital-talk\/#organization"},"potentialAction":[{"@type":"SearchAction","target":{"@type":"EntryPoint","urlTemplate":"https:\/\/dfvcg-events.de\/digital-talk\/?s={search_term_string}"},"query-input":{"@type":"PropertyValueSpecification","valueRequired":true,"valueName":"search_term_string"}}],"inLanguage":"de"},{"@type":"Organization","@id":"https:\/\/dfvcg-events.de\/digital-talk\/#organization","name":"Digital Talks | dfv Conference Group","url":"https:\/\/dfvcg-events.de\/digital-talk\/","logo":{"@type":"ImageObject","inLanguage":"de","@id":"https:\/\/dfvcg-events.de\/digital-talk\/#\/schema\/logo\/image\/","url":"https:\/\/dfvcg-events.de\/digital-talk\/wp-content\/uploads\/sites\/14\/2021\/02\/digital-talks-start.jpg","contentUrl":"https:\/\/dfvcg-events.de\/digital-talk\/wp-content\/uploads\/sites\/14\/2021\/02\/digital-talks-start.jpg","width":800,"height":800,"caption":"Digital Talks | dfv Conference Group"},"image":{"@id":"https:\/\/dfvcg-events.de\/digital-talk\/#\/schema\/logo\/image\/"}}]}},"_links":{"self":[{"href":"https:\/\/dfvcg-events.de\/digital-talk\/wp-json\/wp\/v2\/portfolio\/20029","targetHints":{"allow":["GET"]}}],"collection":[{"href":"https:\/\/dfvcg-events.de\/digital-talk\/wp-json\/wp\/v2\/portfolio"}],"about":[{"href":"https:\/\/dfvcg-events.de\/digital-talk\/wp-json\/wp\/v2\/types\/portfolio"}],"author":[{"embeddable":true,"href":"https:\/\/dfvcg-events.de\/digital-talk\/wp-json\/wp\/v2\/users\/10"}],"replies":[{"embeddable":true,"href":"https:\/\/dfvcg-events.de\/digital-talk\/wp-json\/wp\/v2\/comments?post=20029"}],"version-history":[{"count":21,"href":"https:\/\/dfvcg-events.de\/digital-talk\/wp-json\/wp\/v2\/portfolio\/20029\/revisions"}],"predecessor-version":[{"id":20272,"href":"https:\/\/dfvcg-events.de\/digital-talk\/wp-json\/wp\/v2\/portfolio\/20029\/revisions\/20272"}],"wp:featuredmedia":[{"embeddable":true,"href":"https:\/\/dfvcg-events.de\/digital-talk\/wp-json\/wp\/v2\/media\/20060"}],"wp:attachment":[{"href":"https:\/\/dfvcg-events.de\/digital-talk\/wp-json\/wp\/v2\/media?parent=20029"}],"wp:term":[{"taxonomy":"post_tag","embeddable":true,"href":"https:\/\/dfvcg-events.de\/digital-talk\/wp-json\/wp\/v2\/tags?post=20029"},{"taxonomy":"portfolio_entries","embeddable":true,"href":"https:\/\/dfvcg-events.de\/digital-talk\/wp-json\/wp\/v2\/portfolio_entries?post=20029"}],"curies":[{"name":"wp","href":"https:\/\/api.w.org\/{rel}","templated":true}]}}