{"id":18931,"date":"2025-07-18T15:15:45","date_gmt":"2025-07-18T13:15:45","guid":{"rendered":"https:\/\/dfvcg-events.de\/digital-talk\/?post_type=portfolio&#038;p=18931"},"modified":"2025-09-04T11:12:41","modified_gmt":"2025-09-04T09:12:41","slug":"digital-talk-foodwaste-stoppen-geld-sparen-so-laeufts","status":"publish","type":"portfolio","link":"https:\/\/dfvcg-events.de\/digital-talk\/veranstaltung\/digital-talk-foodwaste-stoppen-geld-sparen-so-laeufts\/","title":{"rendered":"digital talk: Foodwaste stoppen. Geld sparen. So l\u00e4uft\u2019s!"},"content":{"rendered":"<div class='clear'><\/div><div id='sub_menu1'  class='av-submenu-container av-kawv0if6-b4e37991045abd8a15205f662d77aaf5 header_color av-switch-990  avia-builder-el-0  el_before_av_section  avia-builder-el-first  av-sticky-submenu container_wrap fullsize' style='z-index:301' ><div class='container av-menu-mobile-active av-submenu-pos-left'><a href=\"#\" class=\"mobile_menu_toggle\"><span class='avia-svg-icon avia-font-svg_entypo-fontello' data-av_svg_icon='list' data-av_iconset='svg_entypo-fontello'><svg version=\"1.1\" xmlns=\"http:\/\/www.w3.org\/2000\/svg\" width=\"22\" height=\"32\" viewBox=\"0 0 22 32\" preserveAspectRatio=\"xMidYMid meet\" aria-labelledby='av-svg-title-1' aria-describedby='av-svg-desc-1' role=\"graphics-symbol\" aria-hidden=\"true\">\n<title id='av-svg-title-1'>List<\/title>\n<desc id='av-svg-desc-1'>List<\/desc>\n<path d=\"M3.2 20.8q0.64 0 1.12 0.48t0.48 1.12-0.48 1.12-1.12 0.48h-1.6q-0.64 0-1.12-0.48t-0.48-1.12 0.448-1.12 1.152-0.48h1.6zM3.2 14.4q0.64 0 1.12 0.48t0.48 1.12-0.48 1.12-1.12 0.48h-1.6q-0.64 0-1.12-0.48t-0.48-1.12 0.448-1.12 1.152-0.48h1.6zM3.2 8q0.64 0 1.12 0.48t0.48 1.12-0.48 1.12-1.12 0.48h-1.6q-0.64 0-1.12-0.48t-0.48-1.12 0.448-1.12 1.152-0.48h1.6zM9.6 11.2q-0.64 0-1.12-0.48t-0.48-1.12 0.48-1.12 1.12-0.48h11.2q0.704 0 1.152 0.48t0.448 1.12-0.48 1.12-1.12 0.48h-11.2zM20.8 14.4q0.704 0 1.152 0.48t0.448 1.12-0.48 1.12-1.12 0.48h-11.2q-0.64 0-1.12-0.48t-0.48-1.12 0.48-1.12 1.12-0.48h11.2zM20.8 20.8q0.704 0 1.152 0.48t0.448 1.12-0.48 1.12-1.12 0.48h-11.2q-0.64 0-1.12-0.48t-0.48-1.12 0.48-1.12 1.12-0.48h11.2z\"><\/path>\n<\/svg><\/span><span class=\"av-current-placeholder\">Men\u00fc<\/span><\/a><ul id='av-custom-submenu-1' class='av-subnav-menu' role='menu'>\n<li class='menu-item av-2kckn4-ca906d751475ddc7493c675c2737567f menu-item-top-level av-menu-button av-menu-button-bordered menu-item-top-level-1' role='menuitem'><a href='https:\/\/dfvcg-events.de\/digital-talk\/'  ><span class='avia-bullet'><\/span><span class='avia-menu-text'>digital talks<\/span><\/a><\/li>\n<li class='menu-item av-cpa6i-1b75602378caa96f87b042471b888caa menu-item-top-level av-menu-button av-menu-button-colored menu-item-top-level-2' role='menuitem'><a href='#anmelden'  ><span class='avia-bullet'><\/span><span class='avia-menu-text'>Jetzt anmelden<\/span><\/a><\/li>\n<li class='menu-item av-2u4alb-907784f4dd7a489356826104c0410433 menu-item-top-level menu-item-top-level-3' role='menuitem'><a href='#'  ><span class='avia-bullet'><\/span><span class='avia-menu-text'>Start<\/span><\/a><\/li>\n<li class='menu-item av-4qodp5-cf944fa2d392eff918f0b85e15f02e44 menu-item-top-level menu-item-top-level-4' role='menuitem'><a href='#referenten'  ><span class='avia-bullet'><\/span><span class='avia-menu-text'>Vortragende<\/span><\/a><\/li>\n<\/ul><\/div><\/div><div class='sticky_placeholder'><\/div>\n<div id='av_section_1'  class='avia-section av-srk2y-112106500345416558fb7b75c6b4ce9b main_color avia-section-default avia-no-border-styling  avia-builder-el-1  el_after_av_submenu  el_before_av_section  avia-bg-style-scroll container_wrap fullsize'  ><div class='container av-section-cont-open' ><div class='template-page content  av-content-full alpha units'><div class='post-entry post-entry-type-page post-entry-18931'><div class='entry-content-wrapper clearfix'>\n<div class='flex_column_table av-prli-64bf6691d8e0f71fe37b32964844bca4 sc-av_two_fifth av-equal-height-column-flextable'>\n<style type=\"text\/css\" data-created_by=\"avia_inline_auto\" id=\"style-css-av-prli-64bf6691d8e0f71fe37b32964844bca4\">\n.flex_column.av-prli-64bf6691d8e0f71fe37b32964844bca4{\nborder-radius:0px 0px 0px 0px;\npadding:0px 0px 0px 0px;\n}\n<\/style>\n<div  class='flex_column av-prli-64bf6691d8e0f71fe37b32964844bca4 av_two_fifth  avia-builder-el-2  el_before_av_three_fifth  avia-builder-el-first  first flex_column_table_cell av-equal-height-column av-align-top av-zero-column-padding  '     ><style type=\"text\/css\" data-created_by=\"avia_inline_auto\" id=\"style-css-av-kgj4bohl-7193c11f2f2d50332d02a196e451934b\">\n.avia-image-container.av-kgj4bohl-7193c11f2f2d50332d02a196e451934b img.avia_image{\nbox-shadow:none;\n}\n.avia-image-container.av-kgj4bohl-7193c11f2f2d50332d02a196e451934b .av-image-caption-overlay-center{\ncolor:#ffffff;\n}\n<\/style>\n<div  class='avia-image-container av-kgj4bohl-7193c11f2f2d50332d02a196e451934b av-styling- avia-align-center  avia-builder-el-3  avia-builder-el-no-sibling '   itemprop=\"image\" itemscope=\"itemscope\" itemtype=\"https:\/\/schema.org\/ImageObject\" ><div class=\"avia-image-container-inner\"><div class=\"avia-image-overlay-wrap\"><img decoding=\"async\" fetchpriority=\"high\" class='wp-image-18952 avia-img-lazy-loading-not-18952 avia_image ' src=\"https:\/\/dfvcg-events.de\/digital-talk\/wp-content\/uploads\/sites\/14\/2025\/07\/Tg-Foodwaste-800x800-1.jpg\" alt='' title='Tg-Foodwaste-800x800'  height=\"800\" width=\"800\"  itemprop=\"thumbnailUrl\" srcset=\"https:\/\/dfvcg-events.de\/digital-talk\/wp-content\/uploads\/sites\/14\/2025\/07\/Tg-Foodwaste-800x800-1.jpg 800w, https:\/\/dfvcg-events.de\/digital-talk\/wp-content\/uploads\/sites\/14\/2025\/07\/Tg-Foodwaste-800x800-1-705x705.jpg 705w\" sizes=\"(max-width: 800px) 100vw, 800px\" \/><\/div><\/div><\/div><\/div><div class='av-flex-placeholder'><\/div>\n<style type=\"text\/css\" data-created_by=\"avia_inline_auto\" id=\"style-css-av-k26i2v6p-2688042be07242d734261d0b65f3805f\">\n.flex_column.av-k26i2v6p-2688042be07242d734261d0b65f3805f{\nborder-radius:0px 0px 0px 0px;\npadding:0px 35px 0px 0px;\n}\n<\/style>\n<div  class='flex_column av-k26i2v6p-2688042be07242d734261d0b65f3805f av_three_fifth  avia-builder-el-4  el_after_av_two_fifth  avia-builder-el-last  flex_column_table_cell av-equal-height-column av-align-top  '     ><p>\n<style type=\"text\/css\" data-created_by=\"avia_inline_auto\" id=\"style-css-av-280ihu-7456b3e391c5c9e2f5fbb80363dbd9e6\">\n#top .av-special-heading.av-280ihu-7456b3e391c5c9e2f5fbb80363dbd9e6{\npadding-bottom:10px;\ncolor:#1c3e57;\n}\nbody .av-special-heading.av-280ihu-7456b3e391c5c9e2f5fbb80363dbd9e6 .av-special-heading-tag .heading-char{\nfont-size:25px;\n}\n.av-special-heading.av-280ihu-7456b3e391c5c9e2f5fbb80363dbd9e6 .special-heading-inner-border{\nborder-color:#1c3e57;\n}\n.av-special-heading.av-280ihu-7456b3e391c5c9e2f5fbb80363dbd9e6 .av-subheading{\nfont-size:19px;\ncolor:#000000;\n}\n<\/style>\n<div  class='av-special-heading av-280ihu-7456b3e391c5c9e2f5fbb80363dbd9e6 av-special-heading-h1 custom-color-heading blockquote modern-quote  avia-builder-el-5  el_before_av_textblock  avia-builder-el-first  av-linked-heading'><div class='av_custom_color av-subheading av-subheading_above'><p>digital talk:<\/p>\n<\/div><h1 class='av-special-heading-tag '  itemprop=\"headline\"  >Foodwaste stoppen. Geld sparen. So l\u00e4uft\u2019s!<\/h1><div class=\"special-heading-border\"><div class=\"special-heading-inner-border\"><\/div><\/div><\/div><br \/>\n\n<style type=\"text\/css\" data-created_by=\"avia_inline_auto\" id=\"style-css-av-kk6mwm01-037156d19661e690621a40f8c43ccc78\">\n#top .av_textblock_section.av-kk6mwm01-037156d19661e690621a40f8c43ccc78 .avia_textblock{\nfont-size:21px;\n}\n<\/style>\n<section  class='av_textblock_section av-kk6mwm01-037156d19661e690621a40f8c43ccc78 '   itemscope=\"itemscope\" itemtype=\"https:\/\/schema.org\/CreativeWork\" ><div class='avia_textblock'  itemprop=\"text\" ><p>2. September 2025<br \/>\n11:00 \u2013 12:00 Uhr<\/p>\n<\/div><\/section><br \/>\n<div  class='avia-buttonrow-wrap av-kcn3m3gt-fff65312e5a8530eff99563e24d61bb2 avia-buttonrow-left  avia-builder-el-7  el_after_av_textblock  avia-builder-el-last '>\n\n<style type=\"text\/css\" data-created_by=\"avia_inline_auto\" id=\"style-css-av-3k12xc-e27bb0c5f81b8f2482f5991ed5f45ef2\">\n#top #wrap_all .avia-button.av-3k12xc-e27bb0c5f81b8f2482f5991ed5f45ef2{\nbackground-color:#1c3e57;\nborder-color:#1c3e57;\ncolor:#ffffff;\ntransition:all 0.4s ease-in-out;\nmargin-bottom:5px;\nmargin-right:5px;\n}\n#top #wrap_all .avia-button.av-3k12xc-e27bb0c5f81b8f2482f5991ed5f45ef2 .avia-svg-icon svg:first-child{\nfill:#ffffff;\nstroke:#ffffff;\n}\n<\/style>\n<a href='#anmelden'  class='avia-button av-3k12xc-e27bb0c5f81b8f2482f5991ed5f45ef2 avia-icon_select-yes-left-icon avia-size-large'   aria-label=\"Jetzt anmelden\"><span class='avia_button_icon avia_button_icon_left avia-iconfont avia-font-entypo-fontello' data-av_icon='\ue8cb' data-av_iconfont='entypo-fontello' ><\/span><span class='avia_iconbox_title' >Jetzt anmelden<\/span><\/a>\n\n<style type=\"text\/css\" data-created_by=\"avia_inline_auto\" id=\"style-css-av-2000oy-2e67b0af8bae25b678d0575a869b35d9\">\n#top #wrap_all .avia-button.av-2000oy-2e67b0af8bae25b678d0575a869b35d9{\nbackground-color:#ef2b37;\nborder-color:#ef2b37;\ncolor:#ffffff;\ntransition:all 0.4s ease-in-out;\nmargin-bottom:5px;\nmargin-right:5px;\n}\n#top #wrap_all .avia-button.av-2000oy-2e67b0af8bae25b678d0575a869b35d9 .avia-svg-icon svg:first-child{\nfill:#ffffff;\nstroke:#ffffff;\n}\n<\/style>\n<a href='https:\/\/dfvcg-events.de\/digital-talk\/wp-content\/uploads\/sites\/14\/2025\/07\/digital-talk-Foodwaste-stoppen.-Geld-sparen.-So-laeufts.ics'  class='avia-button av-2000oy-2e67b0af8bae25b678d0575a869b35d9 avia-icon_select-yes-left-icon avia-size-large'  target=\"_blank\"  rel=\"noopener noreferrer\"  aria-label=\"Save the Date\"><span class='avia_button_icon avia_button_icon_left avia-iconfont avia-font-entypo-fontello' data-av_icon='\ue85b' data-av_iconfont='entypo-fontello' ><\/span><span class='avia_iconbox_title' >Save the Date<\/span><\/a>\n<\/div><\/p><\/div><\/div><!--close column table wrapper. Autoclose: 1 -->\n\n<\/div><\/div><\/div><!-- close content main div --><\/div><\/div>\n<style type=\"text\/css\" data-created_by=\"avia_inline_auto\" id=\"style-css-av-kawtoycl-e8eb060645f3f7c5e829ce14ec14e805\">\n.avia-section.av-kawtoycl-e8eb060645f3f7c5e829ce14ec14e805{\nbackground-color:#1c3e57;\nbackground:linear-gradient( to bottom, #1c3e57, #003256 );\n}\n<\/style>\n<div id='av_section_2'  class='avia-section av-kawtoycl-e8eb060645f3f7c5e829ce14ec14e805 main_color avia-section-large avia-no-shadow  avia-builder-el-8  el_after_av_section  el_before_av_section  avia-bg-style-scroll container_wrap fullsize'  ><div class='container av-section-cont-open' ><div class='template-page content  av-content-full alpha units'><div class='post-entry post-entry-type-page post-entry-18931'><div class='entry-content-wrapper clearfix'>\n\n<style type=\"text\/css\" data-created_by=\"avia_inline_auto\" id=\"style-css-av-k26gzu33-6982cc4ff62660eca420747272a1c397\">\n#top .av_textblock_section.av-k26gzu33-6982cc4ff62660eca420747272a1c397 .avia_textblock{\nfont-size:20px;\ncolor:#ffffff;\n}\n<\/style>\n<section  class='av_textblock_section av-k26gzu33-6982cc4ff62660eca420747272a1c397 '   itemscope=\"itemscope\" itemtype=\"https:\/\/schema.org\/CreativeWork\" ><div class='avia_textblock av_inherit_color'  itemprop=\"text\" ><p>Immer noch f\u00e4llt viel zu viel Foodwaste in Gro\u00dfk\u00fcchen und Gastronomie an. Das kostet t\u00e4glich viel Geld und belastet die Umwelt. Doch wie k\u00f6nnen Gastro-Profis dagegen steuern? Welche Stellschrauben helfen, den Foodwaste systematisch runterzuschrauben und das Budget zu schonen? Und was k\u00f6nnen KI-Tools heute im Kampf gegen die Lebensmittelverschwendung leisten? Und kann ein cleverer Einkauf Lebensmittelreste effektiv vermeiden?<\/p>\n<\/div><\/section>\n\n<\/div><\/div><\/div><!-- close content main div --><\/div><\/div><div id='av_section_3'  class='avia-section av-kawtoycl-4-b8300bec985b420df55dc282f9db1f9d main_color avia-section-default avia-no-shadow  avia-builder-el-10  el_after_av_section  el_before_av_section  avia-bg-style-fixed container_wrap fullsize'  ><div class='container av-section-cont-open' ><div class='template-page content  av-content-full alpha units'><div class='post-entry post-entry-type-page post-entry-18931'><div class='entry-content-wrapper clearfix'>\n\n<style type=\"text\/css\" data-created_by=\"avia_inline_auto\" id=\"style-css-av-28h0mq-9e85a94444c0e1d364b57369d275e5e2\">\n#top .av-special-heading.av-28h0mq-9e85a94444c0e1d364b57369d275e5e2{\npadding-bottom:25px;\n}\nbody .av-special-heading.av-28h0mq-9e85a94444c0e1d364b57369d275e5e2 .av-special-heading-tag .heading-char{\nfont-size:25px;\n}\n.av-special-heading.av-28h0mq-9e85a94444c0e1d364b57369d275e5e2 .av-subheading{\nfont-size:15px;\n}\n<\/style>\n<div  class='av-special-heading av-28h0mq-9e85a94444c0e1d364b57369d275e5e2 av-special-heading-h2 blockquote modern-quote  avia-builder-el-11  el_before_av_textblock  avia-builder-el-first '><h2 class='av-special-heading-tag '  itemprop=\"headline\"  >Im Fokus des Talks stehen folgende Fragen:<\/h2><div class=\"special-heading-border\"><div class=\"special-heading-inner-border\"><\/div><\/div><\/div>\n<section  class='av_textblock_section av-k26gzu33-3-2c35095136b7849495694f07bcfdd2a7 '   itemscope=\"itemscope\" itemtype=\"https:\/\/schema.org\/CreativeWork\" ><div class='avia_textblock'  itemprop=\"text\" ><ul>\n<li><strong>Status quo:<\/strong> Wieviel Lebensmittelreste landen aktuell in der Tonne?<\/li>\n<li><strong>Benefits:<\/strong> Warum lohnt es sich, ein professionelles Foodwaste-Management einzuf\u00fchren?<\/li>\n<li><strong>Kosten-Management:<\/strong> Welche finanziellen Vorteile bringt es? Wie lassen sich konkret damit die Kosten runterschrauben?<\/li>\n<li><strong>Ma\u00dfnahmen.<\/strong> Welche Ma\u00dfnahmen sind im Kampf gegen Foodwaste besonders effektiv?<\/li>\n<li><strong>KI-Werkzeuge.<\/strong> Wie k\u00f6nnen smarte KI-Tools helfen? Welche Anbieter gibt es auf dem Markt?<\/li>\n<li><strong>Kommunikation: <\/strong>Wie nehme ich K\u00fcchenteam, Gesch\u00e4ftsf\u00fchrung und G\u00e4ste auf dem Weg zu weniger Lebensmittelabf\u00e4lle mit?<\/li>\n<li><strong>No-Gos:<\/strong> Welche Fehler sollten Gastro-Profis vermeiden?<\/li>\n<\/ul>\n<\/div><\/section>\n\n<\/div><\/div><\/div><!-- close content main div --><\/div><\/div><div id='referenten'  class='avia-section av-kawtoycl-2-78da10da102b5a8008fa0a3080b815f9 main_color avia-section-default avia-no-shadow  avia-builder-el-13  el_after_av_section  el_before_av_section  avia-bg-style-scroll container_wrap fullsize'  ><div class='container av-section-cont-open' ><div class='template-page content  av-content-full alpha units'><div class='post-entry post-entry-type-page post-entry-18931'><div class='entry-content-wrapper clearfix'>\n\n<style type=\"text\/css\" data-created_by=\"avia_inline_auto\" id=\"style-css-av-lx6b1i-4b16a7702a68e912eeb3285731ac29cb\">\n#top .av-special-heading.av-lx6b1i-4b16a7702a68e912eeb3285731ac29cb{\npadding-bottom:25px;\n}\nbody .av-special-heading.av-lx6b1i-4b16a7702a68e912eeb3285731ac29cb .av-special-heading-tag .heading-char{\nfont-size:25px;\n}\n.av-special-heading.av-lx6b1i-4b16a7702a68e912eeb3285731ac29cb .av-subheading{\nfont-size:15px;\n}\n<\/style>\n<div  class='av-special-heading av-lx6b1i-4b16a7702a68e912eeb3285731ac29cb av-special-heading-h2 blockquote modern-quote  avia-builder-el-14  el_before_av_one_third  avia-builder-el-first '><h2 class='av-special-heading-tag '  itemprop=\"headline\"  >Vortragende<\/h2><div class='av-subheading av-subheading_below'><p>Freuen Sie sich auf:<\/p>\n<\/div><div class=\"special-heading-border\"><div class=\"special-heading-inner-border\"><\/div><\/div><\/div>\n\n<style type=\"text\/css\" data-created_by=\"avia_inline_auto\" id=\"style-css-av-1dcjm5p-0356bfe15023377b4eea34bde2373265\">\n.flex_column.av-1dcjm5p-0356bfe15023377b4eea34bde2373265{\nborder-radius:0px 0px 0px 0px;\npadding:0px 0px 0px 0px;\n}\n<\/style>\n<div  class='flex_column av-1dcjm5p-0356bfe15023377b4eea34bde2373265 av_one_third  avia-builder-el-15  el_after_av_heading  el_before_av_one_third  first flex_column_div av-zero-column-padding  '     ><p><section  class='avia-team-member av-lon07vmb-51d6db25afaf2bffb8b7b43d3a513c56  avia-builder-el-16  el_before_av_toggle_container  avia-builder-el-first '  itemscope=\"itemscope\" itemtype=\"https:\/\/schema.org\/Person\" ><div class=\"team-img-container\"><img decoding=\"async\" fetchpriority=\"high\" class='wp-image-18950 avia-img-lazy-loading-not-18950 avia_image avia_image_team' src=\"https:\/\/dfvcg-events.de\/digital-talk\/wp-content\/uploads\/sites\/14\/2025\/07\/Nadja-Flohr-Spence_web.jpg\" alt='Nadja Flohr-Spence'  itemprop=\"image\"   height=\"787\" width=\"590\" srcset=\"https:\/\/dfvcg-events.de\/digital-talk\/wp-content\/uploads\/sites\/14\/2025\/07\/Nadja-Flohr-Spence_web.jpg 590w, https:\/\/dfvcg-events.de\/digital-talk\/wp-content\/uploads\/sites\/14\/2025\/07\/Nadja-Flohr-Spence_web-529x705.jpg 529w\" sizes=\"(max-width: 590px) 100vw, 590px\" \/><\/div><h3 class='team-member-name '  itemprop=\"name\" >Nadja Flohr-Spence<\/h3><div class='team-member-job-title '  itemprop=\"jobTitle\" >Head of Food Service Sustainability im Food Service Innovation Lab by Dussmann<\/div><span class='hidden team-member-affiliation'  itemprop=\"affiliation\" >Digital Talk<\/span><\/section><br \/>\n<div  class='togglecontainer av-lon0a7ci-d7614e73398b7107fca74628ff1cb225  avia-builder-el-17  el_after_av_team_member  avia-builder-el-last  toggle_close_all' >\n<section class='av_toggle_section av-lon0a6w6-8d8e8937640cbce4359da7c0d8002859'  itemscope=\"itemscope\" itemtype=\"https:\/\/schema.org\/CreativeWork\" ><div role=\"tablist\" class=\"single_toggle\" data-tags=\"{Alle} \"  ><p id='toggle-toggle-id-1' data-fake-id='#toggle-id-1' class='toggler  av-title-above '  itemprop=\"headline\"  role='tab' tabindex='0' aria-controls='toggle-id-1' data-slide-speed=\"200\" data-title=\"Info\" data-title-open=\"\" data-aria_collapsed=\"Click to expand: Info\" data-aria_expanded=\"Click to collapse: Info\">Info<span class=\"toggle_icon\"><span class=\"vert_icon\"><\/span><span class=\"hor_icon\"><\/span><\/span><\/p><div id='toggle-id-1' aria-labelledby='toggle-toggle-id-1' role='region' class='toggle_wrap  av-title-above'  ><div class='toggle_content invers-color '  itemprop=\"text\" ><p class=\"xmsonormal\">Nadja Flohr-Spence arbeitet im Food Service Innovation Lab by Dussmann. Sie ist dort f\u00fcr die globale strategische Entwicklung und Umsetzung von Nachhaltigkeitsthemen im Bereich Food Services verantwortlich.<\/p>\n<p class=\"xmsonormal\">Zuvor war sie mehr als f\u00fcnfzehn Jahre lang in leitenden Positionen in Projekten und Initiativen an der Schnittstelle von nachhaltiger Ern\u00e4hrung und Transformation t\u00e4tig, unter anderem beim WWF Deutschland und bei United Against Waste. Als gesch\u00e4ftsf\u00fchrende Inhaberin der Sustainable Food Academy (2016\u20132022) beriet sie die Foodservice-Branche zu nachhaltiger Innovation und lehrte an der Hochschule Fulda. Nadja Flohr-Spence ist gelernte Hotelfachfrau und studierte Sozialwissenschaftlerin mit Schwerpunkt Nachhaltigkeit.<\/p>\n<\/div><\/div><\/div><\/section>\n<\/div><\/p><\/div>\n<style type=\"text\/css\" data-created_by=\"avia_inline_auto\" id=\"style-css-av-6t5mqz-7a3b9bc20a15f294ca5f70abf650e339\">\n.flex_column.av-6t5mqz-7a3b9bc20a15f294ca5f70abf650e339{\nborder-radius:0px 0px 0px 0px;\npadding:0px 0px 0px 0px;\n}\n<\/style>\n<div  class='flex_column av-6t5mqz-7a3b9bc20a15f294ca5f70abf650e339 av_one_third  avia-builder-el-18  el_after_av_one_third  el_before_av_one_third  flex_column_div av-zero-column-padding  '     ><p><section  class='avia-team-member av-l3knv-2265df05653731dba86de47c8f16e553  avia-builder-el-19  el_before_av_toggle_container  avia-builder-el-first '  itemscope=\"itemscope\" itemtype=\"https:\/\/schema.org\/Person\" ><div class=\"team-img-container\"><img decoding=\"async\" fetchpriority=\"high\" class='wp-image-18937 avia-img-lazy-loading-not-18937 avia_image avia_image_team' src=\"https:\/\/dfvcg-events.de\/digital-talk\/wp-content\/uploads\/sites\/14\/2025\/07\/Stephan_Goellner-web.jpg\" alt='Stephan G\u00f6llner'  itemprop=\"image\"   height=\"800\" width=\"600\" srcset=\"https:\/\/dfvcg-events.de\/digital-talk\/wp-content\/uploads\/sites\/14\/2025\/07\/Stephan_Goellner-web.jpg 600w, https:\/\/dfvcg-events.de\/digital-talk\/wp-content\/uploads\/sites\/14\/2025\/07\/Stephan_Goellner-web-529x705.jpg 529w\" sizes=\"(max-width: 600px) 100vw, 600px\" \/><\/div><h3 class='team-member-name '  itemprop=\"name\" >Stephan G\u00f6llner<\/h3><div class='team-member-job-title '  itemprop=\"jobTitle\" >Projektmanager Abteilung \u201eBeratung und Konzept\u201c, Transgourmet <\/div><span class='hidden team-member-affiliation'  itemprop=\"affiliation\" >Digital Talk<\/span><\/section><br \/>\n<div  class='togglecontainer av-4nqf8r-8de6ee1ffe33e4e91f58877d3affbb3a  avia-builder-el-20  el_after_av_team_member  avia-builder-el-last  toggle_close_all' >\n<section class='av_toggle_section av-2kcy23-09f205a6c864b7977c24da7e063c75d8'  itemscope=\"itemscope\" itemtype=\"https:\/\/schema.org\/CreativeWork\" ><div role=\"tablist\" class=\"single_toggle\" data-tags=\"{Alle} \"  ><p id='toggle-toggle-id-2' data-fake-id='#toggle-id-2' class='toggler  av-title-above '  itemprop=\"headline\"  role='tab' tabindex='0' aria-controls='toggle-id-2' data-slide-speed=\"200\" data-title=\"Info\" data-title-open=\"\" data-aria_collapsed=\"Click to expand: Info\" data-aria_expanded=\"Click to collapse: Info\">Info<span class=\"toggle_icon\"><span class=\"vert_icon\"><\/span><span class=\"hor_icon\"><\/span><\/span><\/p><div id='toggle-id-2' aria-labelledby='toggle-toggle-id-2' role='region' class='toggle_wrap  av-title-above'  ><div class='toggle_content invers-color '  itemprop=\"text\" ><p>Stephan G\u00f6llner startete seine Karriere bei Transgourmet 2019 als Fachberater Gemeinschaftsverpflegung im Au\u00dfendienst. Seit 2022 ist er Projektmanager bei der Abteilung \u201eBeratung und Konzept\u201c. Der geb\u00fcrtige Heidelberger absolvierte eine Ausbildung als Koch und sattelte nach Auslandsaufenthalten ein Studium der Ern\u00e4hrungswissenschaften drauf. Weil ihm die wirtschaftliche Komponente zu kurz kam, studierte er anschlie\u00dfend noch Betriebswirtschaftslehre. Der 38-J\u00e4hrige kocht heute immer noch aus Leidenschaft gerne und h\u00e4lt sich mit Sport fit f\u00fcr den Alltag.<\/p>\n<\/div><\/div><\/div><\/section>\n<\/div><\/p><\/div>\n<style type=\"text\/css\" data-created_by=\"avia_inline_auto\" id=\"style-css-av-240vxcj-45d4bd3302439c6762a87e62dbbb11f7\">\n.flex_column.av-240vxcj-45d4bd3302439c6762a87e62dbbb11f7{\nborder-radius:0px 0px 0px 0px;\npadding:0px 0px 0px 0px;\n}\n<\/style>\n<div  class='flex_column av-240vxcj-45d4bd3302439c6762a87e62dbbb11f7 av_one_third  avia-builder-el-21  el_after_av_one_third  el_before_av_one_third  flex_column_div av-zero-column-padding  '     ><p><section  class='avia-team-member av-1rj0snn-fe519ce128e5d065ae340ec0672dbe89  avia-builder-el-22  el_before_av_toggle_container  avia-builder-el-first '  itemscope=\"itemscope\" itemtype=\"https:\/\/schema.org\/Person\" ><div class=\"team-img-container\"><img decoding=\"async\" fetchpriority=\"high\" class='wp-image-18936 avia-img-lazy-loading-not-18936 avia_image avia_image_team' src=\"https:\/\/dfvcg-events.de\/digital-talk\/wp-content\/uploads\/sites\/14\/2025\/07\/Raimund_Klug-web.png\" alt='Raimund Klug'  itemprop=\"image\"   height=\"800\" width=\"600\" srcset=\"https:\/\/dfvcg-events.de\/digital-talk\/wp-content\/uploads\/sites\/14\/2025\/07\/Raimund_Klug-web.png 600w, https:\/\/dfvcg-events.de\/digital-talk\/wp-content\/uploads\/sites\/14\/2025\/07\/Raimund_Klug-web-529x705.png 529w\" sizes=\"(max-width: 600px) 100vw, 600px\" \/><\/div><h3 class='team-member-name '  itemprop=\"name\" >Raimund Klug<\/h3><div class='team-member-job-title '  itemprop=\"jobTitle\" >Fachbereichsleiter, Abteilung \u201eBeratung und Konzept\u201c, Transgourmet<\/div><span class='hidden team-member-affiliation'  itemprop=\"affiliation\" >Digital Talk<\/span><\/section><br \/>\n<div  class='togglecontainer av-1bdxq8j-6c7406acb86d4b3f8f45e24aa7e2d0ab  avia-builder-el-23  el_after_av_team_member  avia-builder-el-last  toggle_close_all' >\n<section class='av_toggle_section av-v26lub-3037ef0a339d4d8e52bc9a43f6dd4ead'  itemscope=\"itemscope\" itemtype=\"https:\/\/schema.org\/CreativeWork\" ><div role=\"tablist\" class=\"single_toggle\" data-tags=\"{Alle} \"  ><p id='toggle-toggle-id-3' data-fake-id='#toggle-id-3' class='toggler  av-title-above '  itemprop=\"headline\"  role='tab' tabindex='0' aria-controls='toggle-id-3' data-slide-speed=\"200\" data-title=\"Info\" data-title-open=\"\" data-aria_collapsed=\"Click to expand: Info\" data-aria_expanded=\"Click to collapse: Info\">Info<span class=\"toggle_icon\"><span class=\"vert_icon\"><\/span><span class=\"hor_icon\"><\/span><\/span><\/p><div id='toggle-id-3' aria-labelledby='toggle-toggle-id-3' role='region' class='toggle_wrap  av-title-above'  ><div class='toggle_content invers-color '  itemprop=\"text\" ><p>Raimund Klug ist Fachbereichsleiter der Transgourmet-Abteilung \u201eBeratung und Konzept\u201c. Foodwaste-Management z\u00e4hlt zu seinen Schwerpunkten in der Beratung. Dar\u00fcber hinaus macht er f\u00fcr Gro\u00dfk\u00fcchen und Gastronomie Konzeptentwicklungen, Wirtschaftlichkeitsanalysen oder etwa K\u00fcchen- und Mensaplanungen bei Umbauten. Klug ist gelernter Koch und B\u00fcrokaufmann sowie staatlich gepr\u00fcfter Betriebswirt. \u00dcber 23 Jahre war er in Gro\u00dfk\u00fcchen im In- und Ausland t\u00e4tig, davon 19 Jahre mit F\u00fchrungsverantwortung. Seit 2010 ist er bei Transgourmet und ber\u00e4t als Fachbereichsleiter vor allem Einrichtungen im Care- und Education-Bereich.<\/p>\n<\/div><\/div><\/div><\/section>\n<\/div><\/p><\/div>\n<style type=\"text\/css\" data-created_by=\"avia_inline_auto\" id=\"style-css-av-7rdch4-5626a4243b1eded42520e9bc1a42563b\">\n.flex_column.av-7rdch4-5626a4243b1eded42520e9bc1a42563b{\nborder-radius:0px 0px 0px 0px;\npadding:0px 0px 0px 0px;\n}\n<\/style>\n<div  class='flex_column av-7rdch4-5626a4243b1eded42520e9bc1a42563b av_one_third  avia-builder-el-24  el_after_av_one_third  el_before_av_one_third  first flex_column_div av-zero-column-padding  column-top-margin'     ><p><section  class='avia-team-member av-5cws08-d44c5976c850d7e281c282077116317e  avia-builder-el-25  el_before_av_toggle_container  avia-builder-el-first '  itemscope=\"itemscope\" itemtype=\"https:\/\/schema.org\/Person\" ><div class=\"team-img-container\"><img decoding=\"async\" fetchpriority=\"high\" class='wp-image-18935 avia-img-lazy-loading-not-18935 avia_image avia_image_team' src=\"https:\/\/dfvcg-events.de\/digital-talk\/wp-content\/uploads\/sites\/14\/2025\/07\/20241108_Kuffler_Staff_Leopold-von-Schilling_Foto-VH-5-web.jpg\" alt='Leopold von Schilling'  itemprop=\"image\"   height=\"800\" width=\"600\" srcset=\"https:\/\/dfvcg-events.de\/digital-talk\/wp-content\/uploads\/sites\/14\/2025\/07\/20241108_Kuffler_Staff_Leopold-von-Schilling_Foto-VH-5-web.jpg 600w, https:\/\/dfvcg-events.de\/digital-talk\/wp-content\/uploads\/sites\/14\/2025\/07\/20241108_Kuffler_Staff_Leopold-von-Schilling_Foto-VH-5-web-529x705.jpg 529w\" sizes=\"(max-width: 600px) 100vw, 600px\" \/><\/div><h3 class='team-member-name '  itemprop=\"name\" >Leopold von Schilling<\/h3><div class='team-member-job-title '  itemprop=\"jobTitle\" >Gesch\u00e4ftsf\u00fchrender Direktor und Prokurist, Kuffler Gruppe M\u00fcnchen<\/div><span class='hidden team-member-affiliation'  itemprop=\"affiliation\" >Digital Talk<\/span><\/section><br \/>\n<div  class='togglecontainer av-4d3zeg-64d9e1c929650b10edc6f78f0d7365a6  avia-builder-el-26  el_after_av_team_member  avia-builder-el-last  toggle_close_all' >\n<section class='av_toggle_section av-2a2alk-239321ba748636b0494a1a11bd86ddd0'  itemscope=\"itemscope\" itemtype=\"https:\/\/schema.org\/CreativeWork\" ><div role=\"tablist\" class=\"single_toggle\" data-tags=\"{Alle} \"  ><p id='toggle-toggle-id-4' data-fake-id='#toggle-id-4' class='toggler  av-title-above '  itemprop=\"headline\"  role='tab' tabindex='0' aria-controls='toggle-id-4' data-slide-speed=\"200\" data-title=\"Info\" data-title-open=\"\" data-aria_collapsed=\"Click to expand: Info\" data-aria_expanded=\"Click to collapse: Info\">Info<span class=\"toggle_icon\"><span class=\"vert_icon\"><\/span><span class=\"hor_icon\"><\/span><\/span><\/p><div id='toggle-id-4' aria-labelledby='toggle-toggle-id-4' role='region' class='toggle_wrap  av-title-above'  ><div class='toggle_content invers-color '  itemprop=\"text\" ><p>Leopold von Schilling ist seit November 2024 Gesch\u00e4ftsf\u00fchrender Direktor bei der Kuffler Gruppe in M\u00fcnchen und seit insgesamt knapp drei Jahren in dem privatgef\u00fchrten Unternehmen t\u00e4tig \u2013 mit 5-Sterne-Hotel, Biergarten im Englischen Garten, Wirtshaus oder dem Festzelt auf dem Oktoberfest. Der studierte Gesundheits- und Tourismusmanager absolvierte unter anderem auch ein Trainee-Programm im renommierten Hotel Le Bristol in Paris.<\/p>\n<\/div><\/div><\/div><\/section>\n<\/div><\/p><\/div>\n<style type=\"text\/css\" data-created_by=\"avia_inline_auto\" id=\"style-css-av-2at5ij-a6ff0acc87bdcffaab39b7fa2ea8e173\">\n.flex_column.av-2at5ij-a6ff0acc87bdcffaab39b7fa2ea8e173{\nborder-radius:0px 0px 0px 0px;\npadding:0px 0px 0px 0px;\n}\n<\/style>\n<div  class='flex_column av-2at5ij-a6ff0acc87bdcffaab39b7fa2ea8e173 av_one_third  avia-builder-el-27  el_after_av_one_third  avia-builder-el-last  flex_column_div av-zero-column-padding  column-top-margin'     ><p><section  class='avia-team-member av-l8y5sqqc-c7644942d80746dd630138a7e6bc69ff  avia-builder-el-28  el_before_av_toggle_container  avia-builder-el-first '  itemscope=\"itemscope\" itemtype=\"https:\/\/schema.org\/Person\" ><div class=\"team-img-container\"><img decoding=\"async\" fetchpriority=\"high\" class='wp-image-3215 avia-img-lazy-loading-not-3215 avia_image avia_image_team' src=\"https:\/\/dfvcg-events.de\/digital-talk\/wp-content\/uploads\/sites\/14\/2021\/04\/Zilz_Claudia_2021_Digital-Talk-web.jpg\" alt='Claudia Zilz'  itemprop=\"image\"   height=\"800\" width=\"600\" \/><\/div><h3 class='team-member-name '  itemprop=\"name\" >Claudia Zilz<\/h3><div class='team-member-job-title '  itemprop=\"jobTitle\" >Chefredaktion, gvpraxis &amp; foodservice &amp; ahgz<\/div><span class='hidden team-member-affiliation'  itemprop=\"affiliation\" >Digital Talk<\/span><\/section><br \/>\n<div  class='togglecontainer av-l8y5swh2-0972f443f12403fd222263bd93c77fe1  avia-builder-el-29  el_after_av_team_member  avia-builder-el-last  toggle_close_all' >\n<section class='av_toggle_section av-l8y5sw1i-934140b75bfd6db204676d03342af335'  itemscope=\"itemscope\" itemtype=\"https:\/\/schema.org\/CreativeWork\" ><div role=\"tablist\" class=\"single_toggle\" data-tags=\"{Alle} \"  ><p id='toggle-toggle-id-5' data-fake-id='#toggle-id-5' class='toggler  av-title-above '  itemprop=\"headline\"  role='tab' tabindex='0' aria-controls='toggle-id-5' data-slide-speed=\"200\" data-title=\"Info\" data-title-open=\"\" data-aria_collapsed=\"Click to expand: Info\" data-aria_expanded=\"Click to collapse: Info\">Info<span class=\"toggle_icon\"><span class=\"vert_icon\"><\/span><span class=\"hor_icon\"><\/span><\/span><\/p><div id='toggle-id-5' aria-labelledby='toggle-toggle-id-5' role='region' class='toggle_wrap  av-title-above'  ><div class='toggle_content invers-color '  itemprop=\"text\" ><p>Claudia Zilz, Diplom-Agraringenieurin, arbeitet seit 15 Jahren als Redakteurin bei der Wirtschaftsfachzeitschrift gvpraxis der dfv Mediengruppe und ist seit Juli 2022 Mitglied der Chefredaktion Hotel- und Gastromedien mit den Titeln ahgz, foodservice und gvpraxis. Als Expertin in Sachen Nachhaltigkeit ist sie bundesweit auch als Referentin und Moderatorin t\u00e4tig. Zuvor arbeitete die geb\u00fcrtige Oldenburgerin f\u00fcr ein Beratungsunternehmen in der Au\u00dfer-Haus-Branche. Ihre dortigen Schwerpunkte: Schulungen und Coachings von Gro\u00dfk\u00fcchen und Gastronomie zum Einsatz von Bio-Lebensmitteln. Zudem verantwortete sie die Presse- und \u00d6ffentlichkeitsarbeit f\u00fcr bundesweite Kampagnen im Au\u00dfer-Haus-Markt. Neben ihrem Studium der Agrarwissenschaft absolvierte sie eine Zusatzausbildung in Kommunikation und Marketing und arbeitete als PR-Managerin in einem Musikverlag.<\/p>\n<\/div><\/div><\/div><\/section>\n<\/div><\/p><\/div><\/div><\/div><\/div><!-- close content main div --><\/div><\/div><div id='anmelden'  class='avia-section av-kawtoycl-1-b06506d3f004b7712fe681922b309195 main_color avia-section-default avia-no-shadow  avia-builder-el-30  el_after_av_section  el_before_av_section  avia-bg-style-scroll container_wrap fullsize'  ><div class='container av-section-cont-open' ><div class='template-page content  av-content-full alpha units'><div class='post-entry post-entry-type-page post-entry-18931'><div class='entry-content-wrapper clearfix'>\n\n<style type=\"text\/css\" data-created_by=\"avia_inline_auto\" id=\"style-css-av-24jcbm-8c324757c17a2c614a074b796b39e0e9\">\n#top .av-special-heading.av-24jcbm-8c324757c17a2c614a074b796b39e0e9{\npadding-bottom:25px;\n}\nbody .av-special-heading.av-24jcbm-8c324757c17a2c614a074b796b39e0e9 .av-special-heading-tag .heading-char{\nfont-size:25px;\n}\n.av-special-heading.av-24jcbm-8c324757c17a2c614a074b796b39e0e9 .av-subheading{\nfont-size:15px;\n}\n<\/style>\n<div  class='av-special-heading av-24jcbm-8c324757c17a2c614a074b796b39e0e9 av-special-heading-h2 blockquote modern-quote  avia-builder-el-31  el_before_av_codeblock  avia-builder-el-first '><h2 class='av-special-heading-tag '  itemprop=\"headline\"  >Jetzt anmelden<\/h2><div class='av-subheading av-subheading_below'><p>Vielen Dank f\u00fcr Ihr Interesse!<\/p>\n<\/div><div class=\"special-heading-border\"><div class=\"special-heading-inner-border\"><\/div><\/div><\/div>\n\n<\/p>\n<\/div><\/div><\/div><!-- close content main div --><\/div><\/div><div id='av_section_6'  class='avia-section av-475lki-bf6368de126dfa81a99faf90a82d92dd main_color avia-section-default avia-no-shadow  avia-builder-el-33  el_after_av_section  el_before_av_section  avia-bg-style-scroll container_wrap fullsize'  ><div class='container av-section-cont-open' ><div class='template-page content  av-content-full alpha units'><div class='post-entry post-entry-type-page post-entry-18931'><div class='entry-content-wrapper clearfix'>\n\n<style type=\"text\/css\" data-created_by=\"avia_inline_auto\" id=\"style-css-av-kq10tixo-68a9598d948a26142e95c8289f7aa81a\">\n#top .av-special-heading.av-kq10tixo-68a9598d948a26142e95c8289f7aa81a{\npadding-bottom:25px;\n}\nbody .av-special-heading.av-kq10tixo-68a9598d948a26142e95c8289f7aa81a .av-special-heading-tag .heading-char{\nfont-size:25px;\n}\n.av-special-heading.av-kq10tixo-68a9598d948a26142e95c8289f7aa81a .av-subheading{\nfont-size:15px;\n}\n<\/style>\n<div  class='av-special-heading av-kq10tixo-68a9598d948a26142e95c8289f7aa81a av-special-heading-h2 blockquote modern-quote  avia-builder-el-34  el_before_av_textblock  avia-builder-el-first '><h2 class='av-special-heading-tag '  itemprop=\"headline\"  >Gut zu wissen<\/h2><div class='av-subheading av-subheading_below'><p>Wichtige Informationen rund um Ihre digitale Teilnahme<\/p>\n<\/div><div class=\"special-heading-border\"><div class=\"special-heading-inner-border\"><\/div><\/div><\/div>\n<section  class='av_textblock_section av-l3lcumer-46ad0e4fcd8b794391a7106de3528920 '   itemscope=\"itemscope\" itemtype=\"https:\/\/schema.org\/CreativeWork\" ><div class='avia_textblock'  itemprop=\"text\" ><p>Nach Ihrer Registrierung erhalten Sie Ihre Anmeldebest\u00e4tigung sowie einen Link f\u00fcr Ihren Kalendereintrag. Die Zugangsdaten zum Einloggen erhalten Sie rechtzeitig vor Beginn des Digital Talks.<\/p>\n<\/div><\/section>\n\n<\/div><\/div><\/div><!-- close content main div --><\/div><\/div><div id='av_section_7'  class='avia-section av-6jdo0d-140152698f623d219b7a1c407f74c843 main_color avia-section-default avia-no-shadow  avia-builder-el-36  el_after_av_section  el_before_av_section  avia-bg-style-scroll container_wrap fullsize'  ><div class='container av-section-cont-open' ><div class='template-page content  av-content-full alpha units'><div class='post-entry post-entry-type-page post-entry-18931'><div class='entry-content-wrapper clearfix'>\n\n<style type=\"text\/css\" data-created_by=\"avia_inline_auto\" id=\"style-css-av-l5ckfg8u-8a67432b05c4a3a5c9e4de1f0c3a7880\">\n#top .av-special-heading.av-l5ckfg8u-8a67432b05c4a3a5c9e4de1f0c3a7880{\npadding-bottom:25px;\n}\nbody .av-special-heading.av-l5ckfg8u-8a67432b05c4a3a5c9e4de1f0c3a7880 .av-special-heading-tag .heading-char{\nfont-size:25px;\n}\n.av-special-heading.av-l5ckfg8u-8a67432b05c4a3a5c9e4de1f0c3a7880 .av-subheading{\nfont-size:15px;\n}\n<\/style>\n<div  class='av-special-heading av-l5ckfg8u-8a67432b05c4a3a5c9e4de1f0c3a7880 av-special-heading-h2 blockquote modern-quote  avia-builder-el-37  el_before_av_one_fourth  avia-builder-el-first '><h2 class='av-special-heading-tag '  itemprop=\"headline\"  >Partner<\/h2><div class=\"special-heading-border\"><div class=\"special-heading-inner-border\"><\/div><\/div><\/div>\n<div  class='flex_column av-5zetd7-c4a666948ab1d4a6bf7b8e1789021f58 av_one_fourth  avia-builder-el-38  el_after_av_heading  avia-builder-el-last  first flex_column_div  '     ><style type=\"text\/css\" data-created_by=\"avia_inline_auto\" id=\"style-css-av-3jfdl7-9410e0491e2bdf0d0a53e3879b6bb001\">\n.avia-image-container.av-3jfdl7-9410e0491e2bdf0d0a53e3879b6bb001 img.avia_image{\nbox-shadow:none;\n}\n.avia-image-container.av-3jfdl7-9410e0491e2bdf0d0a53e3879b6bb001 .av-image-caption-overlay-center{\ncolor:#ffffff;\n}\n<\/style>\n<div  class='avia-image-container av-3jfdl7-9410e0491e2bdf0d0a53e3879b6bb001 av-styling- av-img-linked avia-align-center  avia-builder-el-39  avia-builder-el-no-sibling '   itemprop=\"image\" itemscope=\"itemscope\" itemtype=\"https:\/\/schema.org\/ImageObject\" ><div class=\"avia-image-container-inner\"><div class=\"avia-image-overlay-wrap\"><a href=\"https:\/\/www.transgourmet.de\/\" class='avia_image '  target=\"_blank\"  rel=\"noopener noreferrer\" aria-label='dfvcg-partner-transgourmet'><img decoding=\"async\" fetchpriority=\"high\" class='wp-image-1930 avia-img-lazy-loading-not-1930 avia_image ' src=\"https:\/\/dfvcg-events.de\/digital-talk\/wp-content\/uploads\/sites\/14\/2020\/11\/dfvcg-partner-transgourmet.jpg\" alt='' title='dfvcg-partner-transgourmet'  height=\"600\" width=\"800\"  itemprop=\"thumbnailUrl\"  \/><\/a><\/div><\/div><\/div><\/div>\n\n<\/div><\/div><\/div><!-- close content main div --><\/div><\/div><div id='av_section_8'  class='avia-section av-1r8041y-36b7fd7f3d000adaed7be45ede098221 main_color avia-section-default avia-no-shadow  avia-builder-el-40  el_after_av_section  el_before_av_section  avia-bg-style-scroll container_wrap fullsize'  ><div class='container av-section-cont-open' ><div class='template-page content  av-content-full alpha units'><div class='post-entry post-entry-type-page post-entry-18931'><div class='entry-content-wrapper clearfix'>\n\n<style type=\"text\/css\" data-created_by=\"avia_inline_auto\" id=\"style-css-av-liwww26v-7f9936670ca14e435f0b61464142d684\">\n#top .av-special-heading.av-liwww26v-7f9936670ca14e435f0b61464142d684{\npadding-bottom:25px;\n}\nbody .av-special-heading.av-liwww26v-7f9936670ca14e435f0b61464142d684 .av-special-heading-tag .heading-char{\nfont-size:25px;\n}\n.av-special-heading.av-liwww26v-7f9936670ca14e435f0b61464142d684 .av-subheading{\nfont-size:15px;\n}\n<\/style>\n<div  class='av-special-heading av-liwww26v-7f9936670ca14e435f0b61464142d684 av-special-heading-h2 blockquote modern-quote  avia-builder-el-41  el_before_av_one_fourth  avia-builder-el-first '><h2 class='av-special-heading-tag '  itemprop=\"headline\"  >Ein Business-Event von<\/h2><div class=\"special-heading-border\"><div class=\"special-heading-inner-border\"><\/div><\/div><\/div>\n<div  class='flex_column av-16pblt2-755cbb35dad7e8916e100031efa3b64b av_one_fourth  avia-builder-el-42  el_after_av_heading  el_before_av_one_fourth  first flex_column_div  '     ><style type=\"text\/css\" data-created_by=\"avia_inline_auto\" id=\"style-css-av-wchysm-8b4187c71c856c15fc8325cdb609ec38\">\n.avia-image-container.av-wchysm-8b4187c71c856c15fc8325cdb609ec38 img.avia_image{\nbox-shadow:none;\n}\n.avia-image-container.av-wchysm-8b4187c71c856c15fc8325cdb609ec38 .av-image-caption-overlay-center{\ncolor:#ffffff;\n}\n<\/style>\n<div  class='avia-image-container av-wchysm-8b4187c71c856c15fc8325cdb609ec38 av-styling- av-img-linked avia-align-center  avia-builder-el-43  avia-builder-el-no-sibling '   itemprop=\"image\" itemscope=\"itemscope\" itemtype=\"https:\/\/schema.org\/ImageObject\" ><div class=\"avia-image-container-inner\"><div class=\"avia-image-overlay-wrap\"><a href=\"https:\/\/dfvcg-events.de\/\" class='avia_image '  target=\"_blank\"  rel=\"noopener noreferrer\" aria-label='dfvcg-conference-group'><img decoding=\"async\" fetchpriority=\"high\" class='wp-image-1064 avia-img-lazy-loading-not-1064 avia_image ' src=\"https:\/\/dfvcg-events.de\/digital-talk\/wp-content\/uploads\/sites\/14\/2020\/05\/dfvcg-conference-group.jpg\" alt='' title='dfvcg-conference-group'  height=\"600\" width=\"800\"  itemprop=\"thumbnailUrl\"  \/><\/a><\/div><\/div><\/div><\/div><div  class='flex_column av-2uhjghy-f3b31260885db78260edbdee5dd4942d av_one_fourth  avia-builder-el-44  el_after_av_one_fourth  el_before_av_one_fourth  flex_column_div  '     ><style type=\"text\/css\" data-created_by=\"avia_inline_auto\" id=\"style-css-av-2lhnneu-707e5d5caff19dca8c8dcf6d5f20fd03\">\n.avia-image-container.av-2lhnneu-707e5d5caff19dca8c8dcf6d5f20fd03 img.avia_image{\nbox-shadow:none;\n}\n.avia-image-container.av-2lhnneu-707e5d5caff19dca8c8dcf6d5f20fd03 .av-image-caption-overlay-center{\ncolor:#ffffff;\n}\n<\/style>\n<div  class='avia-image-container av-2lhnneu-707e5d5caff19dca8c8dcf6d5f20fd03 av-styling- av-img-linked avia-align-center  avia-builder-el-45  avia-builder-el-no-sibling '   itemprop=\"image\" itemscope=\"itemscope\" itemtype=\"https:\/\/schema.org\/ImageObject\" ><div class=\"avia-image-container-inner\"><div class=\"avia-image-overlay-wrap\"><a href=\"https:\/\/www.food-service.de\/\" class='avia_image '  aria-label='dfvcg-partner-foodservice'><img decoding=\"async\" fetchpriority=\"high\" class='wp-image-1813 avia-img-lazy-loading-not-1813 avia_image ' src=\"https:\/\/dfvcg-events.de\/digital-talk\/wp-content\/uploads\/sites\/14\/2020\/11\/dfvcg-partner-foodservice.jpg\" alt='' title='dfvcg-partner-foodservice'  height=\"600\" width=\"800\"  itemprop=\"thumbnailUrl\"  \/><\/a><\/div><\/div><\/div><\/div><div  class='flex_column av-201zq92-0ecb84d125d0fc9edf1bded2fbe4e4cf av_one_fourth  avia-builder-el-46  el_after_av_one_fourth  avia-builder-el-last  flex_column_div  '     ><style type=\"text\/css\" data-created_by=\"avia_inline_auto\" id=\"style-css-av-kueva-4d49de01ce43dd9f5cf16af99ed3c6c1\">\n.avia-image-container.av-kueva-4d49de01ce43dd9f5cf16af99ed3c6c1 img.avia_image{\nbox-shadow:none;\n}\n.avia-image-container.av-kueva-4d49de01ce43dd9f5cf16af99ed3c6c1 .av-image-caption-overlay-center{\ncolor:#ffffff;\n}\n<\/style>\n<div  class='avia-image-container av-kueva-4d49de01ce43dd9f5cf16af99ed3c6c1 av-styling- av-img-linked avia-align-center  avia-builder-el-47  avia-builder-el-no-sibling '   itemprop=\"image\" itemscope=\"itemscope\" itemtype=\"https:\/\/schema.org\/ImageObject\" ><div class=\"avia-image-container-inner\"><div class=\"avia-image-overlay-wrap\"><a href=\"https:\/\/gvpraxis.food-service.de\/\" class='avia_image '  target=\"_blank\"  rel=\"noopener noreferrer\" aria-label='gvpraxis_WEB'><img decoding=\"async\" fetchpriority=\"high\" class='wp-image-7109 avia-img-lazy-loading-not-7109 avia_image ' src=\"https:\/\/dfvcg-events.de\/digital-talk\/wp-content\/uploads\/sites\/14\/2022\/05\/gvpraxis_WEB.jpg\" alt='' title='gvpraxis_WEB'  height=\"600\" width=\"800\"  itemprop=\"thumbnailUrl\"  \/><\/a><\/div><\/div><\/div><\/div>\n\n<\/div><\/div><\/div><!-- close content main div --><\/div><\/div><div id='av_section_9'  class='avia-section av-4phzvpi-ad01d5f7bbd37e811e105ccb49b1ced5 main_color avia-section-default avia-no-shadow  avia-builder-el-48  el_after_av_section  avia-builder-el-last  avia-bg-style-scroll container_wrap fullsize'  ><div class='container av-section-cont-open' ><div class='template-page content  av-content-full alpha units'><div class='post-entry post-entry-type-page post-entry-18931'><div class='entry-content-wrapper clearfix'>\n\n<style type=\"text\/css\" data-created_by=\"avia_inline_auto\" id=\"style-css-av-d2vz1i-8f1d7e94daa581dc78b3f58e5c95bace\">\n#top .av-special-heading.av-d2vz1i-8f1d7e94daa581dc78b3f58e5c95bace{\npadding-bottom:25px;\n}\nbody .av-special-heading.av-d2vz1i-8f1d7e94daa581dc78b3f58e5c95bace .av-special-heading-tag .heading-char{\nfont-size:25px;\n}\n.av-special-heading.av-d2vz1i-8f1d7e94daa581dc78b3f58e5c95bace .av-subheading{\nfont-size:15px;\n}\n<\/style>\n<div  class='av-special-heading av-d2vz1i-8f1d7e94daa581dc78b3f58e5c95bace av-special-heading-h2 blockquote modern-quote  avia-builder-el-49  el_before_av_one_third  avia-builder-el-first '><h2 class='av-special-heading-tag '  itemprop=\"headline\"  >Ihre Ansprechpartner: innen<\/h2><div class='av-subheading av-subheading_below'><p>Wir sind f\u00fcr Sie da<\/p>\n<\/div><div class=\"special-heading-border\"><div class=\"special-heading-inner-border\"><\/div><\/div><\/div>\n\n<style type=\"text\/css\" data-created_by=\"avia_inline_auto\" id=\"style-css-av-354ubra-b6bc4a162b62f56cadb183a649d8d355\">\n.flex_column.av-354ubra-b6bc4a162b62f56cadb183a649d8d355{\nborder-radius:0px 0px 0px 0px;\npadding:0px 0px 0px 0px;\n}\n<\/style>\n<div  class='flex_column av-354ubra-b6bc4a162b62f56cadb183a649d8d355 av_one_third  avia-builder-el-50  el_after_av_heading  el_before_av_one_third  first flex_column_div av-zero-column-padding  '     ><section  class='av_textblock_section av-92mn5y-dd33496c67bc71d9ce05f130134663ac '   itemscope=\"itemscope\" itemtype=\"https:\/\/schema.org\/CreativeWork\" ><div class='avia_textblock'  itemprop=\"text\" ><p><strong>Projektleitung<\/strong><\/p>\n<p>Irina Kolev<strong><br \/>\n<\/strong><a href=\"ma&#105;&#108;&#116;&#111;&#x3a;&#x69;&#x72;&#x69;&#x6e;a&#46;&#107;&#111;&#108;&#101;&#x76;&#x40;&#x64;&#x66;&#x76;cg&#46;&#100;&#101;\">&#105;&#114;&#x69;&#x6e;&#97;&#46;&#x6b;&#x6f;&#108;&#101;&#x76;&#x40;&#100;&#102;&#x76;&#x63;&#103;&#46;&#x64;&#x65;<\/a><br \/>\n+49 69 7595 3043<\/p>\n<\/div><\/section><\/div>\n<style type=\"text\/css\" data-created_by=\"avia_inline_auto\" id=\"style-css-av-26xfh9i-08dcdcf337e2ea57d3832ea3ffe19615\">\n.flex_column.av-26xfh9i-08dcdcf337e2ea57d3832ea3ffe19615{\nborder-radius:0px 0px 0px 0px;\npadding:0px 0px 0px 0px;\n}\n<\/style>\n<div  class='flex_column av-26xfh9i-08dcdcf337e2ea57d3832ea3ffe19615 av_one_third  avia-builder-el-52  el_after_av_one_third  el_before_av_one_third  flex_column_div av-zero-column-padding  '     ><section  class='av_textblock_section av-1fm63pi-c3dce997796bacf3a418876bb0470160 '   itemscope=\"itemscope\" itemtype=\"https:\/\/schema.org\/CreativeWork\" ><div class='avia_textblock'  itemprop=\"text\" ><p><strong>Organisation<\/strong><\/p>\n<p>Marie Hartmann<br \/>\n<a href=\"m&#97;&#x69;&#x6c;t&#111;&#58;&#x6d;&#x61;r&#105;&#101;&#x2e;&#x68;a&#114;&#x74;&#x6d;&#x61;n&#110;&#x40;&#x64;f&#118;&#99;&#x67;&#x2e;d&#101;\">&#x6d;&#x61;&#x72;&#105;&#101;&#46;h&#x61;&#x72;&#x74;&#x6d;&#97;&#110;n&#64;&#x64;&#x66;&#x76;&#99;&#103;&#46;de<\/a><br \/>\n+49 69 7595 3028<\/p>\n<\/div><\/section><\/div>\n<style type=\"text\/css\" data-created_by=\"avia_inline_auto\" id=\"style-css-av-yza6au-46ab9196ce589832b089583eaca4ed27\">\n.flex_column.av-yza6au-46ab9196ce589832b089583eaca4ed27{\nborder-radius:0px 0px 0px 0px;\npadding:0px 0px 0px 0px;\n}\n<\/style>\n<div  class='flex_column av-yza6au-46ab9196ce589832b089583eaca4ed27 av_one_third  avia-builder-el-54  el_after_av_one_third  avia-builder-el-last  flex_column_div av-zero-column-padding  '     ><section  class='av_textblock_section av-qhz3ae-cd779c16af2dd1d0464000d7c4ad7ce4 '   itemscope=\"itemscope\" itemtype=\"https:\/\/schema.org\/CreativeWork\" ><div class='avia_textblock'  itemprop=\"text\" ><p><strong>Marketing &amp; Social Media<\/strong><\/p>\n<p>Sina Goy<br \/>\n<a href=\"&#109;&#x61;i&#108;&#x74;o&#x3a;&#x25;&#50;&#x30;s&#105;&#x6e;a&#46;&#x67;&#111;&#x79;&#64;&#100;&#x66;v&#99;&#x67;&#46;&#x64;&#x65;\">sin&#97;&#46;&#103;&#x6f;&#x79;&#x40;&#x64;&#x66;&#x76;cg&#46;&#100;&#101;<\/a><br \/>\n+49 69 7595 1904<\/p>\n<\/div><\/section><\/div>\n\n","protected":false},"excerpt":{"rendered":"<p>2. September 2025<br \/>\n11:00 \u2013 12:00 Uhr<\/p>\n","protected":false},"author":10,"featured_media":18952,"comment_status":"closed","ping_status":"closed","template":"","meta":{"footnotes":""},"tags":[],"portfolio_entries":[47],"class_list":["post-18931","portfolio","type-portfolio","status-publish","has-post-thumbnail","hentry","portfolio_entries-archiv"],"yoast_head":"<!-- This site is optimized with the Yoast SEO plugin v27.4 - https:\/\/yoast.com\/product\/yoast-seo-wordpress\/ -->\n<title>digital talk: Foodwaste stoppen. Geld sparen. So l\u00e4uft\u2019s! - Digital Talk<\/title>\n<meta name=\"description\" content=\"Live. Aktuell. Inspirierend: digital talk: Foodwaste stoppen. Geld sparen. So l\u00e4uft\u2019s!\" \/>\n<meta name=\"robots\" content=\"index, follow, max-snippet:-1, max-image-preview:large, max-video-preview:-1\" \/>\n<link rel=\"canonical\" href=\"https:\/\/dfvcg-events.de\/digital-talk\/veranstaltung\/digital-talk-foodwaste-stoppen-geld-sparen-so-laeufts\/\" \/>\n<meta property=\"og:locale\" content=\"de_DE\" \/>\n<meta property=\"og:type\" content=\"article\" \/>\n<meta property=\"og:title\" content=\"digital talk: Foodwaste stoppen. Geld sparen. So l\u00e4uft\u2019s! - Digital Talk\" \/>\n<meta property=\"og:description\" content=\"Live. Aktuell. Inspirierend: digital talk: Foodwaste stoppen. Geld sparen. So l\u00e4uft\u2019s!\" \/>\n<meta property=\"og:url\" content=\"https:\/\/dfvcg-events.de\/digital-talk\/veranstaltung\/digital-talk-foodwaste-stoppen-geld-sparen-so-laeufts\/\" \/>\n<meta property=\"og:site_name\" content=\"Digital Talk\" \/>\n<meta property=\"article:modified_time\" content=\"2025-09-04T09:12:41+00:00\" \/>\n<meta property=\"og:image\" content=\"https:\/\/dfvcg-events.de\/digital-talk\/wp-content\/uploads\/sites\/14\/2025\/07\/Tg-Foodwaste-800x800-1.jpg\" \/>\n\t<meta property=\"og:image:width\" content=\"800\" \/>\n\t<meta property=\"og:image:height\" content=\"800\" \/>\n\t<meta property=\"og:image:type\" content=\"image\/jpeg\" \/>\n<meta name=\"twitter:card\" content=\"summary_large_image\" \/>\n<script type=\"application\/ld+json\" class=\"yoast-schema-graph\">{\"@context\":\"https:\\\/\\\/schema.org\",\"@graph\":[{\"@type\":\"WebPage\",\"@id\":\"https:\\\/\\\/dfvcg-events.de\\\/digital-talk\\\/veranstaltung\\\/digital-talk-foodwaste-stoppen-geld-sparen-so-laeufts\\\/\",\"url\":\"https:\\\/\\\/dfvcg-events.de\\\/digital-talk\\\/veranstaltung\\\/digital-talk-foodwaste-stoppen-geld-sparen-so-laeufts\\\/\",\"name\":\"digital talk: Foodwaste stoppen. Geld sparen. So l\u00e4uft\u2019s! - Digital Talk\",\"isPartOf\":{\"@id\":\"https:\\\/\\\/dfvcg-events.de\\\/digital-talk\\\/#website\"},\"primaryImageOfPage\":{\"@id\":\"https:\\\/\\\/dfvcg-events.de\\\/digital-talk\\\/veranstaltung\\\/digital-talk-foodwaste-stoppen-geld-sparen-so-laeufts\\\/#primaryimage\"},\"image\":{\"@id\":\"https:\\\/\\\/dfvcg-events.de\\\/digital-talk\\\/veranstaltung\\\/digital-talk-foodwaste-stoppen-geld-sparen-so-laeufts\\\/#primaryimage\"},\"thumbnailUrl\":\"https:\\\/\\\/dfvcg-events.de\\\/digital-talk\\\/wp-content\\\/uploads\\\/sites\\\/14\\\/2025\\\/07\\\/Tg-Foodwaste-800x800-1.jpg\",\"datePublished\":\"2025-07-18T13:15:45+00:00\",\"dateModified\":\"2025-09-04T09:12:41+00:00\",\"description\":\"Live. Aktuell. Inspirierend: digital talk: Foodwaste stoppen. Geld sparen. So l\u00e4uft\u2019s!\",\"breadcrumb\":{\"@id\":\"https:\\\/\\\/dfvcg-events.de\\\/digital-talk\\\/veranstaltung\\\/digital-talk-foodwaste-stoppen-geld-sparen-so-laeufts\\\/#breadcrumb\"},\"inLanguage\":\"de\",\"potentialAction\":[{\"@type\":\"ReadAction\",\"target\":[\"https:\\\/\\\/dfvcg-events.de\\\/digital-talk\\\/veranstaltung\\\/digital-talk-foodwaste-stoppen-geld-sparen-so-laeufts\\\/\"]}]},{\"@type\":\"ImageObject\",\"inLanguage\":\"de\",\"@id\":\"https:\\\/\\\/dfvcg-events.de\\\/digital-talk\\\/veranstaltung\\\/digital-talk-foodwaste-stoppen-geld-sparen-so-laeufts\\\/#primaryimage\",\"url\":\"https:\\\/\\\/dfvcg-events.de\\\/digital-talk\\\/wp-content\\\/uploads\\\/sites\\\/14\\\/2025\\\/07\\\/Tg-Foodwaste-800x800-1.jpg\",\"contentUrl\":\"https:\\\/\\\/dfvcg-events.de\\\/digital-talk\\\/wp-content\\\/uploads\\\/sites\\\/14\\\/2025\\\/07\\\/Tg-Foodwaste-800x800-1.jpg\",\"width\":800,\"height\":800},{\"@type\":\"BreadcrumbList\",\"@id\":\"https:\\\/\\\/dfvcg-events.de\\\/digital-talk\\\/veranstaltung\\\/digital-talk-foodwaste-stoppen-geld-sparen-so-laeufts\\\/#breadcrumb\",\"itemListElement\":[{\"@type\":\"ListItem\",\"position\":1,\"name\":\"Startseite\",\"item\":\"https:\\\/\\\/dfvcg-events.de\\\/digital-talk\\\/\"},{\"@type\":\"ListItem\",\"position\":2,\"name\":\"digital talk: Foodwaste stoppen. Geld sparen. So l\u00e4uft\u2019s!\"}]},{\"@type\":\"WebSite\",\"@id\":\"https:\\\/\\\/dfvcg-events.de\\\/digital-talk\\\/#website\",\"url\":\"https:\\\/\\\/dfvcg-events.de\\\/digital-talk\\\/\",\"name\":\"Digital Talk\",\"description\":\"dfv Conference Group\",\"publisher\":{\"@id\":\"https:\\\/\\\/dfvcg-events.de\\\/digital-talk\\\/#organization\"},\"potentialAction\":[{\"@type\":\"SearchAction\",\"target\":{\"@type\":\"EntryPoint\",\"urlTemplate\":\"https:\\\/\\\/dfvcg-events.de\\\/digital-talk\\\/?s={search_term_string}\"},\"query-input\":{\"@type\":\"PropertyValueSpecification\",\"valueRequired\":true,\"valueName\":\"search_term_string\"}}],\"inLanguage\":\"de\"},{\"@type\":\"Organization\",\"@id\":\"https:\\\/\\\/dfvcg-events.de\\\/digital-talk\\\/#organization\",\"name\":\"Digital Talks | dfv Conference Group\",\"url\":\"https:\\\/\\\/dfvcg-events.de\\\/digital-talk\\\/\",\"logo\":{\"@type\":\"ImageObject\",\"inLanguage\":\"de\",\"@id\":\"https:\\\/\\\/dfvcg-events.de\\\/digital-talk\\\/#\\\/schema\\\/logo\\\/image\\\/\",\"url\":\"https:\\\/\\\/dfvcg-events.de\\\/digital-talk\\\/wp-content\\\/uploads\\\/sites\\\/14\\\/2021\\\/02\\\/digital-talks-start.jpg\",\"contentUrl\":\"https:\\\/\\\/dfvcg-events.de\\\/digital-talk\\\/wp-content\\\/uploads\\\/sites\\\/14\\\/2021\\\/02\\\/digital-talks-start.jpg\",\"width\":800,\"height\":800,\"caption\":\"Digital Talks | dfv Conference Group\"},\"image\":{\"@id\":\"https:\\\/\\\/dfvcg-events.de\\\/digital-talk\\\/#\\\/schema\\\/logo\\\/image\\\/\"}}]}<\/script>\n<!-- \/ Yoast SEO plugin. -->","yoast_head_json":{"title":"digital talk: Foodwaste stoppen. Geld sparen. So l\u00e4uft\u2019s! - Digital Talk","description":"Live. Aktuell. Inspirierend: digital talk: Foodwaste stoppen. Geld sparen. So l\u00e4uft\u2019s!","robots":{"index":"index","follow":"follow","max-snippet":"max-snippet:-1","max-image-preview":"max-image-preview:large","max-video-preview":"max-video-preview:-1"},"canonical":"https:\/\/dfvcg-events.de\/digital-talk\/veranstaltung\/digital-talk-foodwaste-stoppen-geld-sparen-so-laeufts\/","og_locale":"de_DE","og_type":"article","og_title":"digital talk: Foodwaste stoppen. Geld sparen. So l\u00e4uft\u2019s! - Digital Talk","og_description":"Live. Aktuell. Inspirierend: digital talk: Foodwaste stoppen. Geld sparen. So l\u00e4uft\u2019s!","og_url":"https:\/\/dfvcg-events.de\/digital-talk\/veranstaltung\/digital-talk-foodwaste-stoppen-geld-sparen-so-laeufts\/","og_site_name":"Digital Talk","article_modified_time":"2025-09-04T09:12:41+00:00","og_image":[{"width":800,"height":800,"url":"https:\/\/dfvcg-events.de\/digital-talk\/wp-content\/uploads\/sites\/14\/2025\/07\/Tg-Foodwaste-800x800-1.jpg","type":"image\/jpeg"}],"twitter_card":"summary_large_image","schema":{"@context":"https:\/\/schema.org","@graph":[{"@type":"WebPage","@id":"https:\/\/dfvcg-events.de\/digital-talk\/veranstaltung\/digital-talk-foodwaste-stoppen-geld-sparen-so-laeufts\/","url":"https:\/\/dfvcg-events.de\/digital-talk\/veranstaltung\/digital-talk-foodwaste-stoppen-geld-sparen-so-laeufts\/","name":"digital talk: Foodwaste stoppen. Geld sparen. So l\u00e4uft\u2019s! - Digital Talk","isPartOf":{"@id":"https:\/\/dfvcg-events.de\/digital-talk\/#website"},"primaryImageOfPage":{"@id":"https:\/\/dfvcg-events.de\/digital-talk\/veranstaltung\/digital-talk-foodwaste-stoppen-geld-sparen-so-laeufts\/#primaryimage"},"image":{"@id":"https:\/\/dfvcg-events.de\/digital-talk\/veranstaltung\/digital-talk-foodwaste-stoppen-geld-sparen-so-laeufts\/#primaryimage"},"thumbnailUrl":"https:\/\/dfvcg-events.de\/digital-talk\/wp-content\/uploads\/sites\/14\/2025\/07\/Tg-Foodwaste-800x800-1.jpg","datePublished":"2025-07-18T13:15:45+00:00","dateModified":"2025-09-04T09:12:41+00:00","description":"Live. Aktuell. Inspirierend: digital talk: Foodwaste stoppen. Geld sparen. So l\u00e4uft\u2019s!","breadcrumb":{"@id":"https:\/\/dfvcg-events.de\/digital-talk\/veranstaltung\/digital-talk-foodwaste-stoppen-geld-sparen-so-laeufts\/#breadcrumb"},"inLanguage":"de","potentialAction":[{"@type":"ReadAction","target":["https:\/\/dfvcg-events.de\/digital-talk\/veranstaltung\/digital-talk-foodwaste-stoppen-geld-sparen-so-laeufts\/"]}]},{"@type":"ImageObject","inLanguage":"de","@id":"https:\/\/dfvcg-events.de\/digital-talk\/veranstaltung\/digital-talk-foodwaste-stoppen-geld-sparen-so-laeufts\/#primaryimage","url":"https:\/\/dfvcg-events.de\/digital-talk\/wp-content\/uploads\/sites\/14\/2025\/07\/Tg-Foodwaste-800x800-1.jpg","contentUrl":"https:\/\/dfvcg-events.de\/digital-talk\/wp-content\/uploads\/sites\/14\/2025\/07\/Tg-Foodwaste-800x800-1.jpg","width":800,"height":800},{"@type":"BreadcrumbList","@id":"https:\/\/dfvcg-events.de\/digital-talk\/veranstaltung\/digital-talk-foodwaste-stoppen-geld-sparen-so-laeufts\/#breadcrumb","itemListElement":[{"@type":"ListItem","position":1,"name":"Startseite","item":"https:\/\/dfvcg-events.de\/digital-talk\/"},{"@type":"ListItem","position":2,"name":"digital talk: Foodwaste stoppen. Geld sparen. So l\u00e4uft\u2019s!"}]},{"@type":"WebSite","@id":"https:\/\/dfvcg-events.de\/digital-talk\/#website","url":"https:\/\/dfvcg-events.de\/digital-talk\/","name":"Digital Talk","description":"dfv Conference Group","publisher":{"@id":"https:\/\/dfvcg-events.de\/digital-talk\/#organization"},"potentialAction":[{"@type":"SearchAction","target":{"@type":"EntryPoint","urlTemplate":"https:\/\/dfvcg-events.de\/digital-talk\/?s={search_term_string}"},"query-input":{"@type":"PropertyValueSpecification","valueRequired":true,"valueName":"search_term_string"}}],"inLanguage":"de"},{"@type":"Organization","@id":"https:\/\/dfvcg-events.de\/digital-talk\/#organization","name":"Digital Talks | dfv Conference Group","url":"https:\/\/dfvcg-events.de\/digital-talk\/","logo":{"@type":"ImageObject","inLanguage":"de","@id":"https:\/\/dfvcg-events.de\/digital-talk\/#\/schema\/logo\/image\/","url":"https:\/\/dfvcg-events.de\/digital-talk\/wp-content\/uploads\/sites\/14\/2021\/02\/digital-talks-start.jpg","contentUrl":"https:\/\/dfvcg-events.de\/digital-talk\/wp-content\/uploads\/sites\/14\/2021\/02\/digital-talks-start.jpg","width":800,"height":800,"caption":"Digital Talks | dfv Conference Group"},"image":{"@id":"https:\/\/dfvcg-events.de\/digital-talk\/#\/schema\/logo\/image\/"}}]}},"_links":{"self":[{"href":"https:\/\/dfvcg-events.de\/digital-talk\/wp-json\/wp\/v2\/portfolio\/18931","targetHints":{"allow":["GET"]}}],"collection":[{"href":"https:\/\/dfvcg-events.de\/digital-talk\/wp-json\/wp\/v2\/portfolio"}],"about":[{"href":"https:\/\/dfvcg-events.de\/digital-talk\/wp-json\/wp\/v2\/types\/portfolio"}],"author":[{"embeddable":true,"href":"https:\/\/dfvcg-events.de\/digital-talk\/wp-json\/wp\/v2\/users\/10"}],"replies":[{"embeddable":true,"href":"https:\/\/dfvcg-events.de\/digital-talk\/wp-json\/wp\/v2\/comments?post=18931"}],"version-history":[{"count":13,"href":"https:\/\/dfvcg-events.de\/digital-talk\/wp-json\/wp\/v2\/portfolio\/18931\/revisions"}],"predecessor-version":[{"id":19457,"href":"https:\/\/dfvcg-events.de\/digital-talk\/wp-json\/wp\/v2\/portfolio\/18931\/revisions\/19457"}],"wp:featuredmedia":[{"embeddable":true,"href":"https:\/\/dfvcg-events.de\/digital-talk\/wp-json\/wp\/v2\/media\/18952"}],"wp:attachment":[{"href":"https:\/\/dfvcg-events.de\/digital-talk\/wp-json\/wp\/v2\/media?parent=18931"}],"wp:term":[{"taxonomy":"post_tag","embeddable":true,"href":"https:\/\/dfvcg-events.de\/digital-talk\/wp-json\/wp\/v2\/tags?post=18931"},{"taxonomy":"portfolio_entries","embeddable":true,"href":"https:\/\/dfvcg-events.de\/digital-talk\/wp-json\/wp\/v2\/portfolio_entries?post=18931"}],"curies":[{"name":"wp","href":"https:\/\/api.w.org\/{rel}","templated":true}]}}