{"id":18904,"date":"2025-07-17T15:54:41","date_gmt":"2025-07-17T13:54:41","guid":{"rendered":"https:\/\/dfvcg-events.de\/digital-talk\/?post_type=portfolio&#038;p=18904"},"modified":"2025-12-12T14:55:48","modified_gmt":"2025-12-12T13:55:48","slug":"horizont-swiss-digital-talk-lovebrands-kunden-fans-botschafter","status":"publish","type":"portfolio","link":"https:\/\/dfvcg-events.de\/digital-talk\/veranstaltung\/horizont-swiss-digital-talk-lovebrands-kunden-fans-botschafter\/","title":{"rendered":"HORIZONT Swiss digital talk: Lovebrands: Kunden \u2013 Fans \u2013 Botschafter"},"content":{"rendered":"<div class='clear'><\/div><div id='sub_menu1'  class='av-submenu-container av-kawv0if6-b4e37991045abd8a15205f662d77aaf5 header_color av-switch-990  avia-builder-el-0  el_before_av_section  avia-builder-el-first  av-sticky-submenu container_wrap fullsize' style='z-index:301' ><div class='container av-menu-mobile-active av-submenu-pos-left'><a href=\"#\" class=\"mobile_menu_toggle\"><span class='avia-svg-icon avia-font-svg_entypo-fontello' data-av_svg_icon='list' data-av_iconset='svg_entypo-fontello'><svg version=\"1.1\" xmlns=\"http:\/\/www.w3.org\/2000\/svg\" width=\"22\" height=\"32\" viewBox=\"0 0 22 32\" preserveAspectRatio=\"xMidYMid meet\" aria-labelledby='av-svg-title-1' aria-describedby='av-svg-desc-1' role=\"graphics-symbol\" aria-hidden=\"true\">\n<title id='av-svg-title-1'>List<\/title>\n<desc id='av-svg-desc-1'>List<\/desc>\n<path d=\"M3.2 20.8q0.64 0 1.12 0.48t0.48 1.12-0.48 1.12-1.12 0.48h-1.6q-0.64 0-1.12-0.48t-0.48-1.12 0.448-1.12 1.152-0.48h1.6zM3.2 14.4q0.64 0 1.12 0.48t0.48 1.12-0.48 1.12-1.12 0.48h-1.6q-0.64 0-1.12-0.48t-0.48-1.12 0.448-1.12 1.152-0.48h1.6zM3.2 8q0.64 0 1.12 0.48t0.48 1.12-0.48 1.12-1.12 0.48h-1.6q-0.64 0-1.12-0.48t-0.48-1.12 0.448-1.12 1.152-0.48h1.6zM9.6 11.2q-0.64 0-1.12-0.48t-0.48-1.12 0.48-1.12 1.12-0.48h11.2q0.704 0 1.152 0.48t0.448 1.12-0.48 1.12-1.12 0.48h-11.2zM20.8 14.4q0.704 0 1.152 0.48t0.448 1.12-0.48 1.12-1.12 0.48h-11.2q-0.64 0-1.12-0.48t-0.48-1.12 0.48-1.12 1.12-0.48h11.2zM20.8 20.8q0.704 0 1.152 0.48t0.448 1.12-0.48 1.12-1.12 0.48h-11.2q-0.64 0-1.12-0.48t-0.48-1.12 0.48-1.12 1.12-0.48h11.2z\"><\/path>\n<\/svg><\/span><span class=\"av-current-placeholder\">Men\u00fc<\/span><\/a><ul id='av-custom-submenu-1' class='av-subnav-menu' role='menu'>\n<li class='menu-item av-2kckn4-9fe15d835008297e4dc3ac7b92701925 menu-item-top-level av-menu-button av-menu-button-bordered menu-item-top-level-1' role='menuitem'><a href='https:\/\/dfvcg-events.de\/digital-talk\/'  ><span class='avia-bullet'><\/span><span class='avia-menu-text'>digital talks<\/span><\/a><\/li>\n<li class='menu-item av-cpa6i-4224847f7fd0b39f4d54bbb8c0dd5318 menu-item-top-level av-menu-button av-menu-button-colored menu-item-top-level-2' role='menuitem'><a href='#anmelden'  ><span class='avia-bullet'><\/span><span class='avia-menu-text'>Jetzt anmelden<\/span><\/a><\/li>\n<li class='menu-item av-2u4alb-1479af098fa69daa49efa23ddc58b3f1 menu-item-top-level menu-item-top-level-3' role='menuitem'><a href='https:\/\/dfvcg-events.de\/digital-talk\/veranstaltung\/kunde-agentur-beziehung-in-zeiten-von-ki\/'  ><span class='avia-bullet'><\/span><span class='avia-menu-text'>Start<\/span><\/a><\/li>\n<li class='menu-item av-4qodp5-83e864607bde3b3f3516d2ca75630743 menu-item-top-level menu-item-top-level-4' role='menuitem'><a href='#referenten'  ><span class='avia-bullet'><\/span><span class='avia-menu-text'>Referenten<\/span><\/a><\/li>\n<\/ul><\/div><\/div><div class='sticky_placeholder'><\/div>\n<div id='av_section_1'  class='avia-section av-srk2y-112106500345416558fb7b75c6b4ce9b main_color avia-section-default avia-no-border-styling  avia-builder-el-1  el_after_av_submenu  el_before_av_one_fifth  avia-bg-style-scroll container_wrap fullsize'  ><div class='container av-section-cont-open' ><div class='template-page content  av-content-full alpha units'><div class='post-entry post-entry-type-page post-entry-18904'><div class='entry-content-wrapper clearfix'>\n<div class='flex_column_table av-prli-64bf6691d8e0f71fe37b32964844bca4 sc-av_two_fifth av-equal-height-column-flextable'>\n<style type=\"text\/css\" data-created_by=\"avia_inline_auto\" id=\"style-css-av-prli-64bf6691d8e0f71fe37b32964844bca4\">\n.flex_column.av-prli-64bf6691d8e0f71fe37b32964844bca4{\nborder-radius:0px 0px 0px 0px;\npadding:0px 0px 0px 0px;\n}\n<\/style>\n<div  class='flex_column av-prli-64bf6691d8e0f71fe37b32964844bca4 av_two_fifth  avia-builder-el-2  el_before_av_three_fifth  avia-builder-el-first  first flex_column_table_cell av-equal-height-column av-align-top av-zero-column-padding  '     ><style type=\"text\/css\" data-created_by=\"avia_inline_auto\" id=\"style-css-av-kgj4bohl-6bbf4ce06b3e3c344d82393335550b70\">\n.avia-image-container.av-kgj4bohl-6bbf4ce06b3e3c344d82393335550b70 img.avia_image{\nbox-shadow:none;\n}\n.avia-image-container.av-kgj4bohl-6bbf4ce06b3e3c344d82393335550b70 .av-image-caption-overlay-center{\ncolor:#ffffff;\n}\n<\/style>\n<div  class='avia-image-container av-kgj4bohl-6bbf4ce06b3e3c344d82393335550b70 av-styling- avia-align-center  avia-builder-el-3  avia-builder-el-no-sibling '   itemprop=\"image\" itemscope=\"itemscope\" itemtype=\"https:\/\/schema.org\/ImageObject\" ><div class=\"avia-image-container-inner\"><div class=\"avia-image-overlay-wrap\"><img decoding=\"async\" fetchpriority=\"high\" class='wp-image-18905 avia-img-lazy-loading-not-18905 avia_image ' src=\"https:\/\/dfvcg-events.de\/digital-talk\/wp-content\/uploads\/sites\/14\/2025\/07\/HORSwiss-LB2025-800x800-1.jpg\" alt='' title='HORSwiss-LB2025-800x800'  height=\"800\" width=\"800\"  itemprop=\"thumbnailUrl\" srcset=\"https:\/\/dfvcg-events.de\/digital-talk\/wp-content\/uploads\/sites\/14\/2025\/07\/HORSwiss-LB2025-800x800-1.jpg 800w, https:\/\/dfvcg-events.de\/digital-talk\/wp-content\/uploads\/sites\/14\/2025\/07\/HORSwiss-LB2025-800x800-1-705x705.jpg 705w\" sizes=\"(max-width: 800px) 100vw, 800px\" \/><\/div><\/div><\/div><\/div><div class='av-flex-placeholder'><\/div>\n<style type=\"text\/css\" data-created_by=\"avia_inline_auto\" id=\"style-css-av-k26i2v6p-2688042be07242d734261d0b65f3805f\">\n.flex_column.av-k26i2v6p-2688042be07242d734261d0b65f3805f{\nborder-radius:0px 0px 0px 0px;\npadding:0px 35px 0px 0px;\n}\n<\/style>\n<div  class='flex_column av-k26i2v6p-2688042be07242d734261d0b65f3805f av_three_fifth  avia-builder-el-4  el_after_av_two_fifth  avia-builder-el-last  flex_column_table_cell av-equal-height-column av-align-top  '     ><p>\n<style type=\"text\/css\" data-created_by=\"avia_inline_auto\" id=\"style-css-av-280ihu-78a5d72a42214953f20e780ededc0aac\">\n#top .av-special-heading.av-280ihu-78a5d72a42214953f20e780ededc0aac{\npadding-bottom:10px;\n}\nbody .av-special-heading.av-280ihu-78a5d72a42214953f20e780ededc0aac .av-special-heading-tag .heading-char{\nfont-size:25px;\n}\n.av-special-heading.av-280ihu-78a5d72a42214953f20e780ededc0aac .av-subheading{\nfont-size:19px;\n}\n<\/style>\n<div  class='av-special-heading av-280ihu-78a5d72a42214953f20e780ededc0aac av-special-heading-h1 blockquote modern-quote  avia-builder-el-5  el_before_av_textblock  avia-builder-el-first  av-linked-heading'><div class='av-subheading av-subheading_above'><p>HORIZONT Swiss digital talk<\/p>\n<\/div><h1 class='av-special-heading-tag '  itemprop=\"headline\"  >Lovebrands:<br \/>\nKunden \u2013 Fans \u2013 Botschafter<\/h1><div class=\"special-heading-border\"><div class=\"special-heading-inner-border\"><\/div><\/div><\/div><br \/>\n\n<style type=\"text\/css\" data-created_by=\"avia_inline_auto\" id=\"style-css-av-kk6mwm01-ecd4c00e8628473cd79b63e1395d2be6\">\n#top .av_textblock_section.av-kk6mwm01-ecd4c00e8628473cd79b63e1395d2be6 .avia_textblock{\nfont-size:21px;\n}\n<\/style>\n<section  class='av_textblock_section av-kk6mwm01-ecd4c00e8628473cd79b63e1395d2be6 '   itemscope=\"itemscope\" itemtype=\"https:\/\/schema.org\/CreativeWork\" ><div class='avia_textblock'  itemprop=\"text\" ><p><strong>Wie Marken echte Beziehungen aufbauen \u2013 und davon nachhaltig profitieren<\/strong><\/p>\n<p>4. Dezember 2025<br \/>\n14:00 \u2013 15:30 Uhr<\/p>\n<\/div><\/section><br \/>\n<div  class='hr av-kaz5acoo-b78fa01771143abfb53ff655947cbd6e hr-default  avia-builder-el-7  el_after_av_textblock  el_before_av_buttonrow '><span class='hr-inner '><span class=\"hr-inner-style\"><\/span><\/span><\/div><br \/>\n<div  class='avia-buttonrow-wrap av-kcn3m3gt-fff65312e5a8530eff99563e24d61bb2 avia-buttonrow-left  avia-builder-el-8  el_after_av_hr  avia-builder-el-last '>\n\n<style type=\"text\/css\" data-created_by=\"avia_inline_auto\" id=\"style-css-av-3k12xc-83788ccdbbd6bd679b4acf2f1d419485\">\n#top #wrap_all .avia-button.av-3k12xc-83788ccdbbd6bd679b4acf2f1d419485{\nmargin-bottom:5px;\nmargin-right:5px;\n}\n<\/style>\n<a href='#anmelden'  class='avia-button av-3k12xc-83788ccdbbd6bd679b4acf2f1d419485 avia-icon_select-yes-left-icon avia-size-large avia-color-theme-color'   aria-label=\"Jetzt anmelden!\"><span class='avia_button_icon avia_button_icon_left avia-iconfont avia-font-entypo-fontello' data-av_icon='\ue8cb' data-av_iconfont='entypo-fontello' ><\/span><span class='avia_iconbox_title' >Jetzt anmelden!<\/span><\/a>\n<\/div><\/p><\/div><\/div><!--close column table wrapper. Autoclose: 1 --><\/div><\/div><\/div><!-- close content main div --><\/div><\/div><div id='after_section_1'  class='main_color av_default_container_wrap container_wrap fullsize'  ><div class='container av-section-cont-open' ><div class='template-page content  av-content-full alpha units'><div class='post-entry post-entry-type-page post-entry-18904'><div class='entry-content-wrapper clearfix'><div class='flex_column_table av-5ahw5o-4ee37be0e1bd57fdcf49afe2cb6e1e2b sc-av_one_fifth av-equal-height-column-flextable'>\n<style type=\"text\/css\" data-created_by=\"avia_inline_auto\" id=\"style-css-av-5ahw5o-4ee37be0e1bd57fdcf49afe2cb6e1e2b\">\n.flex_column.av-5ahw5o-4ee37be0e1bd57fdcf49afe2cb6e1e2b{\nborder-radius:0px 0px 0px 0px;\npadding:0px 0px 0px 0px;\n}\n<\/style>\n<div  class='flex_column av-5ahw5o-4ee37be0e1bd57fdcf49afe2cb6e1e2b av_one_fifth  avia-builder-el-9  el_after_av_section  el_before_av_one_fourth  avia-builder-el-first  first flex_column_table_cell av-equal-height-column av-align-middle av-zero-column-padding  '     ><section  class='av_textblock_section av-kihefen9-dd03107018fb322e9a7b67db856b5982 '   itemscope=\"itemscope\" itemtype=\"https:\/\/schema.org\/CreativeWork\" ><div class='avia_textblock'  itemprop=\"text\" ><p><strong>powered by<\/strong><\/p>\n<\/div><\/section><\/div><\/p>\n<div class='av-flex-placeholder'><\/div>\n<style type=\"text\/css\" data-created_by=\"avia_inline_auto\" id=\"style-css-av-49dlpc-777c1205566e41185b10652fc3e8e397\">\n.flex_column.av-49dlpc-777c1205566e41185b10652fc3e8e397{\nborder-radius:0px 0px 0px 0px;\npadding:0px 0px 0px 0px;\n}\n<\/style>\n<div  class='flex_column av-49dlpc-777c1205566e41185b10652fc3e8e397 av_one_fourth  avia-builder-el-11  el_after_av_one_fifth  el_before_av_one_fourth  flex_column_table_cell av-equal-height-column av-align-middle av-zero-column-padding  '     ><style type=\"text\/css\" data-created_by=\"avia_inline_auto\" id=\"style-css-av-tfrx28-aa3f1d975b622be708ca7d643f12de09\">\n.avia-image-container.av-tfrx28-aa3f1d975b622be708ca7d643f12de09 img.avia_image{\nbox-shadow:none;\n}\n.avia-image-container.av-tfrx28-aa3f1d975b622be708ca7d643f12de09 .av-image-caption-overlay-center{\ncolor:#ffffff;\n}\n<\/style>\n<div  class='avia-image-container av-tfrx28-aa3f1d975b622be708ca7d643f12de09 av-styling- av-img-linked avia-align-center  avia-builder-el-12  avia-builder-el-no-sibling '   itemprop=\"image\" itemscope=\"itemscope\" itemtype=\"https:\/\/schema.org\/ImageObject\" ><div class=\"avia-image-container-inner\"><div class=\"avia-image-overlay-wrap\"><a href=\"https:\/\/swa-asa.ch\/\" class='avia_image '  target=\"_blank\"  rel=\"noopener noreferrer\" aria-label='SWA ohne Zusatz'><img decoding=\"async\" fetchpriority=\"high\" class='wp-image-4947 avia-img-lazy-loading-not-4947 avia_image ' src=\"https:\/\/dfvcg-events.de\/digital-talk\/wp-content\/uploads\/sites\/14\/2021\/04\/SWA-ohne-Zusatz.png\" alt='' title='SWA ohne Zusatz'  height=\"600\" width=\"800\"  itemprop=\"thumbnailUrl\"  \/><\/a><\/div><\/div><\/div><\/div>\n<div class='av-flex-placeholder'><\/div>\n<style type=\"text\/css\" data-created_by=\"avia_inline_auto\" id=\"style-css-av-iadjbs-2d7f06cd428db929147f2d76acda8836\">\n.flex_column.av-iadjbs-2d7f06cd428db929147f2d76acda8836{\nborder-radius:0px 0px 0px 0px;\npadding:0px 0px 0px 0px;\n}\n<\/style>\n<div  class='flex_column av-iadjbs-2d7f06cd428db929147f2d76acda8836 av_one_fourth  avia-builder-el-13  el_after_av_one_fourth  el_before_av_section  avia-builder-el-last  flex_column_table_cell av-equal-height-column av-align-middle av-zero-column-padding  '     ><\/div><\/div><!--close column table wrapper. Autoclose: 1 -->\n<\/div><\/div><\/div><!-- close content main div --><\/div><\/div>\n<style type=\"text\/css\" data-created_by=\"avia_inline_auto\" id=\"style-css-av-kawtoycl-49a9c5bc01f162b477cc27c410a7df62\">\n.avia-section.av-kawtoycl-49a9c5bc01f162b477cc27c410a7df62{\nbackground-color:#0757a0;\nbackground-image:url(https:\/\/dfvcg-events.de\/digital-talk\/wp-content\/uploads\/sites\/14\/2025\/01\/HORSwiss-Hintergrund.jpg);\nbackground-repeat:no-repeat;\nbackground-position:50% 50%;\nbackground-attachment:fixed;\n}\n<\/style>\n<div id='programm'  class='avia-section av-kawtoycl-49a9c5bc01f162b477cc27c410a7df62 main_color avia-section-large avia-no-shadow  avia-builder-el-14  el_after_av_one_fourth  el_before_av_section  programm avia-full-stretch avia-bg-style-fixed container_wrap fullsize'  data-section-bg-repeat='stretch'><div class='container av-section-cont-open' ><div class='template-page content  av-content-full alpha units'><div class='post-entry post-entry-type-page post-entry-18904'><div class='entry-content-wrapper clearfix'>\n\n<style type=\"text\/css\" data-created_by=\"avia_inline_auto\" id=\"style-css-av-k26gzu33-e816553720d735622bebefbc39d6c531\">\n#top .av_textblock_section.av-k26gzu33-e816553720d735622bebefbc39d6c531 .avia_textblock{\nfont-size:20px;\ncolor:#ffffff;\n}\n<\/style>\n<section  class='av_textblock_section av-k26gzu33-e816553720d735622bebefbc39d6c531 '   itemscope=\"itemscope\" itemtype=\"https:\/\/schema.org\/CreativeWork\" ><div class='avia_textblock av_inherit_color'  itemprop=\"text\" ><p><span style=\"color: #ffffff\">Marken brauchen heute mehr als Reichweite. Sie brauchen Resonanz.<\/span><br \/>\n<span style=\"color: #ffffff\">In einem ges\u00e4ttigten Markt reicht es l\u00e4ngst nicht mehr aus, einfach nur ein gutes Produkt oder einen attraktiven Preis zu bieten. Der wahre Wettbewerbsvorteil entsteht dort, wo aus einmaligen K\u00e4ufen echte Kundenbeziehungen wachsen \u2013 und aus zufriedenen K\u00e4ufer:innen \u00fcberzeugte Markenbotschafter:innen werden.<\/span><\/p>\n<p><span style=\"color: #ffffff\">Doch wie gelingt dieser Wandel?<\/span><br \/>\n<span style=\"color: #ffffff\">Wie entstehen echte Markenbindungen \u2013 im digitalen Raum, auf Social Media, im Alltag?<\/span><\/p>\n<p><span style=\"color: #ffffff\">In unserem HORIZONT Swiss digital talk gehen wir genau diesen Fragen auf den Grund \u2013 praxisnah, strategisch und mit Einblicken direkt aus dem Alltag erfolgreicher Marken.<\/span><\/p>\n<p><strong><span style=\"color: #ffffff\">Worum geht es beim HORIZONT Swiss digital talk<br \/>\n\u00bbLovebrands: Kunden \u2013 Fans \u2013 Botschafter\u00bb:<\/span><\/strong><\/p>\n<p><span style=\"color: #ffffff\">\u2013 Was erwarten Kund:innen heute \u2013 jenseits von Produkt und Preis?<\/span><br \/>\n<span style=\"color: #ffffff\">\u2013 Wie entsteht aus einem Kontakt echte Begeisterung?<\/span><br \/>\n<span style=\"color: #ffffff\">\u2013 Welche Rolle spielen Haltung, Erlebnis und Community-Building?<\/span><br \/>\n<span style=\"color: #ffffff\">\u2013 Wie identifiziere und aktiviere ich loyale Fans als Markenbotschafter:innen?<\/span><br \/>\n<span style=\"color: #ffffff\">\u2013 Und: Wie l\u00e4sst sich Kundenloyalit\u00e4t langfristig messen und nutzen?<\/span><\/p>\n<p><strong><span style=\"color: #ffffff\">Was Sie erwartet:<\/span><\/strong><\/p>\n<p><span style=\"color: #ffffff\">\u2714 Impulse von Expert:innen aus Marketing, CRM und Brand Strategy<\/span><br \/>\n<span style=\"color: #ffffff\">\u2714 Erfolgsbeispiele aus der Praxis<\/span><br \/>\n<span style=\"color: #ffffff\">\u2714 Interaktive Diskussion &amp; Q&amp;A<\/span><br \/>\n<span style=\"color: #ffffff\">\u2714 Konkrete Takeaways f\u00fcr Ihre t\u00e4gliche Arbeit<\/span><\/p>\n<p style=\"font-weight: 400\">Mit dabei sind Top-Speaker, unter anderem:<\/p>\n<p style=\"font-weight: 400\">Dennis L\u00fcck, Chief Creative Officer und Inhaber, BrinkertL\u00fcck<\/p>\n<p style=\"font-weight: 400\">Christof Stulz, Leiter Marketing Ovomaltine &amp; Caotina Schweiz, Wander AG<\/p>\n<\/div><\/section>\n\n<\/div><\/div><\/div><!-- close content main div --><\/div><\/div><div id='av_section_3'  class='avia-section av-kawtoycl-4-9d94483a689ce44b10648a09fc4891fb main_color avia-section-default avia-no-shadow  avia-builder-el-16  el_after_av_section  el_before_av_section  avia-bg-style-fixed container_wrap fullsize'  ><div class='container av-section-cont-open' ><div class='template-page content  av-content-full alpha units'><div class='post-entry post-entry-type-page post-entry-18904'><div class='entry-content-wrapper clearfix'>\n<section  class='av_textblock_section av-k26gzu33-3-2c35095136b7849495694f07bcfdd2a7 '   itemscope=\"itemscope\" itemtype=\"https:\/\/schema.org\/CreativeWork\" ><div class='avia_textblock'  itemprop=\"text\" ><p><strong>Ihr Mehrwert \u2013 das nehmen Sie mit:<\/strong><\/p>\n<ul>\n<li>Wie aus Kund:innen loyale Fans und glaubw\u00fcrdige Botschafter:innen werden<\/li>\n<li>Warum Kundenbindung keine Ma\u00dfnahme, sondern Haltung ist<\/li>\n<li>Und weshalb Beziehung der entscheidende Erfolgsfaktor f\u00fcr die Markenf\u00fchrung von morgen ist<\/li>\n<\/ul>\n<\/div><\/section>\n\n<\/div><\/div><\/div><!-- close content main div --><\/div><\/div><div id='referenten'  class='avia-section av-kawtoycl-2-e0285c54654ac56f2c96d3e60c3f59c1 main_color avia-section-default avia-no-shadow  avia-builder-el-18  el_after_av_section  el_before_av_section  avia-bg-style-scroll container_wrap fullsize'  ><div class='container av-section-cont-open' ><div class='template-page content  av-content-full alpha units'><div class='post-entry post-entry-type-page post-entry-18904'><div class='entry-content-wrapper clearfix'>\n\n<style type=\"text\/css\" data-created_by=\"avia_inline_auto\" id=\"style-css-av-28h0mq-9f5187d9836a11bd790301a1b81d30a5\">\n#top .av-special-heading.av-28h0mq-9f5187d9836a11bd790301a1b81d30a5{\npadding-bottom:25px;\n}\nbody .av-special-heading.av-28h0mq-9f5187d9836a11bd790301a1b81d30a5 .av-special-heading-tag .heading-char{\nfont-size:25px;\n}\n.av-special-heading.av-28h0mq-9f5187d9836a11bd790301a1b81d30a5 .av-subheading{\nfont-size:15px;\n}\n<\/style>\n<div  class='av-special-heading av-28h0mq-9f5187d9836a11bd790301a1b81d30a5 av-special-heading-h2 blockquote modern-quote  avia-builder-el-19  el_before_av_one_third  avia-builder-el-first '><h2 class='av-special-heading-tag '  itemprop=\"headline\"  >Moderation <span class='special_amp'>&amp;<\/span> Top-Speaker <\/h2><div class='av-subheading av-subheading_below'><p>Freuen Sie sich auf:<\/p>\n<\/div><div class=\"special-heading-border\"><div class=\"special-heading-inner-border\"><\/div><\/div><\/div>\n\n<style type=\"text\/css\" data-created_by=\"avia_inline_auto\" id=\"style-css-av-1z52lq6-5a3f75a6ed6893559de52e3a2295e1e7\">\n.flex_column.av-1z52lq6-5a3f75a6ed6893559de52e3a2295e1e7{\nborder-radius:0px 0px 0px 0px;\npadding:0px 0px 0px 0px;\nheight:auto;\nmin-height:50px;\n}\n<\/style>\n<div  class='flex_column av-1z52lq6-5a3f75a6ed6893559de52e3a2295e1e7 av_one_third  avia-builder-el-20  el_after_av_heading  el_before_av_one_third  first flex_column_div av-zero-column-padding  '     ><p><section  class='avia-team-member av-meqy99fg-102059dc9628574a9dc413bfad789c50  avia-builder-el-21  el_before_av_toggle_container  avia-builder-el-first '  itemscope=\"itemscope\" itemtype=\"https:\/\/schema.org\/Person\" ><div class=\"team-img-container\"><img decoding=\"async\" fetchpriority=\"high\" class='wp-image-19220 avia-img-lazy-loading-not-19220 avia_image avia_image_team' src=\"https:\/\/dfvcg-events.de\/digital-talk\/wp-content\/uploads\/sites\/14\/2025\/07\/Lueck-Dennis-brinkertlueck.jpg\" alt='Dennis L\u00fcck'  itemprop=\"image\"   height=\"800\" width=\"600\" srcset=\"https:\/\/dfvcg-events.de\/digital-talk\/wp-content\/uploads\/sites\/14\/2025\/07\/Lueck-Dennis-brinkertlueck.jpg 600w, https:\/\/dfvcg-events.de\/digital-talk\/wp-content\/uploads\/sites\/14\/2025\/07\/Lueck-Dennis-brinkertlueck-529x705.jpg 529w\" sizes=\"(max-width: 600px) 100vw, 600px\" \/><\/div><h3 class='team-member-name '  itemprop=\"name\" >Dennis L\u00fcck<\/h3><div class='team-member-job-title '  itemprop=\"jobTitle\" >Chief Creative Officer und Inhaber, BrinkertL\u00fcck<\/div><span class='hidden team-member-affiliation'  itemprop=\"affiliation\" >Digital Talk<\/span><\/section><br \/>\n<div  class='togglecontainer av-mfv70uwm-d2c18955bbd554992d01b9eac4f2281c  avia-builder-el-22  el_after_av_team_member  avia-builder-el-last  toggle_close_all' >\n<section class='av_toggle_section av-mfv70tvj-835c2c47ab70ce203458b8ec12cfe32b'  itemscope=\"itemscope\" itemtype=\"https:\/\/schema.org\/CreativeWork\" ><div role=\"tablist\" class=\"single_toggle\" data-tags=\"{Alle} \"  ><p id='toggle-toggle-id-1' data-fake-id='#toggle-id-1' class='toggler  av-title-above '  itemprop=\"headline\"  role='tab' tabindex='0' aria-controls='toggle-id-1' data-slide-speed=\"200\" data-title=\"Info\" data-title-open=\"\" data-aria_collapsed=\"Click to expand: Info\" data-aria_expanded=\"Click to collapse: Info\">Info<span class=\"toggle_icon\"><span class=\"vert_icon\"><\/span><span class=\"hor_icon\"><\/span><\/span><\/p><div id='toggle-id-1' aria-labelledby='toggle-toggle-id-1' role='region' class='toggle_wrap  av-title-above'  ><div class='toggle_content invers-color '  itemprop=\"text\" ><p>Dennis L\u00fcck wird von der Presse, vom Tagesanzeiger bis hin zur Schweizer Illustrierten, als \u201ekreativster und erfolgreichster Werber der Schweiz\u201c bezeichnet. 2017 wurde er zum \u201eWerber des Jahres\u201c ernannt. L\u00fcck ist regelm\u00e4ssig Jury-Mitglied bei allen relevanten Awards rund um den Globus sowie gerngesehener Interview-Gast und Keynote-Speaker. Anfang des Jahres 2021 schlug L\u00fcck ein neues berufliches Kapitel auf und gr\u00fcndete zusammen mit Raphael Brinkert eine eigene Agentur namens brinkertl\u00fcck, die gleich mit zwei Standorten in Deutschland und der Schweiz an den Start ging. Bereits jetzt ist die Agentur f\u00fcr namhafte Unternehmen wie Swisscom, SPD, Zurich Versicherung, Z\u00fcrich Tourismus, VELOPA, Hyundai, VIU, Deutscher Fussball Bund, Hyundai, das Saarland, Hockey Club Davos und viele weitere t\u00e4tig. Nur ein Jahr nach der Gr\u00fcndung wurde brinkertl\u00fcck zur \u00abAgentur des Jahres\u00bb ernannt.<\/p>\n<\/div><\/div><\/div><\/section>\n<\/div><\/p><\/div>\n<style type=\"text\/css\" data-created_by=\"avia_inline_auto\" id=\"style-css-av-jh8qvs-9cd78ad491bc53992eb8f8a2b09e9f2d\">\n.flex_column.av-jh8qvs-9cd78ad491bc53992eb8f8a2b09e9f2d{\nborder-radius:0px 0px 0px 0px;\npadding:0px 0px 0px 0px;\nheight:auto;\nmin-height:50px;\n}\n<\/style>\n<div  class='flex_column av-jh8qvs-9cd78ad491bc53992eb8f8a2b09e9f2d av_one_third  avia-builder-el-23  el_after_av_one_third  el_before_av_one_third  flex_column_div av-zero-column-padding  '     ><section  class='avia-team-member av-1ileezi-739508bcdf1b71dd19ca8882dfc5109d  avia-builder-el-24  avia-builder-el-no-sibling '  itemscope=\"itemscope\" itemtype=\"https:\/\/schema.org\/Person\" ><div class=\"team-img-container\"><img decoding=\"async\" fetchpriority=\"high\" class='wp-image-19244 avia-img-lazy-loading-not-19244 avia_image avia_image_team' src=\"https:\/\/dfvcg-events.de\/digital-talk\/wp-content\/uploads\/sites\/14\/2025\/07\/Stulz-Christof-Ovomaltine_600x800.jpg\" alt='Christof Stulz'  itemprop=\"image\"   height=\"800\" width=\"601\" srcset=\"https:\/\/dfvcg-events.de\/digital-talk\/wp-content\/uploads\/sites\/14\/2025\/07\/Stulz-Christof-Ovomaltine_600x800.jpg 601w, https:\/\/dfvcg-events.de\/digital-talk\/wp-content\/uploads\/sites\/14\/2025\/07\/Stulz-Christof-Ovomaltine_600x800-530x705.jpg 530w\" sizes=\"(max-width: 601px) 100vw, 601px\" \/><\/div><h3 class='team-member-name '  itemprop=\"name\" >Christof Stulz<\/h3><div class='team-member-job-title '  itemprop=\"jobTitle\" >Leiter Marketing Ovomaltine &amp; Caotina Schweiz, Wander AG<\/div><span class='hidden team-member-affiliation'  itemprop=\"affiliation\" >Digital Talk<\/span><\/section><\/div>\n<style type=\"text\/css\" data-created_by=\"avia_inline_auto\" id=\"style-css-av-78nz88-2f586fba57b8c21eecf1e58c9e38a62f\">\n.flex_column.av-78nz88-2f586fba57b8c21eecf1e58c9e38a62f{\nborder-radius:0px 0px 0px 0px;\npadding:0px 0px 0px 0px;\nheight:auto;\nmin-height:50px;\n}\n<\/style>\n<div  class='flex_column av-78nz88-2f586fba57b8c21eecf1e58c9e38a62f av_one_third  avia-builder-el-25  el_after_av_one_third  el_before_av_one_third  flex_column_div av-zero-column-padding  '     ><section  class='avia-team-member av-1m7sd4o-43cf54cb0991002d995170ba559180d0  avia-builder-el-26  avia-builder-el-no-sibling '  itemscope=\"itemscope\" itemtype=\"https:\/\/schema.org\/Person\" ><div class=\"team-img-container\"><img decoding=\"async\" fetchpriority=\"high\" class='wp-image-19249 avia-img-lazy-loading-not-19249 avia_image avia_image_team' src=\"https:\/\/dfvcg-events.de\/digital-talk\/wp-content\/uploads\/sites\/14\/2025\/07\/Reidel_Michael_HORIZONT.jpg\" alt='Michael Reidel'  itemprop=\"image\"   height=\"1024\" width=\"768\" srcset=\"https:\/\/dfvcg-events.de\/digital-talk\/wp-content\/uploads\/sites\/14\/2025\/07\/Reidel_Michael_HORIZONT.jpg 768w, https:\/\/dfvcg-events.de\/digital-talk\/wp-content\/uploads\/sites\/14\/2025\/07\/Reidel_Michael_HORIZONT-529x705.jpg 529w\" sizes=\"(max-width: 768px) 100vw, 768px\" \/><\/div><h3 class='team-member-name '  itemprop=\"name\" >Michael Reidel<\/h3><div class='team-member-job-title '  itemprop=\"jobTitle\" >Redakteur, HORIZONT; Moderation<\/div><span class='hidden team-member-affiliation'  itemprop=\"affiliation\" >Digital Talk<\/span><\/section><\/div>\n<style type=\"text\/css\" data-created_by=\"avia_inline_auto\" id=\"style-css-av-nlwomw-00927a6366a1fb8a1c1d417ac581aa58\">\n.flex_column.av-nlwomw-00927a6366a1fb8a1c1d417ac581aa58{\nborder-radius:0px 0px 0px 0px;\npadding:0px 0px 0px 0px;\nheight:auto;\nmin-height:50px;\n}\n<\/style>\n<div  class='flex_column av-nlwomw-00927a6366a1fb8a1c1d417ac581aa58 av_one_third  avia-builder-el-27  el_after_av_one_third  avia-builder-el-last  first flex_column_div av-zero-column-padding  column-top-margin'     ><p><section  class='avia-team-member av-mghnytr7-a66fbd04cdc1038c950d1c1da4cedbd4  avia-builder-el-28  el_before_av_toggle_container  avia-builder-el-first '  itemscope=\"itemscope\" itemtype=\"https:\/\/schema.org\/Person\" ><div class=\"team-img-container\"><img decoding=\"async\" fetchpriority=\"high\" class='wp-image-1706 avia-img-lazy-loading-not-1706 avia_image avia_image_team' src=\"https:\/\/dfvcg-events.de\/digital-talk\/wp-content\/uploads\/sites\/14\/2020\/10\/Roland_Ehrler_web.png\" alt='Roland Ehrler'  itemprop=\"image\"   height=\"800\" width=\"600\" \/><\/div><h3 class='team-member-name '  itemprop=\"name\" >Roland Ehrler<\/h3><div class='team-member-job-title '  itemprop=\"jobTitle\" >Direktor, SWA Schweizer Werbe-Auftraggeberverband<\/div><span class='hidden team-member-affiliation'  itemprop=\"affiliation\" >Digital Talk<\/span><\/section><br \/>\n<div  class='togglecontainer av-mghnz6mp-c759963866108036ae6e490a2da650bd  avia-builder-el-29  el_after_av_team_member  avia-builder-el-last  toggle_close_all' >\n<section class='av_toggle_section av-mghnz5kp-6b408fec91ed81715cc8dd74f1cf5b50'  itemscope=\"itemscope\" itemtype=\"https:\/\/schema.org\/CreativeWork\" ><div role=\"tablist\" class=\"single_toggle\" data-tags=\"{Alle} \"  ><p id='toggle-toggle-id-2' data-fake-id='#toggle-id-2' class='toggler  av-title-above '  itemprop=\"headline\"  role='tab' tabindex='0' aria-controls='toggle-id-2' data-slide-speed=\"200\" data-title=\"Info\" data-title-open=\"\" data-aria_collapsed=\"Click to expand: Info\" data-aria_expanded=\"Click to collapse: Info\">Info<span class=\"toggle_icon\"><span class=\"vert_icon\"><\/span><span class=\"hor_icon\"><\/span><\/span><\/p><div id='toggle-id-2' aria-labelledby='toggle-toggle-id-2' role='region' class='toggle_wrap  av-title-above'  ><div class='toggle_content invers-color '  itemprop=\"text\" ><p>Roland Ehrler vertritt seit 2012 als Direktor die Interessen der Werbe-Auftraggeber in der Schweiz. Heute repr\u00e4sentieren die \u00fcber 190 Mitglieder des SWA etwa 75% des Schweizer Werbemarktes.<\/p>\n<\/div><\/div><\/div><\/section>\n<\/div><\/p><\/div>\n\n<\/div><\/div><\/div><!-- close content main div --><\/div><\/div><div id='anmelden'  class='avia-section av-kawtoycl-1-d1a156b720138778e48890da4a306507 main_color avia-section-default avia-no-shadow  avia-builder-el-30  el_after_av_section  el_before_av_section  avia-bg-style-scroll container_wrap fullsize'  ><div class='container av-section-cont-open' ><div class='template-page content  av-content-full alpha units'><div class='post-entry post-entry-type-page post-entry-18904'><div class='entry-content-wrapper clearfix'>\n\n<style type=\"text\/css\" data-created_by=\"avia_inline_auto\" id=\"style-css-av-24jcbm-d0be2e8687d81f89b68817615d6dfd37\">\n#top .av-special-heading.av-24jcbm-d0be2e8687d81f89b68817615d6dfd37{\npadding-bottom:25px;\n}\nbody .av-special-heading.av-24jcbm-d0be2e8687d81f89b68817615d6dfd37 .av-special-heading-tag .heading-char{\nfont-size:25px;\n}\n.av-special-heading.av-24jcbm-d0be2e8687d81f89b68817615d6dfd37 .av-subheading{\nfont-size:15px;\n}\n<\/style>\n<div  class='av-special-heading av-24jcbm-d0be2e8687d81f89b68817615d6dfd37 av-special-heading-h2 blockquote modern-quote  avia-builder-el-31  el_before_av_codeblock  avia-builder-el-first '><h2 class='av-special-heading-tag '  itemprop=\"headline\"  >Jetzt anmelden<\/h2><div class=\"special-heading-border\"><div class=\"special-heading-inner-border\"><\/div><\/div><\/div>\n\n\n<\/div><\/div><\/div><!-- close content main div --><\/div><\/div><div id='anmelden'  class='avia-section av-475lki-c3fe33c8e4f178aad721fd72066a27f5 main_color avia-section-default avia-no-shadow  avia-builder-el-33  el_after_av_section  avia-builder-el-last  avia-bg-style-scroll container_wrap fullsize'  ><div class='container av-section-cont-open' ><div class='template-page content  av-content-full alpha units'><div class='post-entry post-entry-type-page post-entry-18904'><div class='entry-content-wrapper clearfix'>\n\n<style type=\"text\/css\" data-created_by=\"avia_inline_auto\" id=\"style-css-av-kq10tixo-cf7c3bed460256f26f4f674972c7b6e2\">\n#top .av-special-heading.av-kq10tixo-cf7c3bed460256f26f4f674972c7b6e2{\npadding-bottom:25px;\n}\nbody .av-special-heading.av-kq10tixo-cf7c3bed460256f26f4f674972c7b6e2 .av-special-heading-tag .heading-char{\nfont-size:25px;\n}\n.av-special-heading.av-kq10tixo-cf7c3bed460256f26f4f674972c7b6e2 .av-subheading{\nfont-size:15px;\n}\n<\/style>\n<div  class='av-special-heading av-kq10tixo-cf7c3bed460256f26f4f674972c7b6e2 av-special-heading-h2 blockquote modern-quote  avia-builder-el-34  el_before_av_one_third  avia-builder-el-first '><h2 class='av-special-heading-tag '  itemprop=\"headline\"  >Ihre Ansprechpartner:innen:<\/h2><div class=\"special-heading-border\"><div class=\"special-heading-inner-border\"><\/div><\/div><\/div>\n\n<style type=\"text\/css\" data-created_by=\"avia_inline_auto\" id=\"style-css-av-itd4ip-0953379773ee895bd801b77e15f6dbfe\">\n.flex_column.av-itd4ip-0953379773ee895bd801b77e15f6dbfe{\nborder-radius:0px 0px 0px 0px;\npadding:0px 0px 0px 0px;\n}\n<\/style>\n<div  class='flex_column av-itd4ip-0953379773ee895bd801b77e15f6dbfe av_one_third  avia-builder-el-35  el_after_av_heading  el_before_av_one_third  first flex_column_div av-zero-column-padding  '     ><section  class='av_textblock_section av-lmfzgsb5-bbbb82c48240eebb07ca578cb6009675 '   itemscope=\"itemscope\" itemtype=\"https:\/\/schema.org\/CreativeWork\" ><div class='avia_textblock'  itemprop=\"text\" ><p><strong>Programm<\/strong><\/p>\n<p>Diana Goldbeck<br \/>\n<a href=\"&#109;&#x61;&#105;&#x6c;t&#x6f;:&#100;&#x69;&#97;&#x6e;&#97;&#x2e;g&#x6f;l&#100;&#x62;&#101;&#x63;k&#x40;d&#x66;&#x76;&#99;&#x67;&#46;&#x64;e\">&#100;&#x69;&#97;&#x6e;a&#46;&#x67;&#111;&#x6c;d&#x62;e&#99;&#x6b;&#64;&#x64;f&#x76;&#x63;&#103;&#x2e;d&#x65;<\/a><br \/>\n+49 69 7595 3031<\/p>\n<\/div><\/section><\/div>\n<style type=\"text\/css\" data-created_by=\"avia_inline_auto\" id=\"style-css-av-kyl3pd-507147b8f06df36200ffb266014f6b0f\">\n.flex_column.av-kyl3pd-507147b8f06df36200ffb266014f6b0f{\nborder-radius:0px 0px 0px 0px;\npadding:0px 0px 0px 0px;\n}\n<\/style>\n<div  class='flex_column av-kyl3pd-507147b8f06df36200ffb266014f6b0f av_one_third  avia-builder-el-37  el_after_av_one_third  el_before_av_one_third  flex_column_div av-zero-column-padding  '     ><section  class='av_textblock_section av-lst4bs2y-f76079589e86067e97ec7b52af8af2f8 '   itemscope=\"itemscope\" itemtype=\"https:\/\/schema.org\/CreativeWork\" ><div class='avia_textblock'  itemprop=\"text\" ><p><strong>Organisation<\/strong><\/p>\n<p>Marie Hartmann<br \/>\n<a href=\"&#109;&#x61;i&#108;&#x74;o&#58;&#x6d;a&#114;&#x69;e&#46;&#x68;&#97;&#x72;&#x74;&#109;&#x61;&#x6e;&#110;&#x40;d&#102;&#x76;c&#103;&#x2e;d&#101;\">&#x6d;&#97;&#x72;&#x69;&#101;&#x2e;&#104;a&#x72;&#116;m&#x61;&#110;n&#x40;&#100;f&#x76;&#99;&#x67;&#x2e;&#100;&#x65;<\/a><br \/>\n+49 69 7595 3028<\/p>\n<\/div><\/section><\/div>\n<style type=\"text\/css\" data-created_by=\"avia_inline_auto\" id=\"style-css-av-15ajhso-f3f74d5fa27717d0158cdffcb41d26c6\">\n.flex_column.av-15ajhso-f3f74d5fa27717d0158cdffcb41d26c6{\nborder-radius:0px 0px 0px 0px;\npadding:0px 0px 0px 0px;\n}\n<\/style>\n<div  class='flex_column av-15ajhso-f3f74d5fa27717d0158cdffcb41d26c6 av_one_third  avia-builder-el-39  el_after_av_one_third  avia-builder-el-last  flex_column_div av-zero-column-padding  '     ><section  class='av_textblock_section av-qd1cuw-83279bc11118bd74cfb789a2514a1a68 '   itemscope=\"itemscope\" itemtype=\"https:\/\/schema.org\/CreativeWork\" ><div class='avia_textblock'  itemprop=\"text\" ><p><strong>Marketing &amp; Social Media<\/strong><\/p>\n<p>Elisa Grimm<br \/>\n<a href=\"&#x6d;&#x61;&#x69;&#x6c;&#x74;&#x6f;&#x3a;&#101;&#108;&#105;&#115;&#97;&#46;gri&#x6d;&#x6d;&#x40;&#x64;&#x66;&#x76;&#x63;&#x67;&#46;&#100;&#101;\">e&#108;&#105;&#x73;&#x61;&#x2e;gr&#105;&#109;&#x6d;&#x40;&#x64;f&#118;&#99;&#103;&#x2e;&#x64;&#x65;\u00a0<\/a><br \/>\n+49 69 7595 3038<\/p>\n<\/div><\/section><\/div>\n\n","protected":false},"excerpt":{"rendered":"<p>4. Dezember 2025<br \/>\n14:00 \u2013 15:30 Uhr<\/p>\n","protected":false},"author":10,"featured_media":18905,"comment_status":"closed","ping_status":"closed","template":"","meta":{"footnotes":""},"tags":[],"portfolio_entries":[47],"class_list":["post-18904","portfolio","type-portfolio","status-publish","has-post-thumbnail","hentry","portfolio_entries-archiv"],"yoast_head":"<!-- This site is optimized with the Yoast SEO plugin v27.4 - https:\/\/yoast.com\/product\/yoast-seo-wordpress\/ -->\n<title>HORIZONT Swiss digital talk: Lovebrands: Kunden \u2013 Fans \u2013 Botschafter - Digital Talk<\/title>\n<meta name=\"description\" content=\"Live. Aktuell. Inspirierend: HORIZONT Swiss digital talk: Lovebrands: Kunden \u2013 Fans \u2013 Botschafter\" \/>\n<meta name=\"robots\" content=\"index, follow, max-snippet:-1, max-image-preview:large, max-video-preview:-1\" \/>\n<link rel=\"canonical\" href=\"https:\/\/dfvcg-events.de\/digital-talk\/veranstaltung\/horizont-swiss-digital-talk-lovebrands-kunden-fans-botschafter\/\" \/>\n<meta property=\"og:locale\" content=\"de_DE\" \/>\n<meta property=\"og:type\" content=\"article\" \/>\n<meta property=\"og:title\" content=\"HORIZONT Swiss digital talk: Lovebrands: Kunden \u2013 Fans \u2013 Botschafter - Digital Talk\" \/>\n<meta property=\"og:description\" content=\"Live. Aktuell. Inspirierend: HORIZONT Swiss digital talk: Lovebrands: Kunden \u2013 Fans \u2013 Botschafter\" \/>\n<meta property=\"og:url\" content=\"https:\/\/dfvcg-events.de\/digital-talk\/veranstaltung\/horizont-swiss-digital-talk-lovebrands-kunden-fans-botschafter\/\" \/>\n<meta property=\"og:site_name\" content=\"Digital Talk\" \/>\n<meta property=\"article:modified_time\" content=\"2025-12-12T13:55:48+00:00\" \/>\n<meta property=\"og:image\" content=\"https:\/\/dfvcg-events.de\/digital-talk\/wp-content\/uploads\/sites\/14\/2025\/07\/HORSwiss-LB2025-800x800-1.jpg\" \/>\n\t<meta property=\"og:image:width\" content=\"800\" \/>\n\t<meta property=\"og:image:height\" content=\"800\" \/>\n\t<meta property=\"og:image:type\" content=\"image\/jpeg\" \/>\n<meta name=\"twitter:card\" content=\"summary_large_image\" \/>\n<meta name=\"twitter:label1\" content=\"Gesch\u00e4tzte Lesezeit\" \/>\n\t<meta name=\"twitter:data1\" content=\"4\u00a0Minuten\" \/>\n<script type=\"application\/ld+json\" class=\"yoast-schema-graph\">{\"@context\":\"https:\\\/\\\/schema.org\",\"@graph\":[{\"@type\":\"WebPage\",\"@id\":\"https:\\\/\\\/dfvcg-events.de\\\/digital-talk\\\/veranstaltung\\\/horizont-swiss-digital-talk-lovebrands-kunden-fans-botschafter\\\/\",\"url\":\"https:\\\/\\\/dfvcg-events.de\\\/digital-talk\\\/veranstaltung\\\/horizont-swiss-digital-talk-lovebrands-kunden-fans-botschafter\\\/\",\"name\":\"HORIZONT Swiss digital talk: Lovebrands: Kunden \u2013 Fans \u2013 Botschafter - Digital Talk\",\"isPartOf\":{\"@id\":\"https:\\\/\\\/dfvcg-events.de\\\/digital-talk\\\/#website\"},\"primaryImageOfPage\":{\"@id\":\"https:\\\/\\\/dfvcg-events.de\\\/digital-talk\\\/veranstaltung\\\/horizont-swiss-digital-talk-lovebrands-kunden-fans-botschafter\\\/#primaryimage\"},\"image\":{\"@id\":\"https:\\\/\\\/dfvcg-events.de\\\/digital-talk\\\/veranstaltung\\\/horizont-swiss-digital-talk-lovebrands-kunden-fans-botschafter\\\/#primaryimage\"},\"thumbnailUrl\":\"https:\\\/\\\/dfvcg-events.de\\\/digital-talk\\\/wp-content\\\/uploads\\\/sites\\\/14\\\/2025\\\/07\\\/HORSwiss-LB2025-800x800-1.jpg\",\"datePublished\":\"2025-07-17T13:54:41+00:00\",\"dateModified\":\"2025-12-12T13:55:48+00:00\",\"description\":\"Live. Aktuell. Inspirierend: HORIZONT Swiss digital talk: Lovebrands: Kunden \u2013 Fans \u2013 Botschafter\",\"breadcrumb\":{\"@id\":\"https:\\\/\\\/dfvcg-events.de\\\/digital-talk\\\/veranstaltung\\\/horizont-swiss-digital-talk-lovebrands-kunden-fans-botschafter\\\/#breadcrumb\"},\"inLanguage\":\"de\",\"potentialAction\":[{\"@type\":\"ReadAction\",\"target\":[\"https:\\\/\\\/dfvcg-events.de\\\/digital-talk\\\/veranstaltung\\\/horizont-swiss-digital-talk-lovebrands-kunden-fans-botschafter\\\/\"]}]},{\"@type\":\"ImageObject\",\"inLanguage\":\"de\",\"@id\":\"https:\\\/\\\/dfvcg-events.de\\\/digital-talk\\\/veranstaltung\\\/horizont-swiss-digital-talk-lovebrands-kunden-fans-botschafter\\\/#primaryimage\",\"url\":\"https:\\\/\\\/dfvcg-events.de\\\/digital-talk\\\/wp-content\\\/uploads\\\/sites\\\/14\\\/2025\\\/07\\\/HORSwiss-LB2025-800x800-1.jpg\",\"contentUrl\":\"https:\\\/\\\/dfvcg-events.de\\\/digital-talk\\\/wp-content\\\/uploads\\\/sites\\\/14\\\/2025\\\/07\\\/HORSwiss-LB2025-800x800-1.jpg\",\"width\":800,\"height\":800},{\"@type\":\"BreadcrumbList\",\"@id\":\"https:\\\/\\\/dfvcg-events.de\\\/digital-talk\\\/veranstaltung\\\/horizont-swiss-digital-talk-lovebrands-kunden-fans-botschafter\\\/#breadcrumb\",\"itemListElement\":[{\"@type\":\"ListItem\",\"position\":1,\"name\":\"Startseite\",\"item\":\"https:\\\/\\\/dfvcg-events.de\\\/digital-talk\\\/\"},{\"@type\":\"ListItem\",\"position\":2,\"name\":\"HORIZONT Swiss digital talk: Lovebrands: Kunden \u2013 Fans \u2013 Botschafter\"}]},{\"@type\":\"WebSite\",\"@id\":\"https:\\\/\\\/dfvcg-events.de\\\/digital-talk\\\/#website\",\"url\":\"https:\\\/\\\/dfvcg-events.de\\\/digital-talk\\\/\",\"name\":\"Digital Talk\",\"description\":\"dfv Conference Group\",\"publisher\":{\"@id\":\"https:\\\/\\\/dfvcg-events.de\\\/digital-talk\\\/#organization\"},\"potentialAction\":[{\"@type\":\"SearchAction\",\"target\":{\"@type\":\"EntryPoint\",\"urlTemplate\":\"https:\\\/\\\/dfvcg-events.de\\\/digital-talk\\\/?s={search_term_string}\"},\"query-input\":{\"@type\":\"PropertyValueSpecification\",\"valueRequired\":true,\"valueName\":\"search_term_string\"}}],\"inLanguage\":\"de\"},{\"@type\":\"Organization\",\"@id\":\"https:\\\/\\\/dfvcg-events.de\\\/digital-talk\\\/#organization\",\"name\":\"Digital Talks | dfv Conference Group\",\"url\":\"https:\\\/\\\/dfvcg-events.de\\\/digital-talk\\\/\",\"logo\":{\"@type\":\"ImageObject\",\"inLanguage\":\"de\",\"@id\":\"https:\\\/\\\/dfvcg-events.de\\\/digital-talk\\\/#\\\/schema\\\/logo\\\/image\\\/\",\"url\":\"https:\\\/\\\/dfvcg-events.de\\\/digital-talk\\\/wp-content\\\/uploads\\\/sites\\\/14\\\/2021\\\/02\\\/digital-talks-start.jpg\",\"contentUrl\":\"https:\\\/\\\/dfvcg-events.de\\\/digital-talk\\\/wp-content\\\/uploads\\\/sites\\\/14\\\/2021\\\/02\\\/digital-talks-start.jpg\",\"width\":800,\"height\":800,\"caption\":\"Digital Talks | dfv Conference Group\"},\"image\":{\"@id\":\"https:\\\/\\\/dfvcg-events.de\\\/digital-talk\\\/#\\\/schema\\\/logo\\\/image\\\/\"}}]}<\/script>\n<!-- \/ Yoast SEO plugin. -->","yoast_head_json":{"title":"HORIZONT Swiss digital talk: Lovebrands: Kunden \u2013 Fans \u2013 Botschafter - Digital Talk","description":"Live. Aktuell. Inspirierend: HORIZONT Swiss digital talk: Lovebrands: Kunden \u2013 Fans \u2013 Botschafter","robots":{"index":"index","follow":"follow","max-snippet":"max-snippet:-1","max-image-preview":"max-image-preview:large","max-video-preview":"max-video-preview:-1"},"canonical":"https:\/\/dfvcg-events.de\/digital-talk\/veranstaltung\/horizont-swiss-digital-talk-lovebrands-kunden-fans-botschafter\/","og_locale":"de_DE","og_type":"article","og_title":"HORIZONT Swiss digital talk: Lovebrands: Kunden \u2013 Fans \u2013 Botschafter - Digital Talk","og_description":"Live. Aktuell. Inspirierend: HORIZONT Swiss digital talk: Lovebrands: Kunden \u2013 Fans \u2013 Botschafter","og_url":"https:\/\/dfvcg-events.de\/digital-talk\/veranstaltung\/horizont-swiss-digital-talk-lovebrands-kunden-fans-botschafter\/","og_site_name":"Digital Talk","article_modified_time":"2025-12-12T13:55:48+00:00","og_image":[{"width":800,"height":800,"url":"https:\/\/dfvcg-events.de\/digital-talk\/wp-content\/uploads\/sites\/14\/2025\/07\/HORSwiss-LB2025-800x800-1.jpg","type":"image\/jpeg"}],"twitter_card":"summary_large_image","twitter_misc":{"Gesch\u00e4tzte Lesezeit":"4\u00a0Minuten"},"schema":{"@context":"https:\/\/schema.org","@graph":[{"@type":"WebPage","@id":"https:\/\/dfvcg-events.de\/digital-talk\/veranstaltung\/horizont-swiss-digital-talk-lovebrands-kunden-fans-botschafter\/","url":"https:\/\/dfvcg-events.de\/digital-talk\/veranstaltung\/horizont-swiss-digital-talk-lovebrands-kunden-fans-botschafter\/","name":"HORIZONT Swiss digital talk: Lovebrands: Kunden \u2013 Fans \u2013 Botschafter - Digital Talk","isPartOf":{"@id":"https:\/\/dfvcg-events.de\/digital-talk\/#website"},"primaryImageOfPage":{"@id":"https:\/\/dfvcg-events.de\/digital-talk\/veranstaltung\/horizont-swiss-digital-talk-lovebrands-kunden-fans-botschafter\/#primaryimage"},"image":{"@id":"https:\/\/dfvcg-events.de\/digital-talk\/veranstaltung\/horizont-swiss-digital-talk-lovebrands-kunden-fans-botschafter\/#primaryimage"},"thumbnailUrl":"https:\/\/dfvcg-events.de\/digital-talk\/wp-content\/uploads\/sites\/14\/2025\/07\/HORSwiss-LB2025-800x800-1.jpg","datePublished":"2025-07-17T13:54:41+00:00","dateModified":"2025-12-12T13:55:48+00:00","description":"Live. Aktuell. Inspirierend: HORIZONT Swiss digital talk: Lovebrands: Kunden \u2013 Fans \u2013 Botschafter","breadcrumb":{"@id":"https:\/\/dfvcg-events.de\/digital-talk\/veranstaltung\/horizont-swiss-digital-talk-lovebrands-kunden-fans-botschafter\/#breadcrumb"},"inLanguage":"de","potentialAction":[{"@type":"ReadAction","target":["https:\/\/dfvcg-events.de\/digital-talk\/veranstaltung\/horizont-swiss-digital-talk-lovebrands-kunden-fans-botschafter\/"]}]},{"@type":"ImageObject","inLanguage":"de","@id":"https:\/\/dfvcg-events.de\/digital-talk\/veranstaltung\/horizont-swiss-digital-talk-lovebrands-kunden-fans-botschafter\/#primaryimage","url":"https:\/\/dfvcg-events.de\/digital-talk\/wp-content\/uploads\/sites\/14\/2025\/07\/HORSwiss-LB2025-800x800-1.jpg","contentUrl":"https:\/\/dfvcg-events.de\/digital-talk\/wp-content\/uploads\/sites\/14\/2025\/07\/HORSwiss-LB2025-800x800-1.jpg","width":800,"height":800},{"@type":"BreadcrumbList","@id":"https:\/\/dfvcg-events.de\/digital-talk\/veranstaltung\/horizont-swiss-digital-talk-lovebrands-kunden-fans-botschafter\/#breadcrumb","itemListElement":[{"@type":"ListItem","position":1,"name":"Startseite","item":"https:\/\/dfvcg-events.de\/digital-talk\/"},{"@type":"ListItem","position":2,"name":"HORIZONT Swiss digital talk: Lovebrands: Kunden \u2013 Fans \u2013 Botschafter"}]},{"@type":"WebSite","@id":"https:\/\/dfvcg-events.de\/digital-talk\/#website","url":"https:\/\/dfvcg-events.de\/digital-talk\/","name":"Digital Talk","description":"dfv Conference Group","publisher":{"@id":"https:\/\/dfvcg-events.de\/digital-talk\/#organization"},"potentialAction":[{"@type":"SearchAction","target":{"@type":"EntryPoint","urlTemplate":"https:\/\/dfvcg-events.de\/digital-talk\/?s={search_term_string}"},"query-input":{"@type":"PropertyValueSpecification","valueRequired":true,"valueName":"search_term_string"}}],"inLanguage":"de"},{"@type":"Organization","@id":"https:\/\/dfvcg-events.de\/digital-talk\/#organization","name":"Digital Talks | dfv Conference Group","url":"https:\/\/dfvcg-events.de\/digital-talk\/","logo":{"@type":"ImageObject","inLanguage":"de","@id":"https:\/\/dfvcg-events.de\/digital-talk\/#\/schema\/logo\/image\/","url":"https:\/\/dfvcg-events.de\/digital-talk\/wp-content\/uploads\/sites\/14\/2021\/02\/digital-talks-start.jpg","contentUrl":"https:\/\/dfvcg-events.de\/digital-talk\/wp-content\/uploads\/sites\/14\/2021\/02\/digital-talks-start.jpg","width":800,"height":800,"caption":"Digital Talks | dfv Conference Group"},"image":{"@id":"https:\/\/dfvcg-events.de\/digital-talk\/#\/schema\/logo\/image\/"}}]}},"_links":{"self":[{"href":"https:\/\/dfvcg-events.de\/digital-talk\/wp-json\/wp\/v2\/portfolio\/18904","targetHints":{"allow":["GET"]}}],"collection":[{"href":"https:\/\/dfvcg-events.de\/digital-talk\/wp-json\/wp\/v2\/portfolio"}],"about":[{"href":"https:\/\/dfvcg-events.de\/digital-talk\/wp-json\/wp\/v2\/types\/portfolio"}],"author":[{"embeddable":true,"href":"https:\/\/dfvcg-events.de\/digital-talk\/wp-json\/wp\/v2\/users\/10"}],"replies":[{"embeddable":true,"href":"https:\/\/dfvcg-events.de\/digital-talk\/wp-json\/wp\/v2\/comments?post=18904"}],"version-history":[{"count":31,"href":"https:\/\/dfvcg-events.de\/digital-talk\/wp-json\/wp\/v2\/portfolio\/18904\/revisions"}],"predecessor-version":[{"id":19635,"href":"https:\/\/dfvcg-events.de\/digital-talk\/wp-json\/wp\/v2\/portfolio\/18904\/revisions\/19635"}],"wp:featuredmedia":[{"embeddable":true,"href":"https:\/\/dfvcg-events.de\/digital-talk\/wp-json\/wp\/v2\/media\/18905"}],"wp:attachment":[{"href":"https:\/\/dfvcg-events.de\/digital-talk\/wp-json\/wp\/v2\/media?parent=18904"}],"wp:term":[{"taxonomy":"post_tag","embeddable":true,"href":"https:\/\/dfvcg-events.de\/digital-talk\/wp-json\/wp\/v2\/tags?post=18904"},{"taxonomy":"portfolio_entries","embeddable":true,"href":"https:\/\/dfvcg-events.de\/digital-talk\/wp-json\/wp\/v2\/portfolio_entries?post=18904"}],"curies":[{"name":"wp","href":"https:\/\/api.w.org\/{rel}","templated":true}]}}