{"id":17054,"date":"2024-09-30T15:48:38","date_gmt":"2024-09-30T13:48:38","guid":{"rendered":"https:\/\/dfvcg-events.de\/digital-talk\/?post_type=portfolio&#038;p=17054"},"modified":"2024-12-03T11:46:24","modified_gmt":"2024-12-03T10:46:24","slug":"kunde-agentur-beziehung-in-zeiten-von-ki","status":"publish","type":"portfolio","link":"https:\/\/dfvcg-events.de\/digital-talk\/veranstaltung\/kunde-agentur-beziehung-in-zeiten-von-ki\/","title":{"rendered":"HORIZONT Swiss digital talk: Kunde-Agentur-Beziehung in Zeiten von KI!"},"content":{"rendered":"<div class='clear'><\/div><div id='sub_menu1'  class='av-submenu-container av-kawv0if6-b4e37991045abd8a15205f662d77aaf5 header_color av-switch-990  avia-builder-el-0  el_before_av_section  avia-builder-el-first  av-sticky-submenu container_wrap fullsize' style='z-index:301' ><div class='container av-menu-mobile-active av-submenu-pos-left'><a href=\"#\" class=\"mobile_menu_toggle\"><span class='avia-svg-icon avia-font-svg_entypo-fontello' data-av_svg_icon='list' data-av_iconset='svg_entypo-fontello'><svg version=\"1.1\" xmlns=\"http:\/\/www.w3.org\/2000\/svg\" width=\"22\" height=\"32\" viewBox=\"0 0 22 32\" preserveAspectRatio=\"xMidYMid meet\" aria-labelledby='av-svg-title-1' aria-describedby='av-svg-desc-1' role=\"graphics-symbol\" aria-hidden=\"true\">\n<title id='av-svg-title-1'>List<\/title>\n<desc id='av-svg-desc-1'>List<\/desc>\n<path d=\"M3.2 20.8q0.64 0 1.12 0.48t0.48 1.12-0.48 1.12-1.12 0.48h-1.6q-0.64 0-1.12-0.48t-0.48-1.12 0.448-1.12 1.152-0.48h1.6zM3.2 14.4q0.64 0 1.12 0.48t0.48 1.12-0.48 1.12-1.12 0.48h-1.6q-0.64 0-1.12-0.48t-0.48-1.12 0.448-1.12 1.152-0.48h1.6zM3.2 8q0.64 0 1.12 0.48t0.48 1.12-0.48 1.12-1.12 0.48h-1.6q-0.64 0-1.12-0.48t-0.48-1.12 0.448-1.12 1.152-0.48h1.6zM9.6 11.2q-0.64 0-1.12-0.48t-0.48-1.12 0.48-1.12 1.12-0.48h11.2q0.704 0 1.152 0.48t0.448 1.12-0.48 1.12-1.12 0.48h-11.2zM20.8 14.4q0.704 0 1.152 0.48t0.448 1.12-0.48 1.12-1.12 0.48h-11.2q-0.64 0-1.12-0.48t-0.48-1.12 0.48-1.12 1.12-0.48h11.2zM20.8 20.8q0.704 0 1.152 0.48t0.448 1.12-0.48 1.12-1.12 0.48h-11.2q-0.64 0-1.12-0.48t-0.48-1.12 0.48-1.12 1.12-0.48h11.2z\"><\/path>\n<\/svg><\/span><span class=\"av-current-placeholder\">Men\u00fc<\/span><\/a><ul id='av-custom-submenu-1' class='av-subnav-menu' role='menu'>\n<li class='menu-item av-2kckn4-9fe15d835008297e4dc3ac7b92701925 menu-item-top-level av-menu-button av-menu-button-bordered menu-item-top-level-1' role='menuitem'><a href='https:\/\/dfvcg-events.de\/digital-talk\/'  ><span class='avia-bullet'><\/span><span class='avia-menu-text'>digital talks<\/span><\/a><\/li>\n<li class='menu-item av-cpa6i-4224847f7fd0b39f4d54bbb8c0dd5318 menu-item-top-level av-menu-button av-menu-button-colored menu-item-top-level-2' role='menuitem'><a href='#anmelden'  ><span class='avia-bullet'><\/span><span class='avia-menu-text'>Jetzt anmelden<\/span><\/a><\/li>\n<li class='menu-item av-2u4alb-1479af098fa69daa49efa23ddc58b3f1 menu-item-top-level menu-item-top-level-3' role='menuitem'><a href='https:\/\/dfvcg-events.de\/digital-talk\/veranstaltung\/kunde-agentur-beziehung-in-zeiten-von-ki\/'  ><span class='avia-bullet'><\/span><span class='avia-menu-text'>Start<\/span><\/a><\/li>\n<li class='menu-item av-4qodp5-83e864607bde3b3f3516d2ca75630743 menu-item-top-level menu-item-top-level-4' role='menuitem'><a href='#referenten'  ><span class='avia-bullet'><\/span><span class='avia-menu-text'>Referenten<\/span><\/a><\/li>\n<li class='menu-item av-m1ajh7fx-9d4e8c35e7141d421350ed11da2e1cbb menu-item-top-level menu-item-top-level-5' role='menuitem'><a href='https:\/\/dfvcg-events.de\/digital-talk\/download-center-horizont-swiss-kunde-agentur-beziehung-in-zeiten-von-ki\/'  ><span class='avia-bullet'><\/span><span class='avia-menu-text'>Download Center<\/span><\/a><\/li>\n<\/ul><\/div><\/div><div class='sticky_placeholder'><\/div>\n<div id='av_section_1'  class='avia-section av-srk2y-112106500345416558fb7b75c6b4ce9b main_color avia-section-default avia-no-border-styling  avia-builder-el-1  el_after_av_submenu  el_before_av_one_fourth  avia-bg-style-scroll container_wrap fullsize'  ><div class='container av-section-cont-open' ><div class='template-page content  av-content-full alpha units'><div class='post-entry post-entry-type-page post-entry-17054'><div class='entry-content-wrapper clearfix'>\n<div class='flex_column_table av-prli-64bf6691d8e0f71fe37b32964844bca4 sc-av_two_fifth av-equal-height-column-flextable'>\n<style type=\"text\/css\" data-created_by=\"avia_inline_auto\" id=\"style-css-av-prli-64bf6691d8e0f71fe37b32964844bca4\">\n.flex_column.av-prli-64bf6691d8e0f71fe37b32964844bca4{\nborder-radius:0px 0px 0px 0px;\npadding:0px 0px 0px 0px;\n}\n<\/style>\n<div  class='flex_column av-prli-64bf6691d8e0f71fe37b32964844bca4 av_two_fifth  avia-builder-el-2  el_before_av_three_fifth  avia-builder-el-first  first flex_column_table_cell av-equal-height-column av-align-top av-zero-column-padding  '     ><style type=\"text\/css\" data-created_by=\"avia_inline_auto\" id=\"style-css-av-kgj4bohl-98a8ff62a429e7450eaeffa3436be800\">\n.avia-image-container.av-kgj4bohl-98a8ff62a429e7450eaeffa3436be800 img.avia_image{\nbox-shadow:none;\n}\n.avia-image-container.av-kgj4bohl-98a8ff62a429e7450eaeffa3436be800 .av-image-caption-overlay-center{\ncolor:#ffffff;\n}\n<\/style>\n<div  class='avia-image-container av-kgj4bohl-98a8ff62a429e7450eaeffa3436be800 av-styling- avia-align-center  avia-builder-el-3  avia-builder-el-no-sibling '   itemprop=\"image\" itemscope=\"itemscope\" itemtype=\"https:\/\/schema.org\/ImageObject\" ><div class=\"avia-image-container-inner\"><div class=\"avia-image-overlay-wrap\"><img decoding=\"async\" fetchpriority=\"high\" class='wp-image-17075 avia-img-lazy-loading-not-17075 avia_image ' src=\"https:\/\/dfvcg-events.de\/digital-talk\/wp-content\/uploads\/sites\/14\/2024\/09\/HORSwiss-KundeAgentur-800x8001-1.jpg\" alt='' title='HORSwiss-KundeAgentur-800x800[1]'  height=\"800\" width=\"800\"  itemprop=\"thumbnailUrl\" srcset=\"https:\/\/dfvcg-events.de\/digital-talk\/wp-content\/uploads\/sites\/14\/2024\/09\/HORSwiss-KundeAgentur-800x8001-1.jpg 800w, https:\/\/dfvcg-events.de\/digital-talk\/wp-content\/uploads\/sites\/14\/2024\/09\/HORSwiss-KundeAgentur-800x8001-1-705x705.jpg 705w\" sizes=\"(max-width: 800px) 100vw, 800px\" \/><\/div><\/div><\/div><\/div><div class='av-flex-placeholder'><\/div>\n<style type=\"text\/css\" data-created_by=\"avia_inline_auto\" id=\"style-css-av-k26i2v6p-2688042be07242d734261d0b65f3805f\">\n.flex_column.av-k26i2v6p-2688042be07242d734261d0b65f3805f{\nborder-radius:0px 0px 0px 0px;\npadding:0px 35px 0px 0px;\n}\n<\/style>\n<div  class='flex_column av-k26i2v6p-2688042be07242d734261d0b65f3805f av_three_fifth  avia-builder-el-4  el_after_av_two_fifth  avia-builder-el-last  flex_column_table_cell av-equal-height-column av-align-top  '     ><p>\n<style type=\"text\/css\" data-created_by=\"avia_inline_auto\" id=\"style-css-av-280ihu-ad47d2bc415e159fcd055a3db4b2d1d1\">\n#top .av-special-heading.av-280ihu-ad47d2bc415e159fcd055a3db4b2d1d1{\npadding-bottom:10px;\n}\nbody .av-special-heading.av-280ihu-ad47d2bc415e159fcd055a3db4b2d1d1 .av-special-heading-tag .heading-char{\nfont-size:25px;\n}\n.av-special-heading.av-280ihu-ad47d2bc415e159fcd055a3db4b2d1d1 .av-subheading{\nfont-size:19px;\n}\n<\/style>\n<div  class='av-special-heading av-280ihu-ad47d2bc415e159fcd055a3db4b2d1d1 av-special-heading-h1 blockquote modern-quote  avia-builder-el-5  el_before_av_textblock  avia-builder-el-first  av-linked-heading'><div class='av-subheading av-subheading_above'><p>HORIZONT Swiss digital talk<\/p>\n<\/div><h1 class='av-special-heading-tag '  itemprop=\"headline\"  >Kunde-Agentur-Beziehung in Zeiten von KI &#8211; Wie \u00e4ndert sich die Zusammenarbeit durch den Einzug der generativen KI?<\/h1><div class=\"special-heading-border\"><div class=\"special-heading-inner-border\"><\/div><\/div><\/div><br \/>\n\n<style type=\"text\/css\" data-created_by=\"avia_inline_auto\" id=\"style-css-av-kk6mwm01-037156d19661e690621a40f8c43ccc78\">\n#top .av_textblock_section.av-kk6mwm01-037156d19661e690621a40f8c43ccc78 .avia_textblock{\nfont-size:21px;\n}\n<\/style>\n<section  class='av_textblock_section av-kk6mwm01-037156d19661e690621a40f8c43ccc78 '   itemscope=\"itemscope\" itemtype=\"https:\/\/schema.org\/CreativeWork\" ><div class='avia_textblock'  itemprop=\"text\" ><p>28. November 2024<br \/>\n10.30 \u2013 12.00 Uhr<\/p>\n<\/div><\/section><br \/>\n<div  class='hr av-kaz5acoo-b78fa01771143abfb53ff655947cbd6e hr-default  avia-builder-el-7  el_after_av_textblock  el_before_av_buttonrow '><span class='hr-inner '><span class=\"hr-inner-style\"><\/span><\/span><\/div><br \/>\n<div  class='avia-buttonrow-wrap av-kcn3m3gt-fff65312e5a8530eff99563e24d61bb2 avia-buttonrow-left  avia-builder-el-8  el_after_av_hr  avia-builder-el-last '>\n\n<style type=\"text\/css\" data-created_by=\"avia_inline_auto\" id=\"style-css-av-3k12xc-c1793dd00234a144abd8960cf3f15d58\">\n#top #wrap_all .avia-button.av-3k12xc-c1793dd00234a144abd8960cf3f15d58{\nmargin-bottom:5px;\nmargin-right:5px;\n}\n<\/style>\n<a href='https:\/\/tickets.dfvcg-events.de\/HORDT244\/'  class='avia-button av-3k12xc-c1793dd00234a144abd8960cf3f15d58 avia-icon_select-yes-left-icon avia-size-large avia-color-theme-color'   aria-label=\"Jetzt anmelden!\"><span class='avia_button_icon avia_button_icon_left avia-iconfont avia-font-entypo-fontello' data-av_icon='\ue8cb' data-av_iconfont='entypo-fontello' ><\/span><span class='avia_iconbox_title' >Jetzt anmelden!<\/span><\/a>\n\n<style type=\"text\/css\" data-created_by=\"avia_inline_auto\" id=\"style-css-av-2000oy-e3c7fdb7079f1ee0e990417d2476b44a\">\n#top #wrap_all .avia-button.av-2000oy-e3c7fdb7079f1ee0e990417d2476b44a{\nbackground-color:#005fa8;\nborder-color:#005fa8;\ncolor:#ffffff;\ntransition:all 0.4s ease-in-out;\nmargin-bottom:5px;\nmargin-right:5px;\n}\n#top #wrap_all .avia-button.av-2000oy-e3c7fdb7079f1ee0e990417d2476b44a .avia-svg-icon svg:first-child{\nfill:#ffffff;\nstroke:#ffffff;\n}\n<\/style>\n<a href=''  class='avia-button av-2000oy-e3c7fdb7079f1ee0e990417d2476b44a avia-icon_select-yes-left-icon avia-size-large'  target=\"_blank\"  rel=\"noopener noreferrer\"  aria-label=\"Save the Date\"><span class='avia_button_icon avia_button_icon_left avia-iconfont avia-font-entypo-fontello' data-av_icon='\ue85b' data-av_iconfont='entypo-fontello' ><\/span><span class='avia_iconbox_title' >Save the Date<\/span><\/a>\n<\/div><\/p><\/div><\/div><!--close column table wrapper. Autoclose: 1 -->\n<\/div><\/div><\/div><!-- close content main div --><\/div><\/div><div id='after_section_1'  class='main_color av_default_container_wrap container_wrap fullsize'  ><div class='container av-section-cont-open' ><div class='template-page content  av-content-full alpha units'><div class='post-entry post-entry-type-page post-entry-17054'><div class='entry-content-wrapper clearfix'>\n<div class='flex_column_table av-5ahw5o-4ee37be0e1bd57fdcf49afe2cb6e1e2b sc-av_one_fourth av-equal-height-column-flextable'>\n<style type=\"text\/css\" data-created_by=\"avia_inline_auto\" id=\"style-css-av-5ahw5o-4ee37be0e1bd57fdcf49afe2cb6e1e2b\">\n.flex_column.av-5ahw5o-4ee37be0e1bd57fdcf49afe2cb6e1e2b{\nborder-radius:0px 0px 0px 0px;\npadding:0px 0px 0px 0px;\n}\n<\/style>\n<div  class='flex_column av-5ahw5o-4ee37be0e1bd57fdcf49afe2cb6e1e2b av_one_fourth  avia-builder-el-9  el_after_av_section  el_before_av_one_fourth  avia-builder-el-first  first flex_column_table_cell av-equal-height-column av-align-middle av-zero-column-padding  '     ><section  class='av_textblock_section av-kihefen9-9475cebbfe604fe44ccd345b208e9f86 '   itemscope=\"itemscope\" itemtype=\"https:\/\/schema.org\/CreativeWork\" ><div class='avia_textblock'  itemprop=\"text\" ><p><strong>Dieser digital talk wird Ihnen pr\u00e4sentiert von:<\/strong><\/p>\n<\/div><\/section><\/div>\n<div class='av-flex-placeholder'><\/div>\n<style type=\"text\/css\" data-created_by=\"avia_inline_auto\" id=\"style-css-av-49dlpc-777c1205566e41185b10652fc3e8e397\">\n.flex_column.av-49dlpc-777c1205566e41185b10652fc3e8e397{\nborder-radius:0px 0px 0px 0px;\npadding:0px 0px 0px 0px;\n}\n<\/style>\n<div  class='flex_column av-49dlpc-777c1205566e41185b10652fc3e8e397 av_one_fourth  avia-builder-el-11  el_after_av_one_fourth  el_before_av_one_fourth  flex_column_table_cell av-equal-height-column av-align-middle av-zero-column-padding  '     ><style type=\"text\/css\" data-created_by=\"avia_inline_auto\" id=\"style-css-av-tfrx28-57953541957ee9dd640ed8bd6d090f33\">\n.avia-image-container.av-tfrx28-57953541957ee9dd640ed8bd6d090f33 img.avia_image{\nbox-shadow:none;\n}\n.avia-image-container.av-tfrx28-57953541957ee9dd640ed8bd6d090f33 .av-image-caption-overlay-center{\ncolor:#ffffff;\n}\n<\/style>\n<div  class='avia-image-container av-tfrx28-57953541957ee9dd640ed8bd6d090f33 av-styling- av-img-linked avia-align-center  avia-builder-el-12  avia-builder-el-no-sibling '   itemprop=\"image\" itemscope=\"itemscope\" itemtype=\"https:\/\/schema.org\/ImageObject\" ><div class=\"avia-image-container-inner\"><div class=\"avia-image-overlay-wrap\"><a href=\"https:\/\/swa-asa.ch\/\" class='avia_image '  target=\"_blank\"  rel=\"noopener noreferrer\" aria-label='SWA ohne Zusatz'><img decoding=\"async\" fetchpriority=\"high\" class='wp-image-4947 avia-img-lazy-loading-not-4947 avia_image ' src=\"https:\/\/dfvcg-events.de\/digital-talk\/wp-content\/uploads\/sites\/14\/2021\/04\/SWA-ohne-Zusatz.png\" alt='' title='SWA ohne Zusatz'  height=\"600\" width=\"800\"  itemprop=\"thumbnailUrl\"  \/><\/a><\/div><\/div><\/div><\/div>\n<div class='av-flex-placeholder'><\/div>\n<style type=\"text\/css\" data-created_by=\"avia_inline_auto\" id=\"style-css-av-1kcibgg-38d395e8178b0d47e96273800f6b04fb\">\n.flex_column.av-1kcibgg-38d395e8178b0d47e96273800f6b04fb{\nborder-radius:0px 0px 0px 0px;\npadding:0px 0px 0px 0px;\n}\n<\/style>\n<div  class='flex_column av-1kcibgg-38d395e8178b0d47e96273800f6b04fb av_one_fourth  avia-builder-el-13  el_after_av_one_fourth  el_before_av_section  avia-builder-el-last  flex_column_table_cell av-equal-height-column av-align-middle av-zero-column-padding  '     ><\/div><\/div><!--close column table wrapper. Autoclose: 1 -->\n<\/div><\/div><\/div><!-- close content main div --><\/div><\/div>\n<style type=\"text\/css\" data-created_by=\"avia_inline_auto\" id=\"style-css-av-kawtoycl-c6db8c086e7acd4efb18fe608d1b4137\">\n.avia-section.av-kawtoycl-c6db8c086e7acd4efb18fe608d1b4137{\nbackground-color:#0757a0;\nbackground-image:url(https:\/\/dfvcg-events.de\/digital-talk\/wp-content\/uploads\/sites\/14\/2020\/06\/dfvcg_DigitalTalks_HOR_Hintergrund_1920x800.jpg);\nbackground-repeat:no-repeat;\nbackground-position:50% 50%;\nbackground-attachment:fixed;\n}\n<\/style>\n<div id='programm'  class='avia-section av-kawtoycl-c6db8c086e7acd4efb18fe608d1b4137 main_color avia-section-large avia-no-shadow  avia-builder-el-14  el_after_av_one_fourth  el_before_av_section  programm avia-full-stretch avia-bg-style-fixed container_wrap fullsize'  data-section-bg-repeat='stretch'><div class='container av-section-cont-open' ><div class='template-page content  av-content-full alpha units'><div class='post-entry post-entry-type-page post-entry-17054'><div class='entry-content-wrapper clearfix'>\n\n<style type=\"text\/css\" data-created_by=\"avia_inline_auto\" id=\"style-css-av-k26gzu33-67dfe62e830d080f2e5e9dd4d9fc8078\">\n#top .av_textblock_section.av-k26gzu33-67dfe62e830d080f2e5e9dd4d9fc8078 .avia_textblock{\nfont-size:20px;\ncolor:#ffffff;\n}\n<\/style>\n<section  class='av_textblock_section av-k26gzu33-67dfe62e830d080f2e5e9dd4d9fc8078 '   itemscope=\"itemscope\" itemtype=\"https:\/\/schema.org\/CreativeWork\" ><div class='avia_textblock av_inherit_color'  itemprop=\"text\" ><p>Kunde-Agentur-Beziehung in Zeiten von KI \u2013 Wie ver\u00e4ndert sich die Zusammenarbeit durch den Einzug der generativen KI?<\/p>\n<p>Wir leben in einer Zeit in der KI die Branche weiterhin pr\u00e4gen und ver\u00e4ndern wird.<\/p>\n<p>Im Kern geht es darum, die Konsumenten erfolgreich anzusprechen, nahtlose digitale Erlebnisse zu bieten und so st\u00e4rkere\u00a0Beziehungen\u00a0und Bindungen aufzubauen.<\/p>\n<p>KI wird von vielen Experten nach wie vor als echter Game-Changer in Bezug auf Marketing und Branding gesehen. Die Einbeziehung von KI in Agenturen erm\u00f6glicht es, sowohl riesige Mengen an Daten zu analysieren und daraus Schlussfolgerungen zu ziehen. KI kann auch dazu beitragen, Kampagnen zu optimieren, zielgerichteter vorzugehen und besser Ergebnisse zu erzielen. Dar\u00fcber hinaus erm\u00f6glicht die\u00a0Automatisierung in Agenturen\u00a0durch KI die Bew\u00e4ltigung zeitaufw\u00e4ndiger Aufgaben, sodass mehr Raum f\u00fcr kreatives Denken und Design bleibt.<\/p>\n<p>Somit hebt KI die Kunden-Agentur-Beziehung auf ein neues Level. Die Konzentration auf ein Thema wie Kreation kann neu \u00fcberdacht und gesteuert werden. Eine Investition, die sich auszahlt: mit\u00a0KI\u00a0wird Customer Experience zum Umsatztreiber. KI wirft aber auch Fragen zu Ethik und Kreativit\u00e4t auf.<\/p>\n<p>Der HORIZONT Swiss digital talk &#8222;Kunde-Agentur-Beziehung in Zeiten von KI \u2013<br \/>\nWie ver\u00e4ndert sich die Zusammenarbeit durch den Einzug der generativen KI?&#8220; gibt Antworten auf die Fragen:<\/p>\n<ul>\n<li>Was bedeutet der Einsatz von KI auf allen Ebenen? Wie wird diese befl\u00fcgelt? Wie unterst\u00fctzt KI beim Briefing und der Konzeption?<\/li>\n<li>Wie verbessert die Integration von KI in CRM-Systeme die Kundenzufriedenheit?<\/li>\n<li>Welche Potenziale bieten neue Jobs wie \u201ePrompt Manager?\u201c<\/li>\n<li>Vor welchen Herausforderungen stehen Agenturen beim Datenschutz? Wie gehen Agenturen mit dem Schutz der eigenen Daten um?<\/li>\n<li>Welche Potenziale bieten Customized Tools (Eigenentwicklungen) von Agenturen im Wettbewerb mit ChatGPT &amp; Co.?<\/li>\n<li>Wie findet man die richtigen Partner, die zum Gelingen beitragen?<\/li>\n<li>Welche Chancen bieten sich Kunden, die nicht mit gro\u00dfen Budgets ausgestattet sind?<\/li>\n<li>KI Uses: Wie trifft Technologie auf die Praxis in den Agenturen? Welche Rolle spielt Inhousing heute?<\/li>\n<li>Kommt es durch den Einsatz von KI zu Kosteneinsparungen in den Agenturen?<\/li>\n<li>Inwiefern tr\u00e4gt KI zur Kosteneffizienz in CRM-Strategien bei?<\/li>\n<\/ul>\n<p>Der Kunden-Agentur-Beziehung kommt in Zeiten von KI eine neue Bedeutung zu. Gerade jetzt ist es wichtig, klare Botschaften (beidseitig) zu senden, um die Herausforderungen gemeinsam zu meistern.<\/p>\n<p>Mit dabei sind:<\/p>\n<ul>\n<li>Laura Loos, Head of Marketing Schweiz &amp; \u00d6sterreich, Coca-Cola Schweiz GmbH<\/li>\n<li>Philip Honegger, Leiter Marketing &amp; Kommunikation, Zweifel Chips &amp; Snacks AG<\/li>\n<li>Pascal Deville, Mitgr\u00fcnder und Creative Director, Freundliche Gr\u00fcsse AG<\/li>\n<li>Matthias Kiess, CEO, TBWA Switzerland AG<\/li>\n<li>Roland Ehrler, Direktor, SWA \u2013 Schweizer Werbe-Auftraggeberverband<\/li>\n<li>Eva-Maria, Chefredakteurin, HORIZONT<\/li>\n<\/ul>\n<\/div><\/section>\n\n<\/div><\/div><\/div><!-- close content main div --><\/div><\/div><div id='av_section_3'  class='avia-section av-kawtoycl-4-9d94483a689ce44b10648a09fc4891fb main_color avia-section-default avia-no-shadow  avia-builder-el-16  el_after_av_section  el_before_av_section  avia-bg-style-fixed container_wrap fullsize'  ><div class='container av-section-cont-open' ><div class='template-page content  av-content-full alpha units'><div class='post-entry post-entry-type-page post-entry-17054'><div class='entry-content-wrapper clearfix'>\n<section  class='av_textblock_section av-k26gzu33-3-2c35095136b7849495694f07bcfdd2a7 '   itemscope=\"itemscope\" itemtype=\"https:\/\/schema.org\/CreativeWork\" ><div class='avia_textblock'  itemprop=\"text\" ><p><strong>Ihr Benefit \u2013 darum sollten Sie beim HORIZONT Swiss Digital Talk dabei sein:<\/strong><\/p>\n<ul>\n<li>In nur 90 Minuten erhalten Sie neuen Input zur Kunden-Agentur-Beziehung in Zeiten von KI.<\/li>\n<li>Experten geben Einblicke in Ihre Erfahrungen wie sich die Zusammenarbeit zwischen Kunden und Agenturen durch den Einzug der generativen KI ver\u00e4ndert hat.<\/li>\n<li>Ihre Fragen k\u00f6nnen Sie aktiv im Chat direkt an unsere Talk-G\u00e4ste stellen.<\/li>\n<li>Der HORIZONT Swiss Digital Talk bietet Ihnen ein Update und Antworten auf die dringlichsten Fragestellungen zur Kunden-Agentur-Beziehung in Zeiten von KI.<\/li>\n<\/ul>\n<p><strong><em>Gut zu wissen:<\/em><\/strong><br \/>\nNach Ihrer Registrierung erhalten Sie Ihre Anmeldebest\u00e4tigung sowie einen Link f\u00fcr Ihren Kalendereintrag. Die Zugangsdaten zum Einloggen erhalten Sie rechtzeitig vor Beginn des Digital Talks.<\/p>\n<\/div><\/section>\n\n<\/div><\/div><\/div><!-- close content main div --><\/div><\/div><div id='referenten'  class='avia-section av-kawtoycl-2-e0285c54654ac56f2c96d3e60c3f59c1 main_color avia-section-default avia-no-shadow  avia-builder-el-18  el_after_av_section  el_before_av_section  avia-bg-style-scroll container_wrap fullsize'  ><div class='container av-section-cont-open' ><div class='template-page content  av-content-full alpha units'><div class='post-entry post-entry-type-page post-entry-17054'><div class='entry-content-wrapper clearfix'>\n\n<style type=\"text\/css\" data-created_by=\"avia_inline_auto\" id=\"style-css-av-28h0mq-9f5187d9836a11bd790301a1b81d30a5\">\n#top .av-special-heading.av-28h0mq-9f5187d9836a11bd790301a1b81d30a5{\npadding-bottom:25px;\n}\nbody .av-special-heading.av-28h0mq-9f5187d9836a11bd790301a1b81d30a5 .av-special-heading-tag .heading-char{\nfont-size:25px;\n}\n.av-special-heading.av-28h0mq-9f5187d9836a11bd790301a1b81d30a5 .av-subheading{\nfont-size:15px;\n}\n<\/style>\n<div  class='av-special-heading av-28h0mq-9f5187d9836a11bd790301a1b81d30a5 av-special-heading-h2 blockquote modern-quote  avia-builder-el-19  el_before_av_one_third  avia-builder-el-first '><h2 class='av-special-heading-tag '  itemprop=\"headline\"  >Moderation <span class='special_amp'>&amp;<\/span> Top-Speaker <\/h2><div class='av-subheading av-subheading_below'><p>Freuen Sie sich auf:<\/p>\n<\/div><div class=\"special-heading-border\"><div class=\"special-heading-inner-border\"><\/div><\/div><\/div>\n\n<style type=\"text\/css\" data-created_by=\"avia_inline_auto\" id=\"style-css-av-3pz71xa-5992cb44ca6197666873254386429afe\">\n.flex_column.av-3pz71xa-5992cb44ca6197666873254386429afe{\nborder-radius:0px 0px 0px 0px;\npadding:0px 0px 0px 0px;\nheight:auto;\nmin-height:50px;\n}\n<\/style>\n<div  class='flex_column av-3pz71xa-5992cb44ca6197666873254386429afe av_one_third  avia-builder-el-20  el_after_av_heading  el_before_av_one_third  first flex_column_div av-zero-column-padding  '     ><p><section  class='avia-team-member av-3ksudku-0bf2a889f0f3b1cb574f4e4e5b446113  avia-builder-el-21  el_before_av_toggle_container  avia-builder-el-first '  itemscope=\"itemscope\" itemtype=\"https:\/\/schema.org\/Person\" ><div class=\"team-img-container\"><img decoding=\"async\" fetchpriority=\"high\" class='wp-image-17193 avia-img-lazy-loading-not-17193 avia_image avia_image_team' src=\"https:\/\/dfvcg-events.de\/digital-talk\/wp-content\/uploads\/sites\/14\/2024\/09\/Deville-Pascal-Freundliche-Gruesse-web.jpg\" alt='Pascal Deville'  itemprop=\"image\"   height=\"1535\" width=\"1151\" srcset=\"https:\/\/dfvcg-events.de\/digital-talk\/wp-content\/uploads\/sites\/14\/2024\/09\/Deville-Pascal-Freundliche-Gruesse-web.jpg 1151w, https:\/\/dfvcg-events.de\/digital-talk\/wp-content\/uploads\/sites\/14\/2024\/09\/Deville-Pascal-Freundliche-Gruesse-web-529x705.jpg 529w\" sizes=\"(max-width: 1151px) 100vw, 1151px\" \/><\/div><h3 class='team-member-name '  itemprop=\"name\" >Pascal Deville<\/h3><div class='team-member-job-title '  itemprop=\"jobTitle\" >Mitgr\u00fcnder und Creative Director, Freundliche Gr\u00fcsse<\/div><span class='hidden team-member-affiliation'  itemprop=\"affiliation\" >Digital Talk<\/span><\/section><br \/>\n<div  class='togglecontainer av-2vq0num-fddd216c4322ccff6fd13324cb760c3e  avia-builder-el-22  el_after_av_team_member  avia-builder-el-last  toggle_close_all' >\n<section class='av_toggle_section av-2kmvnwe-8bd6ef494e52d54d36a309e9b9b010e1'  itemscope=\"itemscope\" itemtype=\"https:\/\/schema.org\/CreativeWork\" ><div role=\"tablist\" class=\"single_toggle\" data-tags=\"{Alle} \"  ><p id='toggle-toggle-id-1' data-fake-id='#toggle-id-1' class='toggler  av-title-above '  itemprop=\"headline\"  role='tab' tabindex='0' aria-controls='toggle-id-1' data-slide-speed=\"200\" data-title=\"Info\" data-title-open=\"\" data-aria_collapsed=\"Click to expand: Info\" data-aria_expanded=\"Click to collapse: Info\">Info<span class=\"toggle_icon\"><span class=\"vert_icon\"><\/span><span class=\"hor_icon\"><\/span><\/span><\/p><div id='toggle-id-1' aria-labelledby='toggle-toggle-id-1' role='region' class='toggle_wrap  av-title-above'  ><div class='toggle_content invers-color '  itemprop=\"text\" ><p>Pascal Deville ist Mitgr\u00fcnder und Creative Director der 2014 gegr\u00fcndeten Kreativagentur Freundliche Gr\u00fcsse. Er wurde als \u00abWerber des Jahres\u00bb nominiert, ist Mitglied des Art Directors Club Schweiz und Jurymitglied bei Best of Swiss Web sowie den Webby Awards. Zudem ist er Dozent an der Schule f\u00fcr Gestaltung Bern und h\u00e4lt regelm\u00e4ssig Vortr\u00e4ge zu den Themen \u00abCreativity\u00bb und \u00abDigital Culture\u00bb im In- und Ausland.<\/p>\n<\/div><\/div><\/div><\/section>\n<\/div><\/p><\/div>\n<style type=\"text\/css\" data-created_by=\"avia_inline_auto\" id=\"style-css-av-256oike-e34a62dfc793f2f7c33dd9bd55c446a5\">\n.flex_column.av-256oike-e34a62dfc793f2f7c33dd9bd55c446a5{\nborder-radius:0px 0px 0px 0px;\npadding:0px 0px 0px 0px;\nheight:auto;\nmin-height:50px;\n}\n<\/style>\n<div  class='flex_column av-256oike-e34a62dfc793f2f7c33dd9bd55c446a5 av_one_third  avia-builder-el-23  el_after_av_one_third  el_before_av_one_third  flex_column_div av-zero-column-padding  '     ><p><section  class='avia-team-member av-1lltfha-cbb62f07647dd1e6103b386634aeae85  avia-builder-el-24  el_before_av_toggle_container  avia-builder-el-first '  itemscope=\"itemscope\" itemtype=\"https:\/\/schema.org\/Person\" ><div class=\"team-img-container\"><img decoding=\"async\" fetchpriority=\"high\" class='wp-image-17489 avia-img-lazy-loading-not-17489 avia_image avia_image_team' src=\"https:\/\/dfvcg-events.de\/digital-talk\/wp-content\/uploads\/sites\/14\/2024\/09\/Honegger-Philip-Zweifel-Chips-Snacks-web.jpg\" alt='Philip Honegger'  itemprop=\"image\"   height=\"4473\" width=\"3355\" srcset=\"https:\/\/dfvcg-events.de\/digital-talk\/wp-content\/uploads\/sites\/14\/2024\/09\/Honegger-Philip-Zweifel-Chips-Snacks-web.jpg 3355w, https:\/\/dfvcg-events.de\/digital-talk\/wp-content\/uploads\/sites\/14\/2024\/09\/Honegger-Philip-Zweifel-Chips-Snacks-web-529x705.jpg 529w\" sizes=\"(max-width: 3355px) 100vw, 3355px\" \/><\/div><h3 class='team-member-name '  itemprop=\"name\" >Philip Honegger<\/h3><div class='team-member-job-title '  itemprop=\"jobTitle\" >Leiter Marketing &amp; Kommunikation, Zweifel Chips &amp; Snacks <\/div><span class='hidden team-member-affiliation'  itemprop=\"affiliation\" >Digital Talk<\/span><\/section><br \/>\n<div  class='togglecontainer av-18zyp1a-e9f50771b7d44b5fd61fe6c3fb6c94c1  avia-builder-el-25  el_after_av_team_member  avia-builder-el-last  toggle_close_all' >\n<section class='av_toggle_section av-nljs8u-9eadfd092ec98ed7b663454dae83b10e'  itemscope=\"itemscope\" itemtype=\"https:\/\/schema.org\/CreativeWork\" ><div role=\"tablist\" class=\"single_toggle\" data-tags=\"{Alle} \"  ><p id='toggle-toggle-id-2' data-fake-id='#toggle-id-2' class='toggler  av-title-above '  itemprop=\"headline\"  role='tab' tabindex='0' aria-controls='toggle-id-2' data-slide-speed=\"200\" data-title=\"Info\" data-title-open=\"\" data-aria_collapsed=\"Click to expand: Info\" data-aria_expanded=\"Click to collapse: Info\">Info<span class=\"toggle_icon\"><span class=\"vert_icon\"><\/span><span class=\"hor_icon\"><\/span><\/span><\/p><div id='toggle-id-2' aria-labelledby='toggle-toggle-id-2' role='region' class='toggle_wrap  av-title-above'  ><div class='toggle_content invers-color '  itemprop=\"text\" ><p>Philip Honegger verantwortet seit 2017 die Markenf\u00fchrung &amp; Kommunikation des Chips-Pioniers. Das Familienunternehmen geh\u00f6rt heute zu den besten Arbeitgebern der Schweiz und als Lovebrand rangiert Zweifel bereits seit Jahren unter den bekanntesten &amp; st\u00e4rksten Marken.<\/p>\n<\/div><\/div><\/div><\/section>\n<\/div><\/p><\/div>\n<style type=\"text\/css\" data-created_by=\"avia_inline_auto\" id=\"style-css-av-7aidry-f0a3d4591d9a8244b1054fd02860ba8d\">\n.flex_column.av-7aidry-f0a3d4591d9a8244b1054fd02860ba8d{\nborder-radius:0px 0px 0px 0px;\npadding:0px 0px 0px 0px;\nheight:auto;\nmin-height:50px;\n}\n<\/style>\n<div  class='flex_column av-7aidry-f0a3d4591d9a8244b1054fd02860ba8d av_one_third  avia-builder-el-26  el_after_av_one_third  el_before_av_one_third  flex_column_div av-zero-column-padding  '     ><p><section  class='avia-team-member av-1on2gzi-ddbadc4ea2cc3d56c5f728c85a021ba5  avia-builder-el-27  el_before_av_toggle_container  avia-builder-el-first '  itemscope=\"itemscope\" itemtype=\"https:\/\/schema.org\/Person\" ><div class=\"team-img-container\"><img decoding=\"async\" fetchpriority=\"high\" class='wp-image-17408 avia-img-lazy-loading-not-17408 avia_image avia_image_team' src=\"https:\/\/dfvcg-events.de\/digital-talk\/wp-content\/uploads\/sites\/14\/2024\/09\/Kiess-Matthias-TBWA-03-web.jpg\" alt='Matthias Kiess'  itemprop=\"image\"   height=\"3500\" width=\"2625\" srcset=\"https:\/\/dfvcg-events.de\/digital-talk\/wp-content\/uploads\/sites\/14\/2024\/09\/Kiess-Matthias-TBWA-03-web.jpg 2625w, https:\/\/dfvcg-events.de\/digital-talk\/wp-content\/uploads\/sites\/14\/2024\/09\/Kiess-Matthias-TBWA-03-web-529x705.jpg 529w\" sizes=\"(max-width: 2625px) 100vw, 2625px\" \/><\/div><h3 class='team-member-name '  itemprop=\"name\" >Matthias Kiess<\/h3><div class='team-member-job-title '  itemprop=\"jobTitle\" >CEO, TBWA Switzerland<\/div><span class='hidden team-member-affiliation'  itemprop=\"affiliation\" >Digital Talk<\/span><\/section><br \/>\n<div  class='togglecontainer av-m38hvrnm-bda096f0266527afe524df8bf45f47b4  avia-builder-el-28  el_after_av_team_member  avia-builder-el-last  toggle_close_all' >\n<section class='av_toggle_section av-m38hvqg7-45fba0a36f8ec027c14544a95bcb24ac'  itemscope=\"itemscope\" itemtype=\"https:\/\/schema.org\/CreativeWork\" ><div role=\"tablist\" class=\"single_toggle\" data-tags=\"{Alle} \"  ><p id='toggle-toggle-id-3' data-fake-id='#toggle-id-3' class='toggler  av-title-above '  itemprop=\"headline\"  role='tab' tabindex='0' aria-controls='toggle-id-3' data-slide-speed=\"200\" data-title=\"Info\" data-title-open=\"\" data-aria_collapsed=\"Click to expand: Info\" data-aria_expanded=\"Click to collapse: Info\">Info<span class=\"toggle_icon\"><span class=\"vert_icon\"><\/span><span class=\"hor_icon\"><\/span><\/span><\/p><div id='toggle-id-3' aria-labelledby='toggle-toggle-id-3' role='region' class='toggle_wrap  av-title-above'  ><div class='toggle_content invers-color '  itemprop=\"text\" ><p>Matthias Kiess, verf\u00fcgt \u00fcber einen Abschluss in Pharmazie von der ETH Z\u00fcrich und ein Executive MBA der Uni St. Gallen. Nach dem Studium hat er verschiedene Stationen im Bereich des Pharmamarketings absolviert, um dann seine Kenntnisse im Konsumg\u00fctermarketing bei Swiss Dairy Food und der Feldschl\u00f6sschen Getr\u00e4nke AG zu vertiefen. Seit nunmehr 20 Jahren ist er bei der TBWA Switzerland AG t\u00e4tig und seit 2012 dies in der Rolle des Gesch\u00e4ftsf\u00fchrers. Nebenamtlich waltet er als Pr\u00e4sident der IAA und h\u00e4lt noch weitere Mandate in Vorst\u00e4nden bzw. Verwaltungsr\u00e4ten.<\/p>\n<\/div><\/div><\/div><\/section>\n<\/div><\/p><\/div>\n<style type=\"text\/css\" data-created_by=\"avia_inline_auto\" id=\"style-css-av-24ec9sw-b52912db6eda2db46103f45b62a289d2\">\n.flex_column.av-24ec9sw-b52912db6eda2db46103f45b62a289d2{\nborder-radius:0px 0px 0px 0px;\npadding:0px 0px 0px 0px;\nheight:auto;\nmin-height:50px;\n}\n<\/style>\n<div  class='flex_column av-24ec9sw-b52912db6eda2db46103f45b62a289d2 av_one_third  avia-builder-el-29  el_after_av_one_third  el_before_av_one_third  first flex_column_div av-zero-column-padding  column-top-margin'     ><p><section  class='avia-team-member av-1g2whwg-5d8b03885ca71dc0123dcc4b15b1f302  avia-builder-el-30  el_before_av_toggle_container  avia-builder-el-first '  itemscope=\"itemscope\" itemtype=\"https:\/\/schema.org\/Person\" ><div class=\"team-img-container\"><img decoding=\"async\" fetchpriority=\"high\" class='wp-image-17488 avia-img-lazy-loading-not-17488 avia_image avia_image_team' src=\"https:\/\/dfvcg-events.de\/digital-talk\/wp-content\/uploads\/sites\/14\/2024\/09\/Loos-Laura-Coca-Cola-Switzerland-web.jpg\" alt='Laura Loos'  itemprop=\"image\"   height=\"800\" width=\"600\" srcset=\"https:\/\/dfvcg-events.de\/digital-talk\/wp-content\/uploads\/sites\/14\/2024\/09\/Loos-Laura-Coca-Cola-Switzerland-web.jpg 600w, https:\/\/dfvcg-events.de\/digital-talk\/wp-content\/uploads\/sites\/14\/2024\/09\/Loos-Laura-Coca-Cola-Switzerland-web-529x705.jpg 529w\" sizes=\"(max-width: 600px) 100vw, 600px\" \/><\/div><h3 class='team-member-name '  itemprop=\"name\" >Laura Loos<\/h3><div class='team-member-job-title '  itemprop=\"jobTitle\" >Head of Marketing Schweiz &amp; \u00d6sterreich, Coca-Cola Schweiz GmbH <\/div><span class='hidden team-member-affiliation'  itemprop=\"affiliation\" >Digital Talk<\/span><\/section><br \/>\n<div  class='togglecontainer av-4l855s-3b1c6f7af7abfc6d55fc084e656d6a91  avia-builder-el-31  el_after_av_team_member  avia-builder-el-last  toggle_close_all' >\n<section class='av_toggle_section av-mg4068-03b373ff42d40ce1d3ebc2218f598131'  itemscope=\"itemscope\" itemtype=\"https:\/\/schema.org\/CreativeWork\" ><div role=\"tablist\" class=\"single_toggle\" data-tags=\"{Alle} \"  ><p id='toggle-toggle-id-4' data-fake-id='#toggle-id-4' class='toggler  av-title-above '  itemprop=\"headline\"  role='tab' tabindex='0' aria-controls='toggle-id-4' data-slide-speed=\"200\" data-title=\"Info\" data-title-open=\"\" data-aria_collapsed=\"Click to expand: Info\" data-aria_expanded=\"Click to collapse: Info\">Info<span class=\"toggle_icon\"><span class=\"vert_icon\"><\/span><span class=\"hor_icon\"><\/span><\/span><\/p><div id='toggle-id-4' aria-labelledby='toggle-toggle-id-4' role='region' class='toggle_wrap  av-title-above'  ><div class='toggle_content invers-color '  itemprop=\"text\" ><p>Laura Loos verf\u00fcgt \u00fcber mehr als zehn Jahre Erfahrung im Aufbau und in der Pflege von international f\u00fchrenden Marken. Sie absolvierte einen Bachelor in General Management der EBS Universit\u00e4t f\u00fcr Wirtschaft &amp; Recht in Deutschland sowie einen Master of Science in Marketing Communications Management der Copenhagen Business School in D\u00e4nemark als Dual-Abschluss in Partnerschaft mit dem CEMS Master in International Management. Ihre berufliche Laufbahn begann Laura Loos als Senior Associate Brand Manager bei Procter &amp; Gamble International Operations S. A. in Genf. Danach wechselte sie f\u00fcr das Unternehmen nach Spanien, ehe sie 2018 als Senior Brand Manager Sparkling Soft Drinks, Adult &amp; Emerging Brands Switzerland, zu Coca-Cola stiess. In 2021 \u00fcbernahm sie die Marketingleitung Schweiz bei der Coca-Cola Schweiz GmbH in Opfikon und agiert seit 2023 als Head of Marketing f\u00fcr die Schweiz und \u00d6sterreich.<\/p>\n<\/div><\/div><\/div><\/section>\n<\/div><\/p><\/div>\n<style type=\"text\/css\" data-created_by=\"avia_inline_auto\" id=\"style-css-av-taw4e-a7ed427fbd6d3538baccf4f5ac0278a5\">\n.flex_column.av-taw4e-a7ed427fbd6d3538baccf4f5ac0278a5{\nborder-radius:0px 0px 0px 0px;\npadding:0px 0px 0px 0px;\nheight:auto;\nmin-height:50px;\n}\n<\/style>\n<div  class='flex_column av-taw4e-a7ed427fbd6d3538baccf4f5ac0278a5 av_one_third  avia-builder-el-32  el_after_av_one_third  el_before_av_one_third  flex_column_div av-zero-column-padding  column-top-margin'     ><p><section  class='avia-team-member av-1k6z0f2-e4014a6215138293cc51bb8637f07cf5  avia-builder-el-33  el_before_av_toggle_container  avia-builder-el-first '  itemscope=\"itemscope\" itemtype=\"https:\/\/schema.org\/Person\" ><div class=\"team-img-container\"><img decoding=\"async\" fetchpriority=\"high\" class='wp-image-1706 avia-img-lazy-loading-not-1706 avia_image avia_image_team' src=\"https:\/\/dfvcg-events.de\/digital-talk\/wp-content\/uploads\/sites\/14\/2020\/10\/Roland_Ehrler_web.png\" alt='Roland Ehrler'  itemprop=\"image\"   height=\"800\" width=\"600\" \/><\/div><h3 class='team-member-name '  itemprop=\"name\" >Roland Ehrler<\/h3><div class='team-member-job-title '  itemprop=\"jobTitle\" >Direktor, SWA Schweizer Werbe-Auftraggeberverband<\/div><span class='hidden team-member-affiliation'  itemprop=\"affiliation\" >Digital Talk<\/span><\/section><br \/>\n<div  class='togglecontainer av-1c6zn3y-6d72b382e03a0082a562a1a14f3e4f66  avia-builder-el-34  el_after_av_team_member  avia-builder-el-last  toggle_close_all' >\n<section class='av_toggle_section av-iolr9a-61384b5fbe9322cd18969b28f71c2161'  itemscope=\"itemscope\" itemtype=\"https:\/\/schema.org\/CreativeWork\" ><div role=\"tablist\" class=\"single_toggle\" data-tags=\"{Alle} \"  ><p id='toggle-toggle-id-5' data-fake-id='#toggle-id-5' class='toggler  av-title-above '  itemprop=\"headline\"  role='tab' tabindex='0' aria-controls='toggle-id-5' data-slide-speed=\"200\" data-title=\"Info\" data-title-open=\"\" data-aria_collapsed=\"Click to expand: Info\" data-aria_expanded=\"Click to collapse: Info\">Info<span class=\"toggle_icon\"><span class=\"vert_icon\"><\/span><span class=\"hor_icon\"><\/span><\/span><\/p><div id='toggle-id-5' aria-labelledby='toggle-toggle-id-5' role='region' class='toggle_wrap  av-title-above'  ><div class='toggle_content invers-color '  itemprop=\"text\" ><p>Roland Ehrler vertritt seit 2012 als Direktor die Interessen der Werbe-Auftraggeber in der Schweiz. Heute repr\u00e4sentieren die \u00fcber 190 Mitglieder des SWA etwa 75% des Schweizer Werbemarktes.<\/p>\n<\/div><\/div><\/div><\/section>\n<\/div><\/p><\/div>\n<style type=\"text\/css\" data-created_by=\"avia_inline_auto\" id=\"style-css-av-2176ymh-ab210dfcfea60839fd6613fe9fd329b2\">\n.flex_column.av-2176ymh-ab210dfcfea60839fd6613fe9fd329b2{\nborder-radius:0px 0px 0px 0px;\npadding:0px 0px 0px 0px;\nheight:auto;\nmin-height:50px;\n}\n<\/style>\n<div  class='flex_column av-2176ymh-ab210dfcfea60839fd6613fe9fd329b2 av_one_third  avia-builder-el-35  el_after_av_one_third  avia-builder-el-last  flex_column_div av-zero-column-padding  column-top-margin'     ><p><section  class='avia-team-member av-1j1h0eh-5dbd8728ca3826eece9f0313312a331d  avia-builder-el-36  el_before_av_toggle_container  avia-builder-el-first '  itemscope=\"itemscope\" itemtype=\"https:\/\/schema.org\/Person\" ><div class=\"team-img-container\"><img decoding=\"async\" fetchpriority=\"high\" class='wp-image-3870 avia-img-lazy-loading-not-3870 avia_image avia_image_team' src=\"https:\/\/dfvcg-events.de\/digital-talk\/wp-content\/uploads\/sites\/14\/2021\/06\/Schmidt_Eva-Maria_web.png\" alt='Eva-Maria Schmidt'  itemprop=\"image\"   height=\"800\" width=\"600\" \/><\/div><h3 class='team-member-name '  itemprop=\"name\" >Eva-Maria Schmidt<\/h3><div class='team-member-job-title '  itemprop=\"jobTitle\" >Chefredakteurin, HORIZONT<\/div><span class='hidden team-member-affiliation'  itemprop=\"affiliation\" >Digital Talk<\/span><\/section><br \/>\n<div  class='togglecontainer av-lst33su6-b33678626f57afbc346e2efff6681e1f  avia-builder-el-37  el_after_av_team_member  avia-builder-el-last  toggle_close_all' >\n<section class='av_toggle_section av-lst33ryt-1400df2c121ed8e6b04c96551de8613e'  itemscope=\"itemscope\" itemtype=\"https:\/\/schema.org\/CreativeWork\" ><div role=\"tablist\" class=\"single_toggle\" data-tags=\"{Alle} \"  ><p id='toggle-toggle-id-6' data-fake-id='#toggle-id-6' class='toggler  av-title-above '  itemprop=\"headline\"  role='tab' tabindex='0' aria-controls='toggle-id-6' data-slide-speed=\"200\" data-title=\"Info\" data-title-open=\"\" data-aria_collapsed=\"Click to expand: Info\" data-aria_expanded=\"Click to collapse: Info\">Info<span class=\"toggle_icon\"><span class=\"vert_icon\"><\/span><span class=\"hor_icon\"><\/span><\/span><\/p><div id='toggle-id-6' aria-labelledby='toggle-toggle-id-6' role='region' class='toggle_wrap  av-title-above'  ><div class='toggle_content invers-color '  itemprop=\"text\" ><p>Eva-Maria Schmidt ist seit Februar 2021 Chefredakteurin der HORIZONT Medien. Zuvor war sie von Juni 2019 bis Januar 2020 stellvertretende Chefredakteurin der HORIZONT Medien. Sie geh\u00f6rt seit 2000 der HORIZONT-Redaktion an, seit 2004 leitete sie verschiedene Ressorts u.a. HORIZONT Online, Karriere und Schweiz.<\/p>\n<\/div><\/div><\/div><\/section>\n<\/div><\/p><\/div>\n\n<\/div><\/div><\/div><!-- close content main div --><\/div><\/div><div id='anmelden'  class='avia-section av-kawtoycl-1-d1a156b720138778e48890da4a306507 main_color avia-section-default avia-no-shadow  avia-builder-el-38  el_after_av_section  el_before_av_section  avia-bg-style-scroll container_wrap fullsize'  ><div class='container av-section-cont-open' ><div class='template-page content  av-content-full alpha units'><div class='post-entry post-entry-type-page post-entry-17054'><div class='entry-content-wrapper clearfix'>\n\n<style type=\"text\/css\" data-created_by=\"avia_inline_auto\" id=\"style-css-av-24jcbm-09805e87f61b2914a35d255fc66a68f6\">\n#top .av-special-heading.av-24jcbm-09805e87f61b2914a35d255fc66a68f6{\npadding-bottom:25px;\n}\nbody .av-special-heading.av-24jcbm-09805e87f61b2914a35d255fc66a68f6 .av-special-heading-tag .heading-char{\nfont-size:25px;\n}\n.av-special-heading.av-24jcbm-09805e87f61b2914a35d255fc66a68f6 .av-subheading{\nfont-size:15px;\n}\n<\/style>\n<div  class='av-special-heading av-24jcbm-09805e87f61b2914a35d255fc66a68f6 av-special-heading-h2 blockquote modern-quote  avia-builder-el-39  el_before_av_codeblock  avia-builder-el-first '><h2 class='av-special-heading-tag '  itemprop=\"headline\"  >Jetzt anmelden<\/h2><div class='av-subheading av-subheading_below'><p>Vielen Dank f\u00fcr Ihr Interesse!<\/p>\n<\/div><div class=\"special-heading-border\"><div class=\"special-heading-inner-border\"><\/div><\/div><\/div>\n\n\n<\/div><\/div><\/div><!-- close content main div --><\/div><\/div><div id='anmelden'  class='avia-section av-475lki-c3fe33c8e4f178aad721fd72066a27f5 main_color avia-section-default avia-no-shadow  avia-builder-el-41  el_after_av_section  avia-builder-el-last  avia-bg-style-scroll container_wrap fullsize'  ><div class='container av-section-cont-open' ><div class='template-page content  av-content-full alpha units'><div class='post-entry post-entry-type-page post-entry-17054'><div class='entry-content-wrapper clearfix'>\n\n<style type=\"text\/css\" data-created_by=\"avia_inline_auto\" id=\"style-css-av-kq10tixo-cf7c3bed460256f26f4f674972c7b6e2\">\n#top .av-special-heading.av-kq10tixo-cf7c3bed460256f26f4f674972c7b6e2{\npadding-bottom:25px;\n}\nbody .av-special-heading.av-kq10tixo-cf7c3bed460256f26f4f674972c7b6e2 .av-special-heading-tag .heading-char{\nfont-size:25px;\n}\n.av-special-heading.av-kq10tixo-cf7c3bed460256f26f4f674972c7b6e2 .av-subheading{\nfont-size:15px;\n}\n<\/style>\n<div  class='av-special-heading av-kq10tixo-cf7c3bed460256f26f4f674972c7b6e2 av-special-heading-h2 blockquote modern-quote  avia-builder-el-42  el_before_av_one_half  avia-builder-el-first '><h2 class='av-special-heading-tag '  itemprop=\"headline\"  >Ihre Ansprechpartner:innen:<\/h2><div class=\"special-heading-border\"><div class=\"special-heading-inner-border\"><\/div><\/div><\/div>\n\n<style type=\"text\/css\" data-created_by=\"avia_inline_auto\" id=\"style-css-av-itd4ip-0953379773ee895bd801b77e15f6dbfe\">\n.flex_column.av-itd4ip-0953379773ee895bd801b77e15f6dbfe{\nborder-radius:0px 0px 0px 0px;\npadding:0px 0px 0px 0px;\n}\n<\/style>\n<div  class='flex_column av-itd4ip-0953379773ee895bd801b77e15f6dbfe av_one_half  avia-builder-el-43  el_after_av_heading  el_before_av_one_half  first flex_column_div av-zero-column-padding  '     ><section  class='av_textblock_section av-lmfzgsb5-bbbb82c48240eebb07ca578cb6009675 '   itemscope=\"itemscope\" itemtype=\"https:\/\/schema.org\/CreativeWork\" ><div class='avia_textblock'  itemprop=\"text\" ><p><strong>Programm<\/strong><\/p>\n<p>Diana Goldbeck<br \/>\n<a href=\"&#x6d;&#x61;&#x69;&#x6c;&#116;&#111;:di&#x61;&#x6e;&#x61;&#x2e;&#103;&#111;ldb&#x65;&#x63;&#x6b;&#x40;&#100;&#102;&#118;cg&#x2e;&#x64;&#x65;\">&#x64;&#105;&#x61;&#x6e;&#97;&#x2e;&#x67;&#111;&#x6c;&#x64;&#98;&#x65;&#x63;k&#x40;&#x64;f&#x76;&#99;g&#x2e;&#100;e<\/a><br \/>\n+49 69 7595 3031<\/p>\n<\/div><\/section><\/div>\n<style type=\"text\/css\" data-created_by=\"avia_inline_auto\" id=\"style-css-av-kyl3pd-507147b8f06df36200ffb266014f6b0f\">\n.flex_column.av-kyl3pd-507147b8f06df36200ffb266014f6b0f{\nborder-radius:0px 0px 0px 0px;\npadding:0px 0px 0px 0px;\n}\n<\/style>\n<div  class='flex_column av-kyl3pd-507147b8f06df36200ffb266014f6b0f av_one_half  avia-builder-el-45  el_after_av_one_half  avia-builder-el-last  flex_column_div av-zero-column-padding  '     ><section  class='av_textblock_section av-lst4bs2y-f76079589e86067e97ec7b52af8af2f8 '   itemscope=\"itemscope\" itemtype=\"https:\/\/schema.org\/CreativeWork\" ><div class='avia_textblock'  itemprop=\"text\" ><p><strong>Marketing &amp; Social Media<\/strong><\/p>\n<p>Elisa Grimm<br \/>\n<a href=\"&#109;&#x61;&#105;&#x6c;t&#111;&#x3a;&#101;&#x6c;i&#x73;a&#46;&#x67;&#114;&#x69;m&#x6d;&#x40;&#100;&#x66;v&#x63;g&#46;&#x64;&#101;\">&#101;&#x6c;i&#x73;&#x61;&#46;&#x67;r&#x69;&#x6d;&#109;&#x40;d&#x66;&#x76;&#99;&#x67;&#46;&#x64;&#x65;\u00a0<\/a><br \/>\n+49 69 7595 3038<\/p>\n<\/div><\/section><\/div>\n\n","protected":false},"excerpt":{"rendered":"<p>28. November 2024<br \/>\n10.30 \u2013 12.00 Uhr<\/p>\n","protected":false},"author":4,"featured_media":17075,"comment_status":"closed","ping_status":"closed","template":"","meta":{"footnotes":""},"tags":[],"portfolio_entries":[47],"class_list":["post-17054","portfolio","type-portfolio","status-publish","has-post-thumbnail","hentry","portfolio_entries-archiv"],"yoast_head":"<!-- This site is optimized with the Yoast SEO plugin v27.4 - https:\/\/yoast.com\/product\/yoast-seo-wordpress\/ -->\n<title>HORIZONT Swiss digital talk: Kunde-Agentur-Beziehung in Zeiten von KI! - Digital Talk<\/title>\n<meta name=\"description\" content=\"Live. Aktuell. Inspirierend: HORIZONT Swiss digital talk: Kunde-Agentur-Beziehung in Zeiten von KI!\" \/>\n<meta name=\"robots\" content=\"index, follow, max-snippet:-1, max-image-preview:large, max-video-preview:-1\" \/>\n<link rel=\"canonical\" href=\"https:\/\/dfvcg-events.de\/digital-talk\/veranstaltung\/kunde-agentur-beziehung-in-zeiten-von-ki\/\" \/>\n<meta property=\"og:locale\" content=\"de_DE\" \/>\n<meta property=\"og:type\" content=\"article\" \/>\n<meta property=\"og:title\" content=\"HORIZONT Swiss digital talk: Kunde-Agentur-Beziehung in Zeiten von KI! - Digital Talk\" \/>\n<meta property=\"og:description\" content=\"Live. Aktuell. Inspirierend: HORIZONT Swiss digital talk: Kunde-Agentur-Beziehung in Zeiten von KI!\" \/>\n<meta property=\"og:url\" content=\"https:\/\/dfvcg-events.de\/digital-talk\/veranstaltung\/kunde-agentur-beziehung-in-zeiten-von-ki\/\" \/>\n<meta property=\"og:site_name\" content=\"Digital Talk\" \/>\n<meta property=\"article:modified_time\" content=\"2024-12-03T10:46:24+00:00\" \/>\n<meta property=\"og:image\" content=\"https:\/\/dfvcg-events.de\/digital-talk\/wp-content\/uploads\/sites\/14\/2024\/09\/HORSwiss-KundeAgentur-800x8001-1.jpg\" \/>\n\t<meta property=\"og:image:width\" content=\"800\" \/>\n\t<meta property=\"og:image:height\" content=\"800\" \/>\n\t<meta property=\"og:image:type\" content=\"image\/jpeg\" \/>\n<meta name=\"twitter:card\" content=\"summary_large_image\" \/>\n<meta name=\"twitter:label1\" content=\"Gesch\u00e4tzte Lesezeit\" \/>\n\t<meta name=\"twitter:data1\" content=\"8\u00a0Minuten\" \/>\n<script type=\"application\/ld+json\" class=\"yoast-schema-graph\">{\"@context\":\"https:\\\/\\\/schema.org\",\"@graph\":[{\"@type\":\"WebPage\",\"@id\":\"https:\\\/\\\/dfvcg-events.de\\\/digital-talk\\\/veranstaltung\\\/kunde-agentur-beziehung-in-zeiten-von-ki\\\/\",\"url\":\"https:\\\/\\\/dfvcg-events.de\\\/digital-talk\\\/veranstaltung\\\/kunde-agentur-beziehung-in-zeiten-von-ki\\\/\",\"name\":\"HORIZONT Swiss digital talk: Kunde-Agentur-Beziehung in Zeiten von KI! - Digital Talk\",\"isPartOf\":{\"@id\":\"https:\\\/\\\/dfvcg-events.de\\\/digital-talk\\\/#website\"},\"primaryImageOfPage\":{\"@id\":\"https:\\\/\\\/dfvcg-events.de\\\/digital-talk\\\/veranstaltung\\\/kunde-agentur-beziehung-in-zeiten-von-ki\\\/#primaryimage\"},\"image\":{\"@id\":\"https:\\\/\\\/dfvcg-events.de\\\/digital-talk\\\/veranstaltung\\\/kunde-agentur-beziehung-in-zeiten-von-ki\\\/#primaryimage\"},\"thumbnailUrl\":\"https:\\\/\\\/dfvcg-events.de\\\/digital-talk\\\/wp-content\\\/uploads\\\/sites\\\/14\\\/2024\\\/09\\\/HORSwiss-KundeAgentur-800x8001-1.jpg\",\"datePublished\":\"2024-09-30T13:48:38+00:00\",\"dateModified\":\"2024-12-03T10:46:24+00:00\",\"description\":\"Live. Aktuell. Inspirierend: HORIZONT Swiss digital talk: Kunde-Agentur-Beziehung in Zeiten von KI!\",\"breadcrumb\":{\"@id\":\"https:\\\/\\\/dfvcg-events.de\\\/digital-talk\\\/veranstaltung\\\/kunde-agentur-beziehung-in-zeiten-von-ki\\\/#breadcrumb\"},\"inLanguage\":\"de\",\"potentialAction\":[{\"@type\":\"ReadAction\",\"target\":[\"https:\\\/\\\/dfvcg-events.de\\\/digital-talk\\\/veranstaltung\\\/kunde-agentur-beziehung-in-zeiten-von-ki\\\/\"]}]},{\"@type\":\"ImageObject\",\"inLanguage\":\"de\",\"@id\":\"https:\\\/\\\/dfvcg-events.de\\\/digital-talk\\\/veranstaltung\\\/kunde-agentur-beziehung-in-zeiten-von-ki\\\/#primaryimage\",\"url\":\"https:\\\/\\\/dfvcg-events.de\\\/digital-talk\\\/wp-content\\\/uploads\\\/sites\\\/14\\\/2024\\\/09\\\/HORSwiss-KundeAgentur-800x8001-1.jpg\",\"contentUrl\":\"https:\\\/\\\/dfvcg-events.de\\\/digital-talk\\\/wp-content\\\/uploads\\\/sites\\\/14\\\/2024\\\/09\\\/HORSwiss-KundeAgentur-800x8001-1.jpg\",\"width\":800,\"height\":800},{\"@type\":\"BreadcrumbList\",\"@id\":\"https:\\\/\\\/dfvcg-events.de\\\/digital-talk\\\/veranstaltung\\\/kunde-agentur-beziehung-in-zeiten-von-ki\\\/#breadcrumb\",\"itemListElement\":[{\"@type\":\"ListItem\",\"position\":1,\"name\":\"Startseite\",\"item\":\"https:\\\/\\\/dfvcg-events.de\\\/digital-talk\\\/\"},{\"@type\":\"ListItem\",\"position\":2,\"name\":\"HORIZONT Swiss digital talk: Kunde-Agentur-Beziehung in Zeiten von KI!\"}]},{\"@type\":\"WebSite\",\"@id\":\"https:\\\/\\\/dfvcg-events.de\\\/digital-talk\\\/#website\",\"url\":\"https:\\\/\\\/dfvcg-events.de\\\/digital-talk\\\/\",\"name\":\"Digital Talk\",\"description\":\"dfv Conference Group\",\"publisher\":{\"@id\":\"https:\\\/\\\/dfvcg-events.de\\\/digital-talk\\\/#organization\"},\"potentialAction\":[{\"@type\":\"SearchAction\",\"target\":{\"@type\":\"EntryPoint\",\"urlTemplate\":\"https:\\\/\\\/dfvcg-events.de\\\/digital-talk\\\/?s={search_term_string}\"},\"query-input\":{\"@type\":\"PropertyValueSpecification\",\"valueRequired\":true,\"valueName\":\"search_term_string\"}}],\"inLanguage\":\"de\"},{\"@type\":\"Organization\",\"@id\":\"https:\\\/\\\/dfvcg-events.de\\\/digital-talk\\\/#organization\",\"name\":\"Digital Talks | dfv Conference Group\",\"url\":\"https:\\\/\\\/dfvcg-events.de\\\/digital-talk\\\/\",\"logo\":{\"@type\":\"ImageObject\",\"inLanguage\":\"de\",\"@id\":\"https:\\\/\\\/dfvcg-events.de\\\/digital-talk\\\/#\\\/schema\\\/logo\\\/image\\\/\",\"url\":\"https:\\\/\\\/dfvcg-events.de\\\/digital-talk\\\/wp-content\\\/uploads\\\/sites\\\/14\\\/2021\\\/02\\\/digital-talks-start.jpg\",\"contentUrl\":\"https:\\\/\\\/dfvcg-events.de\\\/digital-talk\\\/wp-content\\\/uploads\\\/sites\\\/14\\\/2021\\\/02\\\/digital-talks-start.jpg\",\"width\":800,\"height\":800,\"caption\":\"Digital Talks | dfv Conference Group\"},\"image\":{\"@id\":\"https:\\\/\\\/dfvcg-events.de\\\/digital-talk\\\/#\\\/schema\\\/logo\\\/image\\\/\"}}]}<\/script>\n<!-- \/ Yoast SEO plugin. -->","yoast_head_json":{"title":"HORIZONT Swiss digital talk: Kunde-Agentur-Beziehung in Zeiten von KI! - Digital Talk","description":"Live. Aktuell. Inspirierend: HORIZONT Swiss digital talk: Kunde-Agentur-Beziehung in Zeiten von KI!","robots":{"index":"index","follow":"follow","max-snippet":"max-snippet:-1","max-image-preview":"max-image-preview:large","max-video-preview":"max-video-preview:-1"},"canonical":"https:\/\/dfvcg-events.de\/digital-talk\/veranstaltung\/kunde-agentur-beziehung-in-zeiten-von-ki\/","og_locale":"de_DE","og_type":"article","og_title":"HORIZONT Swiss digital talk: Kunde-Agentur-Beziehung in Zeiten von KI! - Digital Talk","og_description":"Live. Aktuell. Inspirierend: HORIZONT Swiss digital talk: Kunde-Agentur-Beziehung in Zeiten von KI!","og_url":"https:\/\/dfvcg-events.de\/digital-talk\/veranstaltung\/kunde-agentur-beziehung-in-zeiten-von-ki\/","og_site_name":"Digital Talk","article_modified_time":"2024-12-03T10:46:24+00:00","og_image":[{"width":800,"height":800,"url":"https:\/\/dfvcg-events.de\/digital-talk\/wp-content\/uploads\/sites\/14\/2024\/09\/HORSwiss-KundeAgentur-800x8001-1.jpg","type":"image\/jpeg"}],"twitter_card":"summary_large_image","twitter_misc":{"Gesch\u00e4tzte Lesezeit":"8\u00a0Minuten"},"schema":{"@context":"https:\/\/schema.org","@graph":[{"@type":"WebPage","@id":"https:\/\/dfvcg-events.de\/digital-talk\/veranstaltung\/kunde-agentur-beziehung-in-zeiten-von-ki\/","url":"https:\/\/dfvcg-events.de\/digital-talk\/veranstaltung\/kunde-agentur-beziehung-in-zeiten-von-ki\/","name":"HORIZONT Swiss digital talk: Kunde-Agentur-Beziehung in Zeiten von KI! - Digital Talk","isPartOf":{"@id":"https:\/\/dfvcg-events.de\/digital-talk\/#website"},"primaryImageOfPage":{"@id":"https:\/\/dfvcg-events.de\/digital-talk\/veranstaltung\/kunde-agentur-beziehung-in-zeiten-von-ki\/#primaryimage"},"image":{"@id":"https:\/\/dfvcg-events.de\/digital-talk\/veranstaltung\/kunde-agentur-beziehung-in-zeiten-von-ki\/#primaryimage"},"thumbnailUrl":"https:\/\/dfvcg-events.de\/digital-talk\/wp-content\/uploads\/sites\/14\/2024\/09\/HORSwiss-KundeAgentur-800x8001-1.jpg","datePublished":"2024-09-30T13:48:38+00:00","dateModified":"2024-12-03T10:46:24+00:00","description":"Live. Aktuell. Inspirierend: HORIZONT Swiss digital talk: Kunde-Agentur-Beziehung in Zeiten von KI!","breadcrumb":{"@id":"https:\/\/dfvcg-events.de\/digital-talk\/veranstaltung\/kunde-agentur-beziehung-in-zeiten-von-ki\/#breadcrumb"},"inLanguage":"de","potentialAction":[{"@type":"ReadAction","target":["https:\/\/dfvcg-events.de\/digital-talk\/veranstaltung\/kunde-agentur-beziehung-in-zeiten-von-ki\/"]}]},{"@type":"ImageObject","inLanguage":"de","@id":"https:\/\/dfvcg-events.de\/digital-talk\/veranstaltung\/kunde-agentur-beziehung-in-zeiten-von-ki\/#primaryimage","url":"https:\/\/dfvcg-events.de\/digital-talk\/wp-content\/uploads\/sites\/14\/2024\/09\/HORSwiss-KundeAgentur-800x8001-1.jpg","contentUrl":"https:\/\/dfvcg-events.de\/digital-talk\/wp-content\/uploads\/sites\/14\/2024\/09\/HORSwiss-KundeAgentur-800x8001-1.jpg","width":800,"height":800},{"@type":"BreadcrumbList","@id":"https:\/\/dfvcg-events.de\/digital-talk\/veranstaltung\/kunde-agentur-beziehung-in-zeiten-von-ki\/#breadcrumb","itemListElement":[{"@type":"ListItem","position":1,"name":"Startseite","item":"https:\/\/dfvcg-events.de\/digital-talk\/"},{"@type":"ListItem","position":2,"name":"HORIZONT Swiss digital talk: Kunde-Agentur-Beziehung in Zeiten von KI!"}]},{"@type":"WebSite","@id":"https:\/\/dfvcg-events.de\/digital-talk\/#website","url":"https:\/\/dfvcg-events.de\/digital-talk\/","name":"Digital Talk","description":"dfv Conference Group","publisher":{"@id":"https:\/\/dfvcg-events.de\/digital-talk\/#organization"},"potentialAction":[{"@type":"SearchAction","target":{"@type":"EntryPoint","urlTemplate":"https:\/\/dfvcg-events.de\/digital-talk\/?s={search_term_string}"},"query-input":{"@type":"PropertyValueSpecification","valueRequired":true,"valueName":"search_term_string"}}],"inLanguage":"de"},{"@type":"Organization","@id":"https:\/\/dfvcg-events.de\/digital-talk\/#organization","name":"Digital Talks | dfv Conference Group","url":"https:\/\/dfvcg-events.de\/digital-talk\/","logo":{"@type":"ImageObject","inLanguage":"de","@id":"https:\/\/dfvcg-events.de\/digital-talk\/#\/schema\/logo\/image\/","url":"https:\/\/dfvcg-events.de\/digital-talk\/wp-content\/uploads\/sites\/14\/2021\/02\/digital-talks-start.jpg","contentUrl":"https:\/\/dfvcg-events.de\/digital-talk\/wp-content\/uploads\/sites\/14\/2021\/02\/digital-talks-start.jpg","width":800,"height":800,"caption":"Digital Talks | dfv Conference Group"},"image":{"@id":"https:\/\/dfvcg-events.de\/digital-talk\/#\/schema\/logo\/image\/"}}]}},"_links":{"self":[{"href":"https:\/\/dfvcg-events.de\/digital-talk\/wp-json\/wp\/v2\/portfolio\/17054","targetHints":{"allow":["GET"]}}],"collection":[{"href":"https:\/\/dfvcg-events.de\/digital-talk\/wp-json\/wp\/v2\/portfolio"}],"about":[{"href":"https:\/\/dfvcg-events.de\/digital-talk\/wp-json\/wp\/v2\/types\/portfolio"}],"author":[{"embeddable":true,"href":"https:\/\/dfvcg-events.de\/digital-talk\/wp-json\/wp\/v2\/users\/4"}],"replies":[{"embeddable":true,"href":"https:\/\/dfvcg-events.de\/digital-talk\/wp-json\/wp\/v2\/comments?post=17054"}],"version-history":[{"count":9,"href":"https:\/\/dfvcg-events.de\/digital-talk\/wp-json\/wp\/v2\/portfolio\/17054\/revisions"}],"predecessor-version":[{"id":18294,"href":"https:\/\/dfvcg-events.de\/digital-talk\/wp-json\/wp\/v2\/portfolio\/17054\/revisions\/18294"}],"wp:featuredmedia":[{"embeddable":true,"href":"https:\/\/dfvcg-events.de\/digital-talk\/wp-json\/wp\/v2\/media\/17075"}],"wp:attachment":[{"href":"https:\/\/dfvcg-events.de\/digital-talk\/wp-json\/wp\/v2\/media?parent=17054"}],"wp:term":[{"taxonomy":"post_tag","embeddable":true,"href":"https:\/\/dfvcg-events.de\/digital-talk\/wp-json\/wp\/v2\/tags?post=17054"},{"taxonomy":"portfolio_entries","embeddable":true,"href":"https:\/\/dfvcg-events.de\/digital-talk\/wp-json\/wp\/v2\/portfolio_entries?post=17054"}],"curies":[{"name":"wp","href":"https:\/\/api.w.org\/{rel}","templated":true}]}}