{"id":16088,"date":"2024-05-06T16:45:41","date_gmt":"2024-05-06T14:45:41","guid":{"rendered":"https:\/\/dfvcg-events.de\/digital-talk\/?post_type=portfolio&#038;p=16088"},"modified":"2024-06-27T14:24:21","modified_gmt":"2024-06-27T12:24:21","slug":"digital-workshop-eu-ai-act","status":"publish","type":"portfolio","link":"https:\/\/dfvcg-events.de\/digital-talk\/veranstaltung\/digital-workshop-eu-ai-act\/","title":{"rendered":"digital workshop: EU AI Act"},"content":{"rendered":"<div class='clear'><\/div><div id='sub_menu1'  class='av-submenu-container av-kawv0if6-b4e37991045abd8a15205f662d77aaf5 header_color av-switch-990  avia-builder-el-0  el_before_av_section  avia-builder-el-first  av-sticky-submenu container_wrap fullsize' style='z-index:301' ><div class='container av-menu-mobile-active av-submenu-pos-left'><a href=\"#\" class=\"mobile_menu_toggle\"><span class='avia-svg-icon avia-font-svg_entypo-fontello' data-av_svg_icon='list' data-av_iconset='svg_entypo-fontello'><svg version=\"1.1\" xmlns=\"http:\/\/www.w3.org\/2000\/svg\" width=\"22\" height=\"32\" viewBox=\"0 0 22 32\" preserveAspectRatio=\"xMidYMid meet\" aria-labelledby='av-svg-title-1' aria-describedby='av-svg-desc-1' role=\"graphics-symbol\" aria-hidden=\"true\">\n<title id='av-svg-title-1'>List<\/title>\n<desc id='av-svg-desc-1'>List<\/desc>\n<path d=\"M3.2 20.8q0.64 0 1.12 0.48t0.48 1.12-0.48 1.12-1.12 0.48h-1.6q-0.64 0-1.12-0.48t-0.48-1.12 0.448-1.12 1.152-0.48h1.6zM3.2 14.4q0.64 0 1.12 0.48t0.48 1.12-0.48 1.12-1.12 0.48h-1.6q-0.64 0-1.12-0.48t-0.48-1.12 0.448-1.12 1.152-0.48h1.6zM3.2 8q0.64 0 1.12 0.48t0.48 1.12-0.48 1.12-1.12 0.48h-1.6q-0.64 0-1.12-0.48t-0.48-1.12 0.448-1.12 1.152-0.48h1.6zM9.6 11.2q-0.64 0-1.12-0.48t-0.48-1.12 0.48-1.12 1.12-0.48h11.2q0.704 0 1.152 0.48t0.448 1.12-0.48 1.12-1.12 0.48h-11.2zM20.8 14.4q0.704 0 1.152 0.48t0.448 1.12-0.48 1.12-1.12 0.48h-11.2q-0.64 0-1.12-0.48t-0.48-1.12 0.48-1.12 1.12-0.48h11.2zM20.8 20.8q0.704 0 1.152 0.48t0.448 1.12-0.48 1.12-1.12 0.48h-11.2q-0.64 0-1.12-0.48t-0.48-1.12 0.48-1.12 1.12-0.48h11.2z\"><\/path>\n<\/svg><\/span><span class=\"av-current-placeholder\">Men\u00fc<\/span><\/a><ul id='av-custom-submenu-1' class='av-subnav-menu' role='menu'>\n<li class='menu-item av-2kckn4-d8dc538657b3c2d5a66620c5c72848ba menu-item-top-level av-menu-button av-menu-button-bordered menu-item-top-level-1' role='menuitem'><a href='https:\/\/dfvcg-events.de\/digital-talk\/'  ><span class='avia-bullet'><\/span><span class='avia-menu-text'>digital talks<\/span><\/a><\/li>\n<li class='menu-item av-cpa6i-76dd22975082e57ace79a66955ab2612 menu-item-top-level av-menu-button av-menu-button-colored menu-item-top-level-2' role='menuitem'><a href='#anmelden'  ><span class='avia-bullet'><\/span><span class='avia-menu-text'>Jetzt anmelden<\/span><\/a><\/li>\n<li class='menu-item av-2u4alb-435ddfe1c330219f60bc42ac1453e131 menu-item-top-level menu-item-top-level-3' role='menuitem'><a href='#'  ><span class='avia-bullet'><\/span><span class='avia-menu-text'>Start<\/span><\/a><\/li>\n<li class='menu-item av-4qodp5-6172f5cdc7098ba75066de71f1c058fb menu-item-top-level menu-item-top-level-4' role='menuitem'><a href='#referenten'  ><span class='avia-bullet'><\/span><span class='avia-menu-text'>Vortragende<\/span><\/a><\/li>\n<\/ul><\/div><\/div><div class='sticky_placeholder'><\/div>\n<div id='av_section_1'  class='avia-section av-srk2y-112106500345416558fb7b75c6b4ce9b main_color avia-section-default avia-no-border-styling  avia-builder-el-1  el_after_av_submenu  el_before_av_section  avia-bg-style-scroll container_wrap fullsize'  ><div class='container av-section-cont-open' ><div class='template-page content  av-content-full alpha units'><div class='post-entry post-entry-type-page post-entry-16088'><div class='entry-content-wrapper clearfix'>\n<div class='flex_column_table av-prli-64bf6691d8e0f71fe37b32964844bca4 sc-av_two_fifth av-equal-height-column-flextable'>\n<style type=\"text\/css\" data-created_by=\"avia_inline_auto\" id=\"style-css-av-prli-64bf6691d8e0f71fe37b32964844bca4\">\n.flex_column.av-prli-64bf6691d8e0f71fe37b32964844bca4{\nborder-radius:0px 0px 0px 0px;\npadding:0px 0px 0px 0px;\n}\n<\/style>\n<div  class='flex_column av-prli-64bf6691d8e0f71fe37b32964844bca4 av_two_fifth  avia-builder-el-2  el_before_av_three_fifth  avia-builder-el-first  first flex_column_table_cell av-equal-height-column av-align-top av-zero-column-padding  '     ><p><br \/>\n\n<style type=\"text\/css\" data-created_by=\"avia_inline_auto\" id=\"style-css-av-kk6miykd-8c4b3315fc528a847d46ba52ca980f88\">\n.avia-image-container.av-kk6miykd-8c4b3315fc528a847d46ba52ca980f88 img.avia_image{\nbox-shadow:none;\n}\n.avia-image-container.av-kk6miykd-8c4b3315fc528a847d46ba52ca980f88 .av-image-caption-overlay-center{\ncolor:#ffffff;\n}\n<\/style>\n<div  class='avia-image-container av-kk6miykd-8c4b3315fc528a847d46ba52ca980f88 av-styling- avia-align-center  avia-builder-el-4  el_after_av_image  avia-builder-el-last '   itemprop=\"image\" itemscope=\"itemscope\" itemtype=\"https:\/\/schema.org\/ImageObject\" ><div class=\"avia-image-container-inner\"><div class=\"avia-image-overlay-wrap\"><img decoding=\"async\" fetchpriority=\"high\" class='wp-image-16089 avia-img-lazy-loading-not-16089 avia_image ' src=\"https:\/\/dfvcg-events.de\/digital-talk\/wp-content\/uploads\/sites\/14\/2024\/05\/dfvcg-Teaser-digiWork-KiRecht-800x800-1.jpg\" alt='' title='dfvcg-Teaser-digiWork-KiRecht-800x800'  height=\"800\" width=\"800\"  itemprop=\"thumbnailUrl\" srcset=\"https:\/\/dfvcg-events.de\/digital-talk\/wp-content\/uploads\/sites\/14\/2024\/05\/dfvcg-Teaser-digiWork-KiRecht-800x800-1.jpg 800w, https:\/\/dfvcg-events.de\/digital-talk\/wp-content\/uploads\/sites\/14\/2024\/05\/dfvcg-Teaser-digiWork-KiRecht-800x800-1-705x705.jpg 705w\" sizes=\"(max-width: 800px) 100vw, 800px\" \/><\/div><\/div><\/div><\/p><\/div><div class='av-flex-placeholder'><\/div>\n<style type=\"text\/css\" data-created_by=\"avia_inline_auto\" id=\"style-css-av-k26i2v6p-2688042be07242d734261d0b65f3805f\">\n.flex_column.av-k26i2v6p-2688042be07242d734261d0b65f3805f{\nborder-radius:0px 0px 0px 0px;\npadding:0px 35px 0px 0px;\n}\n<\/style>\n<div  class='flex_column av-k26i2v6p-2688042be07242d734261d0b65f3805f av_three_fifth  avia-builder-el-5  el_after_av_two_fifth  avia-builder-el-last  flex_column_table_cell av-equal-height-column av-align-top  '     ><p>\n<style type=\"text\/css\" data-created_by=\"avia_inline_auto\" id=\"style-css-av-280ihu-0ea694bf1d751bea37de70c8df5da37b\">\n#top .av-special-heading.av-280ihu-0ea694bf1d751bea37de70c8df5da37b{\npadding-bottom:10px;\ncolor:#071e4a;\n}\nbody .av-special-heading.av-280ihu-0ea694bf1d751bea37de70c8df5da37b .av-special-heading-tag .heading-char{\nfont-size:25px;\n}\n.av-special-heading.av-280ihu-0ea694bf1d751bea37de70c8df5da37b .special-heading-inner-border{\nborder-color:#071e4a;\n}\n.av-special-heading.av-280ihu-0ea694bf1d751bea37de70c8df5da37b .av-subheading{\nfont-size:19px;\ncolor:#000000;\n}\n<\/style>\n<div  class='av-special-heading av-280ihu-0ea694bf1d751bea37de70c8df5da37b av-special-heading-h1 custom-color-heading blockquote modern-quote  avia-builder-el-6  el_before_av_textblock  avia-builder-el-first  av-linked-heading'><div class='av_custom_color av-subheading av-subheading_above'><p>digital workshop:<\/p>\n<\/div><h1 class='av-special-heading-tag '  itemprop=\"headline\"  >EU AI Act<\/h1><div class=\"special-heading-border\"><div class=\"special-heading-inner-border\"><\/div><\/div><\/div><br \/>\n\n<style type=\"text\/css\" data-created_by=\"avia_inline_auto\" id=\"style-css-av-kk6mwm01-037156d19661e690621a40f8c43ccc78\">\n#top .av_textblock_section.av-kk6mwm01-037156d19661e690621a40f8c43ccc78 .avia_textblock{\nfont-size:21px;\n}\n<\/style>\n<section  class='av_textblock_section av-kk6mwm01-037156d19661e690621a40f8c43ccc78 '   itemscope=\"itemscope\" itemtype=\"https:\/\/schema.org\/CreativeWork\" ><div class='avia_textblock'  itemprop=\"text\" ><p class=\"av-special-heading-tag\"><strong>Antworten auf die wichtigsten Rechtsfragen<\/strong><\/p>\n<p class=\"av-special-heading-tag\">25. Juni 2024<\/p>\n<p>10:00 \u2013 11:30 Uhr<\/p>\n<\/div><\/section><br \/>\n<div  class='hr av-kaz5acoo-b78fa01771143abfb53ff655947cbd6e hr-default  avia-builder-el-8  el_after_av_textblock  el_before_av_buttonrow '><span class='hr-inner '><span class=\"hr-inner-style\"><\/span><\/span><\/div><br \/>\n<div  class='avia-buttonrow-wrap av-kcn3m3gt-fff65312e5a8530eff99563e24d61bb2 avia-buttonrow-left  avia-builder-el-9  el_after_av_hr  avia-builder-el-last '>\n\n<style type=\"text\/css\" data-created_by=\"avia_inline_auto\" id=\"style-css-av-3k12xc-3213c4b3b887c288672c017d51532b9d\">\n#top #wrap_all .avia-button.av-3k12xc-3213c4b3b887c288672c017d51532b9d{\nbackground-color:#071e4a;\nborder-color:#071e4a;\ncolor:#ffffff;\ntransition:all 0.4s ease-in-out;\nmargin-bottom:5px;\nmargin-right:5px;\n}\n#top #wrap_all .avia-button.av-3k12xc-3213c4b3b887c288672c017d51532b9d .avia-svg-icon svg:first-child{\nfill:#ffffff;\nstroke:#ffffff;\n}\n<\/style>\n<a href='#anmelden'  class='avia-button av-3k12xc-3213c4b3b887c288672c017d51532b9d avia-icon_select-yes-left-icon avia-size-large'   aria-label=\"Jetzt anmelden\"><span class='avia_button_icon avia_button_icon_left avia-iconfont avia-font-entypo-fontello' data-av_icon='\ue8cb' data-av_iconfont='entypo-fontello' ><\/span><span class='avia_iconbox_title' >Jetzt anmelden<\/span><\/a>\n\n<style type=\"text\/css\" data-created_by=\"avia_inline_auto\" id=\"style-css-av-2000oy-2ec81f2d27f33d8fa7534eef10ff95b9\">\n#top #wrap_all .avia-button.av-2000oy-2ec81f2d27f33d8fa7534eef10ff95b9{\nbackground-color:#2c3749;\nborder-color:#2c3749;\ncolor:#ffffff;\ntransition:all 0.4s ease-in-out;\nmargin-bottom:5px;\nmargin-right:5px;\n}\n#top #wrap_all .avia-button.av-2000oy-2ec81f2d27f33d8fa7534eef10ff95b9 .avia-svg-icon svg:first-child{\nfill:#ffffff;\nstroke:#ffffff;\n}\n<\/style>\n<a href='https:\/\/dfvcg-events.de\/digital-talk\/wp-content\/uploads\/sites\/14\/2024\/05\/digital-talk-EU-AI-Act.ics'  class='avia-button av-2000oy-2ec81f2d27f33d8fa7534eef10ff95b9 avia-icon_select-yes-left-icon avia-size-large'  target=\"_blank\"  rel=\"noopener noreferrer\"  aria-label=\"Save the Date\"><span class='avia_button_icon avia_button_icon_left avia-iconfont avia-font-entypo-fontello' data-av_icon='\ue85b' data-av_iconfont='entypo-fontello' ><\/span><span class='avia_iconbox_title' >Save the Date<\/span><\/a>\n<\/div><\/p><\/div><\/div><!--close column table wrapper. Autoclose: 1 -->\n\n<\/div><\/div><\/div><!-- close content main div --><\/div><\/div>\n<style type=\"text\/css\" data-created_by=\"avia_inline_auto\" id=\"style-css-av-luwuobe8-de198e9908d054dc05efca67452db427\">\n.avia-section.av-luwuobe8-de198e9908d054dc05efca67452db427{\nbackground-color:#071e4a;\nbackground:linear-gradient( to bottom right, #071e4a, #335284 );\n}\n<\/style>\n<div id='av_section_2'  class='avia-section av-luwuobe8-de198e9908d054dc05efca67452db427 main_color avia-section-large avia-no-shadow  avia-builder-el-10  el_after_av_section  el_before_av_section  avia-bg-style-scroll container_wrap fullsize'  ><div class='container av-section-cont-open' ><div class='template-page content  av-content-full alpha units'><div class='post-entry post-entry-type-page post-entry-16088'><div class='entry-content-wrapper clearfix'>\n\n<style type=\"text\/css\" data-created_by=\"avia_inline_auto\" id=\"style-css-av-o9u8o4-53f3956d13e1b6d6b21fe19c2437698f\">\n#top .av_textblock_section.av-o9u8o4-53f3956d13e1b6d6b21fe19c2437698f .avia_textblock{\nfont-size:20px;\ncolor:#ffffff;\n}\n<\/style>\n<section  class='av_textblock_section av-o9u8o4-53f3956d13e1b6d6b21fe19c2437698f '   itemscope=\"itemscope\" itemtype=\"https:\/\/schema.org\/CreativeWork\" ><div class='avia_textblock av_inherit_color'  itemprop=\"text\" ><p>In diesen Tagen tritt der EU AI Act in Kraft \u2013 eine Verordnung, die den Umgang mit K\u00fcnstlicher Intelligenz detailliert regelt. Diese Gesetzgebung zieht f\u00fcr Unternehmen bedeutende Ver\u00e4nderungen und Herausforderungen nach sich. Jetzt stellen sich folgende wichtige Fragen:<\/p>\n<ul>\n<li>Welche Vorgaben m\u00fcssen Sie k\u00fcnftig beachten?<\/li>\n<li>Welche KI-Systeme sind erlaubt?<\/li>\n<li>Was m\u00fcssen Sie kennzeichnen?<\/li>\n<li>Wann drohen Geldbu\u00dfen?<\/li>\n<\/ul>\n<p>Bis Mai 2026 m\u00fcssen alle Ma\u00dfnahmen der Verordnung umgesetzt und implementiert sein. Unternehmen sollten deshalb keine Zeit verlieren und sich schon jetzt darauf vorbereiten. Genau hier setzt unser digitaler Workshop an, der Sie umfassend unterst\u00fctzt und Ihnen wertvolle Einblicke bietet.<\/p>\n<\/div><\/section>\n<\/div><\/div><\/div><!-- close content main div --><\/div><\/div><div id='av_section_3'  class='avia-section av-2w2wyg-184be5773b054ac629c57e91fea3a9e0 main_color avia-section-default avia-no-border-styling  avia-builder-el-12  el_after_av_section  el_before_av_section  avia-bg-style-scroll container_wrap fullsize'  ><div class='container av-section-cont-open' ><div class='template-page content  av-content-full alpha units'><div class='post-entry post-entry-type-page post-entry-16088'><div class='entry-content-wrapper clearfix'>\n<section  class='av_textblock_section av-lwg8xqnj-e824161b574564027a2595fed249b123 '   itemscope=\"itemscope\" itemtype=\"https:\/\/schema.org\/CreativeWork\" ><div class='avia_textblock'  itemprop=\"text\" ><p>Der Mehrwert unseres Workshops f\u00fcr Sie:<\/p>\n<ol>\n<li><strong>Detaillierte Erl\u00e4uterungen und Praxisbeispiele<\/strong>: Wir bieten Ihnen klare und verst\u00e4ndliche Erkl\u00e4rungen der komplexen Vorgaben des EU AI Act. Anhand konkreter Praxisbeispiele zeigen wir Ihnen, wie diese Vorgaben in Ihrem Unternehmen umgesetzt werden k\u00f6nnen.<\/li>\n<li><strong>Rechtskonformit\u00e4t sicherstellen:<\/strong> Erfahren Sie, welche rechtlichen Anforderungen Ihr Unternehmen k\u00fcnftig erf\u00fcllen muss, um Bu\u00dfgelder und rechtliche Konsequenzen zu vermeiden. Wir helfen Ihnen, eine Strategie zu entwickeln, die sicherstellt, dass Ihre KI-Systeme den neuen Vorschriften entsprechen.<\/li>\n<li><strong>Kennzeichnung und Transparenz<\/strong>: Lernen Sie, welche Informationen Sie gegen\u00fcber Nutzern und Kunden offenlegen m\u00fcssen. Wir erl\u00e4utern, wie eine korrekte Kennzeichnung Ihrer KI-Systeme aussieht und welche Vorteile dies f\u00fcr das Vertrauen Ihrer Kunden bietet.<\/li>\n<li><strong>Risikomanagement und Compliance<\/strong>: Unser Workshop vermittelt Ihnen, wie Sie ein effektives Risikomanagement f\u00fcr Ihre KI-Anwendungen aufbauen. Sie erhalten wertvolle Tipps zur Implementierung von Compliance-Ma\u00dfnahmen, die Ihnen helfen, die neuen gesetzlichen Anforderungen zu erf\u00fcllen.<\/li>\n<li><strong>Wettbewerbsvorteile sichern<\/strong>: Indem Sie fr\u00fchzeitig die Anforderungen des EU AI Act umsetzen, positionieren Sie sich als Vorreiter in Ihrer Branche. Dies kann Ihnen einen erheblichen Wettbewerbsvorteil verschaffen und das Vertrauen Ihrer Stakeholder st\u00e4rken.<\/li>\n<li><strong>Interaktive Lernmethoden<\/strong>: Profitieren Sie von einem interaktiven Lernansatz, der Ihnen erm\u00f6glicht, das Gelernte direkt in die Praxis umzusetzen. Unsere Experten stehen Ihnen w\u00e4hrend des Workshops f\u00fcr Fragen zur Verf\u00fcgung.<\/li>\n<\/ol>\n<p>Bereiten Sie sich gemeinsam mit uns optimal auf die Anforderungen des EU AI Act vor und sichern Sie sich die Zukunftsf\u00e4higkeit Ihres Unternehmens. Nehmen Sie an unserem digitalen Workshop teil und legen Sie den Grundstein f\u00fcr eine erfolgreiche und rechtskonforme Nutzung von K\u00fcnstlicher Intelligenz.<\/p>\n<\/div><\/section>\n<\/div><\/div><\/div><!-- close content main div --><\/div><\/div><div id='referenten'  class='avia-section av-17ucxhj-3ee926ad684304918d435a8e02aa1f68 main_color avia-section-default avia-no-shadow  avia-builder-el-14  el_after_av_section  el_before_av_section  avia-bg-style-scroll container_wrap fullsize'  ><div class='container av-section-cont-open' ><div class='template-page content  av-content-full alpha units'><div class='post-entry post-entry-type-page post-entry-16088'><div class='entry-content-wrapper clearfix'>\n\n<style type=\"text\/css\" data-created_by=\"avia_inline_auto\" id=\"style-css-av-16us2dj-6ee74e4ca7cb063cbef93c3ca5074c74\">\n#top .av-special-heading.av-16us2dj-6ee74e4ca7cb063cbef93c3ca5074c74{\npadding-bottom:25px;\n}\nbody .av-special-heading.av-16us2dj-6ee74e4ca7cb063cbef93c3ca5074c74 .av-special-heading-tag .heading-char{\nfont-size:25px;\n}\n.av-special-heading.av-16us2dj-6ee74e4ca7cb063cbef93c3ca5074c74 .av-subheading{\nfont-size:15px;\n}\n<\/style>\n<div  class='av-special-heading av-16us2dj-6ee74e4ca7cb063cbef93c3ca5074c74 av-special-heading-h2 blockquote modern-quote  avia-builder-el-15  el_before_av_one_third  avia-builder-el-first '><h2 class='av-special-heading-tag '  itemprop=\"headline\"  >Vortragende<\/h2><div class='av-subheading av-subheading_below'><p>Freuen Sie sich auf:<\/p>\n<\/div><div class=\"special-heading-border\"><div class=\"special-heading-inner-border\"><\/div><\/div><\/div>\n\n<style type=\"text\/css\" data-created_by=\"avia_inline_auto\" id=\"style-css-av-s8jtlj-ab8e9c85233ee699750ceae627311256\">\n.flex_column.av-s8jtlj-ab8e9c85233ee699750ceae627311256{\nborder-radius:0px 0px 0px 0px;\npadding:0px 0px 0px 0px;\n}\n<\/style>\n<div  class='flex_column av-s8jtlj-ab8e9c85233ee699750ceae627311256 av_one_third  avia-builder-el-16  el_after_av_heading  el_before_av_one_third  first flex_column_div av-zero-column-padding  '     ><p><section  class='avia-team-member av-lsefz5fq-b6ead16802387cab3d29b167d40d90e6  avia-builder-el-17  el_before_av_toggle_container  avia-builder-el-first '  itemscope=\"itemscope\" itemtype=\"https:\/\/schema.org\/Person\" ><div class=\"team-img-container\"><img decoding=\"async\" fetchpriority=\"high\" class='wp-image-16377 avia-img-lazy-loading-not-16377 avia_image avia_image_team' src=\"https:\/\/dfvcg-events.de\/digital-talk\/wp-content\/uploads\/sites\/14\/2024\/05\/Kaulartz-Markus-CMS-web.jpg\" alt='Dr. Markus Kaulartz'  itemprop=\"image\"   height=\"800\" width=\"600\" srcset=\"https:\/\/dfvcg-events.de\/digital-talk\/wp-content\/uploads\/sites\/14\/2024\/05\/Kaulartz-Markus-CMS-web.jpg 600w, https:\/\/dfvcg-events.de\/digital-talk\/wp-content\/uploads\/sites\/14\/2024\/05\/Kaulartz-Markus-CMS-web-529x705.jpg 529w\" sizes=\"(max-width: 600px) 100vw, 600px\" \/><\/div><h3 class='team-member-name '  itemprop=\"name\" >Dr. Markus Kaulartz<\/h3><div class='team-member-job-title '  itemprop=\"jobTitle\" >Rechtsanwalt &amp; Partner, CMS Hasche Sigle Partnerschaft von Rechtsanw\u00e4lten und Steuerberatern mbB<\/div><span class='hidden team-member-affiliation'  itemprop=\"affiliation\" >Digital Talk<\/span><\/section><br \/>\n<div  class='togglecontainer av-lvezjeu1-1630ccff9c0ec8e118f4dfb325e4a54a  avia-builder-el-18  el_after_av_team_member  avia-builder-el-last  toggle_close_all' >\n<section class='av_toggle_section av-lvezje8k-a666f9fe744eacca48d5b15bbef9e90d'  itemscope=\"itemscope\" itemtype=\"https:\/\/schema.org\/CreativeWork\" ><div role=\"tablist\" class=\"single_toggle\" data-tags=\"{Alle} \"  ><p id='toggle-toggle-id-1' data-fake-id='#toggle-id-1' class='toggler  av-title-above '  itemprop=\"headline\"  role='tab' tabindex='0' aria-controls='toggle-id-1' data-slide-speed=\"200\" data-title=\"Info\" data-title-open=\"\" data-aria_collapsed=\"Click to expand: Info\" data-aria_expanded=\"Click to collapse: Info\">Info<span class=\"toggle_icon\"><span class=\"vert_icon\"><\/span><span class=\"hor_icon\"><\/span><\/span><\/p><div id='toggle-id-1' aria-labelledby='toggle-toggle-id-1' role='region' class='toggle_wrap  av-title-above'  ><div class='toggle_content invers-color '  itemprop=\"text\" ><p>Markus Kaulartz hat sich spezialisiert auf alle Themen rund um K\u00fcnstliche Intelligenz (KI), daneben auf das klassische IT-Recht. Der Schwerpunkt seiner Arbeit liegt auf Vertragsverhandlungen, rechtskonformen KI-Anwendungen (z. B. datenschutzkonforme Trainings von Modellen), der Gestaltung von tokenbasierten Gesch\u00e4ftsmodellen, Decentralized Autonomous Organizsations (DAOs), Decentralized Finance (DeFi), Kryptob\u00f6rsen (Crypto Exchanges, DEXes), dem Metaverse und den rechtlichen Pr\u00fcfungen von Smart Contracts (Legal Audits). Daneben stellt er sich den rechtlichen Herausforderungen der zunehmenden Digitalisierung (FinTech, Machine Learning, Generative AI, IoT, Smart Contracts, SaaS etc.). Als ehemaliger Softwareentwickler verf\u00fcgt er \u00fcber profundes technisches Grundverst\u00e4ndnis, das in seine Rechtsberatungspraxis an der Schnittstelle von Technik und Recht einflie\u00dft. Aufgrund seines technischen Hintergrundes und seiner Erfahrung ist er mit den typischen rechtlichen Herausforderungen von Tech-Unternehmen vertraut, spricht deren Sprache und verf\u00fcgt \u00fcber umfangreiche Branchenkenntnisse. Er ist au\u00dferdem Herausgeber des Rechtshandbuches \u201eSmart Contracts\u201c (2019, 26 Autoren) und des Rechtshandbuches \u201eArtificial Intelligence und Machine Learning\u201c (2020, 49 Autoren), die beide im Verlag C.H. Beck erschienen sind.<\/p>\n<p>Markus Kaulartz stieg Anfang 2014 bei CMS ein, seit 2022 ist er Partner der Soziet\u00e4t.<\/p>\n<\/div><\/div><\/div><\/section>\n<\/div><\/p><\/div>\n<style type=\"text\/css\" data-created_by=\"avia_inline_auto\" id=\"style-css-av-28vml7c-1d21a5e4983f6af3654b39a598240906\">\n.flex_column.av-28vml7c-1d21a5e4983f6af3654b39a598240906{\nborder-radius:0px 0px 0px 0px;\npadding:0px 0px 0px 0px;\n}\n<\/style>\n<div  class='flex_column av-28vml7c-1d21a5e4983f6af3654b39a598240906 av_one_third  avia-builder-el-19  el_after_av_one_third  avia-builder-el-last  flex_column_div av-zero-column-padding  '     ><p><section  class='avia-team-member av-59gh3s-01dc8eb728a60e34708e82ddb3850cfa  avia-builder-el-20  el_before_av_toggle_container  avia-builder-el-first '  itemscope=\"itemscope\" itemtype=\"https:\/\/schema.org\/Person\" ><div class=\"team-img-container\"><img decoding=\"async\" fetchpriority=\"high\" class='wp-image-12678 avia-img-lazy-loading-not-12678 avia_image avia_image_team' src=\"https:\/\/dfvcg-events.de\/digital-talk\/wp-content\/uploads\/sites\/14\/2023\/09\/van-Rinsum_Helmut_2023_web.jpg\" alt='Moderation: Helmut van Rinsum'  itemprop=\"image\"   height=\"800\" width=\"600\" \/><\/div><h3 class='team-member-name '  itemprop=\"name\" >Moderation: Helmut van Rinsum<\/h3><div class='team-member-job-title '  itemprop=\"jobTitle\" >Fachjournalist Medien, Marketing, KI und Tech<\/div><span class='hidden team-member-affiliation'  itemprop=\"affiliation\" >Digital Talk<\/span><\/section><br \/>\n<div  class='togglecontainer av-1447iig-3f74fef65e01c5c33c9903aaaebb0a32  avia-builder-el-21  el_after_av_team_member  avia-builder-el-last  toggle_close_all' >\n<section class='av_toggle_section av-wtncqg-b9b0c53ac781835c059a42b437b7f567'  itemscope=\"itemscope\" itemtype=\"https:\/\/schema.org\/CreativeWork\" ><div role=\"tablist\" class=\"single_toggle\" data-tags=\"{Alle} \"  ><p id='toggle-toggle-id-2' data-fake-id='#toggle-id-2' class='toggler  av-title-above '  itemprop=\"headline\"  role='tab' tabindex='0' aria-controls='toggle-id-2' data-slide-speed=\"200\" data-title=\"Info\" data-title-open=\"\" data-aria_collapsed=\"Click to expand: Info\" data-aria_expanded=\"Click to collapse: Info\">Info<span class=\"toggle_icon\"><span class=\"vert_icon\"><\/span><span class=\"hor_icon\"><\/span><\/span><\/p><div id='toggle-id-2' aria-labelledby='toggle-toggle-id-2' role='region' class='toggle_wrap  av-title-above'  ><div class='toggle_content invers-color '  itemprop=\"text\" ><p>Helmut van Rinsum berichtet als Fachjournalist seit vielen Jahren \u00fcber Medien, Marketing, KI und Tech. Er schreibt regelm\u00e4\u00dfig f\u00fcr die Titel der dfv Mediengruppe. Zudem ist er Herausgeber des Newsletters \u201eK\u00fcnstliche Intelligenz im Marketing\u201c sowie des dazugeh\u00f6rigen Blogs. Van Rinsum lebt mit seiner Familie in M\u00fcnchen. Er studierte Publizistik an der LMU M\u00fcnchen und der FU Berlin. Seine journalistische Laufbahn startete er u.a. beim Rundfunk, wo er in f\u00fchrenden Positionen in der Nachrichtenredaktion t\u00e4tig war.<\/p>\n<\/div><\/div><\/div><\/section>\n<\/div><\/p><\/div>\n<\/p>\n<\/div><\/div><\/div><!-- close content main div --><\/div><\/div><div id='anmelden'  class='avia-section av-kawtoycl-1-b06506d3f004b7712fe681922b309195 main_color avia-section-default avia-no-shadow  avia-builder-el-22  el_after_av_section  el_before_av_section  avia-bg-style-scroll container_wrap fullsize'  ><div class='container av-section-cont-open' ><div class='template-page content  av-content-full alpha units'><div class='post-entry post-entry-type-page post-entry-16088'><div class='entry-content-wrapper clearfix'>\n\n<style type=\"text\/css\" data-created_by=\"avia_inline_auto\" id=\"style-css-av-24jcbm-8c324757c17a2c614a074b796b39e0e9\">\n#top .av-special-heading.av-24jcbm-8c324757c17a2c614a074b796b39e0e9{\npadding-bottom:25px;\n}\nbody .av-special-heading.av-24jcbm-8c324757c17a2c614a074b796b39e0e9 .av-special-heading-tag .heading-char{\nfont-size:25px;\n}\n.av-special-heading.av-24jcbm-8c324757c17a2c614a074b796b39e0e9 .av-subheading{\nfont-size:15px;\n}\n<\/style>\n<div  class='av-special-heading av-24jcbm-8c324757c17a2c614a074b796b39e0e9 av-special-heading-h2 blockquote modern-quote  avia-builder-el-23  el_before_av_codeblock  avia-builder-el-first '><h2 class='av-special-heading-tag '  itemprop=\"headline\"  >Jetzt anmelden<\/h2><div class='av-subheading av-subheading_below'><p>Vielen Dank f\u00fcr Ihr Interesse!<\/p>\n<\/div><div class=\"special-heading-border\"><div class=\"special-heading-inner-border\"><\/div><\/div><\/div>\n\n\n<\/div><\/div><\/div><!-- close content main div --><\/div><\/div><div id='av_section_6'  class='avia-section av-55yknhf-c49b15a7cdc58e9a45b0476fcfb56e3b main_color avia-section-default avia-no-shadow  avia-builder-el-25  el_after_av_section  el_before_av_section  avia-bg-style-scroll container_wrap fullsize'  ><div class='container av-section-cont-open' ><div class='template-page content  av-content-full alpha units'><div class='post-entry post-entry-type-page post-entry-16088'><div class='entry-content-wrapper clearfix'>\n\n<style type=\"text\/css\" data-created_by=\"avia_inline_auto\" id=\"style-css-av-506b82r-d5ab7d8eaa6c7c093bd209b923c8ca5e\">\n#top .av-special-heading.av-506b82r-d5ab7d8eaa6c7c093bd209b923c8ca5e{\npadding-bottom:25px;\n}\nbody .av-special-heading.av-506b82r-d5ab7d8eaa6c7c093bd209b923c8ca5e .av-special-heading-tag .heading-char{\nfont-size:25px;\n}\n.av-special-heading.av-506b82r-d5ab7d8eaa6c7c093bd209b923c8ca5e .av-subheading{\nfont-size:15px;\n}\n<\/style>\n<div  class='av-special-heading av-506b82r-d5ab7d8eaa6c7c093bd209b923c8ca5e av-special-heading-h2 blockquote modern-quote  avia-builder-el-26  el_before_av_textblock  avia-builder-el-first '><h2 class='av-special-heading-tag '  itemprop=\"headline\"  >Gut zu wissen<\/h2><div class='av-subheading av-subheading_below'><p>Wichtige Informationen rund um Ihre digitale Teilnahme<\/p>\n<\/div><div class=\"special-heading-border\"><div class=\"special-heading-inner-border\"><\/div><\/div><\/div>\n<section  class='av_textblock_section av-4gfyy83-40f5f91a17c9dfbcfc33498ae52b089a '   itemscope=\"itemscope\" itemtype=\"https:\/\/schema.org\/CreativeWork\" ><div class='avia_textblock'  itemprop=\"text\" ><p>Nach Ihrer Registrierung erhalten Sie Ihre Anmeldebest\u00e4tigung sowie einen Link f\u00fcr Ihren Kalendereintrag. Die Zugangsdaten zum Einloggen erhalten Sie rechtzeitig vor Beginn des Digital Talks.<\/p>\n<\/div><\/section>\n\n<\/div><\/div><\/div><!-- close content main div --><\/div><\/div><div id='av_section_7'  class='avia-section av-lty2lth2-e8d93158b7a88c5a2d1e5bee8f99a47d main_color avia-section-default avia-no-shadow  avia-builder-el-28  el_after_av_section  el_before_av_section  avia-bg-style-scroll container_wrap fullsize'  ><div class='container av-section-cont-open' ><div class='template-page content  av-content-full alpha units'><div class='post-entry post-entry-type-page post-entry-16088'><div class='entry-content-wrapper clearfix'>\n\n<style type=\"text\/css\" data-created_by=\"avia_inline_auto\" id=\"style-css-av-lty2m27w-c8689d7e64a5324cc1d15ebbb98c3443\">\n#top .av-special-heading.av-lty2m27w-c8689d7e64a5324cc1d15ebbb98c3443{\npadding-bottom:25px;\n}\nbody .av-special-heading.av-lty2m27w-c8689d7e64a5324cc1d15ebbb98c3443 .av-special-heading-tag .heading-char{\nfont-size:25px;\n}\n.av-special-heading.av-lty2m27w-c8689d7e64a5324cc1d15ebbb98c3443 .av-subheading{\nfont-size:15px;\n}\n<\/style>\n<div  class='av-special-heading av-lty2m27w-c8689d7e64a5324cc1d15ebbb98c3443 av-special-heading-h2 blockquote modern-quote  avia-builder-el-29  el_before_av_one_fourth  avia-builder-el-first '><h2 class='av-special-heading-tag '  itemprop=\"headline\"  >Ein Business-Event von<\/h2><div class=\"special-heading-border\"><div class=\"special-heading-inner-border\"><\/div><\/div><\/div>\n<div  class='flex_column av-40kds4-1f9b448d6bbc2c92ca5f340995066b8a av_one_fourth  avia-builder-el-30  el_after_av_heading  avia-builder-el-last  flex_column_div  '     ><style type=\"text\/css\" data-created_by=\"avia_inline_auto\" id=\"style-css-av-s84u90-ef30b4f288604e6c53623642f72278df\">\n.avia-image-container.av-s84u90-ef30b4f288604e6c53623642f72278df img.avia_image{\nbox-shadow:none;\n}\n.avia-image-container.av-s84u90-ef30b4f288604e6c53623642f72278df .av-image-caption-overlay-center{\ncolor:#ffffff;\n}\n<\/style>\n<div  class='avia-image-container av-s84u90-ef30b4f288604e6c53623642f72278df av-styling- av-img-linked avia-align-center  avia-builder-el-31  avia-builder-el-no-sibling '   itemprop=\"image\" itemscope=\"itemscope\" itemtype=\"https:\/\/schema.org\/ImageObject\" ><div class=\"avia-image-container-inner\"><div class=\"avia-image-overlay-wrap\"><a href=\"https:\/\/dfvcg-events.de\/\" class='avia_image '  target=\"_blank\"  rel=\"noopener noreferrer\" aria-label='dfvCG_Logo_ab_062023_800x600_WEB'><img decoding=\"async\" fetchpriority=\"high\" class='wp-image-12261 avia-img-lazy-loading-not-12261 avia_image ' src=\"https:\/\/dfvcg-events.de\/digital-talk\/wp-content\/uploads\/sites\/14\/2023\/08\/dfvCG_Logo_ab_062023_800x600_WEB-1.jpg\" alt='' title='dfvCG_Logo_ab_062023_800x600_WEB'  height=\"600\" width=\"800\"  itemprop=\"thumbnailUrl\"  \/><\/a><\/div><\/div><\/div><\/div>\n\n<\/div><\/div><\/div><!-- close content main div --><\/div><\/div><div id='av_section_8'  class='avia-section av-di8ztv-49f045c4e7cb8832e03958a98da893b2 main_color avia-section-default avia-no-shadow  avia-builder-el-32  el_after_av_section  avia-builder-el-last  avia-bg-style-scroll container_wrap fullsize'  ><div class='container av-section-cont-open' ><div class='template-page content  av-content-full alpha units'><div class='post-entry post-entry-type-page post-entry-16088'><div class='entry-content-wrapper clearfix'>\n\n<style type=\"text\/css\" data-created_by=\"avia_inline_auto\" id=\"style-css-av-3iv6kpv-40380dda22c837ef9e4caae9dd7e80fd\">\n#top .av-special-heading.av-3iv6kpv-40380dda22c837ef9e4caae9dd7e80fd{\npadding-bottom:25px;\n}\nbody .av-special-heading.av-3iv6kpv-40380dda22c837ef9e4caae9dd7e80fd .av-special-heading-tag .heading-char{\nfont-size:25px;\n}\n.av-special-heading.av-3iv6kpv-40380dda22c837ef9e4caae9dd7e80fd .av-subheading{\nfont-size:15px;\n}\n<\/style>\n<div  class='av-special-heading av-3iv6kpv-40380dda22c837ef9e4caae9dd7e80fd av-special-heading-h2 blockquote modern-quote  avia-builder-el-33  el_before_av_one_third  avia-builder-el-first '><h2 class='av-special-heading-tag '  itemprop=\"headline\"  >Ihre Ansprechpartner:innen<\/h2><div class='av-subheading av-subheading_below'><p>Wir sind f\u00fcr Sie da<\/p>\n<\/div><div class=\"special-heading-border\"><div class=\"special-heading-inner-border\"><\/div><\/div><\/div>\n\n<style type=\"text\/css\" data-created_by=\"avia_inline_auto\" id=\"style-css-av-3626n0j-f8f2912c4ae01d29d4e7d6ee5c935ca3\">\n.flex_column.av-3626n0j-f8f2912c4ae01d29d4e7d6ee5c935ca3{\nborder-radius:0px 0px 0px 0px;\npadding:0px 0px 0px 0px;\n}\n<\/style>\n<div  class='flex_column av-3626n0j-f8f2912c4ae01d29d4e7d6ee5c935ca3 av_one_third  avia-builder-el-34  el_after_av_heading  el_before_av_one_third  first flex_column_div av-zero-column-padding  '     ><section  class='av_textblock_section av-2lmu5r7-60fb4b6c4c82e4956d6062dc4dff4185 '   itemscope=\"itemscope\" itemtype=\"https:\/\/schema.org\/CreativeWork\" ><div class='avia_textblock'  itemprop=\"text\" ><p><strong>Programm<\/strong><\/p>\n<p>Irina Kolev<strong><br \/>\n<\/strong><a href=\"&#109;&#x61;i&#108;&#x74;o&#58;&#x69;r&#105;&#x6e;a&#46;&#x6b;&#111;&#x6c;&#x65;&#118;&#x40;&#x64;&#102;&#x76;c&#103;&#x2e;d&#101;\">&#x69;&#114;i&#x6e;&#x61;&#46;k&#x6f;&#x6c;&#101;v&#x40;&#100;f&#x76;&#x63;&#103;&#46;&#x64;&#x65;<\/a><br \/>\n+49 69 7595 3043<\/p>\n<\/div><\/section><\/div>\n<style type=\"text\/css\" data-created_by=\"avia_inline_auto\" id=\"style-css-av-21jeclf-44f3cbe0bf348f4764813bfb86b5bf82\">\n.flex_column.av-21jeclf-44f3cbe0bf348f4764813bfb86b5bf82{\nborder-radius:0px 0px 0px 0px;\npadding:0px 0px 0px 0px;\n}\n<\/style>\n<div  class='flex_column av-21jeclf-44f3cbe0bf348f4764813bfb86b5bf82 av_one_third  avia-builder-el-36  el_after_av_one_third  el_before_av_one_third  flex_column_div av-zero-column-padding  '     ><section  class='av_textblock_section av-1tp910j-93d429135b6e4f1de77540eb84bd099b '   itemscope=\"itemscope\" itemtype=\"https:\/\/schema.org\/CreativeWork\" ><div class='avia_textblock'  itemprop=\"text\" ><p><strong>Organisation<\/strong><\/p>\n<p>Marie Hartmann<br \/>\n<a href=\"&#x6d;&#97;i&#x6c;&#116;o&#x3a;&#109;a&#x72;&#x69;&#101;&#x2e;&#x68;&#97;r&#x74;&#109;a&#x6e;&#110;&#64;&#x64;&#x66;&#118;&#x63;&#x67;&#46;d&#x65;\">&#109;&#97;&#x72;&#x69;&#101;&#46;&#x68;&#x61;&#114;&#116;&#x6d;&#x61;&#110;&#110;&#x40;&#x64;&#102;&#118;&#x63;&#x67;&#46;&#100;&#x65;<\/a><br \/>\n+49 69 7595 3028<\/p>\n<\/div><\/section><\/div>\n<style type=\"text\/css\" data-created_by=\"avia_inline_auto\" id=\"style-css-av-psuoys-4edc25e218ce6adbf1fe360f47920ed5\">\n.flex_column.av-psuoys-4edc25e218ce6adbf1fe360f47920ed5{\nborder-radius:0px 0px 0px 0px;\npadding:0px 0px 0px 0px;\n}\n<\/style>\n<div  class='flex_column av-psuoys-4edc25e218ce6adbf1fe360f47920ed5 av_one_third  avia-builder-el-38  el_after_av_one_third  avia-builder-el-last  flex_column_div av-zero-column-padding  '     ><section  class='av_textblock_section av-luwuma6l-64fcccf226f77fc6506e0329dd4ae753 '   itemscope=\"itemscope\" itemtype=\"https:\/\/schema.org\/CreativeWork\" ><div class='avia_textblock'  itemprop=\"text\" ><p><strong>Marketing &amp; Social Media<\/strong><\/p>\n<p>Sina Goy<br \/>\n<a href=\"&#x6d;&#x61;&#105;&#108;&#116;o&#x3a;&#x25;&#x32;&#48;&#115;in&#x61;&#x2e;&#x67;&#111;&#121;&#64;&#x64;&#x66;&#x76;&#99;&#103;&#46;d&#x65;\">sina&#46;&#103;&#111;&#121;&#64;&#x64;&#x66;&#x76;&#x63;&#x67;&#x2e;&#x64;e<\/a><br \/>\n+49 69 7595 1904<\/p>\n<\/div><\/section><\/div>\n\n","protected":false},"excerpt":{"rendered":"<p>25. Juni 2024<br \/>\n10:00 \u2013 11:30 Uhr<\/p>\n","protected":false},"author":10,"featured_media":16089,"comment_status":"closed","ping_status":"closed","template":"","meta":{"footnotes":""},"tags":[],"portfolio_entries":[47],"class_list":["post-16088","portfolio","type-portfolio","status-publish","has-post-thumbnail","hentry","portfolio_entries-archiv"],"yoast_head":"<!-- This site is optimized with the Yoast SEO plugin v27.4 - https:\/\/yoast.com\/product\/yoast-seo-wordpress\/ -->\n<title>digital workshop: EU AI Act - Digital Talk<\/title>\n<meta name=\"description\" content=\"Live. Aktuell. Inspirierend: digital workshop: EU AI Act\" \/>\n<meta name=\"robots\" content=\"index, follow, max-snippet:-1, max-image-preview:large, max-video-preview:-1\" \/>\n<link rel=\"canonical\" href=\"https:\/\/dfvcg-events.de\/digital-talk\/veranstaltung\/digital-workshop-eu-ai-act\/\" \/>\n<meta property=\"og:locale\" content=\"de_DE\" \/>\n<meta property=\"og:type\" content=\"article\" \/>\n<meta property=\"og:title\" content=\"digital workshop: EU AI Act - Digital Talk\" \/>\n<meta property=\"og:description\" content=\"Live. Aktuell. Inspirierend: digital workshop: EU AI Act\" \/>\n<meta property=\"og:url\" content=\"https:\/\/dfvcg-events.de\/digital-talk\/veranstaltung\/digital-workshop-eu-ai-act\/\" \/>\n<meta property=\"og:site_name\" content=\"Digital Talk\" \/>\n<meta property=\"article:modified_time\" content=\"2024-06-27T12:24:21+00:00\" \/>\n<meta property=\"og:image\" content=\"https:\/\/dfvcg-events.de\/digital-talk\/wp-content\/uploads\/sites\/14\/2024\/05\/dfvcg-Teaser-digiWork-KiRecht-800x800-1.jpg\" \/>\n\t<meta property=\"og:image:width\" content=\"800\" \/>\n\t<meta property=\"og:image:height\" content=\"800\" \/>\n\t<meta property=\"og:image:type\" content=\"image\/jpeg\" \/>\n<meta name=\"twitter:card\" content=\"summary_large_image\" \/>\n<meta name=\"twitter:label1\" content=\"Gesch\u00e4tzte Lesezeit\" \/>\n\t<meta name=\"twitter:data1\" content=\"5\u00a0Minuten\" \/>\n<script type=\"application\/ld+json\" class=\"yoast-schema-graph\">{\"@context\":\"https:\\\/\\\/schema.org\",\"@graph\":[{\"@type\":\"WebPage\",\"@id\":\"https:\\\/\\\/dfvcg-events.de\\\/digital-talk\\\/veranstaltung\\\/digital-workshop-eu-ai-act\\\/\",\"url\":\"https:\\\/\\\/dfvcg-events.de\\\/digital-talk\\\/veranstaltung\\\/digital-workshop-eu-ai-act\\\/\",\"name\":\"digital workshop: EU AI Act - Digital Talk\",\"isPartOf\":{\"@id\":\"https:\\\/\\\/dfvcg-events.de\\\/digital-talk\\\/#website\"},\"primaryImageOfPage\":{\"@id\":\"https:\\\/\\\/dfvcg-events.de\\\/digital-talk\\\/veranstaltung\\\/digital-workshop-eu-ai-act\\\/#primaryimage\"},\"image\":{\"@id\":\"https:\\\/\\\/dfvcg-events.de\\\/digital-talk\\\/veranstaltung\\\/digital-workshop-eu-ai-act\\\/#primaryimage\"},\"thumbnailUrl\":\"https:\\\/\\\/dfvcg-events.de\\\/digital-talk\\\/wp-content\\\/uploads\\\/sites\\\/14\\\/2024\\\/05\\\/dfvcg-Teaser-digiWork-KiRecht-800x800-1.jpg\",\"datePublished\":\"2024-05-06T14:45:41+00:00\",\"dateModified\":\"2024-06-27T12:24:21+00:00\",\"description\":\"Live. Aktuell. Inspirierend: digital workshop: EU AI Act\",\"breadcrumb\":{\"@id\":\"https:\\\/\\\/dfvcg-events.de\\\/digital-talk\\\/veranstaltung\\\/digital-workshop-eu-ai-act\\\/#breadcrumb\"},\"inLanguage\":\"de\",\"potentialAction\":[{\"@type\":\"ReadAction\",\"target\":[\"https:\\\/\\\/dfvcg-events.de\\\/digital-talk\\\/veranstaltung\\\/digital-workshop-eu-ai-act\\\/\"]}]},{\"@type\":\"ImageObject\",\"inLanguage\":\"de\",\"@id\":\"https:\\\/\\\/dfvcg-events.de\\\/digital-talk\\\/veranstaltung\\\/digital-workshop-eu-ai-act\\\/#primaryimage\",\"url\":\"https:\\\/\\\/dfvcg-events.de\\\/digital-talk\\\/wp-content\\\/uploads\\\/sites\\\/14\\\/2024\\\/05\\\/dfvcg-Teaser-digiWork-KiRecht-800x800-1.jpg\",\"contentUrl\":\"https:\\\/\\\/dfvcg-events.de\\\/digital-talk\\\/wp-content\\\/uploads\\\/sites\\\/14\\\/2024\\\/05\\\/dfvcg-Teaser-digiWork-KiRecht-800x800-1.jpg\",\"width\":800,\"height\":800},{\"@type\":\"BreadcrumbList\",\"@id\":\"https:\\\/\\\/dfvcg-events.de\\\/digital-talk\\\/veranstaltung\\\/digital-workshop-eu-ai-act\\\/#breadcrumb\",\"itemListElement\":[{\"@type\":\"ListItem\",\"position\":1,\"name\":\"Startseite\",\"item\":\"https:\\\/\\\/dfvcg-events.de\\\/digital-talk\\\/\"},{\"@type\":\"ListItem\",\"position\":2,\"name\":\"digital workshop: EU AI Act\"}]},{\"@type\":\"WebSite\",\"@id\":\"https:\\\/\\\/dfvcg-events.de\\\/digital-talk\\\/#website\",\"url\":\"https:\\\/\\\/dfvcg-events.de\\\/digital-talk\\\/\",\"name\":\"Digital Talk\",\"description\":\"dfv Conference Group\",\"publisher\":{\"@id\":\"https:\\\/\\\/dfvcg-events.de\\\/digital-talk\\\/#organization\"},\"potentialAction\":[{\"@type\":\"SearchAction\",\"target\":{\"@type\":\"EntryPoint\",\"urlTemplate\":\"https:\\\/\\\/dfvcg-events.de\\\/digital-talk\\\/?s={search_term_string}\"},\"query-input\":{\"@type\":\"PropertyValueSpecification\",\"valueRequired\":true,\"valueName\":\"search_term_string\"}}],\"inLanguage\":\"de\"},{\"@type\":\"Organization\",\"@id\":\"https:\\\/\\\/dfvcg-events.de\\\/digital-talk\\\/#organization\",\"name\":\"Digital Talks | dfv Conference Group\",\"url\":\"https:\\\/\\\/dfvcg-events.de\\\/digital-talk\\\/\",\"logo\":{\"@type\":\"ImageObject\",\"inLanguage\":\"de\",\"@id\":\"https:\\\/\\\/dfvcg-events.de\\\/digital-talk\\\/#\\\/schema\\\/logo\\\/image\\\/\",\"url\":\"https:\\\/\\\/dfvcg-events.de\\\/digital-talk\\\/wp-content\\\/uploads\\\/sites\\\/14\\\/2021\\\/02\\\/digital-talks-start.jpg\",\"contentUrl\":\"https:\\\/\\\/dfvcg-events.de\\\/digital-talk\\\/wp-content\\\/uploads\\\/sites\\\/14\\\/2021\\\/02\\\/digital-talks-start.jpg\",\"width\":800,\"height\":800,\"caption\":\"Digital Talks | dfv Conference Group\"},\"image\":{\"@id\":\"https:\\\/\\\/dfvcg-events.de\\\/digital-talk\\\/#\\\/schema\\\/logo\\\/image\\\/\"}}]}<\/script>\n<!-- \/ Yoast SEO plugin. -->","yoast_head_json":{"title":"digital workshop: EU AI Act - Digital Talk","description":"Live. Aktuell. Inspirierend: digital workshop: EU AI Act","robots":{"index":"index","follow":"follow","max-snippet":"max-snippet:-1","max-image-preview":"max-image-preview:large","max-video-preview":"max-video-preview:-1"},"canonical":"https:\/\/dfvcg-events.de\/digital-talk\/veranstaltung\/digital-workshop-eu-ai-act\/","og_locale":"de_DE","og_type":"article","og_title":"digital workshop: EU AI Act - Digital Talk","og_description":"Live. Aktuell. Inspirierend: digital workshop: EU AI Act","og_url":"https:\/\/dfvcg-events.de\/digital-talk\/veranstaltung\/digital-workshop-eu-ai-act\/","og_site_name":"Digital Talk","article_modified_time":"2024-06-27T12:24:21+00:00","og_image":[{"width":800,"height":800,"url":"https:\/\/dfvcg-events.de\/digital-talk\/wp-content\/uploads\/sites\/14\/2024\/05\/dfvcg-Teaser-digiWork-KiRecht-800x800-1.jpg","type":"image\/jpeg"}],"twitter_card":"summary_large_image","twitter_misc":{"Gesch\u00e4tzte Lesezeit":"5\u00a0Minuten"},"schema":{"@context":"https:\/\/schema.org","@graph":[{"@type":"WebPage","@id":"https:\/\/dfvcg-events.de\/digital-talk\/veranstaltung\/digital-workshop-eu-ai-act\/","url":"https:\/\/dfvcg-events.de\/digital-talk\/veranstaltung\/digital-workshop-eu-ai-act\/","name":"digital workshop: EU AI Act - Digital Talk","isPartOf":{"@id":"https:\/\/dfvcg-events.de\/digital-talk\/#website"},"primaryImageOfPage":{"@id":"https:\/\/dfvcg-events.de\/digital-talk\/veranstaltung\/digital-workshop-eu-ai-act\/#primaryimage"},"image":{"@id":"https:\/\/dfvcg-events.de\/digital-talk\/veranstaltung\/digital-workshop-eu-ai-act\/#primaryimage"},"thumbnailUrl":"https:\/\/dfvcg-events.de\/digital-talk\/wp-content\/uploads\/sites\/14\/2024\/05\/dfvcg-Teaser-digiWork-KiRecht-800x800-1.jpg","datePublished":"2024-05-06T14:45:41+00:00","dateModified":"2024-06-27T12:24:21+00:00","description":"Live. Aktuell. Inspirierend: digital workshop: EU AI Act","breadcrumb":{"@id":"https:\/\/dfvcg-events.de\/digital-talk\/veranstaltung\/digital-workshop-eu-ai-act\/#breadcrumb"},"inLanguage":"de","potentialAction":[{"@type":"ReadAction","target":["https:\/\/dfvcg-events.de\/digital-talk\/veranstaltung\/digital-workshop-eu-ai-act\/"]}]},{"@type":"ImageObject","inLanguage":"de","@id":"https:\/\/dfvcg-events.de\/digital-talk\/veranstaltung\/digital-workshop-eu-ai-act\/#primaryimage","url":"https:\/\/dfvcg-events.de\/digital-talk\/wp-content\/uploads\/sites\/14\/2024\/05\/dfvcg-Teaser-digiWork-KiRecht-800x800-1.jpg","contentUrl":"https:\/\/dfvcg-events.de\/digital-talk\/wp-content\/uploads\/sites\/14\/2024\/05\/dfvcg-Teaser-digiWork-KiRecht-800x800-1.jpg","width":800,"height":800},{"@type":"BreadcrumbList","@id":"https:\/\/dfvcg-events.de\/digital-talk\/veranstaltung\/digital-workshop-eu-ai-act\/#breadcrumb","itemListElement":[{"@type":"ListItem","position":1,"name":"Startseite","item":"https:\/\/dfvcg-events.de\/digital-talk\/"},{"@type":"ListItem","position":2,"name":"digital workshop: EU AI Act"}]},{"@type":"WebSite","@id":"https:\/\/dfvcg-events.de\/digital-talk\/#website","url":"https:\/\/dfvcg-events.de\/digital-talk\/","name":"Digital Talk","description":"dfv Conference Group","publisher":{"@id":"https:\/\/dfvcg-events.de\/digital-talk\/#organization"},"potentialAction":[{"@type":"SearchAction","target":{"@type":"EntryPoint","urlTemplate":"https:\/\/dfvcg-events.de\/digital-talk\/?s={search_term_string}"},"query-input":{"@type":"PropertyValueSpecification","valueRequired":true,"valueName":"search_term_string"}}],"inLanguage":"de"},{"@type":"Organization","@id":"https:\/\/dfvcg-events.de\/digital-talk\/#organization","name":"Digital Talks | dfv Conference Group","url":"https:\/\/dfvcg-events.de\/digital-talk\/","logo":{"@type":"ImageObject","inLanguage":"de","@id":"https:\/\/dfvcg-events.de\/digital-talk\/#\/schema\/logo\/image\/","url":"https:\/\/dfvcg-events.de\/digital-talk\/wp-content\/uploads\/sites\/14\/2021\/02\/digital-talks-start.jpg","contentUrl":"https:\/\/dfvcg-events.de\/digital-talk\/wp-content\/uploads\/sites\/14\/2021\/02\/digital-talks-start.jpg","width":800,"height":800,"caption":"Digital Talks | dfv Conference Group"},"image":{"@id":"https:\/\/dfvcg-events.de\/digital-talk\/#\/schema\/logo\/image\/"}}]}},"_links":{"self":[{"href":"https:\/\/dfvcg-events.de\/digital-talk\/wp-json\/wp\/v2\/portfolio\/16088","targetHints":{"allow":["GET"]}}],"collection":[{"href":"https:\/\/dfvcg-events.de\/digital-talk\/wp-json\/wp\/v2\/portfolio"}],"about":[{"href":"https:\/\/dfvcg-events.de\/digital-talk\/wp-json\/wp\/v2\/types\/portfolio"}],"author":[{"embeddable":true,"href":"https:\/\/dfvcg-events.de\/digital-talk\/wp-json\/wp\/v2\/users\/10"}],"replies":[{"embeddable":true,"href":"https:\/\/dfvcg-events.de\/digital-talk\/wp-json\/wp\/v2\/comments?post=16088"}],"version-history":[{"count":2,"href":"https:\/\/dfvcg-events.de\/digital-talk\/wp-json\/wp\/v2\/portfolio\/16088\/revisions"}],"predecessor-version":[{"id":18310,"href":"https:\/\/dfvcg-events.de\/digital-talk\/wp-json\/wp\/v2\/portfolio\/16088\/revisions\/18310"}],"wp:featuredmedia":[{"embeddable":true,"href":"https:\/\/dfvcg-events.de\/digital-talk\/wp-json\/wp\/v2\/media\/16089"}],"wp:attachment":[{"href":"https:\/\/dfvcg-events.de\/digital-talk\/wp-json\/wp\/v2\/media?parent=16088"}],"wp:term":[{"taxonomy":"post_tag","embeddable":true,"href":"https:\/\/dfvcg-events.de\/digital-talk\/wp-json\/wp\/v2\/tags?post=16088"},{"taxonomy":"portfolio_entries","embeddable":true,"href":"https:\/\/dfvcg-events.de\/digital-talk\/wp-json\/wp\/v2\/portfolio_entries?post=16088"}],"curies":[{"name":"wp","href":"https:\/\/api.w.org\/{rel}","templated":true}]}}