{"id":15041,"date":"2024-02-19T16:18:02","date_gmt":"2024-02-19T15:18:02","guid":{"rendered":"https:\/\/dfvcg-events.de\/digital-talk\/?post_type=portfolio&#038;p=15041"},"modified":"2024-04-11T13:59:43","modified_gmt":"2024-04-11T11:59:43","slug":"horizont-swiss-digital-talk-performence-marketing","status":"publish","type":"portfolio","link":"https:\/\/dfvcg-events.de\/digital-talk\/veranstaltung\/horizont-swiss-digital-talk-performence-marketing\/","title":{"rendered":"HORIZONT Swiss digital talk: Performence Marketing"},"content":{"rendered":"<div class='clear'><\/div><div id='sub_menu1'  class='av-submenu-container av-kawv0if6-b4e37991045abd8a15205f662d77aaf5 header_color av-switch-990  avia-builder-el-0  el_before_av_section  avia-builder-el-first  av-sticky-submenu container_wrap fullsize' style='z-index:301' ><div class='container av-menu-mobile-active av-submenu-pos-left'><a href=\"#\" class=\"mobile_menu_toggle\"><span class='avia-svg-icon avia-font-svg_entypo-fontello' data-av_svg_icon='list' data-av_iconset='svg_entypo-fontello'><svg version=\"1.1\" xmlns=\"http:\/\/www.w3.org\/2000\/svg\" width=\"22\" height=\"32\" viewBox=\"0 0 22 32\" preserveAspectRatio=\"xMidYMid meet\" aria-labelledby='av-svg-title-1' aria-describedby='av-svg-desc-1' role=\"graphics-symbol\" aria-hidden=\"true\">\n<title id='av-svg-title-1'>List<\/title>\n<desc id='av-svg-desc-1'>List<\/desc>\n<path d=\"M3.2 20.8q0.64 0 1.12 0.48t0.48 1.12-0.48 1.12-1.12 0.48h-1.6q-0.64 0-1.12-0.48t-0.48-1.12 0.448-1.12 1.152-0.48h1.6zM3.2 14.4q0.64 0 1.12 0.48t0.48 1.12-0.48 1.12-1.12 0.48h-1.6q-0.64 0-1.12-0.48t-0.48-1.12 0.448-1.12 1.152-0.48h1.6zM3.2 8q0.64 0 1.12 0.48t0.48 1.12-0.48 1.12-1.12 0.48h-1.6q-0.64 0-1.12-0.48t-0.48-1.12 0.448-1.12 1.152-0.48h1.6zM9.6 11.2q-0.64 0-1.12-0.48t-0.48-1.12 0.48-1.12 1.12-0.48h11.2q0.704 0 1.152 0.48t0.448 1.12-0.48 1.12-1.12 0.48h-11.2zM20.8 14.4q0.704 0 1.152 0.48t0.448 1.12-0.48 1.12-1.12 0.48h-11.2q-0.64 0-1.12-0.48t-0.48-1.12 0.48-1.12 1.12-0.48h11.2zM20.8 20.8q0.704 0 1.152 0.48t0.448 1.12-0.48 1.12-1.12 0.48h-11.2q-0.64 0-1.12-0.48t-0.48-1.12 0.48-1.12 1.12-0.48h11.2z\"><\/path>\n<\/svg><\/span><span class=\"av-current-placeholder\">Men\u00fc<\/span><\/a><ul id='av-custom-submenu-1' class='av-subnav-menu' role='menu'>\n<li class='menu-item av-2kckn4-d8dc538657b3c2d5a66620c5c72848ba menu-item-top-level av-menu-button av-menu-button-bordered menu-item-top-level-1' role='menuitem'><a href='https:\/\/dfvcg-events.de\/digital-talk\/'  ><span class='avia-bullet'><\/span><span class='avia-menu-text'>digital talks<\/span><\/a><\/li>\n<li class='menu-item av-cpa6i-60afd3868b4c19fdcd33cd8840889d39 menu-item-top-level av-menu-button av-menu-button-colored menu-item-top-level-2' role='menuitem'><a href='#anmelden'  ><span class='avia-bullet'><\/span><span class='avia-menu-text'>Jetzt anmelden<\/span><\/a><\/li>\n<li class='menu-item av-2u4alb-f20ce454771580f43fcd73782f3d49fd menu-item-top-level menu-item-top-level-3' role='menuitem'><a href='https:\/\/dfvcg-events.de\/digital-talk\/veranstaltung\/horizont-swiss-digital-talk-performence-marketing\/'  ><span class='avia-bullet'><\/span><span class='avia-menu-text'>Start<\/span><\/a><\/li>\n<li class='menu-item av-4qodp5-d1a802eb087186d77bb6eae8c4c1df30 menu-item-top-level menu-item-top-level-4' role='menuitem'><a href='#referenten'  ><span class='avia-bullet'><\/span><span class='avia-menu-text'>Referenten<\/span><\/a><\/li>\n<li class='menu-item av-luuxyhj5-471b573da9e33f04a3f148b0e6d170f5 menu-item-top-level menu-item-top-level-5' role='menuitem'><a href='https:\/\/dfvcg-events.de\/digital-talk\/download-center-horizont-swiss-performance-marketing\/'  ><span class='avia-bullet'><\/span><span class='avia-menu-text'>Download-Center<\/span><\/a><\/li>\n<\/ul><\/div><\/div><div class='sticky_placeholder'><\/div>\n<div id='av_section_1'  class='avia-section av-srk2y-112106500345416558fb7b75c6b4ce9b main_color avia-section-default avia-no-border-styling  avia-builder-el-1  el_after_av_submenu  el_before_av_one_fourth  avia-bg-style-scroll container_wrap fullsize'  ><div class='container av-section-cont-open' ><div class='template-page content  av-content-full alpha units'><div class='post-entry post-entry-type-page post-entry-15041'><div class='entry-content-wrapper clearfix'>\n<div class='flex_column_table av-prli-64bf6691d8e0f71fe37b32964844bca4 sc-av_two_fifth av-equal-height-column-flextable'>\n<style type=\"text\/css\" data-created_by=\"avia_inline_auto\" id=\"style-css-av-prli-64bf6691d8e0f71fe37b32964844bca4\">\n.flex_column.av-prli-64bf6691d8e0f71fe37b32964844bca4{\nborder-radius:0px 0px 0px 0px;\npadding:0px 0px 0px 0px;\n}\n<\/style>\n<div  class='flex_column av-prli-64bf6691d8e0f71fe37b32964844bca4 av_two_fifth  avia-builder-el-2  el_before_av_three_fifth  avia-builder-el-first  first flex_column_table_cell av-equal-height-column av-align-top av-zero-column-padding  '     ><style type=\"text\/css\" data-created_by=\"avia_inline_auto\" id=\"style-css-av-kgj4bohl-52a4d673fa53d012260b77deaa685815\">\n.avia-image-container.av-kgj4bohl-52a4d673fa53d012260b77deaa685815 img.avia_image{\nbox-shadow:none;\n}\n.avia-image-container.av-kgj4bohl-52a4d673fa53d012260b77deaa685815 .av-image-caption-overlay-center{\ncolor:#ffffff;\n}\n<\/style>\n<div  class='avia-image-container av-kgj4bohl-52a4d673fa53d012260b77deaa685815 av-styling- avia-align-center  avia-builder-el-3  avia-builder-el-no-sibling '   itemprop=\"image\" itemscope=\"itemscope\" itemtype=\"https:\/\/schema.org\/ImageObject\" ><div class=\"avia-image-container-inner\"><div class=\"avia-image-overlay-wrap\"><img decoding=\"async\" fetchpriority=\"high\" class='wp-image-15352 avia-img-lazy-loading-not-15352 avia_image ' src=\"https:\/\/dfvcg-events.de\/digital-talk\/wp-content\/uploads\/sites\/14\/2024\/02\/HORSwiss-PerformanceMarketing-800x800-1.jpg\" alt='' title='HORSwiss-PerformanceMarketing-800x800'  height=\"800\" width=\"800\"  itemprop=\"thumbnailUrl\" srcset=\"https:\/\/dfvcg-events.de\/digital-talk\/wp-content\/uploads\/sites\/14\/2024\/02\/HORSwiss-PerformanceMarketing-800x800-1.jpg 800w, https:\/\/dfvcg-events.de\/digital-talk\/wp-content\/uploads\/sites\/14\/2024\/02\/HORSwiss-PerformanceMarketing-800x800-1-705x705.jpg 705w\" sizes=\"(max-width: 800px) 100vw, 800px\" \/><\/div><\/div><\/div><\/div><div class='av-flex-placeholder'><\/div>\n<style type=\"text\/css\" data-created_by=\"avia_inline_auto\" id=\"style-css-av-k26i2v6p-2688042be07242d734261d0b65f3805f\">\n.flex_column.av-k26i2v6p-2688042be07242d734261d0b65f3805f{\nborder-radius:0px 0px 0px 0px;\npadding:0px 35px 0px 0px;\n}\n<\/style>\n<div  class='flex_column av-k26i2v6p-2688042be07242d734261d0b65f3805f av_three_fifth  avia-builder-el-4  el_after_av_two_fifth  avia-builder-el-last  flex_column_table_cell av-equal-height-column av-align-top  '     ><p>\n<style type=\"text\/css\" data-created_by=\"avia_inline_auto\" id=\"style-css-av-280ihu-d70a87ac7ff8c84a34dd19cea0661897\">\n#top .av-special-heading.av-280ihu-d70a87ac7ff8c84a34dd19cea0661897{\npadding-bottom:10px;\n}\nbody .av-special-heading.av-280ihu-d70a87ac7ff8c84a34dd19cea0661897 .av-special-heading-tag .heading-char{\nfont-size:25px;\n}\n.av-special-heading.av-280ihu-d70a87ac7ff8c84a34dd19cea0661897 .av-subheading{\nfont-size:19px;\n}\n<\/style>\n<div  class='av-special-heading av-280ihu-d70a87ac7ff8c84a34dd19cea0661897 av-special-heading-h1 blockquote modern-quote  avia-builder-el-5  el_before_av_textblock  avia-builder-el-first  av-linked-heading'><div class='av-subheading av-subheading_above'><p>HORIZONT Swiss digital talk<\/p>\n<\/div><h1 class='av-special-heading-tag '  itemprop=\"headline\"  >Performance Marketing: <\/h1><div class=\"special-heading-border\"><div class=\"special-heading-inner-border\"><\/div><\/div><\/div><br \/>\n<section  class='av_textblock_section av-ldwzwkno-1019c3ca7de21cd6de40c115e79c6c35 '   itemscope=\"itemscope\" itemtype=\"https:\/\/schema.org\/CreativeWork\" ><div class='avia_textblock'  itemprop=\"text\" ><p>Wie digitale Kan\u00e4le durch Performance \u00fcberzeugen k\u00f6nnen<\/p>\n<\/div><\/section><br \/>\n\n<style type=\"text\/css\" data-created_by=\"avia_inline_auto\" id=\"style-css-av-kk6mwm01-037156d19661e690621a40f8c43ccc78\">\n#top .av_textblock_section.av-kk6mwm01-037156d19661e690621a40f8c43ccc78 .avia_textblock{\nfont-size:21px;\n}\n<\/style>\n<section  class='av_textblock_section av-kk6mwm01-037156d19661e690621a40f8c43ccc78 '   itemscope=\"itemscope\" itemtype=\"https:\/\/schema.org\/CreativeWork\" ><div class='avia_textblock'  itemprop=\"text\" ><p>11. April 2024<br \/>\n10.30 \u2013 12.00 Uhr<\/p>\n<\/div><\/section><br \/>\n<div  class='hr av-kaz5acoo-b78fa01771143abfb53ff655947cbd6e hr-default  avia-builder-el-8  el_after_av_textblock  el_before_av_buttonrow '><span class='hr-inner '><span class=\"hr-inner-style\"><\/span><\/span><\/div><br \/>\n<div  class='avia-buttonrow-wrap av-kcn3m3gt-fff65312e5a8530eff99563e24d61bb2 avia-buttonrow-left  avia-builder-el-9  el_after_av_hr  avia-builder-el-last '>\n\n<style type=\"text\/css\" data-created_by=\"avia_inline_auto\" id=\"style-css-av-3k12xc-764af5c398ecf25f6345a48485071e12\">\n#top #wrap_all .avia-button.av-3k12xc-764af5c398ecf25f6345a48485071e12{\nmargin-bottom:5px;\nmargin-right:5px;\n}\n<\/style>\n<a href='#anmelden'  class='avia-button av-3k12xc-764af5c398ecf25f6345a48485071e12 avia-icon_select-yes-left-icon avia-size-large avia-color-theme-color'   aria-label=\"Jetzt anmelden!\"><span class='avia_button_icon avia_button_icon_left avia-iconfont avia-font-entypo-fontello' data-av_icon='\ue8cb' data-av_iconfont='entypo-fontello' ><\/span><span class='avia_iconbox_title' >Jetzt anmelden!<\/span><\/a>\n\n<style type=\"text\/css\" data-created_by=\"avia_inline_auto\" id=\"style-css-av-2000oy-fb4a7a7b13ecd56465b41ae1fd108112\">\n#top #wrap_all .avia-button.av-2000oy-fb4a7a7b13ecd56465b41ae1fd108112{\nbackground-color:#005fa8;\nborder-color:#005fa8;\ncolor:#ffffff;\ntransition:all 0.4s ease-in-out;\nmargin-bottom:5px;\nmargin-right:5px;\n}\n#top #wrap_all .avia-button.av-2000oy-fb4a7a7b13ecd56465b41ae1fd108112 .avia-svg-icon svg:first-child{\nfill:#ffffff;\nstroke:#ffffff;\n}\n<\/style>\n<a href='https:\/\/dfvcg-events.de\/digital-talk\/wp-content\/uploads\/sites\/14\/2024\/02\/HORIZONT-Swiss-digital-talkPerformance-Marketing-Wie-digitale-Kanaele-durch-1-1.ics'  class='avia-button av-2000oy-fb4a7a7b13ecd56465b41ae1fd108112 avia-icon_select-yes-left-icon avia-size-large'  target=\"_blank\"  rel=\"noopener noreferrer\"  aria-label=\"Save the Date\"><span class='avia_button_icon avia_button_icon_left avia-iconfont avia-font-entypo-fontello' data-av_icon='\ue85b' data-av_iconfont='entypo-fontello' ><\/span><span class='avia_iconbox_title' >Save the Date<\/span><\/a>\n<\/div><\/p><\/div><\/div><!--close column table wrapper. Autoclose: 1 -->\n<\/div><\/div><\/div><!-- close content main div --><\/div><\/div><div id='after_section_1'  class='main_color av_default_container_wrap container_wrap fullsize'  ><div class='container av-section-cont-open' ><div class='template-page content  av-content-full alpha units'><div class='post-entry post-entry-type-page post-entry-15041'><div class='entry-content-wrapper clearfix'>\n<div class='flex_column_table av-5ahw5o-4ee37be0e1bd57fdcf49afe2cb6e1e2b sc-av_one_fourth av-equal-height-column-flextable'>\n<style type=\"text\/css\" data-created_by=\"avia_inline_auto\" id=\"style-css-av-5ahw5o-4ee37be0e1bd57fdcf49afe2cb6e1e2b\">\n.flex_column.av-5ahw5o-4ee37be0e1bd57fdcf49afe2cb6e1e2b{\nborder-radius:0px 0px 0px 0px;\npadding:0px 0px 0px 0px;\n}\n<\/style>\n<div  class='flex_column av-5ahw5o-4ee37be0e1bd57fdcf49afe2cb6e1e2b av_one_fourth  avia-builder-el-10  el_after_av_section  el_before_av_one_fourth  avia-builder-el-first  first flex_column_table_cell av-equal-height-column av-align-middle av-zero-column-padding  '     ><section  class='av_textblock_section av-kihefen9-9475cebbfe604fe44ccd345b208e9f86 '   itemscope=\"itemscope\" itemtype=\"https:\/\/schema.org\/CreativeWork\" ><div class='avia_textblock'  itemprop=\"text\" ><p><strong>Dieser digital talk wird Ihnen pr\u00e4sentiert von:<\/strong><\/p>\n<\/div><\/section><\/div>\n<div class='av-flex-placeholder'><\/div>\n<style type=\"text\/css\" data-created_by=\"avia_inline_auto\" id=\"style-css-av-16hxwtd-d560b4eaae20e103076230c793753163\">\n.flex_column.av-16hxwtd-d560b4eaae20e103076230c793753163{\nborder-radius:0px 0px 0px 0px;\npadding:0px 0px 0px 0px;\n}\n<\/style>\n<div  class='flex_column av-16hxwtd-d560b4eaae20e103076230c793753163 av_one_fourth  avia-builder-el-12  el_after_av_one_fourth  el_before_av_one_fourth  flex_column_table_cell av-equal-height-column av-align-middle av-zero-column-padding  '     ><style type=\"text\/css\" data-created_by=\"avia_inline_auto\" id=\"style-css-av-l77vz5-6f40e5db369d2a5b66348148944703cf\">\n.avia-image-container.av-l77vz5-6f40e5db369d2a5b66348148944703cf img.avia_image{\nbox-shadow:none;\n}\n.avia-image-container.av-l77vz5-6f40e5db369d2a5b66348148944703cf .av-image-caption-overlay-center{\ncolor:#ffffff;\n}\n<\/style>\n<div  class='avia-image-container av-l77vz5-6f40e5db369d2a5b66348148944703cf av-styling- av-img-linked avia-align-center  avia-builder-el-13  avia-builder-el-no-sibling '   itemprop=\"image\" itemscope=\"itemscope\" itemtype=\"https:\/\/schema.org\/ImageObject\" ><div class=\"avia-image-container-inner\"><div class=\"avia-image-overlay-wrap\"><a href=\"https:\/\/www.cwire.com\/\" class='avia_image '  target=\"_blank\"  rel=\"noopener noreferrer\" aria-label='CWire'><img decoding=\"async\" fetchpriority=\"high\" class='wp-image-15222 avia-img-lazy-loading-not-15222 avia_image ' src=\"https:\/\/dfvcg-events.de\/digital-talk\/wp-content\/uploads\/sites\/14\/2024\/02\/CWire.jpg\" alt='CWire' title='CWire'  height=\"400\" width=\"600\"  itemprop=\"thumbnailUrl\"  \/><\/a><\/div><\/div><\/div><\/div>\n<div class='av-flex-placeholder'><\/div>\n<style type=\"text\/css\" data-created_by=\"avia_inline_auto\" id=\"style-css-av-wkptup-1fb2fec235a18a0a1dcfb58814f44b96\">\n.flex_column.av-wkptup-1fb2fec235a18a0a1dcfb58814f44b96{\nborder-radius:0px 0px 0px 0px;\npadding:0px 0px 0px 0px;\n}\n<\/style>\n<div  class='flex_column av-wkptup-1fb2fec235a18a0a1dcfb58814f44b96 av_one_fourth  avia-builder-el-14  el_after_av_one_fourth  el_before_av_one_fourth  flex_column_table_cell av-equal-height-column av-align-middle av-zero-column-padding  '     ><style type=\"text\/css\" data-created_by=\"avia_inline_auto\" id=\"style-css-av-ltisdwf3-4eb1a88adc82523b9c55e7dfa79d9f0f\">\n.avia-image-container.av-ltisdwf3-4eb1a88adc82523b9c55e7dfa79d9f0f img.avia_image{\nbox-shadow:none;\n}\n.avia-image-container.av-ltisdwf3-4eb1a88adc82523b9c55e7dfa79d9f0f .av-image-caption-overlay-center{\ncolor:#ffffff;\n}\n<\/style>\n<div  class='avia-image-container av-ltisdwf3-4eb1a88adc82523b9c55e7dfa79d9f0f av-styling- av-img-linked avia-align-center  avia-builder-el-15  avia-builder-el-no-sibling '   itemprop=\"image\" itemscope=\"itemscope\" itemtype=\"https:\/\/schema.org\/ImageObject\" ><div class=\"avia-image-container-inner\"><div class=\"avia-image-overlay-wrap\"><a href=\"https:\/\/webrepublic.com\/de\/\" class='avia_image '  target=\"_blank\"  rel=\"noopener noreferrer\" aria-label='Webrepublic'><img decoding=\"async\" fetchpriority=\"high\" class='wp-image-15306 avia-img-lazy-loading-not-15306 avia_image ' src=\"https:\/\/dfvcg-events.de\/digital-talk\/wp-content\/uploads\/sites\/14\/2024\/02\/Webrepublic.jpg\" alt='' title='Webrepublic'  height=\"400\" width=\"600\"  itemprop=\"thumbnailUrl\"  \/><\/a><\/div><\/div><\/div><\/div>\n<div class='av-flex-placeholder'><\/div>\n<style type=\"text\/css\" data-created_by=\"avia_inline_auto\" id=\"style-css-av-32bm0d-d6ac411d2897af485eceacf38ac9a28b\">\n.flex_column.av-32bm0d-d6ac411d2897af485eceacf38ac9a28b{\nborder-radius:0px 0px 0px 0px;\npadding:0px 0px 0px 0px;\n}\n<\/style>\n<div  class='flex_column av-32bm0d-d6ac411d2897af485eceacf38ac9a28b av_one_fourth  avia-builder-el-16  el_after_av_one_fourth  el_before_av_section  avia-builder-el-last  flex_column_table_cell av-equal-height-column av-align-middle av-zero-column-padding  '     ><style type=\"text\/css\" data-created_by=\"avia_inline_auto\" id=\"style-css-av-lc62tyer-8bf2e4e57bc1a918c62b1dbeda0db39a\">\n.avia-image-container.av-lc62tyer-8bf2e4e57bc1a918c62b1dbeda0db39a img.avia_image{\nbox-shadow:none;\n}\n.avia-image-container.av-lc62tyer-8bf2e4e57bc1a918c62b1dbeda0db39a .av-image-caption-overlay-center{\ncolor:#ffffff;\n}\n<\/style>\n<div  class='avia-image-container av-lc62tyer-8bf2e4e57bc1a918c62b1dbeda0db39a av-styling- av-img-linked avia-align-center  avia-builder-el-17  avia-builder-el-no-sibling '   itemprop=\"image\" itemscope=\"itemscope\" itemtype=\"https:\/\/schema.org\/ImageObject\" ><div class=\"avia-image-container-inner\"><div class=\"avia-image-overlay-wrap\"><a href=\"https:\/\/swa-asa.ch\/\" class='avia_image '  target=\"_blank\"  rel=\"noopener noreferrer\" aria-label='SWA ohne Zusatz'><img decoding=\"async\" fetchpriority=\"high\" class='wp-image-4947 avia-img-lazy-loading-not-4947 avia_image ' src=\"https:\/\/dfvcg-events.de\/digital-talk\/wp-content\/uploads\/sites\/14\/2021\/04\/SWA-ohne-Zusatz.png\" alt='' title='SWA ohne Zusatz'  height=\"600\" width=\"800\"  itemprop=\"thumbnailUrl\"  \/><\/a><\/div><\/div><\/div><\/div><\/div><!--close column table wrapper. Autoclose: 1 -->\n<\/div><\/div><\/div><!-- close content main div --><\/div><\/div>\n<style type=\"text\/css\" data-created_by=\"avia_inline_auto\" id=\"style-css-av-kawtoycl-c6db8c086e7acd4efb18fe608d1b4137\">\n.avia-section.av-kawtoycl-c6db8c086e7acd4efb18fe608d1b4137{\nbackground-color:#0757a0;\nbackground-image:url(https:\/\/dfvcg-events.de\/digital-talk\/wp-content\/uploads\/sites\/14\/2020\/06\/dfvcg_DigitalTalks_HOR_Hintergrund_1920x800.jpg);\nbackground-repeat:no-repeat;\nbackground-position:50% 50%;\nbackground-attachment:fixed;\n}\n<\/style>\n<div id='programm'  class='avia-section av-kawtoycl-c6db8c086e7acd4efb18fe608d1b4137 main_color avia-section-large avia-no-shadow  avia-builder-el-18  el_after_av_one_fourth  el_before_av_section  programm avia-full-stretch avia-bg-style-fixed container_wrap fullsize'  data-section-bg-repeat='stretch'><div class='container av-section-cont-open' ><div class='template-page content  av-content-full alpha units'><div class='post-entry post-entry-type-page post-entry-15041'><div class='entry-content-wrapper clearfix'>\n\n<style type=\"text\/css\" data-created_by=\"avia_inline_auto\" id=\"style-css-av-k26gzu33-67dfe62e830d080f2e5e9dd4d9fc8078\">\n#top .av_textblock_section.av-k26gzu33-67dfe62e830d080f2e5e9dd4d9fc8078 .avia_textblock{\nfont-size:20px;\ncolor:#ffffff;\n}\n<\/style>\n<section  class='av_textblock_section av-k26gzu33-67dfe62e830d080f2e5e9dd4d9fc8078 '   itemscope=\"itemscope\" itemtype=\"https:\/\/schema.org\/CreativeWork\" ><div class='avia_textblock av_inherit_color'  itemprop=\"text\" ><p>Performance Marketing bietet die M\u00f6glichkeit, datengest\u00fctzte Entscheidungen zu treffen und hilft so Kosten zu sparen, den Return-on-Invest zu steigern und letztendlich effizienter zu arbeiten. Messbarkeit und Optimierung sind also die Grundbausteine des Performance Marketings. Diese Strategie ist in der Neukundengewinnung und Kundenbindung f\u00fcr Unternehmen und Agenturen sehr vorteilhaft.<\/p>\n<p>Der HORIZONT Swiss digital talk, den der SWA gemeinsam mit HORIZONT Swiss veranstaltet, will anhand von Best Practice Beispielen und Diskussionen der Frage nachgehen, wie sich die Wirkung von Kampagnen in den digitalen Kan\u00e4len verbessern l\u00e4sst.<\/p>\n<p>Im Mittelpunkt der Debatte steht dabei die Frage: Welche digitalen Kan\u00e4le \u00fcberzeugen in ihrer Performance? Denn heutzutage nutzt jeder Digital-Marketer im Durchschnitt mehr als zehn Marketing-Channels. Die Nutzung mehrerer Marketing-Channels hilft eine breitere Zielgruppe zu erreichen und diese zu targetisieren. Jedoch steigt mit der wachsenden Anzahl der verschiedenen Kommunikationskan\u00e4le die Herausforderung, bei der Performance der Marketingkampagne den \u00dcberblick zu behalten.<\/p>\n<p>Folgende Fragen sollen beim HORIZONT Swiss digital talk u.a. er\u00f6rtert werden:<\/p>\n<p>\u00b7\u00a0\u00a0\u00a0\u00a0\u00a0\u00a0\u00a0\u00a0 Welche Social Media-Kan\u00e4le sind f\u00fcr Werbeauftraggeber wirklich relevant?<\/p>\n<p>\u00b7\u00a0\u00a0\u00a0\u00a0\u00a0\u00a0\u00a0\u00a0 Welche Kennzahlen sind entscheidend?<\/p>\n<p>\u00b7\u00a0\u00a0\u00a0\u00a0\u00a0\u00a0\u00a0\u00a0 Welche Folgen das absehbare Aus f\u00fcr 3rd-Party-Cookies hat?<\/p>\n<p>\u00b7\u00a0\u00a0\u00a0\u00a0\u00a0\u00a0\u00a0\u00a0 Wie lassen sich im Dschungel der Vielfalt an Kan\u00e4len digitale Kampagnen optimieren?<\/p>\n<p>\u00b7\u00a0\u00a0\u00a0\u00a0\u00a0\u00a0\u00a0\u00a0 Wie sieht eine ideale Vernetzung von Social Media mit anderen Kan\u00e4len aus?<\/p>\n<p>\u00b7\u00a0\u00a0\u00a0\u00a0\u00a0\u00a0\u00a0\u00a0 Wie profitieren Sie von KI im Performance Marketing?<\/p>\n<p>\u00b7\u00a0\u00a0\u00a0\u00a0\u00a0\u00a0\u00a0\u00a0 Wie kann KI beim Reporting und der Datenanalyse helfen?<\/p>\n<p>\u00b7\u00a0\u00a0\u00a0\u00a0\u00a0\u00a0\u00a0\u00a0 Kann digitales Marketing auch Branding?<\/p>\n<p>\u00b7\u00a0\u00a0\u00a0\u00a0\u00a0\u00a0\u00a0\u00a0 Was erwarten Werbeauftraggebern von den Vermarktern?<\/p>\n<p>\u00b7\u00a0\u00a0\u00a0\u00a0\u00a0\u00a0\u00a0\u00a0 Wie sieht die Zukunft des Performance Marketing aus?<\/p>\n<p>Machen auch Sie Ihren Erfolg messbar!<\/p>\n<p>In vielen Unternehmen wachsen die Etats f\u00fcr das digitale Marketing nach wie vor an. Die M\u00f6glichkeit, auf Basis von Daten sinnvolle Entscheidungen zu treffen, ist eine Chance, die man sich nicht entgehen lassen sollte. In diesem Zusammenhang ist KI nicht nur ein Buzzword. KI im Performance Marketing hilft bessere Ergebnisse zu erzielen.<\/p>\n<\/div><\/section>\n\n<\/div><\/div><\/div><!-- close content main div --><\/div><\/div><div id='av_section_3'  class='avia-section av-kawtoycl-4-9d94483a689ce44b10648a09fc4891fb main_color avia-section-default avia-no-shadow  avia-builder-el-20  el_after_av_section  el_before_av_section  avia-bg-style-fixed container_wrap fullsize'  ><div class='container av-section-cont-open' ><div class='template-page content  av-content-full alpha units'><div class='post-entry post-entry-type-page post-entry-15041'><div class='entry-content-wrapper clearfix'>\n<section  class='av_textblock_section av-k26gzu33-3-2c35095136b7849495694f07bcfdd2a7 '   itemscope=\"itemscope\" itemtype=\"https:\/\/schema.org\/CreativeWork\" ><div class='avia_textblock'  itemprop=\"text\" ><p><strong>Ihr Benefit \u2013 darum sollten Sie beim HOPIZONT Swiss Digital Talk dabei sein:<\/strong><\/p>\n<ul>\n<li>In nur 90 Minuten erhalten Sie neuen Input f\u00fcr Ihr Performance Marketing.<\/li>\n<li>Experten geben Ihnen Einblicke in die Performance verschiedener Kan\u00e4le.<\/li>\n<li>Ihre Fragen k\u00f6nnen Sie aktiv im Chat an unsere Talk-Teilnehmer stellen.<\/li>\n<li>Der HORIZONT Swiss Digital Talk bietet Ihnen spannende und neue Inhalte rund um das Thema Werbewirkung. Mit diesen Insights k\u00f6nnen Sie diese bei Ihren Kampagnen verbessern.<\/li>\n<\/ul>\n<p><em><strong>Gut zu wissen:<\/strong><\/em><br \/>\nNach Ihrer Registrierung erhalten Sie Ihre Anmeldebest\u00e4tigung sowie einen Link f\u00fcr Ihren Kalendereintrag. Die Zugangsdaten zum Einloggen erhalten Sie rechtzeitig vor Beginn des Digital Talks.<\/p>\n<\/div><\/section>\n\n<\/div><\/div><\/div><!-- close content main div --><\/div><\/div><div id='referenten'  class='avia-section av-kawtoycl-2-e0285c54654ac56f2c96d3e60c3f59c1 main_color avia-section-default avia-no-shadow  avia-builder-el-22  el_after_av_section  el_before_av_section  avia-bg-style-scroll container_wrap fullsize'  ><div class='container av-section-cont-open' ><div class='template-page content  av-content-full alpha units'><div class='post-entry post-entry-type-page post-entry-15041'><div class='entry-content-wrapper clearfix'>\n\n<style type=\"text\/css\" data-created_by=\"avia_inline_auto\" id=\"style-css-av-28h0mq-9f5187d9836a11bd790301a1b81d30a5\">\n#top .av-special-heading.av-28h0mq-9f5187d9836a11bd790301a1b81d30a5{\npadding-bottom:25px;\n}\nbody .av-special-heading.av-28h0mq-9f5187d9836a11bd790301a1b81d30a5 .av-special-heading-tag .heading-char{\nfont-size:25px;\n}\n.av-special-heading.av-28h0mq-9f5187d9836a11bd790301a1b81d30a5 .av-subheading{\nfont-size:15px;\n}\n<\/style>\n<div  class='av-special-heading av-28h0mq-9f5187d9836a11bd790301a1b81d30a5 av-special-heading-h2 blockquote modern-quote  avia-builder-el-23  el_before_av_one_third  avia-builder-el-first '><h2 class='av-special-heading-tag '  itemprop=\"headline\"  >Moderation <span class='special_amp'>&amp;<\/span> Top-Speaker <\/h2><div class='av-subheading av-subheading_below'><p>Freuen Sie sich auf:<\/p>\n<\/div><div class=\"special-heading-border\"><div class=\"special-heading-inner-border\"><\/div><\/div><\/div>\n\n<style type=\"text\/css\" data-created_by=\"avia_inline_auto\" id=\"style-css-av-1z1obnt-1d368661c348f1e61af935843e89caaa\">\n.flex_column.av-1z1obnt-1d368661c348f1e61af935843e89caaa{\nborder-radius:0px 0px 0px 0px;\npadding:0px 0px 0px 0px;\nheight:auto;\nmin-height:50px;\n}\n<\/style>\n<div  class='flex_column av-1z1obnt-1d368661c348f1e61af935843e89caaa av_one_third  avia-builder-el-24  el_after_av_heading  el_before_av_one_third  first flex_column_div av-zero-column-padding  '     ><section  class='avia-team-member av-1q52eeh-621e7eb0bef86182eccc485e433fe2ae  avia-builder-el-25  avia-builder-el-no-sibling '  itemscope=\"itemscope\" itemtype=\"https:\/\/schema.org\/Person\" ><div class=\"team-img-container\"><img decoding=\"async\" fetchpriority=\"high\" class='wp-image-15362 avia-img-lazy-loading-not-15362 avia_image avia_image_team' src=\"https:\/\/dfvcg-events.de\/digital-talk\/wp-content\/uploads\/sites\/14\/2024\/02\/Fehr-Fabian-Samsung-Schweiz.jpg\" alt='Fabian Fehr'  itemprop=\"image\"   height=\"800\" width=\"600\" srcset=\"https:\/\/dfvcg-events.de\/digital-talk\/wp-content\/uploads\/sites\/14\/2024\/02\/Fehr-Fabian-Samsung-Schweiz.jpg 600w, https:\/\/dfvcg-events.de\/digital-talk\/wp-content\/uploads\/sites\/14\/2024\/02\/Fehr-Fabian-Samsung-Schweiz-529x705.jpg 529w\" sizes=\"(max-width: 600px) 100vw, 600px\" \/><\/div><h3 class='team-member-name '  itemprop=\"name\" >Fabian Fehr<\/h3><div class='team-member-job-title '  itemprop=\"jobTitle\" >Head of Mobile Marcom SEAS, Samsung Schweiz<\/div><span class='hidden team-member-affiliation'  itemprop=\"affiliation\" >Digital Talk<\/span><\/section><\/div>\n<style type=\"text\/css\" data-created_by=\"avia_inline_auto\" id=\"style-css-av-24w78rl-a405bdd77c9e4d6b5125677b29b26fec\">\n.flex_column.av-24w78rl-a405bdd77c9e4d6b5125677b29b26fec{\nborder-radius:0px 0px 0px 0px;\npadding:0px 0px 0px 0px;\nheight:auto;\nmin-height:50px;\n}\n<\/style>\n<div  class='flex_column av-24w78rl-a405bdd77c9e4d6b5125677b29b26fec av_one_third  avia-builder-el-26  el_after_av_one_third  el_before_av_one_third  flex_column_div av-zero-column-padding  '     ><p><section  class='avia-team-member av-1tz95i9-8c3e8256268ee131079149fcd30c8b57  avia-builder-el-27  el_before_av_toggle_container  avia-builder-el-first '  itemscope=\"itemscope\" itemtype=\"https:\/\/schema.org\/Person\" ><div class=\"team-img-container\"><img decoding=\"async\" fetchpriority=\"high\" class='wp-image-15223 avia-img-lazy-loading-not-15223 avia_image avia_image_team' src=\"https:\/\/dfvcg-events.de\/digital-talk\/wp-content\/uploads\/sites\/14\/2024\/02\/Garling-Martin-C-Wire.jpeg\" alt='Martin Garling'  itemprop=\"image\"   height=\"800\" width=\"600\" srcset=\"https:\/\/dfvcg-events.de\/digital-talk\/wp-content\/uploads\/sites\/14\/2024\/02\/Garling-Martin-C-Wire.jpeg 600w, https:\/\/dfvcg-events.de\/digital-talk\/wp-content\/uploads\/sites\/14\/2024\/02\/Garling-Martin-C-Wire-529x705.jpeg 529w\" sizes=\"(max-width: 600px) 100vw, 600px\" \/><\/div><h3 class='team-member-name '  itemprop=\"name\" >Martin Garling<\/h3><div class='team-member-job-title '  itemprop=\"jobTitle\" >Managing Director Switzerland, C Wire<\/div><span class='hidden team-member-affiliation'  itemprop=\"affiliation\" >Digital Talk<\/span><\/section><br \/>\n<div  class='togglecontainer av-zzyk2p-a257a7cb6b6282c31e26fe9bad53a3c8  avia-builder-el-28  el_after_av_team_member  avia-builder-el-last  toggle_close_all' >\n<section class='av_toggle_section av-is4669-1b2a04ce4798b35df8bf3c288caf9fc8'  itemscope=\"itemscope\" itemtype=\"https:\/\/schema.org\/CreativeWork\" ><div role=\"tablist\" class=\"single_toggle\" data-tags=\"{Alle} \"  ><p id='toggle-toggle-id-1' data-fake-id='#toggle-id-1' class='toggler  av-title-above '  itemprop=\"headline\"  role='tab' tabindex='0' aria-controls='toggle-id-1' data-slide-speed=\"200\" data-title=\"Info\" data-title-open=\"\" data-aria_collapsed=\"Click to expand: Info\" data-aria_expanded=\"Click to collapse: Info\">Info<span class=\"toggle_icon\"><span class=\"vert_icon\"><\/span><span class=\"hor_icon\"><\/span><\/span><\/p><div id='toggle-id-1' aria-labelledby='toggle-toggle-id-1' role='region' class='toggle_wrap  av-title-above'  ><div class='toggle_content invers-color '  itemprop=\"text\" ><p>Martin ist bei C Wire als Managing Director Switzerland t\u00e4tig. Mit mehr als 15 Jahren Expertise hat er sich ganz und gar der digitalen Werbung verschrieben. Zu den fr\u00fcheren\u00a0Stationen z\u00e4hlen AOL Advertising in Hamburg, Tradedoubler Schweiz sowie Tamedia Advertising, wo er zuletzt das Tamedia Network und den Programmatic Advertising Sales auf- und ausbaute, welches anschliessend erfolgreich in die Goldbach integriert wurde. Weiterhin engagiert sich Martin als Referent f\u00fcr die Ausbildungsprogramme des IAB Switzerlands und h\u00e4lt einen Abschluss als Marketing- und Kommunikationswirt an der Kommunikationsakademie\u00a0Hamburg.<\/p>\n<\/div><\/div><\/div><\/section>\n<\/div><\/p><\/div>\n<style type=\"text\/css\" data-created_by=\"avia_inline_auto\" id=\"style-css-av-1ys3af5-41dee7d9e6d14413c2eb22d1d568753e\">\n.flex_column.av-1ys3af5-41dee7d9e6d14413c2eb22d1d568753e{\nborder-radius:0px 0px 0px 0px;\npadding:0px 0px 0px 0px;\nheight:auto;\nmin-height:50px;\n}\n<\/style>\n<div  class='flex_column av-1ys3af5-41dee7d9e6d14413c2eb22d1d568753e av_one_third  avia-builder-el-29  el_after_av_one_third  el_before_av_one_third  flex_column_div av-zero-column-padding  '     ><p><section  class='avia-team-member av-5ruqw1-7321cc498224f204e6c9b3e3e54b8b7e  avia-builder-el-30  el_before_av_toggle_container  avia-builder-el-first '  itemscope=\"itemscope\" itemtype=\"https:\/\/schema.org\/Person\" ><div class=\"team-img-container\"><img decoding=\"async\" fetchpriority=\"high\" class='wp-image-15304 avia-img-lazy-loading-not-15304 avia_image avia_image_team' src=\"https:\/\/dfvcg-events.de\/digital-talk\/wp-content\/uploads\/sites\/14\/2024\/02\/Wenzl-Adrian-Webrepublic.jpg\" alt='Adrian Wenzl'  itemprop=\"image\"   height=\"800\" width=\"600\" srcset=\"https:\/\/dfvcg-events.de\/digital-talk\/wp-content\/uploads\/sites\/14\/2024\/02\/Wenzl-Adrian-Webrepublic.jpg 600w, https:\/\/dfvcg-events.de\/digital-talk\/wp-content\/uploads\/sites\/14\/2024\/02\/Wenzl-Adrian-Webrepublic-529x705.jpg 529w\" sizes=\"(max-width: 600px) 100vw, 600px\" \/><\/div><h3 class='team-member-name '  itemprop=\"name\" >Adrian Wenzl<\/h3><div class='team-member-job-title '  itemprop=\"jobTitle\" >Director Performance Marketing, Webrepublic<\/div><span class='hidden team-member-affiliation'  itemprop=\"affiliation\" >Digital Talk<\/span><\/section><br \/>\n<div  class='togglecontainer av-138j8bl-bb3ac627e68c13de1b95fe1c74612aec  avia-builder-el-31  el_after_av_team_member  avia-builder-el-last  toggle_close_all' >\n<section class='av_toggle_section av-svw0sh-631aa6a6472c45d9029671e3633b5f12'  itemscope=\"itemscope\" itemtype=\"https:\/\/schema.org\/CreativeWork\" ><div role=\"tablist\" class=\"single_toggle\" data-tags=\"{Alle} \"  ><p id='toggle-toggle-id-2' data-fake-id='#toggle-id-2' class='toggler  av-title-above '  itemprop=\"headline\"  role='tab' tabindex='0' aria-controls='toggle-id-2' data-slide-speed=\"200\" data-title=\"Info\" data-title-open=\"\" data-aria_collapsed=\"Click to expand: Info\" data-aria_expanded=\"Click to collapse: Info\">Info<span class=\"toggle_icon\"><span class=\"vert_icon\"><\/span><span class=\"hor_icon\"><\/span><\/span><\/p><div id='toggle-id-2' aria-labelledby='toggle-toggle-id-2' role='region' class='toggle_wrap  av-title-above'  ><div class='toggle_content invers-color '  itemprop=\"text\" ><p>Als Director Performance Marketing mit \u00fcber 10 Jahren Erfahrung bei Webrepublic verf\u00fcgt Adrian Wenzl \u00fcber fundiertes Wissen im Digitalmarketing. Seine Verantwortlichkeiten umfassen die strategische Ausrichtung des Departments, die Weiterentwicklung des Service-Portfolios und die Qualit\u00e4tssicherung der Dienstleistungen. Neben seiner T\u00e4tigkeit bei Webrepublic unterrichtet er an verschiedenen Bildungseinrichtungen wie der HWZ, der ZHAW und dem IAB Switzerland.<\/p>\n<\/div><\/div><\/div><\/section>\n<\/div><\/p><\/div>\n<style type=\"text\/css\" data-created_by=\"avia_inline_auto\" id=\"style-css-av-293ymv5-d4479d6f80d48d7099151fd45e93ae2b\">\n.flex_column.av-293ymv5-d4479d6f80d48d7099151fd45e93ae2b{\nborder-radius:0px 0px 0px 0px;\npadding:0px 0px 0px 0px;\nheight:auto;\nmin-height:50px;\n}\n<\/style>\n<div  class='flex_column av-293ymv5-d4479d6f80d48d7099151fd45e93ae2b av_one_third  avia-builder-el-32  el_after_av_one_third  el_before_av_one_third  first flex_column_div av-zero-column-padding  column-top-margin'     ><p><section  class='avia-team-member av-1lwlbz5-00fd912fbfd5b70ab146bc02097a80ea  avia-builder-el-33  el_before_av_toggle_container  avia-builder-el-first '  itemscope=\"itemscope\" itemtype=\"https:\/\/schema.org\/Person\" ><div class=\"team-img-container\"><img decoding=\"async\" fetchpriority=\"high\" class='wp-image-1706 avia-img-lazy-loading-not-1706 avia_image avia_image_team' src=\"https:\/\/dfvcg-events.de\/digital-talk\/wp-content\/uploads\/sites\/14\/2020\/10\/Roland_Ehrler_web.png\" alt='Roland Ehrler'  itemprop=\"image\"   height=\"800\" width=\"600\" \/><\/div><h3 class='team-member-name '  itemprop=\"name\" >Roland Ehrler<\/h3><div class='team-member-job-title '  itemprop=\"jobTitle\" >Direktor, SWA Schweizer Werbe-Auftraggeberverband<\/div><span class='hidden team-member-affiliation'  itemprop=\"affiliation\" >Digital Talk<\/span><\/section><br \/>\n<div  class='togglecontainer av-18bsgbl-02b94c6b050969b3559ad0ae0698f61e  avia-builder-el-34  el_after_av_team_member  avia-builder-el-last  toggle_close_all' >\n<section class='av_toggle_section av-my39gh-d35010a48cae86b7e8087c8f6c73a4ef'  itemscope=\"itemscope\" itemtype=\"https:\/\/schema.org\/CreativeWork\" ><div role=\"tablist\" class=\"single_toggle\" data-tags=\"{Alle} \"  ><p id='toggle-toggle-id-3' data-fake-id='#toggle-id-3' class='toggler  av-title-above '  itemprop=\"headline\"  role='tab' tabindex='0' aria-controls='toggle-id-3' data-slide-speed=\"200\" data-title=\"Info\" data-title-open=\"\" data-aria_collapsed=\"Click to expand: Info\" data-aria_expanded=\"Click to collapse: Info\">Info<span class=\"toggle_icon\"><span class=\"vert_icon\"><\/span><span class=\"hor_icon\"><\/span><\/span><\/p><div id='toggle-id-3' aria-labelledby='toggle-toggle-id-3' role='region' class='toggle_wrap  av-title-above'  ><div class='toggle_content invers-color '  itemprop=\"text\" ><p>Roland Ehrler vertritt seit 2012 als Direktor die Interessen der Werbe-Auftraggeber in der Schweiz. Heute repr\u00e4sentieren die \u00fcber 190 Mitglieder des SWA etwa 75% des Schweizer Werbemarktes.<\/p>\n<\/div><\/div><\/div><\/section>\n<\/div><\/p><\/div>\n<style type=\"text\/css\" data-created_by=\"avia_inline_auto\" id=\"style-css-av-2176ymh-ab210dfcfea60839fd6613fe9fd329b2\">\n.flex_column.av-2176ymh-ab210dfcfea60839fd6613fe9fd329b2{\nborder-radius:0px 0px 0px 0px;\npadding:0px 0px 0px 0px;\nheight:auto;\nmin-height:50px;\n}\n<\/style>\n<div  class='flex_column av-2176ymh-ab210dfcfea60839fd6613fe9fd329b2 av_one_third  avia-builder-el-35  el_after_av_one_third  avia-builder-el-last  flex_column_div av-zero-column-padding  column-top-margin'     ><p><section  class='avia-team-member av-1j1h0eh-5dbd8728ca3826eece9f0313312a331d  avia-builder-el-36  el_before_av_toggle_container  avia-builder-el-first '  itemscope=\"itemscope\" itemtype=\"https:\/\/schema.org\/Person\" ><div class=\"team-img-container\"><img decoding=\"async\" fetchpriority=\"high\" class='wp-image-3870 avia-img-lazy-loading-not-3870 avia_image avia_image_team' src=\"https:\/\/dfvcg-events.de\/digital-talk\/wp-content\/uploads\/sites\/14\/2021\/06\/Schmidt_Eva-Maria_web.png\" alt='Eva-Maria Schmidt'  itemprop=\"image\"   height=\"800\" width=\"600\" \/><\/div><h3 class='team-member-name '  itemprop=\"name\" >Eva-Maria Schmidt<\/h3><div class='team-member-job-title '  itemprop=\"jobTitle\" >Chefredakteurin, HORIZONT<\/div><span class='hidden team-member-affiliation'  itemprop=\"affiliation\" >Digital Talk<\/span><\/section><br \/>\n<div  class='togglecontainer av-lst33su6-b33678626f57afbc346e2efff6681e1f  avia-builder-el-37  el_after_av_team_member  avia-builder-el-last  toggle_close_all' >\n<section class='av_toggle_section av-lst33ryt-1400df2c121ed8e6b04c96551de8613e'  itemscope=\"itemscope\" itemtype=\"https:\/\/schema.org\/CreativeWork\" ><div role=\"tablist\" class=\"single_toggle\" data-tags=\"{Alle} \"  ><p id='toggle-toggle-id-4' data-fake-id='#toggle-id-4' class='toggler  av-title-above '  itemprop=\"headline\"  role='tab' tabindex='0' aria-controls='toggle-id-4' data-slide-speed=\"200\" data-title=\"Info\" data-title-open=\"\" data-aria_collapsed=\"Click to expand: Info\" data-aria_expanded=\"Click to collapse: Info\">Info<span class=\"toggle_icon\"><span class=\"vert_icon\"><\/span><span class=\"hor_icon\"><\/span><\/span><\/p><div id='toggle-id-4' aria-labelledby='toggle-toggle-id-4' role='region' class='toggle_wrap  av-title-above'  ><div class='toggle_content invers-color '  itemprop=\"text\" ><p>Eva-Maria Schmidt ist seit Februar 2021 Chefredakteurin der HORIZONT Medien. Zuvor war sie von Juni 2019 bis Januar 2020 stellvertretende Chefredakteurin der HORIZONT Medien. Sie geh\u00f6rt seit 2000 der HORIZONT-Redaktion an, seit 2004 leitete sie verschiedene Ressorts u.a. HORIZONT Online, Karriere und Schweiz.<\/p>\n<\/div><\/div><\/div><\/section>\n<\/div><\/p><\/div>\n\n<\/div><\/div><\/div><!-- close content main div --><\/div><\/div><div id='anmelden'  class='avia-section av-kawtoycl-1-b06506d3f004b7712fe681922b309195 main_color avia-section-default avia-no-shadow  avia-builder-el-38  el_after_av_section  el_before_av_section  avia-bg-style-scroll container_wrap fullsize'  ><div class='container av-section-cont-open' ><div class='template-page content  av-content-full alpha units'><div class='post-entry post-entry-type-page post-entry-15041'><div class='entry-content-wrapper clearfix'>\n\n<style type=\"text\/css\" data-created_by=\"avia_inline_auto\" id=\"style-css-av-24jcbm-09805e87f61b2914a35d255fc66a68f6\">\n#top .av-special-heading.av-24jcbm-09805e87f61b2914a35d255fc66a68f6{\npadding-bottom:25px;\n}\nbody .av-special-heading.av-24jcbm-09805e87f61b2914a35d255fc66a68f6 .av-special-heading-tag .heading-char{\nfont-size:25px;\n}\n.av-special-heading.av-24jcbm-09805e87f61b2914a35d255fc66a68f6 .av-subheading{\nfont-size:15px;\n}\n<\/style>\n<div  class='av-special-heading av-24jcbm-09805e87f61b2914a35d255fc66a68f6 av-special-heading-h2 blockquote modern-quote  avia-builder-el-39  el_before_av_codeblock  avia-builder-el-first '><h2 class='av-special-heading-tag '  itemprop=\"headline\"  >Jetzt anmelden<\/h2><div class='av-subheading av-subheading_below'><p>Vielen Dank f\u00fcr Ihr Interesse!<\/p>\n<\/div><div class=\"special-heading-border\"><div class=\"special-heading-inner-border\"><\/div><\/div><\/div>\n\n\n<\/div><\/div><\/div><!-- close content main div --><\/div><\/div><div id='anmelden'  class='avia-section av-475lki-c3fe33c8e4f178aad721fd72066a27f5 main_color avia-section-default avia-no-shadow  avia-builder-el-41  el_after_av_section  avia-builder-el-last  avia-bg-style-scroll container_wrap fullsize'  ><div class='container av-section-cont-open' ><div class='template-page content  av-content-full alpha units'><div class='post-entry post-entry-type-page post-entry-15041'><div class='entry-content-wrapper clearfix'>\n\n<style type=\"text\/css\" data-created_by=\"avia_inline_auto\" id=\"style-css-av-kq10tixo-ff977f20a9291b64b3ec77baa2bf7ca4\">\n#top .av-special-heading.av-kq10tixo-ff977f20a9291b64b3ec77baa2bf7ca4{\npadding-bottom:25px;\n}\nbody .av-special-heading.av-kq10tixo-ff977f20a9291b64b3ec77baa2bf7ca4 .av-special-heading-tag .heading-char{\nfont-size:25px;\n}\n.av-special-heading.av-kq10tixo-ff977f20a9291b64b3ec77baa2bf7ca4 .av-subheading{\nfont-size:15px;\n}\n<\/style>\n<div  class='av-special-heading av-kq10tixo-ff977f20a9291b64b3ec77baa2bf7ca4 av-special-heading-h2 blockquote modern-quote  avia-builder-el-42  el_before_av_one_third  avia-builder-el-first '><h2 class='av-special-heading-tag '  itemprop=\"headline\"  >Ihre Ansprechpartnerin:<\/h2><div class=\"special-heading-border\"><div class=\"special-heading-inner-border\"><\/div><\/div><\/div>\n\n<style type=\"text\/css\" data-created_by=\"avia_inline_auto\" id=\"style-css-av-27mso2-cfa34feba85c0db605763ef9d21e2a8c\">\n.flex_column.av-27mso2-cfa34feba85c0db605763ef9d21e2a8c{\nborder-radius:0px 0px 0px 0px;\npadding:0px 0px 0px 0px;\n}\n<\/style>\n<div  class='flex_column av-27mso2-cfa34feba85c0db605763ef9d21e2a8c av_one_third  avia-builder-el-43  el_after_av_heading  el_before_av_one_third  first flex_column_div av-zero-column-padding  '     ><section  class='av_textblock_section av-kq10u44p-6780366da5fda14970f105f0d7d00e59 '   itemscope=\"itemscope\" itemtype=\"https:\/\/schema.org\/CreativeWork\" ><div class='avia_textblock'  itemprop=\"text\" ><p><strong>Oragnisation<\/strong><\/p>\n<p>Sabrina Teichmann<br \/>\n<a href=\"m&#97;&#x69;&#x6c;t&#111;&#x3a;&#x73;a&#98;&#x72;&#x69;n&#97;&#x2e;&#x74;e&#105;&#x63;&#x68;m&#97;&#110;&#x6e;&#x40;d&#102;&#x76;&#x63;g&#46;&#x64;&#x65;\">&#115;a&#x62;r&#x69;n&#x61;&#46;&#x74;&#101;&#x69;&#99;h&#x6d;a&#x6e;n&#x40;&#100;&#x66;&#118;&#x63;&#103;&#x2e;&#100;e<\/a><br \/>\n+49 69 7595 3019<\/p>\n<\/div><\/section><\/div>\n<style type=\"text\/css\" data-created_by=\"avia_inline_auto\" id=\"style-css-av-itd4ip-81c6d5372101d6a1bbb5629a6836360c\">\n.flex_column.av-itd4ip-81c6d5372101d6a1bbb5629a6836360c{\nborder-radius:0px 0px 0px 0px;\npadding:0px 0px 0px 0px;\n}\n<\/style>\n<div  class='flex_column av-itd4ip-81c6d5372101d6a1bbb5629a6836360c av_one_third  avia-builder-el-45  el_after_av_one_third  el_before_av_one_third  flex_column_div av-zero-column-padding  '     ><section  class='av_textblock_section av-lmfzgsb5-bbbb82c48240eebb07ca578cb6009675 '   itemscope=\"itemscope\" itemtype=\"https:\/\/schema.org\/CreativeWork\" ><div class='avia_textblock'  itemprop=\"text\" ><p><strong>Programm<\/strong><\/p>\n<p>Diana Goldbeck<br \/>\n<a href=\"mailto:diana&#46;&#103;&#111;&#108;&#100;&#98;&#101;&#99;&#107;&#64;&#100;&#102;&#118;&#99;&#103;&#x2e;&#x64;&#x65;\">&#100;&#x69;&#97;&#x6e;a&#x2e;g&#111;&#x6c;&#100;&#x62;e&#x63;k&#64;&#x64;&#102;&#x76;c&#x67;&#46;&#100;&#x65;<\/a><br \/>\n+49 69 7595 3031<\/p>\n<\/div><\/section><\/div>\n<style type=\"text\/css\" data-created_by=\"avia_inline_auto\" id=\"style-css-av-kyl3pd-507147b8f06df36200ffb266014f6b0f\">\n.flex_column.av-kyl3pd-507147b8f06df36200ffb266014f6b0f{\nborder-radius:0px 0px 0px 0px;\npadding:0px 0px 0px 0px;\n}\n<\/style>\n<div  class='flex_column av-kyl3pd-507147b8f06df36200ffb266014f6b0f av_one_third  avia-builder-el-47  el_after_av_one_third  avia-builder-el-last  flex_column_div av-zero-column-padding  '     ><section  class='av_textblock_section av-lst4bs2y-f76079589e86067e97ec7b52af8af2f8 '   itemscope=\"itemscope\" itemtype=\"https:\/\/schema.org\/CreativeWork\" ><div class='avia_textblock'  itemprop=\"text\" ><p><strong>Marketing &amp; Social Media<\/strong><\/p>\n<p>Elisa Grimm<br \/>\n<a href=\"&#x6d;&#97;&#x69;&#x6c;&#116;&#x6f;&#x3a;&#101;&#x6c;&#x69;&#115;&#x61;&#x2e;g&#x72;&#x69;m&#x6d;&#64;d&#x66;&#118;c&#x67;&#46;d&#x65;\">&#x65;&#108;&#x69;&#x73;&#97;&#x2e;&#x67;&#114;&#x69;&#x6d;&#109;&#x40;&#x64;f&#x76;&#x63;g&#x2e;&#100;e\u00a0<\/a><br \/>\n+49 69 7595 3038<\/p>\n<\/div><\/section><\/div>\n\n","protected":false},"excerpt":{"rendered":"<p>11. April 2024<br \/>\n10.30 &#8211; 12.00 Uhr<\/p>\n","protected":false},"author":17,"featured_media":15352,"comment_status":"closed","ping_status":"closed","template":"","meta":{"footnotes":""},"tags":[],"portfolio_entries":[47],"class_list":["post-15041","portfolio","type-portfolio","status-publish","has-post-thumbnail","hentry","portfolio_entries-archiv"],"yoast_head":"<!-- This site is optimized with the Yoast SEO plugin v27.4 - https:\/\/yoast.com\/product\/yoast-seo-wordpress\/ -->\n<title>HORIZONT Swiss digital talk: Performence Marketing - Digital Talk<\/title>\n<meta name=\"description\" content=\"Live. Aktuell. Inspirierend: HORIZONT Swiss digital talk: Performence Marketing\" \/>\n<meta name=\"robots\" content=\"index, follow, max-snippet:-1, max-image-preview:large, max-video-preview:-1\" \/>\n<link rel=\"canonical\" href=\"https:\/\/dfvcg-events.de\/digital-talk\/veranstaltung\/horizont-swiss-digital-talk-performence-marketing\/\" \/>\n<meta property=\"og:locale\" content=\"de_DE\" \/>\n<meta property=\"og:type\" content=\"article\" \/>\n<meta property=\"og:title\" content=\"HORIZONT Swiss digital talk: Performence Marketing - Digital Talk\" \/>\n<meta property=\"og:description\" content=\"Live. Aktuell. Inspirierend: HORIZONT Swiss digital talk: Performence Marketing\" \/>\n<meta property=\"og:url\" content=\"https:\/\/dfvcg-events.de\/digital-talk\/veranstaltung\/horizont-swiss-digital-talk-performence-marketing\/\" \/>\n<meta property=\"og:site_name\" content=\"Digital Talk\" \/>\n<meta property=\"article:modified_time\" content=\"2024-04-11T11:59:43+00:00\" \/>\n<meta property=\"og:image\" content=\"https:\/\/dfvcg-events.de\/digital-talk\/wp-content\/uploads\/sites\/14\/2024\/02\/HORSwiss-PerformanceMarketing-800x800-1.jpg\" \/>\n\t<meta property=\"og:image:width\" content=\"800\" \/>\n\t<meta property=\"og:image:height\" content=\"800\" \/>\n\t<meta property=\"og:image:type\" content=\"image\/jpeg\" \/>\n<meta name=\"twitter:card\" content=\"summary_large_image\" \/>\n<meta name=\"twitter:label1\" content=\"Gesch\u00e4tzte Lesezeit\" \/>\n\t<meta name=\"twitter:data1\" content=\"6\u00a0Minuten\" \/>\n<script type=\"application\/ld+json\" class=\"yoast-schema-graph\">{\"@context\":\"https:\\\/\\\/schema.org\",\"@graph\":[{\"@type\":\"WebPage\",\"@id\":\"https:\\\/\\\/dfvcg-events.de\\\/digital-talk\\\/veranstaltung\\\/horizont-swiss-digital-talk-performence-marketing\\\/\",\"url\":\"https:\\\/\\\/dfvcg-events.de\\\/digital-talk\\\/veranstaltung\\\/horizont-swiss-digital-talk-performence-marketing\\\/\",\"name\":\"HORIZONT Swiss digital talk: Performence Marketing - Digital Talk\",\"isPartOf\":{\"@id\":\"https:\\\/\\\/dfvcg-events.de\\\/digital-talk\\\/#website\"},\"primaryImageOfPage\":{\"@id\":\"https:\\\/\\\/dfvcg-events.de\\\/digital-talk\\\/veranstaltung\\\/horizont-swiss-digital-talk-performence-marketing\\\/#primaryimage\"},\"image\":{\"@id\":\"https:\\\/\\\/dfvcg-events.de\\\/digital-talk\\\/veranstaltung\\\/horizont-swiss-digital-talk-performence-marketing\\\/#primaryimage\"},\"thumbnailUrl\":\"https:\\\/\\\/dfvcg-events.de\\\/digital-talk\\\/wp-content\\\/uploads\\\/sites\\\/14\\\/2024\\\/02\\\/HORSwiss-PerformanceMarketing-800x800-1.jpg\",\"datePublished\":\"2024-02-19T15:18:02+00:00\",\"dateModified\":\"2024-04-11T11:59:43+00:00\",\"description\":\"Live. Aktuell. Inspirierend: HORIZONT Swiss digital talk: Performence Marketing\",\"breadcrumb\":{\"@id\":\"https:\\\/\\\/dfvcg-events.de\\\/digital-talk\\\/veranstaltung\\\/horizont-swiss-digital-talk-performence-marketing\\\/#breadcrumb\"},\"inLanguage\":\"de\",\"potentialAction\":[{\"@type\":\"ReadAction\",\"target\":[\"https:\\\/\\\/dfvcg-events.de\\\/digital-talk\\\/veranstaltung\\\/horizont-swiss-digital-talk-performence-marketing\\\/\"]}]},{\"@type\":\"ImageObject\",\"inLanguage\":\"de\",\"@id\":\"https:\\\/\\\/dfvcg-events.de\\\/digital-talk\\\/veranstaltung\\\/horizont-swiss-digital-talk-performence-marketing\\\/#primaryimage\",\"url\":\"https:\\\/\\\/dfvcg-events.de\\\/digital-talk\\\/wp-content\\\/uploads\\\/sites\\\/14\\\/2024\\\/02\\\/HORSwiss-PerformanceMarketing-800x800-1.jpg\",\"contentUrl\":\"https:\\\/\\\/dfvcg-events.de\\\/digital-talk\\\/wp-content\\\/uploads\\\/sites\\\/14\\\/2024\\\/02\\\/HORSwiss-PerformanceMarketing-800x800-1.jpg\",\"width\":800,\"height\":800},{\"@type\":\"BreadcrumbList\",\"@id\":\"https:\\\/\\\/dfvcg-events.de\\\/digital-talk\\\/veranstaltung\\\/horizont-swiss-digital-talk-performence-marketing\\\/#breadcrumb\",\"itemListElement\":[{\"@type\":\"ListItem\",\"position\":1,\"name\":\"Startseite\",\"item\":\"https:\\\/\\\/dfvcg-events.de\\\/digital-talk\\\/\"},{\"@type\":\"ListItem\",\"position\":2,\"name\":\"HORIZONT Swiss digital talk: Performence Marketing\"}]},{\"@type\":\"WebSite\",\"@id\":\"https:\\\/\\\/dfvcg-events.de\\\/digital-talk\\\/#website\",\"url\":\"https:\\\/\\\/dfvcg-events.de\\\/digital-talk\\\/\",\"name\":\"Digital Talk\",\"description\":\"dfv Conference Group\",\"publisher\":{\"@id\":\"https:\\\/\\\/dfvcg-events.de\\\/digital-talk\\\/#organization\"},\"potentialAction\":[{\"@type\":\"SearchAction\",\"target\":{\"@type\":\"EntryPoint\",\"urlTemplate\":\"https:\\\/\\\/dfvcg-events.de\\\/digital-talk\\\/?s={search_term_string}\"},\"query-input\":{\"@type\":\"PropertyValueSpecification\",\"valueRequired\":true,\"valueName\":\"search_term_string\"}}],\"inLanguage\":\"de\"},{\"@type\":\"Organization\",\"@id\":\"https:\\\/\\\/dfvcg-events.de\\\/digital-talk\\\/#organization\",\"name\":\"Digital Talks | dfv Conference Group\",\"url\":\"https:\\\/\\\/dfvcg-events.de\\\/digital-talk\\\/\",\"logo\":{\"@type\":\"ImageObject\",\"inLanguage\":\"de\",\"@id\":\"https:\\\/\\\/dfvcg-events.de\\\/digital-talk\\\/#\\\/schema\\\/logo\\\/image\\\/\",\"url\":\"https:\\\/\\\/dfvcg-events.de\\\/digital-talk\\\/wp-content\\\/uploads\\\/sites\\\/14\\\/2021\\\/02\\\/digital-talks-start.jpg\",\"contentUrl\":\"https:\\\/\\\/dfvcg-events.de\\\/digital-talk\\\/wp-content\\\/uploads\\\/sites\\\/14\\\/2021\\\/02\\\/digital-talks-start.jpg\",\"width\":800,\"height\":800,\"caption\":\"Digital Talks | dfv Conference Group\"},\"image\":{\"@id\":\"https:\\\/\\\/dfvcg-events.de\\\/digital-talk\\\/#\\\/schema\\\/logo\\\/image\\\/\"}}]}<\/script>\n<!-- \/ Yoast SEO plugin. -->","yoast_head_json":{"title":"HORIZONT Swiss digital talk: Performence Marketing - Digital Talk","description":"Live. Aktuell. Inspirierend: HORIZONT Swiss digital talk: Performence Marketing","robots":{"index":"index","follow":"follow","max-snippet":"max-snippet:-1","max-image-preview":"max-image-preview:large","max-video-preview":"max-video-preview:-1"},"canonical":"https:\/\/dfvcg-events.de\/digital-talk\/veranstaltung\/horizont-swiss-digital-talk-performence-marketing\/","og_locale":"de_DE","og_type":"article","og_title":"HORIZONT Swiss digital talk: Performence Marketing - Digital Talk","og_description":"Live. Aktuell. Inspirierend: HORIZONT Swiss digital talk: Performence Marketing","og_url":"https:\/\/dfvcg-events.de\/digital-talk\/veranstaltung\/horizont-swiss-digital-talk-performence-marketing\/","og_site_name":"Digital Talk","article_modified_time":"2024-04-11T11:59:43+00:00","og_image":[{"width":800,"height":800,"url":"https:\/\/dfvcg-events.de\/digital-talk\/wp-content\/uploads\/sites\/14\/2024\/02\/HORSwiss-PerformanceMarketing-800x800-1.jpg","type":"image\/jpeg"}],"twitter_card":"summary_large_image","twitter_misc":{"Gesch\u00e4tzte Lesezeit":"6\u00a0Minuten"},"schema":{"@context":"https:\/\/schema.org","@graph":[{"@type":"WebPage","@id":"https:\/\/dfvcg-events.de\/digital-talk\/veranstaltung\/horizont-swiss-digital-talk-performence-marketing\/","url":"https:\/\/dfvcg-events.de\/digital-talk\/veranstaltung\/horizont-swiss-digital-talk-performence-marketing\/","name":"HORIZONT Swiss digital talk: Performence Marketing - Digital Talk","isPartOf":{"@id":"https:\/\/dfvcg-events.de\/digital-talk\/#website"},"primaryImageOfPage":{"@id":"https:\/\/dfvcg-events.de\/digital-talk\/veranstaltung\/horizont-swiss-digital-talk-performence-marketing\/#primaryimage"},"image":{"@id":"https:\/\/dfvcg-events.de\/digital-talk\/veranstaltung\/horizont-swiss-digital-talk-performence-marketing\/#primaryimage"},"thumbnailUrl":"https:\/\/dfvcg-events.de\/digital-talk\/wp-content\/uploads\/sites\/14\/2024\/02\/HORSwiss-PerformanceMarketing-800x800-1.jpg","datePublished":"2024-02-19T15:18:02+00:00","dateModified":"2024-04-11T11:59:43+00:00","description":"Live. Aktuell. Inspirierend: HORIZONT Swiss digital talk: Performence Marketing","breadcrumb":{"@id":"https:\/\/dfvcg-events.de\/digital-talk\/veranstaltung\/horizont-swiss-digital-talk-performence-marketing\/#breadcrumb"},"inLanguage":"de","potentialAction":[{"@type":"ReadAction","target":["https:\/\/dfvcg-events.de\/digital-talk\/veranstaltung\/horizont-swiss-digital-talk-performence-marketing\/"]}]},{"@type":"ImageObject","inLanguage":"de","@id":"https:\/\/dfvcg-events.de\/digital-talk\/veranstaltung\/horizont-swiss-digital-talk-performence-marketing\/#primaryimage","url":"https:\/\/dfvcg-events.de\/digital-talk\/wp-content\/uploads\/sites\/14\/2024\/02\/HORSwiss-PerformanceMarketing-800x800-1.jpg","contentUrl":"https:\/\/dfvcg-events.de\/digital-talk\/wp-content\/uploads\/sites\/14\/2024\/02\/HORSwiss-PerformanceMarketing-800x800-1.jpg","width":800,"height":800},{"@type":"BreadcrumbList","@id":"https:\/\/dfvcg-events.de\/digital-talk\/veranstaltung\/horizont-swiss-digital-talk-performence-marketing\/#breadcrumb","itemListElement":[{"@type":"ListItem","position":1,"name":"Startseite","item":"https:\/\/dfvcg-events.de\/digital-talk\/"},{"@type":"ListItem","position":2,"name":"HORIZONT Swiss digital talk: Performence Marketing"}]},{"@type":"WebSite","@id":"https:\/\/dfvcg-events.de\/digital-talk\/#website","url":"https:\/\/dfvcg-events.de\/digital-talk\/","name":"Digital Talk","description":"dfv Conference Group","publisher":{"@id":"https:\/\/dfvcg-events.de\/digital-talk\/#organization"},"potentialAction":[{"@type":"SearchAction","target":{"@type":"EntryPoint","urlTemplate":"https:\/\/dfvcg-events.de\/digital-talk\/?s={search_term_string}"},"query-input":{"@type":"PropertyValueSpecification","valueRequired":true,"valueName":"search_term_string"}}],"inLanguage":"de"},{"@type":"Organization","@id":"https:\/\/dfvcg-events.de\/digital-talk\/#organization","name":"Digital Talks | dfv Conference Group","url":"https:\/\/dfvcg-events.de\/digital-talk\/","logo":{"@type":"ImageObject","inLanguage":"de","@id":"https:\/\/dfvcg-events.de\/digital-talk\/#\/schema\/logo\/image\/","url":"https:\/\/dfvcg-events.de\/digital-talk\/wp-content\/uploads\/sites\/14\/2021\/02\/digital-talks-start.jpg","contentUrl":"https:\/\/dfvcg-events.de\/digital-talk\/wp-content\/uploads\/sites\/14\/2021\/02\/digital-talks-start.jpg","width":800,"height":800,"caption":"Digital Talks | dfv Conference Group"},"image":{"@id":"https:\/\/dfvcg-events.de\/digital-talk\/#\/schema\/logo\/image\/"}}]}},"_links":{"self":[{"href":"https:\/\/dfvcg-events.de\/digital-talk\/wp-json\/wp\/v2\/portfolio\/15041","targetHints":{"allow":["GET"]}}],"collection":[{"href":"https:\/\/dfvcg-events.de\/digital-talk\/wp-json\/wp\/v2\/portfolio"}],"about":[{"href":"https:\/\/dfvcg-events.de\/digital-talk\/wp-json\/wp\/v2\/types\/portfolio"}],"author":[{"embeddable":true,"href":"https:\/\/dfvcg-events.de\/digital-talk\/wp-json\/wp\/v2\/users\/17"}],"replies":[{"embeddable":true,"href":"https:\/\/dfvcg-events.de\/digital-talk\/wp-json\/wp\/v2\/comments?post=15041"}],"version-history":[{"count":1,"href":"https:\/\/dfvcg-events.de\/digital-talk\/wp-json\/wp\/v2\/portfolio\/15041\/revisions"}],"predecessor-version":[{"id":18423,"href":"https:\/\/dfvcg-events.de\/digital-talk\/wp-json\/wp\/v2\/portfolio\/15041\/revisions\/18423"}],"wp:featuredmedia":[{"embeddable":true,"href":"https:\/\/dfvcg-events.de\/digital-talk\/wp-json\/wp\/v2\/media\/15352"}],"wp:attachment":[{"href":"https:\/\/dfvcg-events.de\/digital-talk\/wp-json\/wp\/v2\/media?parent=15041"}],"wp:term":[{"taxonomy":"post_tag","embeddable":true,"href":"https:\/\/dfvcg-events.de\/digital-talk\/wp-json\/wp\/v2\/tags?post=15041"},{"taxonomy":"portfolio_entries","embeddable":true,"href":"https:\/\/dfvcg-events.de\/digital-talk\/wp-json\/wp\/v2\/portfolio_entries?post=15041"}],"curies":[{"name":"wp","href":"https:\/\/api.w.org\/{rel}","templated":true}]}}