{"id":13059,"date":"2023-10-25T10:09:20","date_gmt":"2023-10-25T08:09:20","guid":{"rendered":"https:\/\/dfvcg-events.de\/digital-talk\/?post_type=portfolio&#038;p=13059"},"modified":"2024-02-09T10:24:07","modified_gmt":"2024-02-09T09:24:07","slug":"digital-talk-plattformen-fuer-businessevents-3","status":"publish","type":"portfolio","link":"https:\/\/dfvcg-events.de\/digital-talk\/veranstaltung\/digital-talk-plattformen-fuer-businessevents-3\/","title":{"rendered":"digital talk: Plattformen f\u00fcr Businessevents"},"content":{"rendered":"<div class='clear'><\/div><div id='sub_menu1'  class='av-submenu-container av-kawv0if6-b4e37991045abd8a15205f662d77aaf5 header_color av-switch-990  avia-builder-el-0  el_before_av_section  avia-builder-el-first  av-sticky-submenu container_wrap fullsize' style='z-index:301' ><div class='container av-menu-mobile-active av-submenu-pos-left'><a href=\"#\" class=\"mobile_menu_toggle\"><span class='avia-svg-icon avia-font-svg_entypo-fontello' data-av_svg_icon='list' data-av_iconset='svg_entypo-fontello'><svg version=\"1.1\" xmlns=\"http:\/\/www.w3.org\/2000\/svg\" width=\"22\" height=\"32\" viewBox=\"0 0 22 32\" preserveAspectRatio=\"xMidYMid meet\" aria-labelledby='av-svg-title-1' aria-describedby='av-svg-desc-1' role=\"graphics-symbol\" aria-hidden=\"true\">\n<title id='av-svg-title-1'>List<\/title>\n<desc id='av-svg-desc-1'>List<\/desc>\n<path d=\"M3.2 20.8q0.64 0 1.12 0.48t0.48 1.12-0.48 1.12-1.12 0.48h-1.6q-0.64 0-1.12-0.48t-0.48-1.12 0.448-1.12 1.152-0.48h1.6zM3.2 14.4q0.64 0 1.12 0.48t0.48 1.12-0.48 1.12-1.12 0.48h-1.6q-0.64 0-1.12-0.48t-0.48-1.12 0.448-1.12 1.152-0.48h1.6zM3.2 8q0.64 0 1.12 0.48t0.48 1.12-0.48 1.12-1.12 0.48h-1.6q-0.64 0-1.12-0.48t-0.48-1.12 0.448-1.12 1.152-0.48h1.6zM9.6 11.2q-0.64 0-1.12-0.48t-0.48-1.12 0.48-1.12 1.12-0.48h11.2q0.704 0 1.152 0.48t0.448 1.12-0.48 1.12-1.12 0.48h-11.2zM20.8 14.4q0.704 0 1.152 0.48t0.448 1.12-0.48 1.12-1.12 0.48h-11.2q-0.64 0-1.12-0.48t-0.48-1.12 0.48-1.12 1.12-0.48h11.2zM20.8 20.8q0.704 0 1.152 0.48t0.448 1.12-0.48 1.12-1.12 0.48h-11.2q-0.64 0-1.12-0.48t-0.48-1.12 0.48-1.12 1.12-0.48h11.2z\"><\/path>\n<\/svg><\/span><span class=\"av-current-placeholder\">Men\u00fc<\/span><\/a><ul id='av-custom-submenu-1' class='av-subnav-menu' role='menu'>\n<li class='menu-item av-2kckn4-ca906d751475ddc7493c675c2737567f menu-item-top-level av-menu-button av-menu-button-bordered menu-item-top-level-1' role='menuitem'><a href='https:\/\/dfvcg-events.de\/digital-talk\/'  ><span class='avia-bullet'><\/span><span class='avia-menu-text'>digital talks<\/span><\/a><\/li>\n<li class='menu-item av-cpa6i-1b75602378caa96f87b042471b888caa menu-item-top-level av-menu-button av-menu-button-colored menu-item-top-level-2' role='menuitem'><a href='#anmelden'  ><span class='avia-bullet'><\/span><span class='avia-menu-text'>Jetzt anmelden<\/span><\/a><\/li>\n<li class='menu-item av-2u4alb-907784f4dd7a489356826104c0410433 menu-item-top-level menu-item-top-level-3' role='menuitem'><a href='#'  ><span class='avia-bullet'><\/span><span class='avia-menu-text'>Start<\/span><\/a><\/li>\n<li class='menu-item av-4qodp5-cf944fa2d392eff918f0b85e15f02e44 menu-item-top-level menu-item-top-level-4' role='menuitem'><a href='#referenten'  ><span class='avia-bullet'><\/span><span class='avia-menu-text'>Vortragende<\/span><\/a><\/li>\n<li class='menu-item av-l5uzreo4-341c567eb1f76de04f3e0db0866b4cb6 menu-item-top-level menu-item-top-level-5' role='menuitem'><a href='#partner'  ><span class='avia-bullet'><\/span><span class='avia-menu-text'>Partner<\/span><\/a><\/li>\n<\/ul><\/div><\/div><div class='sticky_placeholder'><\/div>\n<div id='av_section_1'  class='avia-section av-srk2y-112106500345416558fb7b75c6b4ce9b main_color avia-section-default avia-no-border-styling  avia-builder-el-1  el_after_av_submenu  el_before_av_section  avia-bg-style-scroll container_wrap fullsize'  ><div class='container av-section-cont-open' ><div class='template-page content  av-content-full alpha units'><div class='post-entry post-entry-type-page post-entry-13059'><div class='entry-content-wrapper clearfix'>\n<div class='flex_column_table av-prli-64bf6691d8e0f71fe37b32964844bca4 sc-av_two_fifth av-equal-height-column-flextable'>\n<style type=\"text\/css\" data-created_by=\"avia_inline_auto\" id=\"style-css-av-prli-64bf6691d8e0f71fe37b32964844bca4\">\n.flex_column.av-prli-64bf6691d8e0f71fe37b32964844bca4{\nborder-radius:0px 0px 0px 0px;\npadding:0px 0px 0px 0px;\n}\n<\/style>\n<div  class='flex_column av-prli-64bf6691d8e0f71fe37b32964844bca4 av_two_fifth  avia-builder-el-2  el_before_av_three_fifth  avia-builder-el-first  first flex_column_table_cell av-equal-height-column av-align-top av-zero-column-padding  '     ><p><br \/>\n\n<style type=\"text\/css\" data-created_by=\"avia_inline_auto\" id=\"style-css-av-kk6miykd-e91dd6620ef5d6bd6ea25b6e4f9a51ce\">\n.avia-image-container.av-kk6miykd-e91dd6620ef5d6bd6ea25b6e4f9a51ce img.avia_image{\nbox-shadow:none;\n}\n.avia-image-container.av-kk6miykd-e91dd6620ef5d6bd6ea25b6e4f9a51ce .av-image-caption-overlay-center{\ncolor:#ffffff;\n}\n<\/style>\n<div  class='avia-image-container av-kk6miykd-e91dd6620ef5d6bd6ea25b6e4f9a51ce av-styling- avia-align-center  avia-builder-el-4  el_after_av_image  avia-builder-el-last '   itemprop=\"image\" itemscope=\"itemscope\" itemtype=\"https:\/\/schema.org\/ImageObject\" ><div class=\"avia-image-container-inner\"><div class=\"avia-image-overlay-wrap\"><img decoding=\"async\" fetchpriority=\"high\" class='wp-image-13209 avia-img-lazy-loading-not-13209 avia_image ' src=\"https:\/\/dfvcg-events.de\/digital-talk\/wp-content\/uploads\/sites\/14\/2023\/10\/TaWi_PlattformenAgenda2024_800x800-2.jpg\" alt='' title='TaWi_PlattformenAgenda2024_800x800'  height=\"800\" width=\"800\"  itemprop=\"thumbnailUrl\"  \/><\/div><\/div><\/div><\/p><\/div><div class='av-flex-placeholder'><\/div>\n<style type=\"text\/css\" data-created_by=\"avia_inline_auto\" id=\"style-css-av-k26i2v6p-2688042be07242d734261d0b65f3805f\">\n.flex_column.av-k26i2v6p-2688042be07242d734261d0b65f3805f{\nborder-radius:0px 0px 0px 0px;\npadding:0px 35px 0px 0px;\n}\n<\/style>\n<div  class='flex_column av-k26i2v6p-2688042be07242d734261d0b65f3805f av_three_fifth  avia-builder-el-5  el_after_av_two_fifth  avia-builder-el-last  flex_column_table_cell av-equal-height-column av-align-top  '     ><p>\n<style type=\"text\/css\" data-created_by=\"avia_inline_auto\" id=\"style-css-av-280ihu-be74fb684dc6bab22dece3af10b4977e\">\n#top .av-special-heading.av-280ihu-be74fb684dc6bab22dece3af10b4977e{\npadding-bottom:10px;\ncolor:#005baa;\n}\nbody .av-special-heading.av-280ihu-be74fb684dc6bab22dece3af10b4977e .av-special-heading-tag .heading-char{\nfont-size:25px;\n}\n.av-special-heading.av-280ihu-be74fb684dc6bab22dece3af10b4977e .special-heading-inner-border{\nborder-color:#005baa;\n}\n.av-special-heading.av-280ihu-be74fb684dc6bab22dece3af10b4977e .av-subheading{\nfont-size:19px;\ncolor:#000000;\n}\n<\/style>\n<div  class='av-special-heading av-280ihu-be74fb684dc6bab22dece3af10b4977e av-special-heading-h1 custom-color-heading blockquote modern-quote  avia-builder-el-6  el_before_av_textblock  avia-builder-el-first  av-linked-heading'><div class='av_custom_color av-subheading av-subheading_above'><p>digital talk:<\/p>\n<\/div><h1 class='av-special-heading-tag '  itemprop=\"headline\"  >Plattformen f\u00fcr Businessevents<\/h1><div class=\"special-heading-border\"><div class=\"special-heading-inner-border\"><\/div><\/div><\/div><br \/>\n\n<style type=\"text\/css\" data-created_by=\"avia_inline_auto\" id=\"style-css-av-kk6mwm01-037156d19661e690621a40f8c43ccc78\">\n#top .av_textblock_section.av-kk6mwm01-037156d19661e690621a40f8c43ccc78 .avia_textblock{\nfont-size:21px;\n}\n<\/style>\n<section  class='av_textblock_section av-kk6mwm01-037156d19661e690621a40f8c43ccc78 '   itemscope=\"itemscope\" itemtype=\"https:\/\/schema.org\/CreativeWork\" ><div class='avia_textblock'  itemprop=\"text\" ><p><strong>Agenda 2024 &#8211; So bleiben (digitale) Events erfolgreich<br \/>\n<\/strong><\/p>\n<p>4. Dezember 2023<\/p>\n<p>15.00 \u2013 16.00 Uhr<\/p>\n<\/div><\/section><br \/>\n<div  class='hr av-kaz5acoo-b78fa01771143abfb53ff655947cbd6e hr-default  avia-builder-el-8  el_after_av_textblock  el_before_av_buttonrow '><span class='hr-inner '><span class=\"hr-inner-style\"><\/span><\/span><\/div><br \/>\n<div  class='avia-buttonrow-wrap av-kcn3m3gt-fff65312e5a8530eff99563e24d61bb2 avia-buttonrow-left  avia-builder-el-9  el_after_av_hr  avia-builder-el-last '>\n\n<style type=\"text\/css\" data-created_by=\"avia_inline_auto\" id=\"style-css-av-3k12xc-eb69bb1460a0361773f9f0fe25439f41\">\n#top #wrap_all .avia-button.av-3k12xc-eb69bb1460a0361773f9f0fe25439f41{\nbackground-color:#7bb0e7;\nborder-color:#7bb0e7;\ncolor:#ffffff;\ntransition:all 0.4s ease-in-out;\nmargin-bottom:5px;\nmargin-right:5px;\n}\n#top #wrap_all .avia-button.av-3k12xc-eb69bb1460a0361773f9f0fe25439f41 .avia-svg-icon svg:first-child{\nfill:#ffffff;\nstroke:#ffffff;\n}\n<\/style>\n<a href='#anmelden'  class='avia-button av-3k12xc-eb69bb1460a0361773f9f0fe25439f41 avia-icon_select-yes-left-icon avia-size-large'   aria-label=\"Jetzt anmelden\"><span class='avia_button_icon avia_button_icon_left avia-iconfont avia-font-entypo-fontello' data-av_icon='\ue8cb' data-av_iconfont='entypo-fontello' ><\/span><span class='avia_iconbox_title' >Jetzt anmelden<\/span><\/a>\n\n<style type=\"text\/css\" data-created_by=\"avia_inline_auto\" id=\"style-css-av-2000oy-f3e17565fc98f53b1cf5cc5ea3111401\">\n#top #wrap_all .avia-button.av-2000oy-f3e17565fc98f53b1cf5cc5ea3111401{\nbackground-color:#005baa;\nborder-color:#005baa;\ncolor:#ffffff;\ntransition:all 0.4s ease-in-out;\nmargin-bottom:5px;\nmargin-right:5px;\n}\n#top #wrap_all .avia-button.av-2000oy-f3e17565fc98f53b1cf5cc5ea3111401 .avia-svg-icon svg:first-child{\nfill:#ffffff;\nstroke:#ffffff;\n}\n<\/style>\n<a href='https:\/\/dfvcg-events.de\/digital-talk\/wp-content\/uploads\/sites\/14\/2023\/10\/digital-talk-Plattformen-fuer-Businessevents.ics'  class='avia-button av-2000oy-f3e17565fc98f53b1cf5cc5ea3111401 avia-icon_select-yes-left-icon avia-size-large'  target=\"_blank\"  rel=\"noopener noreferrer\"  aria-label=\"Save the Date\"><span class='avia_button_icon avia_button_icon_left avia-iconfont avia-font-entypo-fontello' data-av_icon='\ue85b' data-av_iconfont='entypo-fontello' ><\/span><span class='avia_iconbox_title' >Save the Date<\/span><\/a>\n<\/div><\/p><\/div><\/div><!--close column table wrapper. Autoclose: 1 -->\n\n<\/div><\/div><\/div><!-- close content main div --><\/div><\/div>\n<style type=\"text\/css\" data-created_by=\"avia_inline_auto\" id=\"style-css-av-l5l1uwe3-5c27b23febdf179f5d98aecd790c31bb\">\n.avia-section.av-l5l1uwe3-5c27b23febdf179f5d98aecd790c31bb{\nbackground-color:#7bb0e7;\nbackground-image:unset;\n}\n<\/style>\n<div id='av_section_2'  class='avia-section av-l5l1uwe3-5c27b23febdf179f5d98aecd790c31bb main_color avia-section-large avia-no-shadow  avia-builder-el-10  el_after_av_section  el_before_av_section  avia-bg-style-fixed container_wrap fullsize'  ><div class='container av-section-cont-open' ><div class='template-page content  av-content-full alpha units'><div class='post-entry post-entry-type-page post-entry-13059'><div class='entry-content-wrapper clearfix'>\n\n<style type=\"text\/css\" data-created_by=\"avia_inline_auto\" id=\"style-css-av-35l0pz-8bdaa85df728ef2e7d2bcfe1925134f1\">\n#top .av_textblock_section.av-35l0pz-8bdaa85df728ef2e7d2bcfe1925134f1 .avia_textblock{\nfont-size:20px;\ncolor:#ffffff;\n}\n<\/style>\n<section  class='av_textblock_section av-35l0pz-8bdaa85df728ef2e7d2bcfe1925134f1 '   itemscope=\"itemscope\" itemtype=\"https:\/\/schema.org\/CreativeWork\" ><div class='avia_textblock av_inherit_color'  itemprop=\"text\" ><p>Nach den vergangenen, disruptiven Krisenjahren m\u00fcssen sich einige Eventkonzepte neu- oder wiedererfinden. Wie sieht die Zukunft von Kongressen, Messen, digitalen und hybriden Events aus und welche Faktoren beeinflussen mittel- und langfristig die Erfolgsbilanz? Was ist relevant, um eine Veranstaltungsmarke (in der virtuellen Welt) erlebbar zu machen?<\/p>\n<p>In der mittlerweile dritten Ausgabe unserer digital talk-Reihe \u201ePlattformen f\u00fcr Businessevents\u201c am 4. Dezember 2024, 15.00 \u2013 16.00 Uhr, diskutieren wir mit Expert:innen der Event-Branche \u00fcber die aktuellen Herausforderungen.<\/p>\n<\/div><\/section>\n<\/div><\/div><\/div><!-- close content main div --><\/div><\/div><div id='av_section_3'  class='avia-section av-kawtoycl-2-640568e51700dd760baf8797cd00e615 main_color avia-section-default avia-no-shadow  avia-builder-el-12  el_after_av_section  el_before_av_section  avia-bg-style-scroll container_wrap fullsize'  ><div class='container av-section-cont-open' ><div class='template-page content  av-content-full alpha units'><div class='post-entry post-entry-type-page post-entry-13059'><div class='entry-content-wrapper clearfix'>\n<section  class='av_textblock_section av-l5cfz08o-aaf31f17ec378cc19f96eb4e67d9ba21 '   itemscope=\"itemscope\" itemtype=\"https:\/\/schema.org\/CreativeWork\" ><div class='avia_textblock'  itemprop=\"text\" ><p style=\"margin-bottom: 12.0pt\">Welche Herausforderungen erwarten Event-Planende im Jahr 2024?<\/p>\n<ul>\n<li>Was sind die Trends in 2024? Wie \u00e4ndern sich digitale Event-Plattformen?<\/li>\n<li>Wie k\u00f6nnen Plattformen Pr\u00e4senzevents gewinnbringend erg\u00e4nzen? Stichwort: Prozessoptimierung, Digitalisierung und Datenmanagement<\/li>\n<li>Wie k\u00f6nnen Teilnehmer involviert werden? Wie optimiert man die Zielgruppenansprache?<\/li>\n<li>Was sind die Pain Points von Event-Planern im kommenden Jahr und welche L\u00f6sungen gibt es?<\/li>\n<li>Wie kann man Events digitalisieren oder hybridisieren?<\/li>\n<li>Wie kann man digitale Plattformen und Eventformate mit Leben f\u00fcllen und Teilnehmende involvieren?<\/li>\n<li>Wie gestaltet man effizientere Abl\u00e4ufe innerhalb einer (Veranstaltungs-) Organisation, um gestiegene Kosten zu kompensieren?<\/li>\n<\/ul>\n<\/div><\/section>\n<\/div><\/div><\/div><!-- close content main div --><\/div><\/div><div id='referenten'  class='avia-section av-17ucxhj-3ee926ad684304918d435a8e02aa1f68 main_color avia-section-default avia-no-shadow  avia-builder-el-14  el_after_av_section  el_before_av_section  avia-bg-style-scroll container_wrap fullsize'  ><div class='container av-section-cont-open' ><div class='template-page content  av-content-full alpha units'><div class='post-entry post-entry-type-page post-entry-13059'><div class='entry-content-wrapper clearfix'>\n\n<style type=\"text\/css\" data-created_by=\"avia_inline_auto\" id=\"style-css-av-16us2dj-6ee74e4ca7cb063cbef93c3ca5074c74\">\n#top .av-special-heading.av-16us2dj-6ee74e4ca7cb063cbef93c3ca5074c74{\npadding-bottom:25px;\n}\nbody .av-special-heading.av-16us2dj-6ee74e4ca7cb063cbef93c3ca5074c74 .av-special-heading-tag .heading-char{\nfont-size:25px;\n}\n.av-special-heading.av-16us2dj-6ee74e4ca7cb063cbef93c3ca5074c74 .av-subheading{\nfont-size:15px;\n}\n<\/style>\n<div  class='av-special-heading av-16us2dj-6ee74e4ca7cb063cbef93c3ca5074c74 av-special-heading-h2 blockquote modern-quote  avia-builder-el-15  el_before_av_one_third  avia-builder-el-first '><h2 class='av-special-heading-tag '  itemprop=\"headline\"  >Vortragende<\/h2><div class='av-subheading av-subheading_below'><p>Freuen Sie sich auf:<\/p>\n<\/div><div class=\"special-heading-border\"><div class=\"special-heading-inner-border\"><\/div><\/div><\/div>\n\n<style type=\"text\/css\" data-created_by=\"avia_inline_auto\" id=\"style-css-av-4djgn8-e0f715469ad91f3333563ffff8ea6e37\">\n.flex_column.av-4djgn8-e0f715469ad91f3333563ffff8ea6e37{\nborder-radius:0px 0px 0px 0px;\npadding:0px 0px 0px 0px;\n}\n<\/style>\n<div  class='flex_column av-4djgn8-e0f715469ad91f3333563ffff8ea6e37 av_one_third  avia-builder-el-16  el_after_av_heading  el_before_av_one_third  first flex_column_div av-zero-column-padding  '     ><p><section  class='avia-team-member av-l6uvp1b9-aa5daea3f399c46ea1d4532f08c63149  avia-builder-el-17  el_before_av_toggle_container  avia-builder-el-first '  itemscope=\"itemscope\" itemtype=\"https:\/\/schema.org\/Person\" ><div class=\"team-img-container\"><img decoding=\"async\" fetchpriority=\"high\" class='wp-image-8050 avia-img-lazy-loading-not-8050 avia_image avia_image_team' src=\"https:\/\/dfvcg-events.de\/digital-talk\/wp-content\/uploads\/sites\/14\/2022\/07\/Dressler_Enrico_Smartevents_2022_web.jpg\" alt='Enrico Dre\u00dfler'  itemprop=\"image\"   height=\"801\" width=\"600\" \/><\/div><h3 class='team-member-name '  itemprop=\"name\" >Enrico Dre\u00dfler<\/h3><div class='team-member-job-title '  itemprop=\"jobTitle\" >Gesch\u00e4ftsf\u00fchrer, smartEvents<\/div><span class='hidden team-member-affiliation'  itemprop=\"affiliation\" >Digital Talk<\/span><\/section><br \/>\n<div  class='togglecontainer av-l6uvq4ss-295a6c5380dd7707dee5fa2c08c24940  avia-builder-el-18  el_after_av_team_member  avia-builder-el-last  toggle_close_all' >\n<section class='av_toggle_section av-l6uvq4am-ec9a7753edbe42376884a897d647c2e0'  itemscope=\"itemscope\" itemtype=\"https:\/\/schema.org\/CreativeWork\" ><div role=\"tablist\" class=\"single_toggle\" data-tags=\"{Alle} \"  ><p id='toggle-toggle-id-1' data-fake-id='#toggle-id-1' class='toggler  av-title-above '  itemprop=\"headline\"  role='tab' tabindex='0' aria-controls='toggle-id-1' data-slide-speed=\"200\" data-title=\"Info\" data-title-open=\"\" data-aria_collapsed=\"Click to expand: Info\" data-aria_expanded=\"Click to collapse: Info\">Info<span class=\"toggle_icon\"><span class=\"vert_icon\"><\/span><span class=\"hor_icon\"><\/span><\/span><\/p><div id='toggle-id-1' aria-labelledby='toggle-toggle-id-1' role='region' class='toggle_wrap  av-title-above'  ><div class='toggle_content invers-color '  itemprop=\"text\" ><p>Enrico Dre\u00dfler besch\u00e4ftigt sich seit Beginn seiner beruflichen Laufbahn mit Veranstaltungs- und Medientechnik. Mit Gr\u00fcndung der ersten Firma \u201eschicksch\u00f6n\u201c wurden bis zum Beginn der Corona-Pandemie Live-Produktionen jeglicher Gr\u00f6\u00dfenordnung von Europa bis zum Mittleren Osten umgesetzt. Der radikale Umbruch im M\u00e4rz 2020 war der Ausgangspunkt f\u00fcr eine ebenso beeindruckende Entwicklung der zweiten Firma \u201esmartEvents\u201c.<br \/>\nAls einer der ersten zertifizierten Partneragenturen weltweit und st\u00e4rkster Service im deutschsprachigen Raum f\u00fcr die Live-Event-Plattform \u201ehopin\u201c wird nun im beginnenden Zeitalter der hybriden Events das volle Potential aus beiden Welten genutzt.<br \/>\nNeben der technischen Ausstattung umfasst dies auch Beratungen zur Konzeption, Teilnehmermanagement und zur Umsetzung. Zusatzleistungen wie Helpdesks und Hotlines erg\u00e4nzen das Portfolio.<\/p>\n<\/div><\/div><\/div><\/section>\n<\/div><\/p><\/div>\n<style type=\"text\/css\" data-created_by=\"avia_inline_auto\" id=\"style-css-av-85rvac-887b10e5690dd44ddf2a32b5ddc071f9\">\n.flex_column.av-85rvac-887b10e5690dd44ddf2a32b5ddc071f9{\nborder-radius:0px 0px 0px 0px;\npadding:0px 0px 0px 0px;\n}\n<\/style>\n<div  class='flex_column av-85rvac-887b10e5690dd44ddf2a32b5ddc071f9 av_one_third  avia-builder-el-19  el_after_av_one_third  el_before_av_one_third  flex_column_div av-zero-column-padding  '     ><p><section  class='avia-team-member av-5ex204-c4eb3a1fdedd5bee736fcae9f1461e3a  avia-builder-el-20  el_before_av_toggle_container  avia-builder-el-first '  itemscope=\"itemscope\" itemtype=\"https:\/\/schema.org\/Person\" ><div class=\"team-img-container\"><img decoding=\"async\" fetchpriority=\"high\" class='wp-image-7970 avia-img-lazy-loading-not-7970 avia_image avia_image_team' src=\"https:\/\/dfvcg-events.de\/digital-talk\/wp-content\/uploads\/sites\/14\/2022\/08\/Hellstedt_Stephanie_invited-people_2022_WEB.jpg\" alt='Stephanie Hellstedt'  itemprop=\"image\"   height=\"476\" width=\"357\" \/><\/div><h3 class='team-member-name '  itemprop=\"name\" >Stephanie Hellstedt<\/h3><div class='team-member-job-title '  itemprop=\"jobTitle\" >Gesch\u00e4ftsf\u00fchrerin \/ Managing Director, InvitePeople<\/div><span class='hidden team-member-affiliation'  itemprop=\"affiliation\" >Digital Talk<\/span><\/section><br \/>\n<div  class='togglecontainer av-3xqm90-294c00cb8be1fa67dd292a20135508b6  avia-builder-el-21  el_after_av_team_member  avia-builder-el-last  toggle_close_all' >\n<section class='av_toggle_section av-34yb5g-aa25de57ddab195c5580e52a30237bfd'  itemscope=\"itemscope\" itemtype=\"https:\/\/schema.org\/CreativeWork\" ><div role=\"tablist\" class=\"single_toggle\" data-tags=\"{Alle} \"  ><p id='toggle-toggle-id-2' data-fake-id='#toggle-id-2' class='toggler  av-title-above '  itemprop=\"headline\"  role='tab' tabindex='0' aria-controls='toggle-id-2' data-slide-speed=\"200\" data-title=\"Info\" data-title-open=\"\" data-aria_collapsed=\"Click to expand: Info\" data-aria_expanded=\"Click to collapse: Info\">Info<span class=\"toggle_icon\"><span class=\"vert_icon\"><\/span><span class=\"hor_icon\"><\/span><\/span><\/p><div id='toggle-id-2' aria-labelledby='toggle-toggle-id-2' role='region' class='toggle_wrap  av-title-above'  ><div class='toggle_content invers-color '  itemprop=\"text\" ><p>Stephanie Hellstedt arbeitet seit 25 Jahren in der Eventbranche. Die geb\u00fcrtige Schwedin hat weltweit Events organisiert und sich dabei immer f\u00fcr die Digitalisierung der Veranstaltungsbranche interessiert. Heute ist sie Gesch\u00e4ftsf\u00fchrerin von InvitePeople Deutschland und kann mit der Plattform an vorderster Front an die Digitalisierung von allen Arten von Events, live, hybrid oder digital, \u00a0mitwirken.<\/p>\n<\/div><\/div><\/div><\/section>\n<\/div><\/p><\/div>\n<style type=\"text\/css\" data-created_by=\"avia_inline_auto\" id=\"style-css-av-jh6h7n-ef1db15c9122b6174555ea8ac2ea6695\">\n.flex_column.av-jh6h7n-ef1db15c9122b6174555ea8ac2ea6695{\nborder-radius:0px 0px 0px 0px;\npadding:0px 0px 0px 0px;\n}\n<\/style>\n<div  class='flex_column av-jh6h7n-ef1db15c9122b6174555ea8ac2ea6695 av_one_third  avia-builder-el-22  el_after_av_one_third  el_before_av_one_third  flex_column_div av-zero-column-padding  '     ><p><section  class='avia-team-member av-lo8j76dx-06aa4c4ca7f50bd8e0d3e156e0100ecb  avia-builder-el-23  el_before_av_toggle_container  avia-builder-el-first '  itemscope=\"itemscope\" itemtype=\"https:\/\/schema.org\/Person\" ><div class=\"team-img-container\"><img decoding=\"async\" fetchpriority=\"high\" class='wp-image-13111 avia-img-lazy-loading-not-13111 avia_image avia_image_team' src=\"https:\/\/dfvcg-events.de\/digital-talk\/wp-content\/uploads\/sites\/14\/2023\/10\/Aring_Philipp_cvent_2023-web.jpg\" alt='Philipp Aring'  itemprop=\"image\"   height=\"800\" width=\"600\" \/><\/div><h3 class='team-member-name '  itemprop=\"name\" >Philipp Aring<\/h3><div class='team-member-job-title '  itemprop=\"jobTitle\" >Business Development Executive, Cvent<\/div><span class='hidden team-member-affiliation'  itemprop=\"affiliation\" >Digital Talk<\/span><\/section><br \/>\n<div  class='togglecontainer av-lo8j7kg7-1e98b9c56c197dd9e1359b1d3975f460  avia-builder-el-24  el_after_av_team_member  avia-builder-el-last  toggle_close_all' >\n<section class='av_toggle_section av-lo8j7jzf-a81285bf9288c4ba43f716d60c0c5935'  itemscope=\"itemscope\" itemtype=\"https:\/\/schema.org\/CreativeWork\" ><div role=\"tablist\" class=\"single_toggle\" data-tags=\"{Alle} \"  ><p id='toggle-toggle-id-3' data-fake-id='#toggle-id-3' class='toggler  av-title-above '  itemprop=\"headline\"  role='tab' tabindex='0' aria-controls='toggle-id-3' data-slide-speed=\"200\" data-title=\"Info\" data-title-open=\"\" data-aria_collapsed=\"Click to expand: Info\" data-aria_expanded=\"Click to collapse: Info\">Info<span class=\"toggle_icon\"><span class=\"vert_icon\"><\/span><span class=\"hor_icon\"><\/span><\/span><\/p><div id='toggle-id-3' aria-labelledby='toggle-toggle-id-3' role='region' class='toggle_wrap  av-title-above'  ><div class='toggle_content invers-color '  itemprop=\"text\" ><\/div><\/div><\/div><\/section>\n<\/div><\/p><\/div>\n<style type=\"text\/css\" data-created_by=\"avia_inline_auto\" id=\"style-css-av-2yzbyc-cedde4473ba03c3e729dd4d5f3e3f547\">\n.flex_column.av-2yzbyc-cedde4473ba03c3e729dd4d5f3e3f547{\nborder-radius:0px 0px 0px 0px;\npadding:0px 0px 0px 0px;\n}\n<\/style>\n<div  class='flex_column av-2yzbyc-cedde4473ba03c3e729dd4d5f3e3f547 av_one_third  avia-builder-el-25  el_after_av_one_third  el_before_av_one_third  first flex_column_div av-zero-column-padding  column-top-margin'     ><p><section  class='avia-team-member av-l7em2r2a-62c312a8aaeb6903fac6cbc00c86ef43  avia-builder-el-26  el_before_av_toggle_container  avia-builder-el-first '  itemscope=\"itemscope\" itemtype=\"https:\/\/schema.org\/Person\" ><div class=\"team-img-container\"><img decoding=\"async\" fetchpriority=\"high\" class='wp-image-8107 avia-img-lazy-loading-not-8107 avia_image avia_image_team' src=\"https:\/\/dfvcg-events.de\/digital-talk\/wp-content\/uploads\/sites\/14\/2022\/07\/Rundel_Felix_futurehain_2022-web.jpg\" alt='Moderation: Felix Rundel'  itemprop=\"image\"   height=\"800\" width=\"600\" \/><\/div><h3 class='team-member-name '  itemprop=\"name\" >Moderation: Felix Rundel<\/h3><div class='team-member-job-title '  itemprop=\"jobTitle\" >Co-Founder, futurehain<\/div><span class='hidden team-member-affiliation'  itemprop=\"affiliation\" >Digital Talk<\/span><\/section><br \/>\n<div  class='togglecontainer av-l7em3743-31c48abeb4e1769edc0a80134ee56b4e  avia-builder-el-27  el_after_av_team_member  avia-builder-el-last  toggle_close_all' >\n<section class='av_toggle_section av-l7em36lp-bf12fd95a67072e24eea5bb241b5d2c2'  itemscope=\"itemscope\" itemtype=\"https:\/\/schema.org\/CreativeWork\" ><div role=\"tablist\" class=\"single_toggle\" data-tags=\"{Alle} \"  ><p id='toggle-toggle-id-4' data-fake-id='#toggle-id-4' class='toggler  av-title-above '  itemprop=\"headline\"  role='tab' tabindex='0' aria-controls='toggle-id-4' data-slide-speed=\"200\" data-title=\"Info\" data-title-open=\"\" data-aria_collapsed=\"Click to expand: Info\" data-aria_expanded=\"Click to collapse: Info\">Info<span class=\"toggle_icon\"><span class=\"vert_icon\"><\/span><span class=\"hor_icon\"><\/span><\/span><\/p><div id='toggle-id-4' aria-labelledby='toggle-toggle-id-4' role='region' class='toggle_wrap  av-title-above'  ><div class='toggle_content invers-color '  itemprop=\"text\" ><p>Felix Rundel ist Moderator, Speaker und Co-Founder von futurehain, einer Agentur an der Schnittstelle zwischen Wissenschaft, Innovation und Events. Mit seiner Arbeit zwischen kreativem Meeting Design, strategischen Programmkonzepten und interdisziplin\u00e4rem Austausch \u2013 unter anderem als Berater von internationalen NGOs, Unternehmen und Ministerien &#8211; engagiert sich Felix f\u00fcr nachhaltigen und kollaborativen Fortschritt, um den gro\u00dfen Herausforderungen unserer Zeit zu begegnen.<\/p>\n<\/div><\/div><\/div><\/section>\n<\/div><\/p><\/div>\n<style type=\"text\/css\" data-created_by=\"avia_inline_auto\" id=\"style-css-av-30mhl0-775bf50e030923e5464e1844a58510a1\">\n.flex_column.av-30mhl0-775bf50e030923e5464e1844a58510a1{\nborder-radius:0px 0px 0px 0px;\npadding:0px 0px 0px 0px;\n}\n<\/style>\n<div  class='flex_column av-30mhl0-775bf50e030923e5464e1844a58510a1 av_one_third  avia-builder-el-28  el_after_av_one_third  avia-builder-el-last  flex_column_div av-zero-column-padding  column-top-margin'     ><p><section  class='avia-team-member av-l6uvpo2q-2cac00c88a56123020a1cc5d8e96027f  avia-builder-el-29  el_before_av_toggle_container  avia-builder-el-first  av-desktop-hide av-medium-hide av-small-hide av-mini-hide'  itemscope=\"itemscope\" itemtype=\"https:\/\/schema.org\/Person\" ><div class=\"team-img-container\"><img decoding=\"async\" fetchpriority=\"high\" class='wp-image-9581 avia-img-lazy-loading-not-9581 avia_image avia_image_team' src=\"https:\/\/dfvcg-events.de\/digital-talk\/wp-content\/uploads\/sites\/14\/2022\/12\/Laibacher_Markus_21_Digital-Talk_Neu.jpg\" alt='Markus Laibacher'  itemprop=\"image\"   height=\"800\" width=\"600\" \/><\/div><h3 class='team-member-name '  itemprop=\"name\" >Markus Laibacher<\/h3><div class='team-member-job-title '  itemprop=\"jobTitle\" >Regional Manager \u2013 Event Solutions, Cvent<\/div><span class='hidden team-member-affiliation'  itemprop=\"affiliation\" >Digital Talk<\/span><\/section><br \/>\n<div  class='togglecontainer av-l6uvpu4y-b99bdc4dd2f86b7e23ad96beb3618067  avia-builder-el-30  el_after_av_team_member  avia-builder-el-last  av-desktop-hide av-medium-hide av-small-hide av-mini-hide toggle_close_all' >\n<section class='av_toggle_section av-l6uvptln-946eb97d963f4144e505702995f18aa5'  itemscope=\"itemscope\" itemtype=\"https:\/\/schema.org\/CreativeWork\" ><div role=\"tablist\" class=\"single_toggle\" data-tags=\"{Alle} \"  ><p id='toggle-toggle-id-5' data-fake-id='#toggle-id-5' class='toggler  av-title-above '  itemprop=\"headline\"  role='tab' tabindex='0' aria-controls='toggle-id-5' data-slide-speed=\"200\" data-title=\"Info\" data-title-open=\"\" data-aria_collapsed=\"Click to expand: Info\" data-aria_expanded=\"Click to collapse: Info\">Info<span class=\"toggle_icon\"><span class=\"vert_icon\"><\/span><span class=\"hor_icon\"><\/span><\/span><\/p><div id='toggle-id-5' aria-labelledby='toggle-toggle-id-5' role='region' class='toggle_wrap  av-title-above'  ><div class='toggle_content invers-color '  itemprop=\"text\" ><p>Markus Laibacher ist seit 2013 in Frankfurt bei Cvent t\u00e4tig. Als Regional Manager, Sales &amp; Operations ist er f\u00fcrs Marktwachstum, haupts\u00e4chlich in der DACH-Region, verantwortlich. Er setzt alles daran, Eventplaner in der Region f\u00fcr Eventmanagement-Technologie zu begeistern, ihnen m\u00f6gliche Zweifel zu nehmen und Fragen zu beantworten.<\/p>\n<p>Vor seiner Karriere bei Cvent war Markus Laibacher als Business Development Manager bei Cendyn Arcaneo in Toronto und Frankfurt t\u00e4tig, wo er Unternehmen mit L\u00f6sungen f\u00fcr Strategisches Meetingsmanagement zu mehr Kontrolle \u00fcber Ihre Meeting- und Eventprogramme verhalf.<\/p>\n<p>Markus gr\u00fcndete und f\u00fchrte 10 Jahre lang die Firma Q-Animations, eine Marketing Firma, spezialisiert auf Webdesign, Film und 3-D Animationen.<\/p>\n<p>Neben Events und Eventtechnologie schl\u00e4gt Markus Laibachers Herz f\u00fcr seine Familie, mit der er den gr\u00f6\u03b2ten Teil seiner Freizeit verbringt, sowie den FC Bayern M\u00fcnchen.<\/p>\n<\/div><\/div><\/div><\/section>\n<\/div><\/p><\/div>\n<\/p>\n<\/div><\/div><\/div><!-- close content main div --><\/div><\/div><div id='anmelden'  class='avia-section av-kawtoycl-1-b06506d3f004b7712fe681922b309195 main_color avia-section-default avia-no-shadow  avia-builder-el-31  el_after_av_section  el_before_av_section  avia-bg-style-scroll container_wrap fullsize'  ><div class='container av-section-cont-open' ><div class='template-page content  av-content-full alpha units'><div class='post-entry post-entry-type-page post-entry-13059'><div class='entry-content-wrapper clearfix'>\n\n<style type=\"text\/css\" data-created_by=\"avia_inline_auto\" id=\"style-css-av-24jcbm-8c324757c17a2c614a074b796b39e0e9\">\n#top .av-special-heading.av-24jcbm-8c324757c17a2c614a074b796b39e0e9{\npadding-bottom:25px;\n}\nbody .av-special-heading.av-24jcbm-8c324757c17a2c614a074b796b39e0e9 .av-special-heading-tag .heading-char{\nfont-size:25px;\n}\n.av-special-heading.av-24jcbm-8c324757c17a2c614a074b796b39e0e9 .av-subheading{\nfont-size:15px;\n}\n<\/style>\n<div  class='av-special-heading av-24jcbm-8c324757c17a2c614a074b796b39e0e9 av-special-heading-h2 blockquote modern-quote  avia-builder-el-32  el_before_av_codeblock  avia-builder-el-first '><h2 class='av-special-heading-tag '  itemprop=\"headline\"  >Jetzt anmelden<\/h2><div class='av-subheading av-subheading_below'><p>Vielen Dank f\u00fcr Ihr Interesse!<\/p>\n<\/div><div class=\"special-heading-border\"><div class=\"special-heading-inner-border\"><\/div><\/div><\/div>\n\n\n<\/div><\/div><\/div><!-- close content main div --><\/div><\/div><div id='av_section_6'  class='avia-section av-55yknhf-c49b15a7cdc58e9a45b0476fcfb56e3b main_color avia-section-default avia-no-shadow  avia-builder-el-34  el_after_av_section  el_before_av_section  avia-bg-style-scroll container_wrap fullsize'  ><div class='container av-section-cont-open' ><div class='template-page content  av-content-full alpha units'><div class='post-entry post-entry-type-page post-entry-13059'><div class='entry-content-wrapper clearfix'>\n\n<style type=\"text\/css\" data-created_by=\"avia_inline_auto\" id=\"style-css-av-506b82r-d5ab7d8eaa6c7c093bd209b923c8ca5e\">\n#top .av-special-heading.av-506b82r-d5ab7d8eaa6c7c093bd209b923c8ca5e{\npadding-bottom:25px;\n}\nbody .av-special-heading.av-506b82r-d5ab7d8eaa6c7c093bd209b923c8ca5e .av-special-heading-tag .heading-char{\nfont-size:25px;\n}\n.av-special-heading.av-506b82r-d5ab7d8eaa6c7c093bd209b923c8ca5e .av-subheading{\nfont-size:15px;\n}\n<\/style>\n<div  class='av-special-heading av-506b82r-d5ab7d8eaa6c7c093bd209b923c8ca5e av-special-heading-h2 blockquote modern-quote  avia-builder-el-35  el_before_av_textblock  avia-builder-el-first '><h2 class='av-special-heading-tag '  itemprop=\"headline\"  >Gut zu wissen<\/h2><div class='av-subheading av-subheading_below'><p>Wichtige Informationen rund um Ihre digitale Teilnahme<\/p>\n<\/div><div class=\"special-heading-border\"><div class=\"special-heading-inner-border\"><\/div><\/div><\/div>\n<section  class='av_textblock_section av-4gfyy83-40f5f91a17c9dfbcfc33498ae52b089a '   itemscope=\"itemscope\" itemtype=\"https:\/\/schema.org\/CreativeWork\" ><div class='avia_textblock'  itemprop=\"text\" ><p>Nach Ihrer Registrierung erhalten Sie Ihre Anmeldebest\u00e4tigung sowie einen Link f\u00fcr Ihren Kalendereintrag. Die Zugangsdaten zum Einloggen erhalten Sie rechtzeitig vor Beginn des Digital Talks.<\/p>\n<\/div><\/section>\n\n<\/div><\/div><\/div><!-- close content main div --><\/div><\/div><div id='partner'  class='avia-section av-l5uzqwaz-f92e1e51879efa6abeb66a24853e7701 main_color avia-section-default avia-no-shadow  avia-builder-el-37  el_after_av_section  el_before_av_section  avia-bg-style-scroll container_wrap fullsize'  ><div class='container av-section-cont-open' ><div class='template-page content  av-content-full alpha units'><div class='post-entry post-entry-type-page post-entry-13059'><div class='entry-content-wrapper clearfix'>\n\n<style type=\"text\/css\" data-created_by=\"avia_inline_auto\" id=\"style-css-av-4l68af-8ceff653470195f1f6e953564779cbec\">\n#top .av-special-heading.av-4l68af-8ceff653470195f1f6e953564779cbec{\npadding-bottom:25px;\n}\nbody .av-special-heading.av-4l68af-8ceff653470195f1f6e953564779cbec .av-special-heading-tag .heading-char{\nfont-size:25px;\n}\n.av-special-heading.av-4l68af-8ceff653470195f1f6e953564779cbec .av-subheading{\nfont-size:15px;\n}\n<\/style>\n<div  class='av-special-heading av-4l68af-8ceff653470195f1f6e953564779cbec av-special-heading-h2 blockquote modern-quote  avia-builder-el-38  el_before_av_one_fourth  avia-builder-el-first '><h2 class='av-special-heading-tag '  itemprop=\"headline\"  >Partner<\/h2><div class=\"special-heading-border\"><div class=\"special-heading-inner-border\"><\/div><\/div><\/div>\n<div  class='flex_column av-1u7lqi-f595752b34d242b950226f2f61fce8fb av_one_fourth  avia-builder-el-39  el_after_av_heading  el_before_av_one_fourth  first flex_column_div  '     ><style type=\"text\/css\" data-created_by=\"avia_inline_auto\" id=\"style-css-av-lcre0c8u-e111cee56dacea1040713ad810a8f66e\">\n.avia-image-container.av-lcre0c8u-e111cee56dacea1040713ad810a8f66e img.avia_image{\nbox-shadow:none;\n}\n.avia-image-container.av-lcre0c8u-e111cee56dacea1040713ad810a8f66e .av-image-caption-overlay-center{\ncolor:#ffffff;\n}\n<\/style>\n<div  class='avia-image-container av-lcre0c8u-e111cee56dacea1040713ad810a8f66e av-styling- av-img-linked avia-align-center  avia-builder-el-40  avia-builder-el-no-sibling '   itemprop=\"image\" itemscope=\"itemscope\" itemtype=\"https:\/\/schema.org\/ImageObject\" ><div class=\"avia-image-container-inner\"><div class=\"avia-image-overlay-wrap\"><a href=\"https:\/\/www.cvent.com\/de\" class='avia_image '  target=\"_blank\"  rel=\"noopener noreferrer\" aria-label='cvent web'><img decoding=\"async\" fetchpriority=\"high\" class='wp-image-9582 avia-img-lazy-loading-not-9582 avia_image ' src=\"https:\/\/dfvcg-events.de\/digital-talk\/wp-content\/uploads\/sites\/14\/2022\/12\/cvent-web.jpg\" alt='' title='cvent web'  height=\"600\" width=\"800\"  itemprop=\"thumbnailUrl\"  \/><\/a><\/div><\/div><\/div><\/div><div  class='flex_column av-2fwlef-7e9cc3a69e67f49191001abd898d2fad av_one_fourth  avia-builder-el-41  el_after_av_one_fourth  el_before_av_one_fourth  flex_column_div  '     ><style type=\"text\/css\" data-created_by=\"avia_inline_auto\" id=\"style-css-av-l5uzqfvh-11ec38235a15b898d40f7139e4d0f44c\">\n.avia-image-container.av-l5uzqfvh-11ec38235a15b898d40f7139e4d0f44c img.avia_image{\nbox-shadow:none;\n}\n.avia-image-container.av-l5uzqfvh-11ec38235a15b898d40f7139e4d0f44c .av-image-caption-overlay-center{\ncolor:#ffffff;\n}\n<\/style>\n<div  class='avia-image-container av-l5uzqfvh-11ec38235a15b898d40f7139e4d0f44c av-styling- av-img-linked avia-align-center  avia-builder-el-42  avia-builder-el-no-sibling '   itemprop=\"image\" itemscope=\"itemscope\" itemtype=\"https:\/\/schema.org\/ImageObject\" ><div class=\"avia-image-container-inner\"><div class=\"avia-image-overlay-wrap\"><a href=\"https:\/\/invitepeople.com\/de\/ \" class='avia_image '  target=\"_blank\"  rel=\"noopener noreferrer\" aria-label='invite people'><img decoding=\"async\" fetchpriority=\"high\" class='wp-image-7753 avia-img-lazy-loading-not-7753 avia_image ' src=\"https:\/\/dfvcg-events.de\/digital-talk\/wp-content\/uploads\/sites\/14\/2022\/07\/invite-people.jpg\" alt='' title='invite people'  height=\"600\" width=\"800\"  itemprop=\"thumbnailUrl\"  \/><\/a><\/div><\/div><\/div><\/div><div  class='flex_column av-423joq-092fd6fca3292b50c99e5172d59f005f av_one_fourth  avia-builder-el-43  el_after_av_one_fourth  avia-builder-el-last  flex_column_div  '     ><style type=\"text\/css\" data-created_by=\"avia_inline_auto\" id=\"style-css-av-lcrdywzn-7511526906cf1bb393bffb2af5f19890\">\n.avia-image-container.av-lcrdywzn-7511526906cf1bb393bffb2af5f19890 img.avia_image{\nbox-shadow:none;\n}\n.avia-image-container.av-lcrdywzn-7511526906cf1bb393bffb2af5f19890 .av-image-caption-overlay-center{\ncolor:#ffffff;\n}\n<\/style>\n<div  class='avia-image-container av-lcrdywzn-7511526906cf1bb393bffb2af5f19890 av-styling- av-img-linked avia-align-center  avia-builder-el-44  avia-builder-el-no-sibling '   itemprop=\"image\" itemscope=\"itemscope\" itemtype=\"https:\/\/schema.org\/ImageObject\" ><div class=\"avia-image-container-inner\"><div class=\"avia-image-overlay-wrap\"><a href=\"https:\/\/www.smartevents.de\/\" class='avia_image '  target=\"_blank\"  rel=\"noopener noreferrer\" aria-label='smart_events_neu_web'><img decoding=\"async\" fetchpriority=\"high\" class='wp-image-13212 avia-img-lazy-loading-not-13212 avia_image ' src=\"https:\/\/dfvcg-events.de\/digital-talk\/wp-content\/uploads\/sites\/14\/2023\/10\/smart_events_neu_web.jpg\" alt='' title='smart_events_neu_web'  height=\"600\" width=\"800\"  itemprop=\"thumbnailUrl\"  \/><\/a><\/div><\/div><\/div><\/div>\n\n<\/div><\/div><\/div><!-- close content main div --><\/div><\/div><div id='av_section_8'  class='avia-section av-di8ztv-49f045c4e7cb8832e03958a98da893b2 main_color avia-section-default avia-no-shadow  avia-builder-el-45  el_after_av_section  avia-builder-el-last  avia-bg-style-scroll container_wrap fullsize'  ><div class='container av-section-cont-open' ><div class='template-page content  av-content-full alpha units'><div class='post-entry post-entry-type-page post-entry-13059'><div class='entry-content-wrapper clearfix'>\n\n<style type=\"text\/css\" data-created_by=\"avia_inline_auto\" id=\"style-css-av-3iv6kpv-40380dda22c837ef9e4caae9dd7e80fd\">\n#top .av-special-heading.av-3iv6kpv-40380dda22c837ef9e4caae9dd7e80fd{\npadding-bottom:25px;\n}\nbody .av-special-heading.av-3iv6kpv-40380dda22c837ef9e4caae9dd7e80fd .av-special-heading-tag .heading-char{\nfont-size:25px;\n}\n.av-special-heading.av-3iv6kpv-40380dda22c837ef9e4caae9dd7e80fd .av-subheading{\nfont-size:15px;\n}\n<\/style>\n<div  class='av-special-heading av-3iv6kpv-40380dda22c837ef9e4caae9dd7e80fd av-special-heading-h2 blockquote modern-quote  avia-builder-el-46  el_before_av_one_third  avia-builder-el-first '><h2 class='av-special-heading-tag '  itemprop=\"headline\"  >Ihre Ansprechpartner:innen<\/h2><div class='av-subheading av-subheading_below'><p>Wir sind f\u00fcr Sie da<\/p>\n<\/div><div class=\"special-heading-border\"><div class=\"special-heading-inner-border\"><\/div><\/div><\/div>\n\n<style type=\"text\/css\" data-created_by=\"avia_inline_auto\" id=\"style-css-av-3626n0j-f8f2912c4ae01d29d4e7d6ee5c935ca3\">\n.flex_column.av-3626n0j-f8f2912c4ae01d29d4e7d6ee5c935ca3{\nborder-radius:0px 0px 0px 0px;\npadding:0px 0px 0px 0px;\n}\n<\/style>\n<div  class='flex_column av-3626n0j-f8f2912c4ae01d29d4e7d6ee5c935ca3 av_one_third  avia-builder-el-47  el_after_av_heading  el_before_av_one_third  first flex_column_div av-zero-column-padding  '     ><section  class='av_textblock_section av-2lmu5r7-d1d7f5815982c9e87dcd31047fde4d4d '   itemscope=\"itemscope\" itemtype=\"https:\/\/schema.org\/CreativeWork\" ><div class='avia_textblock'  itemprop=\"text\" ><p><strong>Projektleitung<\/strong><\/p>\n<p>Sarah Sternberger<br \/>\n<a href=\"mailto:s&#97;&#114;&#97;&#104;&#46;&#115;&#116;&#101;&#114;&#110;&#x62;&#x65;&#x72;&#x67;&#x65;&#x72;&#x40;&#x64;&#x66;&#x76;&#x63;&#x67;&#x2e;&#x64;&#x65;\">&#x73;&#x61;&#114;&#97;h&#x2e;&#x73;&#x74;&#101;rn&#x62;&#x65;&#114;&#103;e&#x72;&#x40;&#x64;&#102;vc&#x67;&#x2e;&#100;&#101;<\/a><br \/>\n+49 69 7595 3039<\/p>\n<\/div><\/section><\/div>\n<style type=\"text\/css\" data-created_by=\"avia_inline_auto\" id=\"style-css-av-21jeclf-44f3cbe0bf348f4764813bfb86b5bf82\">\n.flex_column.av-21jeclf-44f3cbe0bf348f4764813bfb86b5bf82{\nborder-radius:0px 0px 0px 0px;\npadding:0px 0px 0px 0px;\n}\n<\/style>\n<div  class='flex_column av-21jeclf-44f3cbe0bf348f4764813bfb86b5bf82 av_one_third  avia-builder-el-49  el_after_av_one_third  el_before_av_one_third  flex_column_div av-zero-column-padding  '     ><section  class='av_textblock_section av-1tp910j-93d429135b6e4f1de77540eb84bd099b '   itemscope=\"itemscope\" itemtype=\"https:\/\/schema.org\/CreativeWork\" ><div class='avia_textblock'  itemprop=\"text\" ><p><strong>Organisation<\/strong><\/p>\n<p>Marie Hartmann<br \/>\n<a href=\"&#x6d;&#97;i&#x6c;&#x74;&#111;:&#x6d;&#x61;&#114;i&#x65;&#x2e;&#104;a&#x72;&#x74;&#109;a&#x6e;&#110;&#64;d&#x66;&#118;c&#x67;&#x2e;&#100;e\">m&#97;&#x72;&#x69;&#x65;&#46;&#104;&#97;&#x72;&#x74;m&#97;&#110;&#x6e;&#x40;df&#118;&#x63;&#x67;&#x2e;d&#101;<\/a><br \/>\n+49 69 7595 3028<\/p>\n<\/div><\/section><\/div>\n<style type=\"text\/css\" data-created_by=\"avia_inline_auto\" id=\"style-css-av-1cdlgub-25f625d4698202bbd7b7d7c3d98a9c46\">\n.flex_column.av-1cdlgub-25f625d4698202bbd7b7d7c3d98a9c46{\nborder-radius:0px 0px 0px 0px;\npadding:0px 0px 0px 0px;\n}\n<\/style>\n<div  class='flex_column av-1cdlgub-25f625d4698202bbd7b7d7c3d98a9c46 av_one_third  avia-builder-el-51  el_after_av_one_third  avia-builder-el-last  flex_column_div av-zero-column-padding  '     ><section  class='av_textblock_section av-l5yu2r-5c702c57bc0797000c3823bb13141c68 '   itemscope=\"itemscope\" itemtype=\"https:\/\/schema.org\/CreativeWork\" ><div class='avia_textblock'  itemprop=\"text\" ><p><strong>Partner<\/strong><\/p>\n<p>Simone Hammer<br \/>\n<a href=\"&#x6d;&#x61;&#x69;&#x6c;&#116;&#111;&#58;Si&#x6d;&#x6f;&#x6e;&#x65;&#x2e;&#72;&#97;&#109;me&#x72;&#x40;&#x64;&#x66;&#x76;&#46;&#100;&#101;\">S&#105;&#x6d;&#x6f;n&#101;&#x2e;&#x48;a&#109;&#109;&#x65;&#x72;&#64;&#100;&#x66;&#x76;&#46;&#100;&#x65;<\/a><br \/>\n+49 69 7595 1638<\/p>\n<\/div><\/section><\/div>\n\n","protected":false},"excerpt":{"rendered":"<p>4. Dezember 2023<br \/>\n15:00 &#8211; 16:00 Uhr<\/p>\n","protected":false},"author":25,"featured_media":13209,"comment_status":"closed","ping_status":"closed","template":"","meta":{"footnotes":""},"tags":[],"portfolio_entries":[47],"class_list":["post-13059","portfolio","type-portfolio","status-publish","has-post-thumbnail","hentry","portfolio_entries-archiv"],"yoast_head":"<!-- This site is optimized with the Yoast SEO plugin v27.4 - https:\/\/yoast.com\/product\/yoast-seo-wordpress\/ -->\n<title>digital talk: Plattformen f\u00fcr Businessevents - Digital Talk<\/title>\n<meta name=\"description\" content=\"Live. Aktuell. Inspirierend: digital talk: Plattformen f\u00fcr Businessevents . Tools im TechCheck.\" \/>\n<meta name=\"robots\" content=\"index, follow, max-snippet:-1, max-image-preview:large, max-video-preview:-1\" \/>\n<link rel=\"canonical\" href=\"https:\/\/dfvcg-events.de\/digital-talk\/veranstaltung\/digital-talk-plattformen-fuer-businessevents-3\/\" \/>\n<meta property=\"og:locale\" content=\"de_DE\" \/>\n<meta property=\"og:type\" content=\"article\" \/>\n<meta property=\"og:title\" content=\"digital talk: Plattformen f\u00fcr Businessevents - Digital Talk\" \/>\n<meta property=\"og:description\" content=\"Live. Aktuell. Inspirierend: digital talk: Plattformen f\u00fcr Businessevents . Tools im TechCheck.\" \/>\n<meta property=\"og:url\" content=\"https:\/\/dfvcg-events.de\/digital-talk\/veranstaltung\/digital-talk-plattformen-fuer-businessevents-3\/\" \/>\n<meta property=\"og:site_name\" content=\"Digital Talk\" \/>\n<meta property=\"article:modified_time\" content=\"2024-02-09T09:24:07+00:00\" \/>\n<meta property=\"og:image\" content=\"https:\/\/dfvcg-events.de\/digital-talk\/wp-content\/uploads\/sites\/14\/2023\/10\/TaWi_PlattformenAgenda2024_800x800-2.jpg\" \/>\n\t<meta property=\"og:image:width\" content=\"800\" \/>\n\t<meta property=\"og:image:height\" content=\"800\" \/>\n\t<meta property=\"og:image:type\" content=\"image\/jpeg\" \/>\n<meta name=\"twitter:card\" content=\"summary_large_image\" \/>\n<meta name=\"twitter:label1\" content=\"Gesch\u00e4tzte Lesezeit\" \/>\n\t<meta name=\"twitter:data1\" content=\"19\u00a0Minuten\" \/>\n<script type=\"application\/ld+json\" class=\"yoast-schema-graph\">{\"@context\":\"https:\\\/\\\/schema.org\",\"@graph\":[{\"@type\":\"WebPage\",\"@id\":\"https:\\\/\\\/dfvcg-events.de\\\/digital-talk\\\/veranstaltung\\\/digital-talk-plattformen-fuer-businessevents-3\\\/\",\"url\":\"https:\\\/\\\/dfvcg-events.de\\\/digital-talk\\\/veranstaltung\\\/digital-talk-plattformen-fuer-businessevents-3\\\/\",\"name\":\"digital talk: Plattformen f\u00fcr Businessevents - Digital Talk\",\"isPartOf\":{\"@id\":\"https:\\\/\\\/dfvcg-events.de\\\/digital-talk\\\/#website\"},\"primaryImageOfPage\":{\"@id\":\"https:\\\/\\\/dfvcg-events.de\\\/digital-talk\\\/veranstaltung\\\/digital-talk-plattformen-fuer-businessevents-3\\\/#primaryimage\"},\"image\":{\"@id\":\"https:\\\/\\\/dfvcg-events.de\\\/digital-talk\\\/veranstaltung\\\/digital-talk-plattformen-fuer-businessevents-3\\\/#primaryimage\"},\"thumbnailUrl\":\"https:\\\/\\\/dfvcg-events.de\\\/digital-talk\\\/wp-content\\\/uploads\\\/sites\\\/14\\\/2023\\\/10\\\/TaWi_PlattformenAgenda2024_800x800-2.jpg\",\"datePublished\":\"2023-10-25T08:09:20+00:00\",\"dateModified\":\"2024-02-09T09:24:07+00:00\",\"description\":\"Live. Aktuell. Inspirierend: digital talk: Plattformen f\u00fcr Businessevents . Tools im TechCheck.\",\"breadcrumb\":{\"@id\":\"https:\\\/\\\/dfvcg-events.de\\\/digital-talk\\\/veranstaltung\\\/digital-talk-plattformen-fuer-businessevents-3\\\/#breadcrumb\"},\"inLanguage\":\"de\",\"potentialAction\":[{\"@type\":\"ReadAction\",\"target\":[\"https:\\\/\\\/dfvcg-events.de\\\/digital-talk\\\/veranstaltung\\\/digital-talk-plattformen-fuer-businessevents-3\\\/\"]}]},{\"@type\":\"ImageObject\",\"inLanguage\":\"de\",\"@id\":\"https:\\\/\\\/dfvcg-events.de\\\/digital-talk\\\/veranstaltung\\\/digital-talk-plattformen-fuer-businessevents-3\\\/#primaryimage\",\"url\":\"https:\\\/\\\/dfvcg-events.de\\\/digital-talk\\\/wp-content\\\/uploads\\\/sites\\\/14\\\/2023\\\/10\\\/TaWi_PlattformenAgenda2024_800x800-2.jpg\",\"contentUrl\":\"https:\\\/\\\/dfvcg-events.de\\\/digital-talk\\\/wp-content\\\/uploads\\\/sites\\\/14\\\/2023\\\/10\\\/TaWi_PlattformenAgenda2024_800x800-2.jpg\",\"width\":800,\"height\":800},{\"@type\":\"BreadcrumbList\",\"@id\":\"https:\\\/\\\/dfvcg-events.de\\\/digital-talk\\\/veranstaltung\\\/digital-talk-plattformen-fuer-businessevents-3\\\/#breadcrumb\",\"itemListElement\":[{\"@type\":\"ListItem\",\"position\":1,\"name\":\"Startseite\",\"item\":\"https:\\\/\\\/dfvcg-events.de\\\/digital-talk\\\/\"},{\"@type\":\"ListItem\",\"position\":2,\"name\":\"digital talk: Plattformen f\u00fcr Businessevents\"}]},{\"@type\":\"WebSite\",\"@id\":\"https:\\\/\\\/dfvcg-events.de\\\/digital-talk\\\/#website\",\"url\":\"https:\\\/\\\/dfvcg-events.de\\\/digital-talk\\\/\",\"name\":\"Digital Talk\",\"description\":\"dfv Conference Group\",\"publisher\":{\"@id\":\"https:\\\/\\\/dfvcg-events.de\\\/digital-talk\\\/#organization\"},\"potentialAction\":[{\"@type\":\"SearchAction\",\"target\":{\"@type\":\"EntryPoint\",\"urlTemplate\":\"https:\\\/\\\/dfvcg-events.de\\\/digital-talk\\\/?s={search_term_string}\"},\"query-input\":{\"@type\":\"PropertyValueSpecification\",\"valueRequired\":true,\"valueName\":\"search_term_string\"}}],\"inLanguage\":\"de\"},{\"@type\":\"Organization\",\"@id\":\"https:\\\/\\\/dfvcg-events.de\\\/digital-talk\\\/#organization\",\"name\":\"Digital Talks | dfv Conference Group\",\"url\":\"https:\\\/\\\/dfvcg-events.de\\\/digital-talk\\\/\",\"logo\":{\"@type\":\"ImageObject\",\"inLanguage\":\"de\",\"@id\":\"https:\\\/\\\/dfvcg-events.de\\\/digital-talk\\\/#\\\/schema\\\/logo\\\/image\\\/\",\"url\":\"https:\\\/\\\/dfvcg-events.de\\\/digital-talk\\\/wp-content\\\/uploads\\\/sites\\\/14\\\/2021\\\/02\\\/digital-talks-start.jpg\",\"contentUrl\":\"https:\\\/\\\/dfvcg-events.de\\\/digital-talk\\\/wp-content\\\/uploads\\\/sites\\\/14\\\/2021\\\/02\\\/digital-talks-start.jpg\",\"width\":800,\"height\":800,\"caption\":\"Digital Talks | dfv Conference Group\"},\"image\":{\"@id\":\"https:\\\/\\\/dfvcg-events.de\\\/digital-talk\\\/#\\\/schema\\\/logo\\\/image\\\/\"}}]}<\/script>\n<!-- \/ Yoast SEO plugin. -->","yoast_head_json":{"title":"digital talk: Plattformen f\u00fcr Businessevents - Digital Talk","description":"Live. Aktuell. Inspirierend: digital talk: Plattformen f\u00fcr Businessevents . Tools im TechCheck.","robots":{"index":"index","follow":"follow","max-snippet":"max-snippet:-1","max-image-preview":"max-image-preview:large","max-video-preview":"max-video-preview:-1"},"canonical":"https:\/\/dfvcg-events.de\/digital-talk\/veranstaltung\/digital-talk-plattformen-fuer-businessevents-3\/","og_locale":"de_DE","og_type":"article","og_title":"digital talk: Plattformen f\u00fcr Businessevents - Digital Talk","og_description":"Live. Aktuell. Inspirierend: digital talk: Plattformen f\u00fcr Businessevents . Tools im TechCheck.","og_url":"https:\/\/dfvcg-events.de\/digital-talk\/veranstaltung\/digital-talk-plattformen-fuer-businessevents-3\/","og_site_name":"Digital Talk","article_modified_time":"2024-02-09T09:24:07+00:00","og_image":[{"width":800,"height":800,"url":"https:\/\/dfvcg-events.de\/digital-talk\/wp-content\/uploads\/sites\/14\/2023\/10\/TaWi_PlattformenAgenda2024_800x800-2.jpg","type":"image\/jpeg"}],"twitter_card":"summary_large_image","twitter_misc":{"Gesch\u00e4tzte Lesezeit":"19\u00a0Minuten"},"schema":{"@context":"https:\/\/schema.org","@graph":[{"@type":"WebPage","@id":"https:\/\/dfvcg-events.de\/digital-talk\/veranstaltung\/digital-talk-plattformen-fuer-businessevents-3\/","url":"https:\/\/dfvcg-events.de\/digital-talk\/veranstaltung\/digital-talk-plattformen-fuer-businessevents-3\/","name":"digital talk: Plattformen f\u00fcr Businessevents - Digital Talk","isPartOf":{"@id":"https:\/\/dfvcg-events.de\/digital-talk\/#website"},"primaryImageOfPage":{"@id":"https:\/\/dfvcg-events.de\/digital-talk\/veranstaltung\/digital-talk-plattformen-fuer-businessevents-3\/#primaryimage"},"image":{"@id":"https:\/\/dfvcg-events.de\/digital-talk\/veranstaltung\/digital-talk-plattformen-fuer-businessevents-3\/#primaryimage"},"thumbnailUrl":"https:\/\/dfvcg-events.de\/digital-talk\/wp-content\/uploads\/sites\/14\/2023\/10\/TaWi_PlattformenAgenda2024_800x800-2.jpg","datePublished":"2023-10-25T08:09:20+00:00","dateModified":"2024-02-09T09:24:07+00:00","description":"Live. Aktuell. Inspirierend: digital talk: Plattformen f\u00fcr Businessevents . Tools im TechCheck.","breadcrumb":{"@id":"https:\/\/dfvcg-events.de\/digital-talk\/veranstaltung\/digital-talk-plattformen-fuer-businessevents-3\/#breadcrumb"},"inLanguage":"de","potentialAction":[{"@type":"ReadAction","target":["https:\/\/dfvcg-events.de\/digital-talk\/veranstaltung\/digital-talk-plattformen-fuer-businessevents-3\/"]}]},{"@type":"ImageObject","inLanguage":"de","@id":"https:\/\/dfvcg-events.de\/digital-talk\/veranstaltung\/digital-talk-plattformen-fuer-businessevents-3\/#primaryimage","url":"https:\/\/dfvcg-events.de\/digital-talk\/wp-content\/uploads\/sites\/14\/2023\/10\/TaWi_PlattformenAgenda2024_800x800-2.jpg","contentUrl":"https:\/\/dfvcg-events.de\/digital-talk\/wp-content\/uploads\/sites\/14\/2023\/10\/TaWi_PlattformenAgenda2024_800x800-2.jpg","width":800,"height":800},{"@type":"BreadcrumbList","@id":"https:\/\/dfvcg-events.de\/digital-talk\/veranstaltung\/digital-talk-plattformen-fuer-businessevents-3\/#breadcrumb","itemListElement":[{"@type":"ListItem","position":1,"name":"Startseite","item":"https:\/\/dfvcg-events.de\/digital-talk\/"},{"@type":"ListItem","position":2,"name":"digital talk: Plattformen f\u00fcr Businessevents"}]},{"@type":"WebSite","@id":"https:\/\/dfvcg-events.de\/digital-talk\/#website","url":"https:\/\/dfvcg-events.de\/digital-talk\/","name":"Digital Talk","description":"dfv Conference Group","publisher":{"@id":"https:\/\/dfvcg-events.de\/digital-talk\/#organization"},"potentialAction":[{"@type":"SearchAction","target":{"@type":"EntryPoint","urlTemplate":"https:\/\/dfvcg-events.de\/digital-talk\/?s={search_term_string}"},"query-input":{"@type":"PropertyValueSpecification","valueRequired":true,"valueName":"search_term_string"}}],"inLanguage":"de"},{"@type":"Organization","@id":"https:\/\/dfvcg-events.de\/digital-talk\/#organization","name":"Digital Talks | dfv Conference Group","url":"https:\/\/dfvcg-events.de\/digital-talk\/","logo":{"@type":"ImageObject","inLanguage":"de","@id":"https:\/\/dfvcg-events.de\/digital-talk\/#\/schema\/logo\/image\/","url":"https:\/\/dfvcg-events.de\/digital-talk\/wp-content\/uploads\/sites\/14\/2021\/02\/digital-talks-start.jpg","contentUrl":"https:\/\/dfvcg-events.de\/digital-talk\/wp-content\/uploads\/sites\/14\/2021\/02\/digital-talks-start.jpg","width":800,"height":800,"caption":"Digital Talks | dfv Conference Group"},"image":{"@id":"https:\/\/dfvcg-events.de\/digital-talk\/#\/schema\/logo\/image\/"}}]}},"_links":{"self":[{"href":"https:\/\/dfvcg-events.de\/digital-talk\/wp-json\/wp\/v2\/portfolio\/13059","targetHints":{"allow":["GET"]}}],"collection":[{"href":"https:\/\/dfvcg-events.de\/digital-talk\/wp-json\/wp\/v2\/portfolio"}],"about":[{"href":"https:\/\/dfvcg-events.de\/digital-talk\/wp-json\/wp\/v2\/types\/portfolio"}],"author":[{"embeddable":true,"href":"https:\/\/dfvcg-events.de\/digital-talk\/wp-json\/wp\/v2\/users\/25"}],"replies":[{"embeddable":true,"href":"https:\/\/dfvcg-events.de\/digital-talk\/wp-json\/wp\/v2\/comments?post=13059"}],"version-history":[{"count":1,"href":"https:\/\/dfvcg-events.de\/digital-talk\/wp-json\/wp\/v2\/portfolio\/13059\/revisions"}],"predecessor-version":[{"id":19397,"href":"https:\/\/dfvcg-events.de\/digital-talk\/wp-json\/wp\/v2\/portfolio\/13059\/revisions\/19397"}],"wp:featuredmedia":[{"embeddable":true,"href":"https:\/\/dfvcg-events.de\/digital-talk\/wp-json\/wp\/v2\/media\/13209"}],"wp:attachment":[{"href":"https:\/\/dfvcg-events.de\/digital-talk\/wp-json\/wp\/v2\/media?parent=13059"}],"wp:term":[{"taxonomy":"post_tag","embeddable":true,"href":"https:\/\/dfvcg-events.de\/digital-talk\/wp-json\/wp\/v2\/tags?post=13059"},{"taxonomy":"portfolio_entries","embeddable":true,"href":"https:\/\/dfvcg-events.de\/digital-talk\/wp-json\/wp\/v2\/portfolio_entries?post=13059"}],"curies":[{"name":"wp","href":"https:\/\/api.w.org\/{rel}","templated":true}]}}