{"id":12789,"date":"2023-10-12T09:48:44","date_gmt":"2023-10-12T07:48:44","guid":{"rendered":"https:\/\/dfvcg-events.de\/digital-talk\/?post_type=portfolio&#038;p=12789"},"modified":"2024-05-17T11:46:32","modified_gmt":"2024-05-17T09:46:32","slug":"digital-talk-chemisches-recycling","status":"publish","type":"portfolio","link":"https:\/\/dfvcg-events.de\/digital-talk\/veranstaltung\/digital-talk-chemisches-recycling\/","title":{"rendered":"digital talk: Chemisches Recycling"},"content":{"rendered":"<div class='clear'><\/div><div id='sub_menu1'  class='av-submenu-container av-kawv0if6-b4e37991045abd8a15205f662d77aaf5 header_color av-switch-990  avia-builder-el-0  el_before_av_section  avia-builder-el-first  av-sticky-submenu container_wrap fullsize' style='z-index:301' ><div class='container av-menu-mobile-active av-submenu-pos-left'><a href=\"#\" class=\"mobile_menu_toggle\"><span class='avia-svg-icon avia-font-svg_entypo-fontello' data-av_svg_icon='list' data-av_iconset='svg_entypo-fontello'><svg version=\"1.1\" xmlns=\"http:\/\/www.w3.org\/2000\/svg\" width=\"22\" height=\"32\" viewBox=\"0 0 22 32\" preserveAspectRatio=\"xMidYMid meet\" aria-labelledby='av-svg-title-1' aria-describedby='av-svg-desc-1' role=\"graphics-symbol\" aria-hidden=\"true\">\n<title id='av-svg-title-1'>List<\/title>\n<desc id='av-svg-desc-1'>List<\/desc>\n<path d=\"M3.2 20.8q0.64 0 1.12 0.48t0.48 1.12-0.48 1.12-1.12 0.48h-1.6q-0.64 0-1.12-0.48t-0.48-1.12 0.448-1.12 1.152-0.48h1.6zM3.2 14.4q0.64 0 1.12 0.48t0.48 1.12-0.48 1.12-1.12 0.48h-1.6q-0.64 0-1.12-0.48t-0.48-1.12 0.448-1.12 1.152-0.48h1.6zM3.2 8q0.64 0 1.12 0.48t0.48 1.12-0.48 1.12-1.12 0.48h-1.6q-0.64 0-1.12-0.48t-0.48-1.12 0.448-1.12 1.152-0.48h1.6zM9.6 11.2q-0.64 0-1.12-0.48t-0.48-1.12 0.48-1.12 1.12-0.48h11.2q0.704 0 1.152 0.48t0.448 1.12-0.48 1.12-1.12 0.48h-11.2zM20.8 14.4q0.704 0 1.152 0.48t0.448 1.12-0.48 1.12-1.12 0.48h-11.2q-0.64 0-1.12-0.48t-0.48-1.12 0.48-1.12 1.12-0.48h11.2zM20.8 20.8q0.704 0 1.152 0.48t0.448 1.12-0.48 1.12-1.12 0.48h-11.2q-0.64 0-1.12-0.48t-0.48-1.12 0.48-1.12 1.12-0.48h11.2z\"><\/path>\n<\/svg><\/span><span class=\"av-current-placeholder\">Men\u00fc<\/span><\/a><ul id='av-custom-submenu-1' class='av-subnav-menu' role='menu'>\n<li class='menu-item av-2kckn4-ca906d751475ddc7493c675c2737567f menu-item-top-level av-menu-button av-menu-button-bordered menu-item-top-level-1' role='menuitem'><a href='https:\/\/dfvcg-events.de\/digital-talk\/'  ><span class='avia-bullet'><\/span><span class='avia-menu-text'>digital talks<\/span><\/a><\/li>\n<li class='menu-item av-cpa6i-1b75602378caa96f87b042471b888caa menu-item-top-level av-menu-button av-menu-button-colored menu-item-top-level-2' role='menuitem'><a href='#anmelden'  ><span class='avia-bullet'><\/span><span class='avia-menu-text'>Jetzt anmelden<\/span><\/a><\/li>\n<li class='menu-item av-2u4alb-907784f4dd7a489356826104c0410433 menu-item-top-level menu-item-top-level-3' role='menuitem'><a href='#'  ><span class='avia-bullet'><\/span><span class='avia-menu-text'>Start<\/span><\/a><\/li>\n<li class='menu-item av-4qodp5-cf944fa2d392eff918f0b85e15f02e44 menu-item-top-level menu-item-top-level-4' role='menuitem'><a href='#referenten'  ><span class='avia-bullet'><\/span><span class='avia-menu-text'>Vortragende<\/span><\/a><\/li>\n<\/ul><\/div><\/div><div class='sticky_placeholder'><\/div>\n<div id='av_section_1'  class='avia-section av-srk2y-112106500345416558fb7b75c6b4ce9b main_color avia-section-default avia-no-border-styling  avia-builder-el-1  el_after_av_submenu  el_before_av_section  avia-bg-style-scroll container_wrap fullsize'  ><div class='container av-section-cont-open' ><div class='template-page content  av-content-full alpha units'><div class='post-entry post-entry-type-page post-entry-12789'><div class='entry-content-wrapper clearfix'>\n<div class='flex_column_table av-prli-64bf6691d8e0f71fe37b32964844bca4 sc-av_two_fifth av-equal-height-column-flextable'>\n<style type=\"text\/css\" data-created_by=\"avia_inline_auto\" id=\"style-css-av-prli-64bf6691d8e0f71fe37b32964844bca4\">\n.flex_column.av-prli-64bf6691d8e0f71fe37b32964844bca4{\nborder-radius:0px 0px 0px 0px;\npadding:0px 0px 0px 0px;\n}\n<\/style>\n<div  class='flex_column av-prli-64bf6691d8e0f71fe37b32964844bca4 av_two_fifth  avia-builder-el-2  el_before_av_three_fifth  avia-builder-el-first  first flex_column_table_cell av-equal-height-column av-align-top av-zero-column-padding  '     ><p><br \/>\n\n<style type=\"text\/css\" data-created_by=\"avia_inline_auto\" id=\"style-css-av-kk6miykd-d0d7be629d5af687a2b5694e9d9fe70e\">\n.avia-image-container.av-kk6miykd-d0d7be629d5af687a2b5694e9d9fe70e img.avia_image{\nbox-shadow:none;\n}\n.avia-image-container.av-kk6miykd-d0d7be629d5af687a2b5694e9d9fe70e .av-image-caption-overlay-center{\ncolor:#ffffff;\n}\n<\/style>\n<div  class='avia-image-container av-kk6miykd-d0d7be629d5af687a2b5694e9d9fe70e av-styling- avia-align-center  avia-builder-el-4  el_after_av_image  avia-builder-el-last '   itemprop=\"image\" itemscope=\"itemscope\" itemtype=\"https:\/\/schema.org\/ImageObject\" ><div class=\"avia-image-container-inner\"><div class=\"avia-image-overlay-wrap\"><img decoding=\"async\" fetchpriority=\"high\" class='wp-image-12790 avia-img-lazy-loading-not-12790 avia_image ' src=\"https:\/\/dfvcg-events.de\/digital-talk\/wp-content\/uploads\/sites\/14\/2023\/10\/Teaser_DigiTalk_ChemischesRecycling_800x800.jpg\" alt='' title='Teaser_DigiTalk_ChemischesRecycling_800x800'  height=\"800\" width=\"800\"  itemprop=\"thumbnailUrl\"  \/><\/div><\/div><\/div><\/p><\/div><div class='av-flex-placeholder'><\/div>\n<style type=\"text\/css\" data-created_by=\"avia_inline_auto\" id=\"style-css-av-k26i2v6p-2688042be07242d734261d0b65f3805f\">\n.flex_column.av-k26i2v6p-2688042be07242d734261d0b65f3805f{\nborder-radius:0px 0px 0px 0px;\npadding:0px 35px 0px 0px;\n}\n<\/style>\n<div  class='flex_column av-k26i2v6p-2688042be07242d734261d0b65f3805f av_three_fifth  avia-builder-el-5  el_after_av_two_fifth  avia-builder-el-last  flex_column_table_cell av-equal-height-column av-align-top  '     ><p>\n<style type=\"text\/css\" data-created_by=\"avia_inline_auto\" id=\"style-css-av-280ihu-f11e9d3bf78b0a63f4b1cd035cc09936\">\n#top .av-special-heading.av-280ihu-f11e9d3bf78b0a63f4b1cd035cc09936{\npadding-bottom:10px;\ncolor:#6aa2c3;\n}\nbody .av-special-heading.av-280ihu-f11e9d3bf78b0a63f4b1cd035cc09936 .av-special-heading-tag .heading-char{\nfont-size:25px;\n}\n.av-special-heading.av-280ihu-f11e9d3bf78b0a63f4b1cd035cc09936 .special-heading-inner-border{\nborder-color:#6aa2c3;\n}\n.av-special-heading.av-280ihu-f11e9d3bf78b0a63f4b1cd035cc09936 .av-subheading{\nfont-size:19px;\ncolor:#000000;\n}\n<\/style>\n<div  class='av-special-heading av-280ihu-f11e9d3bf78b0a63f4b1cd035cc09936 av-special-heading-h1 custom-color-heading blockquote modern-quote  avia-builder-el-6  el_before_av_textblock  avia-builder-el-first  av-linked-heading'><div class='av_custom_color av-subheading av-subheading_above'><p>digital talk:<\/p>\n<\/div><h1 class='av-special-heading-tag '  itemprop=\"headline\"  >Chemisches Recycling<\/h1><div class=\"special-heading-border\"><div class=\"special-heading-inner-border\"><\/div><\/div><\/div><br \/>\n\n<style type=\"text\/css\" data-created_by=\"avia_inline_auto\" id=\"style-css-av-kk6mwm01-037156d19661e690621a40f8c43ccc78\">\n#top .av_textblock_section.av-kk6mwm01-037156d19661e690621a40f8c43ccc78 .avia_textblock{\nfont-size:21px;\n}\n<\/style>\n<section  class='av_textblock_section av-kk6mwm01-037156d19661e690621a40f8c43ccc78 '   itemscope=\"itemscope\" itemtype=\"https:\/\/schema.org\/CreativeWork\" ><div class='avia_textblock'  itemprop=\"text\" ><p><strong>Probleml\u00f6sung oder falscher Zauber?<\/strong><\/p>\n<p>2. November 2023<\/p>\n<p>11:00 \u2013 12:00 Uhr<\/p>\n<\/div><\/section><br \/>\n<div  class='hr av-kaz5acoo-b78fa01771143abfb53ff655947cbd6e hr-default  avia-builder-el-8  el_after_av_textblock  el_before_av_buttonrow '><span class='hr-inner '><span class=\"hr-inner-style\"><\/span><\/span><\/div><br \/>\n<div  class='avia-buttonrow-wrap av-kcn3m3gt-fff65312e5a8530eff99563e24d61bb2 avia-buttonrow-left  avia-builder-el-9  el_after_av_hr  avia-builder-el-last '>\n\n<style type=\"text\/css\" data-created_by=\"avia_inline_auto\" id=\"style-css-av-3k12xc-c3a273853617f413bf73e0d1cfe9d255\">\n#top #wrap_all .avia-button.av-3k12xc-c3a273853617f413bf73e0d1cfe9d255{\nbackground-color:#6aa2c3;\nborder-color:#6aa2c3;\ncolor:#ffffff;\ntransition:all 0.4s ease-in-out;\nmargin-bottom:5px;\nmargin-right:5px;\n}\n#top #wrap_all .avia-button.av-3k12xc-c3a273853617f413bf73e0d1cfe9d255 .avia-svg-icon svg:first-child{\nfill:#ffffff;\nstroke:#ffffff;\n}\n<\/style>\n<a href='#anmelden'  class='avia-button av-3k12xc-c3a273853617f413bf73e0d1cfe9d255 avia-icon_select-yes-left-icon avia-size-large'   aria-label=\"Jetzt anmelden\"><span class='avia_button_icon avia_button_icon_left avia-iconfont avia-font-entypo-fontello' data-av_icon='\ue8cb' data-av_iconfont='entypo-fontello' ><\/span><span class='avia_iconbox_title' >Jetzt anmelden<\/span><\/a>\n\n<style type=\"text\/css\" data-created_by=\"avia_inline_auto\" id=\"style-css-av-2000oy-701dc3447cdbebeeef714880df2bb89f\">\n#top #wrap_all .avia-button.av-2000oy-701dc3447cdbebeeef714880df2bb89f{\nbackground-color:#9fc4d7;\nborder-color:#9fc4d7;\ncolor:#ffffff;\ntransition:all 0.4s ease-in-out;\nmargin-bottom:5px;\nmargin-right:5px;\n}\n#top #wrap_all .avia-button.av-2000oy-701dc3447cdbebeeef714880df2bb89f .avia-svg-icon svg:first-child{\nfill:#ffffff;\nstroke:#ffffff;\n}\n<\/style>\n<a href='https:\/\/dfvcg-events.de\/digital-talk\/wp-content\/uploads\/sites\/14\/2023\/10\/digital-talk-Chemisches-Recycling.ics'  class='avia-button av-2000oy-701dc3447cdbebeeef714880df2bb89f avia-icon_select-yes-left-icon avia-size-large'  target=\"_blank\"  rel=\"noopener noreferrer\"  aria-label=\"Save the Date\"><span class='avia_button_icon avia_button_icon_left avia-iconfont avia-font-entypo-fontello' data-av_icon='\ue85b' data-av_iconfont='entypo-fontello' ><\/span><span class='avia_iconbox_title' >Save the Date<\/span><\/a>\n<\/div><\/p><\/div><\/div><!--close column table wrapper. Autoclose: 1 -->\n\n<\/div><\/div><\/div><!-- close content main div --><\/div><\/div>\n<style type=\"text\/css\" data-created_by=\"avia_inline_auto\" id=\"style-css-av-l5kph19m-eff3aa059ddf38a67eb2021b5cbd1802\">\n.avia-section.av-l5kph19m-eff3aa059ddf38a67eb2021b5cbd1802{\nbackground-color:#6aa2c3;\nbackground:linear-gradient( to bottom, #6aa2c3, #9fc4d7 );\n}\n<\/style>\n<div id='av_section_2'  class='avia-section av-l5kph19m-eff3aa059ddf38a67eb2021b5cbd1802 main_color avia-section-large avia-no-shadow  avia-builder-el-10  el_after_av_section  el_before_av_section  avia-bg-style-scroll container_wrap fullsize'  ><div class='container av-section-cont-open' ><div class='template-page content  av-content-full alpha units'><div class='post-entry post-entry-type-page post-entry-12789'><div class='entry-content-wrapper clearfix'>\n\n<style type=\"text\/css\" data-created_by=\"avia_inline_auto\" id=\"style-css-av-2nenot-1539cfc041aeacac454fe3fe67f78de5\">\n#top .av_textblock_section.av-2nenot-1539cfc041aeacac454fe3fe67f78de5 .avia_textblock{\nfont-size:20px;\ncolor:#ffffff;\n}\n<\/style>\n<section  class='av_textblock_section av-2nenot-1539cfc041aeacac454fe3fe67f78de5 '   itemscope=\"itemscope\" itemtype=\"https:\/\/schema.org\/CreativeWork\" ><div class='avia_textblock av_inherit_color'  itemprop=\"text\" ><p>Das chemische Recycling von Kunststoffabf\u00e4llen ist nach wie vor umstritten: Die einen sehen darin die Chance, Kohlenstoff im Kreis zu f\u00fchren, um so eine klimaneutrale Wertsch\u00f6pfung in der chemischen Industrie zu erm\u00f6glichen. Andere sehen darin einen falschen Zauber: Die Industrie verspreche mehr, als sie halten k\u00f6nne und drohe das etablierte und \u00f6kologisch sinnvollere mechanische Recycling zu kannibalisieren.<\/p>\n<ul>\n<li>Brauchen wir das chemische Recycling, oder ist uns mit einem recyclinggerechteren Produktdesign mehr geholfen?<\/li>\n<li>Welchen Stellenwert nimmt das chemische Recycling in der Abfallhierarchie ein?<\/li>\n<li>Was wird aus der EBS-Aufbereitung und der thermischen Abfallverwertung?<\/li>\n<\/ul>\n<\/div><\/section>\n\n<\/div><\/div><\/div><!-- close content main div --><\/div><\/div><div id='referenten'  class='avia-section av-kawtoycl-2-7dbea436e0b18c8d3305b5da67b0bd96 main_color avia-section-default avia-no-shadow  avia-builder-el-12  el_after_av_section  el_before_av_section  avia-bg-style-scroll container_wrap fullsize'  ><div class='container av-section-cont-open' ><div class='template-page content  av-content-full alpha units'><div class='post-entry post-entry-type-page post-entry-12789'><div class='entry-content-wrapper clearfix'>\n\n<style type=\"text\/css\" data-created_by=\"avia_inline_auto\" id=\"style-css-av-oyyn6h-5227df504b81d3371c1f139681782ffd\">\n#top .av-special-heading.av-oyyn6h-5227df504b81d3371c1f139681782ffd{\npadding-bottom:25px;\n}\nbody .av-special-heading.av-oyyn6h-5227df504b81d3371c1f139681782ffd .av-special-heading-tag .heading-char{\nfont-size:25px;\n}\n.av-special-heading.av-oyyn6h-5227df504b81d3371c1f139681782ffd .av-subheading{\nfont-size:15px;\n}\n<\/style>\n<div  class='av-special-heading av-oyyn6h-5227df504b81d3371c1f139681782ffd av-special-heading-h2 blockquote modern-quote  avia-builder-el-13  el_before_av_one_third  avia-builder-el-first '><h2 class='av-special-heading-tag '  itemprop=\"headline\"  >Vortragende<\/h2><div class='av-subheading av-subheading_below'><p>Freuen Sie sich auf:<\/p>\n<\/div><div class=\"special-heading-border\"><div class=\"special-heading-inner-border\"><\/div><\/div><\/div>\n\n<style type=\"text\/css\" data-created_by=\"avia_inline_auto\" id=\"style-css-av-1bah9ur-d80a68b362f7c17c00af59a40a80fb8f\">\n.flex_column.av-1bah9ur-d80a68b362f7c17c00af59a40a80fb8f{\nborder-radius:0px 0px 0px 0px;\npadding:0px 0px 0px 0px;\n}\n<\/style>\n<div  class='flex_column av-1bah9ur-d80a68b362f7c17c00af59a40a80fb8f av_one_third  avia-builder-el-14  el_after_av_heading  el_before_av_one_third  first flex_column_div av-zero-column-padding  '     ><p>\n<style type=\"text\/css\" data-created_by=\"avia_inline_auto\" id=\"style-css-av-oindur-2b804b7f7fe91737ecf4a725b087533f\">\n.avia-team-member.av-oindur-2b804b7f7fe91737ecf4a725b087533f .team-member-description{\ncolor:#afafaf;\n}\n<\/style>\n<section  class='avia-team-member av-oindur-2b804b7f7fe91737ecf4a725b087533f  avia-builder-el-15  el_before_av_toggle_container  avia-builder-el-first '  itemscope=\"itemscope\" itemtype=\"https:\/\/schema.org\/Person\" ><div class=\"team-img-container\"><img decoding=\"async\" fetchpriority=\"high\" class='wp-image-12956 avia-img-lazy-loading-not-12956 avia_image avia_image_team' src=\"https:\/\/dfvcg-events.de\/digital-talk\/wp-content\/uploads\/sites\/14\/2023\/10\/Nitz_Tara_Covestro_2023_web.jpg\" alt='Tara Nitz'  itemprop=\"image\"   height=\"800\" width=\"600\" \/><\/div><h3 class='team-member-name '  itemprop=\"name\" >Tara Nitz<\/h3><div class='team-member-job-title '  itemprop=\"jobTitle\" >Global Circular Economy Manager, Covestro<\/div><span class='hidden team-member-affiliation'  itemprop=\"affiliation\" >Digital Talk<\/span><\/section><br \/>\n<div  class='togglecontainer av-lnmx1sso-786156a5cdea920c78a2a2ad5b309210  avia-builder-el-16  el_after_av_team_member  avia-builder-el-last  toggle_close_all' >\n<section class='av_toggle_section av-lnmx1sat-5c22e2c3b35388becf88064b8202f3d2'  itemscope=\"itemscope\" itemtype=\"https:\/\/schema.org\/CreativeWork\" ><div role=\"tablist\" class=\"single_toggle\" data-tags=\"{Alle} \"  ><p id='toggle-toggle-id-1' data-fake-id='#toggle-id-1' class='toggler  av-title-above '  itemprop=\"headline\"  role='tab' tabindex='0' aria-controls='toggle-id-1' data-slide-speed=\"200\" data-title=\"Info\" data-title-open=\"\" data-aria_collapsed=\"Click to expand: Info\" data-aria_expanded=\"Click to collapse: Info\">Info<span class=\"toggle_icon\"><span class=\"vert_icon\"><\/span><span class=\"hor_icon\"><\/span><\/span><\/p><div id='toggle-id-1' aria-labelledby='toggle-toggle-id-1' role='region' class='toggle_wrap  av-title-above'  ><div class='toggle_content invers-color '  itemprop=\"text\" ><p>Tara Nitz arbeitet als Global Circular Economy Manager bei Covestro an der Planung und Implementierung der Kreislaufstrategie und verantwortet daneben die Positionierung und Advocacy zum Thema. Sie ist ausgebildete Juristin mit einem Schwerpunkt auf regulatorische ESG-Themen. Vor Covestro war sie beim Bundesverband der Deutschen Industrie und dem Verband der Chemischen Industrie im Energierecht und der Klimapolitik t\u00e4tig. Ihr Rechtsreferendariat hat Sie am OLG D\u00fcsseldorf absolviert.<\/p>\n<\/div><\/div><\/div><\/section>\n<\/div><\/p><\/div>\n<style type=\"text\/css\" data-created_by=\"avia_inline_auto\" id=\"style-css-av-2j8qvh1-0d3fd96e3ffa8464f638f4dc8908d030\">\n.flex_column.av-2j8qvh1-0d3fd96e3ffa8464f638f4dc8908d030{\nborder-radius:0px 0px 0px 0px;\npadding:0px 0px 0px 0px;\n}\n<\/style>\n<div  class='flex_column av-2j8qvh1-0d3fd96e3ffa8464f638f4dc8908d030 av_one_third  avia-builder-el-17  el_after_av_one_third  el_before_av_one_third  flex_column_div av-zero-column-padding  '     ><p>\n<style type=\"text\/css\" data-created_by=\"avia_inline_auto\" id=\"style-css-av-lnvubxcs-1f9da29453e091538136c075cd2c336b\">\n.avia-team-member.av-lnvubxcs-1f9da29453e091538136c075cd2c336b .team-member-description{\ncolor:#afafaf;\n}\n<\/style>\n<section  class='avia-team-member av-lnvubxcs-1f9da29453e091538136c075cd2c336b  avia-builder-el-18  el_before_av_toggle_container  avia-builder-el-first '  itemscope=\"itemscope\" itemtype=\"https:\/\/schema.org\/Person\" ><div class=\"team-img-container\"><img decoding=\"async\" fetchpriority=\"high\" class='wp-image-12955 avia-img-lazy-loading-not-12955 avia_image avia_image_team' src=\"https:\/\/dfvcg-events.de\/digital-talk\/wp-content\/uploads\/sites\/14\/2023\/10\/Hardow_Dirk_SUeDPACK_2023_web.jpg\" alt='Dirk Hardow'  itemprop=\"image\"   height=\"800\" width=\"600\" \/><\/div><h3 class='team-member-name '  itemprop=\"name\" >Dirk Hardow<\/h3><div class='team-member-job-title '  itemprop=\"jobTitle\" >Leiter der Business Unit Functional Films &amp; Compounds, S\u00dcDPACK <\/div><span class='hidden team-member-affiliation'  itemprop=\"affiliation\" >Digital Talk<\/span><\/section><br \/>\n<div  class='togglecontainer av-lnvuc74q-68d89a0c1a8515c4e8ec86f378d3f2b0  avia-builder-el-19  el_after_av_team_member  avia-builder-el-last  toggle_close_all' >\n<section class='av_toggle_section av-lnvuc6g9-d33a8b34a185c63507a03b9374a4283d'  itemscope=\"itemscope\" itemtype=\"https:\/\/schema.org\/CreativeWork\" ><div role=\"tablist\" class=\"single_toggle\" data-tags=\"{Alle} \"  ><p id='toggle-toggle-id-2' data-fake-id='#toggle-id-2' class='toggler  av-title-above '  itemprop=\"headline\"  role='tab' tabindex='0' aria-controls='toggle-id-2' data-slide-speed=\"200\" data-title=\"Info\" data-title-open=\"\" data-aria_collapsed=\"Click to expand: Info\" data-aria_expanded=\"Click to collapse: Info\">Info<span class=\"toggle_icon\"><span class=\"vert_icon\"><\/span><span class=\"hor_icon\"><\/span><\/span><\/p><div id='toggle-id-2' aria-labelledby='toggle-toggle-id-2' role='region' class='toggle_wrap  av-title-above'  ><div class='toggle_content invers-color '  itemprop=\"text\" ><p>Dirk Hardow ist seit 2020 bei S\u00dcDPACK verantwortlich f\u00fcr die Gesch\u00e4ftsaktivit\u00e4ten in verschiedenen technischen Segmenten, in denen High Performance-Folien und eigens entwickelte Compounds Anwendung finden. Dar\u00fcber hinaus verantwortet er die Entwicklung und Umsetzung zirkul\u00e4rer Gesch\u00e4ftsmodelle gemeinsam mit verschiedenen Playern der Wertsch\u00f6pfungskette. Sein Ziel ist es, durch die Investition in geeignete Recyclingtechnologien die von S\u00dcDPACK in Verkehr gebrachten Kunststoffmaterialien im Kreislauf zu halten und damit fossile Ressourcen zu schonen.<\/p>\n<p>Dirk Hardow zeichnet in seiner Rolle u.a. f\u00fcr die 2022 get\u00e4tigte Investition in den im Bereich des chemischen Recyclings t\u00e4tigen Technologieanbieter Carboliq verantwortlich.<\/p>\n<p>Dirk Hardow verf\u00fcgt \u00fcber eine mehr als 30-j\u00e4hrige Berufserfahrung in verschiedenen Industrien weltweit, darunter 10 Jahre in der Verpackungsindustrie. Alle Industrien hatten sich, wenn auch auf unterschiedliche Arten, mit Zirkularit\u00e4t auseinander zu setzen und sich den damit verbundenen Herausforderungen notwendiger Paradigmenwechsel zu stellen.\u201c<\/p>\n<\/div><\/div><\/div><\/section>\n<\/div><\/p><\/div>\n<style type=\"text\/css\" data-created_by=\"avia_inline_auto\" id=\"style-css-av-28ubd4l-25c4f3e151ddfbcedfa2f4b22c80c37e\">\n.flex_column.av-28ubd4l-25c4f3e151ddfbcedfa2f4b22c80c37e{\nborder-radius:0px 0px 0px 0px;\npadding:0px 0px 0px 0px;\n}\n<\/style>\n<div  class='flex_column av-28ubd4l-25c4f3e151ddfbcedfa2f4b22c80c37e av_one_third  avia-builder-el-20  el_after_av_one_third  el_before_av_one_third  flex_column_div av-zero-column-padding  '     ><p>\n<style type=\"text\/css\" data-created_by=\"avia_inline_auto\" id=\"style-css-av-1tcicgl-f0300bb21b8bb5149b10342380c30eaa\">\n.avia-team-member.av-1tcicgl-f0300bb21b8bb5149b10342380c30eaa .team-member-description{\ncolor:#afafaf;\n}\n<\/style>\n<section  class='avia-team-member av-1tcicgl-f0300bb21b8bb5149b10342380c30eaa  avia-builder-el-21  el_before_av_toggle_container  avia-builder-el-first '  itemscope=\"itemscope\" itemtype=\"https:\/\/schema.org\/Person\" ><div class=\"team-img-container\"><img decoding=\"async\" fetchpriority=\"high\" class='wp-image-13098 avia-img-lazy-loading-not-13098 avia_image avia_image_team' src=\"https:\/\/dfvcg-events.de\/digital-talk\/wp-content\/uploads\/sites\/14\/2023\/10\/Schneider_Michael_REMONDIS_2023-web.jpg\" alt='Michael J. Schneider'  itemprop=\"image\"   height=\"800\" width=\"600\" \/><\/div><h3 class='team-member-name '  itemprop=\"name\" >Michael J. Schneider<\/h3><div class='team-member-job-title '  itemprop=\"jobTitle\" >Pressesprecher, Leiter Presse- und \u00d6ffentlichkeitsarbeit, REMONDIS<\/div><span class='hidden team-member-affiliation'  itemprop=\"affiliation\" >Digital Talk<\/span><\/section><br \/>\n<div  class='togglecontainer av-17oictx-698137b4b4f0ce980b98ee7529c6a740  avia-builder-el-22  el_after_av_team_member  avia-builder-el-last  toggle_close_all' >\n<section class='av_toggle_section av-rf4yut-4e34d1f0728aaa1e224aa376cab2f8a1'  itemscope=\"itemscope\" itemtype=\"https:\/\/schema.org\/CreativeWork\" ><div role=\"tablist\" class=\"single_toggle\" data-tags=\"{Alle} \"  ><p id='toggle-toggle-id-3' data-fake-id='#toggle-id-3' class='toggler  av-title-above '  itemprop=\"headline\"  role='tab' tabindex='0' aria-controls='toggle-id-3' data-slide-speed=\"200\" data-title=\"Info\" data-title-open=\"\" data-aria_collapsed=\"Click to expand: Info\" data-aria_expanded=\"Click to collapse: Info\">Info<span class=\"toggle_icon\"><span class=\"vert_icon\"><\/span><span class=\"hor_icon\"><\/span><\/span><\/p><div id='toggle-id-3' aria-labelledby='toggle-toggle-id-3' role='region' class='toggle_wrap  av-title-above'  ><div class='toggle_content invers-color '  itemprop=\"text\" ><p>Seit 2007 verantwortet Herr Schneider die Presse- und \u00d6ffentlichkeitsarbeit von REMONDIS mit dem Schwerpunkt auf dem Beitrag der Kreislaufwirtschaft zu Klimaschutz und nachhaltigem Ressourcenmanagement. Neben der t\u00e4glichen Pressearbeit f\u00fcr Print-, Online- und Social Media sowie TV- und Radiosender geh\u00f6rt auch die politische Lobbyarbeit in enger Zusammenarbeit mit den Branchenverb\u00e4nden in Berlin und Br\u00fcssel zu seinem Tagesgesch\u00e4ft.<\/p>\n<\/div><\/div><\/div><\/section>\n<\/div><\/p><\/div>\n<style type=\"text\/css\" data-created_by=\"avia_inline_auto\" id=\"style-css-av-2otkdth-cab0834a9c30d7e72bc1fb12f2a10b2d\">\n.flex_column.av-2otkdth-cab0834a9c30d7e72bc1fb12f2a10b2d{\nborder-radius:0px 0px 0px 0px;\npadding:0px 0px 0px 0px;\n}\n<\/style>\n<div  class='flex_column av-2otkdth-cab0834a9c30d7e72bc1fb12f2a10b2d av_one_third  avia-builder-el-23  el_after_av_one_third  el_before_av_one_third  first flex_column_div av-zero-column-padding  column-top-margin'     ><p>\n<style type=\"text\/css\" data-created_by=\"avia_inline_auto\" id=\"style-css-av-lo5wrp75-cd60827d0ee2bdb5e9d342ebfedf3ed3\">\n.avia-team-member.av-lo5wrp75-cd60827d0ee2bdb5e9d342ebfedf3ed3 .team-member-description{\ncolor:#afafaf;\n}\n<\/style>\n<section  class='avia-team-member av-lo5wrp75-cd60827d0ee2bdb5e9d342ebfedf3ed3  avia-builder-el-24  el_before_av_toggle_container  avia-builder-el-first '  itemscope=\"itemscope\" itemtype=\"https:\/\/schema.org\/Person\" ><div class=\"team-img-container\"><img decoding=\"async\" fetchpriority=\"high\" class='wp-image-13099 avia-img-lazy-loading-not-13099 avia_image avia_image_team' src=\"https:\/\/dfvcg-events.de\/digital-talk\/wp-content\/uploads\/sites\/14\/2023\/10\/Vogel_Julia_Dr_Umweltbundesamt_2023-web.jpg\" alt='Dr. Julia Vogel'  itemprop=\"image\"   height=\"800\" width=\"600\" \/><\/div><h3 class='team-member-name '  itemprop=\"name\" >Dr. Julia Vogel<\/h3><div class='team-member-job-title '  itemprop=\"jobTitle\" >Abfalltechnik, Abfalltechniktransfer, Umweltbundesamt<\/div><span class='hidden team-member-affiliation'  itemprop=\"affiliation\" >Digital Talk<\/span><\/section><br \/>\n<div  class='togglecontainer av-lo5ws6w5-e97e2f319da273426cc28bf46e85fa8c  avia-builder-el-25  el_after_av_team_member  avia-builder-el-last  toggle_close_all' >\n<section class='av_toggle_section av-lo5ws6by-7478e6cb8397ce7475c5f8bac9e65412'  itemscope=\"itemscope\" itemtype=\"https:\/\/schema.org\/CreativeWork\" ><div role=\"tablist\" class=\"single_toggle\" data-tags=\"{Alle} \"  ><p id='toggle-toggle-id-4' data-fake-id='#toggle-id-4' class='toggler  av-title-above '  itemprop=\"headline\"  role='tab' tabindex='0' aria-controls='toggle-id-4' data-slide-speed=\"200\" data-title=\"Info\" data-title-open=\"\" data-aria_collapsed=\"Click to expand: Info\" data-aria_expanded=\"Click to collapse: Info\">Info<span class=\"toggle_icon\"><span class=\"vert_icon\"><\/span><span class=\"hor_icon\"><\/span><\/span><\/p><div id='toggle-id-4' aria-labelledby='toggle-toggle-id-4' role='region' class='toggle_wrap  av-title-above'  ><div class='toggle_content invers-color '  itemprop=\"text\" ><p>1998 \u2013 2005: Studium: Dipl.-Ing. Technischer Umweltschutz, TU Berlin<\/p>\n<p>2006 \u2013 2008: PhD in Chemical Engineering, Swansea University, UK<\/p>\n<p>2008 \u2013 2010: Post-doc, Umweltchemie, Universit\u00e4t Koblenz-Landau<\/p>\n<p>Seit 2014: Wissenschaftliche Mitarbeiterin: Umweltbundesamt, Fachgebiet III 2.4 Abfalltechnik, Abfalltechniktransfer<\/p>\n<\/div><\/div><\/div><\/section>\n<\/div><\/p><\/div>\n<style type=\"text\/css\" data-created_by=\"avia_inline_auto\" id=\"style-css-av-87lzpx-927ef1199d3f5b9916040f4f373a11d4\">\n.flex_column.av-87lzpx-927ef1199d3f5b9916040f4f373a11d4{\nborder-radius:0px 0px 0px 0px;\npadding:0px 0px 0px 0px;\n}\n<\/style>\n<div  class='flex_column av-87lzpx-927ef1199d3f5b9916040f4f373a11d4 av_one_third  avia-builder-el-26  el_after_av_one_third  avia-builder-el-last  flex_column_div av-zero-column-padding  column-top-margin'     ><p>\n<style type=\"text\/css\" data-created_by=\"avia_inline_auto\" id=\"style-css-av-1s93g7p-9dac1e83751660f397c2eee2c657dc50\">\n.avia-team-member.av-1s93g7p-9dac1e83751660f397c2eee2c657dc50 .team-member-description{\ncolor:#afafaf;\n}\n<\/style>\n<section  class='avia-team-member av-1s93g7p-9dac1e83751660f397c2eee2c657dc50  avia-builder-el-27  el_before_av_toggle_container  avia-builder-el-first '  itemscope=\"itemscope\" itemtype=\"https:\/\/schema.org\/Person\" ><div class=\"team-img-container\"><img decoding=\"async\" fetchpriority=\"high\" class='wp-image-12809 avia-img-lazy-loading-not-12809 avia_image avia_image_team' src=\"https:\/\/dfvcg-events.de\/digital-talk\/wp-content\/uploads\/sites\/14\/2023\/10\/Hugo_Pascal_2023_web.jpg\" alt='Moderation: Pascal Hugo'  itemprop=\"image\"   height=\"800\" width=\"600\" \/><\/div><h3 class='team-member-name '  itemprop=\"name\" >Moderation: Pascal Hugo<\/h3><div class='team-member-job-title '  itemprop=\"jobTitle\" >Redaktion, ENTSORGA-Magazin<\/div><span class='hidden team-member-affiliation'  itemprop=\"affiliation\" >Digital Talk<\/span><\/section><br \/>\n<div  class='togglecontainer av-18vqfcl-64e6146a3e3a76b4057d04d81c779081  avia-builder-el-28  el_after_av_team_member  avia-builder-el-last  toggle_close_all' >\n<section class='av_toggle_section av-qiiewl-cf1a6bba7683ec9d863ce94b707da38c'  itemscope=\"itemscope\" itemtype=\"https:\/\/schema.org\/CreativeWork\" ><div role=\"tablist\" class=\"single_toggle\" data-tags=\"{Alle} \"  ><p id='toggle-toggle-id-5' data-fake-id='#toggle-id-5' class='toggler  av-title-above '  itemprop=\"headline\"  role='tab' tabindex='0' aria-controls='toggle-id-5' data-slide-speed=\"200\" data-title=\"Info\" data-title-open=\"\" data-aria_collapsed=\"Click to expand: Info\" data-aria_expanded=\"Click to collapse: Info\">Info<span class=\"toggle_icon\"><span class=\"vert_icon\"><\/span><span class=\"hor_icon\"><\/span><\/span><\/p><div id='toggle-id-5' aria-labelledby='toggle-toggle-id-5' role='region' class='toggle_wrap  av-title-above'  ><div class='toggle_content invers-color '  itemprop=\"text\" ><p>Pascal Hugo ist freier Journalist und leitet unter anderem f\u00fcr die DFV Media Group die Redaktion des ENTSORGA-Magazins. Dar\u00fcber hinaus ber\u00e4t und unterst\u00fctzt er Unternehmen und Verb\u00e4nde der Umweltwirtschaft in der Kommunikation und beim Corporate Publishing. Der studierte Politik- und Sozialwissenschaftler publiziert seit \u00fcber 15 Jahren zu politischen, wirtschaftlichen, rechtlichen, technischen und sozialen Fragen der Kreislaufwirtschaft. Er lebt mit seiner Frau und seinen zwei Kindern in der S\u00fcdpfalz.<\/p>\n<\/div><\/div><\/div><\/section>\n<\/div><\/p><\/div>\n\n<\/div><\/div><\/div><!-- close content main div --><\/div><\/div><div id='anmelden'  class='avia-section av-kawtoycl-1-b06506d3f004b7712fe681922b309195 main_color avia-section-default avia-no-shadow  avia-builder-el-29  el_after_av_section  el_before_av_section  avia-bg-style-scroll container_wrap fullsize'  ><div class='container av-section-cont-open' ><div class='template-page content  av-content-full alpha units'><div class='post-entry post-entry-type-page post-entry-12789'><div class='entry-content-wrapper clearfix'>\n\n<style type=\"text\/css\" data-created_by=\"avia_inline_auto\" id=\"style-css-av-24jcbm-ad0b7721e982000c2ae5e91464b9403a\">\n#top .av-special-heading.av-24jcbm-ad0b7721e982000c2ae5e91464b9403a{\npadding-bottom:25px;\n}\nbody .av-special-heading.av-24jcbm-ad0b7721e982000c2ae5e91464b9403a .av-special-heading-tag .heading-char{\nfont-size:25px;\n}\n.av-special-heading.av-24jcbm-ad0b7721e982000c2ae5e91464b9403a .av-subheading{\nfont-size:15px;\n}\n<\/style>\n<div  class='av-special-heading av-24jcbm-ad0b7721e982000c2ae5e91464b9403a av-special-heading-h2 blockquote modern-quote  avia-builder-el-30  avia-builder-el-no-sibling '><h2 class='av-special-heading-tag '  itemprop=\"headline\"  >Jetzt anmelden<\/h2><div class='av-subheading av-subheading_below'><p>Wir freuen uns auf Sie!<\/p>\n<\/div><div class=\"special-heading-border\"><div class=\"special-heading-inner-border\"><\/div><\/div><\/div>\n<\/div><\/div><\/div><!-- close content main div --><\/div><\/div><div id='av_section_5'  class='avia-section av-475lki-bf6368de126dfa81a99faf90a82d92dd main_color avia-section-default avia-no-shadow  avia-builder-el-31  el_after_av_section  el_before_av_section  avia-bg-style-scroll container_wrap fullsize'  ><div class='container av-section-cont-open' ><div class='template-page content  av-content-full alpha units'><div class='post-entry post-entry-type-page post-entry-12789'><div class='entry-content-wrapper clearfix'>\n\n<style type=\"text\/css\" data-created_by=\"avia_inline_auto\" id=\"style-css-av-kq10tixo-f1545c9e93128453a14e460581fe618c\">\n#top .av-special-heading.av-kq10tixo-f1545c9e93128453a14e460581fe618c{\npadding-bottom:25px;\n}\nbody .av-special-heading.av-kq10tixo-f1545c9e93128453a14e460581fe618c .av-special-heading-tag .heading-char{\nfont-size:25px;\n}\n.av-special-heading.av-kq10tixo-f1545c9e93128453a14e460581fe618c .av-subheading{\nfont-size:15px;\n}\n<\/style>\n<div  class='av-special-heading av-kq10tixo-f1545c9e93128453a14e460581fe618c av-special-heading-h2 blockquote modern-quote  avia-builder-el-32  el_before_av_textblock  avia-builder-el-first '><h2 class='av-special-heading-tag '  itemprop=\"headline\"  >Gut zu wissen<\/h2><div class=\"special-heading-border\"><div class=\"special-heading-inner-border\"><\/div><\/div><\/div>\n<section  class='av_textblock_section av-l3lcumer-46ad0e4fcd8b794391a7106de3528920 '   itemscope=\"itemscope\" itemtype=\"https:\/\/schema.org\/CreativeWork\" ><div class='avia_textblock'  itemprop=\"text\" ><p>Nach Ihrer Registrierung erhalten Sie Ihre Anmeldebest\u00e4tigung sowie einen Link f\u00fcr Ihren Kalendereintrag. Die Zugangsdaten zum Einloggen erhalten Sie rechtzeitig vor Beginn des digital talks.<\/p>\n<\/div><\/section>\n<\/p>\n<\/div><\/div><\/div><!-- close content main div --><\/div><\/div><div id='anmelden'  class='avia-section av-ha2ylg-474fe66bc64b548a985f8d90f3b5c827 main_color avia-section-default avia-no-shadow  avia-builder-el-34  el_after_av_section  el_before_av_section  avia-bg-style-scroll container_wrap fullsize'  ><div class='container av-section-cont-open' ><div class='template-page content  av-content-full alpha units'><div class='post-entry post-entry-type-page post-entry-12789'><div class='entry-content-wrapper clearfix'>\n\n<style type=\"text\/css\" data-created_by=\"avia_inline_auto\" id=\"style-css-av-lfkzzzvu-e48f569b31c395047f3ab7eaac9f1734\">\n#top .av-special-heading.av-lfkzzzvu-e48f569b31c395047f3ab7eaac9f1734{\npadding-bottom:25px;\n}\nbody .av-special-heading.av-lfkzzzvu-e48f569b31c395047f3ab7eaac9f1734 .av-special-heading-tag .heading-char{\nfont-size:25px;\n}\n.av-special-heading.av-lfkzzzvu-e48f569b31c395047f3ab7eaac9f1734 .av-subheading{\nfont-size:15px;\n}\n<\/style>\n<div  class='av-special-heading av-lfkzzzvu-e48f569b31c395047f3ab7eaac9f1734 av-special-heading-h2 blockquote modern-quote  avia-builder-el-35  el_before_av_one_third  avia-builder-el-first '><h2 class='av-special-heading-tag '  itemprop=\"headline\"  >performed by<\/h2><div class=\"special-heading-border\"><div class=\"special-heading-inner-border\"><\/div><\/div><\/div>\n<div  class='flex_column av-18ff3n8-8f832c4db4aa64a0454464e6ff21cc3a av_one_third  avia-builder-el-36  el_after_av_heading  el_before_av_one_third  first flex_column_div  '     ><style type=\"text\/css\" data-created_by=\"avia_inline_auto\" id=\"style-css-av-lfl01eop-ae2d86647e3b88b337accdb3a78cd846\">\n.avia-image-container.av-lfl01eop-ae2d86647e3b88b337accdb3a78cd846 img.avia_image{\nbox-shadow:none;\n}\n.avia-image-container.av-lfl01eop-ae2d86647e3b88b337accdb3a78cd846 .av-image-caption-overlay-center{\ncolor:#ffffff;\n}\n<\/style>\n<div  class='avia-image-container av-lfl01eop-ae2d86647e3b88b337accdb3a78cd846 av-styling- av-img-linked avia-align-center  avia-builder-el-37  avia-builder-el-no-sibling '   itemprop=\"image\" itemscope=\"itemscope\" itemtype=\"https:\/\/schema.org\/ImageObject\" ><div class=\"avia-image-container-inner\"><div class=\"avia-image-overlay-wrap\"><a href=\"https:\/\/www.umweltwirtschaft.com\/\" class='avia_image '  target=\"_blank\"  rel=\"noopener noreferrer\" aria-label='Entsorga_Logo_WEB'><img decoding=\"async\" fetchpriority=\"high\" class='wp-image-7917 avia-img-lazy-loading-not-7917 avia_image ' src=\"https:\/\/dfvcg-events.de\/digital-talk\/wp-content\/uploads\/sites\/14\/2022\/08\/Entsorga_Logo_WEB.jpg\" alt='' title='Entsorga_Logo_WEB'  height=\"600\" width=\"800\"  itemprop=\"thumbnailUrl\"  \/><\/a><\/div><\/div><\/div><\/div><div  class='flex_column av-19sryft-07ea0756964e568e3064df1151513ced av_one_third  avia-builder-el-38  el_after_av_one_third  avia-builder-el-last  flex_column_div  '     ><style type=\"text\/css\" data-created_by=\"avia_inline_auto\" id=\"style-css-av-p1rdq1-8f9e6936c79d244614c26813da4012be\">\n.avia-image-container.av-p1rdq1-8f9e6936c79d244614c26813da4012be img.avia_image{\nbox-shadow:none;\n}\n.avia-image-container.av-p1rdq1-8f9e6936c79d244614c26813da4012be .av-image-caption-overlay-center{\ncolor:#ffffff;\n}\n<\/style>\n<div  class='avia-image-container av-p1rdq1-8f9e6936c79d244614c26813da4012be av-styling- av-img-linked avia-align-center  avia-builder-el-39  avia-builder-el-no-sibling '   itemprop=\"image\" itemscope=\"itemscope\" itemtype=\"https:\/\/schema.org\/ImageObject\" ><div class=\"avia-image-container-inner\"><div class=\"avia-image-overlay-wrap\"><a href=\"https:\/\/dfvcg-events.de\/\" class='avia_image '  target=\"_blank\"  rel=\"noopener noreferrer\" aria-label='dfvCG_Logo_ab_062023_800x600_WEB'><img decoding=\"async\" fetchpriority=\"high\" class='wp-image-12261 avia-img-lazy-loading-not-12261 avia_image ' src=\"https:\/\/dfvcg-events.de\/digital-talk\/wp-content\/uploads\/sites\/14\/2023\/08\/dfvCG_Logo_ab_062023_800x600_WEB-1.jpg\" alt='' title='dfvCG_Logo_ab_062023_800x600_WEB'  height=\"600\" width=\"800\"  itemprop=\"thumbnailUrl\"  \/><\/a><\/div><\/div><\/div><\/div>\n\n<\/div><\/div><\/div><!-- close content main div --><\/div><\/div><div id='av_section_7'  class='avia-section av-49cunkk-37d6a300b6e6de45e99b66ab0d9a5f36 main_color avia-section-default avia-no-shadow  avia-builder-el-40  el_after_av_section  el_before_av_one_half  avia-bg-style-scroll container_wrap fullsize'  ><div class='container av-section-cont-open' ><div class='template-page content  av-content-full alpha units'><div class='post-entry post-entry-type-page post-entry-12789'><div class='entry-content-wrapper clearfix'>\n\n<style type=\"text\/css\" data-created_by=\"avia_inline_auto\" id=\"style-css-av-3kdcytw-e7684366ea87773e502d79dc09c58968\">\n#top .av-special-heading.av-3kdcytw-e7684366ea87773e502d79dc09c58968{\npadding-bottom:25px;\n}\nbody .av-special-heading.av-3kdcytw-e7684366ea87773e502d79dc09c58968 .av-special-heading-tag .heading-char{\nfont-size:25px;\n}\n.av-special-heading.av-3kdcytw-e7684366ea87773e502d79dc09c58968 .av-subheading{\nfont-size:15px;\n}\n<\/style>\n<div  class='av-special-heading av-3kdcytw-e7684366ea87773e502d79dc09c58968 av-special-heading-h2 blockquote modern-quote  avia-builder-el-41  el_before_av_one_third  avia-builder-el-first '><h2 class='av-special-heading-tag '  itemprop=\"headline\"  >Ihre Ansprechpartner:innen<\/h2><div class=\"special-heading-border\"><div class=\"special-heading-inner-border\"><\/div><\/div><\/div>\n\n<style type=\"text\/css\" data-created_by=\"avia_inline_auto\" id=\"style-css-av-32odapg-1f4b885812e875dc19088b77c9300b25\">\n.flex_column.av-32odapg-1f4b885812e875dc19088b77c9300b25{\nborder-radius:0px 0px 0px 0px;\npadding:0px 0px 0px 0px;\n}\n<\/style>\n<div  class='flex_column av-32odapg-1f4b885812e875dc19088b77c9300b25 av_one_third  avia-builder-el-42  el_after_av_heading  el_before_av_one_third  first flex_column_div av-zero-column-padding  '     ><section  class='av_textblock_section av-2l724ac-b8281bd173d220efb1164f1c234c474e '   itemscope=\"itemscope\" itemtype=\"https:\/\/schema.org\/CreativeWork\" ><div class='avia_textblock'  itemprop=\"text\" ><p><strong>Programm<\/strong><\/p>\n<p>Sarah Sternberger<br \/>\n<a href=\"&#109;&#x61;i&#x6c;&#x74;&#111;&#x3a;s&#x61;&#x72;&#97;&#x68;&#46;&#x73;&#x74;&#101;&#x72;n&#x62;&#x65;&#114;&#x67;e&#x72;&#x40;&#100;&#x66;v&#x63;&#x67;&#46;&#x64;e\">&#x73;&#x61;&#x72;&#x61;&#x68;&#x2e;&#115;&#116;&#101;&#114;nber&#x67;&#x65;&#x72;&#x40;&#x64;&#x66;&#118;&#99;&#103;&#46;&#100;e<\/a><br \/>\n+49 69 7595 3039<\/p>\n<\/div><\/section><\/div>\n<style type=\"text\/css\" data-created_by=\"avia_inline_auto\" id=\"style-css-av-22s1t10-8710f72f39dec73308a67eba76887376\">\n.flex_column.av-22s1t10-8710f72f39dec73308a67eba76887376{\nborder-radius:0px 0px 0px 0px;\npadding:0px 0px 0px 0px;\n}\n<\/style>\n<div  class='flex_column av-22s1t10-8710f72f39dec73308a67eba76887376 av_one_third  avia-builder-el-44  el_after_av_one_third  el_before_av_one_third  flex_column_div av-zero-column-padding  '     ><section  class='av_textblock_section av-1sqyems-4f24dee204ffd525535735138c1daf95 '   itemscope=\"itemscope\" itemtype=\"https:\/\/schema.org\/CreativeWork\" ><div class='avia_textblock'  itemprop=\"text\" ><p><strong>Organisation<\/strong><\/p>\n<p>Marie Hartmann<br \/>\n<a href=\"&#109;&#x61;i&#x6c;&#x74;&#111;&#x3a;m&#x61;&#x72;&#105;&#x65;&#46;&#x68;&#x61;&#114;&#x74;m&#x61;&#x6e;&#110;&#x40;d&#x66;&#x76;&#99;&#x67;&#46;&#x64;&#x65;\">&#x6d;a&#x72;&#105;&#x65;&#46;h&#x61;&#114;&#x74;&#109;a&#x6e;&#110;&#x40;&#100;f&#x76;c&#x67;&#46;&#x64;&#x65;<\/a><br \/>\n+49 69 7595 3028<\/p>\n<\/div><\/section><\/div>\n<style type=\"text\/css\" data-created_by=\"avia_inline_auto\" id=\"style-css-av-1bwszn8-d7997bfc650e1bd1832da4a1b4fcdf8e\">\n.flex_column.av-1bwszn8-d7997bfc650e1bd1832da4a1b4fcdf8e{\nborder-radius:0px 0px 0px 0px;\npadding:0px 0px 0px 0px;\n}\n<\/style>\n<div  class='flex_column av-1bwszn8-d7997bfc650e1bd1832da4a1b4fcdf8e av_one_third  avia-builder-el-46  el_after_av_one_third  avia-builder-el-last  flex_column_div av-zero-column-padding  '     ><section  class='av_textblock_section av-rn44ms-18adb449d77f56a8d1c2e7103855bb30 '   itemscope=\"itemscope\" itemtype=\"https:\/\/schema.org\/CreativeWork\" ><div class='avia_textblock'  itemprop=\"text\" ><p><strong>Marketing &amp; Social Media<\/strong><\/p>\n<p>Sina Goy<br \/>\n<a href=\"&#x6d;&#97;i&#x6c;&#116;o&#x3a;&#37;2&#x30;&#115;i&#x6e;&#97;&#46;&#x67;&#111;y&#x40;&#100;f&#x76;&#99;g&#x2e;&#100;e\">&#x73;&#x69;&#110;&#97;&#46;g&#x6f;&#x79;&#x40;&#100;&#102;vc&#x67;&#x2e;&#x64;&#101;<\/a><br \/>\n+49 69 7595 1904<\/p>\n<\/div><\/section><\/div>\n<\/div><\/div><\/div><!-- close content main div --><\/div><\/div><div id='after_section_7'  class='main_color av_default_container_wrap container_wrap fullsize'  ><div class='container av-section-cont-open' ><div class='template-page content  av-content-full alpha units'><div class='post-entry post-entry-type-page post-entry-12789'><div class='entry-content-wrapper clearfix'>\n<div  class='flex_column av-1zqoe5-9df98207bba60846740329415bccf2d5 av_one_half  avia-builder-el-48  el_after_av_section  avia-builder-el-no-sibling  first flex_column_div  '     ><\/div>\n","protected":false},"excerpt":{"rendered":"<p>2. November 2023<br \/>\n11:00 \u2013 12:00 Uhr<\/p>\n","protected":false},"author":10,"featured_media":12790,"comment_status":"closed","ping_status":"closed","template":"","meta":{"footnotes":""},"tags":[],"portfolio_entries":[47],"class_list":["post-12789","portfolio","type-portfolio","status-publish","has-post-thumbnail","hentry","portfolio_entries-archiv"],"yoast_head":"<!-- This site is optimized with the Yoast SEO plugin v27.4 - https:\/\/yoast.com\/product\/yoast-seo-wordpress\/ -->\n<title>digital talk: Chemisches Recycling - Digital Talk<\/title>\n<meta name=\"description\" content=\"Live. Aktuell. Inspirierend: digital talk: Chemisches Recycling .\" \/>\n<meta name=\"robots\" content=\"index, follow, max-snippet:-1, max-image-preview:large, max-video-preview:-1\" \/>\n<link rel=\"canonical\" href=\"https:\/\/dfvcg-events.de\/digital-talk\/veranstaltung\/digital-talk-chemisches-recycling\/\" \/>\n<meta property=\"og:locale\" content=\"de_DE\" \/>\n<meta property=\"og:type\" content=\"article\" \/>\n<meta property=\"og:title\" content=\"digital talk: Chemisches Recycling - Digital Talk\" \/>\n<meta property=\"og:description\" content=\"Live. Aktuell. Inspirierend: digital talk: Chemisches Recycling .\" \/>\n<meta property=\"og:url\" content=\"https:\/\/dfvcg-events.de\/digital-talk\/veranstaltung\/digital-talk-chemisches-recycling\/\" \/>\n<meta property=\"og:site_name\" content=\"Digital Talk\" \/>\n<meta property=\"article:modified_time\" content=\"2024-05-17T09:46:32+00:00\" \/>\n<meta property=\"og:image\" content=\"https:\/\/dfvcg-events.de\/digital-talk\/wp-content\/uploads\/sites\/14\/2023\/10\/Teaser_DigiTalk_ChemischesRecycling_800x800.jpg\" \/>\n\t<meta property=\"og:image:width\" content=\"800\" \/>\n\t<meta property=\"og:image:height\" content=\"800\" \/>\n\t<meta property=\"og:image:type\" content=\"image\/jpeg\" \/>\n<meta name=\"twitter:card\" content=\"summary_large_image\" \/>\n<meta name=\"twitter:label1\" content=\"Gesch\u00e4tzte Lesezeit\" \/>\n\t<meta name=\"twitter:data1\" content=\"5\u00a0Minuten\" \/>\n<script type=\"application\/ld+json\" class=\"yoast-schema-graph\">{\"@context\":\"https:\\\/\\\/schema.org\",\"@graph\":[{\"@type\":\"WebPage\",\"@id\":\"https:\\\/\\\/dfvcg-events.de\\\/digital-talk\\\/veranstaltung\\\/digital-talk-chemisches-recycling\\\/\",\"url\":\"https:\\\/\\\/dfvcg-events.de\\\/digital-talk\\\/veranstaltung\\\/digital-talk-chemisches-recycling\\\/\",\"name\":\"digital talk: Chemisches Recycling - Digital Talk\",\"isPartOf\":{\"@id\":\"https:\\\/\\\/dfvcg-events.de\\\/digital-talk\\\/#website\"},\"primaryImageOfPage\":{\"@id\":\"https:\\\/\\\/dfvcg-events.de\\\/digital-talk\\\/veranstaltung\\\/digital-talk-chemisches-recycling\\\/#primaryimage\"},\"image\":{\"@id\":\"https:\\\/\\\/dfvcg-events.de\\\/digital-talk\\\/veranstaltung\\\/digital-talk-chemisches-recycling\\\/#primaryimage\"},\"thumbnailUrl\":\"https:\\\/\\\/dfvcg-events.de\\\/digital-talk\\\/wp-content\\\/uploads\\\/sites\\\/14\\\/2023\\\/10\\\/Teaser_DigiTalk_ChemischesRecycling_800x800.jpg\",\"datePublished\":\"2023-10-12T07:48:44+00:00\",\"dateModified\":\"2024-05-17T09:46:32+00:00\",\"description\":\"Live. Aktuell. Inspirierend: digital talk: Chemisches Recycling .\",\"breadcrumb\":{\"@id\":\"https:\\\/\\\/dfvcg-events.de\\\/digital-talk\\\/veranstaltung\\\/digital-talk-chemisches-recycling\\\/#breadcrumb\"},\"inLanguage\":\"de\",\"potentialAction\":[{\"@type\":\"ReadAction\",\"target\":[\"https:\\\/\\\/dfvcg-events.de\\\/digital-talk\\\/veranstaltung\\\/digital-talk-chemisches-recycling\\\/\"]}]},{\"@type\":\"ImageObject\",\"inLanguage\":\"de\",\"@id\":\"https:\\\/\\\/dfvcg-events.de\\\/digital-talk\\\/veranstaltung\\\/digital-talk-chemisches-recycling\\\/#primaryimage\",\"url\":\"https:\\\/\\\/dfvcg-events.de\\\/digital-talk\\\/wp-content\\\/uploads\\\/sites\\\/14\\\/2023\\\/10\\\/Teaser_DigiTalk_ChemischesRecycling_800x800.jpg\",\"contentUrl\":\"https:\\\/\\\/dfvcg-events.de\\\/digital-talk\\\/wp-content\\\/uploads\\\/sites\\\/14\\\/2023\\\/10\\\/Teaser_DigiTalk_ChemischesRecycling_800x800.jpg\",\"width\":800,\"height\":800},{\"@type\":\"BreadcrumbList\",\"@id\":\"https:\\\/\\\/dfvcg-events.de\\\/digital-talk\\\/veranstaltung\\\/digital-talk-chemisches-recycling\\\/#breadcrumb\",\"itemListElement\":[{\"@type\":\"ListItem\",\"position\":1,\"name\":\"Startseite\",\"item\":\"https:\\\/\\\/dfvcg-events.de\\\/digital-talk\\\/\"},{\"@type\":\"ListItem\",\"position\":2,\"name\":\"digital talk: Chemisches Recycling\"}]},{\"@type\":\"WebSite\",\"@id\":\"https:\\\/\\\/dfvcg-events.de\\\/digital-talk\\\/#website\",\"url\":\"https:\\\/\\\/dfvcg-events.de\\\/digital-talk\\\/\",\"name\":\"Digital Talk\",\"description\":\"dfv Conference Group\",\"publisher\":{\"@id\":\"https:\\\/\\\/dfvcg-events.de\\\/digital-talk\\\/#organization\"},\"potentialAction\":[{\"@type\":\"SearchAction\",\"target\":{\"@type\":\"EntryPoint\",\"urlTemplate\":\"https:\\\/\\\/dfvcg-events.de\\\/digital-talk\\\/?s={search_term_string}\"},\"query-input\":{\"@type\":\"PropertyValueSpecification\",\"valueRequired\":true,\"valueName\":\"search_term_string\"}}],\"inLanguage\":\"de\"},{\"@type\":\"Organization\",\"@id\":\"https:\\\/\\\/dfvcg-events.de\\\/digital-talk\\\/#organization\",\"name\":\"Digital Talks | dfv Conference Group\",\"url\":\"https:\\\/\\\/dfvcg-events.de\\\/digital-talk\\\/\",\"logo\":{\"@type\":\"ImageObject\",\"inLanguage\":\"de\",\"@id\":\"https:\\\/\\\/dfvcg-events.de\\\/digital-talk\\\/#\\\/schema\\\/logo\\\/image\\\/\",\"url\":\"https:\\\/\\\/dfvcg-events.de\\\/digital-talk\\\/wp-content\\\/uploads\\\/sites\\\/14\\\/2021\\\/02\\\/digital-talks-start.jpg\",\"contentUrl\":\"https:\\\/\\\/dfvcg-events.de\\\/digital-talk\\\/wp-content\\\/uploads\\\/sites\\\/14\\\/2021\\\/02\\\/digital-talks-start.jpg\",\"width\":800,\"height\":800,\"caption\":\"Digital Talks | dfv Conference Group\"},\"image\":{\"@id\":\"https:\\\/\\\/dfvcg-events.de\\\/digital-talk\\\/#\\\/schema\\\/logo\\\/image\\\/\"}}]}<\/script>\n<!-- \/ Yoast SEO plugin. -->","yoast_head_json":{"title":"digital talk: Chemisches Recycling - Digital Talk","description":"Live. Aktuell. Inspirierend: digital talk: Chemisches Recycling .","robots":{"index":"index","follow":"follow","max-snippet":"max-snippet:-1","max-image-preview":"max-image-preview:large","max-video-preview":"max-video-preview:-1"},"canonical":"https:\/\/dfvcg-events.de\/digital-talk\/veranstaltung\/digital-talk-chemisches-recycling\/","og_locale":"de_DE","og_type":"article","og_title":"digital talk: Chemisches Recycling - Digital Talk","og_description":"Live. Aktuell. Inspirierend: digital talk: Chemisches Recycling .","og_url":"https:\/\/dfvcg-events.de\/digital-talk\/veranstaltung\/digital-talk-chemisches-recycling\/","og_site_name":"Digital Talk","article_modified_time":"2024-05-17T09:46:32+00:00","og_image":[{"width":800,"height":800,"url":"https:\/\/dfvcg-events.de\/digital-talk\/wp-content\/uploads\/sites\/14\/2023\/10\/Teaser_DigiTalk_ChemischesRecycling_800x800.jpg","type":"image\/jpeg"}],"twitter_card":"summary_large_image","twitter_misc":{"Gesch\u00e4tzte Lesezeit":"5\u00a0Minuten"},"schema":{"@context":"https:\/\/schema.org","@graph":[{"@type":"WebPage","@id":"https:\/\/dfvcg-events.de\/digital-talk\/veranstaltung\/digital-talk-chemisches-recycling\/","url":"https:\/\/dfvcg-events.de\/digital-talk\/veranstaltung\/digital-talk-chemisches-recycling\/","name":"digital talk: Chemisches Recycling - Digital Talk","isPartOf":{"@id":"https:\/\/dfvcg-events.de\/digital-talk\/#website"},"primaryImageOfPage":{"@id":"https:\/\/dfvcg-events.de\/digital-talk\/veranstaltung\/digital-talk-chemisches-recycling\/#primaryimage"},"image":{"@id":"https:\/\/dfvcg-events.de\/digital-talk\/veranstaltung\/digital-talk-chemisches-recycling\/#primaryimage"},"thumbnailUrl":"https:\/\/dfvcg-events.de\/digital-talk\/wp-content\/uploads\/sites\/14\/2023\/10\/Teaser_DigiTalk_ChemischesRecycling_800x800.jpg","datePublished":"2023-10-12T07:48:44+00:00","dateModified":"2024-05-17T09:46:32+00:00","description":"Live. Aktuell. Inspirierend: digital talk: Chemisches Recycling .","breadcrumb":{"@id":"https:\/\/dfvcg-events.de\/digital-talk\/veranstaltung\/digital-talk-chemisches-recycling\/#breadcrumb"},"inLanguage":"de","potentialAction":[{"@type":"ReadAction","target":["https:\/\/dfvcg-events.de\/digital-talk\/veranstaltung\/digital-talk-chemisches-recycling\/"]}]},{"@type":"ImageObject","inLanguage":"de","@id":"https:\/\/dfvcg-events.de\/digital-talk\/veranstaltung\/digital-talk-chemisches-recycling\/#primaryimage","url":"https:\/\/dfvcg-events.de\/digital-talk\/wp-content\/uploads\/sites\/14\/2023\/10\/Teaser_DigiTalk_ChemischesRecycling_800x800.jpg","contentUrl":"https:\/\/dfvcg-events.de\/digital-talk\/wp-content\/uploads\/sites\/14\/2023\/10\/Teaser_DigiTalk_ChemischesRecycling_800x800.jpg","width":800,"height":800},{"@type":"BreadcrumbList","@id":"https:\/\/dfvcg-events.de\/digital-talk\/veranstaltung\/digital-talk-chemisches-recycling\/#breadcrumb","itemListElement":[{"@type":"ListItem","position":1,"name":"Startseite","item":"https:\/\/dfvcg-events.de\/digital-talk\/"},{"@type":"ListItem","position":2,"name":"digital talk: Chemisches Recycling"}]},{"@type":"WebSite","@id":"https:\/\/dfvcg-events.de\/digital-talk\/#website","url":"https:\/\/dfvcg-events.de\/digital-talk\/","name":"Digital Talk","description":"dfv Conference Group","publisher":{"@id":"https:\/\/dfvcg-events.de\/digital-talk\/#organization"},"potentialAction":[{"@type":"SearchAction","target":{"@type":"EntryPoint","urlTemplate":"https:\/\/dfvcg-events.de\/digital-talk\/?s={search_term_string}"},"query-input":{"@type":"PropertyValueSpecification","valueRequired":true,"valueName":"search_term_string"}}],"inLanguage":"de"},{"@type":"Organization","@id":"https:\/\/dfvcg-events.de\/digital-talk\/#organization","name":"Digital Talks | dfv Conference Group","url":"https:\/\/dfvcg-events.de\/digital-talk\/","logo":{"@type":"ImageObject","inLanguage":"de","@id":"https:\/\/dfvcg-events.de\/digital-talk\/#\/schema\/logo\/image\/","url":"https:\/\/dfvcg-events.de\/digital-talk\/wp-content\/uploads\/sites\/14\/2021\/02\/digital-talks-start.jpg","contentUrl":"https:\/\/dfvcg-events.de\/digital-talk\/wp-content\/uploads\/sites\/14\/2021\/02\/digital-talks-start.jpg","width":800,"height":800,"caption":"Digital Talks | dfv Conference Group"},"image":{"@id":"https:\/\/dfvcg-events.de\/digital-talk\/#\/schema\/logo\/image\/"}}]}},"_links":{"self":[{"href":"https:\/\/dfvcg-events.de\/digital-talk\/wp-json\/wp\/v2\/portfolio\/12789","targetHints":{"allow":["GET"]}}],"collection":[{"href":"https:\/\/dfvcg-events.de\/digital-talk\/wp-json\/wp\/v2\/portfolio"}],"about":[{"href":"https:\/\/dfvcg-events.de\/digital-talk\/wp-json\/wp\/v2\/types\/portfolio"}],"author":[{"embeddable":true,"href":"https:\/\/dfvcg-events.de\/digital-talk\/wp-json\/wp\/v2\/users\/10"}],"replies":[{"embeddable":true,"href":"https:\/\/dfvcg-events.de\/digital-talk\/wp-json\/wp\/v2\/comments?post=12789"}],"version-history":[{"count":1,"href":"https:\/\/dfvcg-events.de\/digital-talk\/wp-json\/wp\/v2\/portfolio\/12789\/revisions"}],"predecessor-version":[{"id":18341,"href":"https:\/\/dfvcg-events.de\/digital-talk\/wp-json\/wp\/v2\/portfolio\/12789\/revisions\/18341"}],"wp:featuredmedia":[{"embeddable":true,"href":"https:\/\/dfvcg-events.de\/digital-talk\/wp-json\/wp\/v2\/media\/12790"}],"wp:attachment":[{"href":"https:\/\/dfvcg-events.de\/digital-talk\/wp-json\/wp\/v2\/media?parent=12789"}],"wp:term":[{"taxonomy":"post_tag","embeddable":true,"href":"https:\/\/dfvcg-events.de\/digital-talk\/wp-json\/wp\/v2\/tags?post=12789"},{"taxonomy":"portfolio_entries","embeddable":true,"href":"https:\/\/dfvcg-events.de\/digital-talk\/wp-json\/wp\/v2\/portfolio_entries?post=12789"}],"curies":[{"name":"wp","href":"https:\/\/api.w.org\/{rel}","templated":true}]}}