{"id":11140,"date":"2023-05-09T13:03:12","date_gmt":"2023-05-09T11:03:12","guid":{"rendered":"https:\/\/dfvcg-events.de\/digital-talk\/?post_type=portfolio&#038;p=11140"},"modified":"2023-11-16T16:15:39","modified_gmt":"2023-11-16T15:15:39","slug":"digital-talk-wohin-entwickelt-sich-der-agrarmarkt","status":"publish","type":"portfolio","link":"https:\/\/dfvcg-events.de\/digital-talk\/veranstaltung\/digital-talk-wohin-entwickelt-sich-der-agrarmarkt\/","title":{"rendered":"digital talk: Wohin entwickelt sich der Agrarmarkt?"},"content":{"rendered":"<div class='clear'><\/div><div id='sub_menu1'  class='av-submenu-container av-kawv0if6-b4e37991045abd8a15205f662d77aaf5 header_color av-switch-990  avia-builder-el-0  el_before_av_section  avia-builder-el-first  av-sticky-submenu container_wrap fullsize' style='z-index:301' ><div class='container av-menu-mobile-active av-submenu-pos-left'><a href=\"#\" class=\"mobile_menu_toggle\"><span class='avia-svg-icon avia-font-svg_entypo-fontello' data-av_svg_icon='list' data-av_iconset='svg_entypo-fontello'><svg version=\"1.1\" xmlns=\"http:\/\/www.w3.org\/2000\/svg\" width=\"22\" height=\"32\" viewBox=\"0 0 22 32\" preserveAspectRatio=\"xMidYMid meet\" aria-labelledby='av-svg-title-1' aria-describedby='av-svg-desc-1' role=\"graphics-symbol\" aria-hidden=\"true\">\n<title id='av-svg-title-1'>List<\/title>\n<desc id='av-svg-desc-1'>List<\/desc>\n<path d=\"M3.2 20.8q0.64 0 1.12 0.48t0.48 1.12-0.48 1.12-1.12 0.48h-1.6q-0.64 0-1.12-0.48t-0.48-1.12 0.448-1.12 1.152-0.48h1.6zM3.2 14.4q0.64 0 1.12 0.48t0.48 1.12-0.48 1.12-1.12 0.48h-1.6q-0.64 0-1.12-0.48t-0.48-1.12 0.448-1.12 1.152-0.48h1.6zM3.2 8q0.64 0 1.12 0.48t0.48 1.12-0.48 1.12-1.12 0.48h-1.6q-0.64 0-1.12-0.48t-0.48-1.12 0.448-1.12 1.152-0.48h1.6zM9.6 11.2q-0.64 0-1.12-0.48t-0.48-1.12 0.48-1.12 1.12-0.48h11.2q0.704 0 1.152 0.48t0.448 1.12-0.48 1.12-1.12 0.48h-11.2zM20.8 14.4q0.704 0 1.152 0.48t0.448 1.12-0.48 1.12-1.12 0.48h-11.2q-0.64 0-1.12-0.48t-0.48-1.12 0.48-1.12 1.12-0.48h11.2zM20.8 20.8q0.704 0 1.152 0.48t0.448 1.12-0.48 1.12-1.12 0.48h-11.2q-0.64 0-1.12-0.48t-0.48-1.12 0.48-1.12 1.12-0.48h11.2z\"><\/path>\n<\/svg><\/span><span class=\"av-current-placeholder\">Men\u00fc<\/span><\/a><ul id='av-custom-submenu-1' class='av-subnav-menu' role='menu'>\n<li class='menu-item av-2kckn4-ca906d751475ddc7493c675c2737567f menu-item-top-level av-menu-button av-menu-button-bordered menu-item-top-level-1' role='menuitem'><a href='https:\/\/dfvcg-events.de\/digital-talk\/'  ><span class='avia-bullet'><\/span><span class='avia-menu-text'>digital talks<\/span><\/a><\/li>\n<li class='menu-item av-cpa6i-1b75602378caa96f87b042471b888caa menu-item-top-level av-menu-button av-menu-button-colored menu-item-top-level-2' role='menuitem'><a href='#anmelden'  ><span class='avia-bullet'><\/span><span class='avia-menu-text'>Jetzt anmelden<\/span><\/a><\/li>\n<li class='menu-item av-2u4alb-907784f4dd7a489356826104c0410433 menu-item-top-level menu-item-top-level-3' role='menuitem'><a href='#'  ><span class='avia-bullet'><\/span><span class='avia-menu-text'>Start<\/span><\/a><\/li>\n<li class='menu-item av-4qodp5-cf944fa2d392eff918f0b85e15f02e44 menu-item-top-level menu-item-top-level-4' role='menuitem'><a href='#referenten'  ><span class='avia-bullet'><\/span><span class='avia-menu-text'>Vortragende<\/span><\/a><\/li>\n<\/ul><\/div><\/div><div class='sticky_placeholder'><\/div>\n<div id='av_section_1'  class='avia-section av-srk2y-112106500345416558fb7b75c6b4ce9b main_color avia-section-default avia-no-border-styling  avia-builder-el-1  el_after_av_submenu  el_before_av_section  avia-bg-style-scroll container_wrap fullsize'  ><div class='container av-section-cont-open' ><div class='template-page content  av-content-full alpha units'><div class='post-entry post-entry-type-page post-entry-11140'><div class='entry-content-wrapper clearfix'>\n<div class='flex_column_table av-prli-64bf6691d8e0f71fe37b32964844bca4 sc-av_two_fifth av-equal-height-column-flextable'>\n<style type=\"text\/css\" data-created_by=\"avia_inline_auto\" id=\"style-css-av-prli-64bf6691d8e0f71fe37b32964844bca4\">\n.flex_column.av-prli-64bf6691d8e0f71fe37b32964844bca4{\nborder-radius:0px 0px 0px 0px;\npadding:0px 0px 0px 0px;\n}\n<\/style>\n<div  class='flex_column av-prli-64bf6691d8e0f71fe37b32964844bca4 av_two_fifth  avia-builder-el-2  el_before_av_three_fifth  avia-builder-el-first  first flex_column_table_cell av-equal-height-column av-align-top av-zero-column-padding  '     ><p><br \/>\n\n<style type=\"text\/css\" data-created_by=\"avia_inline_auto\" id=\"style-css-av-kk6miykd-5cf092d21a2867cd4bde86a56e2066d5\">\n.avia-image-container.av-kk6miykd-5cf092d21a2867cd4bde86a56e2066d5 img.avia_image{\nbox-shadow:none;\n}\n.avia-image-container.av-kk6miykd-5cf092d21a2867cd4bde86a56e2066d5 .av-image-caption-overlay-center{\ncolor:#ffffff;\n}\n<\/style>\n<div  class='avia-image-container av-kk6miykd-5cf092d21a2867cd4bde86a56e2066d5 av-styling- avia-align-center  avia-builder-el-4  el_after_av_image  avia-builder-el-last '   itemprop=\"image\" itemscope=\"itemscope\" itemtype=\"https:\/\/schema.org\/ImageObject\" ><div class=\"avia-image-container-inner\"><div class=\"avia-image-overlay-wrap\"><img decoding=\"async\" fetchpriority=\"high\" class='wp-image-11313 avia-img-lazy-loading-not-11313 avia_image ' src=\"https:\/\/dfvcg-events.de\/digital-talk\/wp-content\/uploads\/sites\/14\/2023\/05\/Teaser_DigiTalk_Agrar_800x800-1.jpg\" alt='' title='Teaser_DigiTalk_Agrar_800x800'  height=\"800\" width=\"800\"  itemprop=\"thumbnailUrl\"  \/><\/div><\/div><\/div><\/p><\/div><div class='av-flex-placeholder'><\/div>\n<style type=\"text\/css\" data-created_by=\"avia_inline_auto\" id=\"style-css-av-k26i2v6p-2688042be07242d734261d0b65f3805f\">\n.flex_column.av-k26i2v6p-2688042be07242d734261d0b65f3805f{\nborder-radius:0px 0px 0px 0px;\npadding:0px 35px 0px 0px;\n}\n<\/style>\n<div  class='flex_column av-k26i2v6p-2688042be07242d734261d0b65f3805f av_three_fifth  avia-builder-el-5  el_after_av_two_fifth  avia-builder-el-last  flex_column_table_cell av-equal-height-column av-align-top  '     ><p>\n<style type=\"text\/css\" data-created_by=\"avia_inline_auto\" id=\"style-css-av-280ihu-bc382b4c7a0fb4d8caa433942b206881\">\n#top .av-special-heading.av-280ihu-bc382b4c7a0fb4d8caa433942b206881{\npadding-bottom:10px;\ncolor:#957063;\n}\nbody .av-special-heading.av-280ihu-bc382b4c7a0fb4d8caa433942b206881 .av-special-heading-tag .heading-char{\nfont-size:25px;\n}\n.av-special-heading.av-280ihu-bc382b4c7a0fb4d8caa433942b206881 .special-heading-inner-border{\nborder-color:#957063;\n}\n.av-special-heading.av-280ihu-bc382b4c7a0fb4d8caa433942b206881 .av-subheading{\nfont-size:19px;\ncolor:#000000;\n}\n<\/style>\n<div  class='av-special-heading av-280ihu-bc382b4c7a0fb4d8caa433942b206881 av-special-heading-h1 custom-color-heading blockquote modern-quote  avia-builder-el-6  el_before_av_textblock  avia-builder-el-first  av-linked-heading'><div class='av_custom_color av-subheading av-subheading_above'><p>digital talk<\/p>\n<\/div><h1 class='av-special-heading-tag '  itemprop=\"headline\"  >Wohin entwickelt sich der Agrarmarkt?<\/h1><div class=\"special-heading-border\"><div class=\"special-heading-inner-border\"><\/div><\/div><\/div><br \/>\n\n<style type=\"text\/css\" data-created_by=\"avia_inline_auto\" id=\"style-css-av-kk6mwm01-037156d19661e690621a40f8c43ccc78\">\n#top .av_textblock_section.av-kk6mwm01-037156d19661e690621a40f8c43ccc78 .avia_textblock{\nfont-size:21px;\n}\n<\/style>\n<section  class='av_textblock_section av-kk6mwm01-037156d19661e690621a40f8c43ccc78 '   itemscope=\"itemscope\" itemtype=\"https:\/\/schema.org\/CreativeWork\" ><div class='avia_textblock'  itemprop=\"text\" ><p><strong>Die Veranstaltung ist abgesagt!<\/strong><\/p>\n<p>26. September 2023<\/p>\n<p>14:00 \u2013 15:30 Uhr<\/p>\n<\/div><\/section><br \/>\n<div  class='hr av-kaz5acoo-b78fa01771143abfb53ff655947cbd6e hr-default  avia-builder-el-8  el_after_av_textblock  el_before_av_buttonrow '><span class='hr-inner '><span class=\"hr-inner-style\"><\/span><\/span><\/div><br \/>\n<div  class='avia-buttonrow-wrap av-kcn3m3gt-fff65312e5a8530eff99563e24d61bb2 avia-buttonrow-left  avia-builder-el-9  el_after_av_hr  avia-builder-el-last '>\n\n<style type=\"text\/css\" data-created_by=\"avia_inline_auto\" id=\"style-css-av-3k12xc-13ad746b3bcb0935a516ef2b8f6c2f91\">\n#top #wrap_all .avia-button.av-3k12xc-13ad746b3bcb0935a516ef2b8f6c2f91{\nbackground-color:#e2b852;\nborder-color:#e2b852;\ncolor:#ffffff;\ntransition:all 0.4s ease-in-out;\nmargin-bottom:5px;\nmargin-right:5px;\n}\n#top #wrap_all .avia-button.av-3k12xc-13ad746b3bcb0935a516ef2b8f6c2f91 .avia-svg-icon svg:first-child{\nfill:#ffffff;\nstroke:#ffffff;\n}\n<\/style>\n<a href='#anmelden'  class='avia-button av-3k12xc-13ad746b3bcb0935a516ef2b8f6c2f91 avia-icon_select-yes-left-icon avia-size-large'   aria-label=\"Jetzt anmelden\"><span class='avia_button_icon avia_button_icon_left avia-iconfont avia-font-entypo-fontello' data-av_icon='\ue8cb' data-av_iconfont='entypo-fontello' ><\/span><span class='avia_iconbox_title' >Jetzt anmelden<\/span><\/a>\n\n<style type=\"text\/css\" data-created_by=\"avia_inline_auto\" id=\"style-css-av-2000oy-4c370155a6df0625cccfd0a4866eed7f\">\n#top #wrap_all .avia-button.av-2000oy-4c370155a6df0625cccfd0a4866eed7f{\nbackground-color:#957063;\nborder-color:#957063;\ncolor:#ffffff;\ntransition:all 0.4s ease-in-out;\nmargin-bottom:5px;\nmargin-right:5px;\n}\n#top #wrap_all .avia-button.av-2000oy-4c370155a6df0625cccfd0a4866eed7f .avia-svg-icon svg:first-child{\nfill:#ffffff;\nstroke:#ffffff;\n}\n<\/style>\n<a href='https:\/\/dfvcg-events.de\/digital-talk\/wp-content\/uploads\/sites\/14\/2023\/05\/digital-talk-Wohin-entwickelt-sich-der-Agrarmarkt.ics'  class='avia-button av-2000oy-4c370155a6df0625cccfd0a4866eed7f avia-icon_select-yes-left-icon avia-size-large'  target=\"_blank\"  rel=\"noopener noreferrer\"  aria-label=\"Save the Date\"><span class='avia_button_icon avia_button_icon_left avia-iconfont avia-font-entypo-fontello' data-av_icon='\ue85b' data-av_iconfont='entypo-fontello' ><\/span><span class='avia_iconbox_title' >Save the Date<\/span><\/a>\n<\/div><\/p><\/div><\/div><!--close column table wrapper. Autoclose: 1 --><\/div><\/div><\/div><!-- close content main div --><\/div><\/div>\n<style type=\"text\/css\" data-created_by=\"avia_inline_auto\" id=\"style-css-av-l5l1uwe3-1f9060c3ad86b2462b1e01e9d2765761\">\n.avia-section.av-l5l1uwe3-1f9060c3ad86b2462b1e01e9d2765761{\nbackground-color:#957053;\nbackground:linear-gradient( to bottom, #957053, #e2b852 );\n}\n<\/style>\n<div id='av_section_2'  class='avia-section av-l5l1uwe3-1f9060c3ad86b2462b1e01e9d2765761 main_color avia-section-large avia-no-shadow  avia-builder-el-10  el_after_av_section  el_before_av_section  avia-bg-style-scroll container_wrap fullsize'  ><div class='container av-section-cont-open' ><div class='template-page content  av-content-full alpha units'><div class='post-entry post-entry-type-page post-entry-11140'><div class='entry-content-wrapper clearfix'>\n\n<style type=\"text\/css\" data-created_by=\"avia_inline_auto\" id=\"style-css-av-35l0pz-78adad5e4075ecaa23ceab62fde54fd6\">\n#top .av_textblock_section.av-35l0pz-78adad5e4075ecaa23ceab62fde54fd6 .avia_textblock{\nfont-size:20px;\ncolor:#000000;\n}\n<\/style>\n<section  class='av_textblock_section av-35l0pz-78adad5e4075ecaa23ceab62fde54fd6 '   itemscope=\"itemscope\" itemtype=\"https:\/\/schema.org\/CreativeWork\" ><div class='avia_textblock av_inherit_color'  itemprop=\"text\" ><p><span class=\"ui-provider fy b c d e f g h i j k l m n o p q r s t u v w x y z ab ac ae af ag ah ai aj ak\" dir=\"ltr\">Der anhaltende Krieg in der Ukraine, Unruhen und Konflikte in Russland, Ernteausf\u00e4lle durch D\u00fcrren auf dem gesamten Globus, Notreife in Deutschland: Die aktuellen Ereignisse und Entwicklungen in den letzten Monaten sorgen wieder f\u00fcr steigende Volatilit\u00e4ten bei Agrar-Commodities und Agrar-Futures. Damit entsteht nicht nur die Frage, wohin sich die Preise bei Getreide und \u00d6lsaaten (vor allem Raps und Soja) regional aber international entwickeln werden, sondern auch wie sich die Situation bei Betriebsmitteln (Mischfutter, Energie, D\u00fcnger und Pflanzenschutzmitteln) darstellen wird. Diese Fragen will der digital talk \u201eWohin entwickeln sich die Agrarm\u00e4rkte?\u201c kl\u00e4ren. Er gibt einen Ausblick auf die weiteren Trends und \u00a0Entwicklungen und analysiert, was dies f\u00fcr Erzeuger in Deutschland bedeutet.<\/span><\/p>\n<\/div><\/section>\n<\/p>\n<\/div><\/div><\/div><!-- close content main div --><\/div><\/div><div id='referenten'  class='avia-section av-17ucxhj-3ee926ad684304918d435a8e02aa1f68 main_color avia-section-default avia-no-shadow  avia-builder-el-12  el_after_av_section  el_before_av_section  avia-bg-style-scroll container_wrap fullsize'  ><div class='container av-section-cont-open' ><div class='template-page content  av-content-full alpha units'><div class='post-entry post-entry-type-page post-entry-11140'><div class='entry-content-wrapper clearfix'>\n\n<style type=\"text\/css\" data-created_by=\"avia_inline_auto\" id=\"style-css-av-2rjtzr-fb6f4f5f6b470fb36623589c45b96143\">\n#top .av-special-heading.av-2rjtzr-fb6f4f5f6b470fb36623589c45b96143{\npadding-bottom:25px;\n}\nbody .av-special-heading.av-2rjtzr-fb6f4f5f6b470fb36623589c45b96143 .av-special-heading-tag .heading-char{\nfont-size:25px;\n}\n.av-special-heading.av-2rjtzr-fb6f4f5f6b470fb36623589c45b96143 .av-subheading{\nfont-size:15px;\n}\n<\/style>\n<div  class='av-special-heading av-2rjtzr-fb6f4f5f6b470fb36623589c45b96143 av-special-heading-h2 blockquote modern-quote  avia-builder-el-13  el_before_av_one_third  avia-builder-el-first '><h2 class='av-special-heading-tag '  itemprop=\"headline\"  >Vortragende<\/h2><div class='av-subheading av-subheading_below'><p>Freuen Sie sich dabei auf folgende Vortragende:<\/p>\n<\/div><div class=\"special-heading-border\"><div class=\"special-heading-inner-border\"><\/div><\/div><\/div>\n\n<style type=\"text\/css\" data-created_by=\"avia_inline_auto\" id=\"style-css-av-j4oc10-7e37b0be78d8d7501b23d10cc6201de7\">\n.flex_column.av-j4oc10-7e37b0be78d8d7501b23d10cc6201de7{\nborder-radius:0px 0px 0px 0px;\npadding:0px 0px 0px 0px;\n}\n<\/style>\n<div  class='flex_column av-j4oc10-7e37b0be78d8d7501b23d10cc6201de7 av_one_third  avia-builder-el-14  el_after_av_heading  el_before_av_one_third  first flex_column_div av-zero-column-padding  '     ><p><section  class='avia-team-member av-llatmzfy-eabab2643c46dba2a01a4b49eb095d1c  avia-builder-el-15  el_before_av_toggle_container  avia-builder-el-first '  itemscope=\"itemscope\" itemtype=\"https:\/\/schema.org\/Person\" ><div class=\"team-img-container\"><img decoding=\"async\" fetchpriority=\"high\" class='wp-image-12114 avia-img-lazy-loading-not-12114 avia_image avia_image_team' src=\"https:\/\/dfvcg-events.de\/digital-talk\/wp-content\/uploads\/sites\/14\/2023\/08\/Courbier_Martin_DAH_2023_WEB-1.jpg\" alt='Martin Courbier'  itemprop=\"image\"   height=\"3906\" width=\"2930\" \/><\/div><h3 class='team-member-name '  itemprop=\"name\" >Martin Courbier<\/h3><div class='team-member-job-title '  itemprop=\"jobTitle\" >Gesch\u00e4ftsf\u00fchrer, Der Agrarhandel e.V.<\/div><span class='hidden team-member-affiliation'  itemprop=\"affiliation\" >Digital Talk<\/span><\/section><br \/>\n<div  class='togglecontainer av-llatng8e-9c2c1609f121c61d7628142b078bc6d3  avia-builder-el-16  el_after_av_team_member  avia-builder-el-last  toggle_close_all' >\n<section class='av_toggle_section av-llatnfcs-d3559a05020d3c95a100a8b45a2d5be1'  itemscope=\"itemscope\" itemtype=\"https:\/\/schema.org\/CreativeWork\" ><div role=\"tablist\" class=\"single_toggle\" data-tags=\"{Alle} \"  ><p id='toggle-toggle-id-1' data-fake-id='#toggle-id-1' class='toggler  av-title-above '  itemprop=\"headline\"  role='tab' tabindex='0' aria-controls='toggle-id-1' data-slide-speed=\"200\" data-title=\"Info\" data-title-open=\"\" data-aria_collapsed=\"Click to expand: Info\" data-aria_expanded=\"Click to collapse: Info\">Info<span class=\"toggle_icon\"><span class=\"vert_icon\"><\/span><span class=\"hor_icon\"><\/span><\/span><\/p><div id='toggle-id-1' aria-labelledby='toggle-toggle-id-1' role='region' class='toggle_wrap  av-title-above'  ><div class='toggle_content invers-color '  itemprop=\"text\" ><p>Martin Courbier ist studierter Agrarwissenschaftler mit Schwerpunkt Agrar\u00f6konomie. Seit 2011 ist er im Verband t\u00e4tig, damals beim Bundesverband der Agrargewerblichen Wirtschaft e. V. (BVA), Bonn. Seit 2014 ist er Gesch\u00e4ftsf\u00fchrer des Bundesverbandes der VO-Firmen e. V. (BVO), Berlin und 2018 Gesch\u00e4ftsf\u00fchrer des Bundesverbandes der Agrargewerblichen Wirtschaft e. V. (BVA), der 2019 in Bundesverband Agrarhandel e. V. umbenannt wurde. 2022 fusionierten der Bundesverband Agrarhandel mit dem Verein der Getreideh\u00e4ndler der Hamburger B\u00f6rse e. V. zu DER AGRARHANDEL e. V., dort ist Courbier seit 2022 Gesch\u00e4ftsf\u00fchrer.<\/p>\n<\/div><\/div><\/div><\/section>\n<\/div><\/p><\/div>\n<style type=\"text\/css\" data-created_by=\"avia_inline_auto\" id=\"style-css-av-o8aezo-afe2c9e6a072ad1bda71374730b54295\">\n.flex_column.av-o8aezo-afe2c9e6a072ad1bda71374730b54295{\nborder-radius:0px 0px 0px 0px;\npadding:0px 0px 0px 0px;\n}\n<\/style>\n<div  class='flex_column av-o8aezo-afe2c9e6a072ad1bda71374730b54295 av_one_third  avia-builder-el-17  el_after_av_one_third  el_before_av_one_third  flex_column_div av-zero-column-padding  '     ><p><section  class='avia-team-member av-ljgtp06c-29193db91659a58573facc0f6e8e598c  avia-builder-el-18  el_before_av_toggle_container  avia-builder-el-first '  itemscope=\"itemscope\" itemtype=\"https:\/\/schema.org\/Person\" ><div class=\"team-img-container\"><img decoding=\"async\" fetchpriority=\"high\" class='wp-image-12122 avia-img-lazy-loading-not-12122 avia_image avia_image_team' src=\"https:\/\/dfvcg-events.de\/digital-talk\/wp-content\/uploads\/sites\/14\/2023\/08\/Lachmann_Filip_Journalist_2023_WEB.jpg\" alt='Filip Lachmann'  itemprop=\"image\"   height=\"800\" width=\"600\" \/><\/div><h3 class='team-member-name '  itemprop=\"name\" >Filip Lachmann<\/h3><div class='team-member-job-title '  itemprop=\"jobTitle\" >Journalist<\/div><span class='hidden team-member-affiliation'  itemprop=\"affiliation\" >Digital Talk<\/span><\/section><br \/>\n<div  class='togglecontainer av-ljgtpsu2-805229947b981881e61617798534e6ad  avia-builder-el-19  el_after_av_team_member  avia-builder-el-last  toggle_close_all' >\n<section class='av_toggle_section av-ljgtpsav-1496dd157a2f91e3f9e95ba85ca0ee33'  itemscope=\"itemscope\" itemtype=\"https:\/\/schema.org\/CreativeWork\" ><div role=\"tablist\" class=\"single_toggle\" data-tags=\"{Alle} \"  ><p id='toggle-toggle-id-2' data-fake-id='#toggle-id-2' class='toggler  av-title-above '  itemprop=\"headline\"  role='tab' tabindex='0' aria-controls='toggle-id-2' data-slide-speed=\"200\" data-title=\"Info\" data-title-open=\"\" data-aria_collapsed=\"Click to expand: Info\" data-aria_expanded=\"Click to collapse: Info\">Info<span class=\"toggle_icon\"><span class=\"vert_icon\"><\/span><span class=\"hor_icon\"><\/span><\/span><\/p><div id='toggle-id-2' aria-labelledby='toggle-toggle-id-2' role='region' class='toggle_wrap  av-title-above'  ><div class='toggle_content invers-color '  itemprop=\"text\" ><p>Filip Lachmann ist ausgebildeter Journalist und arbeitet seit zehn Jahren als freier Redakteur f\u00fcr verschiedene Publikationen der dfv Mediengruppe. Seine Fachgebiete sind der Agrarsektor sowie die Fleischwirtschaft. So z\u00e4hlt er bei der Agrarzeitung seit 2019 zum festen Autorenteam des t\u00e4glichen Newsletters \u201eM\u00e4rkte am Morgen\u201c, der die Fachleser zum Start in den Arbeitstag \u00fcber die j\u00fcngsten Entwicklungen an den internationalen Agrarm\u00e4rkten informiert. Er geht den fundamentalen Ursachen auf den Grund, die f\u00fcr die t\u00e4gliche Kursentwicklung der Getreide- und \u00d6lsaatennotierungen an den internationalen Leitb\u00f6rsen in Chicago, Paris, Kuala Lumpur und Winnipeg verantwortlich sind.<\/p>\n<\/div><\/div><\/div><\/section>\n<\/div><\/p><\/div>\n<style type=\"text\/css\" data-created_by=\"avia_inline_auto\" id=\"style-css-av-21yefk4-1a5d1bb2e6d3507ca8c89f6d25bc5339\">\n.flex_column.av-21yefk4-1a5d1bb2e6d3507ca8c89f6d25bc5339{\nborder-radius:0px 0px 0px 0px;\npadding:0px 0px 0px 0px;\n}\n<\/style>\n<div  class='flex_column av-21yefk4-1a5d1bb2e6d3507ca8c89f6d25bc5339 av_one_third  avia-builder-el-20  el_after_av_one_third  el_before_av_one_third  flex_column_div av-zero-column-padding  '     ><p><section  class='avia-team-member av-1onf7dw-51f8122b217f44182d2e06dec8667c6a  avia-builder-el-21  el_before_av_toggle_container  avia-builder-el-first '  itemscope=\"itemscope\" itemtype=\"https:\/\/schema.org\/Person\" ><div class=\"team-img-container\"><img decoding=\"async\" fetchpriority=\"high\" class='wp-image-11695 avia-img-lazy-loading-not-11695 avia_image avia_image_team' src=\"https:\/\/dfvcg-events.de\/digital-talk\/wp-content\/uploads\/sites\/14\/2023\/05\/Lehmann_Lars_agrimand_web.jpg\" alt='Lars Lehmann'  itemprop=\"image\"   height=\"800\" width=\"600\" \/><\/div><h3 class='team-member-name '  itemprop=\"name\" >Lars Lehmann<\/h3><div class='team-member-job-title '  itemprop=\"jobTitle\" >CEO, agrimand<\/div><span class='hidden team-member-affiliation'  itemprop=\"affiliation\" >Digital Talk<\/span><\/section><br \/>\n<div  class='togglecontainer av-1959br8-689e7977bc10c3631f1f67f00b6112b7  avia-builder-el-22  el_after_av_team_member  avia-builder-el-last  toggle_close_all' >\n<section class='av_toggle_section av-qknjes-7639188f424fd874042b4a25b56eb0ec'  itemscope=\"itemscope\" itemtype=\"https:\/\/schema.org\/CreativeWork\" ><div role=\"tablist\" class=\"single_toggle\" data-tags=\"{Alle} \"  ><p id='toggle-toggle-id-3' data-fake-id='#toggle-id-3' class='toggler  av-title-above '  itemprop=\"headline\"  role='tab' tabindex='0' aria-controls='toggle-id-3' data-slide-speed=\"200\" data-title=\"Info\" data-title-open=\"\" data-aria_collapsed=\"Click to expand: Info\" data-aria_expanded=\"Click to collapse: Info\">Info<span class=\"toggle_icon\"><span class=\"vert_icon\"><\/span><span class=\"hor_icon\"><\/span><\/span><\/p><div id='toggle-id-3' aria-labelledby='toggle-toggle-id-3' role='region' class='toggle_wrap  av-title-above'  ><div class='toggle_content invers-color '  itemprop=\"text\" ><p>Lars Lehmann (CEO agrimand) ist einer der Pioniere im digitalen Landhandel. 2018 gr\u00fcndete der Agrarkaufmann agrimand, den <a href=\"https:\/\/eur06.safelinks.protection.outlook.com\/?url=http%3A%2F%2Fwww.agrimand.com%2F&amp;data=05%7C01%7C%7Ca07dec7ef599418972ca08da802022b2%7Ce5bf410228a64fe9b51e3e3149f83bb3%7C0%7C0%7C637963174101417545%7CUnknown%7CTWFpbGZsb3d8eyJWIjoiMC4wLjAwMDAiLCJQIjoiV2luMzIiLCJBTiI6Ik1haWwiLCJXVCI6Mn0%3D%7C1000%7C%7C%7C&amp;sdata=8fwta0LOm388nz3MOF1Vm73rTJoVCzag%2By1yUt0dC3Q%3D&amp;reserved=0\">digitalen Marktplatz f\u00fcr den Landhandel<\/a>. Dieser z\u00e4hlt mittlerweile \u00fcber 3.800 Nutzer und w\u00e4chst stark. Sein Ziel ist es, der Branche einen kosteng\u00fcnstigen, unabh\u00e4ngigen und standardisierten Marktzugang zu gew\u00e4hrleisten und Landh\u00e4ndler im Marketing intensiv zu unterst\u00fctzen.<\/p>\n<\/div><\/div><\/div><\/section>\n<\/div><\/p><\/div>\n<style type=\"text\/css\" data-created_by=\"avia_inline_auto\" id=\"style-css-av-1noy6me-331cbf85ad9805e7e1aaf8735c9325a4\">\n.flex_column.av-1noy6me-331cbf85ad9805e7e1aaf8735c9325a4{\nborder-radius:0px 0px 0px 0px;\npadding:0px 0px 0px 0px;\n}\n<\/style>\n<div  class='flex_column av-1noy6me-331cbf85ad9805e7e1aaf8735c9325a4 av_one_third  avia-builder-el-23  el_after_av_one_third  el_before_av_one_third  first flex_column_div av-zero-column-padding  column-top-margin'     ><p><section  class='avia-team-member av-legtsp37-708f44526a236a15293109a03e7573dd  avia-builder-el-24  el_before_av_toggle_container  avia-builder-el-first '  itemscope=\"itemscope\" itemtype=\"https:\/\/schema.org\/Person\" ><div class=\"team-img-container\"><img decoding=\"async\" fetchpriority=\"high\" class='wp-image-12101 avia-img-lazy-loading-not-12101 avia_image avia_image_team' src=\"https:\/\/dfvcg-events.de\/digital-talk\/wp-content\/uploads\/sites\/14\/2023\/05\/Vogel-Stefan-RaboBank.jpg\" alt='Stefan Vogel'  itemprop=\"image\"   height=\"800\" width=\"600\" \/><\/div><h3 class='team-member-name '  itemprop=\"name\" >Stefan Vogel<\/h3><div class='team-member-job-title '  itemprop=\"jobTitle\" >General Manager, RaboResearch Australia &amp; New Zealand <\/div><span class='hidden team-member-affiliation'  itemprop=\"affiliation\" >Digital Talk<\/span><\/section><br \/>\n<div  class='togglecontainer av-lj5sxtyo-f0b729be75f6e6a32ac7cef8e4d9d7d8  avia-builder-el-25  el_after_av_team_member  avia-builder-el-last  toggle_close_all' >\n<section class='av_toggle_section av-lj5sxtfx-ecc44035aadec0f007b36f14ab85d5ba'  itemscope=\"itemscope\" itemtype=\"https:\/\/schema.org\/CreativeWork\" ><div role=\"tablist\" class=\"single_toggle\" data-tags=\"{Alle} \"  ><p id='toggle-toggle-id-4' data-fake-id='#toggle-id-4' class='toggler  av-title-above '  itemprop=\"headline\"  role='tab' tabindex='0' aria-controls='toggle-id-4' data-slide-speed=\"200\" data-title=\"Info\" data-title-open=\"\" data-aria_collapsed=\"Click to expand: Info\" data-aria_expanded=\"Click to collapse: Info\">Info<span class=\"toggle_icon\"><span class=\"vert_icon\"><\/span><span class=\"hor_icon\"><\/span><\/span><\/p><div id='toggle-id-4' aria-labelledby='toggle-toggle-id-4' role='region' class='toggle_wrap  av-title-above'  ><div class='toggle_content invers-color '  itemprop=\"text\" ><p>Stefan leitet die Forschungsteams der Rabobank in Australien und Neuseeland. Er und sein Team liefern Markt- und strategische Brancheneinblicke f\u00fcr die wichtigsten Lebensmittel- und Agrarsektoren, um die Kunden der Rabobank im l\u00e4ndlichen Raum und im Gro\u00dfhandel auf lokaler und globaler Ebene zu unterst\u00fctzen.<\/p>\n<p>Stefan verf\u00fcgt \u00fcber umfangreiche Erfahrungen in den Bereichen Marktforschung und Unternehmensstrategie. Bevor er Anfang 2022 nach Sydney umzog, war er in London t\u00e4tig und hatte dort zwei Funktionen inne: als Global Sector Strategist Grains &amp; Oilseeds sowie als Head of Agri Commodities Markets Research.<\/p>\n<\/div><\/div><\/div><\/section>\n<\/div><\/p><\/div>\n<style type=\"text\/css\" data-created_by=\"avia_inline_auto\" id=\"style-css-av-1y9c1us-103344b6d7cdc4eaea99fcde3b394bb6\">\n.flex_column.av-1y9c1us-103344b6d7cdc4eaea99fcde3b394bb6{\nborder-radius:0px 0px 0px 0px;\npadding:0px 0px 0px 0px;\n}\n<\/style>\n<div  class='flex_column av-1y9c1us-103344b6d7cdc4eaea99fcde3b394bb6 av_one_third  avia-builder-el-26  el_after_av_one_third  avia-builder-el-last  flex_column_div av-zero-column-padding  column-top-margin'     ><p><section  class='avia-team-member av-1r59ikk-cadec9f70b7ac7588ec84a5fdd47f6a8  avia-builder-el-27  el_before_av_toggle_container  avia-builder-el-first '  itemscope=\"itemscope\" itemtype=\"https:\/\/schema.org\/Person\" ><div class=\"team-img-container\"><img decoding=\"async\" fetchpriority=\"high\" class='wp-image-6590 avia-img-lazy-loading-not-6590 avia_image avia_image_team' src=\"https:\/\/dfvcg-events.de\/digital-talk\/wp-content\/uploads\/sites\/14\/2022\/04\/Deininger-Olaf_web.jpg\" alt='Moderator: Olaf Deininger'  itemprop=\"image\"   height=\"800\" width=\"600\" \/><\/div><h3 class='team-member-name '  itemprop=\"name\" >Moderator: Olaf Deininger<\/h3><div class='team-member-job-title '  itemprop=\"jobTitle\" >Entwicklungs Chefredakteur Agrarmedien, dfv Mediengruppe<\/div><span class='hidden team-member-affiliation'  itemprop=\"affiliation\" >Digital Talk<\/span><\/section><br \/>\n<div  class='togglecontainer av-12smvgk-12bc8fd11298e05bff3b9c1c32fa7abb  avia-builder-el-28  el_after_av_team_member  avia-builder-el-last  toggle_close_all' >\n<section class='av_toggle_section av-qay690-e393916e3bb7d0b15ae67143a80f8c36'  itemscope=\"itemscope\" itemtype=\"https:\/\/schema.org\/CreativeWork\" ><div role=\"tablist\" class=\"single_toggle\" data-tags=\"{Alle} \"  ><p id='toggle-toggle-id-5' data-fake-id='#toggle-id-5' class='toggler  av-title-above '  itemprop=\"headline\"  role='tab' tabindex='0' aria-controls='toggle-id-5' data-slide-speed=\"200\" data-title=\"Info\" data-title-open=\"\" data-aria_collapsed=\"Click to expand: Info\" data-aria_expanded=\"Click to collapse: Info\">Info<span class=\"toggle_icon\"><span class=\"vert_icon\"><\/span><span class=\"hor_icon\"><\/span><\/span><\/p><div id='toggle-id-5' aria-labelledby='toggle-toggle-id-5' role='region' class='toggle_wrap  av-title-above'  ><div class='toggle_content invers-color '  itemprop=\"text\" ><p><span class=\"ui-provider gs b c d e f g h i j k l m n o p q r s t u v w x y z ab ac ae af ag ah ai aj ak\" dir=\"ltr\">Olaf Deininger ist Entwicklungs-Chefredakteur Agrar-Medien bei der dfv Mediengruppe. Der Wirtschaftsjournalist und Digitalexperte blickt auf eine langj\u00e4hrige Erfahrung in leitenden Positionen in Food- und Fachmedien zur\u00fcck. Er startete seine Laufbahn als Redaktionsleiter der Stadtillustrierten \u201ePrinz\u201c in Stuttgart und arbeitete als Chefredakteur bei PopNet (wo er f\u00fcr Nestl\u00e9 die erste Website des Maggi Kochstudios entwickelte), dem Deutschen Sparkassenverlag und bei Holzmann Medien. Er leitete unter anderem agrarheute.com, das mit 2,6 Millionen Visits pro Monat zu den zehn reichweitenst\u00e4rksten Fachportalen im deutschen Internet z\u00e4hlt, und war als Entwicklungsleiter f\u00fcr die digitale Strategie des dlv Deutschen Landwirtschaftsverlags in M\u00fcnchen verantwortlich. Er publizierte Strategie-Studien zu Medienentwicklung, Business-Software und IT-L\u00f6sungen. Im Februar 2021 ver\u00f6ffentlichte er das Buch \u201eFood Code\u201c, das mittlerweile als Standardwerk f\u00fcr \u201eFood 4.0\u201c gilt.<\/span><\/p>\n<\/div><\/div><\/div><\/section>\n<\/div><\/p><\/div>\n\n<\/div><\/div><\/div><!-- close content main div --><\/div><\/div>\n<style type=\"text\/css\" data-created_by=\"avia_inline_auto\" id=\"style-css-av-laksnmr0-a9939b3714b56918a620824dcb07bd3b\">\n.avia-section.av-laksnmr0-a9939b3714b56918a620824dcb07bd3b{\nbackground-color:#ffffff;\nbackground-image:unset;\n}\n<\/style>\n<div id='anmelden'  class='avia-section av-laksnmr0-a9939b3714b56918a620824dcb07bd3b main_color avia-section-large avia-no-shadow  avia-builder-el-29  el_after_av_section  el_before_av_section  avia-bg-style-fixed container_wrap fullsize'  ><div class='container av-section-cont-open' ><div class='template-page content  av-content-full alpha units'><div class='post-entry post-entry-type-page post-entry-11140'><div class='entry-content-wrapper clearfix'>\n\n<style type=\"text\/css\" data-created_by=\"avia_inline_auto\" id=\"style-css-av-24jcbm-6449f90e25dc0b2f3cdf190c84ad1359\">\n#top .av-special-heading.av-24jcbm-6449f90e25dc0b2f3cdf190c84ad1359{\npadding-bottom:25px;\ncolor:#000000;\n}\nbody .av-special-heading.av-24jcbm-6449f90e25dc0b2f3cdf190c84ad1359 .av-special-heading-tag .heading-char{\nfont-size:25px;\n}\n.av-special-heading.av-24jcbm-6449f90e25dc0b2f3cdf190c84ad1359 .special-heading-inner-border{\nborder-color:#000000;\n}\n.av-special-heading.av-24jcbm-6449f90e25dc0b2f3cdf190c84ad1359 .av-subheading{\nfont-size:15px;\n}\n<\/style>\n<div  class='av-special-heading av-24jcbm-6449f90e25dc0b2f3cdf190c84ad1359 av-special-heading-h2 custom-color-heading blockquote modern-quote  avia-builder-el-30  el_before_av_codeblock  avia-builder-el-first '><h2 class='av-special-heading-tag '  itemprop=\"headline\"  >Jetzt anmelden<\/h2><div class='av_custom_color av-subheading av-subheading_below'><p>Vielen Dank f\u00fcr Ihr Interesse!<\/p>\n<\/div><div class=\"special-heading-border\"><div class=\"special-heading-inner-border\"><\/div><\/div><\/div>\n\n\n<\/div><\/div><\/div><!-- close content main div --><\/div><\/div>\n<style type=\"text\/css\" data-created_by=\"avia_inline_auto\" id=\"style-css-av-lj2rfmbt-5fda893714182aed2b59686ef938c6ab\">\n.avia-section.av-lj2rfmbt-5fda893714182aed2b59686ef938c6ab{\nbackground-color:#ffffff;\nbackground-image:unset;\n}\n<\/style>\n<div id='av_section_5'  class='avia-section av-lj2rfmbt-5fda893714182aed2b59686ef938c6ab main_color avia-section-large avia-no-shadow  avia-builder-el-32  el_after_av_section  el_before_av_section  avia-bg-style-fixed container_wrap fullsize'  ><div class='container av-section-cont-open' ><div class='template-page content  av-content-full alpha units'><div class='post-entry post-entry-type-page post-entry-11140'><div class='entry-content-wrapper clearfix'>\n\n<style type=\"text\/css\" data-created_by=\"avia_inline_auto\" id=\"style-css-av-kj5w4k-9a6903104ae39bb4ef796326acae6eb6\">\n#top .av-special-heading.av-kj5w4k-9a6903104ae39bb4ef796326acae6eb6{\npadding-bottom:25px;\n}\nbody .av-special-heading.av-kj5w4k-9a6903104ae39bb4ef796326acae6eb6 .av-special-heading-tag .heading-char{\nfont-size:25px;\n}\n.av-special-heading.av-kj5w4k-9a6903104ae39bb4ef796326acae6eb6 .av-subheading{\nfont-size:15px;\n}\n<\/style>\n<div  class='av-special-heading av-kj5w4k-9a6903104ae39bb4ef796326acae6eb6 av-special-heading-h2 blockquote modern-quote  avia-builder-el-33  el_before_av_textblock  avia-builder-el-first '><h2 class='av-special-heading-tag '  itemprop=\"headline\"  >Gut zu wissen<\/h2><div class='av-subheading av-subheading_below'><p>Wichtige Informationen rund um Ihre digitale Teilnahme.<\/p>\n<\/div><div class=\"special-heading-border\"><div class=\"special-heading-inner-border\"><\/div><\/div><\/div>\n<section  class='av_textblock_section av-l3lcumer-46ad0e4fcd8b794391a7106de3528920 '   itemscope=\"itemscope\" itemtype=\"https:\/\/schema.org\/CreativeWork\" ><div class='avia_textblock'  itemprop=\"text\" ><p>Nach Ihrer Registrierung erhalten Sie Ihre Anmeldebest\u00e4tigung sowie einen Link f\u00fcr Ihren Kalendereintrag. Die Zugangsdaten zum Einloggen erhalten Sie rechtzeitig vor Beginn des digital talks.<\/p>\n<\/div><\/section>\n\n<\/div><\/div><\/div><!-- close content main div --><\/div><\/div><div id='partner'  class='avia-section av-b2tela-1e5cb2417de4f0a8582a9b053450a141 main_color avia-section-default avia-no-shadow  avia-builder-el-35  el_after_av_section  el_before_av_section  avia-bg-style-scroll container_wrap fullsize'  ><div class='container av-section-cont-open' ><div class='template-page content  av-content-full alpha units'><div class='post-entry post-entry-type-page post-entry-11140'><div class='entry-content-wrapper clearfix'>\n\n<style type=\"text\/css\" data-created_by=\"avia_inline_auto\" id=\"style-css-av-8h5x4u-84ceb125ccfc8d6ff18f0d8977a21b26\">\n#top .av-special-heading.av-8h5x4u-84ceb125ccfc8d6ff18f0d8977a21b26{\npadding-bottom:25px;\n}\nbody .av-special-heading.av-8h5x4u-84ceb125ccfc8d6ff18f0d8977a21b26 .av-special-heading-tag .heading-char{\nfont-size:25px;\n}\n.av-special-heading.av-8h5x4u-84ceb125ccfc8d6ff18f0d8977a21b26 .av-subheading{\nfont-size:15px;\n}\n<\/style>\n<div  class='av-special-heading av-8h5x4u-84ceb125ccfc8d6ff18f0d8977a21b26 av-special-heading-h2 blockquote modern-quote  avia-builder-el-36  el_before_av_one_fourth  avia-builder-el-first '><h2 class='av-special-heading-tag '  itemprop=\"headline\"  >performed by<\/h2><div class=\"special-heading-border\"><div class=\"special-heading-inner-border\"><\/div><\/div><\/div>\n<div  class='flex_column av-jhh4zf-480f31b773410fef70b6244ed4d0a892 av_one_fourth  avia-builder-el-37  el_after_av_heading  el_before_av_one_fourth  first flex_column_div  '     ><style type=\"text\/css\" data-created_by=\"avia_inline_auto\" id=\"style-css-av-lf9hi6bc-5dd7ac8c4fc898c77ee9b0fdace3d26a\">\n.avia-image-container.av-lf9hi6bc-5dd7ac8c4fc898c77ee9b0fdace3d26a img.avia_image{\nbox-shadow:none;\n}\n.avia-image-container.av-lf9hi6bc-5dd7ac8c4fc898c77ee9b0fdace3d26a .av-image-caption-overlay-center{\ncolor:#ffffff;\n}\n<\/style>\n<div  class='avia-image-container av-lf9hi6bc-5dd7ac8c4fc898c77ee9b0fdace3d26a av-styling- av-img-linked avia-align-center  avia-builder-el-38  avia-builder-el-no-sibling '   itemprop=\"image\" itemscope=\"itemscope\" itemtype=\"https:\/\/schema.org\/ImageObject\" ><div class=\"avia-image-container-inner\"><div class=\"avia-image-overlay-wrap\"><a href=\"https:\/\/www.agrarzeitung.de\/\" class='avia_image '  aria-label='agrarzeitung'><img decoding=\"async\" fetchpriority=\"high\" class='wp-image-5127 avia-img-lazy-loading-not-5127 avia_image ' src=\"https:\/\/dfvcg-events.de\/digital-talk\/wp-content\/uploads\/sites\/14\/2021\/12\/agrarzeitung.jpg\" alt='' title='agrarzeitung'  height=\"600\" width=\"800\"  itemprop=\"thumbnailUrl\"  \/><\/a><\/div><\/div><\/div><\/div><div  class='flex_column av-4j2lwe-1f65ce31865180183b2f58f8eb91e290 av_one_fourth  avia-builder-el-39  el_after_av_one_fourth  avia-builder-el-last  flex_column_div  '     ><style type=\"text\/css\" data-created_by=\"avia_inline_auto\" id=\"style-css-av-2agy0u-2873a7e8a563bde922b3275471476c9a\">\n.avia-image-container.av-2agy0u-2873a7e8a563bde922b3275471476c9a img.avia_image{\nbox-shadow:none;\n}\n.avia-image-container.av-2agy0u-2873a7e8a563bde922b3275471476c9a .av-image-caption-overlay-center{\ncolor:#ffffff;\n}\n<\/style>\n<div  class='avia-image-container av-2agy0u-2873a7e8a563bde922b3275471476c9a av-styling- av-img-linked avia-align-center  avia-builder-el-40  avia-builder-el-no-sibling '   itemprop=\"image\" itemscope=\"itemscope\" itemtype=\"https:\/\/schema.org\/ImageObject\" ><div class=\"avia-image-container-inner\"><div class=\"avia-image-overlay-wrap\"><a href=\"https:\/\/dfvcg-events.de\/\" class='avia_image '  aria-label='dfvcg-conference-group'><img decoding=\"async\" fetchpriority=\"high\" class='wp-image-1064 avia-img-lazy-loading-not-1064 avia_image ' src=\"https:\/\/dfvcg-events.de\/digital-talk\/wp-content\/uploads\/sites\/14\/2020\/05\/dfvcg-conference-group.jpg\" alt='' title='dfvcg-conference-group'  height=\"600\" width=\"800\"  itemprop=\"thumbnailUrl\"  \/><\/a><\/div><\/div><\/div><\/div>\n\n<\/div><\/div><\/div><!-- close content main div --><\/div><\/div><div id='av_section_7'  class='avia-section av-475lki-bf6368de126dfa81a99faf90a82d92dd main_color avia-section-default avia-no-shadow  avia-builder-el-41  el_after_av_section  avia-builder-el-last  avia-bg-style-scroll container_wrap fullsize'  ><div class='container av-section-cont-open' ><div class='template-page content  av-content-full alpha units'><div class='post-entry post-entry-type-page post-entry-11140'><div class='entry-content-wrapper clearfix'>\n\n<style type=\"text\/css\" data-created_by=\"avia_inline_auto\" id=\"style-css-av-l3lcwdzr-1ad4843ac1581075230a6f0ed12d7d3e\">\n#top .av-special-heading.av-l3lcwdzr-1ad4843ac1581075230a6f0ed12d7d3e{\npadding-bottom:25px;\n}\nbody .av-special-heading.av-l3lcwdzr-1ad4843ac1581075230a6f0ed12d7d3e .av-special-heading-tag .heading-char{\nfont-size:25px;\n}\n.av-special-heading.av-l3lcwdzr-1ad4843ac1581075230a6f0ed12d7d3e .av-subheading{\nfont-size:15px;\n}\n<\/style>\n<div  class='av-special-heading av-l3lcwdzr-1ad4843ac1581075230a6f0ed12d7d3e av-special-heading-h2 blockquote modern-quote  avia-builder-el-42  el_before_av_one_third  avia-builder-el-first '><h2 class='av-special-heading-tag '  itemprop=\"headline\"  >Ihre Ansprechpartner:innen<\/h2><div class='av-subheading av-subheading_below'><p>Wir sind f\u00fcr Sie da<\/p>\n<\/div><div class=\"special-heading-border\"><div class=\"special-heading-inner-border\"><\/div><\/div><\/div>\n\n<style type=\"text\/css\" data-created_by=\"avia_inline_auto\" id=\"style-css-av-27mso2-cfa34feba85c0db605763ef9d21e2a8c\">\n.flex_column.av-27mso2-cfa34feba85c0db605763ef9d21e2a8c{\nborder-radius:0px 0px 0px 0px;\npadding:0px 0px 0px 0px;\n}\n<\/style>\n<div  class='flex_column av-27mso2-cfa34feba85c0db605763ef9d21e2a8c av_one_third  avia-builder-el-43  el_after_av_heading  el_before_av_one_third  first flex_column_div av-zero-column-padding  '     ><section  class='av_textblock_section av-kq10u44p-e8342b699bb2d67c0a239898158ae5dd '   itemscope=\"itemscope\" itemtype=\"https:\/\/schema.org\/CreativeWork\" ><div class='avia_textblock'  itemprop=\"text\" ><p><strong>Projektleitung<\/strong><\/p>\n<p>Sarah Sternberger<br \/>\n<a href=\"&#x6d;&#x61;&#x69;&#x6c;&#x74;&#x6f;&#x3a;&#x73;&#x61;&#x72;&#x61;&#104;&#46;&#115;&#116;&#101;&#114;&#110;berger&#x40;&#x64;&#x66;&#x76;&#x63;&#x67;&#x2e;&#x64;&#x65;\">&#x73;&#97;r&#x61;&#104;&#46;&#x73;&#x74;&#101;&#x72;&#x6e;&#98;e&#x72;&#103;e&#x72;&#x40;&#100;&#x66;&#x76;&#99;g&#x2e;&#100;e<\/a><br \/>\n+49 69 7595 3039<\/p>\n<\/div><\/section><\/div>\n<style type=\"text\/css\" data-created_by=\"avia_inline_auto\" id=\"style-css-av-2vgfir-687df2430d92d1170b55329da4e0ed66\">\n.flex_column.av-2vgfir-687df2430d92d1170b55329da4e0ed66{\nborder-radius:0px 0px 0px 0px;\npadding:0px 0px 0px 0px;\n}\n<\/style>\n<div  class='flex_column av-2vgfir-687df2430d92d1170b55329da4e0ed66 av_one_third  avia-builder-el-45  el_after_av_one_third  el_before_av_one_third  flex_column_div av-zero-column-padding  '     ><section  class='av_textblock_section av-l3lcwp2u-98b9aea16bb42d7bcabc3974fd04bb7e '   itemscope=\"itemscope\" itemtype=\"https:\/\/schema.org\/CreativeWork\" ><div class='avia_textblock'  itemprop=\"text\" ><p><strong>Organisation<\/strong><\/p>\n<p>Marie Hartmann<br \/>\n<a href=\"&#x6d;&#97;i&#x6c;&#116;o&#x3a;&#109;a&#x72;&#x69;&#101;&#x2e;&#x68;&#97;r&#x74;&#109;a&#x6e;&#110;&#64;&#x64;&#x66;&#118;&#x63;&#x67;&#46;d&#x65;\">&#x6d;&#97;&#x72;&#x69;e&#x2e;&#104;a&#x72;&#116;m&#x61;&#110;&#x6e;&#x40;d&#x66;&#118;c&#x67;&#46;d&#x65;<\/a><br \/>\n+49 69 7595 3028<\/p>\n<\/div><\/section><\/div>\n<style type=\"text\/css\" data-created_by=\"avia_inline_auto\" id=\"style-css-av-rnrpus-a13be1a5239c84465d0d3c180ddc6ef0\">\n.flex_column.av-rnrpus-a13be1a5239c84465d0d3c180ddc6ef0{\nborder-radius:0px 0px 0px 0px;\npadding:0px 0px 0px 0px;\n}\n<\/style>\n<div  class='flex_column av-rnrpus-a13be1a5239c84465d0d3c180ddc6ef0 av_one_third  avia-builder-el-47  el_after_av_one_third  avia-builder-el-last  flex_column_div av-zero-column-padding  '     ><section  class='av_textblock_section av-livevdtd-c5c829c5e9de9852e4c35b4ef9d01b06 '   itemscope=\"itemscope\" itemtype=\"https:\/\/schema.org\/CreativeWork\" ><div class='avia_textblock'  itemprop=\"text\" ><p><strong>Marketing &amp; Social Media<\/strong><\/p>\n<p>Sina Goy<br \/>\n<a href=\"&#109;&#x61;i&#108;&#x74;&#111;&#x3a;%&#50;&#x30;s&#x69;&#x6e;&#97;&#x2e;g&#111;&#x79;&#64;&#x64;&#x66;&#118;&#x63;g&#46;&#x64;&#101;\">&#115;&#x69;&#x6e;&#97;&#x2e;&#x67;o&#x79;&#x40;d&#102;&#x76;c&#103;&#x2e;d&#101;<\/a><br \/>\n+49 69 7595 1904<\/p>\n<\/div><\/section><\/div>\n\n","protected":false},"excerpt":{"rendered":"<p>26. September 2023<br \/>\n14:00 \u2013 15:30 Uhr<\/p>\n","protected":false},"author":10,"featured_media":11313,"comment_status":"closed","ping_status":"closed","template":"","meta":{"footnotes":""},"tags":[],"portfolio_entries":[],"class_list":["post-11140","portfolio","type-portfolio","status-publish","has-post-thumbnail","hentry"],"yoast_head":"<!-- This site is optimized with the Yoast SEO plugin v27.4 - https:\/\/yoast.com\/product\/yoast-seo-wordpress\/ -->\n<title>digital talk: Wohin entwickelt sich der Agrarmarkt? - Digital Talk<\/title>\n<meta name=\"description\" content=\"Live. Aktuell. Inspirierend: digital talk: Wohin entwickelt sich der Agrarmarkt? .\" \/>\n<meta name=\"robots\" content=\"index, follow, max-snippet:-1, max-image-preview:large, max-video-preview:-1\" \/>\n<link rel=\"canonical\" href=\"https:\/\/dfvcg-events.de\/digital-talk\/veranstaltung\/digital-talk-wohin-entwickelt-sich-der-agrarmarkt\/\" \/>\n<meta property=\"og:locale\" content=\"de_DE\" \/>\n<meta property=\"og:type\" content=\"article\" \/>\n<meta property=\"og:title\" content=\"digital talk: Wohin entwickelt sich der Agrarmarkt? - Digital Talk\" \/>\n<meta property=\"og:description\" content=\"Live. Aktuell. Inspirierend: digital talk: Wohin entwickelt sich der Agrarmarkt? .\" \/>\n<meta property=\"og:url\" content=\"https:\/\/dfvcg-events.de\/digital-talk\/veranstaltung\/digital-talk-wohin-entwickelt-sich-der-agrarmarkt\/\" \/>\n<meta property=\"og:site_name\" content=\"Digital Talk\" \/>\n<meta property=\"article:modified_time\" content=\"2023-11-16T15:15:39+00:00\" \/>\n<meta property=\"og:image\" content=\"https:\/\/dfvcg-events.de\/digital-talk\/wp-content\/uploads\/sites\/14\/2023\/05\/Teaser_DigiTalk_Agrar_800x800-1.jpg\" \/>\n\t<meta property=\"og:image:width\" content=\"800\" \/>\n\t<meta property=\"og:image:height\" content=\"800\" \/>\n\t<meta property=\"og:image:type\" content=\"image\/jpeg\" \/>\n<meta name=\"twitter:card\" content=\"summary_large_image\" \/>\n<meta name=\"twitter:label1\" content=\"Gesch\u00e4tzte Lesezeit\" \/>\n\t<meta name=\"twitter:data1\" content=\"19\u00a0Minuten\" \/>\n<script type=\"application\/ld+json\" class=\"yoast-schema-graph\">{\"@context\":\"https:\\\/\\\/schema.org\",\"@graph\":[{\"@type\":\"WebPage\",\"@id\":\"https:\\\/\\\/dfvcg-events.de\\\/digital-talk\\\/veranstaltung\\\/digital-talk-wohin-entwickelt-sich-der-agrarmarkt\\\/\",\"url\":\"https:\\\/\\\/dfvcg-events.de\\\/digital-talk\\\/veranstaltung\\\/digital-talk-wohin-entwickelt-sich-der-agrarmarkt\\\/\",\"name\":\"digital talk: Wohin entwickelt sich der Agrarmarkt? - Digital Talk\",\"isPartOf\":{\"@id\":\"https:\\\/\\\/dfvcg-events.de\\\/digital-talk\\\/#website\"},\"primaryImageOfPage\":{\"@id\":\"https:\\\/\\\/dfvcg-events.de\\\/digital-talk\\\/veranstaltung\\\/digital-talk-wohin-entwickelt-sich-der-agrarmarkt\\\/#primaryimage\"},\"image\":{\"@id\":\"https:\\\/\\\/dfvcg-events.de\\\/digital-talk\\\/veranstaltung\\\/digital-talk-wohin-entwickelt-sich-der-agrarmarkt\\\/#primaryimage\"},\"thumbnailUrl\":\"https:\\\/\\\/dfvcg-events.de\\\/digital-talk\\\/wp-content\\\/uploads\\\/sites\\\/14\\\/2023\\\/05\\\/Teaser_DigiTalk_Agrar_800x800-1.jpg\",\"datePublished\":\"2023-05-09T11:03:12+00:00\",\"dateModified\":\"2023-11-16T15:15:39+00:00\",\"description\":\"Live. Aktuell. Inspirierend: digital talk: Wohin entwickelt sich der Agrarmarkt? .\",\"breadcrumb\":{\"@id\":\"https:\\\/\\\/dfvcg-events.de\\\/digital-talk\\\/veranstaltung\\\/digital-talk-wohin-entwickelt-sich-der-agrarmarkt\\\/#breadcrumb\"},\"inLanguage\":\"de\",\"potentialAction\":[{\"@type\":\"ReadAction\",\"target\":[\"https:\\\/\\\/dfvcg-events.de\\\/digital-talk\\\/veranstaltung\\\/digital-talk-wohin-entwickelt-sich-der-agrarmarkt\\\/\"]}]},{\"@type\":\"ImageObject\",\"inLanguage\":\"de\",\"@id\":\"https:\\\/\\\/dfvcg-events.de\\\/digital-talk\\\/veranstaltung\\\/digital-talk-wohin-entwickelt-sich-der-agrarmarkt\\\/#primaryimage\",\"url\":\"https:\\\/\\\/dfvcg-events.de\\\/digital-talk\\\/wp-content\\\/uploads\\\/sites\\\/14\\\/2023\\\/05\\\/Teaser_DigiTalk_Agrar_800x800-1.jpg\",\"contentUrl\":\"https:\\\/\\\/dfvcg-events.de\\\/digital-talk\\\/wp-content\\\/uploads\\\/sites\\\/14\\\/2023\\\/05\\\/Teaser_DigiTalk_Agrar_800x800-1.jpg\",\"width\":800,\"height\":800},{\"@type\":\"BreadcrumbList\",\"@id\":\"https:\\\/\\\/dfvcg-events.de\\\/digital-talk\\\/veranstaltung\\\/digital-talk-wohin-entwickelt-sich-der-agrarmarkt\\\/#breadcrumb\",\"itemListElement\":[{\"@type\":\"ListItem\",\"position\":1,\"name\":\"Startseite\",\"item\":\"https:\\\/\\\/dfvcg-events.de\\\/digital-talk\\\/\"},{\"@type\":\"ListItem\",\"position\":2,\"name\":\"digital talk: Wohin entwickelt sich der Agrarmarkt?\"}]},{\"@type\":\"WebSite\",\"@id\":\"https:\\\/\\\/dfvcg-events.de\\\/digital-talk\\\/#website\",\"url\":\"https:\\\/\\\/dfvcg-events.de\\\/digital-talk\\\/\",\"name\":\"Digital Talk\",\"description\":\"dfv Conference Group\",\"publisher\":{\"@id\":\"https:\\\/\\\/dfvcg-events.de\\\/digital-talk\\\/#organization\"},\"potentialAction\":[{\"@type\":\"SearchAction\",\"target\":{\"@type\":\"EntryPoint\",\"urlTemplate\":\"https:\\\/\\\/dfvcg-events.de\\\/digital-talk\\\/?s={search_term_string}\"},\"query-input\":{\"@type\":\"PropertyValueSpecification\",\"valueRequired\":true,\"valueName\":\"search_term_string\"}}],\"inLanguage\":\"de\"},{\"@type\":\"Organization\",\"@id\":\"https:\\\/\\\/dfvcg-events.de\\\/digital-talk\\\/#organization\",\"name\":\"Digital Talks | dfv Conference Group\",\"url\":\"https:\\\/\\\/dfvcg-events.de\\\/digital-talk\\\/\",\"logo\":{\"@type\":\"ImageObject\",\"inLanguage\":\"de\",\"@id\":\"https:\\\/\\\/dfvcg-events.de\\\/digital-talk\\\/#\\\/schema\\\/logo\\\/image\\\/\",\"url\":\"https:\\\/\\\/dfvcg-events.de\\\/digital-talk\\\/wp-content\\\/uploads\\\/sites\\\/14\\\/2021\\\/02\\\/digital-talks-start.jpg\",\"contentUrl\":\"https:\\\/\\\/dfvcg-events.de\\\/digital-talk\\\/wp-content\\\/uploads\\\/sites\\\/14\\\/2021\\\/02\\\/digital-talks-start.jpg\",\"width\":800,\"height\":800,\"caption\":\"Digital Talks | dfv Conference Group\"},\"image\":{\"@id\":\"https:\\\/\\\/dfvcg-events.de\\\/digital-talk\\\/#\\\/schema\\\/logo\\\/image\\\/\"}}]}<\/script>\n<!-- \/ Yoast SEO plugin. -->","yoast_head_json":{"title":"digital talk: Wohin entwickelt sich der Agrarmarkt? - Digital Talk","description":"Live. Aktuell. Inspirierend: digital talk: Wohin entwickelt sich der Agrarmarkt? .","robots":{"index":"index","follow":"follow","max-snippet":"max-snippet:-1","max-image-preview":"max-image-preview:large","max-video-preview":"max-video-preview:-1"},"canonical":"https:\/\/dfvcg-events.de\/digital-talk\/veranstaltung\/digital-talk-wohin-entwickelt-sich-der-agrarmarkt\/","og_locale":"de_DE","og_type":"article","og_title":"digital talk: Wohin entwickelt sich der Agrarmarkt? - Digital Talk","og_description":"Live. Aktuell. Inspirierend: digital talk: Wohin entwickelt sich der Agrarmarkt? .","og_url":"https:\/\/dfvcg-events.de\/digital-talk\/veranstaltung\/digital-talk-wohin-entwickelt-sich-der-agrarmarkt\/","og_site_name":"Digital Talk","article_modified_time":"2023-11-16T15:15:39+00:00","og_image":[{"width":800,"height":800,"url":"https:\/\/dfvcg-events.de\/digital-talk\/wp-content\/uploads\/sites\/14\/2023\/05\/Teaser_DigiTalk_Agrar_800x800-1.jpg","type":"image\/jpeg"}],"twitter_card":"summary_large_image","twitter_misc":{"Gesch\u00e4tzte Lesezeit":"19\u00a0Minuten"},"schema":{"@context":"https:\/\/schema.org","@graph":[{"@type":"WebPage","@id":"https:\/\/dfvcg-events.de\/digital-talk\/veranstaltung\/digital-talk-wohin-entwickelt-sich-der-agrarmarkt\/","url":"https:\/\/dfvcg-events.de\/digital-talk\/veranstaltung\/digital-talk-wohin-entwickelt-sich-der-agrarmarkt\/","name":"digital talk: Wohin entwickelt sich der Agrarmarkt? - Digital Talk","isPartOf":{"@id":"https:\/\/dfvcg-events.de\/digital-talk\/#website"},"primaryImageOfPage":{"@id":"https:\/\/dfvcg-events.de\/digital-talk\/veranstaltung\/digital-talk-wohin-entwickelt-sich-der-agrarmarkt\/#primaryimage"},"image":{"@id":"https:\/\/dfvcg-events.de\/digital-talk\/veranstaltung\/digital-talk-wohin-entwickelt-sich-der-agrarmarkt\/#primaryimage"},"thumbnailUrl":"https:\/\/dfvcg-events.de\/digital-talk\/wp-content\/uploads\/sites\/14\/2023\/05\/Teaser_DigiTalk_Agrar_800x800-1.jpg","datePublished":"2023-05-09T11:03:12+00:00","dateModified":"2023-11-16T15:15:39+00:00","description":"Live. Aktuell. Inspirierend: digital talk: Wohin entwickelt sich der Agrarmarkt? .","breadcrumb":{"@id":"https:\/\/dfvcg-events.de\/digital-talk\/veranstaltung\/digital-talk-wohin-entwickelt-sich-der-agrarmarkt\/#breadcrumb"},"inLanguage":"de","potentialAction":[{"@type":"ReadAction","target":["https:\/\/dfvcg-events.de\/digital-talk\/veranstaltung\/digital-talk-wohin-entwickelt-sich-der-agrarmarkt\/"]}]},{"@type":"ImageObject","inLanguage":"de","@id":"https:\/\/dfvcg-events.de\/digital-talk\/veranstaltung\/digital-talk-wohin-entwickelt-sich-der-agrarmarkt\/#primaryimage","url":"https:\/\/dfvcg-events.de\/digital-talk\/wp-content\/uploads\/sites\/14\/2023\/05\/Teaser_DigiTalk_Agrar_800x800-1.jpg","contentUrl":"https:\/\/dfvcg-events.de\/digital-talk\/wp-content\/uploads\/sites\/14\/2023\/05\/Teaser_DigiTalk_Agrar_800x800-1.jpg","width":800,"height":800},{"@type":"BreadcrumbList","@id":"https:\/\/dfvcg-events.de\/digital-talk\/veranstaltung\/digital-talk-wohin-entwickelt-sich-der-agrarmarkt\/#breadcrumb","itemListElement":[{"@type":"ListItem","position":1,"name":"Startseite","item":"https:\/\/dfvcg-events.de\/digital-talk\/"},{"@type":"ListItem","position":2,"name":"digital talk: Wohin entwickelt sich der Agrarmarkt?"}]},{"@type":"WebSite","@id":"https:\/\/dfvcg-events.de\/digital-talk\/#website","url":"https:\/\/dfvcg-events.de\/digital-talk\/","name":"Digital Talk","description":"dfv Conference Group","publisher":{"@id":"https:\/\/dfvcg-events.de\/digital-talk\/#organization"},"potentialAction":[{"@type":"SearchAction","target":{"@type":"EntryPoint","urlTemplate":"https:\/\/dfvcg-events.de\/digital-talk\/?s={search_term_string}"},"query-input":{"@type":"PropertyValueSpecification","valueRequired":true,"valueName":"search_term_string"}}],"inLanguage":"de"},{"@type":"Organization","@id":"https:\/\/dfvcg-events.de\/digital-talk\/#organization","name":"Digital Talks | dfv Conference Group","url":"https:\/\/dfvcg-events.de\/digital-talk\/","logo":{"@type":"ImageObject","inLanguage":"de","@id":"https:\/\/dfvcg-events.de\/digital-talk\/#\/schema\/logo\/image\/","url":"https:\/\/dfvcg-events.de\/digital-talk\/wp-content\/uploads\/sites\/14\/2021\/02\/digital-talks-start.jpg","contentUrl":"https:\/\/dfvcg-events.de\/digital-talk\/wp-content\/uploads\/sites\/14\/2021\/02\/digital-talks-start.jpg","width":800,"height":800,"caption":"Digital Talks | dfv Conference Group"},"image":{"@id":"https:\/\/dfvcg-events.de\/digital-talk\/#\/schema\/logo\/image\/"}}]}},"_links":{"self":[{"href":"https:\/\/dfvcg-events.de\/digital-talk\/wp-json\/wp\/v2\/portfolio\/11140","targetHints":{"allow":["GET"]}}],"collection":[{"href":"https:\/\/dfvcg-events.de\/digital-talk\/wp-json\/wp\/v2\/portfolio"}],"about":[{"href":"https:\/\/dfvcg-events.de\/digital-talk\/wp-json\/wp\/v2\/types\/portfolio"}],"author":[{"embeddable":true,"href":"https:\/\/dfvcg-events.de\/digital-talk\/wp-json\/wp\/v2\/users\/10"}],"replies":[{"embeddable":true,"href":"https:\/\/dfvcg-events.de\/digital-talk\/wp-json\/wp\/v2\/comments?post=11140"}],"version-history":[{"count":1,"href":"https:\/\/dfvcg-events.de\/digital-talk\/wp-json\/wp\/v2\/portfolio\/11140\/revisions"}],"predecessor-version":[{"id":18401,"href":"https:\/\/dfvcg-events.de\/digital-talk\/wp-json\/wp\/v2\/portfolio\/11140\/revisions\/18401"}],"wp:featuredmedia":[{"embeddable":true,"href":"https:\/\/dfvcg-events.de\/digital-talk\/wp-json\/wp\/v2\/media\/11313"}],"wp:attachment":[{"href":"https:\/\/dfvcg-events.de\/digital-talk\/wp-json\/wp\/v2\/media?parent=11140"}],"wp:term":[{"taxonomy":"post_tag","embeddable":true,"href":"https:\/\/dfvcg-events.de\/digital-talk\/wp-json\/wp\/v2\/tags?post=11140"},{"taxonomy":"portfolio_entries","embeddable":true,"href":"https:\/\/dfvcg-events.de\/digital-talk\/wp-json\/wp\/v2\/portfolio_entries?post=11140"}],"curies":[{"name":"wp","href":"https:\/\/api.w.org\/{rel}","templated":true}]}}