{"id":10042,"date":"2023-02-09T09:11:08","date_gmt":"2023-02-09T08:11:08","guid":{"rendered":"https:\/\/dfvcg-events.de\/digital-talk\/?post_type=portfolio&#038;p=10042"},"modified":"2023-11-16T16:15:38","modified_gmt":"2023-11-16T15:15:38","slug":"digital-talk-horizont-swiss-bewegtbild","status":"publish","type":"portfolio","link":"https:\/\/dfvcg-events.de\/digital-talk\/veranstaltung\/digital-talk-horizont-swiss-bewegtbild\/","title":{"rendered":"digital talk: HORIZONT Swiss \u201eBewegtbild &#8211; Kampf der Bildschirme\u201d"},"content":{"rendered":"<div class='clear'><\/div><div id='sub_menu1'  class='av-submenu-container av-kawv0if6-b4e37991045abd8a15205f662d77aaf5 header_color av-switch-990  avia-builder-el-0  el_before_av_section  avia-builder-el-first  av-sticky-submenu container_wrap fullsize' style='z-index:301' ><div class='container av-menu-mobile-active av-submenu-pos-left'><a href=\"#\" class=\"mobile_menu_toggle\"><span class='avia-svg-icon avia-font-svg_entypo-fontello' data-av_svg_icon='list' data-av_iconset='svg_entypo-fontello'><svg version=\"1.1\" xmlns=\"http:\/\/www.w3.org\/2000\/svg\" width=\"22\" height=\"32\" viewBox=\"0 0 22 32\" preserveAspectRatio=\"xMidYMid meet\" aria-labelledby='av-svg-title-1' aria-describedby='av-svg-desc-1' role=\"graphics-symbol\" aria-hidden=\"true\">\n<title id='av-svg-title-1'>List<\/title>\n<desc id='av-svg-desc-1'>List<\/desc>\n<path d=\"M3.2 20.8q0.64 0 1.12 0.48t0.48 1.12-0.48 1.12-1.12 0.48h-1.6q-0.64 0-1.12-0.48t-0.48-1.12 0.448-1.12 1.152-0.48h1.6zM3.2 14.4q0.64 0 1.12 0.48t0.48 1.12-0.48 1.12-1.12 0.48h-1.6q-0.64 0-1.12-0.48t-0.48-1.12 0.448-1.12 1.152-0.48h1.6zM3.2 8q0.64 0 1.12 0.48t0.48 1.12-0.48 1.12-1.12 0.48h-1.6q-0.64 0-1.12-0.48t-0.48-1.12 0.448-1.12 1.152-0.48h1.6zM9.6 11.2q-0.64 0-1.12-0.48t-0.48-1.12 0.48-1.12 1.12-0.48h11.2q0.704 0 1.152 0.48t0.448 1.12-0.48 1.12-1.12 0.48h-11.2zM20.8 14.4q0.704 0 1.152 0.48t0.448 1.12-0.48 1.12-1.12 0.48h-11.2q-0.64 0-1.12-0.48t-0.48-1.12 0.48-1.12 1.12-0.48h11.2zM20.8 20.8q0.704 0 1.152 0.48t0.448 1.12-0.48 1.12-1.12 0.48h-11.2q-0.64 0-1.12-0.48t-0.48-1.12 0.48-1.12 1.12-0.48h11.2z\"><\/path>\n<\/svg><\/span><span class=\"av-current-placeholder\">Men\u00fc<\/span><\/a><ul id='av-custom-submenu-1' class='av-subnav-menu' role='menu'>\n<li class='menu-item av-2kckn4-ca906d751475ddc7493c675c2737567f menu-item-top-level av-menu-button av-menu-button-bordered menu-item-top-level-1' role='menuitem'><a href='https:\/\/dfvcg-events.de\/digital-talk\/'  ><span class='avia-bullet'><\/span><span class='avia-menu-text'>digital talks<\/span><\/a><\/li>\n<li class='menu-item av-cpa6i-1b75602378caa96f87b042471b888caa menu-item-top-level av-menu-button av-menu-button-colored menu-item-top-level-2' role='menuitem'><a href='#anmelden'  ><span class='avia-bullet'><\/span><span class='avia-menu-text'>Jetzt anmelden<\/span><\/a><\/li>\n<li class='menu-item av-2u4alb-907784f4dd7a489356826104c0410433 menu-item-top-level menu-item-top-level-3' role='menuitem'><a href='#'  ><span class='avia-bullet'><\/span><span class='avia-menu-text'>Start<\/span><\/a><\/li>\n<li class='menu-item av-4qodp5-cd1bed652f7ac1672ba979155619c073 menu-item-top-level menu-item-top-level-4' role='menuitem'><a href='#referenten'  ><span class='avia-bullet'><\/span><span class='avia-menu-text'>Referenten<\/span><\/a><\/li>\n<li class='menu-item av-ldd449xp-7249bedbead549480aa90b0717df629e menu-item-top-level menu-item-top-level-5' role='menuitem'><a href='https:\/\/dfvcg-events.de\/digital-talk\/download-center-horizont-swiss-bewegtbild'  ><span class='avia-bullet'><\/span><span class='avia-menu-text'>Download-Center<\/span><\/a><\/li>\n<\/ul><\/div><\/div><div class='sticky_placeholder'><\/div>\n<div id='av_section_1'  class='avia-section av-srk2y-112106500345416558fb7b75c6b4ce9b main_color avia-section-default avia-no-border-styling  avia-builder-el-1  el_after_av_submenu  el_before_av_one_fourth  avia-bg-style-scroll container_wrap fullsize'  ><div class='container av-section-cont-open' ><div class='template-page content  av-content-full alpha units'><div class='post-entry post-entry-type-page post-entry-10042'><div class='entry-content-wrapper clearfix'>\n<div class='flex_column_table av-prli-64bf6691d8e0f71fe37b32964844bca4 sc-av_two_fifth av-equal-height-column-flextable'>\n<style type=\"text\/css\" data-created_by=\"avia_inline_auto\" id=\"style-css-av-prli-64bf6691d8e0f71fe37b32964844bca4\">\n.flex_column.av-prli-64bf6691d8e0f71fe37b32964844bca4{\nborder-radius:0px 0px 0px 0px;\npadding:0px 0px 0px 0px;\n}\n<\/style>\n<div  class='flex_column av-prli-64bf6691d8e0f71fe37b32964844bca4 av_two_fifth  avia-builder-el-2  el_before_av_three_fifth  avia-builder-el-first  first flex_column_table_cell av-equal-height-column av-align-top av-zero-column-padding  '     ><p><br \/>\n\n<style type=\"text\/css\" data-created_by=\"avia_inline_auto\" id=\"style-css-av-kk6miykd-7787c41b12e38e9a22433bf63ef55939\">\n.avia-image-container.av-kk6miykd-7787c41b12e38e9a22433bf63ef55939 img.avia_image{\nbox-shadow:none;\n}\n.avia-image-container.av-kk6miykd-7787c41b12e38e9a22433bf63ef55939 .av-image-caption-overlay-center{\ncolor:#ffffff;\n}\n<\/style>\n<div  class='avia-image-container av-kk6miykd-7787c41b12e38e9a22433bf63ef55939 av-styling- avia-align-center  avia-builder-el-4  el_after_av_image  avia-builder-el-last '   itemprop=\"image\" itemscope=\"itemscope\" itemtype=\"https:\/\/schema.org\/ImageObject\" ><div class=\"avia-image-container-inner\"><div class=\"avia-image-overlay-wrap\"><img decoding=\"async\" fetchpriority=\"high\" class='wp-image-10518 avia-img-lazy-loading-not-10518 avia_image ' src=\"https:\/\/dfvcg-events.de\/digital-talk\/wp-content\/uploads\/sites\/14\/2023\/02\/HORSwiss_Bewegtbild_800x800-2.jpg\" alt='' title='HORSwiss_Bewegtbild_800x800'  height=\"800\" width=\"800\"  itemprop=\"thumbnailUrl\"  \/><\/div><\/div><\/div><\/p><\/div><div class='av-flex-placeholder'><\/div>\n<style type=\"text\/css\" data-created_by=\"avia_inline_auto\" id=\"style-css-av-k26i2v6p-2688042be07242d734261d0b65f3805f\">\n.flex_column.av-k26i2v6p-2688042be07242d734261d0b65f3805f{\nborder-radius:0px 0px 0px 0px;\npadding:0px 35px 0px 0px;\n}\n<\/style>\n<div  class='flex_column av-k26i2v6p-2688042be07242d734261d0b65f3805f av_three_fifth  avia-builder-el-5  el_after_av_two_fifth  avia-builder-el-last  flex_column_table_cell av-equal-height-column av-align-top  '     ><p>\n<style type=\"text\/css\" data-created_by=\"avia_inline_auto\" id=\"style-css-av-280ihu-72e77f16d537f7908713e547f427b537\">\n#top .av-special-heading.av-280ihu-72e77f16d537f7908713e547f427b537{\npadding-bottom:10px;\n}\nbody .av-special-heading.av-280ihu-72e77f16d537f7908713e547f427b537 .av-special-heading-tag .heading-char{\nfont-size:25px;\n}\n.av-special-heading.av-280ihu-72e77f16d537f7908713e547f427b537 .av-subheading{\nfont-size:19px;\n}\n<\/style>\n<div  class='av-special-heading av-280ihu-72e77f16d537f7908713e547f427b537 av-special-heading-h1 blockquote modern-quote  avia-builder-el-6  el_before_av_textblock  avia-builder-el-first  av-linked-heading'><div class='av-subheading av-subheading_above'><p>HORIZONT Swiss digital talk:<\/p>\n<\/div><h1 class='av-special-heading-tag '  itemprop=\"headline\"  >Bewegtbild &#8211; Kampf der Bildschirme<\/h1><div class=\"special-heading-border\"><div class=\"special-heading-inner-border\"><\/div><\/div><\/div><br \/>\n\n<style type=\"text\/css\" data-created_by=\"avia_inline_auto\" id=\"style-css-av-kk6mwm01-d1f8669125ad76a6e5abae65a35671d0\">\n#top .av_textblock_section.av-kk6mwm01-d1f8669125ad76a6e5abae65a35671d0 .avia_textblock{\nfont-size:21px;\n}\n<\/style>\n<section  class='av_textblock_section av-kk6mwm01-d1f8669125ad76a6e5abae65a35671d0 '   itemscope=\"itemscope\" itemtype=\"https:\/\/schema.org\/CreativeWork\" ><div class='avia_textblock'  itemprop=\"text\" ><p>13. April 2023<br \/>\n10.30 \u2013 12.00 Uhr<\/p>\n<\/div><\/section><br \/>\n<div  class='hr av-kaz5acoo-b78fa01771143abfb53ff655947cbd6e hr-default  avia-builder-el-8  el_after_av_textblock  el_before_av_buttonrow '><span class='hr-inner '><span class=\"hr-inner-style\"><\/span><\/span><\/div><br \/>\n<div  class='avia-buttonrow-wrap av-kcn3m3gt-1724f466cf571880678c88d2cafefd62 avia-buttonrow-left  avia-builder-el-9  el_after_av_hr  avia-builder-el-last '>\n\n<style type=\"text\/css\" data-created_by=\"avia_inline_auto\" id=\"style-css-av-3k12xc-1a401f53837b5f950d3d3f382ce92bff\">\n#top #wrap_all .avia-button.av-3k12xc-1a401f53837b5f950d3d3f382ce92bff{\nmargin-bottom:5px;\nmargin-right:5px;\n}\n<\/style>\n<a href='#anmelden'  class='avia-button av-3k12xc-1a401f53837b5f950d3d3f382ce92bff avia-icon_select-yes-left-icon avia-size-large avia-color-theme-color'   aria-label=\"Jetzt anmelden\"><span class='avia_button_icon avia_button_icon_left avia-iconfont avia-font-entypo-fontello' data-av_icon='\ue8cb' data-av_iconfont='entypo-fontello' ><\/span><span class='avia_iconbox_title' >Jetzt anmelden<\/span><\/a>\n\n<style type=\"text\/css\" data-created_by=\"avia_inline_auto\" id=\"style-css-av-2000oy-63f529e3d996ef2ddfd697f74b373e98\">\n#top #wrap_all .avia-button.av-2000oy-63f529e3d996ef2ddfd697f74b373e98{\nbackground-color:#005fa8;\nborder-color:#005fa8;\ncolor:#ffffff;\ntransition:all 0.4s ease-in-out;\nmargin-bottom:5px;\nmargin-right:5px;\n}\n#top #wrap_all .avia-button.av-2000oy-63f529e3d996ef2ddfd697f74b373e98 .avia-svg-icon svg:first-child{\nfill:#ffffff;\nstroke:#ffffff;\n}\n<\/style>\n<a href='https:\/\/dfvcg-events.de\/digital-talk\/wp-content\/uploads\/sites\/14\/2023\/02\/HORIZONT-Swiss-digital-talk-Bewegtbild-Kampf-der-Bildschirme.ics'  class='avia-button av-2000oy-63f529e3d996ef2ddfd697f74b373e98 avia-icon_select-yes-left-icon avia-size-large'  target=\"_blank\"  rel=\"noopener noreferrer\"  aria-label=\"Save the Date\"><span class='avia_button_icon avia_button_icon_left avia-iconfont avia-font-entypo-fontello' data-av_icon='\ue85b' data-av_iconfont='entypo-fontello' ><\/span><span class='avia_iconbox_title' >Save the Date<\/span><\/a>\n<\/div><\/p><\/div><\/div><!--close column table wrapper. Autoclose: 1 -->\n<\/div><\/div><\/div><!-- close content main div --><\/div><\/div><div id='after_section_1'  class='main_color av_default_container_wrap container_wrap fullsize'  ><div class='container av-section-cont-open' ><div class='template-page content  av-content-full alpha units'><div class='post-entry post-entry-type-page post-entry-10042'><div class='entry-content-wrapper clearfix'>\n<div class='flex_column_table av-5ahw5o-4ee37be0e1bd57fdcf49afe2cb6e1e2b sc-av_one_fourth av-equal-height-column-flextable'>\n<style type=\"text\/css\" data-created_by=\"avia_inline_auto\" id=\"style-css-av-5ahw5o-4ee37be0e1bd57fdcf49afe2cb6e1e2b\">\n.flex_column.av-5ahw5o-4ee37be0e1bd57fdcf49afe2cb6e1e2b{\nborder-radius:0px 0px 0px 0px;\npadding:0px 0px 0px 0px;\n}\n<\/style>\n<div  class='flex_column av-5ahw5o-4ee37be0e1bd57fdcf49afe2cb6e1e2b av_one_fourth  avia-builder-el-10  el_after_av_section  el_before_av_one_fourth  avia-builder-el-first  first flex_column_table_cell av-equal-height-column av-align-middle av-zero-column-padding  '     ><section  class='av_textblock_section av-kihefen9-9475cebbfe604fe44ccd345b208e9f86 '   itemscope=\"itemscope\" itemtype=\"https:\/\/schema.org\/CreativeWork\" ><div class='avia_textblock'  itemprop=\"text\" ><p><strong>Dieser digital talk wird Ihnen pr\u00e4sentiert von:<\/strong><\/p>\n<\/div><\/section><\/div>\n<div class='av-flex-placeholder'><\/div>\n<style type=\"text\/css\" data-created_by=\"avia_inline_auto\" id=\"style-css-av-32bm0d-d6ac411d2897af485eceacf38ac9a28b\">\n.flex_column.av-32bm0d-d6ac411d2897af485eceacf38ac9a28b{\nborder-radius:0px 0px 0px 0px;\npadding:0px 0px 0px 0px;\n}\n<\/style>\n<div  class='flex_column av-32bm0d-d6ac411d2897af485eceacf38ac9a28b av_one_fourth  avia-builder-el-12  el_after_av_one_fourth  el_before_av_one_fourth  flex_column_table_cell av-equal-height-column av-align-middle av-zero-column-padding  '     ><style type=\"text\/css\" data-created_by=\"avia_inline_auto\" id=\"style-css-av-lc62tyer-3655a1bf3cceee01b0dbc222ab6ab01d\">\n.avia-image-container.av-lc62tyer-3655a1bf3cceee01b0dbc222ab6ab01d img.avia_image{\nbox-shadow:none;\n}\n.avia-image-container.av-lc62tyer-3655a1bf3cceee01b0dbc222ab6ab01d .av-image-caption-overlay-center{\ncolor:#ffffff;\n}\n<\/style>\n<div  class='avia-image-container av-lc62tyer-3655a1bf3cceee01b0dbc222ab6ab01d av-styling- av-img-linked avia-align-center  avia-builder-el-13  avia-builder-el-no-sibling '   itemprop=\"image\" itemscope=\"itemscope\" itemtype=\"https:\/\/schema.org\/ImageObject\" ><div class=\"avia-image-container-inner\"><div class=\"avia-image-overlay-wrap\"><a href=\"https:\/\/goldbach.com\/ch\/de\/home\" class='avia_image '  target=\"_blank\"  rel=\"noopener noreferrer\" aria-label='Goldbach-web'><img decoding=\"async\" fetchpriority=\"high\" class='wp-image-10475 avia-img-lazy-loading-not-10475 avia_image ' src=\"https:\/\/dfvcg-events.de\/digital-talk\/wp-content\/uploads\/sites\/14\/2023\/02\/Goldbach-web.jpg\" alt='' title='Goldbach-web'  height=\"600\" width=\"800\"  itemprop=\"thumbnailUrl\"  \/><\/a><\/div><\/div><\/div><\/div>\n<div class='av-flex-placeholder'><\/div>\n<style type=\"text\/css\" data-created_by=\"avia_inline_auto\" id=\"style-css-av-koxrui-b8804918f78c9793ebf61b1429e558b1\">\n.flex_column.av-koxrui-b8804918f78c9793ebf61b1429e558b1{\nborder-radius:0px 0px 0px 0px;\npadding:0px 0px 0px 0px;\n}\n<\/style>\n<div  class='flex_column av-koxrui-b8804918f78c9793ebf61b1429e558b1 av_one_fourth  avia-builder-el-14  el_after_av_one_fourth  el_before_av_one_fourth  flex_column_table_cell av-equal-height-column av-align-middle av-zero-column-padding  '     ><style type=\"text\/css\" data-created_by=\"avia_inline_auto\" id=\"style-css-av-lfc7b3jt-9d2f5e12c1190a8268b0a8b7965be76a\">\n.avia-image-container.av-lfc7b3jt-9d2f5e12c1190a8268b0a8b7965be76a img.avia_image{\nbox-shadow:none;\n}\n.avia-image-container.av-lfc7b3jt-9d2f5e12c1190a8268b0a8b7965be76a .av-image-caption-overlay-center{\ncolor:#ffffff;\n}\n<\/style>\n<div  class='avia-image-container av-lfc7b3jt-9d2f5e12c1190a8268b0a8b7965be76a av-styling- av-img-linked avia-align-center  avia-builder-el-15  avia-builder-el-no-sibling '   itemprop=\"image\" itemscope=\"itemscope\" itemtype=\"https:\/\/schema.org\/ImageObject\" ><div class=\"avia-image-container-inner\"><div class=\"avia-image-overlay-wrap\"><a href=\"https:\/\/www.teads.com\/\" class='avia_image '  target=\"_blank\"  rel=\"noopener noreferrer\" aria-label='Teads_WEB'><img decoding=\"async\" fetchpriority=\"high\" class='wp-image-10515 avia-img-lazy-loading-not-10515 avia_image ' src=\"https:\/\/dfvcg-events.de\/digital-talk\/wp-content\/uploads\/sites\/14\/2023\/02\/Teads_WEB.jpg\" alt='' title='Teads_WEB'  height=\"400\" width=\"600\"  itemprop=\"thumbnailUrl\"  \/><\/a><\/div><\/div><\/div><\/div>\n<div class='av-flex-placeholder'><\/div>\n<style type=\"text\/css\" data-created_by=\"avia_inline_auto\" id=\"style-css-av-1avldy2-92d699c9d21f5093b9f2a73d65ffc381\">\n.flex_column.av-1avldy2-92d699c9d21f5093b9f2a73d65ffc381{\nborder-radius:0px 0px 0px 0px;\npadding:0px 0px 0px 0px;\n}\n<\/style>\n<div  class='flex_column av-1avldy2-92d699c9d21f5093b9f2a73d65ffc381 av_one_fourth  avia-builder-el-16  el_after_av_one_fourth  el_before_av_section  avia-builder-el-last  flex_column_table_cell av-equal-height-column av-align-middle av-zero-column-padding  '     ><style type=\"text\/css\" data-created_by=\"avia_inline_auto\" id=\"style-css-av-ora4ca-19ed28ccff70dc0e74370330fc601cb7\">\n.avia-image-container.av-ora4ca-19ed28ccff70dc0e74370330fc601cb7 img.avia_image{\nbox-shadow:none;\n}\n.avia-image-container.av-ora4ca-19ed28ccff70dc0e74370330fc601cb7 .av-image-caption-overlay-center{\ncolor:#ffffff;\n}\n<\/style>\n<div  class='avia-image-container av-ora4ca-19ed28ccff70dc0e74370330fc601cb7 av-styling- av-img-linked avia-align-center  avia-builder-el-17  avia-builder-el-no-sibling '   itemprop=\"image\" itemscope=\"itemscope\" itemtype=\"https:\/\/schema.org\/ImageObject\" ><div class=\"avia-image-container-inner\"><div class=\"avia-image-overlay-wrap\"><a href=\"https:\/\/swa-asa.ch\/\" class='avia_image '  target=\"_blank\"  rel=\"noopener noreferrer\" aria-label='SWA ohne Zusatz'><img decoding=\"async\" fetchpriority=\"high\" class='wp-image-4947 avia-img-lazy-loading-not-4947 avia_image ' src=\"https:\/\/dfvcg-events.de\/digital-talk\/wp-content\/uploads\/sites\/14\/2021\/04\/SWA-ohne-Zusatz.png\" alt='' title='SWA ohne Zusatz'  height=\"600\" width=\"800\"  itemprop=\"thumbnailUrl\"  \/><\/a><\/div><\/div><\/div><\/div><\/div><!--close column table wrapper. Autoclose: 1 -->\n<\/div><\/div><\/div><!-- close content main div --><\/div><\/div>\n<style type=\"text\/css\" data-created_by=\"avia_inline_auto\" id=\"style-css-av-kawtoycl-1ccee3213490bf31a4411d446ff03820\">\n.avia-section.av-kawtoycl-1ccee3213490bf31a4411d446ff03820{\nbackground-color:#0757a0;\nbackground-image:url(https:\/\/dfvcg-events.de\/digital-talk\/wp-content\/uploads\/sites\/14\/2020\/06\/dfvcg_DigitalTalks_HOR_Hintergrund_1920x800.jpg);\nbackground-repeat:no-repeat;\nbackground-position:50% 50%;\nbackground-attachment:fixed;\n}\n<\/style>\n<div id='programm'  class='avia-section av-kawtoycl-1ccee3213490bf31a4411d446ff03820 main_color avia-section-large avia-no-shadow  avia-builder-el-18  el_after_av_one_fourth  el_before_av_section  avia-full-stretch avia-bg-style-fixed container_wrap fullsize'  data-section-bg-repeat='stretch'><div class='container av-section-cont-open' ><div class='template-page content  av-content-full alpha units'><div class='post-entry post-entry-type-page post-entry-10042'><div class='entry-content-wrapper clearfix'>\n\n<style type=\"text\/css\" data-created_by=\"avia_inline_auto\" id=\"style-css-av-k26gzu33-514fccef8ca12fe169ac10511180d807\">\n#top .av_textblock_section.av-k26gzu33-514fccef8ca12fe169ac10511180d807 .avia_textblock{\nfont-size:20px;\ncolor:#ffffff;\n}\n<\/style>\n<section  class='av_textblock_section av-k26gzu33-514fccef8ca12fe169ac10511180d807 '   itemscope=\"itemscope\" itemtype=\"https:\/\/schema.org\/CreativeWork\" ><div class='avia_textblock av_inherit_color'  itemprop=\"text\" ><p>Bewegtbild begeistert nach wie vor die Zuschauer:innen und ist bei den Werbeauftraggebern entsprechend beliebt. Die Bandbreite reicht von TV, Video und Streaming \u00fcber Desktop und Laptop bis hin zu Tablets oder Smartphones. Doch immer mehr Bildschirme stehen f\u00fcr mehr Nutzungsoptionen und mehr Bewegtbild \u2013 der Dschungel der Angebotsvielfalt wird immer undurchsichtiger. Dabei ist auch eine Abwanderung vom linearen TV ins Netz zu beobachten. Doch hier gelten andere Gesetzm\u00e4\u00dfigkeiten f\u00fcr die Werbung! Was gilt es zu beachten? Es stellt sich die spannende Frage, welche Bildschirm-Angebote sich am besten f\u00fcr die Werbezwecke und Botschaften der Werbeauftraggeber eignen.<\/p>\n<p>Folgende Fragen stehen im Fokus der HORIZONT Swiss digital talks \u201eBewegtbild \u2013 Kampf der Bildschirme\u201c:<\/p>\n<ul>\n<li>Nach welchen Kriterien bestimmen erfolgreiche Werbeauftraggeber den Einsatz von Bewegtbild? Welche KPIs sind hierf\u00fcr entscheidend? Welche Rolle spielt das Targeting?<\/li>\n<li>\u00dcber welche Kan\u00e4le, Medien und Formate erreicht man seine \u201eTargetgroup\u201c und mit welchen Botschaften\/Themen? Wie wird eine Kaufentscheidung gef\u00f6rdert?<\/li>\n<li>Wie gestaltet man ein Gleichgewicht zwischen Image und Abverkauf?<\/li>\n<li>Bildschirm-Angebote im Wettbewerb \u2013 Der Mix macht\u2018s? Welche Strategie f\u00fchrt zum Erfolg?<\/li>\n<li>Paid Media, Owned Media, Earned Media \u2013 Was sind die Unterschiede zwischen bezahlten, eigenen und verdienten Medienkommunikationskan\u00e4len?<\/li>\n<li>Wie wirken TV-Spots und Videos? Welche Kennzahlen sind f\u00fcr Unternehmen entscheidend? Wer macht das Rennen um die Gunst des Kunden?<\/li>\n<li>Warum scheitern viele Kampagnen an der Kreation?<\/li>\n<li>Welche Rolle spielen Umfelder?<\/li>\n<\/ul>\n<p>Antworten liefern unsere Top-Speaker:<\/p>\n<ul>\n<li>Alexander Duphorn, CEO, Goldbach Media (Switzerland) AG<\/li>\n<li>Lennart Hintz, Global Operations Director, EssenceMediacom<\/li>\n<li>Bastian Sarott, Strategic Account Director, Teads<\/li>\n<li>Raphael Werner, Head of Marketing, Lidl Schweiz<\/li>\n<li>Roland Ehrler, Direktor, SWA Schweizer Werbe-Auftraggeberverband<\/li>\n<\/ul>\n<p>Durch die Moderation f\u00fchren Eva-Maria Schmidt, Chefredakteurin von HORIZONT, und Beat H\u00fcrlimann, Redaktor von HORIZONT Swiss.<\/p>\n<p>Fakt ist: Noch nie wurde so viel Bewegtbild konsumiert wie heute \u2013 ob auf dem TV-Ger\u00e4t, Desktop, Laptop, Tablet oder Smartphone, ob zu Hause oder mobil, ob linear, zeitversetzt auf Abruf oder parallel zum Programm auf dem Second Screen.<\/p>\n<p>Die Teilnehmer erwartet ein aktueller \u00dcberblick \u00fcber den aktuellen Stand von Bewegtbild-Angeboten sowie eine Rundschau durch Praxisbeispiele, Erfahrungen und Handlungsempfehlungen, so dass die Entscheidung f\u00fcr die eigene Bewegtbild-Strategie leichter f\u00e4llt.<\/p>\n<\/div><\/section>\n<\/div><\/div><\/div><!-- close content main div --><\/div><\/div><div id='av_section_3'  class='avia-section av-kawtoycl-4-9d94483a689ce44b10648a09fc4891fb main_color avia-section-default avia-no-shadow  avia-builder-el-20  el_after_av_section  el_before_av_section  avia-bg-style-fixed container_wrap fullsize'  ><div class='container av-section-cont-open' ><div class='template-page content  av-content-full alpha units'><div class='post-entry post-entry-type-page post-entry-10042'><div class='entry-content-wrapper clearfix'>\n<section  class='av_textblock_section av-k26gzu33-3-cd66e5f28ea9b6b0e2c10ae1e18634c6 '   itemscope=\"itemscope\" itemtype=\"https:\/\/schema.org\/CreativeWork\" ><div class='avia_textblock'  itemprop=\"text\" ><p><strong><em><u>5 Gr\u00fcnde, warum Sie beim HORIZONT Digital Talk dabei sein sollten:<\/u><\/em><\/strong><\/p>\n<ul>\n<li><strong>Was Sie erwartet?\u00a0<\/strong>Ein Update und vertiefende Inhalte rund um das Thema.<\/li>\n<li><strong>Vorsprung durch Wissen:\u00a0<\/strong>Praxisrelevante Best Cases und Erfahrungsberichte.<\/li>\n<li><strong>Inspiration und neuer Input f\u00fcr Bewegtbild als Marketing-Tool:\u00a0<\/strong>Kompakt in 90 Minuten.<\/li>\n<li><strong>Erfahrungen aus erster Hand:\u00a0<\/strong>ortsunabh\u00e4ngig und ohne Reiseaufwand.<\/li>\n<li><strong>Dialog mit den Expert:innen:\u00a0<\/strong>Ihre Fragen k\u00f6nnen Sie aktiv im Chat stellen.<\/li>\n<\/ul>\n<p><strong><em><u><br \/>\nGut zu wissen:<\/u><\/em><\/strong><br \/>\nNach Ihrer Registrierung erhalten Sie Ihre Anmeldebest\u00e4tigung sowie den Link f\u00fcr Ihren Kalendereintrag. Die Zugangsdaten zum Einloggen erhalten Sie rechtzeitig vor Beginn des digital talks.<\/p>\n<\/div><\/section>\n<div  class='hr av-24u5lq-c28f316efe9e217c1fd500ab23fc0761 hr-default  avia-builder-el-22  el_after_av_textblock  el_before_av_textblock '><span class='hr-inner '><span class=\"hr-inner-style\"><\/span><\/span><\/div>\n<section  class='av_textblock_section av-l64zif65-94483df8306b85586616ee832d0f3a50 '   itemscope=\"itemscope\" itemtype=\"https:\/\/schema.org\/CreativeWork\" ><div class='avia_textblock'  itemprop=\"text\" ><p><strong><u>Stimmen zu den HORIZONT Swiss Digital Talks:<\/u><\/strong><\/p>\n<p>Dank eurer Webinar-Reihe bleiben wir up-to-date informiert, was hinsichtlich des Wandels der Zeit unabdingbar ist, um erfolgreich die Marken und Botschaften zu verankern und top of mind zu bleiben\/werden. Sehr zu empfehlen.<br \/>\n<strong>Sharon Lehmann<\/strong>, Leiterin MarketingKommmunikation PET-Recycling Schweiz, IGORA-Aluminiumrecycling, Ferro Recycling<\/p>\n<p>Vielen Dank, es war sehr interessant.<br \/>\n<strong>Julien Bruderer<\/strong>, Brand Lead &amp; D2C Manager, Nestl\u00e9 Schweiz<\/p>\n<\/div><\/section>\n<\/p>\n<\/div><\/div><\/div><!-- close content main div --><\/div><\/div><div id='referenten'  class='avia-section av-kawtoycl-2-78da10da102b5a8008fa0a3080b815f9 main_color avia-section-default avia-no-shadow  avia-builder-el-24  el_after_av_section  el_before_av_section  avia-bg-style-scroll container_wrap fullsize'  ><div class='container av-section-cont-open' ><div class='template-page content  av-content-full alpha units'><div class='post-entry post-entry-type-page post-entry-10042'><div class='entry-content-wrapper clearfix'>\n\n<style type=\"text\/css\" data-created_by=\"avia_inline_auto\" id=\"style-css-av-28h0mq-558580e0efa716fd8398a3a56dc4ff61\">\n#top .av-special-heading.av-28h0mq-558580e0efa716fd8398a3a56dc4ff61{\npadding-bottom:25px;\n}\nbody .av-special-heading.av-28h0mq-558580e0efa716fd8398a3a56dc4ff61 .av-special-heading-tag .heading-char{\nfont-size:25px;\n}\n.av-special-heading.av-28h0mq-558580e0efa716fd8398a3a56dc4ff61 .av-subheading{\nfont-size:15px;\n}\n<\/style>\n<div  class='av-special-heading av-28h0mq-558580e0efa716fd8398a3a56dc4ff61 av-special-heading-h2 blockquote modern-quote  avia-builder-el-25  el_before_av_one_third  avia-builder-el-first '><h2 class='av-special-heading-tag '  itemprop=\"headline\"  >Vortragende<\/h2><div class='av-subheading av-subheading_below'><p>Freuen Sie sich auf:<\/p>\n<\/div><div class=\"special-heading-border\"><div class=\"special-heading-inner-border\"><\/div><\/div><\/div>\n\n<style type=\"text\/css\" data-created_by=\"avia_inline_auto\" id=\"style-css-av-7gowx9-d1b2f6b63b38fc05a8a6e12b638fb889\">\n.flex_column.av-7gowx9-d1b2f6b63b38fc05a8a6e12b638fb889{\nborder-radius:0px 0px 0px 0px;\npadding:0px 0px 0px 0px;\n}\n<\/style>\n<div  class='flex_column av-7gowx9-d1b2f6b63b38fc05a8a6e12b638fb889 av_one_third  avia-builder-el-26  el_after_av_heading  el_before_av_one_third  first flex_column_div av-zero-column-padding  '     ><p><section  class='avia-team-member av-5rbrlp-9e4288053bd5b529b13edbb68970d680  avia-builder-el-27  el_before_av_toggle_container  avia-builder-el-first '  itemscope=\"itemscope\" itemtype=\"https:\/\/schema.org\/Person\" ><div class=\"team-img-container\"><img decoding=\"async\" fetchpriority=\"high\" class='wp-image-10482 avia-img-lazy-loading-not-10482 avia_image avia_image_team' src=\"https:\/\/dfvcg-events.de\/digital-talk\/wp-content\/uploads\/sites\/14\/2023\/02\/Duphorn_Alexander_Goldbach_web.jpg\" alt='Alexander Duphorn'  itemprop=\"image\"   height=\"800\" width=\"600\" \/><\/div><h3 class='team-member-name '  itemprop=\"name\" >Alexander Duphorn<\/h3><div class='team-member-job-title '  itemprop=\"jobTitle\" >CEO, Goldbach Media (Switzerland) AG<\/div><span class='hidden team-member-affiliation'  itemprop=\"affiliation\" >Digital Talk<\/span><\/section><br \/>\n<div  class='togglecontainer av-4skp0t-91f0c5a3c7d960457d2c39526a689ee4  avia-builder-el-28  el_after_av_team_member  avia-builder-el-last  toggle_close_all' >\n<section class='av_toggle_section av-2z25m5-020ce1b3fa7d02d6b33ebc4900ff8225'  itemscope=\"itemscope\" itemtype=\"https:\/\/schema.org\/CreativeWork\" ><div role=\"tablist\" class=\"single_toggle\" data-tags=\"{Alle} \"  ><p id='toggle-toggle-id-1' data-fake-id='#toggle-id-1' class='toggler  av-title-above '  itemprop=\"headline\"  role='tab' tabindex='0' aria-controls='toggle-id-1' data-slide-speed=\"200\" data-title=\"Info\" data-title-open=\"\" data-aria_collapsed=\"Click to expand: Info\" data-aria_expanded=\"Click to collapse: Info\">Info<span class=\"toggle_icon\"><span class=\"vert_icon\"><\/span><span class=\"hor_icon\"><\/span><\/span><\/p><div id='toggle-id-1' aria-labelledby='toggle-toggle-id-1' role='region' class='toggle_wrap  av-title-above'  ><div class='toggle_content invers-color '  itemprop=\"text\" ><p>Nach verschiedenen Aufgaben im Management beim RTL-Vermarkter, unter anderem im Produktmanagement fu\u0308r Radio und TV sowie im Unternehmensmarketing, wechselte er Anfang 1999 zur VIACOM Corp. Dort baute er das Senderportfolio von MTV Networks in Deutschland, O\u0308sterreich und der Schweiz mit auf und gru\u0308ndete als Gescha\u0308ftsfu\u0308hrer die VIACOM Brand Solutions die Vermarktungseinheit von MTV, VIVA, Comedy Central und Nick. Mitte 2009 erfolgte der Wechsel in die Gesch\u00e4ftsf\u00fchrung der SevenOne Media. Seit 2012 ist er als CEO der Goldbach Media in der Schweiz t\u00e4tig.<\/p>\n<\/div><\/div><\/div><\/section>\n<\/div><\/p><\/div>\n<style type=\"text\/css\" data-created_by=\"avia_inline_auto\" id=\"style-css-av-22lk656-ed773e0d9a111f756f86245beba765f9\">\n.flex_column.av-22lk656-ed773e0d9a111f756f86245beba765f9{\nborder-radius:0px 0px 0px 0px;\npadding:0px 0px 0px 0px;\n}\n<\/style>\n<div  class='flex_column av-22lk656-ed773e0d9a111f756f86245beba765f9 av_one_third  avia-builder-el-29  el_after_av_one_third  el_before_av_one_third  flex_column_div av-zero-column-padding  '     ><p><section  class='avia-team-member av-1rpdxyy-5c9a750525c66559ac52ab1857fe13e7  avia-builder-el-30  el_before_av_toggle_container  avia-builder-el-first '  itemscope=\"itemscope\" itemtype=\"https:\/\/schema.org\/Person\" ><div class=\"team-img-container\"><img decoding=\"async\" fetchpriority=\"high\" class='wp-image-10685 avia-img-lazy-loading-not-10685 avia_image avia_image_team' src=\"https:\/\/dfvcg-events.de\/digital-talk\/wp-content\/uploads\/sites\/14\/2023\/02\/Hintz-Lennart-MediaCom-Horizont-Swiss.jpg\" alt='Lennart Hintz'  itemprop=\"image\"   height=\"800\" width=\"600\" \/><\/div><h3 class='team-member-name '  itemprop=\"name\" >Lennart Hintz<\/h3><div class='team-member-job-title '  itemprop=\"jobTitle\" >Global Operations Director, EssenceMediacom<\/div><span class='hidden team-member-affiliation'  itemprop=\"affiliation\" >Digital Talk<\/span><\/section><br \/>\n<div  class='togglecontainer av-12tckje-7aa950be490c4601f24c7c8f1ad53852  avia-builder-el-31  el_after_av_team_member  avia-builder-el-last  toggle_close_all' >\n<section class='av_toggle_section av-s30e3e-97a7cecd277ae9651c8b320254a80bd8'  itemscope=\"itemscope\" itemtype=\"https:\/\/schema.org\/CreativeWork\" ><div role=\"tablist\" class=\"single_toggle\" data-tags=\"{Alle} \"  ><p id='toggle-toggle-id-2' data-fake-id='#toggle-id-2' class='toggler  av-title-above '  itemprop=\"headline\"  role='tab' tabindex='0' aria-controls='toggle-id-2' data-slide-speed=\"200\" data-title=\"Info\" data-title-open=\"\" data-aria_collapsed=\"Click to expand: Info\" data-aria_expanded=\"Click to collapse: Info\">Info<span class=\"toggle_icon\"><span class=\"vert_icon\"><\/span><span class=\"hor_icon\"><\/span><\/span><\/p><div id='toggle-id-2' aria-labelledby='toggle-toggle-id-2' role='region' class='toggle_wrap  av-title-above'  ><div class='toggle_content invers-color '  itemprop=\"text\" ><p>Nach seinem Studium der Medienwissenschaften begann Lennart Hintz seine Karriere bei der Crossmedia in D\u00fcsseldorf, bevor er 2007 zur MediaCom nach wechselte. Bei MediaCom in Z\u00fcrich hatte Lennart verschiedene Positionen inne und leitete die Schweizer Niederlassung von 2016 bis 2019 als CEO. Anschliessend war er bei MediaCom f\u00fcr die L\u00e4nder in Zentral-, Ost-, und Nordeuropa verantwortliche und begleitete den Zusammenschluss der beiden global t\u00e4tigen Agenturen Essence und MediaCom.<\/p>\n<p>Bei EssenceMediaCom ist er heute als Global Operations Director f\u00fcr den operativen Service von globalen Kunden wie Google, Coca-Cola und Mars zust\u00e4ndig.<\/p>\n<\/div><\/div><\/div><\/section>\n<\/div><\/p><\/div>\n<style type=\"text\/css\" data-created_by=\"avia_inline_auto\" id=\"style-css-av-7qtica-d082afa0bf5597c403367167f23df93c\">\n.flex_column.av-7qtica-d082afa0bf5597c403367167f23df93c{\nborder-radius:0px 0px 0px 0px;\npadding:0px 0px 0px 0px;\n}\n<\/style>\n<div  class='flex_column av-7qtica-d082afa0bf5597c403367167f23df93c av_one_third  avia-builder-el-32  el_after_av_one_third  el_before_av_one_third  flex_column_div av-zero-column-padding  '     ><p><section  class='avia-team-member av-1nxn41m-213bf9282c08322b8c95c4dc4cde3fd7  avia-builder-el-33  el_before_av_toggle_container  avia-builder-el-first '  itemscope=\"itemscope\" itemtype=\"https:\/\/schema.org\/Person\" ><div class=\"team-img-container\"><img decoding=\"async\" fetchpriority=\"high\" class='wp-image-10636 avia-img-lazy-loading-not-10636 avia_image avia_image_team' src=\"https:\/\/dfvcg-events.de\/digital-talk\/wp-content\/uploads\/sites\/14\/2023\/02\/Bastian-Sarott-Teads-HORIZONT-Swiss-digital-talk-Bewegtbild.jpg\" alt='Bastian Sarott'  itemprop=\"image\"   height=\"800\" width=\"600\" \/><\/div><h3 class='team-member-name '  itemprop=\"name\" >Bastian Sarott<\/h3><div class='team-member-job-title '  itemprop=\"jobTitle\" >Strategic Account Director, Teads<\/div><span class='hidden team-member-affiliation'  itemprop=\"affiliation\" >Digital Talk<\/span><\/section><br \/>\n<div  class='togglecontainer av-14s0q1m-c1944d2007369e90e7391f0788c9ce10  avia-builder-el-34  el_after_av_team_member  avia-builder-el-last  toggle_close_all' >\n<section class='av_toggle_section av-pk9xi2-1b270981df3b80a7a2e82b01b70c6cec'  itemscope=\"itemscope\" itemtype=\"https:\/\/schema.org\/CreativeWork\" ><div role=\"tablist\" class=\"single_toggle\" data-tags=\"{Alle} \"  ><p id='toggle-toggle-id-3' data-fake-id='#toggle-id-3' class='toggler  av-title-above '  itemprop=\"headline\"  role='tab' tabindex='0' aria-controls='toggle-id-3' data-slide-speed=\"200\" data-title=\"Info\" data-title-open=\"\" data-aria_collapsed=\"Click to expand: Info\" data-aria_expanded=\"Click to collapse: Info\">Info<span class=\"toggle_icon\"><span class=\"vert_icon\"><\/span><span class=\"hor_icon\"><\/span><\/span><\/p><div id='toggle-id-3' aria-labelledby='toggle-toggle-id-3' role='region' class='toggle_wrap  av-title-above'  ><div class='toggle_content invers-color '  itemprop=\"text\" ><p>Bastian Sarott ist Strategic Account Director und verantwortlich f\u00fcr die strategische Partnerschaft mit den gr\u00f6\u00dften Kunden von Teads. Zuvor baute und leitete er das Agentur-Verkaufsteam in der Schweizer Niederlassung von Teads und ist seit 2017 ein Schl\u00fcsselperson in der Entwicklung des Unternehmens. Vor Teads leitete Bastian Sarott verschiedene Abteilungen bei der Goldbach Media und Audience.<\/p>\n<\/div><\/div><\/div><\/section>\n<\/div><\/p><\/div>\n<style type=\"text\/css\" data-created_by=\"avia_inline_auto\" id=\"style-css-av-26nudh6-010f8f82d115de1ef78a7c161653a2b0\">\n.flex_column.av-26nudh6-010f8f82d115de1ef78a7c161653a2b0{\nborder-radius:0px 0px 0px 0px;\npadding:0px 0px 0px 0px;\n}\n<\/style>\n<div  class='flex_column av-26nudh6-010f8f82d115de1ef78a7c161653a2b0 av_one_third  avia-builder-el-35  el_after_av_one_third  el_before_av_one_third  first flex_column_div av-zero-column-padding  column-top-margin'     ><p><section  class='avia-team-member av-1jemmm2-3a1dd40917fd36c49b397b9e73b95dd1  avia-builder-el-36  el_before_av_toggle_container  avia-builder-el-first '  itemscope=\"itemscope\" itemtype=\"https:\/\/schema.org\/Person\" ><div class=\"team-img-container\"><img decoding=\"async\" fetchpriority=\"high\" class='wp-image-10582 avia-img-lazy-loading-not-10582 avia_image avia_image_team' src=\"https:\/\/dfvcg-events.de\/digital-talk\/wp-content\/uploads\/sites\/14\/2023\/02\/Werner-Raphael-Lidl-Schweiz-web-1.jpg\" alt='Raphael Werner'  itemprop=\"image\"   height=\"800\" width=\"600\" \/><\/div><h3 class='team-member-name '  itemprop=\"name\" >Raphael Werner<\/h3><div class='team-member-job-title '  itemprop=\"jobTitle\" >Head of Marketing, Lidl Schweiz<\/div><span class='hidden team-member-affiliation'  itemprop=\"affiliation\" >Digital Talk<\/span><\/section><br \/>\n<div  class='togglecontainer av-1d4brkq-bddb3a26513c3fcdef8352b3c81ecd9c  avia-builder-el-37  el_after_av_team_member  avia-builder-el-last  toggle_close_all' >\n<section class='av_toggle_section av-or5u0q-f22e3517f51c8c20a1f29a64ebf066b1'  itemscope=\"itemscope\" itemtype=\"https:\/\/schema.org\/CreativeWork\" ><div role=\"tablist\" class=\"single_toggle\" data-tags=\"{Alle} \"  ><p id='toggle-toggle-id-4' data-fake-id='#toggle-id-4' class='toggler  av-title-above '  itemprop=\"headline\"  role='tab' tabindex='0' aria-controls='toggle-id-4' data-slide-speed=\"200\" data-title=\"Info\" data-title-open=\"\" data-aria_collapsed=\"Click to expand: Info\" data-aria_expanded=\"Click to collapse: Info\">Info<span class=\"toggle_icon\"><span class=\"vert_icon\"><\/span><span class=\"hor_icon\"><\/span><\/span><\/p><div id='toggle-id-4' aria-labelledby='toggle-toggle-id-4' role='region' class='toggle_wrap  av-title-above'  ><div class='toggle_content invers-color '  itemprop=\"text\" ><p>Im Juli 2008 startete Raphael Werner seine Karriere im Marketing bei Lidl Schweiz. In dieser Funktion hat er den Markteintritt 2009 in der Deutschschweiz, die sp\u00e4ter folgenden Markteintritte in der Westschweiz und im Tessin, sowie die kontinuierliche Markenentwicklung von Beginn an mitgepr\u00e4gt. Mit seinem Team verantwortet er s\u00e4mtliche Owned, Paid und Managed Touchpoints, sowie die Bereiche Sponsoring und Testimonials von Lidl Schweiz.<\/p>\n<\/div><\/div><\/div><\/section>\n<\/div><\/p><\/div>\n<style type=\"text\/css\" data-created_by=\"avia_inline_auto\" id=\"style-css-av-1wbuqpm-d04852c5bf52f4c9cc46679e9b03e02f\">\n.flex_column.av-1wbuqpm-d04852c5bf52f4c9cc46679e9b03e02f{\nborder-radius:0px 0px 0px 0px;\npadding:0px 0px 0px 0px;\n}\n<\/style>\n<div  class='flex_column av-1wbuqpm-d04852c5bf52f4c9cc46679e9b03e02f av_one_third  avia-builder-el-38  el_after_av_one_third  el_before_av_one_third  flex_column_div av-zero-column-padding  column-top-margin'     ><p><section  class='avia-team-member av-1ncbsl6-53690b9a5260fc2aca791476aa6076e1  avia-builder-el-39  el_before_av_toggle_container  avia-builder-el-first '  itemscope=\"itemscope\" itemtype=\"https:\/\/schema.org\/Person\" ><div class=\"team-img-container\"><img decoding=\"async\" fetchpriority=\"high\" class='wp-image-1706 avia-img-lazy-loading-not-1706 avia_image avia_image_team' src=\"https:\/\/dfvcg-events.de\/digital-talk\/wp-content\/uploads\/sites\/14\/2020\/10\/Roland_Ehrler_web.png\" alt='Roland Ehrler'  itemprop=\"image\"   height=\"800\" width=\"600\" \/><\/div><h3 class='team-member-name '  itemprop=\"name\" >Roland Ehrler<\/h3><div class='team-member-job-title '  itemprop=\"jobTitle\" >Direktor, SWA Schweizer Werbe-Auftraggeberverband<\/div><span class='hidden team-member-affiliation'  itemprop=\"affiliation\" >Digital Talk<\/span><\/section><br \/>\n<div  class='togglecontainer av-11k1hei-0e4a675e2f540a76ccd6d321e0024a00  avia-builder-el-40  el_after_av_team_member  avia-builder-el-last  toggle_close_all' >\n<section class='av_toggle_section av-rzwxqy-af79e569f080801ae3e53dfb4ffefd13'  itemscope=\"itemscope\" itemtype=\"https:\/\/schema.org\/CreativeWork\" ><div role=\"tablist\" class=\"single_toggle\" data-tags=\"{Alle} \"  ><p id='toggle-toggle-id-5' data-fake-id='#toggle-id-5' class='toggler  av-title-above '  itemprop=\"headline\"  role='tab' tabindex='0' aria-controls='toggle-id-5' data-slide-speed=\"200\" data-title=\"Info\" data-title-open=\"\" data-aria_collapsed=\"Click to expand: Info\" data-aria_expanded=\"Click to collapse: Info\">Info<span class=\"toggle_icon\"><span class=\"vert_icon\"><\/span><span class=\"hor_icon\"><\/span><\/span><\/p><div id='toggle-id-5' aria-labelledby='toggle-toggle-id-5' role='region' class='toggle_wrap  av-title-above'  ><div class='toggle_content invers-color '  itemprop=\"text\" ><p>Roland Ehrler vertritt seit 2012 als Direktor die Interessen der Werbe-Auftraggeber in der Schweiz. Heute repr\u00e4sentieren die \u00fcber 190 Mitglieder des SWA etwa 75% des Schweizer Werbemarktes.<\/p>\n<\/div><\/div><\/div><\/section>\n<\/div><\/p><\/div>\n<style type=\"text\/css\" data-created_by=\"avia_inline_auto\" id=\"style-css-av-gsbe2-81f5c8938ef7459c893fc369242ff3c4\">\n.flex_column.av-gsbe2-81f5c8938ef7459c893fc369242ff3c4{\nborder-radius:0px 0px 0px 0px;\npadding:0px 0px 0px 0px;\n}\n<\/style>\n<div  class='flex_column av-gsbe2-81f5c8938ef7459c893fc369242ff3c4 av_one_third  avia-builder-el-41  el_after_av_one_third  el_before_av_one_third  flex_column_div av-zero-column-padding  column-top-margin'     ><p><section  class='avia-team-member av-kcn2g54d-84aaa8150ac0e8480704d6866787cc27  avia-builder-el-42  el_before_av_toggle_container  avia-builder-el-first '  itemscope=\"itemscope\" itemtype=\"https:\/\/schema.org\/Person\" ><div class=\"team-img-container\"><img decoding=\"async\" fetchpriority=\"high\" class='wp-image-1738 avia-img-lazy-loading-not-1738 avia_image avia_image_team' src=\"https:\/\/dfvcg-events.de\/digital-talk\/wp-content\/uploads\/sites\/14\/2020\/10\/Beat-Huerlimann-7-10-20-3.jpg\" alt='Moderation: Beat H\u00fcrlimann'  itemprop=\"image\"   height=\"800\" width=\"600\" \/><\/div><h3 class='team-member-name '  itemprop=\"name\" >Moderation: Beat H\u00fcrlimann<\/h3><div class='team-member-job-title '  itemprop=\"jobTitle\" >Redaktion, HORIZONT Swiss<\/div><span class='hidden team-member-affiliation'  itemprop=\"affiliation\" >Digital Talk<\/span><\/section><br \/>\n<div  class='togglecontainer av-kihf651o-57eea1e10f186d0410092562ad9d8550  avia-builder-el-43  el_after_av_team_member  avia-builder-el-last  toggle_close_all' >\n<section class='av_toggle_section av-dzazt-cd662392765130f8b1eef8c134e2923a'  itemscope=\"itemscope\" itemtype=\"https:\/\/schema.org\/CreativeWork\" ><div role=\"tablist\" class=\"single_toggle\" data-tags=\"{Alle} \"  ><p id='toggle-toggle-id-6' data-fake-id='#toggle-id-6' class='toggler  av-title-above '  itemprop=\"headline\"  role='tab' tabindex='0' aria-controls='toggle-id-6' data-slide-speed=\"200\" data-title=\"Info\" data-title-open=\"\" data-aria_collapsed=\"Click to expand: Info\" data-aria_expanded=\"Click to collapse: Info\">Info<span class=\"toggle_icon\"><span class=\"vert_icon\"><\/span><span class=\"hor_icon\"><\/span><\/span><\/p><div id='toggle-id-6' aria-labelledby='toggle-toggle-id-6' role='region' class='toggle_wrap  av-title-above'  ><div class='toggle_content invers-color '  itemprop=\"text\" ><p>Seit 2019 produziert Beat H\u00fcrlimann f\u00fcr HORIZONT als freier Online-Redakteur f\u00fcr die Schweizer Newsletter News und Reportagen: Schreibend, filmend, vom Desk oder von unterwegs.<\/p>\n<\/div><\/div><\/div><\/section>\n<\/div><\/p><\/div>\n<style type=\"text\/css\" data-created_by=\"avia_inline_auto\" id=\"style-css-av-7o1vx-2b382b7692abd0fee4011da8acc2c01c\">\n.flex_column.av-7o1vx-2b382b7692abd0fee4011da8acc2c01c{\nborder-radius:0px 0px 0px 0px;\npadding:0px 0px 0px 0px;\n}\n<\/style>\n<div  class='flex_column av-7o1vx-2b382b7692abd0fee4011da8acc2c01c av_one_third  avia-builder-el-44  el_after_av_one_third  avia-builder-el-last  first flex_column_div av-zero-column-padding  column-top-margin'     ><p><section  class='avia-team-member av-lbour197-6c9d0bb3c7bd85e2231beb602d994935  avia-builder-el-45  el_before_av_toggle_container  avia-builder-el-first '  itemscope=\"itemscope\" itemtype=\"https:\/\/schema.org\/Person\" ><div class=\"team-img-container\"><img decoding=\"async\" fetchpriority=\"high\" class='wp-image-3870 avia-img-lazy-loading-not-3870 avia_image avia_image_team' src=\"https:\/\/dfvcg-events.de\/digital-talk\/wp-content\/uploads\/sites\/14\/2021\/06\/Schmidt_Eva-Maria_web.png\" alt='Moderation: Eva-Maria Schmidt'  itemprop=\"image\"   height=\"800\" width=\"600\" \/><\/div><h3 class='team-member-name '  itemprop=\"name\" >Moderation: Eva-Maria Schmidt<\/h3><div class='team-member-job-title '  itemprop=\"jobTitle\" >Chefredaktion, HORIZONT <\/div><span class='hidden team-member-affiliation'  itemprop=\"affiliation\" >Digital Talk<\/span><\/section><br \/>\n<div  class='togglecontainer av-lbousm1g-38b71a53ecb945cf4c85576e665011ec  avia-builder-el-46  el_after_av_team_member  avia-builder-el-last  toggle_close_all' >\n<section class='av_toggle_section av-lbousdqv-c5ff7d926b29539581274756d7ad6986'  itemscope=\"itemscope\" itemtype=\"https:\/\/schema.org\/CreativeWork\" ><div role=\"tablist\" class=\"single_toggle\" data-tags=\"{Alle} \"  ><p id='toggle-toggle-id-7' data-fake-id='#toggle-id-7' class='toggler  av-title-above '  itemprop=\"headline\"  role='tab' tabindex='0' aria-controls='toggle-id-7' data-slide-speed=\"200\" data-title=\"Info\" data-title-open=\"\" data-aria_collapsed=\"Click to expand: Info\" data-aria_expanded=\"Click to collapse: Info\">Info<span class=\"toggle_icon\"><span class=\"vert_icon\"><\/span><span class=\"hor_icon\"><\/span><\/span><\/p><div id='toggle-id-7' aria-labelledby='toggle-toggle-id-7' role='region' class='toggle_wrap  av-title-above'  ><div class='toggle_content invers-color '  itemprop=\"text\" ><p>Eva-Maria Schmidt ist seit Februar 2021 Chefredakteurin der HORIZONT Medien. Zuvor war sie von Juni 2019 bis Januar 2020 stellvertretende Chefredakteurin der HORIZONT Medien. Sie geh\u00f6rt seit 2000 der HORIZONT-Redaktion an, seit 2004 leitete sie verschiedene Ressorts u.a. HORIZONT Online, Karriere und Schweiz.<\/p>\n<\/div><\/div><\/div><\/section>\n<\/div><\/p><\/div>\n\n<\/div><\/div><\/div><!-- close content main div --><\/div><\/div><div id='anmelden'  class='avia-section av-kawtoycl-1-b06506d3f004b7712fe681922b309195 main_color avia-section-default avia-no-shadow  avia-builder-el-47  el_after_av_section  el_before_av_section  avia-bg-style-scroll container_wrap fullsize'  ><div class='container av-section-cont-open' ><div class='template-page content  av-content-full alpha units'><div class='post-entry post-entry-type-page post-entry-10042'><div class='entry-content-wrapper clearfix'>\n\n<style type=\"text\/css\" data-created_by=\"avia_inline_auto\" id=\"style-css-av-24jcbm-8c324757c17a2c614a074b796b39e0e9\">\n#top .av-special-heading.av-24jcbm-8c324757c17a2c614a074b796b39e0e9{\npadding-bottom:25px;\n}\nbody .av-special-heading.av-24jcbm-8c324757c17a2c614a074b796b39e0e9 .av-special-heading-tag .heading-char{\nfont-size:25px;\n}\n.av-special-heading.av-24jcbm-8c324757c17a2c614a074b796b39e0e9 .av-subheading{\nfont-size:15px;\n}\n<\/style>\n<div  class='av-special-heading av-24jcbm-8c324757c17a2c614a074b796b39e0e9 av-special-heading-h2 blockquote modern-quote  avia-builder-el-48  el_before_av_codeblock  avia-builder-el-first '><h2 class='av-special-heading-tag '  itemprop=\"headline\"  >Jetzt anmelden<\/h2><div class='av-subheading av-subheading_below'><p>Vielen Dank f\u00fcr Ihr Interesse!<\/p>\n<\/div><div class=\"special-heading-border\"><div class=\"special-heading-inner-border\"><\/div><\/div><\/div>\n\n\n<\/div><\/div><\/div><!-- close content main div --><\/div><\/div><div id='anmelden'  class='avia-section av-475lki-c3fe33c8e4f178aad721fd72066a27f5 main_color avia-section-default avia-no-shadow  avia-builder-el-50  el_after_av_section  avia-builder-el-last  avia-bg-style-scroll container_wrap fullsize'  ><div class='container av-section-cont-open' ><div class='template-page content  av-content-full alpha units'><div class='post-entry post-entry-type-page post-entry-10042'><div class='entry-content-wrapper clearfix'>\n\n<style type=\"text\/css\" data-created_by=\"avia_inline_auto\" id=\"style-css-av-kq10tixo-ff977f20a9291b64b3ec77baa2bf7ca4\">\n#top .av-special-heading.av-kq10tixo-ff977f20a9291b64b3ec77baa2bf7ca4{\npadding-bottom:25px;\n}\nbody .av-special-heading.av-kq10tixo-ff977f20a9291b64b3ec77baa2bf7ca4 .av-special-heading-tag .heading-char{\nfont-size:25px;\n}\n.av-special-heading.av-kq10tixo-ff977f20a9291b64b3ec77baa2bf7ca4 .av-subheading{\nfont-size:15px;\n}\n<\/style>\n<div  class='av-special-heading av-kq10tixo-ff977f20a9291b64b3ec77baa2bf7ca4 av-special-heading-h2 blockquote modern-quote  avia-builder-el-51  el_before_av_one_half  avia-builder-el-first '><h2 class='av-special-heading-tag '  itemprop=\"headline\"  >Ihre Ansprechpartnerin:<\/h2><div class=\"special-heading-border\"><div class=\"special-heading-inner-border\"><\/div><\/div><\/div>\n\n<style type=\"text\/css\" data-created_by=\"avia_inline_auto\" id=\"style-css-av-27mso2-cfa34feba85c0db605763ef9d21e2a8c\">\n.flex_column.av-27mso2-cfa34feba85c0db605763ef9d21e2a8c{\nborder-radius:0px 0px 0px 0px;\npadding:0px 0px 0px 0px;\n}\n<\/style>\n<div  class='flex_column av-27mso2-cfa34feba85c0db605763ef9d21e2a8c av_one_half  avia-builder-el-52  el_after_av_heading  avia-builder-el-last  first flex_column_div av-zero-column-padding  '     ><section  class='av_textblock_section av-kq10u44p-e8342b699bb2d67c0a239898158ae5dd '   itemscope=\"itemscope\" itemtype=\"https:\/\/schema.org\/CreativeWork\" ><div class='avia_textblock'  itemprop=\"text\" ><p><strong>Sabrina Schewe<br \/>\n<\/strong><\/p>\n<p><a href=\"&#x6d;&#x61;&#105;&#108;t&#x6f;&#x3a;&#x73;&#97;br&#x69;&#x6e;&#97;&#46;s&#x63;&#x68;&#x65;&#119;e&#64;&#x64;&#x66;&#118;&#99;g&#x2e;&#x64;&#x65;\">&#x73;&#97;&#x62;&#x72;i&#x6e;&#97;&#46;&#x73;&#99;h&#x65;&#119;&#x65;&#x40;d&#x66;&#118;c&#x67;&#46;d&#x65;<\/a><br \/>\n+49 69 7595 3019<\/p>\n<\/div><\/section><\/div>\n\n","protected":false},"excerpt":{"rendered":"<p>13. April 2023<br \/>\n10:30 &#8211; 12:00 Uhr <\/p>\n","protected":false},"author":4,"featured_media":10518,"comment_status":"closed","ping_status":"closed","template":"","meta":{"footnotes":""},"tags":[],"portfolio_entries":[47],"class_list":["post-10042","portfolio","type-portfolio","status-publish","has-post-thumbnail","hentry","portfolio_entries-archiv"],"yoast_head":"<!-- This site is optimized with the Yoast SEO plugin v27.4 - https:\/\/yoast.com\/product\/yoast-seo-wordpress\/ -->\n<title>digital talk: HORIZONT Swiss \u201eBewegtbild - Kampf der Bildschirme\u201d - Digital Talk<\/title>\n<meta name=\"description\" content=\"Live. Aktuell. Inspirierend: digital talk: HORIZONT Swiss \u201eBewegtbild - Kampf der Bildschirme\u201d\" \/>\n<meta name=\"robots\" content=\"index, follow, max-snippet:-1, max-image-preview:large, max-video-preview:-1\" \/>\n<link rel=\"canonical\" href=\"https:\/\/dfvcg-events.de\/digital-talk\/veranstaltung\/digital-talk-horizont-swiss-bewegtbild\/\" \/>\n<meta property=\"og:locale\" content=\"de_DE\" \/>\n<meta property=\"og:type\" content=\"article\" \/>\n<meta property=\"og:title\" content=\"digital talk: HORIZONT Swiss \u201eBewegtbild - Kampf der Bildschirme\u201d - Digital Talk\" \/>\n<meta property=\"og:description\" content=\"Live. Aktuell. Inspirierend: digital talk: HORIZONT Swiss \u201eBewegtbild - Kampf der Bildschirme\u201d\" \/>\n<meta property=\"og:url\" content=\"https:\/\/dfvcg-events.de\/digital-talk\/veranstaltung\/digital-talk-horizont-swiss-bewegtbild\/\" \/>\n<meta property=\"og:site_name\" content=\"Digital Talk\" \/>\n<meta property=\"article:modified_time\" content=\"2023-11-16T15:15:38+00:00\" \/>\n<meta property=\"og:image\" content=\"https:\/\/dfvcg-events.de\/digital-talk\/wp-content\/uploads\/sites\/14\/2023\/02\/HORSwiss_Bewegtbild_800x800-2.jpg\" \/>\n\t<meta property=\"og:image:width\" content=\"800\" \/>\n\t<meta property=\"og:image:height\" content=\"800\" \/>\n\t<meta property=\"og:image:type\" content=\"image\/jpeg\" \/>\n<meta name=\"twitter:card\" content=\"summary_large_image\" \/>\n<meta name=\"twitter:label1\" content=\"Gesch\u00e4tzte Lesezeit\" \/>\n\t<meta name=\"twitter:data1\" content=\"19\u00a0Minuten\" \/>\n<script type=\"application\/ld+json\" class=\"yoast-schema-graph\">{\"@context\":\"https:\\\/\\\/schema.org\",\"@graph\":[{\"@type\":\"WebPage\",\"@id\":\"https:\\\/\\\/dfvcg-events.de\\\/digital-talk\\\/veranstaltung\\\/digital-talk-horizont-swiss-bewegtbild\\\/\",\"url\":\"https:\\\/\\\/dfvcg-events.de\\\/digital-talk\\\/veranstaltung\\\/digital-talk-horizont-swiss-bewegtbild\\\/\",\"name\":\"digital talk: HORIZONT Swiss \u201eBewegtbild - Kampf der Bildschirme\u201d - Digital Talk\",\"isPartOf\":{\"@id\":\"https:\\\/\\\/dfvcg-events.de\\\/digital-talk\\\/#website\"},\"primaryImageOfPage\":{\"@id\":\"https:\\\/\\\/dfvcg-events.de\\\/digital-talk\\\/veranstaltung\\\/digital-talk-horizont-swiss-bewegtbild\\\/#primaryimage\"},\"image\":{\"@id\":\"https:\\\/\\\/dfvcg-events.de\\\/digital-talk\\\/veranstaltung\\\/digital-talk-horizont-swiss-bewegtbild\\\/#primaryimage\"},\"thumbnailUrl\":\"https:\\\/\\\/dfvcg-events.de\\\/digital-talk\\\/wp-content\\\/uploads\\\/sites\\\/14\\\/2023\\\/02\\\/HORSwiss_Bewegtbild_800x800-2.jpg\",\"datePublished\":\"2023-02-09T08:11:08+00:00\",\"dateModified\":\"2023-11-16T15:15:38+00:00\",\"description\":\"Live. Aktuell. Inspirierend: digital talk: HORIZONT Swiss \u201eBewegtbild - Kampf der Bildschirme\u201d\",\"breadcrumb\":{\"@id\":\"https:\\\/\\\/dfvcg-events.de\\\/digital-talk\\\/veranstaltung\\\/digital-talk-horizont-swiss-bewegtbild\\\/#breadcrumb\"},\"inLanguage\":\"de\",\"potentialAction\":[{\"@type\":\"ReadAction\",\"target\":[\"https:\\\/\\\/dfvcg-events.de\\\/digital-talk\\\/veranstaltung\\\/digital-talk-horizont-swiss-bewegtbild\\\/\"]}]},{\"@type\":\"ImageObject\",\"inLanguage\":\"de\",\"@id\":\"https:\\\/\\\/dfvcg-events.de\\\/digital-talk\\\/veranstaltung\\\/digital-talk-horizont-swiss-bewegtbild\\\/#primaryimage\",\"url\":\"https:\\\/\\\/dfvcg-events.de\\\/digital-talk\\\/wp-content\\\/uploads\\\/sites\\\/14\\\/2023\\\/02\\\/HORSwiss_Bewegtbild_800x800-2.jpg\",\"contentUrl\":\"https:\\\/\\\/dfvcg-events.de\\\/digital-talk\\\/wp-content\\\/uploads\\\/sites\\\/14\\\/2023\\\/02\\\/HORSwiss_Bewegtbild_800x800-2.jpg\",\"width\":800,\"height\":800},{\"@type\":\"BreadcrumbList\",\"@id\":\"https:\\\/\\\/dfvcg-events.de\\\/digital-talk\\\/veranstaltung\\\/digital-talk-horizont-swiss-bewegtbild\\\/#breadcrumb\",\"itemListElement\":[{\"@type\":\"ListItem\",\"position\":1,\"name\":\"Startseite\",\"item\":\"https:\\\/\\\/dfvcg-events.de\\\/digital-talk\\\/\"},{\"@type\":\"ListItem\",\"position\":2,\"name\":\"digital talk: HORIZONT Swiss \u201eBewegtbild &#8211; Kampf der Bildschirme\u201d\"}]},{\"@type\":\"WebSite\",\"@id\":\"https:\\\/\\\/dfvcg-events.de\\\/digital-talk\\\/#website\",\"url\":\"https:\\\/\\\/dfvcg-events.de\\\/digital-talk\\\/\",\"name\":\"Digital Talk\",\"description\":\"dfv Conference Group\",\"publisher\":{\"@id\":\"https:\\\/\\\/dfvcg-events.de\\\/digital-talk\\\/#organization\"},\"potentialAction\":[{\"@type\":\"SearchAction\",\"target\":{\"@type\":\"EntryPoint\",\"urlTemplate\":\"https:\\\/\\\/dfvcg-events.de\\\/digital-talk\\\/?s={search_term_string}\"},\"query-input\":{\"@type\":\"PropertyValueSpecification\",\"valueRequired\":true,\"valueName\":\"search_term_string\"}}],\"inLanguage\":\"de\"},{\"@type\":\"Organization\",\"@id\":\"https:\\\/\\\/dfvcg-events.de\\\/digital-talk\\\/#organization\",\"name\":\"Digital Talks | dfv Conference Group\",\"url\":\"https:\\\/\\\/dfvcg-events.de\\\/digital-talk\\\/\",\"logo\":{\"@type\":\"ImageObject\",\"inLanguage\":\"de\",\"@id\":\"https:\\\/\\\/dfvcg-events.de\\\/digital-talk\\\/#\\\/schema\\\/logo\\\/image\\\/\",\"url\":\"https:\\\/\\\/dfvcg-events.de\\\/digital-talk\\\/wp-content\\\/uploads\\\/sites\\\/14\\\/2021\\\/02\\\/digital-talks-start.jpg\",\"contentUrl\":\"https:\\\/\\\/dfvcg-events.de\\\/digital-talk\\\/wp-content\\\/uploads\\\/sites\\\/14\\\/2021\\\/02\\\/digital-talks-start.jpg\",\"width\":800,\"height\":800,\"caption\":\"Digital Talks | dfv Conference Group\"},\"image\":{\"@id\":\"https:\\\/\\\/dfvcg-events.de\\\/digital-talk\\\/#\\\/schema\\\/logo\\\/image\\\/\"}}]}<\/script>\n<!-- \/ Yoast SEO plugin. -->","yoast_head_json":{"title":"digital talk: HORIZONT Swiss \u201eBewegtbild - Kampf der Bildschirme\u201d - Digital Talk","description":"Live. Aktuell. Inspirierend: digital talk: HORIZONT Swiss \u201eBewegtbild - Kampf der Bildschirme\u201d","robots":{"index":"index","follow":"follow","max-snippet":"max-snippet:-1","max-image-preview":"max-image-preview:large","max-video-preview":"max-video-preview:-1"},"canonical":"https:\/\/dfvcg-events.de\/digital-talk\/veranstaltung\/digital-talk-horizont-swiss-bewegtbild\/","og_locale":"de_DE","og_type":"article","og_title":"digital talk: HORIZONT Swiss \u201eBewegtbild - Kampf der Bildschirme\u201d - Digital Talk","og_description":"Live. Aktuell. Inspirierend: digital talk: HORIZONT Swiss \u201eBewegtbild - Kampf der Bildschirme\u201d","og_url":"https:\/\/dfvcg-events.de\/digital-talk\/veranstaltung\/digital-talk-horizont-swiss-bewegtbild\/","og_site_name":"Digital Talk","article_modified_time":"2023-11-16T15:15:38+00:00","og_image":[{"width":800,"height":800,"url":"https:\/\/dfvcg-events.de\/digital-talk\/wp-content\/uploads\/sites\/14\/2023\/02\/HORSwiss_Bewegtbild_800x800-2.jpg","type":"image\/jpeg"}],"twitter_card":"summary_large_image","twitter_misc":{"Gesch\u00e4tzte Lesezeit":"19\u00a0Minuten"},"schema":{"@context":"https:\/\/schema.org","@graph":[{"@type":"WebPage","@id":"https:\/\/dfvcg-events.de\/digital-talk\/veranstaltung\/digital-talk-horizont-swiss-bewegtbild\/","url":"https:\/\/dfvcg-events.de\/digital-talk\/veranstaltung\/digital-talk-horizont-swiss-bewegtbild\/","name":"digital talk: HORIZONT Swiss \u201eBewegtbild - Kampf der Bildschirme\u201d - Digital Talk","isPartOf":{"@id":"https:\/\/dfvcg-events.de\/digital-talk\/#website"},"primaryImageOfPage":{"@id":"https:\/\/dfvcg-events.de\/digital-talk\/veranstaltung\/digital-talk-horizont-swiss-bewegtbild\/#primaryimage"},"image":{"@id":"https:\/\/dfvcg-events.de\/digital-talk\/veranstaltung\/digital-talk-horizont-swiss-bewegtbild\/#primaryimage"},"thumbnailUrl":"https:\/\/dfvcg-events.de\/digital-talk\/wp-content\/uploads\/sites\/14\/2023\/02\/HORSwiss_Bewegtbild_800x800-2.jpg","datePublished":"2023-02-09T08:11:08+00:00","dateModified":"2023-11-16T15:15:38+00:00","description":"Live. Aktuell. Inspirierend: digital talk: HORIZONT Swiss \u201eBewegtbild - Kampf der Bildschirme\u201d","breadcrumb":{"@id":"https:\/\/dfvcg-events.de\/digital-talk\/veranstaltung\/digital-talk-horizont-swiss-bewegtbild\/#breadcrumb"},"inLanguage":"de","potentialAction":[{"@type":"ReadAction","target":["https:\/\/dfvcg-events.de\/digital-talk\/veranstaltung\/digital-talk-horizont-swiss-bewegtbild\/"]}]},{"@type":"ImageObject","inLanguage":"de","@id":"https:\/\/dfvcg-events.de\/digital-talk\/veranstaltung\/digital-talk-horizont-swiss-bewegtbild\/#primaryimage","url":"https:\/\/dfvcg-events.de\/digital-talk\/wp-content\/uploads\/sites\/14\/2023\/02\/HORSwiss_Bewegtbild_800x800-2.jpg","contentUrl":"https:\/\/dfvcg-events.de\/digital-talk\/wp-content\/uploads\/sites\/14\/2023\/02\/HORSwiss_Bewegtbild_800x800-2.jpg","width":800,"height":800},{"@type":"BreadcrumbList","@id":"https:\/\/dfvcg-events.de\/digital-talk\/veranstaltung\/digital-talk-horizont-swiss-bewegtbild\/#breadcrumb","itemListElement":[{"@type":"ListItem","position":1,"name":"Startseite","item":"https:\/\/dfvcg-events.de\/digital-talk\/"},{"@type":"ListItem","position":2,"name":"digital talk: HORIZONT Swiss \u201eBewegtbild &#8211; Kampf der Bildschirme\u201d"}]},{"@type":"WebSite","@id":"https:\/\/dfvcg-events.de\/digital-talk\/#website","url":"https:\/\/dfvcg-events.de\/digital-talk\/","name":"Digital Talk","description":"dfv Conference Group","publisher":{"@id":"https:\/\/dfvcg-events.de\/digital-talk\/#organization"},"potentialAction":[{"@type":"SearchAction","target":{"@type":"EntryPoint","urlTemplate":"https:\/\/dfvcg-events.de\/digital-talk\/?s={search_term_string}"},"query-input":{"@type":"PropertyValueSpecification","valueRequired":true,"valueName":"search_term_string"}}],"inLanguage":"de"},{"@type":"Organization","@id":"https:\/\/dfvcg-events.de\/digital-talk\/#organization","name":"Digital Talks | dfv Conference Group","url":"https:\/\/dfvcg-events.de\/digital-talk\/","logo":{"@type":"ImageObject","inLanguage":"de","@id":"https:\/\/dfvcg-events.de\/digital-talk\/#\/schema\/logo\/image\/","url":"https:\/\/dfvcg-events.de\/digital-talk\/wp-content\/uploads\/sites\/14\/2021\/02\/digital-talks-start.jpg","contentUrl":"https:\/\/dfvcg-events.de\/digital-talk\/wp-content\/uploads\/sites\/14\/2021\/02\/digital-talks-start.jpg","width":800,"height":800,"caption":"Digital Talks | dfv Conference Group"},"image":{"@id":"https:\/\/dfvcg-events.de\/digital-talk\/#\/schema\/logo\/image\/"}}]}},"_links":{"self":[{"href":"https:\/\/dfvcg-events.de\/digital-talk\/wp-json\/wp\/v2\/portfolio\/10042","targetHints":{"allow":["GET"]}}],"collection":[{"href":"https:\/\/dfvcg-events.de\/digital-talk\/wp-json\/wp\/v2\/portfolio"}],"about":[{"href":"https:\/\/dfvcg-events.de\/digital-talk\/wp-json\/wp\/v2\/types\/portfolio"}],"author":[{"embeddable":true,"href":"https:\/\/dfvcg-events.de\/digital-talk\/wp-json\/wp\/v2\/users\/4"}],"replies":[{"embeddable":true,"href":"https:\/\/dfvcg-events.de\/digital-talk\/wp-json\/wp\/v2\/comments?post=10042"}],"version-history":[{"count":1,"href":"https:\/\/dfvcg-events.de\/digital-talk\/wp-json\/wp\/v2\/portfolio\/10042\/revisions"}],"predecessor-version":[{"id":18393,"href":"https:\/\/dfvcg-events.de\/digital-talk\/wp-json\/wp\/v2\/portfolio\/10042\/revisions\/18393"}],"wp:featuredmedia":[{"embeddable":true,"href":"https:\/\/dfvcg-events.de\/digital-talk\/wp-json\/wp\/v2\/media\/10518"}],"wp:attachment":[{"href":"https:\/\/dfvcg-events.de\/digital-talk\/wp-json\/wp\/v2\/media?parent=10042"}],"wp:term":[{"taxonomy":"post_tag","embeddable":true,"href":"https:\/\/dfvcg-events.de\/digital-talk\/wp-json\/wp\/v2\/tags?post=10042"},{"taxonomy":"portfolio_entries","embeddable":true,"href":"https:\/\/dfvcg-events.de\/digital-talk\/wp-json\/wp\/v2\/portfolio_entries?post=10042"}],"curies":[{"name":"wp","href":"https:\/\/api.w.org\/{rel}","templated":true}]}}