{"id":4458,"date":"2026-04-28T13:28:41","date_gmt":"2026-04-28T11:28:41","guid":{"rendered":"https:\/\/dfvcg-events.de\/digital-restaurant-day\/?post_type=portfolio&#038;p=4458"},"modified":"2026-04-28T13:25:25","modified_gmt":"2026-04-28T11:25:25","slug":"alina-golla","status":"publish","type":"portfolio","link":"https:\/\/dfvcg-events.de\/digital-restaurant-day\/vortragend\/alina-golla\/","title":{"rendered":"Alina Golla"},"content":{"rendered":"<div id='av_section_1'  class='avia-section av-k7yuhjt1-ed130515dfde2ab83b8b09b38c6a9c95 main_color avia-section-default avia-no-border-styling  avia-builder-el-0  el_before_av_one_fourth  avia-builder-el-first  header-verlauf avia-bg-style-scroll container_wrap fullsize'  ><div class='container av-section-cont-open' ><main  role=\"main\" itemprop=\"mainContentOfPage\"  class='template-page content  av-content-full alpha units'><div class='post-entry post-entry-type-page post-entry-4458'><div class='entry-content-wrapper clearfix'>\n\n<style type=\"text\/css\" data-created_by=\"avia_inline_auto\" id=\"style-css-av-kav2vwa8-de6dff53a3dbe779a5947e552c21718e\">\n#top .av-special-heading.av-kav2vwa8-de6dff53a3dbe779a5947e552c21718e{\npadding-bottom:0;\ncolor:#ffffff;\n}\nbody .av-special-heading.av-kav2vwa8-de6dff53a3dbe779a5947e552c21718e .av-special-heading-tag .heading-char{\nfont-size:25px;\n}\n.av-special-heading.av-kav2vwa8-de6dff53a3dbe779a5947e552c21718e .special-heading-inner-border{\nborder-color:#ffffff;\n}\n.av-special-heading.av-kav2vwa8-de6dff53a3dbe779a5947e552c21718e .av-subheading{\nfont-size:19px;\n}\n<\/style>\n<div  class='av-special-heading av-kav2vwa8-de6dff53a3dbe779a5947e552c21718e av-special-heading-h1 custom-color-heading blockquote modern-quote  avia-builder-el-1  avia-builder-el-no-sibling '><div class='av_custom_color av-subheading av-subheading_above'><p>Digital Restaurant Day<\/p>\n<\/div><h1 class='av-special-heading-tag '  itemprop=\"headline\"  >Vortragende<\/h1><div class=\"special-heading-border\"><div class=\"special-heading-inner-border\"><\/div><\/div><\/div>\n<\/div><\/div><\/main><!-- close content main element --><\/div><\/div><div id='after_section_1'  class='main_color av_default_container_wrap container_wrap fullsize'  ><div class='container av-section-cont-open' ><div class='template-page content  av-content-full alpha units'><div class='post-entry post-entry-type-page post-entry-4458'><div class='entry-content-wrapper clearfix'>\n\n<style type=\"text\/css\" data-created_by=\"avia_inline_auto\" id=\"style-css-av-1hpil-9666fe4db9abbb55e16afcaa46b74565\">\n.flex_column.av-1hpil-9666fe4db9abbb55e16afcaa46b74565{\nborder-radius:0px 0px 0px 0px;\npadding:0px 0px 0px 0px;\n}\n<\/style>\n<div  class='flex_column av-1hpil-9666fe4db9abbb55e16afcaa46b74565 av_one_fourth  avia-builder-el-2  el_after_av_section  el_before_av_three_fourth  avia-builder-el-first  first flex_column_div av-zero-column-padding  '     ><style type=\"text\/css\" data-created_by=\"avia_inline_auto\" id=\"style-css-av-k7z57foz-63127fa559092af82125e3537a4fa2bf\">\n.avia-image-container.av-k7z57foz-63127fa559092af82125e3537a4fa2bf img.avia_image{\nbox-shadow:none;\n}\n.avia-image-container.av-k7z57foz-63127fa559092af82125e3537a4fa2bf .av-image-caption-overlay-center{\ncolor:#ffffff;\n}\n<\/style>\n<div  class='avia-image-container av-k7z57foz-63127fa559092af82125e3537a4fa2bf av-styling-no-styling avia-align-center  avia-builder-el-3  avia-builder-el-no-sibling '   itemprop=\"image\" itemscope=\"itemscope\" itemtype=\"https:\/\/schema.org\/ImageObject\" ><div class=\"avia-image-container-inner\"><div class=\"avia-image-overlay-wrap\"><img decoding=\"async\" fetchpriority=\"high\" class='wp-image-4459 avia-img-lazy-loading-not-4459 avia_image ' src=\"https:\/\/dfvcg-events.de\/digital-restaurant-day\/wp-content\/uploads\/sites\/46\/2026\/04\/Golla-Alina-blueworldgroup_web.png\" alt='' title='Golla-Alina-blueworldgroup_web'  height=\"800\" width=\"600\"  itemprop=\"thumbnailUrl\" srcset=\"https:\/\/dfvcg-events.de\/digital-restaurant-day\/wp-content\/uploads\/sites\/46\/2026\/04\/Golla-Alina-blueworldgroup_web.png 600w, https:\/\/dfvcg-events.de\/digital-restaurant-day\/wp-content\/uploads\/sites\/46\/2026\/04\/Golla-Alina-blueworldgroup_web-529x705.png 529w\" sizes=\"(max-width: 600px) 100vw, 600px\" \/><\/div><\/div><\/div><\/div>\n<style type=\"text\/css\" data-created_by=\"avia_inline_auto\" id=\"style-css-av-q939-36bd9e2970eba44b209398e6adaba9f5\">\n.flex_column.av-q939-36bd9e2970eba44b209398e6adaba9f5{\nborder-radius:0px 0px 0px 0px;\npadding:0px 0px 0px 0px;\n}\n<\/style>\n<div  class='flex_column av-q939-36bd9e2970eba44b209398e6adaba9f5 av_three_fourth  avia-builder-el-4  el_after_av_one_fourth  avia-builder-el-last  flex_column_div av-zero-column-padding  '     ><p>\n<style type=\"text\/css\" data-created_by=\"avia_inline_auto\" id=\"style-css-av-kaux4tv8-0a326dc52aeebabea67dff8874866681\">\n#top .av-special-heading.av-kaux4tv8-0a326dc52aeebabea67dff8874866681{\npadding-bottom:10px;\n}\nbody .av-special-heading.av-kaux4tv8-0a326dc52aeebabea67dff8874866681 .av-special-heading-tag .heading-char{\nfont-size:25px;\n}\n.av-special-heading.av-kaux4tv8-0a326dc52aeebabea67dff8874866681 .av-subheading{\nfont-size:19px;\n}\n<\/style>\n<div  class='av-special-heading av-kaux4tv8-0a326dc52aeebabea67dff8874866681 av-special-heading-h2 blockquote modern-quote  avia-builder-el-5  el_before_av_textblock  avia-builder-el-first '><h2 class='av-special-heading-tag '  itemprop=\"headline\"  >Alina Golla<\/h2><div class='av-subheading av-subheading_below'><p>M&amp;A and Strategy Managerin<br \/>\ncuisyn<\/p>\n<\/div><div class=\"special-heading-border\"><div class=\"special-heading-inner-border\"><\/div><\/div><\/div><br \/>\n<section  class='av_textblock_section av-mnon2f78-4c773582a4d0a217f42d2a733666e7a7 '   itemscope=\"itemscope\" itemtype=\"https:\/\/schema.org\/CreativeWork\" ><div class='avia_textblock'  itemprop=\"text\" ><p>Ich bin seit zwei Jahren bei der blueworld.group t\u00e4tig und in diesem Rahmen auch bei cuisyn als Investment Managerin aktiv. Dort verantworte ich s\u00e4mtliche Transaktionen und treibe strategische Themen voran. Ich habe Digital Business Management und Finance studiert und verf\u00fcge \u00fcber mehrj\u00e4hrige Erfahrung im Startup- sowie im Investmentbereich. Zudem habe ich seit meinem 18. Lebensjahr durchgehend in der Gastronomie gearbeitet.<\/p>\n<\/div><\/section><\/p><\/div><\/p>\n","protected":false},"excerpt":{"rendered":"<p>cuisyn<\/p>\n","protected":false},"author":36,"featured_media":4459,"comment_status":"closed","ping_status":"closed","template":"","meta":{"footnotes":""},"tags":[],"portfolio_entries":[62,61],"class_list":["post-4458","portfolio","type-portfolio","status-publish","has-post-thumbnail","hentry","portfolio_entries-vortragend-feature-2026","portfolio_entries-vortragende-2026"],"yoast_head":"<!-- This site is optimized with the Yoast SEO plugin v27.4 - https:\/\/yoast.com\/product\/yoast-seo-wordpress\/ -->\n<title>Vortragende: Alina Golla - Digital Restaurant Day<\/title>\n<meta name=\"description\" content=\"Digital Restaurant Day | Begr\u00fc\u00dfen Sie auf der B\u00fchne: Alina Golla\" \/>\n<meta name=\"robots\" content=\"index, follow, max-snippet:-1, max-image-preview:large, max-video-preview:-1\" \/>\n<link rel=\"canonical\" href=\"https:\/\/dfvcg-events.de\/digital-restaurant-day\/vortragend\/alina-golla\/\" \/>\n<meta property=\"og:locale\" content=\"de_DE\" \/>\n<meta property=\"og:type\" content=\"article\" \/>\n<meta property=\"og:title\" content=\"Vortragende: Alina Golla - Digital Restaurant Day\" \/>\n<meta property=\"og:description\" content=\"Digital Restaurant Day | Begr\u00fc\u00dfen Sie auf der B\u00fchne: Alina Golla\" \/>\n<meta property=\"og:url\" content=\"https:\/\/dfvcg-events.de\/digital-restaurant-day\/vortragend\/alina-golla\/\" \/>\n<meta property=\"og:site_name\" content=\"Digital Restaurant Day\" \/>\n<meta property=\"article:publisher\" content=\"https:\/\/www.facebook.com\/foodservice.de\" \/>\n<meta property=\"og:image\" content=\"https:\/\/dfvcg-events.de\/digital-restaurant-day\/wp-content\/uploads\/sites\/46\/2026\/04\/Golla-Alina-blueworldgroup_web.png\" \/>\n\t<meta property=\"og:image:width\" content=\"600\" \/>\n\t<meta property=\"og:image:height\" content=\"800\" \/>\n\t<meta property=\"og:image:type\" content=\"image\/png\" \/>\n<meta name=\"twitter:card\" content=\"summary_large_image\" \/>\n<meta name=\"twitter:site\" content=\"@foodservice_de\" \/>\n<meta name=\"twitter:label1\" content=\"Gesch\u00e4tzte Lesezeit\" \/>\n\t<meta name=\"twitter:data1\" content=\"1\u00a0Minute\" \/>\n<script type=\"application\/ld+json\" class=\"yoast-schema-graph\">{\"@context\":\"https:\\\/\\\/schema.org\",\"@graph\":[{\"@type\":\"WebPage\",\"@id\":\"https:\\\/\\\/dfvcg-events.de\\\/digital-restaurant-day\\\/vortragend\\\/alina-golla\\\/\",\"url\":\"https:\\\/\\\/dfvcg-events.de\\\/digital-restaurant-day\\\/vortragend\\\/alina-golla\\\/\",\"name\":\"Vortragende: Alina Golla - Digital Restaurant Day\",\"isPartOf\":{\"@id\":\"https:\\\/\\\/dfvcg-events.de\\\/digital-restaurant-day\\\/#website\"},\"primaryImageOfPage\":{\"@id\":\"https:\\\/\\\/dfvcg-events.de\\\/digital-restaurant-day\\\/vortragend\\\/alina-golla\\\/#primaryimage\"},\"image\":{\"@id\":\"https:\\\/\\\/dfvcg-events.de\\\/digital-restaurant-day\\\/vortragend\\\/alina-golla\\\/#primaryimage\"},\"thumbnailUrl\":\"https:\\\/\\\/dfvcg-events.de\\\/digital-restaurant-day\\\/wp-content\\\/uploads\\\/sites\\\/46\\\/2026\\\/04\\\/Golla-Alina-blueworldgroup_web.png\",\"datePublished\":\"2026-04-28T11:28:41+00:00\",\"description\":\"Digital Restaurant Day | Begr\u00fc\u00dfen Sie auf der B\u00fchne: Alina Golla\",\"breadcrumb\":{\"@id\":\"https:\\\/\\\/dfvcg-events.de\\\/digital-restaurant-day\\\/vortragend\\\/alina-golla\\\/#breadcrumb\"},\"inLanguage\":\"de\",\"potentialAction\":[{\"@type\":\"ReadAction\",\"target\":[\"https:\\\/\\\/dfvcg-events.de\\\/digital-restaurant-day\\\/vortragend\\\/alina-golla\\\/\"]}]},{\"@type\":\"ImageObject\",\"inLanguage\":\"de\",\"@id\":\"https:\\\/\\\/dfvcg-events.de\\\/digital-restaurant-day\\\/vortragend\\\/alina-golla\\\/#primaryimage\",\"url\":\"https:\\\/\\\/dfvcg-events.de\\\/digital-restaurant-day\\\/wp-content\\\/uploads\\\/sites\\\/46\\\/2026\\\/04\\\/Golla-Alina-blueworldgroup_web.png\",\"contentUrl\":\"https:\\\/\\\/dfvcg-events.de\\\/digital-restaurant-day\\\/wp-content\\\/uploads\\\/sites\\\/46\\\/2026\\\/04\\\/Golla-Alina-blueworldgroup_web.png\",\"width\":600,\"height\":800},{\"@type\":\"BreadcrumbList\",\"@id\":\"https:\\\/\\\/dfvcg-events.de\\\/digital-restaurant-day\\\/vortragend\\\/alina-golla\\\/#breadcrumb\",\"itemListElement\":[{\"@type\":\"ListItem\",\"position\":1,\"name\":\"Startseite\",\"item\":\"https:\\\/\\\/dfvcg-events.de\\\/digital-restaurant-day\\\/\"},{\"@type\":\"ListItem\",\"position\":2,\"name\":\"Alina Golla\"}]},{\"@type\":\"WebSite\",\"@id\":\"https:\\\/\\\/dfvcg-events.de\\\/digital-restaurant-day\\\/#website\",\"url\":\"https:\\\/\\\/dfvcg-events.de\\\/digital-restaurant-day\\\/\",\"name\":\"Digital Restaurant Day\",\"description\":\"dfv Conference Group\",\"publisher\":{\"@id\":\"https:\\\/\\\/dfvcg-events.de\\\/digital-restaurant-day\\\/#organization\"},\"potentialAction\":[{\"@type\":\"SearchAction\",\"target\":{\"@type\":\"EntryPoint\",\"urlTemplate\":\"https:\\\/\\\/dfvcg-events.de\\\/digital-restaurant-day\\\/?s={search_term_string}\"},\"query-input\":{\"@type\":\"PropertyValueSpecification\",\"valueRequired\":true,\"valueName\":\"search_term_string\"}}],\"inLanguage\":\"de\"},{\"@type\":\"Organization\",\"@id\":\"https:\\\/\\\/dfvcg-events.de\\\/digital-restaurant-day\\\/#organization\",\"name\":\"Digital Restaurant Day\",\"url\":\"https:\\\/\\\/dfvcg-events.de\\\/digital-restaurant-day\\\/\",\"logo\":{\"@type\":\"ImageObject\",\"inLanguage\":\"de\",\"@id\":\"https:\\\/\\\/dfvcg-events.de\\\/digital-restaurant-day\\\/#\\\/schema\\\/logo\\\/image\\\/\",\"url\":\"https:\\\/\\\/dfvcg-events.de\\\/digital-restaurant-day\\\/wp-content\\\/uploads\\\/sites\\\/46\\\/2022\\\/11\\\/digital-restaurant-day-800x800px.jpg\",\"contentUrl\":\"https:\\\/\\\/dfvcg-events.de\\\/digital-restaurant-day\\\/wp-content\\\/uploads\\\/sites\\\/46\\\/2022\\\/11\\\/digital-restaurant-day-800x800px.jpg\",\"width\":800,\"height\":800,\"caption\":\"Digital Restaurant Day\"},\"image\":{\"@id\":\"https:\\\/\\\/dfvcg-events.de\\\/digital-restaurant-day\\\/#\\\/schema\\\/logo\\\/image\\\/\"},\"sameAs\":[\"https:\\\/\\\/www.facebook.com\\\/foodservice.de\",\"https:\\\/\\\/x.com\\\/foodservice_de\"]}]}<\/script>\n<!-- \/ Yoast SEO plugin. -->","yoast_head_json":{"title":"Vortragende: Alina Golla - Digital Restaurant Day","description":"Digital Restaurant Day | Begr\u00fc\u00dfen Sie auf der B\u00fchne: Alina Golla","robots":{"index":"index","follow":"follow","max-snippet":"max-snippet:-1","max-image-preview":"max-image-preview:large","max-video-preview":"max-video-preview:-1"},"canonical":"https:\/\/dfvcg-events.de\/digital-restaurant-day\/vortragend\/alina-golla\/","og_locale":"de_DE","og_type":"article","og_title":"Vortragende: Alina Golla - Digital Restaurant Day","og_description":"Digital Restaurant Day | Begr\u00fc\u00dfen Sie auf der B\u00fchne: Alina Golla","og_url":"https:\/\/dfvcg-events.de\/digital-restaurant-day\/vortragend\/alina-golla\/","og_site_name":"Digital Restaurant Day","article_publisher":"https:\/\/www.facebook.com\/foodservice.de","og_image":[{"width":600,"height":800,"url":"https:\/\/dfvcg-events.de\/digital-restaurant-day\/wp-content\/uploads\/sites\/46\/2026\/04\/Golla-Alina-blueworldgroup_web.png","type":"image\/png"}],"twitter_card":"summary_large_image","twitter_site":"@foodservice_de","twitter_misc":{"Gesch\u00e4tzte Lesezeit":"1\u00a0Minute"},"schema":{"@context":"https:\/\/schema.org","@graph":[{"@type":"WebPage","@id":"https:\/\/dfvcg-events.de\/digital-restaurant-day\/vortragend\/alina-golla\/","url":"https:\/\/dfvcg-events.de\/digital-restaurant-day\/vortragend\/alina-golla\/","name":"Vortragende: Alina Golla - Digital Restaurant Day","isPartOf":{"@id":"https:\/\/dfvcg-events.de\/digital-restaurant-day\/#website"},"primaryImageOfPage":{"@id":"https:\/\/dfvcg-events.de\/digital-restaurant-day\/vortragend\/alina-golla\/#primaryimage"},"image":{"@id":"https:\/\/dfvcg-events.de\/digital-restaurant-day\/vortragend\/alina-golla\/#primaryimage"},"thumbnailUrl":"https:\/\/dfvcg-events.de\/digital-restaurant-day\/wp-content\/uploads\/sites\/46\/2026\/04\/Golla-Alina-blueworldgroup_web.png","datePublished":"2026-04-28T11:28:41+00:00","description":"Digital Restaurant Day | Begr\u00fc\u00dfen Sie auf der B\u00fchne: Alina Golla","breadcrumb":{"@id":"https:\/\/dfvcg-events.de\/digital-restaurant-day\/vortragend\/alina-golla\/#breadcrumb"},"inLanguage":"de","potentialAction":[{"@type":"ReadAction","target":["https:\/\/dfvcg-events.de\/digital-restaurant-day\/vortragend\/alina-golla\/"]}]},{"@type":"ImageObject","inLanguage":"de","@id":"https:\/\/dfvcg-events.de\/digital-restaurant-day\/vortragend\/alina-golla\/#primaryimage","url":"https:\/\/dfvcg-events.de\/digital-restaurant-day\/wp-content\/uploads\/sites\/46\/2026\/04\/Golla-Alina-blueworldgroup_web.png","contentUrl":"https:\/\/dfvcg-events.de\/digital-restaurant-day\/wp-content\/uploads\/sites\/46\/2026\/04\/Golla-Alina-blueworldgroup_web.png","width":600,"height":800},{"@type":"BreadcrumbList","@id":"https:\/\/dfvcg-events.de\/digital-restaurant-day\/vortragend\/alina-golla\/#breadcrumb","itemListElement":[{"@type":"ListItem","position":1,"name":"Startseite","item":"https:\/\/dfvcg-events.de\/digital-restaurant-day\/"},{"@type":"ListItem","position":2,"name":"Alina Golla"}]},{"@type":"WebSite","@id":"https:\/\/dfvcg-events.de\/digital-restaurant-day\/#website","url":"https:\/\/dfvcg-events.de\/digital-restaurant-day\/","name":"Digital Restaurant Day","description":"dfv Conference Group","publisher":{"@id":"https:\/\/dfvcg-events.de\/digital-restaurant-day\/#organization"},"potentialAction":[{"@type":"SearchAction","target":{"@type":"EntryPoint","urlTemplate":"https:\/\/dfvcg-events.de\/digital-restaurant-day\/?s={search_term_string}"},"query-input":{"@type":"PropertyValueSpecification","valueRequired":true,"valueName":"search_term_string"}}],"inLanguage":"de"},{"@type":"Organization","@id":"https:\/\/dfvcg-events.de\/digital-restaurant-day\/#organization","name":"Digital Restaurant Day","url":"https:\/\/dfvcg-events.de\/digital-restaurant-day\/","logo":{"@type":"ImageObject","inLanguage":"de","@id":"https:\/\/dfvcg-events.de\/digital-restaurant-day\/#\/schema\/logo\/image\/","url":"https:\/\/dfvcg-events.de\/digital-restaurant-day\/wp-content\/uploads\/sites\/46\/2022\/11\/digital-restaurant-day-800x800px.jpg","contentUrl":"https:\/\/dfvcg-events.de\/digital-restaurant-day\/wp-content\/uploads\/sites\/46\/2022\/11\/digital-restaurant-day-800x800px.jpg","width":800,"height":800,"caption":"Digital Restaurant Day"},"image":{"@id":"https:\/\/dfvcg-events.de\/digital-restaurant-day\/#\/schema\/logo\/image\/"},"sameAs":["https:\/\/www.facebook.com\/foodservice.de","https:\/\/x.com\/foodservice_de"]}]}},"_links":{"self":[{"href":"https:\/\/dfvcg-events.de\/digital-restaurant-day\/wp-json\/wp\/v2\/portfolio\/4458","targetHints":{"allow":["GET"]}}],"collection":[{"href":"https:\/\/dfvcg-events.de\/digital-restaurant-day\/wp-json\/wp\/v2\/portfolio"}],"about":[{"href":"https:\/\/dfvcg-events.de\/digital-restaurant-day\/wp-json\/wp\/v2\/types\/portfolio"}],"author":[{"embeddable":true,"href":"https:\/\/dfvcg-events.de\/digital-restaurant-day\/wp-json\/wp\/v2\/users\/36"}],"replies":[{"embeddable":true,"href":"https:\/\/dfvcg-events.de\/digital-restaurant-day\/wp-json\/wp\/v2\/comments?post=4458"}],"version-history":[{"count":2,"href":"https:\/\/dfvcg-events.de\/digital-restaurant-day\/wp-json\/wp\/v2\/portfolio\/4458\/revisions"}],"predecessor-version":[{"id":4646,"href":"https:\/\/dfvcg-events.de\/digital-restaurant-day\/wp-json\/wp\/v2\/portfolio\/4458\/revisions\/4646"}],"wp:featuredmedia":[{"embeddable":true,"href":"https:\/\/dfvcg-events.de\/digital-restaurant-day\/wp-json\/wp\/v2\/media\/4459"}],"wp:attachment":[{"href":"https:\/\/dfvcg-events.de\/digital-restaurant-day\/wp-json\/wp\/v2\/media?parent=4458"}],"wp:term":[{"taxonomy":"post_tag","embeddable":true,"href":"https:\/\/dfvcg-events.de\/digital-restaurant-day\/wp-json\/wp\/v2\/tags?post=4458"},{"taxonomy":"portfolio_entries","embeddable":true,"href":"https:\/\/dfvcg-events.de\/digital-restaurant-day\/wp-json\/wp\/v2\/portfolio_entries?post=4458"}],"curies":[{"name":"wp","href":"https:\/\/api.w.org\/{rel}","templated":true}]}}