{"id":3271,"date":"2025-03-12T11:55:43","date_gmt":"2025-03-12T10:55:43","guid":{"rendered":"https:\/\/dfvcg-events.de\/digital-restaurant-day\/?post_type=portfolio&#038;p=3271"},"modified":"2026-04-22T16:15:11","modified_gmt":"2026-04-22T14:15:11","slug":"daniel-gantenberg","status":"publish","type":"portfolio","link":"https:\/\/dfvcg-events.de\/digital-restaurant-day\/vortragend\/daniel-gantenberg\/","title":{"rendered":"Daniel Gantenberg"},"content":{"rendered":"<div id='av_section_1'  class='avia-section av-k7yuhjt1-ed130515dfde2ab83b8b09b38c6a9c95 main_color avia-section-default avia-no-border-styling  avia-builder-el-0  el_before_av_one_fourth  avia-builder-el-first  header-verlauf avia-bg-style-scroll container_wrap fullsize'  ><div class='container av-section-cont-open' ><main  role=\"main\" itemprop=\"mainContentOfPage\"  class='template-page content  av-content-full alpha units'><div class='post-entry post-entry-type-page post-entry-3271'><div class='entry-content-wrapper clearfix'>\n\n<style type=\"text\/css\" data-created_by=\"avia_inline_auto\" id=\"style-css-av-kav2vwa8-c38cf03bbb9ed7bb8d4266b996c1246b\">\n#top .av-special-heading.av-kav2vwa8-c38cf03bbb9ed7bb8d4266b996c1246b{\npadding-bottom:0;\ncolor:#ffffff;\n}\nbody .av-special-heading.av-kav2vwa8-c38cf03bbb9ed7bb8d4266b996c1246b .av-special-heading-tag .heading-char{\nfont-size:25px;\n}\n.av-special-heading.av-kav2vwa8-c38cf03bbb9ed7bb8d4266b996c1246b .special-heading-inner-border{\nborder-color:#ffffff;\n}\n.av-special-heading.av-kav2vwa8-c38cf03bbb9ed7bb8d4266b996c1246b .av-subheading{\nfont-size:19px;\n}\n<\/style>\n<div  class='av-special-heading av-kav2vwa8-c38cf03bbb9ed7bb8d4266b996c1246b av-special-heading-h1 custom-color-heading blockquote modern-quote  avia-builder-el-1  avia-builder-el-no-sibling '><div class='av_custom_color av-subheading av-subheading_above'><p>Digital Restaurant Day<\/p>\n<\/div><h1 class='av-special-heading-tag '  itemprop=\"headline\"  >Vortragende 2026<\/h1><div class=\"special-heading-border\"><div class=\"special-heading-inner-border\"><\/div><\/div><\/div>\n<\/div><\/div><\/main><!-- close content main element --><\/div><\/div><div id='after_section_1'  class='main_color av_default_container_wrap container_wrap fullsize'  ><div class='container av-section-cont-open' ><div class='template-page content  av-content-full alpha units'><div class='post-entry post-entry-type-page post-entry-3271'><div class='entry-content-wrapper clearfix'>\n<style type=\"text\/css\" data-created_by=\"avia_inline_auto\" id=\"style-css-av-1hpil-9666fe4db9abbb55e16afcaa46b74565\">\n.flex_column.av-1hpil-9666fe4db9abbb55e16afcaa46b74565{\nborder-radius:0px 0px 0px 0px;\npadding:0px 0px 0px 0px;\n}\n<\/style>\n<div  class='flex_column av-1hpil-9666fe4db9abbb55e16afcaa46b74565 av_one_fourth  avia-builder-el-2  el_after_av_section  el_before_av_three_fourth  avia-builder-el-first  first flex_column_div av-zero-column-padding  '     ><style type=\"text\/css\" data-created_by=\"avia_inline_auto\" id=\"style-css-av-k7z57foz-016962832a033007e41e7fce99fb807f\">\n.avia-image-container.av-k7z57foz-016962832a033007e41e7fce99fb807f img.avia_image{\nbox-shadow:none;\n}\n.avia-image-container.av-k7z57foz-016962832a033007e41e7fce99fb807f .av-image-caption-overlay-center{\ncolor:#ffffff;\n}\n<\/style>\n<div  class='avia-image-container av-k7z57foz-016962832a033007e41e7fce99fb807f av-styling-no-styling avia-align-center  avia-builder-el-3  avia-builder-el-no-sibling '   itemprop=\"image\" itemscope=\"itemscope\" itemtype=\"https:\/\/schema.org\/ImageObject\" ><div class=\"avia-image-container-inner\"><div class=\"avia-image-overlay-wrap\"><img decoding=\"async\" fetchpriority=\"high\" class='wp-image-3256 avia-img-lazy-loading-not-3256 avia_image ' src=\"https:\/\/dfvcg-events.de\/digital-restaurant-day\/wp-content\/uploads\/sites\/46\/2025\/03\/Gantenberg-Daniel-Concept-Family-web.jpg\" alt='' title='Gantenberg-Daniel-Concept-Family-web'  height=\"5495\" width=\"4121\"  itemprop=\"thumbnailUrl\" srcset=\"https:\/\/dfvcg-events.de\/digital-restaurant-day\/wp-content\/uploads\/sites\/46\/2025\/03\/Gantenberg-Daniel-Concept-Family-web.jpg 4121w, https:\/\/dfvcg-events.de\/digital-restaurant-day\/wp-content\/uploads\/sites\/46\/2025\/03\/Gantenberg-Daniel-Concept-Family-web-529x705.jpg 529w\" sizes=\"(max-width: 4121px) 100vw, 4121px\" \/><\/div><\/div><\/div><\/div><\/p>\n\n<style type=\"text\/css\" data-created_by=\"avia_inline_auto\" id=\"style-css-av-q939-36bd9e2970eba44b209398e6adaba9f5\">\n.flex_column.av-q939-36bd9e2970eba44b209398e6adaba9f5{\nborder-radius:0px 0px 0px 0px;\npadding:0px 0px 0px 0px;\n}\n<\/style>\n<div  class='flex_column av-q939-36bd9e2970eba44b209398e6adaba9f5 av_three_fourth  avia-builder-el-4  el_after_av_one_fourth  avia-builder-el-last  flex_column_div av-zero-column-padding  '     ><p>\n<style type=\"text\/css\" data-created_by=\"avia_inline_auto\" id=\"style-css-av-kaux4tv8-7304f6a9e54191e1ffc531289ed8232b\">\n#top .av-special-heading.av-kaux4tv8-7304f6a9e54191e1ffc531289ed8232b{\npadding-bottom:10px;\n}\nbody .av-special-heading.av-kaux4tv8-7304f6a9e54191e1ffc531289ed8232b .av-special-heading-tag .heading-char{\nfont-size:25px;\n}\n.av-special-heading.av-kaux4tv8-7304f6a9e54191e1ffc531289ed8232b .av-subheading{\nfont-size:19px;\n}\n<\/style>\n<div  class='av-special-heading av-kaux4tv8-7304f6a9e54191e1ffc531289ed8232b av-special-heading-h2 blockquote modern-quote  avia-builder-el-5  el_before_av_textblock  avia-builder-el-first '><h2 class='av-special-heading-tag '  itemprop=\"headline\"  >Daniel Gantenberg<\/h2><div class='av-subheading av-subheading_below'><p>Vorstand<br \/>\nCONCEPT FAMILY Franchise<\/p>\n<\/div><div class=\"special-heading-border\"><div class=\"special-heading-inner-border\"><\/div><\/div><\/div><br \/>\n<section  class='av_textblock_section av-k7yuci90-cc8f536f476c354fb273c6b3e8aa0dbd '   itemscope=\"itemscope\" itemtype=\"https:\/\/schema.org\/CreativeWork\" ><div class='avia_textblock'  itemprop=\"text\" ><p>Daniel ist seit Januar 2022 Vorstand der CONCEPT FAMILY Franchise AG (vormals Enchilada Gruppe) und verantwortet die Ressorts Operations sowie Konzeptmanagement. Dar\u00fcber hinaus entwickelt und steuert Daniel die Digitalisierungsstrategie der Unternehmensgruppe. Gleichzeitig ist Daniel Gantenberg ist seit 2016 Gesch\u00e4ftsf\u00fchrer der GastroExperts, einer Unternehmensberatung f\u00fcr Gastronomen. Davor war Daniel selbst Teilhaber und Gesch\u00e4ftsf\u00fchrer von Betrieben der CONCEPT FAMILY. Daniel studierte an der Universit\u00e4t Koblenz-Landau Informationsmanagement.<\/p>\n<\/div><\/section><\/p><\/div>\n","protected":false},"excerpt":{"rendered":"<p>CONCEPT FAMILY Franchise<\/p>\n","protected":false},"author":4,"featured_media":3256,"comment_status":"closed","ping_status":"closed","template":"","meta":{"footnotes":""},"tags":[],"portfolio_entries":[59,58,61],"class_list":["post-3271","portfolio","type-portfolio","status-publish","has-post-thumbnail","hentry","portfolio_entries-vortragend-feature-2025","portfolio_entries-vortragende-2025","portfolio_entries-vortragende-2026"],"yoast_head":"<!-- This site is optimized with the Yoast SEO plugin v27.4 - https:\/\/yoast.com\/product\/yoast-seo-wordpress\/ -->\n<title>Vortragende: Daniel Gantenberg - Digital Restaurant Day<\/title>\n<meta name=\"description\" content=\"Digital Restaurant Day | Begr\u00fc\u00dfen Sie auf der B\u00fchne: Daniel Gantenberg\" \/>\n<meta name=\"robots\" content=\"index, follow, max-snippet:-1, max-image-preview:large, max-video-preview:-1\" \/>\n<link rel=\"canonical\" href=\"https:\/\/dfvcg-events.de\/digital-restaurant-day\/vortragend\/daniel-gantenberg\/\" \/>\n<meta property=\"og:locale\" content=\"de_DE\" \/>\n<meta property=\"og:type\" content=\"article\" \/>\n<meta property=\"og:title\" content=\"Vortragende: Daniel Gantenberg - Digital Restaurant Day\" \/>\n<meta property=\"og:description\" content=\"Digital Restaurant Day | Begr\u00fc\u00dfen Sie auf der B\u00fchne: Daniel Gantenberg\" \/>\n<meta property=\"og:url\" content=\"https:\/\/dfvcg-events.de\/digital-restaurant-day\/vortragend\/daniel-gantenberg\/\" \/>\n<meta property=\"og:site_name\" content=\"Digital Restaurant Day\" \/>\n<meta property=\"article:publisher\" content=\"https:\/\/www.facebook.com\/foodservice.de\" \/>\n<meta property=\"article:modified_time\" content=\"2026-04-22T14:15:11+00:00\" \/>\n<meta property=\"og:image\" content=\"https:\/\/dfvcg-events.de\/digital-restaurant-day\/wp-content\/uploads\/sites\/46\/2025\/03\/Gantenberg-Daniel-Concept-Family-web.jpg\" \/>\n\t<meta property=\"og:image:width\" content=\"772\" \/>\n\t<meta property=\"og:image:height\" content=\"1030\" \/>\n\t<meta property=\"og:image:type\" content=\"image\/jpeg\" \/>\n<meta name=\"twitter:card\" content=\"summary_large_image\" \/>\n<meta name=\"twitter:site\" content=\"@foodservice_de\" \/>\n<meta name=\"twitter:label1\" content=\"Gesch\u00e4tzte Lesezeit\" \/>\n\t<meta name=\"twitter:data1\" content=\"1\u00a0Minute\" \/>\n<script type=\"application\/ld+json\" class=\"yoast-schema-graph\">{\"@context\":\"https:\\\/\\\/schema.org\",\"@graph\":[{\"@type\":\"WebPage\",\"@id\":\"https:\\\/\\\/dfvcg-events.de\\\/digital-restaurant-day\\\/vortragend\\\/daniel-gantenberg\\\/\",\"url\":\"https:\\\/\\\/dfvcg-events.de\\\/digital-restaurant-day\\\/vortragend\\\/daniel-gantenberg\\\/\",\"name\":\"Vortragende: Daniel Gantenberg - Digital Restaurant Day\",\"isPartOf\":{\"@id\":\"https:\\\/\\\/dfvcg-events.de\\\/digital-restaurant-day\\\/#website\"},\"primaryImageOfPage\":{\"@id\":\"https:\\\/\\\/dfvcg-events.de\\\/digital-restaurant-day\\\/vortragend\\\/daniel-gantenberg\\\/#primaryimage\"},\"image\":{\"@id\":\"https:\\\/\\\/dfvcg-events.de\\\/digital-restaurant-day\\\/vortragend\\\/daniel-gantenberg\\\/#primaryimage\"},\"thumbnailUrl\":\"https:\\\/\\\/dfvcg-events.de\\\/digital-restaurant-day\\\/wp-content\\\/uploads\\\/sites\\\/46\\\/2025\\\/03\\\/Gantenberg-Daniel-Concept-Family-web.jpg\",\"datePublished\":\"2025-03-12T10:55:43+00:00\",\"dateModified\":\"2026-04-22T14:15:11+00:00\",\"description\":\"Digital Restaurant Day | Begr\u00fc\u00dfen Sie auf der B\u00fchne: Daniel Gantenberg\",\"breadcrumb\":{\"@id\":\"https:\\\/\\\/dfvcg-events.de\\\/digital-restaurant-day\\\/vortragend\\\/daniel-gantenberg\\\/#breadcrumb\"},\"inLanguage\":\"de\",\"potentialAction\":[{\"@type\":\"ReadAction\",\"target\":[\"https:\\\/\\\/dfvcg-events.de\\\/digital-restaurant-day\\\/vortragend\\\/daniel-gantenberg\\\/\"]}]},{\"@type\":\"ImageObject\",\"inLanguage\":\"de\",\"@id\":\"https:\\\/\\\/dfvcg-events.de\\\/digital-restaurant-day\\\/vortragend\\\/daniel-gantenberg\\\/#primaryimage\",\"url\":\"https:\\\/\\\/dfvcg-events.de\\\/digital-restaurant-day\\\/wp-content\\\/uploads\\\/sites\\\/46\\\/2025\\\/03\\\/Gantenberg-Daniel-Concept-Family-web.jpg\",\"contentUrl\":\"https:\\\/\\\/dfvcg-events.de\\\/digital-restaurant-day\\\/wp-content\\\/uploads\\\/sites\\\/46\\\/2025\\\/03\\\/Gantenberg-Daniel-Concept-Family-web.jpg\",\"width\":4121,\"height\":5495},{\"@type\":\"BreadcrumbList\",\"@id\":\"https:\\\/\\\/dfvcg-events.de\\\/digital-restaurant-day\\\/vortragend\\\/daniel-gantenberg\\\/#breadcrumb\",\"itemListElement\":[{\"@type\":\"ListItem\",\"position\":1,\"name\":\"Startseite\",\"item\":\"https:\\\/\\\/dfvcg-events.de\\\/digital-restaurant-day\\\/\"},{\"@type\":\"ListItem\",\"position\":2,\"name\":\"Daniel Gantenberg\"}]},{\"@type\":\"WebSite\",\"@id\":\"https:\\\/\\\/dfvcg-events.de\\\/digital-restaurant-day\\\/#website\",\"url\":\"https:\\\/\\\/dfvcg-events.de\\\/digital-restaurant-day\\\/\",\"name\":\"Digital Restaurant Day\",\"description\":\"dfv Conference Group\",\"publisher\":{\"@id\":\"https:\\\/\\\/dfvcg-events.de\\\/digital-restaurant-day\\\/#organization\"},\"potentialAction\":[{\"@type\":\"SearchAction\",\"target\":{\"@type\":\"EntryPoint\",\"urlTemplate\":\"https:\\\/\\\/dfvcg-events.de\\\/digital-restaurant-day\\\/?s={search_term_string}\"},\"query-input\":{\"@type\":\"PropertyValueSpecification\",\"valueRequired\":true,\"valueName\":\"search_term_string\"}}],\"inLanguage\":\"de\"},{\"@type\":\"Organization\",\"@id\":\"https:\\\/\\\/dfvcg-events.de\\\/digital-restaurant-day\\\/#organization\",\"name\":\"Digital Restaurant Day\",\"url\":\"https:\\\/\\\/dfvcg-events.de\\\/digital-restaurant-day\\\/\",\"logo\":{\"@type\":\"ImageObject\",\"inLanguage\":\"de\",\"@id\":\"https:\\\/\\\/dfvcg-events.de\\\/digital-restaurant-day\\\/#\\\/schema\\\/logo\\\/image\\\/\",\"url\":\"https:\\\/\\\/dfvcg-events.de\\\/digital-restaurant-day\\\/wp-content\\\/uploads\\\/sites\\\/46\\\/2022\\\/11\\\/digital-restaurant-day-800x800px.jpg\",\"contentUrl\":\"https:\\\/\\\/dfvcg-events.de\\\/digital-restaurant-day\\\/wp-content\\\/uploads\\\/sites\\\/46\\\/2022\\\/11\\\/digital-restaurant-day-800x800px.jpg\",\"width\":800,\"height\":800,\"caption\":\"Digital Restaurant Day\"},\"image\":{\"@id\":\"https:\\\/\\\/dfvcg-events.de\\\/digital-restaurant-day\\\/#\\\/schema\\\/logo\\\/image\\\/\"},\"sameAs\":[\"https:\\\/\\\/www.facebook.com\\\/foodservice.de\",\"https:\\\/\\\/x.com\\\/foodservice_de\"]}]}<\/script>\n<!-- \/ Yoast SEO plugin. -->","yoast_head_json":{"title":"Vortragende: Daniel Gantenberg - Digital Restaurant Day","description":"Digital Restaurant Day | Begr\u00fc\u00dfen Sie auf der B\u00fchne: Daniel Gantenberg","robots":{"index":"index","follow":"follow","max-snippet":"max-snippet:-1","max-image-preview":"max-image-preview:large","max-video-preview":"max-video-preview:-1"},"canonical":"https:\/\/dfvcg-events.de\/digital-restaurant-day\/vortragend\/daniel-gantenberg\/","og_locale":"de_DE","og_type":"article","og_title":"Vortragende: Daniel Gantenberg - Digital Restaurant Day","og_description":"Digital Restaurant Day | Begr\u00fc\u00dfen Sie auf der B\u00fchne: Daniel Gantenberg","og_url":"https:\/\/dfvcg-events.de\/digital-restaurant-day\/vortragend\/daniel-gantenberg\/","og_site_name":"Digital Restaurant Day","article_publisher":"https:\/\/www.facebook.com\/foodservice.de","article_modified_time":"2026-04-22T14:15:11+00:00","og_image":[{"url":"https:\/\/dfvcg-events.de\/digital-restaurant-day\/wp-content\/uploads\/sites\/46\/2025\/03\/Gantenberg-Daniel-Concept-Family-web.jpg","width":772,"height":1030,"type":"image\/jpeg"}],"twitter_card":"summary_large_image","twitter_site":"@foodservice_de","twitter_misc":{"Gesch\u00e4tzte Lesezeit":"1\u00a0Minute"},"schema":{"@context":"https:\/\/schema.org","@graph":[{"@type":"WebPage","@id":"https:\/\/dfvcg-events.de\/digital-restaurant-day\/vortragend\/daniel-gantenberg\/","url":"https:\/\/dfvcg-events.de\/digital-restaurant-day\/vortragend\/daniel-gantenberg\/","name":"Vortragende: Daniel Gantenberg - Digital Restaurant Day","isPartOf":{"@id":"https:\/\/dfvcg-events.de\/digital-restaurant-day\/#website"},"primaryImageOfPage":{"@id":"https:\/\/dfvcg-events.de\/digital-restaurant-day\/vortragend\/daniel-gantenberg\/#primaryimage"},"image":{"@id":"https:\/\/dfvcg-events.de\/digital-restaurant-day\/vortragend\/daniel-gantenberg\/#primaryimage"},"thumbnailUrl":"https:\/\/dfvcg-events.de\/digital-restaurant-day\/wp-content\/uploads\/sites\/46\/2025\/03\/Gantenberg-Daniel-Concept-Family-web.jpg","datePublished":"2025-03-12T10:55:43+00:00","dateModified":"2026-04-22T14:15:11+00:00","description":"Digital Restaurant Day | Begr\u00fc\u00dfen Sie auf der B\u00fchne: Daniel Gantenberg","breadcrumb":{"@id":"https:\/\/dfvcg-events.de\/digital-restaurant-day\/vortragend\/daniel-gantenberg\/#breadcrumb"},"inLanguage":"de","potentialAction":[{"@type":"ReadAction","target":["https:\/\/dfvcg-events.de\/digital-restaurant-day\/vortragend\/daniel-gantenberg\/"]}]},{"@type":"ImageObject","inLanguage":"de","@id":"https:\/\/dfvcg-events.de\/digital-restaurant-day\/vortragend\/daniel-gantenberg\/#primaryimage","url":"https:\/\/dfvcg-events.de\/digital-restaurant-day\/wp-content\/uploads\/sites\/46\/2025\/03\/Gantenberg-Daniel-Concept-Family-web.jpg","contentUrl":"https:\/\/dfvcg-events.de\/digital-restaurant-day\/wp-content\/uploads\/sites\/46\/2025\/03\/Gantenberg-Daniel-Concept-Family-web.jpg","width":4121,"height":5495},{"@type":"BreadcrumbList","@id":"https:\/\/dfvcg-events.de\/digital-restaurant-day\/vortragend\/daniel-gantenberg\/#breadcrumb","itemListElement":[{"@type":"ListItem","position":1,"name":"Startseite","item":"https:\/\/dfvcg-events.de\/digital-restaurant-day\/"},{"@type":"ListItem","position":2,"name":"Daniel Gantenberg"}]},{"@type":"WebSite","@id":"https:\/\/dfvcg-events.de\/digital-restaurant-day\/#website","url":"https:\/\/dfvcg-events.de\/digital-restaurant-day\/","name":"Digital Restaurant Day","description":"dfv Conference Group","publisher":{"@id":"https:\/\/dfvcg-events.de\/digital-restaurant-day\/#organization"},"potentialAction":[{"@type":"SearchAction","target":{"@type":"EntryPoint","urlTemplate":"https:\/\/dfvcg-events.de\/digital-restaurant-day\/?s={search_term_string}"},"query-input":{"@type":"PropertyValueSpecification","valueRequired":true,"valueName":"search_term_string"}}],"inLanguage":"de"},{"@type":"Organization","@id":"https:\/\/dfvcg-events.de\/digital-restaurant-day\/#organization","name":"Digital Restaurant Day","url":"https:\/\/dfvcg-events.de\/digital-restaurant-day\/","logo":{"@type":"ImageObject","inLanguage":"de","@id":"https:\/\/dfvcg-events.de\/digital-restaurant-day\/#\/schema\/logo\/image\/","url":"https:\/\/dfvcg-events.de\/digital-restaurant-day\/wp-content\/uploads\/sites\/46\/2022\/11\/digital-restaurant-day-800x800px.jpg","contentUrl":"https:\/\/dfvcg-events.de\/digital-restaurant-day\/wp-content\/uploads\/sites\/46\/2022\/11\/digital-restaurant-day-800x800px.jpg","width":800,"height":800,"caption":"Digital Restaurant Day"},"image":{"@id":"https:\/\/dfvcg-events.de\/digital-restaurant-day\/#\/schema\/logo\/image\/"},"sameAs":["https:\/\/www.facebook.com\/foodservice.de","https:\/\/x.com\/foodservice_de"]}]}},"_links":{"self":[{"href":"https:\/\/dfvcg-events.de\/digital-restaurant-day\/wp-json\/wp\/v2\/portfolio\/3271","targetHints":{"allow":["GET"]}}],"collection":[{"href":"https:\/\/dfvcg-events.de\/digital-restaurant-day\/wp-json\/wp\/v2\/portfolio"}],"about":[{"href":"https:\/\/dfvcg-events.de\/digital-restaurant-day\/wp-json\/wp\/v2\/types\/portfolio"}],"author":[{"embeddable":true,"href":"https:\/\/dfvcg-events.de\/digital-restaurant-day\/wp-json\/wp\/v2\/users\/4"}],"replies":[{"embeddable":true,"href":"https:\/\/dfvcg-events.de\/digital-restaurant-day\/wp-json\/wp\/v2\/comments?post=3271"}],"version-history":[{"count":7,"href":"https:\/\/dfvcg-events.de\/digital-restaurant-day\/wp-json\/wp\/v2\/portfolio\/3271\/revisions"}],"predecessor-version":[{"id":4526,"href":"https:\/\/dfvcg-events.de\/digital-restaurant-day\/wp-json\/wp\/v2\/portfolio\/3271\/revisions\/4526"}],"wp:featuredmedia":[{"embeddable":true,"href":"https:\/\/dfvcg-events.de\/digital-restaurant-day\/wp-json\/wp\/v2\/media\/3256"}],"wp:attachment":[{"href":"https:\/\/dfvcg-events.de\/digital-restaurant-day\/wp-json\/wp\/v2\/media?parent=3271"}],"wp:term":[{"taxonomy":"post_tag","embeddable":true,"href":"https:\/\/dfvcg-events.de\/digital-restaurant-day\/wp-json\/wp\/v2\/tags?post=3271"},{"taxonomy":"portfolio_entries","embeddable":true,"href":"https:\/\/dfvcg-events.de\/digital-restaurant-day\/wp-json\/wp\/v2\/portfolio_entries?post=3271"}],"curies":[{"name":"wp","href":"https:\/\/api.w.org\/{rel}","templated":true}]}}