{"id":2749,"date":"2024-06-05T14:14:29","date_gmt":"2024-06-05T12:14:29","guid":{"rendered":"https:\/\/dfvcg-events.de\/digital-restaurant-day\/?post_type=portfolio&#038;p=2749"},"modified":"2024-06-05T14:14:29","modified_gmt":"2024-06-05T12:14:29","slug":"juergen-schmid","status":"publish","type":"portfolio","link":"https:\/\/dfvcg-events.de\/digital-restaurant-day\/vortragend\/juergen-schmid\/","title":{"rendered":"J\u00fcrgen Schmid"},"content":{"rendered":"<div id='av_section_1'  class='avia-section av-k7yuhjt1-ed130515dfde2ab83b8b09b38c6a9c95 main_color avia-section-default avia-no-border-styling  avia-builder-el-0  el_before_av_one_fourth  avia-builder-el-first  header-verlauf avia-bg-style-scroll container_wrap fullsize'  ><div class='container av-section-cont-open' ><main  role=\"main\" itemprop=\"mainContentOfPage\"  class='template-page content  av-content-full alpha units'><div class='post-entry post-entry-type-page post-entry-2749'><div class='entry-content-wrapper clearfix'>\n\n<style type=\"text\/css\" data-created_by=\"avia_inline_auto\" id=\"style-css-av-kav2vwa8-ebc24ceb07c8dd631da81f036238d6e6\">\n#top .av-special-heading.av-kav2vwa8-ebc24ceb07c8dd631da81f036238d6e6{\npadding-bottom:0;\ncolor:#ffffff;\n}\nbody .av-special-heading.av-kav2vwa8-ebc24ceb07c8dd631da81f036238d6e6 .av-special-heading-tag .heading-char{\nfont-size:25px;\n}\n.av-special-heading.av-kav2vwa8-ebc24ceb07c8dd631da81f036238d6e6 .special-heading-inner-border{\nborder-color:#ffffff;\n}\n.av-special-heading.av-kav2vwa8-ebc24ceb07c8dd631da81f036238d6e6 .av-subheading{\nfont-size:19px;\n}\n<\/style>\n<div  class='av-special-heading av-kav2vwa8-ebc24ceb07c8dd631da81f036238d6e6 av-special-heading-h1 custom-color-heading blockquote modern-quote  avia-builder-el-1  avia-builder-el-no-sibling '><div class='av_custom_color av-subheading av-subheading_above'><p>Digital Restaurant Day<\/p>\n<\/div><h1 class='av-special-heading-tag '  itemprop=\"headline\"  >Vortragende<\/h1><div class=\"special-heading-border\"><div class=\"special-heading-inner-border\"><\/div><\/div><\/div>\n<\/div><\/div><\/main><!-- close content main element --><\/div><\/div><div id='after_section_1'  class='main_color av_default_container_wrap container_wrap fullsize'  ><div class='container av-section-cont-open' ><div class='template-page content  av-content-full alpha units'><div class='post-entry post-entry-type-page post-entry-2749'><div class='entry-content-wrapper clearfix'>\n\n<style type=\"text\/css\" data-created_by=\"avia_inline_auto\" id=\"style-css-av-1hpil-9666fe4db9abbb55e16afcaa46b74565\">\n.flex_column.av-1hpil-9666fe4db9abbb55e16afcaa46b74565{\nborder-radius:0px 0px 0px 0px;\npadding:0px 0px 0px 0px;\n}\n<\/style>\n<div  class='flex_column av-1hpil-9666fe4db9abbb55e16afcaa46b74565 av_one_fourth  avia-builder-el-2  el_after_av_section  el_before_av_three_fourth  avia-builder-el-first  first flex_column_div av-zero-column-padding  '     ><style type=\"text\/css\" data-created_by=\"avia_inline_auto\" id=\"style-css-av-k7z57foz-409831752cff9b8afe585e61b74df0e2\">\n.avia-image-container.av-k7z57foz-409831752cff9b8afe585e61b74df0e2 img.avia_image{\nbox-shadow:none;\n}\n.avia-image-container.av-k7z57foz-409831752cff9b8afe585e61b74df0e2 .av-image-caption-overlay-center{\ncolor:#ffffff;\n}\n<\/style>\n<div  class='avia-image-container av-k7z57foz-409831752cff9b8afe585e61b74df0e2 av-styling-no-styling avia-align-center  avia-builder-el-3  avia-builder-el-no-sibling '   itemprop=\"image\" itemscope=\"itemscope\" itemtype=\"https:\/\/schema.org\/ImageObject\" ><div class=\"avia-image-container-inner\"><div class=\"avia-image-overlay-wrap\"><img decoding=\"async\" fetchpriority=\"high\" class='wp-image-2748 avia-img-lazy-loading-not-2748 avia_image ' src=\"https:\/\/dfvcg-events.de\/digital-restaurant-day\/wp-content\/uploads\/sites\/46\/2024\/06\/Schmid-Juergen-Rational_WEB.jpg\" alt='' title='Schmid-J\u00fcrgen-Rational_WEB'  height=\"800\" width=\"600\"  itemprop=\"thumbnailUrl\" srcset=\"https:\/\/dfvcg-events.de\/digital-restaurant-day\/wp-content\/uploads\/sites\/46\/2024\/06\/Schmid-Juergen-Rational_WEB.jpg 600w, https:\/\/dfvcg-events.de\/digital-restaurant-day\/wp-content\/uploads\/sites\/46\/2024\/06\/Schmid-Juergen-Rational_WEB-529x705.jpg 529w\" sizes=\"(max-width: 600px) 100vw, 600px\" \/><\/div><\/div><\/div><\/div>\n<style type=\"text\/css\" data-created_by=\"avia_inline_auto\" id=\"style-css-av-q939-36bd9e2970eba44b209398e6adaba9f5\">\n.flex_column.av-q939-36bd9e2970eba44b209398e6adaba9f5{\nborder-radius:0px 0px 0px 0px;\npadding:0px 0px 0px 0px;\n}\n<\/style>\n<div  class='flex_column av-q939-36bd9e2970eba44b209398e6adaba9f5 av_three_fourth  avia-builder-el-4  el_after_av_one_fourth  avia-builder-el-last  flex_column_div av-zero-column-padding  '     ><p>\n<style type=\"text\/css\" data-created_by=\"avia_inline_auto\" id=\"style-css-av-kaux4tv8-50c496003200862bf7e9c9fee648a715\">\n#top .av-special-heading.av-kaux4tv8-50c496003200862bf7e9c9fee648a715{\npadding-bottom:10px;\n}\nbody .av-special-heading.av-kaux4tv8-50c496003200862bf7e9c9fee648a715 .av-special-heading-tag .heading-char{\nfont-size:25px;\n}\n.av-special-heading.av-kaux4tv8-50c496003200862bf7e9c9fee648a715 .av-subheading{\nfont-size:19px;\n}\n<\/style>\n<div  class='av-special-heading av-kaux4tv8-50c496003200862bf7e9c9fee648a715 av-special-heading-h2 blockquote modern-quote  avia-builder-el-5  el_before_av_textblock  avia-builder-el-first '><h2 class='av-special-heading-tag '  itemprop=\"headline\"  >J\u00fcrgen Schmid<\/h2><div class='av-subheading av-subheading_below'><p>Digital Solution Manager<br \/>\nRational AG<\/p>\n<\/div><div class=\"special-heading-border\"><div class=\"special-heading-inner-border\"><\/div><\/div><\/div><br \/>\n<section  class='av_textblock_section av-lws9zbfx-d94f9394626f47a145e5c050e85d9371 '   itemscope=\"itemscope\" itemtype=\"https:\/\/schema.org\/CreativeWork\" ><div class='avia_textblock'  itemprop=\"text\" ><p>J\u00fcrgen Schmid ist gelernter Koch mit langj\u00e4hriger Berufserfahrung. Von 2003 bis 2013 war er Gesch\u00e4ftsf\u00fchrer im Landhotel B\u00e4ren. Seit 2013 ist Schmid f\u00fcr Rational besch\u00e4ftigt. Zun\u00e4chst war er als regionaler Verkaufsleiter t\u00e4tig, seit 2021 ist er Digital Solution Manager.<\/p>\n<\/div><\/section><\/p><\/div><\/p>\n","protected":false},"excerpt":{"rendered":"<p>Rational<\/p>\n","protected":false},"author":19,"featured_media":2748,"comment_status":"closed","ping_status":"closed","template":"","meta":{"footnotes":""},"tags":[],"portfolio_entries":[54],"class_list":["post-2749","portfolio","type-portfolio","status-publish","has-post-thumbnail","hentry","portfolio_entries-vortragend-2024"],"yoast_head":"<!-- This site is optimized with the Yoast SEO plugin v27.4 - https:\/\/yoast.com\/product\/yoast-seo-wordpress\/ -->\n<title>Vortragende: J\u00fcrgen Schmid - Digital Restaurant Day<\/title>\n<meta name=\"description\" content=\"Digital Restaurant Day | Begr\u00fc\u00dfen Sie auf der B\u00fchne: J\u00fcrgen Schmid\" \/>\n<meta name=\"robots\" content=\"index, follow, max-snippet:-1, max-image-preview:large, max-video-preview:-1\" \/>\n<link rel=\"canonical\" href=\"https:\/\/dfvcg-events.de\/digital-restaurant-day\/vortragend\/juergen-schmid\/\" \/>\n<meta property=\"og:locale\" content=\"de_DE\" \/>\n<meta property=\"og:type\" content=\"article\" \/>\n<meta property=\"og:title\" content=\"Vortragende: J\u00fcrgen Schmid - Digital Restaurant Day\" \/>\n<meta property=\"og:description\" content=\"Digital Restaurant Day | Begr\u00fc\u00dfen Sie auf der B\u00fchne: J\u00fcrgen Schmid\" \/>\n<meta property=\"og:url\" content=\"https:\/\/dfvcg-events.de\/digital-restaurant-day\/vortragend\/juergen-schmid\/\" \/>\n<meta property=\"og:site_name\" content=\"Digital Restaurant Day\" \/>\n<meta property=\"article:publisher\" content=\"https:\/\/www.facebook.com\/foodservice.de\" \/>\n<meta property=\"og:image\" content=\"https:\/\/dfvcg-events.de\/digital-restaurant-day\/wp-content\/uploads\/sites\/46\/2024\/06\/Schmid-Juergen-Rational_WEB.jpg\" \/>\n\t<meta property=\"og:image:width\" content=\"600\" \/>\n\t<meta property=\"og:image:height\" content=\"800\" \/>\n\t<meta property=\"og:image:type\" content=\"image\/jpeg\" \/>\n<meta name=\"twitter:card\" content=\"summary_large_image\" \/>\n<meta name=\"twitter:site\" content=\"@foodservice_de\" \/>\n<meta name=\"twitter:label1\" content=\"Gesch\u00e4tzte Lesezeit\" \/>\n\t<meta name=\"twitter:data1\" content=\"1\u00a0Minute\" \/>\n<script type=\"application\/ld+json\" class=\"yoast-schema-graph\">{\"@context\":\"https:\\\/\\\/schema.org\",\"@graph\":[{\"@type\":\"WebPage\",\"@id\":\"https:\\\/\\\/dfvcg-events.de\\\/digital-restaurant-day\\\/vortragend\\\/juergen-schmid\\\/\",\"url\":\"https:\\\/\\\/dfvcg-events.de\\\/digital-restaurant-day\\\/vortragend\\\/juergen-schmid\\\/\",\"name\":\"Vortragende: J\u00fcrgen Schmid - Digital Restaurant Day\",\"isPartOf\":{\"@id\":\"https:\\\/\\\/dfvcg-events.de\\\/digital-restaurant-day\\\/#website\"},\"primaryImageOfPage\":{\"@id\":\"https:\\\/\\\/dfvcg-events.de\\\/digital-restaurant-day\\\/vortragend\\\/juergen-schmid\\\/#primaryimage\"},\"image\":{\"@id\":\"https:\\\/\\\/dfvcg-events.de\\\/digital-restaurant-day\\\/vortragend\\\/juergen-schmid\\\/#primaryimage\"},\"thumbnailUrl\":\"https:\\\/\\\/dfvcg-events.de\\\/digital-restaurant-day\\\/wp-content\\\/uploads\\\/sites\\\/46\\\/2024\\\/06\\\/Schmid-Juergen-Rational_WEB.jpg\",\"datePublished\":\"2024-06-05T12:14:29+00:00\",\"description\":\"Digital Restaurant Day | Begr\u00fc\u00dfen Sie auf der B\u00fchne: J\u00fcrgen Schmid\",\"breadcrumb\":{\"@id\":\"https:\\\/\\\/dfvcg-events.de\\\/digital-restaurant-day\\\/vortragend\\\/juergen-schmid\\\/#breadcrumb\"},\"inLanguage\":\"de\",\"potentialAction\":[{\"@type\":\"ReadAction\",\"target\":[\"https:\\\/\\\/dfvcg-events.de\\\/digital-restaurant-day\\\/vortragend\\\/juergen-schmid\\\/\"]}]},{\"@type\":\"ImageObject\",\"inLanguage\":\"de\",\"@id\":\"https:\\\/\\\/dfvcg-events.de\\\/digital-restaurant-day\\\/vortragend\\\/juergen-schmid\\\/#primaryimage\",\"url\":\"https:\\\/\\\/dfvcg-events.de\\\/digital-restaurant-day\\\/wp-content\\\/uploads\\\/sites\\\/46\\\/2024\\\/06\\\/Schmid-Juergen-Rational_WEB.jpg\",\"contentUrl\":\"https:\\\/\\\/dfvcg-events.de\\\/digital-restaurant-day\\\/wp-content\\\/uploads\\\/sites\\\/46\\\/2024\\\/06\\\/Schmid-Juergen-Rational_WEB.jpg\",\"width\":600,\"height\":800},{\"@type\":\"BreadcrumbList\",\"@id\":\"https:\\\/\\\/dfvcg-events.de\\\/digital-restaurant-day\\\/vortragend\\\/juergen-schmid\\\/#breadcrumb\",\"itemListElement\":[{\"@type\":\"ListItem\",\"position\":1,\"name\":\"Startseite\",\"item\":\"https:\\\/\\\/dfvcg-events.de\\\/digital-restaurant-day\\\/\"},{\"@type\":\"ListItem\",\"position\":2,\"name\":\"J\u00fcrgen Schmid\"}]},{\"@type\":\"WebSite\",\"@id\":\"https:\\\/\\\/dfvcg-events.de\\\/digital-restaurant-day\\\/#website\",\"url\":\"https:\\\/\\\/dfvcg-events.de\\\/digital-restaurant-day\\\/\",\"name\":\"Digital Restaurant Day\",\"description\":\"dfv Conference Group\",\"publisher\":{\"@id\":\"https:\\\/\\\/dfvcg-events.de\\\/digital-restaurant-day\\\/#organization\"},\"potentialAction\":[{\"@type\":\"SearchAction\",\"target\":{\"@type\":\"EntryPoint\",\"urlTemplate\":\"https:\\\/\\\/dfvcg-events.de\\\/digital-restaurant-day\\\/?s={search_term_string}\"},\"query-input\":{\"@type\":\"PropertyValueSpecification\",\"valueRequired\":true,\"valueName\":\"search_term_string\"}}],\"inLanguage\":\"de\"},{\"@type\":\"Organization\",\"@id\":\"https:\\\/\\\/dfvcg-events.de\\\/digital-restaurant-day\\\/#organization\",\"name\":\"Digital Restaurant Day\",\"url\":\"https:\\\/\\\/dfvcg-events.de\\\/digital-restaurant-day\\\/\",\"logo\":{\"@type\":\"ImageObject\",\"inLanguage\":\"de\",\"@id\":\"https:\\\/\\\/dfvcg-events.de\\\/digital-restaurant-day\\\/#\\\/schema\\\/logo\\\/image\\\/\",\"url\":\"https:\\\/\\\/dfvcg-events.de\\\/digital-restaurant-day\\\/wp-content\\\/uploads\\\/sites\\\/46\\\/2022\\\/11\\\/digital-restaurant-day-800x800px.jpg\",\"contentUrl\":\"https:\\\/\\\/dfvcg-events.de\\\/digital-restaurant-day\\\/wp-content\\\/uploads\\\/sites\\\/46\\\/2022\\\/11\\\/digital-restaurant-day-800x800px.jpg\",\"width\":800,\"height\":800,\"caption\":\"Digital Restaurant Day\"},\"image\":{\"@id\":\"https:\\\/\\\/dfvcg-events.de\\\/digital-restaurant-day\\\/#\\\/schema\\\/logo\\\/image\\\/\"},\"sameAs\":[\"https:\\\/\\\/www.facebook.com\\\/foodservice.de\",\"https:\\\/\\\/x.com\\\/foodservice_de\"]}]}<\/script>\n<!-- \/ Yoast SEO plugin. -->","yoast_head_json":{"title":"Vortragende: J\u00fcrgen Schmid - Digital Restaurant Day","description":"Digital Restaurant Day | Begr\u00fc\u00dfen Sie auf der B\u00fchne: J\u00fcrgen Schmid","robots":{"index":"index","follow":"follow","max-snippet":"max-snippet:-1","max-image-preview":"max-image-preview:large","max-video-preview":"max-video-preview:-1"},"canonical":"https:\/\/dfvcg-events.de\/digital-restaurant-day\/vortragend\/juergen-schmid\/","og_locale":"de_DE","og_type":"article","og_title":"Vortragende: J\u00fcrgen Schmid - Digital Restaurant Day","og_description":"Digital Restaurant Day | Begr\u00fc\u00dfen Sie auf der B\u00fchne: J\u00fcrgen Schmid","og_url":"https:\/\/dfvcg-events.de\/digital-restaurant-day\/vortragend\/juergen-schmid\/","og_site_name":"Digital Restaurant Day","article_publisher":"https:\/\/www.facebook.com\/foodservice.de","og_image":[{"width":600,"height":800,"url":"https:\/\/dfvcg-events.de\/digital-restaurant-day\/wp-content\/uploads\/sites\/46\/2024\/06\/Schmid-Juergen-Rational_WEB.jpg","type":"image\/jpeg"}],"twitter_card":"summary_large_image","twitter_site":"@foodservice_de","twitter_misc":{"Gesch\u00e4tzte Lesezeit":"1\u00a0Minute"},"schema":{"@context":"https:\/\/schema.org","@graph":[{"@type":"WebPage","@id":"https:\/\/dfvcg-events.de\/digital-restaurant-day\/vortragend\/juergen-schmid\/","url":"https:\/\/dfvcg-events.de\/digital-restaurant-day\/vortragend\/juergen-schmid\/","name":"Vortragende: J\u00fcrgen Schmid - Digital Restaurant Day","isPartOf":{"@id":"https:\/\/dfvcg-events.de\/digital-restaurant-day\/#website"},"primaryImageOfPage":{"@id":"https:\/\/dfvcg-events.de\/digital-restaurant-day\/vortragend\/juergen-schmid\/#primaryimage"},"image":{"@id":"https:\/\/dfvcg-events.de\/digital-restaurant-day\/vortragend\/juergen-schmid\/#primaryimage"},"thumbnailUrl":"https:\/\/dfvcg-events.de\/digital-restaurant-day\/wp-content\/uploads\/sites\/46\/2024\/06\/Schmid-Juergen-Rational_WEB.jpg","datePublished":"2024-06-05T12:14:29+00:00","description":"Digital Restaurant Day | Begr\u00fc\u00dfen Sie auf der B\u00fchne: J\u00fcrgen Schmid","breadcrumb":{"@id":"https:\/\/dfvcg-events.de\/digital-restaurant-day\/vortragend\/juergen-schmid\/#breadcrumb"},"inLanguage":"de","potentialAction":[{"@type":"ReadAction","target":["https:\/\/dfvcg-events.de\/digital-restaurant-day\/vortragend\/juergen-schmid\/"]}]},{"@type":"ImageObject","inLanguage":"de","@id":"https:\/\/dfvcg-events.de\/digital-restaurant-day\/vortragend\/juergen-schmid\/#primaryimage","url":"https:\/\/dfvcg-events.de\/digital-restaurant-day\/wp-content\/uploads\/sites\/46\/2024\/06\/Schmid-Juergen-Rational_WEB.jpg","contentUrl":"https:\/\/dfvcg-events.de\/digital-restaurant-day\/wp-content\/uploads\/sites\/46\/2024\/06\/Schmid-Juergen-Rational_WEB.jpg","width":600,"height":800},{"@type":"BreadcrumbList","@id":"https:\/\/dfvcg-events.de\/digital-restaurant-day\/vortragend\/juergen-schmid\/#breadcrumb","itemListElement":[{"@type":"ListItem","position":1,"name":"Startseite","item":"https:\/\/dfvcg-events.de\/digital-restaurant-day\/"},{"@type":"ListItem","position":2,"name":"J\u00fcrgen Schmid"}]},{"@type":"WebSite","@id":"https:\/\/dfvcg-events.de\/digital-restaurant-day\/#website","url":"https:\/\/dfvcg-events.de\/digital-restaurant-day\/","name":"Digital Restaurant Day","description":"dfv Conference Group","publisher":{"@id":"https:\/\/dfvcg-events.de\/digital-restaurant-day\/#organization"},"potentialAction":[{"@type":"SearchAction","target":{"@type":"EntryPoint","urlTemplate":"https:\/\/dfvcg-events.de\/digital-restaurant-day\/?s={search_term_string}"},"query-input":{"@type":"PropertyValueSpecification","valueRequired":true,"valueName":"search_term_string"}}],"inLanguage":"de"},{"@type":"Organization","@id":"https:\/\/dfvcg-events.de\/digital-restaurant-day\/#organization","name":"Digital Restaurant Day","url":"https:\/\/dfvcg-events.de\/digital-restaurant-day\/","logo":{"@type":"ImageObject","inLanguage":"de","@id":"https:\/\/dfvcg-events.de\/digital-restaurant-day\/#\/schema\/logo\/image\/","url":"https:\/\/dfvcg-events.de\/digital-restaurant-day\/wp-content\/uploads\/sites\/46\/2022\/11\/digital-restaurant-day-800x800px.jpg","contentUrl":"https:\/\/dfvcg-events.de\/digital-restaurant-day\/wp-content\/uploads\/sites\/46\/2022\/11\/digital-restaurant-day-800x800px.jpg","width":800,"height":800,"caption":"Digital Restaurant Day"},"image":{"@id":"https:\/\/dfvcg-events.de\/digital-restaurant-day\/#\/schema\/logo\/image\/"},"sameAs":["https:\/\/www.facebook.com\/foodservice.de","https:\/\/x.com\/foodservice_de"]}]}},"_links":{"self":[{"href":"https:\/\/dfvcg-events.de\/digital-restaurant-day\/wp-json\/wp\/v2\/portfolio\/2749","targetHints":{"allow":["GET"]}}],"collection":[{"href":"https:\/\/dfvcg-events.de\/digital-restaurant-day\/wp-json\/wp\/v2\/portfolio"}],"about":[{"href":"https:\/\/dfvcg-events.de\/digital-restaurant-day\/wp-json\/wp\/v2\/types\/portfolio"}],"author":[{"embeddable":true,"href":"https:\/\/dfvcg-events.de\/digital-restaurant-day\/wp-json\/wp\/v2\/users\/19"}],"replies":[{"embeddable":true,"href":"https:\/\/dfvcg-events.de\/digital-restaurant-day\/wp-json\/wp\/v2\/comments?post=2749"}],"version-history":[{"count":0,"href":"https:\/\/dfvcg-events.de\/digital-restaurant-day\/wp-json\/wp\/v2\/portfolio\/2749\/revisions"}],"wp:featuredmedia":[{"embeddable":true,"href":"https:\/\/dfvcg-events.de\/digital-restaurant-day\/wp-json\/wp\/v2\/media\/2748"}],"wp:attachment":[{"href":"https:\/\/dfvcg-events.de\/digital-restaurant-day\/wp-json\/wp\/v2\/media?parent=2749"}],"wp:term":[{"taxonomy":"post_tag","embeddable":true,"href":"https:\/\/dfvcg-events.de\/digital-restaurant-day\/wp-json\/wp\/v2\/tags?post=2749"},{"taxonomy":"portfolio_entries","embeddable":true,"href":"https:\/\/dfvcg-events.de\/digital-restaurant-day\/wp-json\/wp\/v2\/portfolio_entries?post=2749"}],"curies":[{"name":"wp","href":"https:\/\/api.w.org\/{rel}","templated":true}]}}