{"id":2490,"date":"2024-04-12T01:59:07","date_gmt":"2024-04-11T23:59:07","guid":{"rendered":"https:\/\/dfvcg-events.de\/digital-restaurant-day\/?post_type=portfolio&#038;p=2490"},"modified":"2024-04-12T01:59:07","modified_gmt":"2024-04-11T23:59:07","slug":"florian-schneider","status":"publish","type":"portfolio","link":"https:\/\/dfvcg-events.de\/digital-restaurant-day\/vortragend\/florian-schneider\/","title":{"rendered":"Florian Schneider"},"content":{"rendered":"<div id='av_section_1'  class='avia-section av-k7yuhjt1-ed130515dfde2ab83b8b09b38c6a9c95 main_color avia-section-default avia-no-border-styling  avia-builder-el-0  el_before_av_one_fourth  avia-builder-el-first  header-verlauf avia-bg-style-scroll container_wrap fullsize'  ><div class='container av-section-cont-open' ><main  role=\"main\" itemprop=\"mainContentOfPage\"  class='template-page content  av-content-full alpha units'><div class='post-entry post-entry-type-page post-entry-2490'><div class='entry-content-wrapper clearfix'>\n\n<style type=\"text\/css\" data-created_by=\"avia_inline_auto\" id=\"style-css-av-kav2vwa8-ebc24ceb07c8dd631da81f036238d6e6\">\n#top .av-special-heading.av-kav2vwa8-ebc24ceb07c8dd631da81f036238d6e6{\npadding-bottom:0;\ncolor:#ffffff;\n}\nbody .av-special-heading.av-kav2vwa8-ebc24ceb07c8dd631da81f036238d6e6 .av-special-heading-tag .heading-char{\nfont-size:25px;\n}\n.av-special-heading.av-kav2vwa8-ebc24ceb07c8dd631da81f036238d6e6 .special-heading-inner-border{\nborder-color:#ffffff;\n}\n.av-special-heading.av-kav2vwa8-ebc24ceb07c8dd631da81f036238d6e6 .av-subheading{\nfont-size:19px;\n}\n<\/style>\n<div  class='av-special-heading av-kav2vwa8-ebc24ceb07c8dd631da81f036238d6e6 av-special-heading-h1 custom-color-heading blockquote modern-quote  avia-builder-el-1  avia-builder-el-no-sibling '><div class='av_custom_color av-subheading av-subheading_above'><p>Digital Restaurant Day<\/p>\n<\/div><h1 class='av-special-heading-tag '  itemprop=\"headline\"  >Vortragende<\/h1><div class=\"special-heading-border\"><div class=\"special-heading-inner-border\"><\/div><\/div><\/div>\n<\/div><\/div><\/main><!-- close content main element --><\/div><\/div><div id='after_section_1'  class='main_color av_default_container_wrap container_wrap fullsize'  ><div class='container av-section-cont-open' ><div class='template-page content  av-content-full alpha units'><div class='post-entry post-entry-type-page post-entry-2490'><div class='entry-content-wrapper clearfix'>\n\n<style type=\"text\/css\" data-created_by=\"avia_inline_auto\" id=\"style-css-av-1hpil-9666fe4db9abbb55e16afcaa46b74565\">\n.flex_column.av-1hpil-9666fe4db9abbb55e16afcaa46b74565{\nborder-radius:0px 0px 0px 0px;\npadding:0px 0px 0px 0px;\n}\n<\/style>\n<div  class='flex_column av-1hpil-9666fe4db9abbb55e16afcaa46b74565 av_one_fourth  avia-builder-el-2  el_after_av_section  el_before_av_three_fourth  avia-builder-el-first  first flex_column_div av-zero-column-padding  '     ><style type=\"text\/css\" data-created_by=\"avia_inline_auto\" id=\"style-css-av-k7z57foz-f075c46d12a9a19f057cb957dc189047\">\n.avia-image-container.av-k7z57foz-f075c46d12a9a19f057cb957dc189047 img.avia_image{\nbox-shadow:none;\n}\n.avia-image-container.av-k7z57foz-f075c46d12a9a19f057cb957dc189047 .av-image-caption-overlay-center{\ncolor:#ffffff;\n}\n<\/style>\n<div  class='avia-image-container av-k7z57foz-f075c46d12a9a19f057cb957dc189047 av-styling-no-styling avia-align-center  avia-builder-el-3  avia-builder-el-no-sibling '   itemprop=\"image\" itemscope=\"itemscope\" itemtype=\"https:\/\/schema.org\/ImageObject\" ><div class=\"avia-image-container-inner\"><div class=\"avia-image-overlay-wrap\"><img decoding=\"async\" fetchpriority=\"high\" class='wp-image-2491 avia-img-lazy-loading-not-2491 avia_image ' src=\"https:\/\/dfvcg-events.de\/digital-restaurant-day\/wp-content\/uploads\/sites\/46\/2024\/04\/Schneider-Florian-PESCA-web.jpg\" alt='' title='Schneider-Florian-PESCA-web'  height=\"800\" width=\"600\"  itemprop=\"thumbnailUrl\" srcset=\"https:\/\/dfvcg-events.de\/digital-restaurant-day\/wp-content\/uploads\/sites\/46\/2024\/04\/Schneider-Florian-PESCA-web.jpg 600w, https:\/\/dfvcg-events.de\/digital-restaurant-day\/wp-content\/uploads\/sites\/46\/2024\/04\/Schneider-Florian-PESCA-web-529x705.jpg 529w\" sizes=\"(max-width: 600px) 100vw, 600px\" \/><\/div><\/div><\/div><\/div>\n<style type=\"text\/css\" data-created_by=\"avia_inline_auto\" id=\"style-css-av-q939-36bd9e2970eba44b209398e6adaba9f5\">\n.flex_column.av-q939-36bd9e2970eba44b209398e6adaba9f5{\nborder-radius:0px 0px 0px 0px;\npadding:0px 0px 0px 0px;\n}\n<\/style>\n<div  class='flex_column av-q939-36bd9e2970eba44b209398e6adaba9f5 av_three_fourth  avia-builder-el-4  el_after_av_one_fourth  avia-builder-el-last  flex_column_div av-zero-column-padding  '     ><p>\n<style type=\"text\/css\" data-created_by=\"avia_inline_auto\" id=\"style-css-av-kaux4tv8-631e3d48f43db2ebbdc32e57378bf061\">\n#top .av-special-heading.av-kaux4tv8-631e3d48f43db2ebbdc32e57378bf061{\npadding-bottom:10px;\n}\nbody .av-special-heading.av-kaux4tv8-631e3d48f43db2ebbdc32e57378bf061 .av-special-heading-tag .heading-char{\nfont-size:25px;\n}\n.av-special-heading.av-kaux4tv8-631e3d48f43db2ebbdc32e57378bf061 .av-subheading{\nfont-size:19px;\n}\n<\/style>\n<div  class='av-special-heading av-kaux4tv8-631e3d48f43db2ebbdc32e57378bf061 av-special-heading-h2 blockquote modern-quote  avia-builder-el-5  el_before_av_textblock  avia-builder-el-first '><h2 class='av-special-heading-tag '  itemprop=\"headline\"  >Florian Schneider<\/h2><div class='av-subheading av-subheading_below'><p>Managing Partner<br \/>\nPESCA<\/p>\n<\/div><div class=\"special-heading-border\"><div class=\"special-heading-inner-border\"><\/div><\/div><\/div><br \/>\n<section  class='av_textblock_section av-k7yuci90-cc8f536f476c354fb273c6b3e8aa0dbd '   itemscope=\"itemscope\" itemtype=\"https:\/\/schema.org\/CreativeWork\" ><div class='avia_textblock'  itemprop=\"text\" ><p>Florian Schneider ist Managing Partner von PESCA, dem erfolgreichen, niederl\u00e4ndischen Fischkonzept, das in diesem Jahr die Internationalisierung mit einem neuen Standort in Hamburg, sowie dem ersten Franchiserestaurant in Nizza startet. Davor war er Gesch\u00e4ftsf\u00fchrer der 2019 gegr\u00fcndeten Dr. Oetker Hospitality. Gemeinsam mit seinem engagierten Team entwickelte er zwei v\u00f6llig neue Food-Konzepte: das B\u00e4ckerei-Restaurant \u201eGugelhupf &amp; Du\u201c, das zun\u00e4chst in Deutschland er\u00f6ffnete sowie das innovative, auf die Generation Z ausgerichtete Pudding-Konzept \u201epudu pudu\u201c in Los Angeles. Florian Schneider war als Managing Director Germany bei Sticks\u2019n\u2019Sushi und davor in verschiedenen Funktionen bei Vapiano t\u00e4tig: unter anderem baute er den Bereich International Training auf, der f\u00fcr Vapiano-Neuer\u00f6ffnungen auf allen Kontinenten verantwortlich war, und er leitete als Managing Director und Mitglied des Management Boards alle wichtigen Franchise- und Joint-Venture-M\u00e4rkte.<\/p>\n<\/div><\/section><\/p><\/div><\/p>\n","protected":false},"excerpt":{"rendered":"<p>PESCA<\/p>\n","protected":false},"author":4,"featured_media":2491,"comment_status":"closed","ping_status":"closed","template":"","meta":{"footnotes":""},"tags":[],"portfolio_entries":[54],"class_list":["post-2490","portfolio","type-portfolio","status-publish","has-post-thumbnail","hentry","portfolio_entries-vortragend-2024"],"yoast_head":"<!-- This site is optimized with the Yoast SEO plugin v27.4 - https:\/\/yoast.com\/product\/yoast-seo-wordpress\/ -->\n<title>Vortragende: Florian Schneider - Digital Restaurant Day<\/title>\n<meta name=\"description\" content=\"Digital Restaurant Day | Begr\u00fc\u00dfen Sie auf der B\u00fchne: Florian Schneider\" \/>\n<meta name=\"robots\" content=\"index, follow, max-snippet:-1, max-image-preview:large, max-video-preview:-1\" \/>\n<link rel=\"canonical\" href=\"https:\/\/dfvcg-events.de\/digital-restaurant-day\/vortragend\/florian-schneider\/\" \/>\n<meta property=\"og:locale\" content=\"de_DE\" \/>\n<meta property=\"og:type\" content=\"article\" \/>\n<meta property=\"og:title\" content=\"Vortragende: Florian Schneider - Digital Restaurant Day\" \/>\n<meta property=\"og:description\" content=\"Digital Restaurant Day | Begr\u00fc\u00dfen Sie auf der B\u00fchne: Florian Schneider\" \/>\n<meta property=\"og:url\" content=\"https:\/\/dfvcg-events.de\/digital-restaurant-day\/vortragend\/florian-schneider\/\" \/>\n<meta property=\"og:site_name\" content=\"Digital Restaurant Day\" \/>\n<meta property=\"article:publisher\" content=\"https:\/\/www.facebook.com\/foodservice.de\" \/>\n<meta property=\"og:image\" content=\"https:\/\/dfvcg-events.de\/digital-restaurant-day\/wp-content\/uploads\/sites\/46\/2024\/04\/Schneider-Florian-PESCA-web.jpg\" \/>\n\t<meta property=\"og:image:width\" content=\"600\" \/>\n\t<meta property=\"og:image:height\" content=\"800\" \/>\n\t<meta property=\"og:image:type\" content=\"image\/jpeg\" \/>\n<meta name=\"twitter:card\" content=\"summary_large_image\" \/>\n<meta name=\"twitter:site\" content=\"@foodservice_de\" \/>\n<meta name=\"twitter:label1\" content=\"Gesch\u00e4tzte Lesezeit\" \/>\n\t<meta name=\"twitter:data1\" content=\"1\u00a0Minute\" \/>\n<script type=\"application\/ld+json\" class=\"yoast-schema-graph\">{\"@context\":\"https:\\\/\\\/schema.org\",\"@graph\":[{\"@type\":\"WebPage\",\"@id\":\"https:\\\/\\\/dfvcg-events.de\\\/digital-restaurant-day\\\/vortragend\\\/florian-schneider\\\/\",\"url\":\"https:\\\/\\\/dfvcg-events.de\\\/digital-restaurant-day\\\/vortragend\\\/florian-schneider\\\/\",\"name\":\"Vortragende: Florian Schneider - Digital Restaurant Day\",\"isPartOf\":{\"@id\":\"https:\\\/\\\/dfvcg-events.de\\\/digital-restaurant-day\\\/#website\"},\"primaryImageOfPage\":{\"@id\":\"https:\\\/\\\/dfvcg-events.de\\\/digital-restaurant-day\\\/vortragend\\\/florian-schneider\\\/#primaryimage\"},\"image\":{\"@id\":\"https:\\\/\\\/dfvcg-events.de\\\/digital-restaurant-day\\\/vortragend\\\/florian-schneider\\\/#primaryimage\"},\"thumbnailUrl\":\"https:\\\/\\\/dfvcg-events.de\\\/digital-restaurant-day\\\/wp-content\\\/uploads\\\/sites\\\/46\\\/2024\\\/04\\\/Schneider-Florian-PESCA-web.jpg\",\"datePublished\":\"2024-04-11T23:59:07+00:00\",\"description\":\"Digital Restaurant Day | Begr\u00fc\u00dfen Sie auf der B\u00fchne: Florian Schneider\",\"breadcrumb\":{\"@id\":\"https:\\\/\\\/dfvcg-events.de\\\/digital-restaurant-day\\\/vortragend\\\/florian-schneider\\\/#breadcrumb\"},\"inLanguage\":\"de\",\"potentialAction\":[{\"@type\":\"ReadAction\",\"target\":[\"https:\\\/\\\/dfvcg-events.de\\\/digital-restaurant-day\\\/vortragend\\\/florian-schneider\\\/\"]}]},{\"@type\":\"ImageObject\",\"inLanguage\":\"de\",\"@id\":\"https:\\\/\\\/dfvcg-events.de\\\/digital-restaurant-day\\\/vortragend\\\/florian-schneider\\\/#primaryimage\",\"url\":\"https:\\\/\\\/dfvcg-events.de\\\/digital-restaurant-day\\\/wp-content\\\/uploads\\\/sites\\\/46\\\/2024\\\/04\\\/Schneider-Florian-PESCA-web.jpg\",\"contentUrl\":\"https:\\\/\\\/dfvcg-events.de\\\/digital-restaurant-day\\\/wp-content\\\/uploads\\\/sites\\\/46\\\/2024\\\/04\\\/Schneider-Florian-PESCA-web.jpg\",\"width\":600,\"height\":800},{\"@type\":\"BreadcrumbList\",\"@id\":\"https:\\\/\\\/dfvcg-events.de\\\/digital-restaurant-day\\\/vortragend\\\/florian-schneider\\\/#breadcrumb\",\"itemListElement\":[{\"@type\":\"ListItem\",\"position\":1,\"name\":\"Startseite\",\"item\":\"https:\\\/\\\/dfvcg-events.de\\\/digital-restaurant-day\\\/\"},{\"@type\":\"ListItem\",\"position\":2,\"name\":\"Florian Schneider\"}]},{\"@type\":\"WebSite\",\"@id\":\"https:\\\/\\\/dfvcg-events.de\\\/digital-restaurant-day\\\/#website\",\"url\":\"https:\\\/\\\/dfvcg-events.de\\\/digital-restaurant-day\\\/\",\"name\":\"Digital Restaurant Day\",\"description\":\"dfv Conference Group\",\"publisher\":{\"@id\":\"https:\\\/\\\/dfvcg-events.de\\\/digital-restaurant-day\\\/#organization\"},\"potentialAction\":[{\"@type\":\"SearchAction\",\"target\":{\"@type\":\"EntryPoint\",\"urlTemplate\":\"https:\\\/\\\/dfvcg-events.de\\\/digital-restaurant-day\\\/?s={search_term_string}\"},\"query-input\":{\"@type\":\"PropertyValueSpecification\",\"valueRequired\":true,\"valueName\":\"search_term_string\"}}],\"inLanguage\":\"de\"},{\"@type\":\"Organization\",\"@id\":\"https:\\\/\\\/dfvcg-events.de\\\/digital-restaurant-day\\\/#organization\",\"name\":\"Digital Restaurant Day\",\"url\":\"https:\\\/\\\/dfvcg-events.de\\\/digital-restaurant-day\\\/\",\"logo\":{\"@type\":\"ImageObject\",\"inLanguage\":\"de\",\"@id\":\"https:\\\/\\\/dfvcg-events.de\\\/digital-restaurant-day\\\/#\\\/schema\\\/logo\\\/image\\\/\",\"url\":\"https:\\\/\\\/dfvcg-events.de\\\/digital-restaurant-day\\\/wp-content\\\/uploads\\\/sites\\\/46\\\/2022\\\/11\\\/digital-restaurant-day-800x800px.jpg\",\"contentUrl\":\"https:\\\/\\\/dfvcg-events.de\\\/digital-restaurant-day\\\/wp-content\\\/uploads\\\/sites\\\/46\\\/2022\\\/11\\\/digital-restaurant-day-800x800px.jpg\",\"width\":800,\"height\":800,\"caption\":\"Digital Restaurant Day\"},\"image\":{\"@id\":\"https:\\\/\\\/dfvcg-events.de\\\/digital-restaurant-day\\\/#\\\/schema\\\/logo\\\/image\\\/\"},\"sameAs\":[\"https:\\\/\\\/www.facebook.com\\\/foodservice.de\",\"https:\\\/\\\/x.com\\\/foodservice_de\"]}]}<\/script>\n<!-- \/ Yoast SEO plugin. -->","yoast_head_json":{"title":"Vortragende: Florian Schneider - Digital Restaurant Day","description":"Digital Restaurant Day | Begr\u00fc\u00dfen Sie auf der B\u00fchne: Florian Schneider","robots":{"index":"index","follow":"follow","max-snippet":"max-snippet:-1","max-image-preview":"max-image-preview:large","max-video-preview":"max-video-preview:-1"},"canonical":"https:\/\/dfvcg-events.de\/digital-restaurant-day\/vortragend\/florian-schneider\/","og_locale":"de_DE","og_type":"article","og_title":"Vortragende: Florian Schneider - Digital Restaurant Day","og_description":"Digital Restaurant Day | Begr\u00fc\u00dfen Sie auf der B\u00fchne: Florian Schneider","og_url":"https:\/\/dfvcg-events.de\/digital-restaurant-day\/vortragend\/florian-schneider\/","og_site_name":"Digital Restaurant Day","article_publisher":"https:\/\/www.facebook.com\/foodservice.de","og_image":[{"width":600,"height":800,"url":"https:\/\/dfvcg-events.de\/digital-restaurant-day\/wp-content\/uploads\/sites\/46\/2024\/04\/Schneider-Florian-PESCA-web.jpg","type":"image\/jpeg"}],"twitter_card":"summary_large_image","twitter_site":"@foodservice_de","twitter_misc":{"Gesch\u00e4tzte Lesezeit":"1\u00a0Minute"},"schema":{"@context":"https:\/\/schema.org","@graph":[{"@type":"WebPage","@id":"https:\/\/dfvcg-events.de\/digital-restaurant-day\/vortragend\/florian-schneider\/","url":"https:\/\/dfvcg-events.de\/digital-restaurant-day\/vortragend\/florian-schneider\/","name":"Vortragende: Florian Schneider - Digital Restaurant Day","isPartOf":{"@id":"https:\/\/dfvcg-events.de\/digital-restaurant-day\/#website"},"primaryImageOfPage":{"@id":"https:\/\/dfvcg-events.de\/digital-restaurant-day\/vortragend\/florian-schneider\/#primaryimage"},"image":{"@id":"https:\/\/dfvcg-events.de\/digital-restaurant-day\/vortragend\/florian-schneider\/#primaryimage"},"thumbnailUrl":"https:\/\/dfvcg-events.de\/digital-restaurant-day\/wp-content\/uploads\/sites\/46\/2024\/04\/Schneider-Florian-PESCA-web.jpg","datePublished":"2024-04-11T23:59:07+00:00","description":"Digital Restaurant Day | Begr\u00fc\u00dfen Sie auf der B\u00fchne: Florian Schneider","breadcrumb":{"@id":"https:\/\/dfvcg-events.de\/digital-restaurant-day\/vortragend\/florian-schneider\/#breadcrumb"},"inLanguage":"de","potentialAction":[{"@type":"ReadAction","target":["https:\/\/dfvcg-events.de\/digital-restaurant-day\/vortragend\/florian-schneider\/"]}]},{"@type":"ImageObject","inLanguage":"de","@id":"https:\/\/dfvcg-events.de\/digital-restaurant-day\/vortragend\/florian-schneider\/#primaryimage","url":"https:\/\/dfvcg-events.de\/digital-restaurant-day\/wp-content\/uploads\/sites\/46\/2024\/04\/Schneider-Florian-PESCA-web.jpg","contentUrl":"https:\/\/dfvcg-events.de\/digital-restaurant-day\/wp-content\/uploads\/sites\/46\/2024\/04\/Schneider-Florian-PESCA-web.jpg","width":600,"height":800},{"@type":"BreadcrumbList","@id":"https:\/\/dfvcg-events.de\/digital-restaurant-day\/vortragend\/florian-schneider\/#breadcrumb","itemListElement":[{"@type":"ListItem","position":1,"name":"Startseite","item":"https:\/\/dfvcg-events.de\/digital-restaurant-day\/"},{"@type":"ListItem","position":2,"name":"Florian Schneider"}]},{"@type":"WebSite","@id":"https:\/\/dfvcg-events.de\/digital-restaurant-day\/#website","url":"https:\/\/dfvcg-events.de\/digital-restaurant-day\/","name":"Digital Restaurant Day","description":"dfv Conference Group","publisher":{"@id":"https:\/\/dfvcg-events.de\/digital-restaurant-day\/#organization"},"potentialAction":[{"@type":"SearchAction","target":{"@type":"EntryPoint","urlTemplate":"https:\/\/dfvcg-events.de\/digital-restaurant-day\/?s={search_term_string}"},"query-input":{"@type":"PropertyValueSpecification","valueRequired":true,"valueName":"search_term_string"}}],"inLanguage":"de"},{"@type":"Organization","@id":"https:\/\/dfvcg-events.de\/digital-restaurant-day\/#organization","name":"Digital Restaurant Day","url":"https:\/\/dfvcg-events.de\/digital-restaurant-day\/","logo":{"@type":"ImageObject","inLanguage":"de","@id":"https:\/\/dfvcg-events.de\/digital-restaurant-day\/#\/schema\/logo\/image\/","url":"https:\/\/dfvcg-events.de\/digital-restaurant-day\/wp-content\/uploads\/sites\/46\/2022\/11\/digital-restaurant-day-800x800px.jpg","contentUrl":"https:\/\/dfvcg-events.de\/digital-restaurant-day\/wp-content\/uploads\/sites\/46\/2022\/11\/digital-restaurant-day-800x800px.jpg","width":800,"height":800,"caption":"Digital Restaurant Day"},"image":{"@id":"https:\/\/dfvcg-events.de\/digital-restaurant-day\/#\/schema\/logo\/image\/"},"sameAs":["https:\/\/www.facebook.com\/foodservice.de","https:\/\/x.com\/foodservice_de"]}]}},"_links":{"self":[{"href":"https:\/\/dfvcg-events.de\/digital-restaurant-day\/wp-json\/wp\/v2\/portfolio\/2490","targetHints":{"allow":["GET"]}}],"collection":[{"href":"https:\/\/dfvcg-events.de\/digital-restaurant-day\/wp-json\/wp\/v2\/portfolio"}],"about":[{"href":"https:\/\/dfvcg-events.de\/digital-restaurant-day\/wp-json\/wp\/v2\/types\/portfolio"}],"author":[{"embeddable":true,"href":"https:\/\/dfvcg-events.de\/digital-restaurant-day\/wp-json\/wp\/v2\/users\/4"}],"replies":[{"embeddable":true,"href":"https:\/\/dfvcg-events.de\/digital-restaurant-day\/wp-json\/wp\/v2\/comments?post=2490"}],"version-history":[{"count":0,"href":"https:\/\/dfvcg-events.de\/digital-restaurant-day\/wp-json\/wp\/v2\/portfolio\/2490\/revisions"}],"wp:featuredmedia":[{"embeddable":true,"href":"https:\/\/dfvcg-events.de\/digital-restaurant-day\/wp-json\/wp\/v2\/media\/2491"}],"wp:attachment":[{"href":"https:\/\/dfvcg-events.de\/digital-restaurant-day\/wp-json\/wp\/v2\/media?parent=2490"}],"wp:term":[{"taxonomy":"post_tag","embeddable":true,"href":"https:\/\/dfvcg-events.de\/digital-restaurant-day\/wp-json\/wp\/v2\/tags?post=2490"},{"taxonomy":"portfolio_entries","embeddable":true,"href":"https:\/\/dfvcg-events.de\/digital-restaurant-day\/wp-json\/wp\/v2\/portfolio_entries?post=2490"}],"curies":[{"name":"wp","href":"https:\/\/api.w.org\/{rel}","templated":true}]}}