{"id":1017,"date":"2020-05-28T14:32:37","date_gmt":"2020-05-28T12:32:37","guid":{"rendered":"https:\/\/dfvcg-events.de\/deutscher-handelsimmobilien-gipfel\/?post_type=portfolio&#038;p=1017"},"modified":"2020-05-28T14:32:37","modified_gmt":"2020-05-28T12:32:37","slug":"barbara-possinke","status":"publish","type":"portfolio","link":"https:\/\/dfvcg-events.de\/deutscher-handelsimmobilien-gipfel\/referent\/barbara-possinke\/","title":{"rendered":"Barbara Possinke"},"content":{"rendered":"<div class='clear'><\/div><div id='sub_menu1'  class='av-submenu-container av-k7xs13ge-84746cd26abc5c9d78d42d73e83b72f0 header_color  avia-builder-el-0  el_before_av_section  avia-builder-el-first  av-sticky-submenu container_wrap fullsize' style='z-index:301' ><div class='container av-menu-mobile-disabled av-submenu-pos-left'><ul id=\"menu-submenu\" class=\"av-subnav-menu\" role=\"menu\"><li role=\"menuitem\" id=\"menu-item-1057\" class=\"menu-item menu-item-type-custom menu-item-object-custom av-menu-button av-menu-button-colored menu-item-top-level menu-item-top-level-1\"><a target=\"_blank\" href=\"https:\/\/www.heuer-dialog.de\/veranstaltungen\/11159\/13-deutscher-handelsimmobilien-gipfel#Teilnehmen\" itemprop=\"url\" tabindex=\"0\"><span class=\"avia-bullet\"><\/span><span class=\"avia-menu-text\">Jetzt anmelden<\/span><span class=\"avia-menu-fx\"><span class=\"avia-arrow-wrap\"><span class=\"avia-arrow\"><\/span><\/span><\/span><\/a><\/li>\n<li role=\"menuitem\" id=\"menu-item-1147\" class=\"menu-item menu-item-type-post_type menu-item-object-page menu-item-home menu-item-top-level menu-item-top-level-2\"><a href=\"https:\/\/dfvcg-events.de\/deutscher-handelsimmobilien-gipfel\/\" itemprop=\"url\" tabindex=\"0\"><span class=\"avia-bullet\"><\/span><span class=\"avia-menu-text\">13. Deutscher Handelsimmobilien-Gipfel<\/span><span class=\"avia-menu-fx\"><span class=\"avia-arrow-wrap\"><span class=\"avia-arrow\"><\/span><\/span><\/span><\/a><\/li>\n<li role=\"menuitem\" id=\"menu-item-1155\" class=\"menu-item menu-item-type-post_type menu-item-object-page menu-item-top-level menu-item-top-level-3\"><a href=\"https:\/\/dfvcg-events.de\/deutscher-handelsimmobilien-gipfel\/programm-2021\/\" itemprop=\"url\" tabindex=\"0\"><span class=\"avia-bullet\"><\/span><span class=\"avia-menu-text\">Programm<\/span><span class=\"avia-menu-fx\"><span class=\"avia-arrow-wrap\"><span class=\"avia-arrow\"><\/span><\/span><\/span><\/a><\/li>\n<li role=\"menuitem\" id=\"menu-item-1151\" class=\"menu-item menu-item-type-post_type menu-item-object-page menu-item-top-level menu-item-top-level-4\"><a href=\"https:\/\/dfvcg-events.de\/deutscher-handelsimmobilien-gipfel\/referenten-2021\/\" itemprop=\"url\" tabindex=\"0\"><span class=\"avia-bullet\"><\/span><span class=\"avia-menu-text\">Referenten<\/span><span class=\"avia-menu-fx\"><span class=\"avia-arrow-wrap\"><span class=\"avia-arrow\"><\/span><\/span><\/span><\/a><\/li>\n<li role=\"menuitem\" id=\"menu-item-1159\" class=\"menu-item menu-item-type-post_type menu-item-object-page menu-item-top-level menu-item-top-level-5\"><a href=\"https:\/\/dfvcg-events.de\/deutscher-handelsimmobilien-gipfel\/aussteller-partner-2021\/\" itemprop=\"url\" tabindex=\"0\"><span class=\"avia-bullet\"><\/span><span class=\"avia-menu-text\">Aussteller &amp; Partner<\/span><span class=\"avia-menu-fx\"><span class=\"avia-arrow-wrap\"><span class=\"avia-arrow\"><\/span><\/span><\/span><\/a><\/li>\n<li role=\"menuitem\" id=\"menu-item-581\" class=\"menu-item menu-item-type-custom menu-item-object-custom menu-item-has-children menu-item-top-level menu-item-top-level-6\"><a href=\"#\" itemprop=\"url\" tabindex=\"0\"><span class=\"avia-bullet\"><\/span><span class=\"avia-menu-text\">Service<\/span><span class=\"avia-menu-fx\"><span class=\"avia-arrow-wrap\"><span class=\"avia-arrow\"><\/span><\/span><\/span><\/a>\n\n\n<ul class=\"sub-menu\">\n\t<li role=\"menuitem\" id=\"menu-item-238\" class=\"menu-item menu-item-type-post_type menu-item-object-page\"><a href=\"https:\/\/dfvcg-events.de\/deutscher-handelsimmobilien-gipfel\/kontakt\/\" itemprop=\"url\" tabindex=\"0\"><span class=\"avia-bullet\"><\/span><span class=\"avia-menu-text\">Kontakt<\/span><\/a><\/li>\n\t<li role=\"menuitem\" id=\"menu-item-169\" class=\"menu-item menu-item-type-post_type menu-item-object-page\"><a href=\"https:\/\/dfvcg-events.de\/deutscher-handelsimmobilien-gipfel\/hotel-anreise\/\" itemprop=\"url\" tabindex=\"0\"><span class=\"avia-bullet\"><\/span><span class=\"avia-menu-text\">Hotel &amp; Anreise<\/span><\/a><\/li>\n\t<li role=\"menuitem\" id=\"menu-item-1169\" class=\"menu-item menu-item-type-post_type menu-item-object-page\"><a href=\"https:\/\/dfvcg-events.de\/deutscher-handelsimmobilien-gipfel\/download-center-2021\/\" itemprop=\"url\" tabindex=\"0\"><span class=\"avia-bullet\"><\/span><span class=\"avia-menu-text\">Download-Center<\/span><\/a><\/li>\n\t<li role=\"menuitem\" id=\"menu-item-1145\" class=\"menu-item menu-item-type-custom menu-item-object-custom menu-item-has-children\"><a href=\"#\" itemprop=\"url\" tabindex=\"0\"><span class=\"avia-bullet\"><\/span><span class=\"avia-menu-text\">Archiv<\/span><\/a>\n\t<ul class=\"sub-menu\">\n\t\t<li role=\"menuitem\" id=\"menu-item-1146\" class=\"menu-item menu-item-type-post_type menu-item-object-page\"><a href=\"https:\/\/dfvcg-events.de\/deutscher-handelsimmobilien-gipfel\/12-deutscher-handelsimmobilien-gipfel-2020\/\" itemprop=\"url\" tabindex=\"0\"><span class=\"avia-bullet\"><\/span><span class=\"avia-menu-text\">2020<\/span><\/a><\/li>\n\t<\/ul>\n<\/li>\n<\/ul>\n<\/li>\n<\/ul><\/div><\/div><div class='sticky_placeholder'><\/div>\n\n<style type=\"text\/css\" data-created_by=\"avia_inline_auto\" id=\"style-css-av-k7yuhjt1-af54c5a629e543e2cc757ba32fbc554b\">\n.avia-section.av-k7yuhjt1-af54c5a629e543e2cc757ba32fbc554b{\nbackground-color:#1d2256;\nbackground-image:unset;\n}\n<\/style>\n<div id='av_section_1'  class='avia-section av-k7yuhjt1-af54c5a629e543e2cc757ba32fbc554b main_color avia-section-default avia-no-border-styling  avia-builder-el-1  el_after_av_submenu  el_before_av_one_third  avia-bg-style-scroll container_wrap fullsize'  ><div class='container av-section-cont-open' ><div class='template-page content  av-content-full alpha units'><div class='post-entry post-entry-type-page post-entry-1017'><div class='entry-content-wrapper clearfix'>\n\n<style type=\"text\/css\" data-created_by=\"avia_inline_auto\" id=\"style-css-av-kap75qr1-ace9f255c85450a586632921a94af094\">\n#top .av-special-heading.av-kap75qr1-ace9f255c85450a586632921a94af094{\npadding-bottom:0;\ncolor:#ffffff;\n}\nbody .av-special-heading.av-kap75qr1-ace9f255c85450a586632921a94af094 .av-special-heading-tag .heading-char{\nfont-size:25px;\n}\n.av-special-heading.av-kap75qr1-ace9f255c85450a586632921a94af094 .special-heading-inner-border{\nborder-color:#ffffff;\n}\n.av-special-heading.av-kap75qr1-ace9f255c85450a586632921a94af094 .av-subheading{\nfont-size:19px;\n}\n<\/style>\n<div  class='av-special-heading av-kap75qr1-ace9f255c85450a586632921a94af094 av-special-heading-h1 custom-color-heading blockquote modern-quote  avia-builder-el-2  avia-builder-el-no-sibling '><div class='av_custom_color av-subheading av-subheading_above'><p>12. Deutscher Handelsimmobilien-Gipfel 2020<\/p>\n<\/div><h1 class='av-special-heading-tag '  itemprop=\"headline\"  >Referenten<\/h1><div class=\"special-heading-border\"><div class=\"special-heading-inner-border\"><\/div><\/div><\/div>\n<\/div><\/div><\/div><!-- close content main div --><\/div><\/div><div id='after_section_1'  class='main_color av_default_container_wrap container_wrap fullsize'  ><div class='container av-section-cont-open' ><div class='template-page content  av-content-full alpha units'><div class='post-entry post-entry-type-page post-entry-1017'><div class='entry-content-wrapper clearfix'>\n\n<style type=\"text\/css\" data-created_by=\"avia_inline_auto\" id=\"style-css-av-1hpil-9666fe4db9abbb55e16afcaa46b74565\">\n.flex_column.av-1hpil-9666fe4db9abbb55e16afcaa46b74565{\nborder-radius:0px 0px 0px 0px;\npadding:0px 0px 0px 0px;\n}\n<\/style>\n<div  class='flex_column av-1hpil-9666fe4db9abbb55e16afcaa46b74565 av_one_third  avia-builder-el-3  el_after_av_section  el_before_av_two_third  avia-builder-el-first  first flex_column_div av-zero-column-padding  '     ><style type=\"text\/css\" data-created_by=\"avia_inline_auto\" id=\"style-css-av-k7z51wou-965a0364ade15f90b940e6b80787d8f0\">\n.avia-image-container.av-k7z51wou-965a0364ade15f90b940e6b80787d8f0 img.avia_image{\nbox-shadow:none;\n}\n.avia-image-container.av-k7z51wou-965a0364ade15f90b940e6b80787d8f0 .av-image-caption-overlay-center{\ncolor:#ffffff;\n}\n<\/style>\n<div  class='avia-image-container av-k7z51wou-965a0364ade15f90b940e6b80787d8f0 av-styling-no-styling avia-align-center  avia-builder-el-4  avia-builder-el-no-sibling  av-has-copyright av-copyright-always'   itemprop=\"image\" itemscope=\"itemscope\" itemtype=\"https:\/\/schema.org\/ImageObject\" ><div class=\"avia-image-container-inner\"><div class=\"avia-image-overlay-wrap\"><img decoding=\"async\" fetchpriority=\"high\" class='wp-image-1018 avia-img-lazy-loading-not-1018 avia_image ' src=\"https:\/\/dfvcg-events.de\/deutscher-handelsimmobilien-gipfel\/wp-content\/uploads\/sites\/4\/2020\/05\/Possinke-Barbara.jpg\" alt='' title='Possinke-Barbara'  height=\"800\" width=\"600\"  itemprop=\"thumbnailUrl\"  \/><\/div><small class=\"avia-copyright\">Quelle: RKW Architektur + | Urheber\/Fotograf: Tanja Walck<\/small><\/div><\/div><\/div>\n<style type=\"text\/css\" data-created_by=\"avia_inline_auto\" id=\"style-css-av-q939-36bd9e2970eba44b209398e6adaba9f5\">\n.flex_column.av-q939-36bd9e2970eba44b209398e6adaba9f5{\nborder-radius:0px 0px 0px 0px;\npadding:0px 0px 0px 0px;\n}\n<\/style>\n<div  class='flex_column av-q939-36bd9e2970eba44b209398e6adaba9f5 av_two_third  avia-builder-el-5  el_after_av_one_third  avia-builder-el-last  flex_column_div av-zero-column-padding  '     ><p>\n<style type=\"text\/css\" data-created_by=\"avia_inline_auto\" id=\"style-css-av-kaqr9dqh-56d485241f5716be248f9ea95babb7eb\">\n#top .av-special-heading.av-kaqr9dqh-56d485241f5716be248f9ea95babb7eb{\npadding-bottom:10px;\n}\nbody .av-special-heading.av-kaqr9dqh-56d485241f5716be248f9ea95babb7eb .av-special-heading-tag .heading-char{\nfont-size:25px;\n}\n.av-special-heading.av-kaqr9dqh-56d485241f5716be248f9ea95babb7eb .av-subheading{\nfont-size:19px;\n}\n<\/style>\n<div  class='av-special-heading av-kaqr9dqh-56d485241f5716be248f9ea95babb7eb av-special-heading-h2 blockquote modern-quote  avia-builder-el-6  el_before_av_textblock  avia-builder-el-first '><h2 class='av-special-heading-tag '  itemprop=\"headline\"  >Barbara Possinke<\/h2><div class='av-subheading av-subheading_below'><p>RKW Architektur +<br \/>\nGesch\u00e4ftsf\u00fchrende Gesellschafterin<\/p>\n<\/div><div class=\"special-heading-border\"><div class=\"special-heading-inner-border\"><\/div><\/div><\/div><br \/>\n<section  class='av_textblock_section av-k7yuci90-e77fc951f058c9b024f36a62cccd2df6 '   itemscope=\"itemscope\" itemtype=\"https:\/\/schema.org\/CreativeWork\" ><div class='avia_textblock'  itemprop=\"text\" ><p>\u201eVerbraucher werden immer anspruchsvoller und m\u00f6chten ihre Bed\u00fcrfnisse so effizient wie m\u00f6glich befriedigen. Daher kaufen sie je nach Bedarf online ein oder recherchieren zuerst im Internet und gehen dann in einen Laden. Unabh\u00e4ngig von der Kategorie sollte ein H\u00e4ndler sich sowohl in Gesch\u00e4ften als auch online kundenfreundlich pr\u00e4sentieren.\u201c<\/p>\n<\/div><\/section><\/p><\/div><\/p>\n","protected":false},"excerpt":{"rendered":"<p>RKW Architektur +<\/p>\n","protected":false},"author":1,"featured_media":1018,"comment_status":"closed","ping_status":"closed","template":"","meta":{"footnotes":""},"tags":[],"portfolio_entries":[3],"class_list":["post-1017","portfolio","type-portfolio","status-publish","has-post-thumbnail","hentry","portfolio_entries-referent-2020"],"yoast_head":"<!-- This site is optimized with the Yoast SEO plugin v27.4 - https:\/\/yoast.com\/product\/yoast-seo-wordpress\/ -->\n<title>Referent: Barbara Possinke - Deutscher Handelsimmobilien-Gipfel<\/title>\n<meta name=\"description\" content=\"Deutscher Handelsimmobilien-Gipfel | Begr\u00fc\u00dfen Sie auf der B\u00fchne: Barbara Possinke\" \/>\n<meta name=\"robots\" content=\"index, follow, max-snippet:-1, max-image-preview:large, max-video-preview:-1\" \/>\n<link rel=\"canonical\" href=\"https:\/\/dfvcg-events.de\/deutscher-handelsimmobilien-gipfel\/referent\/barbara-possinke\/\" \/>\n<meta property=\"og:locale\" content=\"de_DE\" \/>\n<meta property=\"og:type\" content=\"article\" \/>\n<meta property=\"og:title\" content=\"Referent: Barbara Possinke - Deutscher Handelsimmobilien-Gipfel\" \/>\n<meta property=\"og:description\" content=\"Deutscher Handelsimmobilien-Gipfel | Begr\u00fc\u00dfen Sie auf der B\u00fchne: Barbara Possinke\" \/>\n<meta property=\"og:url\" content=\"https:\/\/dfvcg-events.de\/deutscher-handelsimmobilien-gipfel\/referent\/barbara-possinke\/\" \/>\n<meta property=\"og:site_name\" content=\"Deutscher Handelsimmobilien-Gipfel\" \/>\n<meta property=\"og:image\" content=\"https:\/\/dfvcg-events.de\/deutscher-handelsimmobilien-gipfel\/wp-content\/uploads\/sites\/4\/2020\/05\/Possinke-Barbara.jpg\" \/>\n\t<meta property=\"og:image:width\" content=\"600\" \/>\n\t<meta property=\"og:image:height\" content=\"800\" \/>\n\t<meta property=\"og:image:type\" content=\"image\/jpeg\" \/>\n<meta name=\"twitter:card\" content=\"summary_large_image\" \/>\n<meta name=\"twitter:label1\" content=\"Gesch\u00e4tzte Lesezeit\" \/>\n\t<meta name=\"twitter:data1\" content=\"4\u00a0Minuten\" \/>\n<script type=\"application\/ld+json\" class=\"yoast-schema-graph\">{\"@context\":\"https:\\\/\\\/schema.org\",\"@graph\":[{\"@type\":\"WebPage\",\"@id\":\"https:\\\/\\\/dfvcg-events.de\\\/deutscher-handelsimmobilien-gipfel\\\/referent\\\/barbara-possinke\\\/\",\"url\":\"https:\\\/\\\/dfvcg-events.de\\\/deutscher-handelsimmobilien-gipfel\\\/referent\\\/barbara-possinke\\\/\",\"name\":\"Referent: Barbara Possinke - Deutscher Handelsimmobilien-Gipfel\",\"isPartOf\":{\"@id\":\"https:\\\/\\\/dfvcg-events.de\\\/deutscher-handelsimmobilien-gipfel\\\/#website\"},\"primaryImageOfPage\":{\"@id\":\"https:\\\/\\\/dfvcg-events.de\\\/deutscher-handelsimmobilien-gipfel\\\/referent\\\/barbara-possinke\\\/#primaryimage\"},\"image\":{\"@id\":\"https:\\\/\\\/dfvcg-events.de\\\/deutscher-handelsimmobilien-gipfel\\\/referent\\\/barbara-possinke\\\/#primaryimage\"},\"thumbnailUrl\":\"https:\\\/\\\/dfvcg-events.de\\\/deutscher-handelsimmobilien-gipfel\\\/wp-content\\\/uploads\\\/sites\\\/4\\\/2020\\\/05\\\/Possinke-Barbara.jpg\",\"datePublished\":\"2020-05-28T12:32:37+00:00\",\"description\":\"Deutscher Handelsimmobilien-Gipfel | Begr\u00fc\u00dfen Sie auf der B\u00fchne: Barbara Possinke\",\"breadcrumb\":{\"@id\":\"https:\\\/\\\/dfvcg-events.de\\\/deutscher-handelsimmobilien-gipfel\\\/referent\\\/barbara-possinke\\\/#breadcrumb\"},\"inLanguage\":\"de\",\"potentialAction\":[{\"@type\":\"ReadAction\",\"target\":[\"https:\\\/\\\/dfvcg-events.de\\\/deutscher-handelsimmobilien-gipfel\\\/referent\\\/barbara-possinke\\\/\"]}]},{\"@type\":\"ImageObject\",\"inLanguage\":\"de\",\"@id\":\"https:\\\/\\\/dfvcg-events.de\\\/deutscher-handelsimmobilien-gipfel\\\/referent\\\/barbara-possinke\\\/#primaryimage\",\"url\":\"https:\\\/\\\/dfvcg-events.de\\\/deutscher-handelsimmobilien-gipfel\\\/wp-content\\\/uploads\\\/sites\\\/4\\\/2020\\\/05\\\/Possinke-Barbara.jpg\",\"contentUrl\":\"https:\\\/\\\/dfvcg-events.de\\\/deutscher-handelsimmobilien-gipfel\\\/wp-content\\\/uploads\\\/sites\\\/4\\\/2020\\\/05\\\/Possinke-Barbara.jpg\",\"width\":600,\"height\":800},{\"@type\":\"BreadcrumbList\",\"@id\":\"https:\\\/\\\/dfvcg-events.de\\\/deutscher-handelsimmobilien-gipfel\\\/referent\\\/barbara-possinke\\\/#breadcrumb\",\"itemListElement\":[{\"@type\":\"ListItem\",\"position\":1,\"name\":\"Startseite\",\"item\":\"https:\\\/\\\/dfvcg-events.de\\\/deutscher-handelsimmobilien-gipfel\\\/\"},{\"@type\":\"ListItem\",\"position\":2,\"name\":\"Barbara Possinke\"}]},{\"@type\":\"WebSite\",\"@id\":\"https:\\\/\\\/dfvcg-events.de\\\/deutscher-handelsimmobilien-gipfel\\\/#website\",\"url\":\"https:\\\/\\\/dfvcg-events.de\\\/deutscher-handelsimmobilien-gipfel\\\/\",\"name\":\"Deutscher Handelsimmobilien-Gipfel\",\"description\":\"dfv Conference Group\",\"publisher\":{\"@id\":\"https:\\\/\\\/dfvcg-events.de\\\/deutscher-handelsimmobilien-gipfel\\\/#organization\"},\"potentialAction\":[{\"@type\":\"SearchAction\",\"target\":{\"@type\":\"EntryPoint\",\"urlTemplate\":\"https:\\\/\\\/dfvcg-events.de\\\/deutscher-handelsimmobilien-gipfel\\\/?s={search_term_string}\"},\"query-input\":{\"@type\":\"PropertyValueSpecification\",\"valueRequired\":true,\"valueName\":\"search_term_string\"}}],\"inLanguage\":\"de\"},{\"@type\":\"Organization\",\"@id\":\"https:\\\/\\\/dfvcg-events.de\\\/deutscher-handelsimmobilien-gipfel\\\/#organization\",\"name\":\"Deutscher Handelsimmobilien-Gipfel\",\"url\":\"https:\\\/\\\/dfvcg-events.de\\\/deutscher-handelsimmobilien-gipfel\\\/\",\"logo\":{\"@type\":\"ImageObject\",\"inLanguage\":\"de\",\"@id\":\"https:\\\/\\\/dfvcg-events.de\\\/deutscher-handelsimmobilien-gipfel\\\/#\\\/schema\\\/logo\\\/image\\\/\",\"url\":\"https:\\\/\\\/dfvcg-events.de\\\/deutscher-handelsimmobilien-gipfel\\\/wp-content\\\/uploads\\\/sites\\\/4\\\/2020\\\/12\\\/Handelsimmobilien-Gipfel-800x800px.jpg\",\"contentUrl\":\"https:\\\/\\\/dfvcg-events.de\\\/deutscher-handelsimmobilien-gipfel\\\/wp-content\\\/uploads\\\/sites\\\/4\\\/2020\\\/12\\\/Handelsimmobilien-Gipfel-800x800px.jpg\",\"width\":800,\"height\":800,\"caption\":\"Deutscher Handelsimmobilien-Gipfel\"},\"image\":{\"@id\":\"https:\\\/\\\/dfvcg-events.de\\\/deutscher-handelsimmobilien-gipfel\\\/#\\\/schema\\\/logo\\\/image\\\/\"}}]}<\/script>\n<!-- \/ Yoast SEO plugin. -->","yoast_head_json":{"title":"Referent: Barbara Possinke - Deutscher Handelsimmobilien-Gipfel","description":"Deutscher Handelsimmobilien-Gipfel | Begr\u00fc\u00dfen Sie auf der B\u00fchne: Barbara Possinke","robots":{"index":"index","follow":"follow","max-snippet":"max-snippet:-1","max-image-preview":"max-image-preview:large","max-video-preview":"max-video-preview:-1"},"canonical":"https:\/\/dfvcg-events.de\/deutscher-handelsimmobilien-gipfel\/referent\/barbara-possinke\/","og_locale":"de_DE","og_type":"article","og_title":"Referent: Barbara Possinke - Deutscher Handelsimmobilien-Gipfel","og_description":"Deutscher Handelsimmobilien-Gipfel | Begr\u00fc\u00dfen Sie auf der B\u00fchne: Barbara Possinke","og_url":"https:\/\/dfvcg-events.de\/deutscher-handelsimmobilien-gipfel\/referent\/barbara-possinke\/","og_site_name":"Deutscher Handelsimmobilien-Gipfel","og_image":[{"width":600,"height":800,"url":"https:\/\/dfvcg-events.de\/deutscher-handelsimmobilien-gipfel\/wp-content\/uploads\/sites\/4\/2020\/05\/Possinke-Barbara.jpg","type":"image\/jpeg"}],"twitter_card":"summary_large_image","twitter_misc":{"Gesch\u00e4tzte Lesezeit":"4\u00a0Minuten"},"schema":{"@context":"https:\/\/schema.org","@graph":[{"@type":"WebPage","@id":"https:\/\/dfvcg-events.de\/deutscher-handelsimmobilien-gipfel\/referent\/barbara-possinke\/","url":"https:\/\/dfvcg-events.de\/deutscher-handelsimmobilien-gipfel\/referent\/barbara-possinke\/","name":"Referent: Barbara Possinke - Deutscher Handelsimmobilien-Gipfel","isPartOf":{"@id":"https:\/\/dfvcg-events.de\/deutscher-handelsimmobilien-gipfel\/#website"},"primaryImageOfPage":{"@id":"https:\/\/dfvcg-events.de\/deutscher-handelsimmobilien-gipfel\/referent\/barbara-possinke\/#primaryimage"},"image":{"@id":"https:\/\/dfvcg-events.de\/deutscher-handelsimmobilien-gipfel\/referent\/barbara-possinke\/#primaryimage"},"thumbnailUrl":"https:\/\/dfvcg-events.de\/deutscher-handelsimmobilien-gipfel\/wp-content\/uploads\/sites\/4\/2020\/05\/Possinke-Barbara.jpg","datePublished":"2020-05-28T12:32:37+00:00","description":"Deutscher Handelsimmobilien-Gipfel | Begr\u00fc\u00dfen Sie auf der B\u00fchne: Barbara Possinke","breadcrumb":{"@id":"https:\/\/dfvcg-events.de\/deutscher-handelsimmobilien-gipfel\/referent\/barbara-possinke\/#breadcrumb"},"inLanguage":"de","potentialAction":[{"@type":"ReadAction","target":["https:\/\/dfvcg-events.de\/deutscher-handelsimmobilien-gipfel\/referent\/barbara-possinke\/"]}]},{"@type":"ImageObject","inLanguage":"de","@id":"https:\/\/dfvcg-events.de\/deutscher-handelsimmobilien-gipfel\/referent\/barbara-possinke\/#primaryimage","url":"https:\/\/dfvcg-events.de\/deutscher-handelsimmobilien-gipfel\/wp-content\/uploads\/sites\/4\/2020\/05\/Possinke-Barbara.jpg","contentUrl":"https:\/\/dfvcg-events.de\/deutscher-handelsimmobilien-gipfel\/wp-content\/uploads\/sites\/4\/2020\/05\/Possinke-Barbara.jpg","width":600,"height":800},{"@type":"BreadcrumbList","@id":"https:\/\/dfvcg-events.de\/deutscher-handelsimmobilien-gipfel\/referent\/barbara-possinke\/#breadcrumb","itemListElement":[{"@type":"ListItem","position":1,"name":"Startseite","item":"https:\/\/dfvcg-events.de\/deutscher-handelsimmobilien-gipfel\/"},{"@type":"ListItem","position":2,"name":"Barbara Possinke"}]},{"@type":"WebSite","@id":"https:\/\/dfvcg-events.de\/deutscher-handelsimmobilien-gipfel\/#website","url":"https:\/\/dfvcg-events.de\/deutscher-handelsimmobilien-gipfel\/","name":"Deutscher Handelsimmobilien-Gipfel","description":"dfv Conference Group","publisher":{"@id":"https:\/\/dfvcg-events.de\/deutscher-handelsimmobilien-gipfel\/#organization"},"potentialAction":[{"@type":"SearchAction","target":{"@type":"EntryPoint","urlTemplate":"https:\/\/dfvcg-events.de\/deutscher-handelsimmobilien-gipfel\/?s={search_term_string}"},"query-input":{"@type":"PropertyValueSpecification","valueRequired":true,"valueName":"search_term_string"}}],"inLanguage":"de"},{"@type":"Organization","@id":"https:\/\/dfvcg-events.de\/deutscher-handelsimmobilien-gipfel\/#organization","name":"Deutscher Handelsimmobilien-Gipfel","url":"https:\/\/dfvcg-events.de\/deutscher-handelsimmobilien-gipfel\/","logo":{"@type":"ImageObject","inLanguage":"de","@id":"https:\/\/dfvcg-events.de\/deutscher-handelsimmobilien-gipfel\/#\/schema\/logo\/image\/","url":"https:\/\/dfvcg-events.de\/deutscher-handelsimmobilien-gipfel\/wp-content\/uploads\/sites\/4\/2020\/12\/Handelsimmobilien-Gipfel-800x800px.jpg","contentUrl":"https:\/\/dfvcg-events.de\/deutscher-handelsimmobilien-gipfel\/wp-content\/uploads\/sites\/4\/2020\/12\/Handelsimmobilien-Gipfel-800x800px.jpg","width":800,"height":800,"caption":"Deutscher Handelsimmobilien-Gipfel"},"image":{"@id":"https:\/\/dfvcg-events.de\/deutscher-handelsimmobilien-gipfel\/#\/schema\/logo\/image\/"}}]}},"_links":{"self":[{"href":"https:\/\/dfvcg-events.de\/deutscher-handelsimmobilien-gipfel\/wp-json\/wp\/v2\/portfolio\/1017","targetHints":{"allow":["GET"]}}],"collection":[{"href":"https:\/\/dfvcg-events.de\/deutscher-handelsimmobilien-gipfel\/wp-json\/wp\/v2\/portfolio"}],"about":[{"href":"https:\/\/dfvcg-events.de\/deutscher-handelsimmobilien-gipfel\/wp-json\/wp\/v2\/types\/portfolio"}],"author":[{"embeddable":true,"href":"https:\/\/dfvcg-events.de\/deutscher-handelsimmobilien-gipfel\/wp-json\/wp\/v2\/users\/1"}],"replies":[{"embeddable":true,"href":"https:\/\/dfvcg-events.de\/deutscher-handelsimmobilien-gipfel\/wp-json\/wp\/v2\/comments?post=1017"}],"version-history":[{"count":0,"href":"https:\/\/dfvcg-events.de\/deutscher-handelsimmobilien-gipfel\/wp-json\/wp\/v2\/portfolio\/1017\/revisions"}],"wp:featuredmedia":[{"embeddable":true,"href":"https:\/\/dfvcg-events.de\/deutscher-handelsimmobilien-gipfel\/wp-json\/wp\/v2\/media\/1018"}],"wp:attachment":[{"href":"https:\/\/dfvcg-events.de\/deutscher-handelsimmobilien-gipfel\/wp-json\/wp\/v2\/media?parent=1017"}],"wp:term":[{"taxonomy":"post_tag","embeddable":true,"href":"https:\/\/dfvcg-events.de\/deutscher-handelsimmobilien-gipfel\/wp-json\/wp\/v2\/tags?post=1017"},{"taxonomy":"portfolio_entries","embeddable":true,"href":"https:\/\/dfvcg-events.de\/deutscher-handelsimmobilien-gipfel\/wp-json\/wp\/v2\/portfolio_entries?post=1017"}],"curies":[{"name":"wp","href":"https:\/\/api.w.org\/{rel}","templated":true}]}}