{"id":1148,"date":"2020-12-03T15:44:00","date_gmt":"2020-12-03T14:44:00","guid":{"rendered":"https:\/\/dfvcg-events.de\/deutscher-handelsimmobilien-gipfel\/?page_id=1148"},"modified":"2021-06-07T18:20:29","modified_gmt":"2021-06-07T16:20:29","slug":"referenten-2021","status":"publish","type":"page","link":"https:\/\/dfvcg-events.de\/deutscher-handelsimmobilien-gipfel\/referenten-2021\/","title":{"rendered":"Referent:innen 2021"},"content":{"rendered":"<div class='clear'><\/div><div id='sub_menu1'  class='av-submenu-container av-k7xs13ge-a6adb774ae765ae476cf47f3db0437fc header_color av-switch-990  avia-builder-el-0  el_before_av_section  avia-builder-el-first  av-sticky-submenu container_wrap fullsize' style='z-index:301' ><div class='container av-menu-mobile-active av-submenu-pos-left av-submenu-hidden'><a href=\"#\" class=\"mobile_menu_toggle\"><span class='avia-svg-icon avia-font-svg_entypo-fontello' data-av_svg_icon='list' data-av_iconset='svg_entypo-fontello'><svg version=\"1.1\" xmlns=\"http:\/\/www.w3.org\/2000\/svg\" width=\"22\" height=\"32\" viewBox=\"0 0 22 32\" preserveAspectRatio=\"xMidYMid meet\" aria-labelledby='av-svg-title-1' aria-describedby='av-svg-desc-1' role=\"graphics-symbol\" aria-hidden=\"true\">\n<title id='av-svg-title-1'>List<\/title>\n<desc id='av-svg-desc-1'>List<\/desc>\n<path d=\"M3.2 20.8q0.64 0 1.12 0.48t0.48 1.12-0.48 1.12-1.12 0.48h-1.6q-0.64 0-1.12-0.48t-0.48-1.12 0.448-1.12 1.152-0.48h1.6zM3.2 14.4q0.64 0 1.12 0.48t0.48 1.12-0.48 1.12-1.12 0.48h-1.6q-0.64 0-1.12-0.48t-0.48-1.12 0.448-1.12 1.152-0.48h1.6zM3.2 8q0.64 0 1.12 0.48t0.48 1.12-0.48 1.12-1.12 0.48h-1.6q-0.64 0-1.12-0.48t-0.48-1.12 0.448-1.12 1.152-0.48h1.6zM9.6 11.2q-0.64 0-1.12-0.48t-0.48-1.12 0.48-1.12 1.12-0.48h11.2q0.704 0 1.152 0.48t0.448 1.12-0.48 1.12-1.12 0.48h-11.2zM20.8 14.4q0.704 0 1.152 0.48t0.448 1.12-0.48 1.12-1.12 0.48h-11.2q-0.64 0-1.12-0.48t-0.48-1.12 0.48-1.12 1.12-0.48h11.2zM20.8 20.8q0.704 0 1.152 0.48t0.448 1.12-0.48 1.12-1.12 0.48h-11.2q-0.64 0-1.12-0.48t-0.48-1.12 0.48-1.12 1.12-0.48h11.2z\"><\/path>\n<\/svg><\/span><span class=\"av-current-placeholder\">Men\u00fc<\/span><\/a><ul id=\"menu-submenu\" class=\"av-subnav-menu\" role=\"menu\"><li role=\"menuitem\" id=\"menu-item-1057\" class=\"menu-item menu-item-type-custom menu-item-object-custom av-menu-button av-menu-button-colored menu-item-top-level menu-item-top-level-1\"><a target=\"_blank\" href=\"https:\/\/www.heuer-dialog.de\/veranstaltungen\/11159\/13-deutscher-handelsimmobilien-gipfel#Teilnehmen\" itemprop=\"url\" tabindex=\"0\"><span class=\"avia-bullet\"><\/span><span class=\"avia-menu-text\">Jetzt anmelden<\/span><span class=\"avia-menu-fx\"><span class=\"avia-arrow-wrap\"><span class=\"avia-arrow\"><\/span><\/span><\/span><\/a><\/li>\n<li role=\"menuitem\" id=\"menu-item-1147\" class=\"menu-item menu-item-type-post_type menu-item-object-page menu-item-home menu-item-top-level menu-item-top-level-2\"><a href=\"https:\/\/dfvcg-events.de\/deutscher-handelsimmobilien-gipfel\/\" itemprop=\"url\" tabindex=\"0\"><span class=\"avia-bullet\"><\/span><span class=\"avia-menu-text\">13. Deutscher Handelsimmobilien-Gipfel<\/span><span class=\"avia-menu-fx\"><span class=\"avia-arrow-wrap\"><span class=\"avia-arrow\"><\/span><\/span><\/span><\/a><\/li>\n<li role=\"menuitem\" id=\"menu-item-1155\" class=\"menu-item menu-item-type-post_type menu-item-object-page menu-item-top-level menu-item-top-level-3\"><a href=\"https:\/\/dfvcg-events.de\/deutscher-handelsimmobilien-gipfel\/programm-2021\/\" itemprop=\"url\" tabindex=\"0\"><span class=\"avia-bullet\"><\/span><span class=\"avia-menu-text\">Programm<\/span><span class=\"avia-menu-fx\"><span class=\"avia-arrow-wrap\"><span class=\"avia-arrow\"><\/span><\/span><\/span><\/a><\/li>\n<li role=\"menuitem\" id=\"menu-item-1151\" class=\"menu-item menu-item-type-post_type menu-item-object-page menu-item-top-level menu-item-top-level-4\"><a href=\"https:\/\/dfvcg-events.de\/deutscher-handelsimmobilien-gipfel\/referenten-2021\/\" itemprop=\"url\" tabindex=\"0\"><span class=\"avia-bullet\"><\/span><span class=\"avia-menu-text\">Referenten<\/span><span class=\"avia-menu-fx\"><span class=\"avia-arrow-wrap\"><span class=\"avia-arrow\"><\/span><\/span><\/span><\/a><\/li>\n<li role=\"menuitem\" id=\"menu-item-1159\" class=\"menu-item menu-item-type-post_type menu-item-object-page menu-item-top-level menu-item-top-level-5\"><a href=\"https:\/\/dfvcg-events.de\/deutscher-handelsimmobilien-gipfel\/aussteller-partner-2021\/\" itemprop=\"url\" tabindex=\"0\"><span class=\"avia-bullet\"><\/span><span class=\"avia-menu-text\">Aussteller &amp; Partner<\/span><span class=\"avia-menu-fx\"><span class=\"avia-arrow-wrap\"><span class=\"avia-arrow\"><\/span><\/span><\/span><\/a><\/li>\n<li role=\"menuitem\" id=\"menu-item-581\" class=\"menu-item menu-item-type-custom menu-item-object-custom menu-item-has-children menu-item-top-level menu-item-top-level-6\"><a href=\"#\" itemprop=\"url\" tabindex=\"0\"><span class=\"avia-bullet\"><\/span><span class=\"avia-menu-text\">Service<\/span><span class=\"avia-menu-fx\"><span class=\"avia-arrow-wrap\"><span class=\"avia-arrow\"><\/span><\/span><\/span><\/a>\n\n\n<ul class=\"sub-menu\">\n\t<li role=\"menuitem\" id=\"menu-item-238\" class=\"menu-item menu-item-type-post_type menu-item-object-page\"><a href=\"https:\/\/dfvcg-events.de\/deutscher-handelsimmobilien-gipfel\/kontakt\/\" itemprop=\"url\" tabindex=\"0\"><span class=\"avia-bullet\"><\/span><span class=\"avia-menu-text\">Kontakt<\/span><\/a><\/li>\n\t<li role=\"menuitem\" id=\"menu-item-169\" class=\"menu-item menu-item-type-post_type menu-item-object-page\"><a href=\"https:\/\/dfvcg-events.de\/deutscher-handelsimmobilien-gipfel\/hotel-anreise\/\" itemprop=\"url\" tabindex=\"0\"><span class=\"avia-bullet\"><\/span><span class=\"avia-menu-text\">Hotel &amp; Anreise<\/span><\/a><\/li>\n\t<li role=\"menuitem\" id=\"menu-item-1169\" class=\"menu-item menu-item-type-post_type menu-item-object-page\"><a href=\"https:\/\/dfvcg-events.de\/deutscher-handelsimmobilien-gipfel\/download-center-2021\/\" itemprop=\"url\" tabindex=\"0\"><span class=\"avia-bullet\"><\/span><span class=\"avia-menu-text\">Download-Center<\/span><\/a><\/li>\n\t<li role=\"menuitem\" id=\"menu-item-1145\" class=\"menu-item menu-item-type-custom menu-item-object-custom menu-item-has-children\"><a href=\"#\" itemprop=\"url\" tabindex=\"0\"><span class=\"avia-bullet\"><\/span><span class=\"avia-menu-text\">Archiv<\/span><\/a>\n\t<ul class=\"sub-menu\">\n\t\t<li role=\"menuitem\" id=\"menu-item-1146\" class=\"menu-item menu-item-type-post_type menu-item-object-page\"><a href=\"https:\/\/dfvcg-events.de\/deutscher-handelsimmobilien-gipfel\/12-deutscher-handelsimmobilien-gipfel-2020\/\" itemprop=\"url\" tabindex=\"0\"><span class=\"avia-bullet\"><\/span><span class=\"avia-menu-text\">2020<\/span><\/a><\/li>\n\t<\/ul>\n<\/li>\n<\/ul>\n<\/li>\n<\/ul><\/div><\/div><div class='sticky_placeholder'><\/div>\n\n<style type=\"text\/css\" data-created_by=\"avia_inline_auto\" id=\"style-css-av-k7yuhjt1-57aed14a66a1c3432d7f6d1252fffaba\">\n.avia-section.av-k7yuhjt1-57aed14a66a1c3432d7f6d1252fffaba{\nbackground-color:#1d2256;\nbackground-image:unset;\n}\n<\/style>\n<div id='av_section_1'  class='avia-section av-k7yuhjt1-57aed14a66a1c3432d7f6d1252fffaba main_color avia-section-default avia-no-border-styling  avia-builder-el-1  el_after_av_submenu  el_before_av_section  avia-bg-style-scroll container_wrap fullsize'  ><div class='container av-section-cont-open' ><div class='template-page content  av-content-full alpha units'><div class='post-entry post-entry-type-page post-entry-1148'><div class='entry-content-wrapper clearfix'>\n\n<style type=\"text\/css\" data-created_by=\"avia_inline_auto\" id=\"style-css-av-ki8y966m-36bb77141439ba77d51b7a0fca4aa552\">\n#top .av-special-heading.av-ki8y966m-36bb77141439ba77d51b7a0fca4aa552{\npadding-bottom:0;\ncolor:#ffffff;\n}\nbody .av-special-heading.av-ki8y966m-36bb77141439ba77d51b7a0fca4aa552 .av-special-heading-tag .heading-char{\nfont-size:25px;\n}\n.av-special-heading.av-ki8y966m-36bb77141439ba77d51b7a0fca4aa552 .special-heading-inner-border{\nborder-color:#ffffff;\n}\n.av-special-heading.av-ki8y966m-36bb77141439ba77d51b7a0fca4aa552 .av-subheading{\nfont-size:19px;\n}\n<\/style>\n<div  class='av-special-heading av-ki8y966m-36bb77141439ba77d51b7a0fca4aa552 av-special-heading-h1 custom-color-heading blockquote modern-quote  avia-builder-el-2  avia-builder-el-no-sibling '><div class='av_custom_color av-subheading av-subheading_above'><p>13. Deutscher Handelsimmobilien-Gipfel 2021<\/p>\n<\/div><h1 class='av-special-heading-tag '  itemprop=\"headline\"  >Referent:innen<\/h1><div class=\"special-heading-border\"><div class=\"special-heading-inner-border\"><\/div><\/div><\/div>\n<\/div><\/div><\/div><!-- close content main div --><\/div><\/div><div id='av_section_2'  class='avia-section av-xixk-6ef7215bf43722eebdb667f20de77ea0 main_color avia-section-default avia-no-border-styling  avia-builder-el-3  el_after_av_section  avia-builder-el-last  avia-bg-style-scroll container_wrap fullsize'  ><div class='container av-section-cont-open' ><div class='template-page content  av-content-full alpha units'><div class='post-entry post-entry-type-page post-entry-1148'><div class='entry-content-wrapper clearfix'>\n\n<style type=\"text\/css\" data-created_by=\"avia_inline_auto\" id=\"style-css-av-kn628i13-6b3f7d8836d985334bf5e173bdcfae0e\">\n#top .av-special-heading.av-kn628i13-6b3f7d8836d985334bf5e173bdcfae0e{\npadding-bottom:10px;\n}\nbody .av-special-heading.av-kn628i13-6b3f7d8836d985334bf5e173bdcfae0e .av-special-heading-tag .heading-char{\nfont-size:25px;\n}\n.av-special-heading.av-kn628i13-6b3f7d8836d985334bf5e173bdcfae0e .av-subheading{\nfont-size:15px;\n}\n<\/style>\n<div  class='av-special-heading av-kn628i13-6b3f7d8836d985334bf5e173bdcfae0e av-special-heading-h2 blockquote modern-quote  avia-builder-el-4  el_before_av_textblock  avia-builder-el-first '><h2 class='av-special-heading-tag '  itemprop=\"headline\"  >18.\/19. Oktober 2021<\/h2><div class='av-subheading av-subheading_below'><p>Van der Valk Airport Hotel | D\u00fcsseldorf<\/p>\n<\/div><div class=\"special-heading-border\"><div class=\"special-heading-inner-border\"><\/div><\/div><\/div>\n<section  class='av_textblock_section av-kia3kji3-55e4eb35c7a23e8eb52aa40c55c803fa '   itemscope=\"itemscope\" itemtype=\"https:\/\/schema.org\/CreativeWork\" ><div class='avia_textblock'  itemprop=\"text\" ><p><strong>Die Referent:innen des 13. Handelsimmobilien-Gipfels finden Sie hier in K\u00fcrze!<\/strong><\/p>\n<\/div><\/section>\n<div id='av-masonry-1' class='av-masonry av-k7z3l9y7-e39cbd0b1294049422ea4f611d18890a noHover av-fixed-size av-large-gap av-hover-overlay- av-masonry-animation-active av-masonry-col-4 av-caption-always av-caption-style- av-masonry-entries av-desktop-hide av-medium-hide av-small-hide av-mini-hide av-medium-columns-overwrite av-medium-columns-2 av-small-columns-overwrite av-small-columns-2 av-orientation-portrait-large ' data-post_id=\"1148\"><div class=\"av-masonry-container isotope av-js-disabled\"><div class='av-masonry-entry isotope-item av-masonry-item-no-image '><\/div><a href=\"https:\/\/dfvcg-events.de\/deutscher-handelsimmobilien-gipfel\/referent\/miriam-beul\/\"  id='av-masonry-1-item-104' data-av-masonry-item='104' class='av-masonry-entry isotope-item post-104 portfolio type-portfolio status-publish has-post-thumbnail hentry portfolio_entries-referent-2020  av-masonry-item-with-image' title=\"Beul_Miriam_web.\"   itemscope=\"itemscope\" itemtype=\"https:\/\/schema.org\/CreativeWork\" ><div class='av-inner-masonry-sizer'><\/div><figure class='av-inner-masonry main_color'><div class=\"av-masonry-outerimage-container\"><div class='av-masonry-image-container' style=\"background-image: url(https:\/\/dfvcg-events.de\/deutscher-handelsimmobilien-gipfel\/wp-content\/uploads\/sites\/4\/2020\/03\/Beul_Miriam_web..png);\"  title=\"Beul_Miriam_web.\" ><\/div><\/div><figcaption class='av-inner-masonry-content site-background'><div class='av-inner-masonry-content-pos'><div class='av-inner-masonry-content-pos-content'><div class='avia-arrow'><\/div><h3 class='av-masonry-entry-title entry-title '  itemprop=\"headline\" >Miriam Beul<\/h3><div class='av-masonry-entry-content entry-content'  itemprop=\"text\" >Textschwester<\/div><\/div><\/div><\/figcaption><\/figure><\/a><!--end av-masonry entry--><a href=\"https:\/\/dfvcg-events.de\/deutscher-handelsimmobilien-gipfel\/referent\/martin-bressem\/\"  id='av-masonry-1-item-964' data-av-masonry-item='964' class='av-masonry-entry isotope-item post-964 portfolio type-portfolio status-publish has-post-thumbnail hentry portfolio_entries-referent-2020  av-masonry-item-with-image' title=\"Bressem-Martin\"   itemscope=\"itemscope\" itemtype=\"https:\/\/schema.org\/CreativeWork\" ><div class='av-inner-masonry-sizer'><\/div><figure class='av-inner-masonry main_color'><div class=\"av-masonry-outerimage-container\"><div class='av-masonry-image-container' style=\"background-image: url(https:\/\/dfvcg-events.de\/deutscher-handelsimmobilien-gipfel\/wp-content\/uploads\/sites\/4\/2020\/05\/Bressem-Martin.jpg);\"  title=\"Bressem-Martin\" ><\/div><\/div><figcaption class='av-inner-masonry-content site-background'><div class='av-inner-masonry-content-pos'><div class='av-inner-masonry-content-pos-content'><div class='avia-arrow'><\/div><h3 class='av-masonry-entry-title entry-title '  itemprop=\"headline\" >Martin Bressem<\/h3><div class='av-masonry-entry-content entry-content'  itemprop=\"text\" >BRICK SPACES GmbH<\/div><\/div><\/div><\/figcaption><\/figure><\/a><!--end av-masonry entry--><a href=\"https:\/\/dfvcg-events.de\/deutscher-handelsimmobilien-gipfel\/referent\/peter-cohrs\/\"  id='av-masonry-1-item-977' data-av-masonry-item='977' class='av-masonry-entry isotope-item post-977 portfolio type-portfolio status-publish has-post-thumbnail hentry portfolio_entries-referent-2020  av-masonry-item-with-image' title=\"Cohrs-Peter\"   itemscope=\"itemscope\" itemtype=\"https:\/\/schema.org\/CreativeWork\" ><div class='av-inner-masonry-sizer'><\/div><figure class='av-inner-masonry main_color'><div class=\"av-masonry-outerimage-container\"><div class='av-masonry-image-container' style=\"background-image: url(https:\/\/dfvcg-events.de\/deutscher-handelsimmobilien-gipfel\/wp-content\/uploads\/sites\/4\/2020\/05\/Cohrs-Peter.jpg);\"  title=\"Cohrs-Peter\" ><\/div><\/div><figcaption class='av-inner-masonry-content site-background'><div class='av-inner-masonry-content-pos'><div class='av-inner-masonry-content-pos-content'><div class='avia-arrow'><\/div><h3 class='av-masonry-entry-title entry-title '  itemprop=\"headline\" >Peter Cohrs<\/h3><div class='av-masonry-entry-content entry-content'  itemprop=\"text\" >Modehaus CJ Schmidt<\/div><\/div><\/div><\/figcaption><\/figure><\/a><!--end av-masonry entry--><a href=\"https:\/\/dfvcg-events.de\/deutscher-handelsimmobilien-gipfel\/referent\/michael-f-guntersdorf\/\"  id='av-masonry-1-item-981' data-av-masonry-item='981' class='av-masonry-entry isotope-item post-981 portfolio type-portfolio status-publish has-post-thumbnail hentry portfolio_entries-referent-2020  av-masonry-item-with-image' title=\"Guntersdorf-Michael\"   itemscope=\"itemscope\" itemtype=\"https:\/\/schema.org\/CreativeWork\" ><div class='av-inner-masonry-sizer'><\/div><figure class='av-inner-masonry main_color'><div class=\"av-masonry-outerimage-container\"><div class='av-masonry-image-container' style=\"background-image: url(https:\/\/dfvcg-events.de\/deutscher-handelsimmobilien-gipfel\/wp-content\/uploads\/sites\/4\/2020\/05\/Guntersdorf-Michael.jpg);\"  title=\"Guntersdorf-Michael\" ><\/div><\/div><figcaption class='av-inner-masonry-content site-background'><div class='av-inner-masonry-content-pos'><div class='av-inner-masonry-content-pos-content'><div class='avia-arrow'><\/div><h3 class='av-masonry-entry-title entry-title '  itemprop=\"headline\" >Michael F. Guntersdorf<\/h3><div class='av-masonry-entry-content entry-content'  itemprop=\"text\" >Stadt Frankfurt am Main<\/div><\/div><\/div><\/figcaption><\/figure><\/a><!--end av-masonry entry--><a href=\"https:\/\/dfvcg-events.de\/deutscher-handelsimmobilien-gipfel\/referent\/marc-huber\/\"  id='av-masonry-1-item-985' data-av-masonry-item='985' class='av-masonry-entry isotope-item post-985 portfolio type-portfolio status-publish has-post-thumbnail hentry portfolio_entries-referent-2020  av-masonry-item-with-image' title=\"Huber-Marc\"   itemscope=\"itemscope\" itemtype=\"https:\/\/schema.org\/CreativeWork\" ><div class='av-inner-masonry-sizer'><\/div><figure class='av-inner-masonry main_color'><div class=\"av-masonry-outerimage-container\"><div class='av-masonry-image-container' style=\"background-image: url(https:\/\/dfvcg-events.de\/deutscher-handelsimmobilien-gipfel\/wp-content\/uploads\/sites\/4\/2020\/05\/Huber-Marc.jpg);\"  title=\"Huber-Marc\" ><\/div><\/div><figcaption class='av-inner-masonry-content site-background'><div class='av-inner-masonry-content-pos'><div class='av-inner-masonry-content-pos-content'><div class='avia-arrow'><\/div><h3 class='av-masonry-entry-title entry-title '  itemprop=\"headline\" >Marc Huber<\/h3><div class='av-masonry-entry-content entry-content'  itemprop=\"text\" >Jelmoli<\/div><\/div><\/div><\/figcaption><\/figure><\/a><!--end av-masonry entry--><a href=\"https:\/\/dfvcg-events.de\/deutscher-handelsimmobilien-gipfel\/referent\/joaquin-jimenez-zabala\/\"  id='av-masonry-1-item-989' data-av-masonry-item='989' class='av-masonry-entry isotope-item post-989 portfolio type-portfolio status-publish has-post-thumbnail hentry portfolio_entries-referent-2020  av-masonry-item-with-image' title=\"Jimenez-Joaquin\"   itemscope=\"itemscope\" itemtype=\"https:\/\/schema.org\/CreativeWork\" ><div class='av-inner-masonry-sizer'><\/div><figure class='av-inner-masonry main_color'><div class=\"av-masonry-outerimage-container\"><div class='av-masonry-image-container' style=\"background-image: url(https:\/\/dfvcg-events.de\/deutscher-handelsimmobilien-gipfel\/wp-content\/uploads\/sites\/4\/2020\/05\/Jimenez-Joaquin.jpg);\"  title=\"Jimenez-Joaquin\" ><\/div><\/div><figcaption class='av-inner-masonry-content site-background'><div class='av-inner-masonry-content-pos'><div class='av-inner-masonry-content-pos-content'><div class='avia-arrow'><\/div><h3 class='av-masonry-entry-title entry-title '  itemprop=\"headline\" >Joaquin Jimenez-Zabala<\/h3><div class='av-masonry-entry-content entry-content'  itemprop=\"text\" >WISAG<\/div><\/div><\/div><\/figcaption><\/figure><\/a><!--end av-masonry entry--><a href=\"https:\/\/dfvcg-events.de\/deutscher-handelsimmobilien-gipfel\/referent\/stephan-jung\/\"  id='av-masonry-1-item-993' data-av-masonry-item='993' class='av-masonry-entry isotope-item post-993 portfolio type-portfolio status-publish has-post-thumbnail hentry portfolio_entries-referent-2020  av-masonry-item-with-image' title=\"Jung-Stephan\"   itemscope=\"itemscope\" itemtype=\"https:\/\/schema.org\/CreativeWork\" ><div class='av-inner-masonry-sizer'><\/div><figure class='av-inner-masonry main_color'><div class=\"av-masonry-outerimage-container\"><div class='av-masonry-image-container' style=\"background-image: url(https:\/\/dfvcg-events.de\/deutscher-handelsimmobilien-gipfel\/wp-content\/uploads\/sites\/4\/2020\/05\/Jung-Stephan.jpg);\"  title=\"Jung-Stephan\" ><\/div><\/div><figcaption class='av-inner-masonry-content site-background'><div class='av-inner-masonry-content-pos'><div class='av-inner-masonry-content-pos-content'><div class='avia-arrow'><\/div><h3 class='av-masonry-entry-title entry-title '  itemprop=\"headline\" >Stephan Jung<\/h3><div class='av-masonry-entry-content entry-content'  itemprop=\"text\" >InoventiQ Group<\/div><\/div><\/div><\/figcaption><\/figure><\/a><!--end av-masonry entry--><a href=\"https:\/\/dfvcg-events.de\/deutscher-handelsimmobilien-gipfel\/referent\/peter-knopf\/\"  id='av-masonry-1-item-1001' data-av-masonry-item='1001' class='av-masonry-entry isotope-item post-1001 portfolio type-portfolio status-publish has-post-thumbnail hentry portfolio_entries-referent-2020  av-masonry-item-with-image' title=\"Knopf-Peter\"   itemscope=\"itemscope\" itemtype=\"https:\/\/schema.org\/CreativeWork\" ><div class='av-inner-masonry-sizer'><\/div><figure class='av-inner-masonry main_color'><div class=\"av-masonry-outerimage-container\"><div class='av-masonry-image-container' style=\"background-image: url(https:\/\/dfvcg-events.de\/deutscher-handelsimmobilien-gipfel\/wp-content\/uploads\/sites\/4\/2020\/05\/Knopf-Peter.jpg);\"  title=\"Knopf-Peter\" ><\/div><\/div><figcaption class='av-inner-masonry-content site-background'><div class='av-inner-masonry-content-pos'><div class='av-inner-masonry-content-pos-content'><div class='avia-arrow'><\/div><h3 class='av-masonry-entry-title entry-title '  itemprop=\"headline\" >Peter Knopf<\/h3><div class='av-masonry-entry-content entry-content'  itemprop=\"text\" >CENTRUM Projektentwicklung<\/div><\/div><\/div><\/figcaption><\/figure><\/a><!--end av-masonry entry--><a href=\"https:\/\/dfvcg-events.de\/deutscher-handelsimmobilien-gipfel\/referent\/ralf-niggemann\/\"  id='av-masonry-1-item-1005' data-av-masonry-item='1005' class='av-masonry-entry isotope-item post-1005 portfolio type-portfolio status-publish has-post-thumbnail hentry portfolio_entries-referent-2020  av-masonry-item-with-image' title=\"Ralf-Niggemann\"   itemscope=\"itemscope\" itemtype=\"https:\/\/schema.org\/CreativeWork\" ><div class='av-inner-masonry-sizer'><\/div><figure class='av-inner-masonry main_color'><div class=\"av-masonry-outerimage-container\"><div class='av-masonry-image-container' style=\"background-image: url(https:\/\/dfvcg-events.de\/deutscher-handelsimmobilien-gipfel\/wp-content\/uploads\/sites\/4\/2020\/05\/Ralf-Niggemann.jpg);\"  title=\"Ralf-Niggemann\" ><\/div><\/div><figcaption class='av-inner-masonry-content site-background'><div class='av-inner-masonry-content-pos'><div class='av-inner-masonry-content-pos-content'><div class='avia-arrow'><\/div><h3 class='av-masonry-entry-title entry-title '  itemprop=\"headline\" >Ralf Niggemann<\/h3><div class='av-masonry-entry-content entry-content'  itemprop=\"text\" >Development Partner<\/div><\/div><\/div><\/figcaption><\/figure><\/a><!--end av-masonry entry--><a href=\"https:\/\/dfvcg-events.de\/deutscher-handelsimmobilien-gipfel\/referent\/klaus-ortner\/\"  id='av-masonry-1-item-1009' data-av-masonry-item='1009' class='av-masonry-entry isotope-item post-1009 portfolio type-portfolio status-publish has-post-thumbnail hentry portfolio_entries-referent-2020  av-masonry-item-with-image' title=\"Ortner-Klaus\"   itemscope=\"itemscope\" itemtype=\"https:\/\/schema.org\/CreativeWork\" ><div class='av-inner-masonry-sizer'><\/div><figure class='av-inner-masonry main_color'><div class=\"av-masonry-outerimage-container\"><div class='av-masonry-image-container' style=\"background-image: url(https:\/\/dfvcg-events.de\/deutscher-handelsimmobilien-gipfel\/wp-content\/uploads\/sites\/4\/2020\/05\/Ortner-Klaus.jpg);\"  title=\"Ortner-Klaus\" ><\/div><\/div><figcaption class='av-inner-masonry-content site-background'><div class='av-inner-masonry-content-pos'><div class='av-inner-masonry-content-pos-content'><div class='avia-arrow'><\/div><h3 class='av-masonry-entry-title entry-title '  itemprop=\"headline\" >Klaus Ortner<\/h3><div class='av-masonry-entry-content entry-content'  itemprop=\"text\" >Thalia Buchhandlung<\/div><\/div><\/div><\/figcaption><\/figure><\/a><!--end av-masonry entry--><a href=\"https:\/\/dfvcg-events.de\/deutscher-handelsimmobilien-gipfel\/referent\/birgit-pahl\/\"  id='av-masonry-1-item-1013' data-av-masonry-item='1013' class='av-masonry-entry isotope-item post-1013 portfolio type-portfolio status-publish has-post-thumbnail hentry portfolio_entries-referent-2020  av-masonry-item-with-image' title=\"Pahl-Birgit\"   itemscope=\"itemscope\" itemtype=\"https:\/\/schema.org\/CreativeWork\" ><div class='av-inner-masonry-sizer'><\/div><figure class='av-inner-masonry main_color'><div class=\"av-masonry-outerimage-container\"><div class='av-masonry-image-container' style=\"background-image: url(https:\/\/dfvcg-events.de\/deutscher-handelsimmobilien-gipfel\/wp-content\/uploads\/sites\/4\/2020\/05\/Pahl-Birgit.jpg);\"  title=\"Pahl-Birgit\" ><\/div><\/div><figcaption class='av-inner-masonry-content site-background'><div class='av-inner-masonry-content-pos'><div class='av-inner-masonry-content-pos-content'><div class='avia-arrow'><\/div><h3 class='av-masonry-entry-title entry-title '  itemprop=\"headline\" >Birgit Pahl<\/h3><div class='av-masonry-entry-content entry-content'  itemprop=\"text\" >Google Germany<\/div><\/div><\/div><\/figcaption><\/figure><\/a><!--end av-masonry entry--><a href=\"https:\/\/dfvcg-events.de\/deutscher-handelsimmobilien-gipfel\/referent\/barbara-possinke\/\"  id='av-masonry-1-item-1017' data-av-masonry-item='1017' class='av-masonry-entry isotope-item post-1017 portfolio type-portfolio status-publish has-post-thumbnail hentry portfolio_entries-referent-2020  av-masonry-item-with-image' title=\"Possinke-Barbara\"   itemscope=\"itemscope\" itemtype=\"https:\/\/schema.org\/CreativeWork\" ><div class='av-inner-masonry-sizer'><\/div><figure class='av-inner-masonry main_color'><div class=\"av-masonry-outerimage-container\"><div class='av-masonry-image-container' style=\"background-image: url(https:\/\/dfvcg-events.de\/deutscher-handelsimmobilien-gipfel\/wp-content\/uploads\/sites\/4\/2020\/05\/Possinke-Barbara.jpg);\"  title=\"Possinke-Barbara\" ><\/div><\/div><figcaption class='av-inner-masonry-content site-background'><div class='av-inner-masonry-content-pos'><div class='av-inner-masonry-content-pos-content'><div class='avia-arrow'><\/div><h3 class='av-masonry-entry-title entry-title '  itemprop=\"headline\" >Barbara Possinke<\/h3><div class='av-masonry-entry-content entry-content'  itemprop=\"text\" >RKW Architektur +<\/div><\/div><\/div><\/figcaption><\/figure><\/a><!--end av-masonry entry--><a href=\"https:\/\/dfvcg-events.de\/deutscher-handelsimmobilien-gipfel\/referent\/frederic-raber\/\"  id='av-masonry-1-item-1021' data-av-masonry-item='1021' class='av-masonry-entry isotope-item post-1021 portfolio type-portfolio status-publish has-post-thumbnail hentry portfolio_entries-referent-2020  av-masonry-item-with-image' title=\"Raber-Frederic\"   itemscope=\"itemscope\" itemtype=\"https:\/\/schema.org\/CreativeWork\" ><div class='av-inner-masonry-sizer'><\/div><figure class='av-inner-masonry main_color'><div class=\"av-masonry-outerimage-container\"><div class='av-masonry-image-container' style=\"background-image: url(https:\/\/dfvcg-events.de\/deutscher-handelsimmobilien-gipfel\/wp-content\/uploads\/sites\/4\/2020\/05\/Raber-Frederic.jpg);\"  title=\"Raber-Frederic\" ><\/div><\/div><figcaption class='av-inner-masonry-content site-background'><div class='av-inner-masonry-content-pos'><div class='av-inner-masonry-content-pos-content'><div class='avia-arrow'><\/div><h3 class='av-masonry-entry-title entry-title '  itemprop=\"headline\" >Frederic Raber<\/h3><div class='av-masonry-entry-content entry-content'  itemprop=\"text\" >Deutsches Forschungszentrum f\u00fcr KI<\/div><\/div><\/div><\/figcaption><\/figure><\/a><!--end av-masonry entry--><a href=\"https:\/\/dfvcg-events.de\/deutscher-handelsimmobilien-gipfel\/referent\/roland-schaefer\/\"  id='av-masonry-1-item-1025' data-av-masonry-item='1025' class='av-masonry-entry isotope-item post-1025 portfolio type-portfolio status-publish has-post-thumbnail hentry portfolio_entries-referent-2020  av-masonry-item-with-image' title=\"Schaefer-Roland\"   itemscope=\"itemscope\" itemtype=\"https:\/\/schema.org\/CreativeWork\" ><div class='av-inner-masonry-sizer'><\/div><figure class='av-inner-masonry main_color'><div class=\"av-masonry-outerimage-container\"><div class='av-masonry-image-container' style=\"background-image: url(https:\/\/dfvcg-events.de\/deutscher-handelsimmobilien-gipfel\/wp-content\/uploads\/sites\/4\/2020\/05\/Schaefer-Roland.jpg);\"  title=\"Schaefer-Roland\" ><\/div><\/div><figcaption class='av-inner-masonry-content site-background'><div class='av-inner-masonry-content-pos'><div class='av-inner-masonry-content-pos-content'><div class='avia-arrow'><\/div><h3 class='av-masonry-entry-title entry-title '  itemprop=\"headline\" >Roland Sch\u00e4fer<\/h3><div class='av-masonry-entry-content entry-content'  itemprop=\"text\" >Deutscher St\u00e4dte- und Gemeindebund e. V.<\/div><\/div><\/div><\/figcaption><\/figure><\/a><!--end av-masonry entry--><a href=\"https:\/\/dfvcg-events.de\/deutscher-handelsimmobilien-gipfel\/referent\/katrin-von-soosten\/\"  id='av-masonry-1-item-997' data-av-masonry-item='997' class='av-masonry-entry isotope-item post-997 portfolio type-portfolio status-publish has-post-thumbnail hentry portfolio_entries-referent-2020  av-masonry-item-with-image' title=\"Katrin-von-Soosten\"   itemscope=\"itemscope\" itemtype=\"https:\/\/schema.org\/CreativeWork\" ><div class='av-inner-masonry-sizer'><\/div><figure class='av-inner-masonry main_color'><div class=\"av-masonry-outerimage-container\"><div class='av-masonry-image-container' style=\"background-image: url(https:\/\/dfvcg-events.de\/deutscher-handelsimmobilien-gipfel\/wp-content\/uploads\/sites\/4\/2020\/05\/Katrin-von-Soosten.jpg);\"  title=\"Katrin-von-Soosten\" ><\/div><\/div><figcaption class='av-inner-masonry-content site-background'><div class='av-inner-masonry-content-pos'><div class='av-inner-masonry-content-pos-content'><div class='avia-arrow'><\/div><h3 class='av-masonry-entry-title entry-title '  itemprop=\"headline\" >Katrin von Soosten<\/h3><div class='av-masonry-entry-content entry-content'  itemprop=\"text\" >ECE Leasing<\/div><\/div><\/div><\/figcaption><\/figure><\/a><!--end av-masonry entry--><a href=\"https:\/\/dfvcg-events.de\/deutscher-handelsimmobilien-gipfel\/referent\/gabrielle-volz\/\"  id='av-masonry-1-item-1030' data-av-masonry-item='1030' class='av-masonry-entry isotope-item post-1030 portfolio type-portfolio status-publish has-post-thumbnail hentry portfolio_entries-referent-2020  av-masonry-item-with-image' title=\"Volz-Gabriele\"   itemscope=\"itemscope\" itemtype=\"https:\/\/schema.org\/CreativeWork\" ><div class='av-inner-masonry-sizer'><\/div><figure class='av-inner-masonry main_color'><div class=\"av-masonry-outerimage-container\"><div class='av-masonry-image-container' style=\"background-image: url(https:\/\/dfvcg-events.de\/deutscher-handelsimmobilien-gipfel\/wp-content\/uploads\/sites\/4\/2020\/05\/Volz-Gabriele.jpg);\"  title=\"Volz-Gabriele\" ><\/div><\/div><figcaption class='av-inner-masonry-content site-background'><div class='av-inner-masonry-content-pos'><div class='av-inner-masonry-content-pos-content'><div class='avia-arrow'><\/div><h3 class='av-masonry-entry-title entry-title '  itemprop=\"headline\" >Gabrielle Volz<\/h3><div class='av-masonry-entry-content entry-content'  itemprop=\"text\" >Wealthcap<\/div><\/div><\/div><\/figcaption><\/figure><\/a><!--end av-masonry entry--><a href=\"https:\/\/dfvcg-events.de\/deutscher-handelsimmobilien-gipfel\/referent\/lisa-watermann\/\"  id='av-masonry-1-item-1034' data-av-masonry-item='1034' class='av-masonry-entry isotope-item post-1034 portfolio type-portfolio status-publish has-post-thumbnail hentry portfolio_entries-referent-2020  av-masonry-item-with-image' title=\"Watermann-Lisa\"   itemscope=\"itemscope\" itemtype=\"https:\/\/schema.org\/CreativeWork\" ><div class='av-inner-masonry-sizer'><\/div><figure class='av-inner-masonry main_color'><div class=\"av-masonry-outerimage-container\"><div class='av-masonry-image-container' style=\"background-image: url(https:\/\/dfvcg-events.de\/deutscher-handelsimmobilien-gipfel\/wp-content\/uploads\/sites\/4\/2020\/05\/Watermann-Lisa.jpg);\"  title=\"Watermann-Lisa\" ><\/div><\/div><figcaption class='av-inner-masonry-content site-background'><div class='av-inner-masonry-content-pos'><div class='av-inner-masonry-content-pos-content'><div class='avia-arrow'><\/div><h3 class='av-masonry-entry-title entry-title '  itemprop=\"headline\" >Lisa Watermann<\/h3><div class='av-masonry-entry-content entry-content'  itemprop=\"text\" >GSK STOCKMANN<\/div><\/div><\/div><\/figcaption><\/figure><\/a><!--end av-masonry entry--><a href=\"https:\/\/dfvcg-events.de\/deutscher-handelsimmobilien-gipfel\/referent\/arnd-von-wedemeyer\/\"  id='av-masonry-1-item-1041' data-av-masonry-item='1041' class='av-masonry-entry isotope-item post-1041 portfolio type-portfolio status-publish has-post-thumbnail hentry portfolio_entries-referent-2020  av-masonry-item-with-image' title=\"von-Wedemeyer-arnd\"   itemscope=\"itemscope\" itemtype=\"https:\/\/schema.org\/CreativeWork\" ><div class='av-inner-masonry-sizer'><\/div><figure class='av-inner-masonry main_color'><div class=\"av-masonry-outerimage-container\"><div class='av-masonry-image-container' style=\"background-image: url(https:\/\/dfvcg-events.de\/deutscher-handelsimmobilien-gipfel\/wp-content\/uploads\/sites\/4\/2020\/05\/von-Wedemeyer-arnd.jpg);\"  title=\"von-Wedemeyer-arnd\" ><\/div><\/div><figcaption class='av-inner-masonry-content site-background'><div class='av-inner-masonry-content-pos'><div class='av-inner-masonry-content-pos-content'><div class='avia-arrow'><\/div><h3 class='av-masonry-entry-title entry-title '  itemprop=\"headline\" >Arnd von Wedemeyer<\/h3><div class='av-masonry-entry-content entry-content'  itemprop=\"text\" >notebooksbilliger.de<\/div><\/div><\/div><\/figcaption><\/figure><\/a><!--end av-masonry entry--><a href=\"https:\/\/dfvcg-events.de\/deutscher-handelsimmobilien-gipfel\/referent\/joerg-wege\/\"  id='av-masonry-1-item-960' data-av-masonry-item='960' class='av-masonry-entry isotope-item post-960 portfolio type-portfolio status-publish has-post-thumbnail hentry portfolio_entries-referent-2020  av-masonry-item-with-image' title=\"joerg-wege\"   itemscope=\"itemscope\" itemtype=\"https:\/\/schema.org\/CreativeWork\" ><div class='av-inner-masonry-sizer'><\/div><figure class='av-inner-masonry main_color'><div class=\"av-masonry-outerimage-container\"><div class='av-masonry-image-container' style=\"background-image: url(https:\/\/dfvcg-events.de\/deutscher-handelsimmobilien-gipfel\/wp-content\/uploads\/sites\/4\/2020\/05\/joerg-wege.jpg);\"  title=\"joerg-wege\" ><\/div><\/div><figcaption class='av-inner-masonry-content site-background'><div class='av-inner-masonry-content-pos'><div class='av-inner-masonry-content-pos-content'><div class='avia-arrow'><\/div><h3 class='av-masonry-entry-title entry-title '  itemprop=\"headline\" >J\u00f6rg Wege<\/h3><div class='av-masonry-entry-content entry-content'  itemprop=\"text\" >MEC METRO-ECE<\/div><\/div><\/div><\/figcaption><\/figure><\/a><!--end av-masonry entry--><a href=\"https:\/\/dfvcg-events.de\/deutscher-handelsimmobilien-gipfel\/referent\/ellen-wigner\/\"  id='av-masonry-1-item-1046' data-av-masonry-item='1046' class='av-masonry-entry isotope-item post-1046 portfolio type-portfolio status-publish has-post-thumbnail hentry portfolio_entries-referent-2020  av-masonry-item-with-image' title=\"Wigner-Ellen\"   itemscope=\"itemscope\" itemtype=\"https:\/\/schema.org\/CreativeWork\" ><div class='av-inner-masonry-sizer'><\/div><figure class='av-inner-masonry main_color'><div class=\"av-masonry-outerimage-container\"><div class='av-masonry-image-container' style=\"background-image: url(https:\/\/dfvcg-events.de\/deutscher-handelsimmobilien-gipfel\/wp-content\/uploads\/sites\/4\/2020\/05\/Wigner-Ellen.jpg);\"  title=\"Wigner-Ellen\" ><\/div><\/div><figcaption class='av-inner-masonry-content site-background'><div class='av-inner-masonry-content-pos'><div class='av-inner-masonry-content-pos-content'><div class='avia-arrow'><\/div><h3 class='av-masonry-entry-title entry-title '  itemprop=\"headline\" >Ellen Wigner<\/h3><div class='av-masonry-entry-content entry-content'  itemprop=\"text\" >erlebe wigner!<\/div><\/div><\/div><\/figcaption><\/figure><\/a><!--end av-masonry entry--><a href=\"https:\/\/dfvcg-events.de\/deutscher-handelsimmobilien-gipfel\/referent\/stephan-zwierzynski\/\"  id='av-masonry-1-item-1050' data-av-masonry-item='1050' class='av-masonry-entry isotope-item post-1050 portfolio type-portfolio status-publish has-post-thumbnail hentry portfolio_entries-referent-2020  av-masonry-item-with-image' title=\"Zwierzynski-Stephan\"   itemscope=\"itemscope\" itemtype=\"https:\/\/schema.org\/CreativeWork\" ><div class='av-inner-masonry-sizer'><\/div><figure class='av-inner-masonry main_color'><div class=\"av-masonry-outerimage-container\"><div class='av-masonry-image-container' style=\"background-image: url(https:\/\/dfvcg-events.de\/deutscher-handelsimmobilien-gipfel\/wp-content\/uploads\/sites\/4\/2020\/05\/Zwierzynski-Stephan.jpg);\"  title=\"Zwierzynski-Stephan\" ><\/div><\/div><figcaption class='av-inner-masonry-content site-background'><div class='av-inner-masonry-content-pos'><div class='av-inner-masonry-content-pos-content'><div class='avia-arrow'><\/div><h3 class='av-masonry-entry-title entry-title '  itemprop=\"headline\" >Stephan Zwierzynski<\/h3><div class='av-masonry-entry-content entry-content'  itemprop=\"text\" >Lidl Dienstleistung GmbH & Co. KG<\/div><\/div><\/div><\/figcaption><\/figure><\/a><!--end av-masonry entry--><\/div><\/div>\n<\/p>\n","protected":false},"excerpt":{"rendered":"","protected":false},"author":1,"featured_media":0,"parent":0,"menu_order":0,"comment_status":"closed","ping_status":"closed","template":"","meta":{"footnotes":""},"class_list":["post-1148","page","type-page","status-publish","hentry"],"yoast_head":"<!-- This site is optimized with the Yoast SEO plugin v27.4 - https:\/\/yoast.com\/product\/yoast-seo-wordpress\/ -->\n<title>Referent:innen 2021 - Deutscher Handelsimmobilien-Gipfel<\/title>\n<meta name=\"description\" content=\"Zum Handelsimmobilien-Gipfel 2020 begr\u00fc\u00dfen wir Top-Referent:innen aus der Branche. Freuen Sie sich auf spannende Vortr\u00e4ge zu wichtigen Themen und Innovationen.\" \/>\n<meta name=\"robots\" content=\"index, follow, max-snippet:-1, max-image-preview:large, max-video-preview:-1\" \/>\n<link rel=\"canonical\" href=\"https:\/\/dfvcg-events.de\/deutscher-handelsimmobilien-gipfel\/referenten-2021\/\" \/>\n<meta property=\"og:locale\" content=\"de_DE\" \/>\n<meta property=\"og:type\" content=\"article\" \/>\n<meta property=\"og:title\" content=\"Referent:innen 2021 - Deutscher Handelsimmobilien-Gipfel\" \/>\n<meta property=\"og:description\" content=\"Zum Handelsimmobilien-Gipfel 2020 begr\u00fc\u00dfen wir Top-Referent:innen aus der Branche. Freuen Sie sich auf spannende Vortr\u00e4ge zu wichtigen Themen und Innovationen.\" \/>\n<meta property=\"og:url\" content=\"https:\/\/dfvcg-events.de\/deutscher-handelsimmobilien-gipfel\/referenten-2021\/\" \/>\n<meta property=\"og:site_name\" content=\"Deutscher Handelsimmobilien-Gipfel\" \/>\n<meta property=\"article:modified_time\" content=\"2021-06-07T16:20:29+00:00\" \/>\n<meta name=\"twitter:card\" content=\"summary_large_image\" \/>\n<meta name=\"twitter:label1\" content=\"Gesch\u00e4tzte Lesezeit\" \/>\n\t<meta name=\"twitter:data1\" content=\"3\u00a0Minuten\" \/>\n<script type=\"application\/ld+json\" class=\"yoast-schema-graph\">{\"@context\":\"https:\\\/\\\/schema.org\",\"@graph\":[{\"@type\":\"WebPage\",\"@id\":\"https:\\\/\\\/dfvcg-events.de\\\/deutscher-handelsimmobilien-gipfel\\\/referenten-2021\\\/\",\"url\":\"https:\\\/\\\/dfvcg-events.de\\\/deutscher-handelsimmobilien-gipfel\\\/referenten-2021\\\/\",\"name\":\"Referent:innen 2021 - Deutscher Handelsimmobilien-Gipfel\",\"isPartOf\":{\"@id\":\"https:\\\/\\\/dfvcg-events.de\\\/deutscher-handelsimmobilien-gipfel\\\/#website\"},\"datePublished\":\"2020-12-03T14:44:00+00:00\",\"dateModified\":\"2021-06-07T16:20:29+00:00\",\"description\":\"Zum Handelsimmobilien-Gipfel 2020 begr\u00fc\u00dfen wir Top-Referent:innen aus der Branche. Freuen Sie sich auf spannende Vortr\u00e4ge zu wichtigen Themen und Innovationen.\",\"breadcrumb\":{\"@id\":\"https:\\\/\\\/dfvcg-events.de\\\/deutscher-handelsimmobilien-gipfel\\\/referenten-2021\\\/#breadcrumb\"},\"inLanguage\":\"de\",\"potentialAction\":[{\"@type\":\"ReadAction\",\"target\":[\"https:\\\/\\\/dfvcg-events.de\\\/deutscher-handelsimmobilien-gipfel\\\/referenten-2021\\\/\"]}]},{\"@type\":\"BreadcrumbList\",\"@id\":\"https:\\\/\\\/dfvcg-events.de\\\/deutscher-handelsimmobilien-gipfel\\\/referenten-2021\\\/#breadcrumb\",\"itemListElement\":[{\"@type\":\"ListItem\",\"position\":1,\"name\":\"Startseite\",\"item\":\"https:\\\/\\\/dfvcg-events.de\\\/deutscher-handelsimmobilien-gipfel\\\/\"},{\"@type\":\"ListItem\",\"position\":2,\"name\":\"Referent:innen 2021\"}]},{\"@type\":\"WebSite\",\"@id\":\"https:\\\/\\\/dfvcg-events.de\\\/deutscher-handelsimmobilien-gipfel\\\/#website\",\"url\":\"https:\\\/\\\/dfvcg-events.de\\\/deutscher-handelsimmobilien-gipfel\\\/\",\"name\":\"Deutscher Handelsimmobilien-Gipfel\",\"description\":\"dfv Conference Group\",\"publisher\":{\"@id\":\"https:\\\/\\\/dfvcg-events.de\\\/deutscher-handelsimmobilien-gipfel\\\/#organization\"},\"potentialAction\":[{\"@type\":\"SearchAction\",\"target\":{\"@type\":\"EntryPoint\",\"urlTemplate\":\"https:\\\/\\\/dfvcg-events.de\\\/deutscher-handelsimmobilien-gipfel\\\/?s={search_term_string}\"},\"query-input\":{\"@type\":\"PropertyValueSpecification\",\"valueRequired\":true,\"valueName\":\"search_term_string\"}}],\"inLanguage\":\"de\"},{\"@type\":\"Organization\",\"@id\":\"https:\\\/\\\/dfvcg-events.de\\\/deutscher-handelsimmobilien-gipfel\\\/#organization\",\"name\":\"Deutscher Handelsimmobilien-Gipfel\",\"url\":\"https:\\\/\\\/dfvcg-events.de\\\/deutscher-handelsimmobilien-gipfel\\\/\",\"logo\":{\"@type\":\"ImageObject\",\"inLanguage\":\"de\",\"@id\":\"https:\\\/\\\/dfvcg-events.de\\\/deutscher-handelsimmobilien-gipfel\\\/#\\\/schema\\\/logo\\\/image\\\/\",\"url\":\"https:\\\/\\\/dfvcg-events.de\\\/deutscher-handelsimmobilien-gipfel\\\/wp-content\\\/uploads\\\/sites\\\/4\\\/2020\\\/12\\\/Handelsimmobilien-Gipfel-800x800px.jpg\",\"contentUrl\":\"https:\\\/\\\/dfvcg-events.de\\\/deutscher-handelsimmobilien-gipfel\\\/wp-content\\\/uploads\\\/sites\\\/4\\\/2020\\\/12\\\/Handelsimmobilien-Gipfel-800x800px.jpg\",\"width\":800,\"height\":800,\"caption\":\"Deutscher Handelsimmobilien-Gipfel\"},\"image\":{\"@id\":\"https:\\\/\\\/dfvcg-events.de\\\/deutscher-handelsimmobilien-gipfel\\\/#\\\/schema\\\/logo\\\/image\\\/\"}}]}<\/script>\n<!-- \/ Yoast SEO plugin. -->","yoast_head_json":{"title":"Referent:innen 2021 - Deutscher Handelsimmobilien-Gipfel","description":"Zum Handelsimmobilien-Gipfel 2020 begr\u00fc\u00dfen wir Top-Referent:innen aus der Branche. Freuen Sie sich auf spannende Vortr\u00e4ge zu wichtigen Themen und Innovationen.","robots":{"index":"index","follow":"follow","max-snippet":"max-snippet:-1","max-image-preview":"max-image-preview:large","max-video-preview":"max-video-preview:-1"},"canonical":"https:\/\/dfvcg-events.de\/deutscher-handelsimmobilien-gipfel\/referenten-2021\/","og_locale":"de_DE","og_type":"article","og_title":"Referent:innen 2021 - Deutscher Handelsimmobilien-Gipfel","og_description":"Zum Handelsimmobilien-Gipfel 2020 begr\u00fc\u00dfen wir Top-Referent:innen aus der Branche. Freuen Sie sich auf spannende Vortr\u00e4ge zu wichtigen Themen und Innovationen.","og_url":"https:\/\/dfvcg-events.de\/deutscher-handelsimmobilien-gipfel\/referenten-2021\/","og_site_name":"Deutscher Handelsimmobilien-Gipfel","article_modified_time":"2021-06-07T16:20:29+00:00","twitter_card":"summary_large_image","twitter_misc":{"Gesch\u00e4tzte Lesezeit":"3\u00a0Minuten"},"schema":{"@context":"https:\/\/schema.org","@graph":[{"@type":"WebPage","@id":"https:\/\/dfvcg-events.de\/deutscher-handelsimmobilien-gipfel\/referenten-2021\/","url":"https:\/\/dfvcg-events.de\/deutscher-handelsimmobilien-gipfel\/referenten-2021\/","name":"Referent:innen 2021 - Deutscher Handelsimmobilien-Gipfel","isPartOf":{"@id":"https:\/\/dfvcg-events.de\/deutscher-handelsimmobilien-gipfel\/#website"},"datePublished":"2020-12-03T14:44:00+00:00","dateModified":"2021-06-07T16:20:29+00:00","description":"Zum Handelsimmobilien-Gipfel 2020 begr\u00fc\u00dfen wir Top-Referent:innen aus der Branche. Freuen Sie sich auf spannende Vortr\u00e4ge zu wichtigen Themen und Innovationen.","breadcrumb":{"@id":"https:\/\/dfvcg-events.de\/deutscher-handelsimmobilien-gipfel\/referenten-2021\/#breadcrumb"},"inLanguage":"de","potentialAction":[{"@type":"ReadAction","target":["https:\/\/dfvcg-events.de\/deutscher-handelsimmobilien-gipfel\/referenten-2021\/"]}]},{"@type":"BreadcrumbList","@id":"https:\/\/dfvcg-events.de\/deutscher-handelsimmobilien-gipfel\/referenten-2021\/#breadcrumb","itemListElement":[{"@type":"ListItem","position":1,"name":"Startseite","item":"https:\/\/dfvcg-events.de\/deutscher-handelsimmobilien-gipfel\/"},{"@type":"ListItem","position":2,"name":"Referent:innen 2021"}]},{"@type":"WebSite","@id":"https:\/\/dfvcg-events.de\/deutscher-handelsimmobilien-gipfel\/#website","url":"https:\/\/dfvcg-events.de\/deutscher-handelsimmobilien-gipfel\/","name":"Deutscher Handelsimmobilien-Gipfel","description":"dfv Conference Group","publisher":{"@id":"https:\/\/dfvcg-events.de\/deutscher-handelsimmobilien-gipfel\/#organization"},"potentialAction":[{"@type":"SearchAction","target":{"@type":"EntryPoint","urlTemplate":"https:\/\/dfvcg-events.de\/deutscher-handelsimmobilien-gipfel\/?s={search_term_string}"},"query-input":{"@type":"PropertyValueSpecification","valueRequired":true,"valueName":"search_term_string"}}],"inLanguage":"de"},{"@type":"Organization","@id":"https:\/\/dfvcg-events.de\/deutscher-handelsimmobilien-gipfel\/#organization","name":"Deutscher Handelsimmobilien-Gipfel","url":"https:\/\/dfvcg-events.de\/deutscher-handelsimmobilien-gipfel\/","logo":{"@type":"ImageObject","inLanguage":"de","@id":"https:\/\/dfvcg-events.de\/deutscher-handelsimmobilien-gipfel\/#\/schema\/logo\/image\/","url":"https:\/\/dfvcg-events.de\/deutscher-handelsimmobilien-gipfel\/wp-content\/uploads\/sites\/4\/2020\/12\/Handelsimmobilien-Gipfel-800x800px.jpg","contentUrl":"https:\/\/dfvcg-events.de\/deutscher-handelsimmobilien-gipfel\/wp-content\/uploads\/sites\/4\/2020\/12\/Handelsimmobilien-Gipfel-800x800px.jpg","width":800,"height":800,"caption":"Deutscher Handelsimmobilien-Gipfel"},"image":{"@id":"https:\/\/dfvcg-events.de\/deutscher-handelsimmobilien-gipfel\/#\/schema\/logo\/image\/"}}]}},"_links":{"self":[{"href":"https:\/\/dfvcg-events.de\/deutscher-handelsimmobilien-gipfel\/wp-json\/wp\/v2\/pages\/1148","targetHints":{"allow":["GET"]}}],"collection":[{"href":"https:\/\/dfvcg-events.de\/deutscher-handelsimmobilien-gipfel\/wp-json\/wp\/v2\/pages"}],"about":[{"href":"https:\/\/dfvcg-events.de\/deutscher-handelsimmobilien-gipfel\/wp-json\/wp\/v2\/types\/page"}],"author":[{"embeddable":true,"href":"https:\/\/dfvcg-events.de\/deutscher-handelsimmobilien-gipfel\/wp-json\/wp\/v2\/users\/1"}],"replies":[{"embeddable":true,"href":"https:\/\/dfvcg-events.de\/deutscher-handelsimmobilien-gipfel\/wp-json\/wp\/v2\/comments?post=1148"}],"version-history":[{"count":0,"href":"https:\/\/dfvcg-events.de\/deutscher-handelsimmobilien-gipfel\/wp-json\/wp\/v2\/pages\/1148\/revisions"}],"wp:attachment":[{"href":"https:\/\/dfvcg-events.de\/deutscher-handelsimmobilien-gipfel\/wp-json\/wp\/v2\/media?parent=1148"}],"curies":[{"name":"wp","href":"https:\/\/api.w.org\/{rel}","templated":true}]}}