{"id":5901,"date":"2025-08-03T14:53:05","date_gmt":"2025-08-03T12:53:05","guid":{"rendered":"https:\/\/dfvcg-events.de\/deutscher-fleisch-kongress\/?post_type=portfolio&#038;p=5901"},"modified":"2025-08-03T14:53:05","modified_gmt":"2025-08-03T12:53:05","slug":"dr-lena-schneider","status":"publish","type":"portfolio","link":"https:\/\/dfvcg-events.de\/deutscher-fleisch-kongress\/referent\/dr-lena-schneider\/","title":{"rendered":"Dr. Lena Schneider"},"content":{"rendered":"\n<style type=\"text\/css\" data-created_by=\"avia_inline_auto\" id=\"style-css-av-k7nk0gab-448a82c6b18247404fd9079dc6f97645\">\n.avia-section.av-k7nk0gab-448a82c6b18247404fd9079dc6f97645{\nbackground-color:#a96500;\nbackground-image:unset;\n}\n<\/style>\n<div id='av_section_1'  class='avia-section av-k7nk0gab-448a82c6b18247404fd9079dc6f97645 main_color avia-section-default avia-no-border-styling  avia-builder-el-0  el_before_av_one_fourth  avia-builder-el-first  avia-bg-style-scroll container_wrap fullsize'  ><div class='container av-section-cont-open' ><main  role=\"main\" itemprop=\"mainContentOfPage\"  class='template-page content  av-content-full alpha units'><div class='post-entry post-entry-type-page post-entry-5901'><div class='entry-content-wrapper clearfix'>\n\n<style type=\"text\/css\" data-created_by=\"avia_inline_auto\" id=\"style-css-av-kcd9bj50-04f9392562faa56deda9d62337de6a4c\">\n#top .av-special-heading.av-kcd9bj50-04f9392562faa56deda9d62337de6a4c{\npadding-bottom:0;\n}\nbody .av-special-heading.av-kcd9bj50-04f9392562faa56deda9d62337de6a4c .av-special-heading-tag .heading-char{\nfont-size:25px;\n}\n.av-special-heading.av-kcd9bj50-04f9392562faa56deda9d62337de6a4c .av-subheading{\nfont-size:19px;\n}\n<\/style>\n<div  class='av-special-heading av-kcd9bj50-04f9392562faa56deda9d62337de6a4c av-special-heading-h1 meta-heading blockquote modern-quote  avia-builder-el-1  avia-builder-el-no-sibling '><div class='av-subheading av-subheading_above'><p>Deutscher Fleisch Kongress<\/p>\n<\/div><h1 class='av-special-heading-tag '  itemprop=\"headline\"  >Vortragende<\/h1><div class=\"special-heading-border\"><div class=\"special-heading-inner-border\"><\/div><\/div><\/div>\n<\/div><\/div><\/main><!-- close content main element --><\/div><\/div><div id='after_section_1'  class='main_color av_default_container_wrap container_wrap fullsize'  ><div class='container av-section-cont-open' ><div class='template-page content  av-content-full alpha units'><div class='post-entry post-entry-type-page post-entry-5901'><div class='entry-content-wrapper clearfix'>\n\n<style type=\"text\/css\" data-created_by=\"avia_inline_auto\" id=\"style-css-av-jn494-ae43a9bf93ff7c3f8bb3a33cac8064be\">\n.flex_column.av-jn494-ae43a9bf93ff7c3f8bb3a33cac8064be{\nborder-radius:0px 0px 0px 0px;\npadding:0px 0px 0px 0px;\n}\n<\/style>\n<div  class='flex_column av-jn494-ae43a9bf93ff7c3f8bb3a33cac8064be av_one_fourth  avia-builder-el-2  el_after_av_section  el_before_av_three_fourth  avia-builder-el-first  first flex_column_div av-zero-column-padding  '     ><style type=\"text\/css\" data-created_by=\"avia_inline_auto\" id=\"style-css-av-kcd9dgx0-c2112c910a063cf24cd23394e1e086f7\">\n.avia-image-container.av-kcd9dgx0-c2112c910a063cf24cd23394e1e086f7 img.avia_image{\nbox-shadow:none;\n}\n.avia-image-container.av-kcd9dgx0-c2112c910a063cf24cd23394e1e086f7 .av-image-caption-overlay-center{\ncolor:#ffffff;\n}\n<\/style>\n<div  class='avia-image-container av-kcd9dgx0-c2112c910a063cf24cd23394e1e086f7 av-styling-no-styling avia-align-center  avia-builder-el-3  avia-builder-el-no-sibling '   itemprop=\"image\" itemscope=\"itemscope\" itemtype=\"https:\/\/schema.org\/ImageObject\" ><div class=\"avia-image-container-inner\"><div class=\"avia-image-overlay-wrap\"><img decoding=\"async\" fetchpriority=\"high\" class='wp-image-5902 avia-img-lazy-loading-not-5902 avia_image ' src=\"https:\/\/dfvcg-events.de\/deutscher-fleisch-kongress\/wp-content\/uploads\/2025\/08\/Schneider-Dr.-Lena-Ecolab-web.jpg\" alt='' title='Schneider-Dr.-Lena-Ecolab-web'  height=\"800\" width=\"600\"  itemprop=\"thumbnailUrl\" srcset=\"https:\/\/dfvcg-events.de\/deutscher-fleisch-kongress\/wp-content\/uploads\/2025\/08\/Schneider-Dr.-Lena-Ecolab-web.jpg 600w, https:\/\/dfvcg-events.de\/deutscher-fleisch-kongress\/wp-content\/uploads\/2025\/08\/Schneider-Dr.-Lena-Ecolab-web-529x705.jpg 529w\" sizes=\"(max-width: 600px) 100vw, 600px\" \/><\/div><\/div><\/div><\/div>\n<style type=\"text\/css\" data-created_by=\"avia_inline_auto\" id=\"style-css-av-gtz1s-5fa76388c4e3289e38b41291757e255d\">\n.flex_column.av-gtz1s-5fa76388c4e3289e38b41291757e255d{\nborder-radius:0px 0px 0px 0px;\npadding:0px 0px 0px 0px;\n}\n<\/style>\n<div  class='flex_column av-gtz1s-5fa76388c4e3289e38b41291757e255d av_three_fourth  avia-builder-el-4  el_after_av_one_fourth  avia-builder-el-last  flex_column_div av-zero-column-padding  '     ><p>\n<style type=\"text\/css\" data-created_by=\"avia_inline_auto\" id=\"style-css-av-kfx18g8m-7b76958bd020a4561341e309e1024747\">\n#top .av-special-heading.av-kfx18g8m-7b76958bd020a4561341e309e1024747{\npadding-bottom:10px;\n}\nbody .av-special-heading.av-kfx18g8m-7b76958bd020a4561341e309e1024747 .av-special-heading-tag .heading-char{\nfont-size:25px;\n}\n.av-special-heading.av-kfx18g8m-7b76958bd020a4561341e309e1024747 .av-subheading{\nfont-size:19px;\n}\n<\/style>\n<div  class='av-special-heading av-kfx18g8m-7b76958bd020a4561341e309e1024747 av-special-heading-h2 blockquote modern-quote  avia-builder-el-5  el_before_av_textblock  avia-builder-el-first '><h2 class='av-special-heading-tag '  itemprop=\"headline\"  >Dr. Lena Schneider<\/h2><div class='av-subheading av-subheading_below'><p>AVP Area Sales F&amp;B Germany and Switzerland<br \/>\nEcolab<\/p>\n<\/div><div class=\"special-heading-border\"><div class=\"special-heading-inner-border\"><\/div><\/div><\/div><br \/>\n<section  class='av_textblock_section av-md8y3bic-560a42bf9d61e45487afdbb5c8850376 '   itemscope=\"itemscope\" itemtype=\"https:\/\/schema.org\/CreativeWork\" ><div class='avia_textblock'  itemprop=\"text\" ><p>Dr. Lena Schneider ist promovierte Kauffrau und erfahrene Vertrieblerin. Nach verschiedenen Stationen bei der Wacker Chemie AG und bei Freudenberg Filtration Technologies ist sie seit 2022 bei Ecolab t\u00e4tig.<\/p>\n<p>Zun\u00e4chst f\u00fchrte sie das europ\u00e4ische Team der Corporate Account Manager im Segment Food &amp; Protein, bevor sie 2024 die Leitung der Division Food &amp; Beverage Region Central \u00fcbernahm.<\/p>\n<p>F\u00fcr den Gesch\u00e4ftserfolg in Deutschland und der Schweiz spielen innovative L\u00f6sungen und auf Nachhaltigkeit ausgerichtete Gesch\u00e4ftsmodelle eine ebenso wesentliche Rolle wie Ecolabs F\u00e4higkeit, seinen Kunden einen unverwechselbaren \u201eTotal Value Delivered\u201d im Sinne von optimierten Produktionsprozessen und ganzheitlichen Kosteneinsparungen zu bieten.<\/p>\n<p>Getreu dem Motto von Ecolab, \u201eEverywhere it matters\u201d, ist es ihr ein Anliegen, sich im Rahmen des Deutschen Fleischkongresses mit Entscheidungstr\u00e4ger:innen und interessanten Pers\u00f6nlichkeiten aus der Fleisch- und Proteinindustrie auszutauschen und einen Beitrag zur Fortentwicklung dieser Industrie zu leisten.<\/p>\n<\/div><\/section><\/p><\/div><\/p>\n","protected":false},"excerpt":{"rendered":"<p>Ecolab<\/p>\n","protected":false},"author":2,"featured_media":5902,"comment_status":"closed","ping_status":"closed","template":"","meta":{"footnotes":""},"tags":[],"portfolio_entries":[54],"class_list":["post-5901","portfolio","type-portfolio","status-publish","has-post-thumbnail","hentry","portfolio_entries-vortragend-2025"],"yoast_head":"<!-- This site is optimized with the Yoast SEO plugin v27.4 - https:\/\/yoast.com\/product\/yoast-seo-wordpress\/ -->\n<title>Dr. Lena Schneider - Deutscher Fleisch Kongress<\/title>\n<meta name=\"description\" content=\"Deutscher Fleisch Kongress | Begr\u00fc\u00dfen Sie auf der B\u00fchne: Dr. Lena Schneider\" \/>\n<meta name=\"robots\" content=\"index, follow, max-snippet:-1, max-image-preview:large, max-video-preview:-1\" \/>\n<link rel=\"canonical\" href=\"https:\/\/dfvcg-events.de\/deutscher-fleisch-kongress\/referent\/dr-lena-schneider\/\" \/>\n<meta property=\"og:locale\" content=\"de_DE\" \/>\n<meta property=\"og:type\" content=\"article\" \/>\n<meta property=\"og:title\" content=\"Dr. Lena Schneider - Deutscher Fleisch Kongress\" \/>\n<meta property=\"og:description\" content=\"Deutscher Fleisch Kongress | Begr\u00fc\u00dfen Sie auf der B\u00fchne: Dr. Lena Schneider\" \/>\n<meta property=\"og:url\" content=\"https:\/\/dfvcg-events.de\/deutscher-fleisch-kongress\/referent\/dr-lena-schneider\/\" \/>\n<meta property=\"og:site_name\" content=\"Deutscher Fleisch Kongress\" \/>\n<meta property=\"og:image\" content=\"https:\/\/dfvcg-events.de\/deutscher-fleisch-kongress\/wp-content\/uploads\/2025\/08\/Schneider-Dr.-Lena-Ecolab-web.jpg\" \/>\n\t<meta property=\"og:image:width\" content=\"600\" \/>\n\t<meta property=\"og:image:height\" content=\"800\" \/>\n\t<meta property=\"og:image:type\" content=\"image\/jpeg\" \/>\n<meta name=\"twitter:card\" content=\"summary_large_image\" \/>\n<meta name=\"twitter:label1\" content=\"Gesch\u00e4tzte Lesezeit\" \/>\n\t<meta name=\"twitter:data1\" content=\"2\u00a0Minuten\" \/>\n<script type=\"application\/ld+json\" class=\"yoast-schema-graph\">{\"@context\":\"https:\\\/\\\/schema.org\",\"@graph\":[{\"@type\":\"WebPage\",\"@id\":\"https:\\\/\\\/dfvcg-events.de\\\/deutscher-fleisch-kongress\\\/referent\\\/dr-lena-schneider\\\/\",\"url\":\"https:\\\/\\\/dfvcg-events.de\\\/deutscher-fleisch-kongress\\\/referent\\\/dr-lena-schneider\\\/\",\"name\":\"Dr. Lena Schneider - Deutscher Fleisch Kongress\",\"isPartOf\":{\"@id\":\"https:\\\/\\\/dfvcg-events.de\\\/deutscher-fleisch-kongress\\\/#website\"},\"primaryImageOfPage\":{\"@id\":\"https:\\\/\\\/dfvcg-events.de\\\/deutscher-fleisch-kongress\\\/referent\\\/dr-lena-schneider\\\/#primaryimage\"},\"image\":{\"@id\":\"https:\\\/\\\/dfvcg-events.de\\\/deutscher-fleisch-kongress\\\/referent\\\/dr-lena-schneider\\\/#primaryimage\"},\"thumbnailUrl\":\"https:\\\/\\\/dfvcg-events.de\\\/deutscher-fleisch-kongress\\\/wp-content\\\/uploads\\\/2025\\\/08\\\/Schneider-Dr.-Lena-Ecolab-web.jpg\",\"datePublished\":\"2025-08-03T12:53:05+00:00\",\"description\":\"Deutscher Fleisch Kongress | Begr\u00fc\u00dfen Sie auf der B\u00fchne: Dr. Lena Schneider\",\"breadcrumb\":{\"@id\":\"https:\\\/\\\/dfvcg-events.de\\\/deutscher-fleisch-kongress\\\/referent\\\/dr-lena-schneider\\\/#breadcrumb\"},\"inLanguage\":\"de\",\"potentialAction\":[{\"@type\":\"ReadAction\",\"target\":[\"https:\\\/\\\/dfvcg-events.de\\\/deutscher-fleisch-kongress\\\/referent\\\/dr-lena-schneider\\\/\"]}]},{\"@type\":\"ImageObject\",\"inLanguage\":\"de\",\"@id\":\"https:\\\/\\\/dfvcg-events.de\\\/deutscher-fleisch-kongress\\\/referent\\\/dr-lena-schneider\\\/#primaryimage\",\"url\":\"https:\\\/\\\/dfvcg-events.de\\\/deutscher-fleisch-kongress\\\/wp-content\\\/uploads\\\/2025\\\/08\\\/Schneider-Dr.-Lena-Ecolab-web.jpg\",\"contentUrl\":\"https:\\\/\\\/dfvcg-events.de\\\/deutscher-fleisch-kongress\\\/wp-content\\\/uploads\\\/2025\\\/08\\\/Schneider-Dr.-Lena-Ecolab-web.jpg\",\"width\":600,\"height\":800},{\"@type\":\"BreadcrumbList\",\"@id\":\"https:\\\/\\\/dfvcg-events.de\\\/deutscher-fleisch-kongress\\\/referent\\\/dr-lena-schneider\\\/#breadcrumb\",\"itemListElement\":[{\"@type\":\"ListItem\",\"position\":1,\"name\":\"Startseite\",\"item\":\"https:\\\/\\\/dfvcg-events.de\\\/deutscher-fleisch-kongress\\\/\"},{\"@type\":\"ListItem\",\"position\":2,\"name\":\"Dr. Lena Schneider\"}]},{\"@type\":\"WebSite\",\"@id\":\"https:\\\/\\\/dfvcg-events.de\\\/deutscher-fleisch-kongress\\\/#website\",\"url\":\"https:\\\/\\\/dfvcg-events.de\\\/deutscher-fleisch-kongress\\\/\",\"name\":\"Deutscher Fleisch Kongress\",\"description\":\"Das Business-Event f\u00fcr Fleischwirtschaft, Handel und Handwerk\",\"publisher\":{\"@id\":\"https:\\\/\\\/dfvcg-events.de\\\/deutscher-fleisch-kongress\\\/#organization\"},\"potentialAction\":[{\"@type\":\"SearchAction\",\"target\":{\"@type\":\"EntryPoint\",\"urlTemplate\":\"https:\\\/\\\/dfvcg-events.de\\\/deutscher-fleisch-kongress\\\/?s={search_term_string}\"},\"query-input\":{\"@type\":\"PropertyValueSpecification\",\"valueRequired\":true,\"valueName\":\"search_term_string\"}}],\"inLanguage\":\"de\"},{\"@type\":\"Organization\",\"@id\":\"https:\\\/\\\/dfvcg-events.de\\\/deutscher-fleisch-kongress\\\/#organization\",\"name\":\"Deutscher Fleisch Kongress\",\"url\":\"https:\\\/\\\/dfvcg-events.de\\\/deutscher-fleisch-kongress\\\/\",\"logo\":{\"@type\":\"ImageObject\",\"inLanguage\":\"de\",\"@id\":\"https:\\\/\\\/dfvcg-events.de\\\/deutscher-fleisch-kongress\\\/#\\\/schema\\\/logo\\\/image\\\/\",\"url\":\"https:\\\/\\\/dfvcg-events.de\\\/deutscher-fleisch-kongress\\\/wp-content\\\/uploads\\\/2020\\\/03\\\/deutscher-fleisch-kongress-header-gold.png\",\"contentUrl\":\"https:\\\/\\\/dfvcg-events.de\\\/deutscher-fleisch-kongress\\\/wp-content\\\/uploads\\\/2020\\\/03\\\/deutscher-fleisch-kongress-header-gold.png\",\"width\":340,\"height\":156,\"caption\":\"Deutscher Fleisch Kongress\"},\"image\":{\"@id\":\"https:\\\/\\\/dfvcg-events.de\\\/deutscher-fleisch-kongress\\\/#\\\/schema\\\/logo\\\/image\\\/\"}}]}<\/script>\n<!-- \/ Yoast SEO plugin. -->","yoast_head_json":{"title":"Dr. Lena Schneider - Deutscher Fleisch Kongress","description":"Deutscher Fleisch Kongress | Begr\u00fc\u00dfen Sie auf der B\u00fchne: Dr. Lena Schneider","robots":{"index":"index","follow":"follow","max-snippet":"max-snippet:-1","max-image-preview":"max-image-preview:large","max-video-preview":"max-video-preview:-1"},"canonical":"https:\/\/dfvcg-events.de\/deutscher-fleisch-kongress\/referent\/dr-lena-schneider\/","og_locale":"de_DE","og_type":"article","og_title":"Dr. Lena Schneider - Deutscher Fleisch Kongress","og_description":"Deutscher Fleisch Kongress | Begr\u00fc\u00dfen Sie auf der B\u00fchne: Dr. Lena Schneider","og_url":"https:\/\/dfvcg-events.de\/deutscher-fleisch-kongress\/referent\/dr-lena-schneider\/","og_site_name":"Deutscher Fleisch Kongress","og_image":[{"width":600,"height":800,"url":"https:\/\/dfvcg-events.de\/deutscher-fleisch-kongress\/wp-content\/uploads\/2025\/08\/Schneider-Dr.-Lena-Ecolab-web.jpg","type":"image\/jpeg"}],"twitter_card":"summary_large_image","twitter_misc":{"Gesch\u00e4tzte Lesezeit":"2\u00a0Minuten"},"schema":{"@context":"https:\/\/schema.org","@graph":[{"@type":"WebPage","@id":"https:\/\/dfvcg-events.de\/deutscher-fleisch-kongress\/referent\/dr-lena-schneider\/","url":"https:\/\/dfvcg-events.de\/deutscher-fleisch-kongress\/referent\/dr-lena-schneider\/","name":"Dr. Lena Schneider - Deutscher Fleisch Kongress","isPartOf":{"@id":"https:\/\/dfvcg-events.de\/deutscher-fleisch-kongress\/#website"},"primaryImageOfPage":{"@id":"https:\/\/dfvcg-events.de\/deutscher-fleisch-kongress\/referent\/dr-lena-schneider\/#primaryimage"},"image":{"@id":"https:\/\/dfvcg-events.de\/deutscher-fleisch-kongress\/referent\/dr-lena-schneider\/#primaryimage"},"thumbnailUrl":"https:\/\/dfvcg-events.de\/deutscher-fleisch-kongress\/wp-content\/uploads\/2025\/08\/Schneider-Dr.-Lena-Ecolab-web.jpg","datePublished":"2025-08-03T12:53:05+00:00","description":"Deutscher Fleisch Kongress | Begr\u00fc\u00dfen Sie auf der B\u00fchne: Dr. Lena Schneider","breadcrumb":{"@id":"https:\/\/dfvcg-events.de\/deutscher-fleisch-kongress\/referent\/dr-lena-schneider\/#breadcrumb"},"inLanguage":"de","potentialAction":[{"@type":"ReadAction","target":["https:\/\/dfvcg-events.de\/deutscher-fleisch-kongress\/referent\/dr-lena-schneider\/"]}]},{"@type":"ImageObject","inLanguage":"de","@id":"https:\/\/dfvcg-events.de\/deutscher-fleisch-kongress\/referent\/dr-lena-schneider\/#primaryimage","url":"https:\/\/dfvcg-events.de\/deutscher-fleisch-kongress\/wp-content\/uploads\/2025\/08\/Schneider-Dr.-Lena-Ecolab-web.jpg","contentUrl":"https:\/\/dfvcg-events.de\/deutscher-fleisch-kongress\/wp-content\/uploads\/2025\/08\/Schneider-Dr.-Lena-Ecolab-web.jpg","width":600,"height":800},{"@type":"BreadcrumbList","@id":"https:\/\/dfvcg-events.de\/deutscher-fleisch-kongress\/referent\/dr-lena-schneider\/#breadcrumb","itemListElement":[{"@type":"ListItem","position":1,"name":"Startseite","item":"https:\/\/dfvcg-events.de\/deutscher-fleisch-kongress\/"},{"@type":"ListItem","position":2,"name":"Dr. Lena Schneider"}]},{"@type":"WebSite","@id":"https:\/\/dfvcg-events.de\/deutscher-fleisch-kongress\/#website","url":"https:\/\/dfvcg-events.de\/deutscher-fleisch-kongress\/","name":"Deutscher Fleisch Kongress","description":"Das Business-Event f\u00fcr Fleischwirtschaft, Handel und Handwerk","publisher":{"@id":"https:\/\/dfvcg-events.de\/deutscher-fleisch-kongress\/#organization"},"potentialAction":[{"@type":"SearchAction","target":{"@type":"EntryPoint","urlTemplate":"https:\/\/dfvcg-events.de\/deutscher-fleisch-kongress\/?s={search_term_string}"},"query-input":{"@type":"PropertyValueSpecification","valueRequired":true,"valueName":"search_term_string"}}],"inLanguage":"de"},{"@type":"Organization","@id":"https:\/\/dfvcg-events.de\/deutscher-fleisch-kongress\/#organization","name":"Deutscher Fleisch Kongress","url":"https:\/\/dfvcg-events.de\/deutscher-fleisch-kongress\/","logo":{"@type":"ImageObject","inLanguage":"de","@id":"https:\/\/dfvcg-events.de\/deutscher-fleisch-kongress\/#\/schema\/logo\/image\/","url":"https:\/\/dfvcg-events.de\/deutscher-fleisch-kongress\/wp-content\/uploads\/2020\/03\/deutscher-fleisch-kongress-header-gold.png","contentUrl":"https:\/\/dfvcg-events.de\/deutscher-fleisch-kongress\/wp-content\/uploads\/2020\/03\/deutscher-fleisch-kongress-header-gold.png","width":340,"height":156,"caption":"Deutscher Fleisch Kongress"},"image":{"@id":"https:\/\/dfvcg-events.de\/deutscher-fleisch-kongress\/#\/schema\/logo\/image\/"}}]}},"_links":{"self":[{"href":"https:\/\/dfvcg-events.de\/deutscher-fleisch-kongress\/wp-json\/wp\/v2\/portfolio\/5901","targetHints":{"allow":["GET"]}}],"collection":[{"href":"https:\/\/dfvcg-events.de\/deutscher-fleisch-kongress\/wp-json\/wp\/v2\/portfolio"}],"about":[{"href":"https:\/\/dfvcg-events.de\/deutscher-fleisch-kongress\/wp-json\/wp\/v2\/types\/portfolio"}],"author":[{"embeddable":true,"href":"https:\/\/dfvcg-events.de\/deutscher-fleisch-kongress\/wp-json\/wp\/v2\/users\/2"}],"replies":[{"embeddable":true,"href":"https:\/\/dfvcg-events.de\/deutscher-fleisch-kongress\/wp-json\/wp\/v2\/comments?post=5901"}],"version-history":[{"count":2,"href":"https:\/\/dfvcg-events.de\/deutscher-fleisch-kongress\/wp-json\/wp\/v2\/portfolio\/5901\/revisions"}],"predecessor-version":[{"id":5904,"href":"https:\/\/dfvcg-events.de\/deutscher-fleisch-kongress\/wp-json\/wp\/v2\/portfolio\/5901\/revisions\/5904"}],"wp:featuredmedia":[{"embeddable":true,"href":"https:\/\/dfvcg-events.de\/deutscher-fleisch-kongress\/wp-json\/wp\/v2\/media\/5902"}],"wp:attachment":[{"href":"https:\/\/dfvcg-events.de\/deutscher-fleisch-kongress\/wp-json\/wp\/v2\/media?parent=5901"}],"wp:term":[{"taxonomy":"post_tag","embeddable":true,"href":"https:\/\/dfvcg-events.de\/deutscher-fleisch-kongress\/wp-json\/wp\/v2\/tags?post=5901"},{"taxonomy":"portfolio_entries","embeddable":true,"href":"https:\/\/dfvcg-events.de\/deutscher-fleisch-kongress\/wp-json\/wp\/v2\/portfolio_entries?post=5901"}],"curies":[{"name":"wp","href":"https:\/\/api.w.org\/{rel}","templated":true}]}}