{"id":3161,"date":"2023-06-16T21:15:40","date_gmt":"2023-06-16T19:15:40","guid":{"rendered":"https:\/\/dfvcg-events.de\/deutscher-fleisch-kongress\/?post_type=portfolio&#038;p=3161"},"modified":"2023-07-31T15:35:14","modified_gmt":"2023-07-31T13:35:14","slug":"michael-schulze-kalthoff","status":"publish","type":"portfolio","link":"https:\/\/dfvcg-events.de\/deutscher-fleisch-kongress\/referent\/michael-schulze-kalthoff\/","title":{"rendered":"Michael Schulze Kalthoff"},"content":{"rendered":"\n<style type=\"text\/css\" data-created_by=\"avia_inline_auto\" id=\"style-css-av-k7nk0gab-448a82c6b18247404fd9079dc6f97645\">\n.avia-section.av-k7nk0gab-448a82c6b18247404fd9079dc6f97645{\nbackground-color:#a96500;\nbackground-image:unset;\n}\n<\/style>\n<div id='av_section_1'  class='avia-section av-k7nk0gab-448a82c6b18247404fd9079dc6f97645 main_color avia-section-default avia-no-border-styling  avia-builder-el-0  el_before_av_one_fourth  avia-builder-el-first  avia-bg-style-scroll container_wrap fullsize'  ><div class='container av-section-cont-open' ><main  role=\"main\" itemprop=\"mainContentOfPage\"  class='template-page content  av-content-full alpha units'><div class='post-entry post-entry-type-page post-entry-3161'><div class='entry-content-wrapper clearfix'>\n\n<style type=\"text\/css\" data-created_by=\"avia_inline_auto\" id=\"style-css-av-kcd9bj50-f06a0e77f43e57d274a36a3ec3891469\">\n#top .av-special-heading.av-kcd9bj50-f06a0e77f43e57d274a36a3ec3891469{\npadding-bottom:0;\n}\nbody .av-special-heading.av-kcd9bj50-f06a0e77f43e57d274a36a3ec3891469 .av-special-heading-tag .heading-char{\nfont-size:25px;\n}\n.av-special-heading.av-kcd9bj50-f06a0e77f43e57d274a36a3ec3891469 .av-subheading{\nfont-size:19px;\n}\n<\/style>\n<div  class='av-special-heading av-kcd9bj50-f06a0e77f43e57d274a36a3ec3891469 av-special-heading-h1 meta-heading blockquote modern-quote  avia-builder-el-1  avia-builder-el-no-sibling '><div class='av-subheading av-subheading_above'><p>Deutscher Fleisch Kongress<\/p>\n<\/div><h1 class='av-special-heading-tag '  itemprop=\"headline\"  >Vortragende<\/h1><div class=\"special-heading-border\"><div class=\"special-heading-inner-border\"><\/div><\/div><\/div>\n<\/div><\/div><\/main><!-- close content main element --><\/div><\/div><div id='after_section_1'  class='main_color av_default_container_wrap container_wrap fullsize'  ><div class='container av-section-cont-open' ><div class='template-page content  av-content-full alpha units'><div class='post-entry post-entry-type-page post-entry-3161'><div class='entry-content-wrapper clearfix'>\n\n<style type=\"text\/css\" data-created_by=\"avia_inline_auto\" id=\"style-css-av-jn494-ae43a9bf93ff7c3f8bb3a33cac8064be\">\n.flex_column.av-jn494-ae43a9bf93ff7c3f8bb3a33cac8064be{\nborder-radius:0px 0px 0px 0px;\npadding:0px 0px 0px 0px;\n}\n<\/style>\n<div  class='flex_column av-jn494-ae43a9bf93ff7c3f8bb3a33cac8064be av_one_fourth  avia-builder-el-2  el_after_av_section  el_before_av_three_fourth  avia-builder-el-first  first flex_column_div av-zero-column-padding  '     ><style type=\"text\/css\" data-created_by=\"avia_inline_auto\" id=\"style-css-av-kcd9dgx0-0d706aaeefe76a35e4233fb0a7e731c5\">\n.avia-image-container.av-kcd9dgx0-0d706aaeefe76a35e4233fb0a7e731c5 img.avia_image{\nbox-shadow:none;\n}\n.avia-image-container.av-kcd9dgx0-0d706aaeefe76a35e4233fb0a7e731c5 .av-image-caption-overlay-center{\ncolor:#ffffff;\n}\n<\/style>\n<div  class='avia-image-container av-kcd9dgx0-0d706aaeefe76a35e4233fb0a7e731c5 av-styling-no-styling avia-align-center  avia-builder-el-3  avia-builder-el-no-sibling '   itemprop=\"image\" itemscope=\"itemscope\" itemtype=\"https:\/\/schema.org\/ImageObject\" ><div class=\"avia-image-container-inner\"><div class=\"avia-image-overlay-wrap\"><img decoding=\"async\" fetchpriority=\"high\" class='wp-image-3162 avia-img-lazy-loading-not-3162 avia_image ' src=\"https:\/\/dfvcg-events.de\/deutscher-fleisch-kongress\/wp-content\/uploads\/2023\/06\/Schulze-Kalthoff_Michael_DFK23_web-neu.jpg\" alt='' title='Schulze Kalthoff_Michael_DFK23_web-neu'  height=\"800\" width=\"600\"  itemprop=\"thumbnailUrl\" srcset=\"https:\/\/dfvcg-events.de\/deutscher-fleisch-kongress\/wp-content\/uploads\/2023\/06\/Schulze-Kalthoff_Michael_DFK23_web-neu.jpg 600w, https:\/\/dfvcg-events.de\/deutscher-fleisch-kongress\/wp-content\/uploads\/2023\/06\/Schulze-Kalthoff_Michael_DFK23_web-neu-529x705.jpg 529w\" sizes=\"(max-width: 600px) 100vw, 600px\" \/><\/div><\/div><\/div><\/div>\n\n<style type=\"text\/css\" data-created_by=\"avia_inline_auto\" id=\"style-css-av-gtz1s-5fa76388c4e3289e38b41291757e255d\">\n.flex_column.av-gtz1s-5fa76388c4e3289e38b41291757e255d{\nborder-radius:0px 0px 0px 0px;\npadding:0px 0px 0px 0px;\n}\n<\/style>\n<div  class='flex_column av-gtz1s-5fa76388c4e3289e38b41291757e255d av_three_fourth  avia-builder-el-4  el_after_av_one_fourth  avia-builder-el-last  flex_column_div av-zero-column-padding  '     ><p>\n<style type=\"text\/css\" data-created_by=\"avia_inline_auto\" id=\"style-css-av-kfx15f5g-478bdbf64479088d8429c42661281956\">\n#top .av-special-heading.av-kfx15f5g-478bdbf64479088d8429c42661281956{\npadding-bottom:10px;\n}\nbody .av-special-heading.av-kfx15f5g-478bdbf64479088d8429c42661281956 .av-special-heading-tag .heading-char{\nfont-size:25px;\n}\n.av-special-heading.av-kfx15f5g-478bdbf64479088d8429c42661281956 .av-subheading{\nfont-size:19px;\n}\n<\/style>\n<div  class='av-special-heading av-kfx15f5g-478bdbf64479088d8429c42661281956 av-special-heading-h2 blockquote modern-quote  avia-builder-el-5  el_before_av_textblock  avia-builder-el-first '><h2 class='av-special-heading-tag '  itemprop=\"headline\"  >Michael Schulze Kalthoff<\/h2><div class='av-subheading av-subheading_below'><p>Gesch\u00e4ftsf\u00fchrender Vorstand COO,<br \/>\nWestfleisch<\/p>\n<\/div><div class=\"special-heading-border\"><div class=\"special-heading-inner-border\"><\/div><\/div><\/div><br \/>\n<section  class='av_textblock_section av-8tb2o-efd191e949567fb5213ad36d9e5b4541 '   itemscope=\"itemscope\" itemtype=\"https:\/\/schema.org\/CreativeWork\" ><div class='avia_textblock'  itemprop=\"text\" ><p>Seit Dezember 2023 ist Michael Schulze Kalthoff Gesch\u00e4ftsf\u00fchrendes Vorstandsmitglied der Westfleisch SCE mbH am Hauptsitz M\u00fcnster. Er verantwortet die Sparte Schwein in den Bereichen Nutz- und Schlachtvieh.<\/p>\n<p>Bereits seit 1999 ist Michael Schulze Kalthoff f\u00fcr die Genossenschaft mit Schwerpunkt Vertrieb t\u00e4tig. Nach seinem abgeschlossenen Wirtschaftsstudium agierte er als nationaler und ab 2017 als internationaler Vertriebsleiter sowie als stellvertretender Standortleiter eines Fleischcenters.<\/p>\n<p>Michael Schulze Kalthoff, Jahrgang 1979, lebt mit seiner Frau und zwei Kindern im Kreis Unna.<\/p>\n<p>Westfleisch ist einer der f\u00fchrenden Fleischvermarkter in Deutschland und Europa. Das Unternehmen schlachtet, zerlegt, verarbeitet und veredelt an neun Standorten in Nordwestdeutschland. Rund 30 Prozent der Produkte werden in \u00fcber 40 L\u00e4nder weltweit exportiert. Westfleisch besch\u00e4ftigt rund 7.200 Menschen, der Hauptsitz ist im westf\u00e4lischen M\u00fcnster.<\/p>\n<p>Die Europ\u00e4ische Genossenschaft (SCE) steht noch heute in der Tradition ihrer Gr\u00fcndung 1928. Mitglieder und Eigent\u00fcmer sind mehr als 4900 Landwirte, die \u00fcber Kooperationsvertr\u00e4ge Schweine, Rinder und K\u00e4lber erzeugen.<\/p>\n<\/div><\/section><\/p><\/div>\n","protected":false},"excerpt":{"rendered":"<p>Westfleisch<\/p>\n","protected":false},"author":2,"featured_media":3162,"comment_status":"closed","ping_status":"closed","template":"","meta":{"footnotes":""},"tags":[],"portfolio_entries":[27,28],"class_list":["post-3161","portfolio","type-portfolio","status-publish","has-post-thumbnail","hentry","portfolio_entries-vortragend-2023","portfolio_entries-vortragend-2023-feature"],"yoast_head":"<!-- This site is optimized with the Yoast SEO plugin v27.4 - https:\/\/yoast.com\/product\/yoast-seo-wordpress\/ -->\n<title>Vortragende: Michael Schulze Kalthoff - Deutscher Fleisch Kongress<\/title>\n<meta name=\"description\" content=\"Deutscher Fleisch Kongress | Begr\u00fc\u00dfen Sie auf der B\u00fchne: Michael Schulze Kalthoff\" \/>\n<meta name=\"robots\" content=\"index, follow, max-snippet:-1, max-image-preview:large, max-video-preview:-1\" \/>\n<link rel=\"canonical\" href=\"https:\/\/dfvcg-events.de\/deutscher-fleisch-kongress\/referent\/michael-schulze-kalthoff\/\" \/>\n<meta property=\"og:locale\" content=\"de_DE\" \/>\n<meta property=\"og:type\" content=\"article\" \/>\n<meta property=\"og:title\" content=\"Vortragende: Michael Schulze Kalthoff - Deutscher Fleisch Kongress\" \/>\n<meta property=\"og:description\" content=\"Deutscher Fleisch Kongress | Begr\u00fc\u00dfen Sie auf der B\u00fchne: Michael Schulze Kalthoff\" \/>\n<meta property=\"og:url\" content=\"https:\/\/dfvcg-events.de\/deutscher-fleisch-kongress\/referent\/michael-schulze-kalthoff\/\" \/>\n<meta property=\"og:site_name\" content=\"Deutscher Fleisch Kongress\" \/>\n<meta property=\"article:modified_time\" content=\"2023-07-31T13:35:14+00:00\" \/>\n<meta property=\"og:image\" content=\"https:\/\/dfvcg-events.de\/deutscher-fleisch-kongress\/wp-content\/uploads\/2023\/06\/Schulze-Kalthoff_Michael_DFK23_web-neu.jpg\" \/>\n\t<meta property=\"og:image:width\" content=\"600\" \/>\n\t<meta property=\"og:image:height\" content=\"800\" \/>\n\t<meta property=\"og:image:type\" content=\"image\/jpeg\" \/>\n<meta name=\"twitter:card\" content=\"summary_large_image\" \/>\n<meta name=\"twitter:label1\" content=\"Gesch\u00e4tzte Lesezeit\" \/>\n\t<meta name=\"twitter:data1\" content=\"3\u00a0Minuten\" \/>\n<script type=\"application\/ld+json\" class=\"yoast-schema-graph\">{\"@context\":\"https:\\\/\\\/schema.org\",\"@graph\":[{\"@type\":\"WebPage\",\"@id\":\"https:\\\/\\\/dfvcg-events.de\\\/deutscher-fleisch-kongress\\\/referent\\\/michael-schulze-kalthoff\\\/\",\"url\":\"https:\\\/\\\/dfvcg-events.de\\\/deutscher-fleisch-kongress\\\/referent\\\/michael-schulze-kalthoff\\\/\",\"name\":\"Vortragende: Michael Schulze Kalthoff - Deutscher Fleisch Kongress\",\"isPartOf\":{\"@id\":\"https:\\\/\\\/dfvcg-events.de\\\/deutscher-fleisch-kongress\\\/#website\"},\"primaryImageOfPage\":{\"@id\":\"https:\\\/\\\/dfvcg-events.de\\\/deutscher-fleisch-kongress\\\/referent\\\/michael-schulze-kalthoff\\\/#primaryimage\"},\"image\":{\"@id\":\"https:\\\/\\\/dfvcg-events.de\\\/deutscher-fleisch-kongress\\\/referent\\\/michael-schulze-kalthoff\\\/#primaryimage\"},\"thumbnailUrl\":\"https:\\\/\\\/dfvcg-events.de\\\/deutscher-fleisch-kongress\\\/wp-content\\\/uploads\\\/2023\\\/06\\\/Schulze-Kalthoff_Michael_DFK23_web-neu.jpg\",\"datePublished\":\"2023-06-16T19:15:40+00:00\",\"dateModified\":\"2023-07-31T13:35:14+00:00\",\"description\":\"Deutscher Fleisch Kongress | Begr\u00fc\u00dfen Sie auf der B\u00fchne: Michael Schulze Kalthoff\",\"breadcrumb\":{\"@id\":\"https:\\\/\\\/dfvcg-events.de\\\/deutscher-fleisch-kongress\\\/referent\\\/michael-schulze-kalthoff\\\/#breadcrumb\"},\"inLanguage\":\"de\",\"potentialAction\":[{\"@type\":\"ReadAction\",\"target\":[\"https:\\\/\\\/dfvcg-events.de\\\/deutscher-fleisch-kongress\\\/referent\\\/michael-schulze-kalthoff\\\/\"]}]},{\"@type\":\"ImageObject\",\"inLanguage\":\"de\",\"@id\":\"https:\\\/\\\/dfvcg-events.de\\\/deutscher-fleisch-kongress\\\/referent\\\/michael-schulze-kalthoff\\\/#primaryimage\",\"url\":\"https:\\\/\\\/dfvcg-events.de\\\/deutscher-fleisch-kongress\\\/wp-content\\\/uploads\\\/2023\\\/06\\\/Schulze-Kalthoff_Michael_DFK23_web-neu.jpg\",\"contentUrl\":\"https:\\\/\\\/dfvcg-events.de\\\/deutscher-fleisch-kongress\\\/wp-content\\\/uploads\\\/2023\\\/06\\\/Schulze-Kalthoff_Michael_DFK23_web-neu.jpg\",\"width\":600,\"height\":800},{\"@type\":\"BreadcrumbList\",\"@id\":\"https:\\\/\\\/dfvcg-events.de\\\/deutscher-fleisch-kongress\\\/referent\\\/michael-schulze-kalthoff\\\/#breadcrumb\",\"itemListElement\":[{\"@type\":\"ListItem\",\"position\":1,\"name\":\"Startseite\",\"item\":\"https:\\\/\\\/dfvcg-events.de\\\/deutscher-fleisch-kongress\\\/\"},{\"@type\":\"ListItem\",\"position\":2,\"name\":\"Michael Schulze Kalthoff\"}]},{\"@type\":\"WebSite\",\"@id\":\"https:\\\/\\\/dfvcg-events.de\\\/deutscher-fleisch-kongress\\\/#website\",\"url\":\"https:\\\/\\\/dfvcg-events.de\\\/deutscher-fleisch-kongress\\\/\",\"name\":\"Deutscher Fleisch Kongress\",\"description\":\"Das Business-Event f\u00fcr Fleischwirtschaft, Handel und Handwerk\",\"publisher\":{\"@id\":\"https:\\\/\\\/dfvcg-events.de\\\/deutscher-fleisch-kongress\\\/#organization\"},\"potentialAction\":[{\"@type\":\"SearchAction\",\"target\":{\"@type\":\"EntryPoint\",\"urlTemplate\":\"https:\\\/\\\/dfvcg-events.de\\\/deutscher-fleisch-kongress\\\/?s={search_term_string}\"},\"query-input\":{\"@type\":\"PropertyValueSpecification\",\"valueRequired\":true,\"valueName\":\"search_term_string\"}}],\"inLanguage\":\"de\"},{\"@type\":\"Organization\",\"@id\":\"https:\\\/\\\/dfvcg-events.de\\\/deutscher-fleisch-kongress\\\/#organization\",\"name\":\"Deutscher Fleisch Kongress\",\"url\":\"https:\\\/\\\/dfvcg-events.de\\\/deutscher-fleisch-kongress\\\/\",\"logo\":{\"@type\":\"ImageObject\",\"inLanguage\":\"de\",\"@id\":\"https:\\\/\\\/dfvcg-events.de\\\/deutscher-fleisch-kongress\\\/#\\\/schema\\\/logo\\\/image\\\/\",\"url\":\"https:\\\/\\\/dfvcg-events.de\\\/deutscher-fleisch-kongress\\\/wp-content\\\/uploads\\\/2020\\\/03\\\/deutscher-fleisch-kongress-header-gold.png\",\"contentUrl\":\"https:\\\/\\\/dfvcg-events.de\\\/deutscher-fleisch-kongress\\\/wp-content\\\/uploads\\\/2020\\\/03\\\/deutscher-fleisch-kongress-header-gold.png\",\"width\":340,\"height\":156,\"caption\":\"Deutscher Fleisch Kongress\"},\"image\":{\"@id\":\"https:\\\/\\\/dfvcg-events.de\\\/deutscher-fleisch-kongress\\\/#\\\/schema\\\/logo\\\/image\\\/\"}}]}<\/script>\n<!-- \/ Yoast SEO plugin. -->","yoast_head_json":{"title":"Vortragende: Michael Schulze Kalthoff - Deutscher Fleisch Kongress","description":"Deutscher Fleisch Kongress | Begr\u00fc\u00dfen Sie auf der B\u00fchne: Michael Schulze Kalthoff","robots":{"index":"index","follow":"follow","max-snippet":"max-snippet:-1","max-image-preview":"max-image-preview:large","max-video-preview":"max-video-preview:-1"},"canonical":"https:\/\/dfvcg-events.de\/deutscher-fleisch-kongress\/referent\/michael-schulze-kalthoff\/","og_locale":"de_DE","og_type":"article","og_title":"Vortragende: Michael Schulze Kalthoff - Deutscher Fleisch Kongress","og_description":"Deutscher Fleisch Kongress | Begr\u00fc\u00dfen Sie auf der B\u00fchne: Michael Schulze Kalthoff","og_url":"https:\/\/dfvcg-events.de\/deutscher-fleisch-kongress\/referent\/michael-schulze-kalthoff\/","og_site_name":"Deutscher Fleisch Kongress","article_modified_time":"2023-07-31T13:35:14+00:00","og_image":[{"width":600,"height":800,"url":"https:\/\/dfvcg-events.de\/deutscher-fleisch-kongress\/wp-content\/uploads\/2023\/06\/Schulze-Kalthoff_Michael_DFK23_web-neu.jpg","type":"image\/jpeg"}],"twitter_card":"summary_large_image","twitter_misc":{"Gesch\u00e4tzte Lesezeit":"3\u00a0Minuten"},"schema":{"@context":"https:\/\/schema.org","@graph":[{"@type":"WebPage","@id":"https:\/\/dfvcg-events.de\/deutscher-fleisch-kongress\/referent\/michael-schulze-kalthoff\/","url":"https:\/\/dfvcg-events.de\/deutscher-fleisch-kongress\/referent\/michael-schulze-kalthoff\/","name":"Vortragende: Michael Schulze Kalthoff - Deutscher Fleisch Kongress","isPartOf":{"@id":"https:\/\/dfvcg-events.de\/deutscher-fleisch-kongress\/#website"},"primaryImageOfPage":{"@id":"https:\/\/dfvcg-events.de\/deutscher-fleisch-kongress\/referent\/michael-schulze-kalthoff\/#primaryimage"},"image":{"@id":"https:\/\/dfvcg-events.de\/deutscher-fleisch-kongress\/referent\/michael-schulze-kalthoff\/#primaryimage"},"thumbnailUrl":"https:\/\/dfvcg-events.de\/deutscher-fleisch-kongress\/wp-content\/uploads\/2023\/06\/Schulze-Kalthoff_Michael_DFK23_web-neu.jpg","datePublished":"2023-06-16T19:15:40+00:00","dateModified":"2023-07-31T13:35:14+00:00","description":"Deutscher Fleisch Kongress | Begr\u00fc\u00dfen Sie auf der B\u00fchne: Michael Schulze Kalthoff","breadcrumb":{"@id":"https:\/\/dfvcg-events.de\/deutscher-fleisch-kongress\/referent\/michael-schulze-kalthoff\/#breadcrumb"},"inLanguage":"de","potentialAction":[{"@type":"ReadAction","target":["https:\/\/dfvcg-events.de\/deutscher-fleisch-kongress\/referent\/michael-schulze-kalthoff\/"]}]},{"@type":"ImageObject","inLanguage":"de","@id":"https:\/\/dfvcg-events.de\/deutscher-fleisch-kongress\/referent\/michael-schulze-kalthoff\/#primaryimage","url":"https:\/\/dfvcg-events.de\/deutscher-fleisch-kongress\/wp-content\/uploads\/2023\/06\/Schulze-Kalthoff_Michael_DFK23_web-neu.jpg","contentUrl":"https:\/\/dfvcg-events.de\/deutscher-fleisch-kongress\/wp-content\/uploads\/2023\/06\/Schulze-Kalthoff_Michael_DFK23_web-neu.jpg","width":600,"height":800},{"@type":"BreadcrumbList","@id":"https:\/\/dfvcg-events.de\/deutscher-fleisch-kongress\/referent\/michael-schulze-kalthoff\/#breadcrumb","itemListElement":[{"@type":"ListItem","position":1,"name":"Startseite","item":"https:\/\/dfvcg-events.de\/deutscher-fleisch-kongress\/"},{"@type":"ListItem","position":2,"name":"Michael Schulze Kalthoff"}]},{"@type":"WebSite","@id":"https:\/\/dfvcg-events.de\/deutscher-fleisch-kongress\/#website","url":"https:\/\/dfvcg-events.de\/deutscher-fleisch-kongress\/","name":"Deutscher Fleisch Kongress","description":"Das Business-Event f\u00fcr Fleischwirtschaft, Handel und Handwerk","publisher":{"@id":"https:\/\/dfvcg-events.de\/deutscher-fleisch-kongress\/#organization"},"potentialAction":[{"@type":"SearchAction","target":{"@type":"EntryPoint","urlTemplate":"https:\/\/dfvcg-events.de\/deutscher-fleisch-kongress\/?s={search_term_string}"},"query-input":{"@type":"PropertyValueSpecification","valueRequired":true,"valueName":"search_term_string"}}],"inLanguage":"de"},{"@type":"Organization","@id":"https:\/\/dfvcg-events.de\/deutscher-fleisch-kongress\/#organization","name":"Deutscher Fleisch Kongress","url":"https:\/\/dfvcg-events.de\/deutscher-fleisch-kongress\/","logo":{"@type":"ImageObject","inLanguage":"de","@id":"https:\/\/dfvcg-events.de\/deutscher-fleisch-kongress\/#\/schema\/logo\/image\/","url":"https:\/\/dfvcg-events.de\/deutscher-fleisch-kongress\/wp-content\/uploads\/2020\/03\/deutscher-fleisch-kongress-header-gold.png","contentUrl":"https:\/\/dfvcg-events.de\/deutscher-fleisch-kongress\/wp-content\/uploads\/2020\/03\/deutscher-fleisch-kongress-header-gold.png","width":340,"height":156,"caption":"Deutscher Fleisch Kongress"},"image":{"@id":"https:\/\/dfvcg-events.de\/deutscher-fleisch-kongress\/#\/schema\/logo\/image\/"}}]}},"_links":{"self":[{"href":"https:\/\/dfvcg-events.de\/deutscher-fleisch-kongress\/wp-json\/wp\/v2\/portfolio\/3161","targetHints":{"allow":["GET"]}}],"collection":[{"href":"https:\/\/dfvcg-events.de\/deutscher-fleisch-kongress\/wp-json\/wp\/v2\/portfolio"}],"about":[{"href":"https:\/\/dfvcg-events.de\/deutscher-fleisch-kongress\/wp-json\/wp\/v2\/types\/portfolio"}],"author":[{"embeddable":true,"href":"https:\/\/dfvcg-events.de\/deutscher-fleisch-kongress\/wp-json\/wp\/v2\/users\/2"}],"replies":[{"embeddable":true,"href":"https:\/\/dfvcg-events.de\/deutscher-fleisch-kongress\/wp-json\/wp\/v2\/comments?post=3161"}],"version-history":[{"count":5,"href":"https:\/\/dfvcg-events.de\/deutscher-fleisch-kongress\/wp-json\/wp\/v2\/portfolio\/3161\/revisions"}],"predecessor-version":[{"id":3622,"href":"https:\/\/dfvcg-events.de\/deutscher-fleisch-kongress\/wp-json\/wp\/v2\/portfolio\/3161\/revisions\/3622"}],"wp:featuredmedia":[{"embeddable":true,"href":"https:\/\/dfvcg-events.de\/deutscher-fleisch-kongress\/wp-json\/wp\/v2\/media\/3162"}],"wp:attachment":[{"href":"https:\/\/dfvcg-events.de\/deutscher-fleisch-kongress\/wp-json\/wp\/v2\/media?parent=3161"}],"wp:term":[{"taxonomy":"post_tag","embeddable":true,"href":"https:\/\/dfvcg-events.de\/deutscher-fleisch-kongress\/wp-json\/wp\/v2\/tags?post=3161"},{"taxonomy":"portfolio_entries","embeddable":true,"href":"https:\/\/dfvcg-events.de\/deutscher-fleisch-kongress\/wp-json\/wp\/v2\/portfolio_entries?post=3161"}],"curies":[{"name":"wp","href":"https:\/\/api.w.org\/{rel}","templated":true}]}}