{"id":6671,"date":"2025-11-18T11:44:11","date_gmt":"2025-11-18T10:44:11","guid":{"rendered":"https:\/\/dfvcg-events.de\/deutscher-fleisch-kongress\/?page_id=6671"},"modified":"2026-03-23T14:14:19","modified_gmt":"2026-03-23T13:14:19","slug":"dfk-2026","status":"publish","type":"page","link":"https:\/\/dfvcg-events.de\/deutscher-fleisch-kongress\/","title":{"rendered":"Deutscher Fleisch Kongress 2026"},"content":{"rendered":"\n<style type=\"text\/css\" data-created_by=\"avia_inline_auto\" id=\"style-css-av-b8poe6-dc571817108f6315e685d97b924a97ff\">\n.avia-section.av-b8poe6-dc571817108f6315e685d97b924a97ff{\nbackground-repeat:no-repeat;\nbackground-image:url(https:\/\/dfvcg-events.de\/deutscher-fleisch-kongress\/wp-content\/uploads\/2025\/11\/deutscher-fleich-kongress-2026-back-01.jpg);\nbackground-position:50% 100%;\nbackground-attachment:fixed;\n}\n<\/style>\n<div id='av_section_1'  class='avia-section av-b8poe6-dc571817108f6315e685d97b924a97ff main_color avia-section-no-padding avia-no-border-styling  avia-builder-el-0  el_before_av_codeblock  avia-builder-el-first  avia-full-stretch avia-bg-style-fixed av-minimum-height av-minimum-height-100 av-height-100  av-section-with-video-bg container_wrap fullsize'  data-section-bg-repeat='stretch' data-av_minimum_height_pc='100' data-av_min_height_opt='100' data-section-video-ratio='16:9'><div  class='avia-slideshow av_slideshow_obj-1-69f47baa6b98e avia-slideshow-featured av_slideshow avia-slide-slider av-slideshow-ui av-control-default av-slideshow-manual av-loop-once av-loop-manual-endless av-default-height-applied  av-section-video-bg avia-slideshow-1' data-slideshow-options=\"{&quot;animation&quot;:&quot;slide&quot;,&quot;autoplay&quot;:false,&quot;loop_autoplay&quot;:&quot;once&quot;,&quot;interval&quot;:5,&quot;loop_manual&quot;:&quot;manual-endless&quot;,&quot;autoplay_stopper&quot;:false,&quot;noNavigation&quot;:false,&quot;bg_slider&quot;:false,&quot;keep_padding&quot;:false,&quot;hoverpause&quot;:false,&quot;show_slide_delay&quot;:0}\"  itemprop=\"image\" itemscope=\"itemscope\" itemtype=\"https:\/\/schema.org\/ImageObject\" ><ul class='avia-slideshow-inner ' style='padding-bottom: 28.666666666667%;'><li  data-controls='disabled' data-mute='aviaTBaviaTBvideo_mute' data-loop='1' data-disable-autoplay=''  data-video-ratio='1.7777777777778' class='avia-slideshow-slide av_slideshow_obj-1-69f47baa6b98e__0  av-video-slide  av-video-service-html5  av-hide-video-controls av-mute-video av-loop-video  av-single-slide slide-1 slide-odd'><div data-rel='slideshow-1' class='avia-slide-wrap '    itemprop=\"video\" itemtype=\"https:\/\/schema.org\/VideoObject\" ><div class='av-click-overlay'><\/div><video class='avia_video'  autoplay playsinline loop preload=\"metadata\" muted  id='player_6671_941953430_676837166'><source src=\"https:\/\/dfvcg-events.de\/deutscher-fleisch-kongress\/wp-content\/uploads\/2025\/11\/dfk-sequenz-04_1.mp4\" type=\"video\/mp4\" \/><\/video><div class=\"av-click-to-play-overlay\"><div class=\"avia_playpause_icon\"><\/div><\/div><\/div><\/li><\/ul><\/div><div class=\"av-section-color-overlay-wrap\"><a href='#next-section' title='' class='scroll-down-link  avia-svg-icon avia-font-svg_entypo-fontello' data-av_svg_icon='down-open-mini' data-av_iconset='svg_entypo-fontello'><svg version=\"1.1\" xmlns=\"http:\/\/www.w3.org\/2000\/svg\" width=\"15\" height=\"32\" viewBox=\"0 0 15 32\" preserveAspectRatio=\"xMidYMid meet\" aria-labelledby='av-svg-title-1' aria-describedby='av-svg-desc-1' role=\"graphics-symbol\" aria-hidden=\"true\">\n<title id='av-svg-title-1'>Scroll to next section<\/title>\n<desc id='av-svg-desc-1'>Scroll to next section<\/desc>\n<path d=\"M12.96 12.16q0.704-0.832 1.536 0 0.832 0.704 0 1.536l-6.272 6.144q-0.704 0.704-1.536 0l-6.272-6.144q-0.832-0.832 0-1.536 0.768-0.768 1.6 0l5.44 4.992z\"><\/path>\n<\/svg><\/a><div class='container av-section-cont-open' ><main  role=\"main\" itemprop=\"mainContentOfPage\"  class='template-page content  av-content-full alpha units'><div class='post-entry post-entry-type-page post-entry-6671'><div class='entry-content-wrapper clearfix'>\n<div class='flex_column_table av-8m4432-73e5e9c005970d22f82706a790647187 sc-av_two_fifth av-equal-height-column-flextable'>\n<style type=\"text\/css\" data-created_by=\"avia_inline_auto\" id=\"style-css-av-8m4432-73e5e9c005970d22f82706a790647187\">\n#top .flex_column_table.av-equal-height-column-flextable.av-8m4432-73e5e9c005970d22f82706a790647187{\nmargin-top:50px;\nmargin-bottom:0px;\n}\n.flex_column.av-8m4432-73e5e9c005970d22f82706a790647187{\nborder-radius:0px 0px 0px 0px;\npadding:0px 0px 0px 0px;\n}\n<\/style>\n<div  class='flex_column av-8m4432-73e5e9c005970d22f82706a790647187 av_two_fifth  avia-builder-el-1  el_before_av_three_fifth  avia-builder-el-first  first flex_column_table_cell av-equal-height-column av-align-middle av-zero-column-padding  '     ><style type=\"text\/css\" data-created_by=\"avia_inline_auto\" id=\"style-css-av-mi4gb1db-dd9d53bc90154c8ec95fd1ccee03833b\">\n.avia-image-container.av-mi4gb1db-dd9d53bc90154c8ec95fd1ccee03833b img.avia_image{\nbox-shadow:none;\n}\n.avia-image-container.av-mi4gb1db-dd9d53bc90154c8ec95fd1ccee03833b .av-image-caption-overlay-center{\ncolor:#ffffff;\n}\n<\/style>\n<div  class='avia-image-container av-mi4gb1db-dd9d53bc90154c8ec95fd1ccee03833b av-styling-no-styling avia_animated_image av-animated-when-visible-95 pop-up avia-align-center  avia-builder-el-2  avia-builder-el-no-sibling '   itemprop=\"image\" itemscope=\"itemscope\" itemtype=\"https:\/\/schema.org\/ImageObject\" ><div class=\"avia-image-container-inner\"><div class=\"avia-image-overlay-wrap\"><img decoding=\"async\" fetchpriority=\"high\" class='wp-image-6676 avia-img-lazy-loading-not-6676 avia_image ' src=\"https:\/\/dfvcg-events.de\/deutscher-fleisch-kongress\/wp-content\/uploads\/2025\/11\/deutscher-fleich-kongress-2026-key-visual-claim.png\" alt='' title='deutscher-fleich-kongress-2026-key-visual-claim'  height=\"1173\" width=\"1646\"  itemprop=\"thumbnailUrl\" srcset=\"https:\/\/dfvcg-events.de\/deutscher-fleisch-kongress\/wp-content\/uploads\/2025\/11\/deutscher-fleich-kongress-2026-key-visual-claim.png 1646w, https:\/\/dfvcg-events.de\/deutscher-fleisch-kongress\/wp-content\/uploads\/2025\/11\/deutscher-fleich-kongress-2026-key-visual-claim-1500x1069.png 1500w, https:\/\/dfvcg-events.de\/deutscher-fleisch-kongress\/wp-content\/uploads\/2025\/11\/deutscher-fleich-kongress-2026-key-visual-claim-260x185.png 260w, https:\/\/dfvcg-events.de\/deutscher-fleisch-kongress\/wp-content\/uploads\/2025\/11\/deutscher-fleich-kongress-2026-key-visual-claim-705x502.png 705w\" sizes=\"(max-width: 1646px) 100vw, 1646px\" \/><\/div><\/div><\/div><\/div><div class='av-flex-placeholder'><\/div>\n<style type=\"text\/css\" data-created_by=\"avia_inline_auto\" id=\"style-css-av-5kuffi-eb6c66d97f4a294773a6a7a88862dd0b\">\n#top .flex_column_table.av-equal-height-column-flextable.av-5kuffi-eb6c66d97f4a294773a6a7a88862dd0b{\nmargin-top:50px;\nmargin-bottom:0px;\n}\n.flex_column.av-5kuffi-eb6c66d97f4a294773a6a7a88862dd0b{\nborder-radius:0px 0px 0px 0px;\npadding:0px 0px 0px 0px;\n}\n<\/style>\n<div  class='flex_column av-5kuffi-eb6c66d97f4a294773a6a7a88862dd0b av_three_fifth  avia-builder-el-3  el_after_av_two_fifth  el_before_av_hr  flex_column_table_cell av-equal-height-column av-align-middle av-zero-column-padding  '     ><p>\n<style type=\"text\/css\" data-created_by=\"avia_inline_auto\" id=\"style-css-av-mi4gw2oj-52283e374ebe4fe172fd5a1b711c3a24\">\n#top .av-special-heading.av-mi4gw2oj-52283e374ebe4fe172fd5a1b711c3a24{\npadding-bottom:35px;\ncolor:#e30513;\n}\nbody .av-special-heading.av-mi4gw2oj-52283e374ebe4fe172fd5a1b711c3a24 .av-special-heading-tag .heading-char{\nfont-size:25px;\n}\n.av-special-heading.av-mi4gw2oj-52283e374ebe4fe172fd5a1b711c3a24 .special-heading-inner-border{\nborder-color:#e30513;\n}\n.av-special-heading.av-mi4gw2oj-52283e374ebe4fe172fd5a1b711c3a24 .av-subheading{\nfont-size:15px;\ncolor:#ffffff;\n}\n<\/style>\n<div  class='av-special-heading av-mi4gw2oj-52283e374ebe4fe172fd5a1b711c3a24 av-special-heading-h1 custom-color-heading blockquote modern-quote modern-centered  avia-builder-el-4  el_before_av_buttonrow  avia-builder-el-first '><h1 class='av-special-heading-tag '  itemprop=\"headline\"  >Deutscher Fleisch Kongress 2026<\/h1><div class='av_custom_color av-subheading av-subheading_below'><p>24.\/25. November 2026 | Rheingoldhalle Mainz<\/p>\n<p>Freuen Sie sich auch 2026 auf zwei spannende Kongresstage in Mainz.<\/p>\n<\/div><div class=\"special-heading-border\"><div class=\"special-heading-inner-border\"><\/div><\/div><\/div><br \/>\n<div  class='avia-buttonrow-wrap av-mi4h1h0x-79a499c449fe9dd4263b460c43db73ea avia-buttonrow-center  avia-builder-el-5  el_after_av_heading  avia-builder-el-last '>\n\n<style type=\"text\/css\" data-created_by=\"avia_inline_auto\" id=\"style-css-av-mi4h0esu-5df359b01c01555e6c28598eb89f1536\">\n#top #wrap_all .avia-button.av-mi4h0esu-5df359b01c01555e6c28598eb89f1536{\nmargin-bottom:5%;\nmargin-right:3%;\nmargin-left:3%;\n}\n<\/style>\n<a href='https:\/\/dfvcg-events.de\/deutscher-fleisch-kongress\/ticketshop\/'  class='avia-button av-mi4h0esu-5df359b01c01555e6c28598eb89f1536 avia-icon_select-yes-left-icon avia-size-large avia-color-theme-color'   aria-label=\"Jetzt anmelden\"><span class='avia_button_icon avia_button_icon_left avia-iconfont avia-font-entypo-fontello' data-av_icon='\ue8cb' data-av_iconfont='entypo-fontello' ><\/span><span class='avia_iconbox_title' >Jetzt anmelden<\/span><\/a>\n<\/div><\/p><\/div><\/div><!--close column table wrapper. Autoclose: 1 -->\n<style type=\"text\/css\" data-created_by=\"avia_inline_auto\" id=\"style-css-av-mi4h8cbm-ac5df4e4a0a35ee250cd9100fdaf9a6d\">\n#top .hr.hr-invisible.av-mi4h8cbm-ac5df4e4a0a35ee250cd9100fdaf9a6d{\nheight:35px;\n}\n<\/style>\n<div  class='hr av-mi4h8cbm-ac5df4e4a0a35ee250cd9100fdaf9a6d hr-invisible  avia-builder-el-6  el_after_av_three_fifth  el_before_av_countdown '><span class='hr-inner '><span class=\"hr-inner-style\"><\/span><\/span><\/div>\n\n<style type=\"text\/css\" data-created_by=\"avia_inline_auto\" id=\"style-css-av-mi4h2yvx-2c77696cbb3b9151ab92dc8e8bb18369\">\n#top .av-countdown-timer.av-mi4h2yvx-2c77696cbb3b9151ab92dc8e8bb18369 .av-countdown-time{\ncolor:#e30513;\n}\n#top .av-countdown-timer.av-mi4h2yvx-2c77696cbb3b9151ab92dc8e8bb18369 .av-countdown-time-label{\ncolor:#ffffff;\n}\n<\/style>\n<div  class='av-countdown-timer av-mi4h2yvx-2c77696cbb3b9151ab92dc8e8bb18369 av-align-center av-custom-colors av-classic-numbers  avia-builder-el-7  el_after_av_hr  avia-builder-el-last '  data-year=' 2026' data-month='10' data-day=' 24 ' data-hour='10' data-minute='0' data-timezone='120' data-interval='1000' data-maximum='4' ><span class='av-countdown-timer-inner'><span class='av-countdown-cell av-countdown-days'><span class='av-countdown-cell-inner'><span class='av-countdown-time' data-upate-width='days'>0<\/span><span class='av-countdown-time-label' data-label='Tag' data-label-multi='Tage'>Tage<\/span><\/span><\/span><span class='av-countdown-cell av-countdown-hours'><span class='av-countdown-cell-inner'><span class='av-countdown-time' data-upate-width='hours'>0<\/span><span class='av-countdown-time-label' data-label='Stunde' data-label-multi='Stunden'>Stunden<\/span><\/span><\/span><span class='av-countdown-cell av-countdown-minutes'><span class='av-countdown-cell-inner'><span class='av-countdown-time' data-upate-width='minutes'>0<\/span><span class='av-countdown-time-label' data-label='Minute' data-label-multi='Minuten'>Minuten<\/span><\/span><\/span><span class='av-countdown-cell av-countdown-seconds'><span class='av-countdown-cell-inner'><span class='av-countdown-time' data-upate-width='seconds'>0<\/span><span class='av-countdown-time-label' data-label='Sekunde' data-label-multi='Sekunden'>Sekunden<\/span><\/span><\/span><\/span><\/div>\n<\/div><\/div><\/main><!-- close content main element --><\/div><\/div><\/div><div id='after_section_1'  class='main_color av_default_container_wrap container_wrap fullsize'  ><div class='container av-section-cont-open' ><div class='template-page content  av-content-full alpha units'><div class='post-entry post-entry-type-page post-entry-6671'><div class='entry-content-wrapper clearfix'><\/p>\n<\/div><\/div><\/div><!-- close content main div --><\/div><\/div>\n<style type=\"text\/css\" data-created_by=\"avia_inline_auto\" id=\"style-css-av-rvcfg-24f16686b4b74b2d115b1f87c2182924\">\n.avia-section.av-rvcfg-24f16686b4b74b2d115b1f87c2182924{\nbackground-color:#000000;\nbackground-image:unset;\n}\n<\/style>\n<div id='av_section_2'  class='avia-section av-rvcfg-24f16686b4b74b2d115b1f87c2182924 main_color avia-section-default avia-no-shadow  avia-builder-el-9  el_after_av_codeblock  el_before_av_section  avia-bg-style-scroll container_wrap fullsize'  ><div class='container av-section-cont-open' ><div class='template-page content  av-content-full alpha units'><div class='post-entry post-entry-type-page post-entry-6671'><div class='entry-content-wrapper clearfix'>\n\n<style type=\"text\/css\" data-created_by=\"avia_inline_auto\" id=\"style-css-av-dh6kf-87f7d70f1f4296ed142a19ef25f745a1\">\n#top .av-special-heading.av-dh6kf-87f7d70f1f4296ed142a19ef25f745a1{\npadding-bottom:0;\ncolor:#e30513;\n}\nbody .av-special-heading.av-dh6kf-87f7d70f1f4296ed142a19ef25f745a1 .av-special-heading-tag .heading-char{\nfont-size:25px;\n}\n.av-special-heading.av-dh6kf-87f7d70f1f4296ed142a19ef25f745a1 .special-heading-inner-border{\nborder-color:#e30513;\n}\n.av-special-heading.av-dh6kf-87f7d70f1f4296ed142a19ef25f745a1 .av-subheading{\nfont-size:15px;\ncolor:#ffffff;\n}\n<\/style>\n<div  class='av-special-heading av-dh6kf-87f7d70f1f4296ed142a19ef25f745a1 av-special-heading-h1 custom-color-heading blockquote modern-quote modern-centered  avia-builder-el-10  el_before_av_textblock  avia-builder-el-first '><h1 class='av-special-heading-tag '  itemprop=\"headline\"  >Deutscher Fleisch Kongress 2026<\/h1><div class='av_custom_color av-subheading av-subheading_below'><p>24.\/25. November 2026 | Rheingoldhalle Mainz<\/p>\n<\/div><div class=\"special-heading-border\"><div class=\"special-heading-inner-border\"><\/div><\/div><\/div>\n\n<style type=\"text\/css\" data-created_by=\"avia_inline_auto\" id=\"style-css-av-871pov-01999fcb842a4cb191b01a99b870029d\">\n#top .av_textblock_section.av-871pov-01999fcb842a4cb191b01a99b870029d .avia_textblock{\nfont-size:21px;\ncolor:#ffffff;\n}\n<\/style>\n<section  class='av_textblock_section av-871pov-01999fcb842a4cb191b01a99b870029d '   itemscope=\"itemscope\" itemtype=\"https:\/\/schema.org\/CreativeWork\" ><div class='avia_textblock av_inherit_color'  itemprop=\"text\" ><p style=\"text-align: center;\">Der Deutsche Fleisch Kongress ist die zentrale und f\u00fchrende Plattform f\u00fcr die gesamte Wertsch\u00f6pfungskette der Fleischwirtschaft. Kuratiert und organisiert mit der geballten Fachkompetenz der Fachmedien der dfv Mediengruppe, bietet der Deutsche Fleisch Kongress Entscheider:innen aus Industrie, Handel und Handwerk einen fundierten \u00dcberblick \u00fcber die wichtigsten Marktentwicklungen im In- und Ausland und zeigt die Trends von morgen auf \u2013 immer mit einem klaren Fokus auf die Fleischwirtschaft und mit Bezug zur Praxis.<\/p>\n<p style=\"text-align: center;\">Wir freuen uns, Sie 2026 in Mainz begr\u00fc\u00dfen zu d\u00fcrfen.<\/p>\n<\/div><\/section>\n\n<style type=\"text\/css\" data-created_by=\"avia_inline_auto\" id=\"style-css-av-1vuwyn-9085e97a80bcd2febf285bbcea91da54\">\n#top .av-special-heading.av-1vuwyn-9085e97a80bcd2febf285bbcea91da54{\npadding-bottom:30px;\ncolor:#e30513;\n}\nbody .av-special-heading.av-1vuwyn-9085e97a80bcd2febf285bbcea91da54 .av-special-heading-tag .heading-char{\nfont-size:25px;\n}\n.av-special-heading.av-1vuwyn-9085e97a80bcd2febf285bbcea91da54 .special-heading-inner-border{\nborder-color:#e30513;\n}\n.av-special-heading.av-1vuwyn-9085e97a80bcd2febf285bbcea91da54 .av-subheading{\nfont-size:19px;\n}\n<\/style>\n<div  class='av-special-heading av-1vuwyn-9085e97a80bcd2febf285bbcea91da54 av-special-heading-h2 custom-color-heading blockquote modern-quote modern-centered  avia-builder-el-12  el_after_av_textblock  el_before_av_video '><h2 class='av-special-heading-tag '  itemprop=\"headline\"  >Das war der Deutsche Fleisch Kongress 2025<\/h2><div class=\"special-heading-border\"><div class=\"special-heading-inner-border\"><\/div><\/div><\/div>\n<div  class='avia-video av-ml6tk9cj-f032cff27525734deb4010db752ce891 avia-video-16-9 av-no-preview-image avia-video-load-always av-lazyload-immediate av-lazyload-video-embed'  itemprop=\"video\" itemtype=\"https:\/\/schema.org\/VideoObject\"  data-original_url='https:\/\/www.youtube.com\/watch?v=RxzU2gLTqXk'><script type='text\/html' class='av-video-tmpl'><div class='avia-iframe-wrap'><iframe loading=\"lazy\" title=\"Deutscher Fleisch Kongress 2025\" width=\"1500\" height=\"844\" src=\"https:\/\/www.youtube.com\/embed\/RxzU2gLTqXk?feature=oembed&autoplay=0&loop=0&controls=1&mute=0\" frameborder=\"0\" allow=\"accelerometer; autoplay; clipboard-write; encrypted-media; gyroscope; picture-in-picture; web-share\" referrerpolicy=\"strict-origin-when-cross-origin\" allowfullscreen><\/iframe><\/div><\/script><div class='av-click-to-play-overlay'><div class=\"avia_playpause_icon\"><\/div><\/div><\/div>\n\n<style type=\"text\/css\" data-created_by=\"avia_inline_auto\" id=\"style-css-av-57zbz3-79d37ccf1cf304b45e5532b882c31c13\">\n#top .hr.hr-invisible.av-57zbz3-79d37ccf1cf304b45e5532b882c31c13{\nheight:20px;\n}\n<\/style>\n<div  class='hr av-57zbz3-79d37ccf1cf304b45e5532b882c31c13 hr-invisible  avia-builder-el-14  el_after_av_video  el_before_av_button '><span class='hr-inner '><span class=\"hr-inner-style\"><\/span><\/span><\/div>\n<div  class='avia-button-wrap av-m4r91pqg-ee4691e79fb506c5a31154d6fc8edb11-wrap avia-button-center  avia-builder-el-15  el_after_av_hr  el_before_av_hr '><a href='https:\/\/dfvcg-events.de\/deutscher-fleisch-kongress\/impressionen-2025\/'  class='avia-button av-m4r91pqg-ee4691e79fb506c5a31154d6fc8edb11 av-link-btn avia-icon_select-yes-left-icon avia-size-large avia-position-center avia-color-theme-color'  target=\"_blank\"  rel=\"noopener noreferrer\"  aria-label=\"Hier geht es zur Bildergalerie\"><span class='avia_button_icon avia_button_icon_left avia-iconfont avia-font-entypo-fontello' data-av_icon='\ue80e' data-av_iconfont='entypo-fontello' ><\/span><span class='avia_iconbox_title' >Hier geht es zur Bildergalerie<\/span><\/a><\/div>\n\n<style type=\"text\/css\" data-created_by=\"avia_inline_auto\" id=\"style-css-av-ml6us1mr-72be64044dde9438e990252d90233cb1\">\n#top .hr.hr-invisible.av-ml6us1mr-72be64044dde9438e990252d90233cb1{\nheight:20px;\n}\n<\/style>\n<div  class='hr av-ml6us1mr-72be64044dde9438e990252d90233cb1 hr-invisible  avia-builder-el-16  el_after_av_button  el_before_av_one_half '><span class='hr-inner '><span class=\"hr-inner-style\"><\/span><\/span><\/div>\n<div class='flex_column_table av-csynj-0274e679f765c8e78a7c40798f2b8f7d sc-av_one_half av-equal-height-column-flextable'><div  class='flex_column av-csynj-0274e679f765c8e78a7c40798f2b8f7d av_one_half  avia-builder-el-17  el_after_av_hr  el_before_av_one_half  first flex_column_table_cell av-equal-height-column av-align-middle  '     ><p>\n<style type=\"text\/css\" data-created_by=\"avia_inline_auto\" id=\"style-css-av-6cifak-fb5bf92c9bd768e900cf35b269bb1c7b\">\n#top .av-special-heading.av-6cifak-fb5bf92c9bd768e900cf35b269bb1c7b{\npadding-bottom:30px;\ncolor:#e30513;\n}\nbody .av-special-heading.av-6cifak-fb5bf92c9bd768e900cf35b269bb1c7b .av-special-heading-tag .heading-char{\nfont-size:25px;\n}\n.av-special-heading.av-6cifak-fb5bf92c9bd768e900cf35b269bb1c7b .special-heading-inner-border{\nborder-color:#e30513;\n}\n.av-special-heading.av-6cifak-fb5bf92c9bd768e900cf35b269bb1c7b .av-subheading{\nfont-size:19px;\n}\n<\/style>\n<div  class='av-special-heading av-6cifak-fb5bf92c9bd768e900cf35b269bb1c7b av-special-heading-h3 custom-color-heading blockquote modern-quote  avia-builder-el-18  el_before_av_textblock  avia-builder-el-first '><h3 class='av-special-heading-tag '  itemprop=\"headline\"  >Starkes Design. Klarer Fokus.<\/h3><div class=\"special-heading-border\"><div class=\"special-heading-inner-border\"><\/div><\/div><\/div><br \/>\n\n<style type=\"text\/css\" data-created_by=\"avia_inline_auto\" id=\"style-css-av-2wl59r-3d6418483c32568b7f6806d80181760f\">\n#top .av_textblock_section.av-2wl59r-3d6418483c32568b7f6806d80181760f .avia_textblock{\nfont-size:21px;\ncolor:#ffffff;\n}\n<\/style>\n<section  class='av_textblock_section av-2wl59r-3d6418483c32568b7f6806d80181760f '   itemscope=\"itemscope\" itemtype=\"https:\/\/schema.org\/CreativeWork\" ><div class='avia_textblock av_inherit_color'  itemprop=\"text\" ><p>Der Deutsche Fleisch Kongress pr\u00e4sentiert sich ab sofort in einem neuen visuellen Erscheinungsbild. Mit dem \u00fcberarbeiteten Design sch\u00e4rfen wir unser Profil und positionieren die Veranstaltung klarer und st\u00e4rker als Marke. Der neue Look steht f\u00fcr neue Impulse, klaren Fokus und eine starke Branche.<\/p>\n<p>Inhaltlich bleibt der Deutsche Fleisch Kongress die zentrale und f\u00fchrende Plattform f\u00fcr die gesamte Wertsch\u00f6pfungskette der Fleischwirtschaft.<\/p>\n<\/div><\/section><\/p><\/div><div class='av-flex-placeholder'><\/div>\n<style type=\"text\/css\" data-created_by=\"avia_inline_auto\" id=\"style-css-av-2ribhb-ed9c4cbb87e64ce9f8579b555d2c6a37\">\n.flex_column.av-2ribhb-ed9c4cbb87e64ce9f8579b555d2c6a37{\npadding:0 0 0 0;\n}\n<\/style>\n<div  class='flex_column av-2ribhb-ed9c4cbb87e64ce9f8579b555d2c6a37 av_one_half  avia-builder-el-20  el_after_av_one_half  avia-builder-el-last  flex_column_table_cell av-equal-height-column av-align-middle av-zero-column-padding  '     ><style type=\"text\/css\" data-created_by=\"avia_inline_auto\" id=\"style-css-av-mlaqzocx-fffb74a2822380c7c6b25f5c0573e611\">\n.avia-image-diff-container.av-mlaqzocx-fffb74a2822380c7c6b25f5c0573e611 .av-image-diff-handle{\nbox-shadow:0 0 12px rgba(51, 51, 51, 0.5);\n}\n.avia-image-diff-container.av-mlaqzocx-fffb74a2822380c7c6b25f5c0573e611 .av-image-diff-handle:before{\nbox-shadow:0 3px 0 #fff, 0px 0px 12px rgba(51, 51, 51, 0.5);\n}\n.avia-image-diff-container.av-mlaqzocx-fffb74a2822380c7c6b25f5c0573e611 .av-image-diff-handle:after{\nbox-shadow:0 3px 0 #fff, 0px 0px 12px rgba(51, 51, 51, 0.5);\n}\n<\/style>\n<div  class='avia-image-diff-container av-mlaqzocx-fffb74a2822380c7c6b25f5c0573e611 av-handle-vertical av-handle-circle av-handle-border btn-always-hide btn-style-rounded av-line-default avia-align-center  avia-builder-el-21  avia-builder-el-no-sibling ' data-image_diff=\"{&quot;drag_start&quot;:&quot;&quot;}\"  itemprop=\"image\" itemscope=\"itemscope\" itemtype=\"https:\/\/schema.org\/ImageObject\" ><div class=\"av-image-diff-wrapper\"><img decoding=\"async\" fetchpriority=\"high\" class='wp-image-7151 avia-img-lazy-loading-not-7151 avia_image av-img-before ' src=\"https:\/\/dfvcg-events.de\/deutscher-fleisch-kongress\/wp-content\/uploads\/2026\/02\/Fleisch-Kongress-alt-800x800px.jpg\" alt='' title='Fleisch-Kongress-alt-800x800px'  height=\"800\" width=\"800\"  itemprop=\"thumbnailUrl\" srcset=\"https:\/\/dfvcg-events.de\/deutscher-fleisch-kongress\/wp-content\/uploads\/2026\/02\/Fleisch-Kongress-alt-800x800px.jpg 800w, https:\/\/dfvcg-events.de\/deutscher-fleisch-kongress\/wp-content\/uploads\/2026\/02\/Fleisch-Kongress-alt-800x800px-36x36.jpg 36w, https:\/\/dfvcg-events.de\/deutscher-fleisch-kongress\/wp-content\/uploads\/2026\/02\/Fleisch-Kongress-alt-800x800px-180x180.jpg 180w, https:\/\/dfvcg-events.de\/deutscher-fleisch-kongress\/wp-content\/uploads\/2026\/02\/Fleisch-Kongress-alt-800x800px-705x705.jpg 705w\" sizes=\"(max-width: 800px) 100vw, 800px\" \/><img decoding=\"async\" fetchpriority=\"high\" class='wp-image-6784 avia-img-lazy-loading-not-6784 avia_image av-img-after' src=\"https:\/\/dfvcg-events.de\/deutscher-fleisch-kongress\/wp-content\/uploads\/2025\/11\/deutscher-fleich-kongress-2026-teaser.jpg\" alt='' title='deutscher-fleich-kongress-2026-teaser'  height=\"800\" width=\"800\"  itemprop=\"thumbnailUrl\" srcset=\"https:\/\/dfvcg-events.de\/deutscher-fleisch-kongress\/wp-content\/uploads\/2025\/11\/deutscher-fleich-kongress-2026-teaser.jpg 800w, https:\/\/dfvcg-events.de\/deutscher-fleisch-kongress\/wp-content\/uploads\/2025\/11\/deutscher-fleich-kongress-2026-teaser-36x36.jpg 36w, https:\/\/dfvcg-events.de\/deutscher-fleisch-kongress\/wp-content\/uploads\/2025\/11\/deutscher-fleich-kongress-2026-teaser-180x180.jpg 180w, https:\/\/dfvcg-events.de\/deutscher-fleisch-kongress\/wp-content\/uploads\/2025\/11\/deutscher-fleich-kongress-2026-teaser-705x705.jpg 705w\" sizes=\"(max-width: 800px) 100vw, 800px\" \/><div class=\"av-image-diff-overlay\"><span class=\"av-img-diff-label label-before\">Before<\/span><span class=\"av-img-diff-label label-after\">After<\/span><\/div><div class=\"av-image-diff-handle\"><span class=\"av-handle-arrow av-handle-left-arrow\"><\/span><span class=\"av-handle-arrow av-handle-right-arrow\"><\/span><\/div><\/div><\/div><\/div><\/div><!--close column table wrapper. Autoclose: 1 --><\/div><\/div><\/div><!-- close content main div --><\/div><\/div>\n<style type=\"text\/css\" data-created_by=\"avia_inline_auto\" id=\"style-css-av-kuxvxmji-6d5499227caed0922e13b11ccea535f0\">\n.avia-section.av-kuxvxmji-6d5499227caed0922e13b11ccea535f0 .av-parallax .av-parallax-inner{\nbackground-repeat:no-repeat;\nbackground-image:url(https:\/\/dfvcg-events.de\/deutscher-fleisch-kongress\/wp-content\/uploads\/2024\/12\/Fleisch-1-1224.jpg);\nbackground-position:50% 50%;\nbackground-attachment:scroll;\n}\n.avia-section.av-kuxvxmji-6d5499227caed0922e13b11ccea535f0 .av-section-color-overlay{\nopacity:0.8;\nbackground-color:#ffffff;\n}\n<\/style>\n<div id='av_section_3'  class='avia-section av-kuxvxmji-6d5499227caed0922e13b11ccea535f0 main_color avia-section-no-padding avia-no-shadow  avia-builder-el-22  el_after_av_section  el_before_av_section  avia-full-stretch av-parallax-section avia-bg-style-parallax av-section-color-overlay-active av-minimum-height av-minimum-height-custom av-height-custom  container_wrap fullsize'  data-section-bg-repeat='stretch' data-av_minimum_height_px='525'><div class='av-parallax' data-avia-parallax-ratio='0.3' ><div class='av-parallax-inner main_color avia-full-stretch'><\/div><\/div><div class=\"av-section-color-overlay-wrap\"><div class=\"av-section-color-overlay\"><\/div><div class='container av-section-cont-open' style='height:525px'><div class='template-page content  av-content-full alpha units'><div class='post-entry post-entry-type-page post-entry-6671'><div class='entry-content-wrapper clearfix'>\n\n<style type=\"text\/css\" data-created_by=\"avia_inline_auto\" id=\"style-css-av-mi4kgohh-d0f3c81c142040e8c0ebb8bad0e5b9c7\">\n#top .av-slideshow-ui.av-mi4kgohh-d0f3c81c142040e8c0ebb8bad0e5b9c7 .avia-slideshow-arrows a{\ncolor:#000000;\n}\n#top .av-slideshow-ui.av-mi4kgohh-d0f3c81c142040e8c0ebb8bad0e5b9c7 .avia-slideshow-arrows a.avia-svg-icon svg:first-child{\nstroke:#000000 !important;\nfill:#000000 !important;\n}\n#top .avia-testimonial-wrapper.av-mi4kgohh-d0f3c81c142040e8c0ebb8bad0e5b9c7 .avia-testimonial-content{\ncolor:#000000;\n}\n#top .avia-testimonial-wrapper.av-mi4kgohh-d0f3c81c142040e8c0ebb8bad0e5b9c7 .avia-testimonial-name{\ncolor:#e30513;\n}\n.avia-testimonial-wrapper.av-mi4kgohh-d0f3c81c142040e8c0ebb8bad0e5b9c7 .avia-testimonial-subtitle{\ncolor:#000000;\n}\n.avia-testimonial-wrapper.av-mi4kgohh-d0f3c81c142040e8c0ebb8bad0e5b9c7 .avia-testimonial-link{\ncolor:#000000;\n}\n.avia-testimonial-wrapper.av-mi4kgohh-d0f3c81c142040e8c0ebb8bad0e5b9c7 .avia-slideshow-controls{\ncolor:#000000;\n}\n<\/style>\n<div  class='avia-testimonial-wrapper av-mi4kgohh-d0f3c81c142040e8c0ebb8bad0e5b9c7 avia-slider-testimonials avia-slider-2-testimonials avia_animate_when_almost_visible kundenstimme av-large-testimonial-slider av-slideshow-ui av-control-default av-no-slider-navigation av-slider-hover-pause av-slideshow-autoplay av-loop-endless av-loop-manual-endless' data-slideshow-options=\"{&quot;animation&quot;:&quot;fade&quot;,&quot;autoplay&quot;:true,&quot;loop_autoplay&quot;:&quot;endless&quot;,&quot;interval&quot;:4,&quot;loop_manual&quot;:&quot;manual-endless&quot;,&quot;autoplay_stopper&quot;:false,&quot;noNavigation&quot;:false,&quot;bg_slider&quot;:false,&quot;keep_padding&quot;:&quot;&quot;,&quot;hoverpause&quot;:true,&quot;show_slide_delay&quot;:0}\">\n<section class=\"avia-testimonial-row\"><div class='avia-testimonial av-mi4k7x7q-5a8cb31d8d8209ef00bef4b767f67499 avia-testimonial-row-1 avia-first-testimonial flex_column no_margin av_one_half'><div class='avia-testimonial_inner'  itemscope=\"itemscope\" itemtype=\"https:\/\/schema.org\/CreativeWork\" ><div class='avia-testimonial-content av_inherit_color'><div class='avia-testimonial-markup-entry-content'  itemprop=\"text\" ><p>Ein klarer Fokus, ein starkes Team, hin &amp; wieder einen \u201eMutanfall\u201c und Haltung die einem nicht Wurst is(s)t. So erk\u00e4mpfen auch wir uns einen Platz im \u201eHandels-Hafen\u201c.<\/p>\n<\/div><\/div><div class=\"avia-testimonial-meta\"><div class=\"avia-testimonial-arrow-wrap\"><div class=\"avia-arrow\"><\/div><\/div><div class='avia-testimonial-meta-mini'  itemprop=\"author\" itemscope=\"itemscope\" itemtype=\"https:\/\/schema.org\/Person\" ><strong  class='avia-testimonial-name'  itemprop=\"name\" >Benjamin Krieft<\/strong><span  class='avia-testimonial-subtitle av_opacity_variation'  itemprop=\"jobTitle\" >Gesch\u00e4ftsf\u00fchrung, B\u00f6rner-Eisenacher<\/span><\/div><\/div><\/div><\/div>\n<div class='avia-testimonial av-mi4k7x7q-5-c9271ec5452042d343ccd4ee4b4e6dac avia-testimonial-row-1 flex_column no_margin av_one_half'><div class='avia-testimonial_inner'  itemscope=\"itemscope\" itemtype=\"https:\/\/schema.org\/CreativeWork\" ><div class='avia-testimonial-content av_inherit_color'><div class='avia-testimonial-markup-entry-content'  itemprop=\"text\" ><p>Statt mit Instrumenten wie einer Haltungskennzeichnung zu beginnen, braucht es erst einmal eine Strategie mit Zielbild, wie die Tierhaltung der Zukunft gesellschaftlich akzeptiert ausgestaltet wird. Da hat die Politik bisher versagt. Dazu geh\u00f6rt als erster Schritt,<br \/>\ndie massiven L\u00fccken im Tierschutzrecht zu schlie\u00dfen.<\/p>\n<\/div><\/div><div class=\"avia-testimonial-meta\"><div class=\"avia-testimonial-arrow-wrap\"><div class=\"avia-arrow\"><\/div><\/div><div class='avia-testimonial-meta-mini'  itemprop=\"author\" itemscope=\"itemscope\" itemtype=\"https:\/\/schema.org\/Person\" ><strong  class='avia-testimonial-name'  itemprop=\"name\" >Thomas Schr\u00f6der<\/strong><span  class='avia-testimonial-subtitle av_opacity_variation'  itemprop=\"jobTitle\" >Pr\u00e4sident, Deutscher Tierschutzbund<\/span><\/div><\/div><\/div><\/div>\n<div class='avia-testimonial av-mi4k7x7q-4-c8c905dd61a17c5b1b16edc2a4361052 avia-testimonial-row-1 flex_column no_margin av_one_half'><div class='avia-testimonial_inner'  itemscope=\"itemscope\" itemtype=\"https:\/\/schema.org\/CreativeWork\" ><div class='avia-testimonial-content av_inherit_color'><div class='avia-testimonial-markup-entry-content'  itemprop=\"text\" ><p>&#8222;Es braucht einen Abbau der B\u00fcrokratie, um den Standort Deutschland als wettbewerbsf\u00e4higen Produktionsstandort im europ\u00e4ischen und internationalen Kontext zu sichern. Dazu z\u00e4hlen unter anderem langfristige Planungssicherheit in Bezug auf Gesetzgebungen sowie die Reduktion der Dokumentationspflichten f\u00fcr die Agrar- und Ern\u00e4hrungswirtschaft (\u2026).<\/p>\n<\/div><\/div><div class=\"avia-testimonial-meta\"><div class=\"avia-testimonial-arrow-wrap\"><div class=\"avia-arrow\"><\/div><\/div><div class='avia-testimonial-meta-mini'  itemprop=\"author\" itemscope=\"itemscope\" itemtype=\"https:\/\/schema.org\/Person\" ><strong  class='avia-testimonial-name'  itemprop=\"name\" >Peter Wesjohann<\/strong><span  class='avia-testimonial-subtitle av_opacity_variation'  itemprop=\"jobTitle\" >Vorstandsvorsitzender, PHW-Gruppe<\/span><\/div><\/div><\/div><\/div>\n<\/section><div class='avia-slideshow-arrows avia-slideshow-controls' ><a href='#prev' class='prev-slide  avia-svg-icon avia-font-svg_entypo-fontello' data-av_svg_icon='left-open-big' data-av_iconset='svg_entypo-fontello' tabindex='-1' title=\"Zur\u00fcck\"><svg version=\"1.1\" xmlns=\"http:\/\/www.w3.org\/2000\/svg\" width=\"15\" height=\"32\" viewBox=\"0 0 15 32\" preserveAspectRatio=\"xMidYMid meet\" aria-labelledby='av-svg-title-2' aria-describedby='av-svg-desc-2' role=\"graphics-symbol\" aria-hidden=\"true\">\n<title id='av-svg-title-2'>Zur\u00fcck<\/title>\n<desc id='av-svg-desc-2'>Zur\u00fcck<\/desc>\n<path d=\"M14.464 27.84q0.832 0.832 0 1.536-0.832 0.832-1.536 0l-12.544-12.608q-0.768-0.768 0-1.6l12.544-12.608q0.704-0.832 1.536 0 0.832 0.704 0 1.536l-11.456 11.904z\"><\/path>\n<\/svg><span class='avia_hidden_link_text'>Zur\u00fcck<\/span><\/a><a href='#next' class='next-slide  avia-svg-icon avia-font-svg_entypo-fontello' data-av_svg_icon='right-open-big' data-av_iconset='svg_entypo-fontello' tabindex='-1' title=\"Weiter\"><svg version=\"1.1\" xmlns=\"http:\/\/www.w3.org\/2000\/svg\" width=\"15\" height=\"32\" viewBox=\"0 0 15 32\" preserveAspectRatio=\"xMidYMid meet\" aria-labelledby='av-svg-title-3' aria-describedby='av-svg-desc-3' role=\"graphics-symbol\" aria-hidden=\"true\">\n<title id='av-svg-title-3'>Weiter<\/title>\n<desc id='av-svg-desc-3'>Weiter<\/desc>\n<path d=\"M0.416 27.84l11.456-11.84-11.456-11.904q-0.832-0.832 0-1.536 0.832-0.832 1.536 0l12.544 12.608q0.768 0.832 0 1.6l-12.544 12.608q-0.704 0.832-1.536 0-0.832-0.704 0-1.536z\"><\/path>\n<\/svg><span class='avia_hidden_link_text'>Weiter<\/span><\/a><\/div><\/div>\n<\/p>\n<\/div><\/div><\/div><!-- close content main div --><\/div><\/div><\/div>\n<style type=\"text\/css\" data-created_by=\"avia_inline_auto\" id=\"style-css-av-lhf1sbex-c30d9c4ebcd80e039586d1d6e86e057e\">\n.avia-section.av-lhf1sbex-c30d9c4ebcd80e039586d1d6e86e057e{\nbackground-color:#000000;\nbackground-image:unset;\n}\n<\/style>\n<div id='av_section_4'  class='avia-section av-lhf1sbex-c30d9c4ebcd80e039586d1d6e86e057e main_color avia-section-default avia-no-shadow  avia-builder-el-24  el_after_av_section  el_before_av_section  avia-bg-style-scroll container_wrap fullsize'  ><div class='container av-section-cont-open' ><div class='template-page content  av-content-full alpha units'><div class='post-entry post-entry-type-page post-entry-6671'><div class='entry-content-wrapper clearfix'>\n\n<style type=\"text\/css\" data-created_by=\"avia_inline_auto\" id=\"style-css-av-61ufof-2482bdfcd2f6c2e6c8807ff33709b5c2\">\n#top .av-special-heading.av-61ufof-2482bdfcd2f6c2e6c8807ff33709b5c2{\npadding-bottom:30px;\ncolor:#e30513;\n}\nbody .av-special-heading.av-61ufof-2482bdfcd2f6c2e6c8807ff33709b5c2 .av-special-heading-tag .heading-char{\nfont-size:25px;\n}\n.av-special-heading.av-61ufof-2482bdfcd2f6c2e6c8807ff33709b5c2 .special-heading-inner-border{\nborder-color:#e30513;\n}\n.av-special-heading.av-61ufof-2482bdfcd2f6c2e6c8807ff33709b5c2 .av-subheading{\nfont-size:19px;\n}\n<\/style>\n<div  class='av-special-heading av-61ufof-2482bdfcd2f6c2e6c8807ff33709b5c2 av-special-heading-h2 custom-color-heading blockquote modern-quote modern-centered  avia-builder-el-25  el_before_av_masonry_entries  avia-builder-el-no-sibling '><h2 class='av-special-heading-tag '  itemprop=\"headline\"  >Das waren die Vortragenden 2025<\/h2><div class=\"special-heading-border\"><div class=\"special-heading-inner-border\"><\/div><\/div><\/div>\n<div id='av-masonry-1' class='av-masonry av-4xa68f-614ee3d5e707600be90684a66a394646 noHover av-fixed-size av-large-gap av-hover-overlay-fade_out av-masonry-animation-active av-masonry-col-4 av-caption-always av-caption-style- av-masonry-entries av-orientation-portrait-large ' data-post_id=\"6671\"><div class=\"av-masonry-container isotope av-js-disabled\"><div class='av-masonry-entry isotope-item av-masonry-item-no-image '><\/div><a href=\"https:\/\/dfvcg-events.de\/deutscher-fleisch-kongress\/referent\/tjarda-klimp\/\"  id='av-masonry-1-item-6261' data-av-masonry-item='6261' class='av-masonry-entry isotope-item post-6261 portfolio type-portfolio status-publish has-post-thumbnail hentry portfolio_entries-vortragend-2025 portfolio_entries-vortragend-feature-2025  av-masonry-item-with-image' title=\"Klimp-Tjarda-VION\"   itemscope=\"itemscope\" itemtype=\"https:\/\/schema.org\/CreativeWork\" ><div class='av-inner-masonry-sizer'><\/div><figure class='av-inner-masonry main_color'><div class=\"av-masonry-outerimage-container\"><div class='av-masonry-image-container' style=\"background-image: url(https:\/\/dfvcg-events.de\/deutscher-fleisch-kongress\/wp-content\/uploads\/2025\/09\/Klimp-Tjarda-VION.jpg);\"  title=\"Klimp-Tjarda-VION\" ><\/div><\/div><figcaption class='av-inner-masonry-content site-background'><div class='av-inner-masonry-content-pos'><div class='av-inner-masonry-content-pos-content'><div class='avia-arrow'><\/div><h3 class='av-masonry-entry-title entry-title '  itemprop=\"headline\" >Tjarda Klimp<\/h3><div class='av-masonry-entry-content entry-content'  itemprop=\"text\" >Vion Food Group<\/div><\/div><\/div><\/figcaption><\/figure><\/a><!--end av-masonry entry--><a href=\"https:\/\/dfvcg-events.de\/deutscher-fleisch-kongress\/referent\/dr-julia-pluentsch\/\"  id='av-masonry-1-item-5800' data-av-masonry-item='5800' class='av-masonry-entry isotope-item post-5800 portfolio type-portfolio status-publish has-post-thumbnail hentry portfolio_entries-vortragend-2025 portfolio_entries-vortragend-feature-2025  av-masonry-item-with-image' title=\"Pl\u00fcntsch-Dr.-Julia-Rr\u00fcgenwalder-Spezialit\u00e4ten-web\"   itemscope=\"itemscope\" itemtype=\"https:\/\/schema.org\/CreativeWork\" ><div class='av-inner-masonry-sizer'><\/div><figure class='av-inner-masonry main_color'><div class=\"av-masonry-outerimage-container\"><div class='av-masonry-image-container' style=\"background-image: url(https:\/\/dfvcg-events.de\/deutscher-fleisch-kongress\/wp-content\/uploads\/2025\/07\/Pluentsch-Dr.-Julia-Rruegenwalder-Spezialitaeten-web.jpg);\"  title=\"Pl\u00fcntsch-Dr.-Julia-Rr\u00fcgenwalder-Spezialit\u00e4ten-web\" ><\/div><\/div><figcaption class='av-inner-masonry-content site-background'><div class='av-inner-masonry-content-pos'><div class='av-inner-masonry-content-pos-content'><div class='avia-arrow'><\/div><h3 class='av-masonry-entry-title entry-title '  itemprop=\"headline\" >Dr. Julia Pl\u00fcntsch<\/h3><div class='av-masonry-entry-content entry-content'  itemprop=\"text\" >R\u00fcgenwalder Spezialit\u00e4ten Pl\u00fcntsch<\/div><\/div><\/div><\/figcaption><\/figure><\/a><!--end av-masonry entry--><a href=\"https:\/\/dfvcg-events.de\/deutscher-fleisch-kongress\/referent\/dr-andre-vielstaedte\/\"  id='av-masonry-1-item-5808' data-av-masonry-item='5808' class='av-masonry-entry isotope-item post-5808 portfolio type-portfolio status-publish has-post-thumbnail hentry portfolio_entries-vortragend-2025 portfolio_entries-vortragend-feature-2025  av-masonry-item-with-image' title=\"Vielst\u00e4dte-Dr.-Andre-EW-Group-web\"   itemscope=\"itemscope\" itemtype=\"https:\/\/schema.org\/CreativeWork\" ><div class='av-inner-masonry-sizer'><\/div><figure class='av-inner-masonry main_color'><div class=\"av-masonry-outerimage-container\"><div class='av-masonry-image-container' style=\"background-image: url(https:\/\/dfvcg-events.de\/deutscher-fleisch-kongress\/wp-content\/uploads\/2025\/07\/Vielstaedte-Dr.-Andre-EW-Group-web.jpg);\"  title=\"Vielst\u00e4dte-Dr.-Andre-EW-Group-web\" ><\/div><\/div><figcaption class='av-inner-masonry-content site-background'><div class='av-inner-masonry-content-pos'><div class='av-inner-masonry-content-pos-content'><div class='avia-arrow'><\/div><h3 class='av-masonry-entry-title entry-title '  itemprop=\"headline\" >Dr. Andre Vielst\u00e4dte<\/h3><div class='av-masonry-entry-content entry-content'  itemprop=\"text\" >EW Group<\/div><\/div><\/div><\/figcaption><\/figure><\/a><!--end av-masonry entry--><a href=\"https:\/\/dfvcg-events.de\/deutscher-fleisch-kongress\/referent\/markus-vom-stein\/\"  id='av-masonry-1-item-5812' data-av-masonry-item='5812' class='av-masonry-entry isotope-item post-5812 portfolio type-portfolio status-publish has-post-thumbnail hentry portfolio_entries-vortragend-2025 portfolio_entries-vortragend-feature-2025  av-masonry-item-with-image' title=\"vom-Stein-Markus-REWE-GROUP-web\"   itemscope=\"itemscope\" itemtype=\"https:\/\/schema.org\/CreativeWork\" ><div class='av-inner-masonry-sizer'><\/div><figure class='av-inner-masonry main_color'><div class=\"av-masonry-outerimage-container\"><div class='av-masonry-image-container' style=\"background-image: url(https:\/\/dfvcg-events.de\/deutscher-fleisch-kongress\/wp-content\/uploads\/2025\/07\/vom-Stein-Markus-REWE-GROUP-web.jpg);\"  title=\"vom-Stein-Markus-REWE-GROUP-web\" ><\/div><\/div><figcaption class='av-inner-masonry-content site-background'><div class='av-inner-masonry-content-pos'><div class='av-inner-masonry-content-pos-content'><div class='avia-arrow'><\/div><h3 class='av-masonry-entry-title entry-title '  itemprop=\"headline\" >Markus vom Stein<\/h3><div class='av-masonry-entry-content entry-content'  itemprop=\"text\" >REWE Group Buying<\/div><\/div><\/div><\/figcaption><\/figure><\/a><!--end av-masonry entry--><\/div><\/div>\n<div  class='avia-button-wrap av-37q5zz-f03a8f5bc2d0465c5d0831d690b83fe9-wrap avia-button-center  avia-builder-el-27  el_after_av_masonry_entries  avia-builder-el-no-sibling '><a href='https:\/\/dfvcg-events.de\/deutscher-fleisch-kongress\/vortragende-2025\/'  class='avia-button av-37q5zz-f03a8f5bc2d0465c5d0831d690b83fe9 av-link-btn avia-icon_select-no avia-size-x-large avia-position-center avia-color-theme-color'  target=\"_blank\"  rel=\"noopener noreferrer\"  aria-label=\"Alle Vortragenden\"><span class='avia_iconbox_title' >Alle Vortragenden<\/span><\/a><\/div>\n<\/div><\/div><\/div><!-- close content main div --><\/div><\/div><div id='av_section_5'  class='avia-section av-7jjiq7-abdb05783d771b3e257d8c5052cd1285 main_color avia-section-default avia-no-shadow  avia-builder-el-28  el_after_av_section  el_before_av_section  avia-bg-style-scroll container_wrap fullsize'  ><div class='container av-section-cont-open' ><div class='template-page content  av-content-full alpha units'><div class='post-entry post-entry-type-page post-entry-6671'><div class='entry-content-wrapper clearfix'>\n\n<style type=\"text\/css\" data-created_by=\"avia_inline_auto\" id=\"style-css-av-3sora6-91aa22cf18978f75f34ead0929ec2b3f\">\n.flex_column.av-3sora6-91aa22cf18978f75f34ead0929ec2b3f{\nborder-radius:0px 0px 0px 0px;\npadding:0px 0px 0px 0px;\n}\n<\/style>\n<div  class='flex_column av-3sora6-91aa22cf18978f75f34ead0929ec2b3f av_one_fourth  avia-builder-el-29  el_before_av_three_fourth  avia-builder-el-first  first flex_column_div av-zero-column-padding  '     ><p>\n<style type=\"text\/css\" data-created_by=\"avia_inline_auto\" id=\"style-css-av-lhf1h1gd-377bc91700609c9e82d6383f8883fe5c\">\n#top .av-special-heading.av-lhf1h1gd-377bc91700609c9e82d6383f8883fe5c{\npadding-bottom:25px;\ncolor:#e30513;\n}\nbody .av-special-heading.av-lhf1h1gd-377bc91700609c9e82d6383f8883fe5c .av-special-heading-tag .heading-char{\nfont-size:25px;\n}\n.av-special-heading.av-lhf1h1gd-377bc91700609c9e82d6383f8883fe5c .special-heading-inner-border{\nborder-color:#e30513;\n}\n.av-special-heading.av-lhf1h1gd-377bc91700609c9e82d6383f8883fe5c .av-subheading{\nfont-size:19px;\n}\n<\/style>\n<div  class='av-special-heading av-lhf1h1gd-377bc91700609c9e82d6383f8883fe5c av-special-heading-h2 custom-color-heading blockquote modern-quote  avia-builder-el-30  el_before_av_textblock  avia-builder-el-first '><h2 class='av-special-heading-tag '  itemprop=\"headline\"  >Location<\/h2><div class=\"special-heading-border\"><div class=\"special-heading-inner-border\"><\/div><\/div><\/div><br \/>\n\n<style type=\"text\/css\" data-created_by=\"avia_inline_auto\" id=\"style-css-av-lhf1i9cv-e0f60eaef6298622ace27aa5dcc5bf00\">\n#top .av_textblock_section.av-lhf1i9cv-e0f60eaef6298622ace27aa5dcc5bf00 .avia_textblock{\ncolor:#ffffff;\n}\n<\/style>\n<section  class='av_textblock_section av-lhf1i9cv-e0f60eaef6298622ace27aa5dcc5bf00 '   itemscope=\"itemscope\" itemtype=\"https:\/\/schema.org\/CreativeWork\" ><div class='avia_textblock av_inherit_color'  itemprop=\"text\" ><p><span style=\"color: #000000;\"><strong>Rheingoldhalle Mainz<\/strong><\/span><\/p>\n<p><span style=\"color: #000000;\">Rheinstra\u00dfe 66<\/span><br \/>\n<span style=\"color: #000000;\"> 55116 Mainz<\/span><\/p>\n<\/div><\/section><br \/>\n<div  class='avia-button-wrap av-lhf1jhzc-2911958ce1fdc5f14a4b9bac78b2689c-wrap avia-button-left  avia-builder-el-32  el_after_av_textblock  avia-builder-el-last '><a href='https:\/\/dfvcg-events.de\/deutscher-fleisch-kongress\/hotel-anreise-2025\/'  class='avia-button av-lhf1jhzc-2911958ce1fdc5f14a4b9bac78b2689c av-link-btn avia-icon_select-yes-left-icon avia-size-large avia-position-left avia-color-theme-color'  target=\"_blank\"  rel=\"noopener noreferrer\"  aria-label=\"Location, Hotel &amp; Anreise\"><span class='avia_button_icon avia_button_icon_left avia-iconfont avia-font-entypo-fontello' data-av_icon='\ue842' data-av_iconfont='entypo-fontello' ><\/span><span class='avia_iconbox_title' >Location, Hotel &amp; Anreise<\/span><\/a><\/div><\/p><\/div>\n<style type=\"text\/css\" data-created_by=\"avia_inline_auto\" id=\"style-css-av-1y3mzi-11585639bea56a901b0c0a92b1bf31a0\">\n.flex_column.av-1y3mzi-11585639bea56a901b0c0a92b1bf31a0{\nborder-radius:0px 0px 0px 0px;\npadding:0px 0px 0px 0px;\n}\n<\/style>\n<div  class='flex_column av-1y3mzi-11585639bea56a901b0c0a92b1bf31a0 av_three_fourth  avia-builder-el-33  el_after_av_one_fourth  avia-builder-el-last  flex_column_div av-zero-column-padding  '     ><div  class='av_gmaps_sc_main_wrap av_gmaps_main_wrap '><div id='av_gmap_0' class='avia-google-map-container avia-google-map-sc av_gmaps_show_unconditionally av-no-fallback-img ' data-mapid='av_gmap_0'  style='height: 400px;'><a class=\"av_gmaps_browser_disabled av_text_confirm_link av_text_confirm_link_visible\" href=\"https:\/\/www.google.com\/maps\/search\/?api=1&#038;query=Rheinstra\u00dfe%2066%2055116%20Mainz%20Rheinland-Pfalz%20Deutschland\" target=\"_blank\">Aufgrund deiner Datenschutz-Einstellungen k\u00f6nnen wir Ihnen die Karte nicht anzeigen. Klicken Sie hier, um die Karte in einem neuen Fenster zu \u00f6ffnen.<\/a><\/div><\/div><\/div>\n<\/p>\n<\/div><\/div><\/div><!-- close content main div --><\/div><\/div><div id='av_section_6'  class='avia-section av-11vxctq-2a0ca214979147929fb56ac122d72e26 main_color avia-section-default avia-no-shadow  avia-builder-el-35  el_after_av_section  avia-builder-el-last  avia-bg-style-scroll container_wrap fullsize'  ><div class='container av-section-cont-open' ><div class='template-page content  av-content-full alpha units'><div class='post-entry post-entry-type-page post-entry-6671'><div class='entry-content-wrapper clearfix'>\n\n<style type=\"text\/css\" data-created_by=\"avia_inline_auto\" id=\"style-css-av-za60ha-81984fafa5b86586289ea50c94d02c74\">\n#top .av-special-heading.av-za60ha-81984fafa5b86586289ea50c94d02c74{\npadding-bottom:35px;\n}\nbody .av-special-heading.av-za60ha-81984fafa5b86586289ea50c94d02c74 .av-special-heading-tag .heading-char{\nfont-size:25px;\n}\n.av-special-heading.av-za60ha-81984fafa5b86586289ea50c94d02c74 .av-subheading{\nfont-size:15px;\n}\n<\/style>\n<div  class='av-special-heading av-za60ha-81984fafa5b86586289ea50c94d02c74 av-special-heading-h2 blockquote modern-quote modern-centered  avia-builder-el-36  el_before_av_one_fourth  avia-builder-el-first '><h2 class='av-special-heading-tag '  itemprop=\"headline\"  >Ihre Ansprechpartner:innen<\/h2><div class=\"special-heading-border\"><div class=\"special-heading-inner-border\"><\/div><\/div><\/div>\n\n<style type=\"text\/css\" data-created_by=\"avia_inline_auto\" id=\"style-css-av-ybg872-b35a99036f2a98ebd11d8894b97193ef\">\n.flex_column.av-ybg872-b35a99036f2a98ebd11d8894b97193ef{\nborder-radius:0px 0px 0px 0px;\npadding:0px 0px 0px 0px;\n}\n<\/style>\n<div  class='flex_column av-ybg872-b35a99036f2a98ebd11d8894b97193ef av_one_fourth  avia-builder-el-37  el_after_av_heading  el_before_av_one_fourth  first flex_column_div av-zero-column-padding  '     ><p>\n<style type=\"text\/css\" data-created_by=\"avia_inline_auto\" id=\"style-css-av-wv8aq6-9ab620f8f361b284f03fb00879b88c36\">\n.avia-image-container.av-wv8aq6-9ab620f8f361b284f03fb00879b88c36 img.avia_image{\nbox-shadow:none;\n}\n.avia-image-container.av-wv8aq6-9ab620f8f361b284f03fb00879b88c36 .av-image-caption-overlay-center{\ncolor:#ffffff;\n}\n<\/style>\n<div  class='avia-image-container av-wv8aq6-9ab620f8f361b284f03fb00879b88c36 av-styling-circle avia-align-center  avia-builder-el-38  el_before_av_hr  avia-builder-el-first '   itemprop=\"image\" itemscope=\"itemscope\" itemtype=\"https:\/\/schema.org\/ImageObject\" ><div class=\"avia-image-container-inner\"><div class=\"avia-image-overlay-wrap\"><img decoding=\"async\" fetchpriority=\"high\" class='wp-image-5610 avia-img-lazy-loading-not-5610 avia_image ' src=\"https:\/\/dfvcg-events.de\/deutscher-fleisch-kongress\/wp-content\/uploads\/2025\/01\/Kolev-Irina-6TF_9364-web-e1763465509735.jpg\" alt='' title='Kolev-Irina-6TF_9364-web'  height=\"600\" width=\"600\"  itemprop=\"thumbnailUrl\" srcset=\"https:\/\/dfvcg-events.de\/deutscher-fleisch-kongress\/wp-content\/uploads\/2025\/01\/Kolev-Irina-6TF_9364-web-e1763465509735.jpg 600w, https:\/\/dfvcg-events.de\/deutscher-fleisch-kongress\/wp-content\/uploads\/2025\/01\/Kolev-Irina-6TF_9364-web-e1763465509735-36x36.jpg 36w, https:\/\/dfvcg-events.de\/deutscher-fleisch-kongress\/wp-content\/uploads\/2025\/01\/Kolev-Irina-6TF_9364-web-e1763465509735-180x180.jpg 180w, https:\/\/dfvcg-events.de\/deutscher-fleisch-kongress\/wp-content\/uploads\/2025\/01\/Kolev-Irina-6TF_9364-web-e1763465509735-120x120.jpg 120w\" sizes=\"(max-width: 600px) 100vw, 600px\" \/><\/div><\/div><\/div><br \/>\n\n<style type=\"text\/css\" data-created_by=\"avia_inline_auto\" id=\"style-css-av-un9cr2-41bee94d06e589566c35ffbb98c6fbb7\">\n#top .hr.hr-invisible.av-un9cr2-41bee94d06e589566c35ffbb98c6fbb7{\nheight:30px;\n}\n<\/style>\n<div  class='hr av-un9cr2-41bee94d06e589566c35ffbb98c6fbb7 hr-invisible  avia-builder-el-39  el_after_av_image  el_before_av_textblock '><span class='hr-inner '><span class=\"hr-inner-style\"><\/span><\/span><\/div><br \/>\n<section  class='av_textblock_section av-sxx2am-fcfadc2f6b325bc6476b62526d10ff21 '   itemscope=\"itemscope\" itemtype=\"https:\/\/schema.org\/CreativeWork\" ><div class='avia_textblock'  itemprop=\"text\" ><p style=\"text-align: center;\"><strong>Projektleitung &amp; Programm<\/strong><\/p>\n<p style=\"text-align: center;\">Irina Niemann<br \/>\n<a href=\"m&#97;&#105;&#x6c;&#x74;&#x6f;&#x3a;i&#114;&#105;&#110;&#x61;&#x2e;&#x6b;ol&#101;&#118;&#x40;&#x64;&#x66;vc&#103;&#46;&#x64;&#x65;\">&#105;&#x72;&#105;&#x6e;a&#x2e;n&#105;&#x65;&#109;&#x61;&#110;&#x6e;&#64;&#x64;f&#118;&#x63;&#103;&#x2e;d&#x65;<\/a><br \/>\n+49 69 7595 3043<\/p>\n<\/div><\/section><\/p><\/div>\n<style type=\"text\/css\" data-created_by=\"avia_inline_auto\" id=\"style-css-av-rhrhpa-340c1d0f44776f58b5fddff7e1eabf16\">\n.flex_column.av-rhrhpa-340c1d0f44776f58b5fddff7e1eabf16{\nborder-radius:0px 0px 0px 0px;\npadding:0px 0px 0px 0px;\n}\n<\/style>\n<div  class='flex_column av-rhrhpa-340c1d0f44776f58b5fddff7e1eabf16 av_one_fourth  avia-builder-el-41  el_after_av_one_fourth  el_before_av_one_fourth  flex_column_div av-zero-column-padding  '     ><p>\n<style type=\"text\/css\" data-created_by=\"avia_inline_auto\" id=\"style-css-av-qalkce-954f59bbe7f54f42d3c0295d021c86d8\">\n.avia-image-container.av-qalkce-954f59bbe7f54f42d3c0295d021c86d8 img.avia_image{\nbox-shadow:none;\n}\n.avia-image-container.av-qalkce-954f59bbe7f54f42d3c0295d021c86d8 .av-image-caption-overlay-center{\ncolor:#ffffff;\n}\n<\/style>\n<div  class='avia-image-container av-qalkce-954f59bbe7f54f42d3c0295d021c86d8 av-styling-circle avia-align-center  avia-builder-el-42  el_before_av_hr  avia-builder-el-first '   itemprop=\"image\" itemscope=\"itemscope\" itemtype=\"https:\/\/schema.org\/ImageObject\" ><div class=\"avia-image-container-inner\"><div class=\"avia-image-overlay-wrap\"><img decoding=\"async\" fetchpriority=\"high\" class='wp-image-5611 avia-img-lazy-loading-not-5611 avia_image ' src=\"https:\/\/dfvcg-events.de\/deutscher-fleisch-kongress\/wp-content\/uploads\/2025\/01\/6TF_3400-Kopie-web-e1763465470470.jpg\" alt='' title='6TF_3400 - Kopie-web'  height=\"600\" width=\"600\"  itemprop=\"thumbnailUrl\" srcset=\"https:\/\/dfvcg-events.de\/deutscher-fleisch-kongress\/wp-content\/uploads\/2025\/01\/6TF_3400-Kopie-web-e1763465470470.jpg 600w, https:\/\/dfvcg-events.de\/deutscher-fleisch-kongress\/wp-content\/uploads\/2025\/01\/6TF_3400-Kopie-web-e1763465470470-36x36.jpg 36w, https:\/\/dfvcg-events.de\/deutscher-fleisch-kongress\/wp-content\/uploads\/2025\/01\/6TF_3400-Kopie-web-e1763465470470-180x180.jpg 180w, https:\/\/dfvcg-events.de\/deutscher-fleisch-kongress\/wp-content\/uploads\/2025\/01\/6TF_3400-Kopie-web-e1763465470470-120x120.jpg 120w\" sizes=\"(max-width: 600px) 100vw, 600px\" \/><\/div><\/div><\/div><br \/>\n\n<style type=\"text\/css\" data-created_by=\"avia_inline_auto\" id=\"style-css-av-2cxby6-6e8439588ce5e23b449354b21116faff\">\n#top .hr.hr-invisible.av-2cxby6-6e8439588ce5e23b449354b21116faff{\nheight:30px;\n}\n<\/style>\n<div  class='hr av-2cxby6-6e8439588ce5e23b449354b21116faff hr-invisible  avia-builder-el-43  el_after_av_image  el_before_av_textblock '><span class='hr-inner '><span class=\"hr-inner-style\"><\/span><\/span><\/div><br \/>\n<section  class='av_textblock_section av-n01axq-b2da9a056796b0fb1e2f52770d27c989 '   itemscope=\"itemscope\" itemtype=\"https:\/\/schema.org\/CreativeWork\" ><div class='avia_textblock'  itemprop=\"text\" ><p style=\"text-align: center;\"><strong>Organisation &amp; Teilnehmende<\/strong><\/p>\n<p style=\"text-align: center;\">Raphael Como<br \/>\n<a href=\"&#x6d;&#x61;&#x69;&#x6c;&#116;&#111;&#58;ra&#x70;&#x68;&#x61;&#x65;&#x6c;&#46;&#99;&#111;mo&#x40;&#x64;&#x66;&#x76;&#x63;&#103;&#46;&#100;e\">&#114;&#x61;&#x70;h&#97;&#x65;l&#46;&#x63;o&#109;&#x6f;&#64;&#100;&#x66;&#x76;&#99;&#x67;&#x2e;d&#101;<\/a><br \/>\n+49 69 7595 3022<\/p>\n<\/div><\/section><\/p><\/div>\n<style type=\"text\/css\" data-created_by=\"avia_inline_auto\" id=\"style-css-av-dshfku-fbed91675778acc9211eff304024ce98\">\n.flex_column.av-dshfku-fbed91675778acc9211eff304024ce98{\nborder-radius:0px 0px 0px 0px;\npadding:0px 0px 0px 0px;\n}\n<\/style>\n<div  class='flex_column av-dshfku-fbed91675778acc9211eff304024ce98 av_one_fourth  avia-builder-el-45  el_after_av_one_fourth  el_before_av_one_fourth  flex_column_div av-zero-column-padding  '     ><p>\n<style type=\"text\/css\" data-created_by=\"avia_inline_auto\" id=\"style-css-av-cp83y6-0c0d1786d06ea9a0ef9d4d545c73f931\">\n.avia-image-container.av-cp83y6-0c0d1786d06ea9a0ef9d4d545c73f931 img.avia_image{\nbox-shadow:none;\n}\n.avia-image-container.av-cp83y6-0c0d1786d06ea9a0ef9d4d545c73f931 .av-image-caption-overlay-center{\ncolor:#ffffff;\n}\n<\/style>\n<div  class='avia-image-container av-cp83y6-0c0d1786d06ea9a0ef9d4d545c73f931 av-styling-circle avia-align-center  avia-builder-el-46  el_before_av_hr  avia-builder-el-first '   itemprop=\"image\" itemscope=\"itemscope\" itemtype=\"https:\/\/schema.org\/ImageObject\" ><div class=\"avia-image-container-inner\"><div class=\"avia-image-overlay-wrap\"><img decoding=\"async\" fetchpriority=\"high\" class='wp-image-5613 avia-img-lazy-loading-not-5613 avia_image ' src=\"https:\/\/dfvcg-events.de\/deutscher-fleisch-kongress\/wp-content\/uploads\/2025\/01\/MA_6TF_7564_K-web-e1763465716196.jpg\" alt='' title='MA_6TF_7564_K-web'  height=\"600\" width=\"600\"  itemprop=\"thumbnailUrl\" srcset=\"https:\/\/dfvcg-events.de\/deutscher-fleisch-kongress\/wp-content\/uploads\/2025\/01\/MA_6TF_7564_K-web-e1763465716196.jpg 600w, https:\/\/dfvcg-events.de\/deutscher-fleisch-kongress\/wp-content\/uploads\/2025\/01\/MA_6TF_7564_K-web-e1763465716196-36x36.jpg 36w, https:\/\/dfvcg-events.de\/deutscher-fleisch-kongress\/wp-content\/uploads\/2025\/01\/MA_6TF_7564_K-web-e1763465716196-180x180.jpg 180w, https:\/\/dfvcg-events.de\/deutscher-fleisch-kongress\/wp-content\/uploads\/2025\/01\/MA_6TF_7564_K-web-e1763465716196-120x120.jpg 120w\" sizes=\"(max-width: 600px) 100vw, 600px\" \/><\/div><\/div><\/div><br \/>\n\n<style type=\"text\/css\" data-created_by=\"avia_inline_auto\" id=\"style-css-av-bdbsby-c76d46cbca88394bbf63f3a7c40fa464\">\n#top .hr.hr-invisible.av-bdbsby-c76d46cbca88394bbf63f3a7c40fa464{\nheight:30px;\n}\n<\/style>\n<div  class='hr av-bdbsby-c76d46cbca88394bbf63f3a7c40fa464 hr-invisible  avia-builder-el-47  el_after_av_image  el_before_av_textblock '><span class='hr-inner '><span class=\"hr-inner-style\"><\/span><\/span><\/div><br \/>\n<section  class='av_textblock_section av-9ldtym-db3223c8911a9f1a50a3f483203e0fe4 '   itemscope=\"itemscope\" itemtype=\"https:\/\/schema.org\/CreativeWork\" ><div class='avia_textblock'  itemprop=\"text\" ><p style=\"text-align: center;\"><strong>Partner &amp; Aussteller<\/strong><\/p>\n<p style=\"text-align: center;\">Mehtap Acar<br \/>\n<a href=\"&#109;&#x61;&#105;&#x6c;&#116;&#x6f;:&#x6d;e&#104;&#x74;&#97;&#x70;&#46;&#x61;c&#x61;r&#64;&#x64;&#102;&#x76;&#99;&#x67;&#46;&#x64;e\">m&#101;&#x68;&#x74;&#x61;p&#46;&#x61;&#x63;&#x61;r&#64;&#x64;&#x66;&#x76;c&#103;&#x2e;&#x64;&#x65;<\/a><br \/>\n+49 160 90592867<br \/>\n+49 69 7595 2883<\/p>\n<\/div><\/section><\/p><\/div>\n<style type=\"text\/css\" data-created_by=\"avia_inline_auto\" id=\"style-css-av-79w7su-7d3cca04384c13aa4fc30552c45de6ee\">\n.flex_column.av-79w7su-7d3cca04384c13aa4fc30552c45de6ee{\nborder-radius:0px 0px 0px 0px;\npadding:0px 0px 0px 0px;\n}\n<\/style>\n<div  class='flex_column av-79w7su-7d3cca04384c13aa4fc30552c45de6ee av_one_fourth  avia-builder-el-49  el_after_av_one_fourth  avia-builder-el-last  flex_column_div av-zero-column-padding  '     ><p>\n<style type=\"text\/css\" data-created_by=\"avia_inline_auto\" id=\"style-css-av-5ktcum-d4151311aff786a0217b506eac8938e6\">\n.avia-image-container.av-5ktcum-d4151311aff786a0217b506eac8938e6 img.avia_image{\nbox-shadow:none;\n}\n.avia-image-container.av-5ktcum-d4151311aff786a0217b506eac8938e6 .av-image-caption-overlay-center{\ncolor:#ffffff;\n}\n<\/style>\n<div  class='avia-image-container av-5ktcum-d4151311aff786a0217b506eac8938e6 av-styling-circle avia-align-center  avia-builder-el-50  el_before_av_hr  avia-builder-el-first '   itemprop=\"image\" itemscope=\"itemscope\" itemtype=\"https:\/\/schema.org\/ImageObject\" ><div class=\"avia-image-container-inner\"><div class=\"avia-image-overlay-wrap\"><img decoding=\"async\" fetchpriority=\"high\" class='wp-image-5617 avia-img-lazy-loading-not-5617 avia_image ' src=\"https:\/\/dfvcg-events.de\/deutscher-fleisch-kongress\/wp-content\/uploads\/2025\/01\/6TF_7717-web-e1763465766845.jpg\" alt='' title='6TF_7717-web'  height=\"600\" width=\"600\"  itemprop=\"thumbnailUrl\" srcset=\"https:\/\/dfvcg-events.de\/deutscher-fleisch-kongress\/wp-content\/uploads\/2025\/01\/6TF_7717-web-e1763465766845.jpg 600w, https:\/\/dfvcg-events.de\/deutscher-fleisch-kongress\/wp-content\/uploads\/2025\/01\/6TF_7717-web-e1763465766845-36x36.jpg 36w, https:\/\/dfvcg-events.de\/deutscher-fleisch-kongress\/wp-content\/uploads\/2025\/01\/6TF_7717-web-e1763465766845-180x180.jpg 180w, https:\/\/dfvcg-events.de\/deutscher-fleisch-kongress\/wp-content\/uploads\/2025\/01\/6TF_7717-web-e1763465766845-120x120.jpg 120w\" sizes=\"(max-width: 600px) 100vw, 600px\" \/><\/div><\/div><\/div><br \/>\n\n<style type=\"text\/css\" data-created_by=\"avia_inline_auto\" id=\"style-css-av-3icgi6-75616856a440c2f964b012477a9f2fdf\">\n#top .hr.hr-invisible.av-3icgi6-75616856a440c2f964b012477a9f2fdf{\nheight:30px;\n}\n<\/style>\n<div  class='hr av-3icgi6-75616856a440c2f964b012477a9f2fdf hr-invisible  avia-builder-el-51  el_after_av_image  el_before_av_textblock '><span class='hr-inner '><span class=\"hr-inner-style\"><\/span><\/span><\/div><br \/>\n<section  class='av_textblock_section av-2243lq-0a3160cec013fedce762e94b9350c7fb '   itemscope=\"itemscope\" itemtype=\"https:\/\/schema.org\/CreativeWork\" ><div class='avia_textblock'  itemprop=\"text\" ><p style=\"text-align: center;\"><strong>Marketing &amp; Social Media<\/strong><\/p>\n<p style=\"text-align: center;\">Sina Goy<br \/>\n<a href=\"mai&#108;&#116;&#111;&#58;&#x73;&#x69;&#x6e;&#x61;&#x2e;&#x67;&#x6f;y&#64;d&#102;&#118;&#99;&#103;&#46;&#x64;&#x65;\">&#115;&#x69;&#110;&#x61;&#46;&#103;&#x6f;&#121;&#x40;d&#x66;v&#99;&#x67;&#46;&#x64;e<\/a><br \/>\n+49 69 7595 1904<\/p>\n<\/div><\/section><\/p><\/div>\n","protected":false},"excerpt":{"rendered":"","protected":false},"author":1,"featured_media":6784,"parent":0,"menu_order":1,"comment_status":"closed","ping_status":"closed","template":"","meta":{"footnotes":""},"class_list":["post-6671","page","type-page","status-publish","has-post-thumbnail","hentry"],"yoast_head":"<!-- This site is optimized with the Yoast SEO plugin v27.4 - https:\/\/yoast.com\/product\/yoast-seo-wordpress\/ -->\n<title>21. Deutscher Fleisch Kongress | 24.\/25. November 2026 | Mainz<\/title>\n<meta name=\"description\" content=\"21. Deutscher Fleisch Kongress 2026: Bietet Fleischwirtschaft, Einzel-, Gro\u00dfhandel und Handwerk einen \u00dcberblick \u00fcber die Marktentwicklungen.\" \/>\n<meta name=\"robots\" content=\"index, follow, max-snippet:-1, max-image-preview:large, max-video-preview:-1\" \/>\n<link rel=\"canonical\" href=\"https:\/\/dfvcg-events.de\/deutscher-fleisch-kongress\/\" \/>\n<meta property=\"og:locale\" content=\"de_DE\" \/>\n<meta property=\"og:type\" content=\"article\" \/>\n<meta property=\"og:title\" content=\"21. Deutscher Fleisch Kongress | 24.\/25. November 2026 | Mainz\" \/>\n<meta property=\"og:description\" content=\"21. Deutscher Fleisch Kongress 2026: Bietet Fleischwirtschaft, Einzel-, Gro\u00dfhandel und Handwerk einen \u00dcberblick \u00fcber die Marktentwicklungen.\" \/>\n<meta property=\"og:url\" content=\"https:\/\/dfvcg-events.de\/deutscher-fleisch-kongress\/\" \/>\n<meta property=\"og:site_name\" content=\"Deutscher Fleisch Kongress\" \/>\n<meta property=\"article:modified_time\" content=\"2026-03-23T13:14:19+00:00\" \/>\n<meta property=\"og:image\" content=\"https:\/\/dfvcg-events.de\/deutscher-fleisch-kongress\/wp-content\/uploads\/2025\/11\/deutscher-fleich-kongress-2026-teaser.jpg\" \/>\n\t<meta property=\"og:image:width\" content=\"800\" \/>\n\t<meta property=\"og:image:height\" content=\"800\" \/>\n\t<meta property=\"og:image:type\" content=\"image\/jpeg\" \/>\n<meta name=\"twitter:card\" content=\"summary_large_image\" \/>\n<meta name=\"twitter:label1\" content=\"Gesch\u00e4tzte Lesezeit\" \/>\n\t<meta name=\"twitter:data1\" content=\"4\u00a0Minuten\" \/>\n<script type=\"application\/ld+json\" class=\"yoast-schema-graph\">{\"@context\":\"https:\\\/\\\/schema.org\",\"@graph\":[{\"@type\":\"WebPage\",\"@id\":\"https:\\\/\\\/dfvcg-events.de\\\/deutscher-fleisch-kongress\\\/\",\"url\":\"https:\\\/\\\/dfvcg-events.de\\\/deutscher-fleisch-kongress\\\/\",\"name\":\"21. Deutscher Fleisch Kongress | 24.\\\/25. November 2026 | Mainz\",\"isPartOf\":{\"@id\":\"https:\\\/\\\/dfvcg-events.de\\\/deutscher-fleisch-kongress\\\/#website\"},\"primaryImageOfPage\":{\"@id\":\"https:\\\/\\\/dfvcg-events.de\\\/deutscher-fleisch-kongress\\\/#primaryimage\"},\"image\":{\"@id\":\"https:\\\/\\\/dfvcg-events.de\\\/deutscher-fleisch-kongress\\\/#primaryimage\"},\"thumbnailUrl\":\"https:\\\/\\\/dfvcg-events.de\\\/deutscher-fleisch-kongress\\\/wp-content\\\/uploads\\\/2025\\\/11\\\/deutscher-fleich-kongress-2026-teaser.jpg\",\"datePublished\":\"2025-11-18T10:44:11+00:00\",\"dateModified\":\"2026-03-23T13:14:19+00:00\",\"description\":\"21. Deutscher Fleisch Kongress 2026: Bietet Fleischwirtschaft, Einzel-, Gro\u00dfhandel und Handwerk einen \u00dcberblick \u00fcber die Marktentwicklungen.\",\"breadcrumb\":{\"@id\":\"https:\\\/\\\/dfvcg-events.de\\\/deutscher-fleisch-kongress\\\/#breadcrumb\"},\"inLanguage\":\"de\",\"potentialAction\":[{\"@type\":\"ReadAction\",\"target\":[\"https:\\\/\\\/dfvcg-events.de\\\/deutscher-fleisch-kongress\\\/\"]}]},{\"@type\":\"ImageObject\",\"inLanguage\":\"de\",\"@id\":\"https:\\\/\\\/dfvcg-events.de\\\/deutscher-fleisch-kongress\\\/#primaryimage\",\"url\":\"https:\\\/\\\/dfvcg-events.de\\\/deutscher-fleisch-kongress\\\/wp-content\\\/uploads\\\/2025\\\/11\\\/deutscher-fleich-kongress-2026-teaser.jpg\",\"contentUrl\":\"https:\\\/\\\/dfvcg-events.de\\\/deutscher-fleisch-kongress\\\/wp-content\\\/uploads\\\/2025\\\/11\\\/deutscher-fleich-kongress-2026-teaser.jpg\",\"width\":800,\"height\":800},{\"@type\":\"BreadcrumbList\",\"@id\":\"https:\\\/\\\/dfvcg-events.de\\\/deutscher-fleisch-kongress\\\/#breadcrumb\",\"itemListElement\":[{\"@type\":\"ListItem\",\"position\":1,\"name\":\"Startseite\",\"item\":\"https:\\\/\\\/dfvcg-events.de\\\/deutscher-fleisch-kongress\\\/\"},{\"@type\":\"ListItem\",\"position\":2,\"name\":\"Deutscher Fleisch Kongress 2026\"}]},{\"@type\":\"WebSite\",\"@id\":\"https:\\\/\\\/dfvcg-events.de\\\/deutscher-fleisch-kongress\\\/#website\",\"url\":\"https:\\\/\\\/dfvcg-events.de\\\/deutscher-fleisch-kongress\\\/\",\"name\":\"Deutscher Fleisch Kongress\",\"description\":\"Das Business-Event f\u00fcr Fleischwirtschaft, Handel und Handwerk\",\"publisher\":{\"@id\":\"https:\\\/\\\/dfvcg-events.de\\\/deutscher-fleisch-kongress\\\/#organization\"},\"potentialAction\":[{\"@type\":\"SearchAction\",\"target\":{\"@type\":\"EntryPoint\",\"urlTemplate\":\"https:\\\/\\\/dfvcg-events.de\\\/deutscher-fleisch-kongress\\\/?s={search_term_string}\"},\"query-input\":{\"@type\":\"PropertyValueSpecification\",\"valueRequired\":true,\"valueName\":\"search_term_string\"}}],\"inLanguage\":\"de\"},{\"@type\":\"Organization\",\"@id\":\"https:\\\/\\\/dfvcg-events.de\\\/deutscher-fleisch-kongress\\\/#organization\",\"name\":\"Deutscher Fleisch Kongress\",\"url\":\"https:\\\/\\\/dfvcg-events.de\\\/deutscher-fleisch-kongress\\\/\",\"logo\":{\"@type\":\"ImageObject\",\"inLanguage\":\"de\",\"@id\":\"https:\\\/\\\/dfvcg-events.de\\\/deutscher-fleisch-kongress\\\/#\\\/schema\\\/logo\\\/image\\\/\",\"url\":\"https:\\\/\\\/dfvcg-events.de\\\/deutscher-fleisch-kongress\\\/wp-content\\\/uploads\\\/2020\\\/03\\\/deutscher-fleisch-kongress-header-gold.png\",\"contentUrl\":\"https:\\\/\\\/dfvcg-events.de\\\/deutscher-fleisch-kongress\\\/wp-content\\\/uploads\\\/2020\\\/03\\\/deutscher-fleisch-kongress-header-gold.png\",\"width\":340,\"height\":156,\"caption\":\"Deutscher Fleisch Kongress\"},\"image\":{\"@id\":\"https:\\\/\\\/dfvcg-events.de\\\/deutscher-fleisch-kongress\\\/#\\\/schema\\\/logo\\\/image\\\/\"}}]}<\/script>\n<!-- \/ Yoast SEO plugin. -->","yoast_head_json":{"title":"21. Deutscher Fleisch Kongress | 24.\/25. November 2026 | Mainz","description":"21. Deutscher Fleisch Kongress 2026: Bietet Fleischwirtschaft, Einzel-, Gro\u00dfhandel und Handwerk einen \u00dcberblick \u00fcber die Marktentwicklungen.","robots":{"index":"index","follow":"follow","max-snippet":"max-snippet:-1","max-image-preview":"max-image-preview:large","max-video-preview":"max-video-preview:-1"},"canonical":"https:\/\/dfvcg-events.de\/deutscher-fleisch-kongress\/","og_locale":"de_DE","og_type":"article","og_title":"21. Deutscher Fleisch Kongress | 24.\/25. November 2026 | Mainz","og_description":"21. Deutscher Fleisch Kongress 2026: Bietet Fleischwirtschaft, Einzel-, Gro\u00dfhandel und Handwerk einen \u00dcberblick \u00fcber die Marktentwicklungen.","og_url":"https:\/\/dfvcg-events.de\/deutscher-fleisch-kongress\/","og_site_name":"Deutscher Fleisch Kongress","article_modified_time":"2026-03-23T13:14:19+00:00","og_image":[{"width":800,"height":800,"url":"https:\/\/dfvcg-events.de\/deutscher-fleisch-kongress\/wp-content\/uploads\/2025\/11\/deutscher-fleich-kongress-2026-teaser.jpg","type":"image\/jpeg"}],"twitter_card":"summary_large_image","twitter_misc":{"Gesch\u00e4tzte Lesezeit":"4\u00a0Minuten"},"schema":{"@context":"https:\/\/schema.org","@graph":[{"@type":"WebPage","@id":"https:\/\/dfvcg-events.de\/deutscher-fleisch-kongress\/","url":"https:\/\/dfvcg-events.de\/deutscher-fleisch-kongress\/","name":"21. Deutscher Fleisch Kongress | 24.\/25. November 2026 | Mainz","isPartOf":{"@id":"https:\/\/dfvcg-events.de\/deutscher-fleisch-kongress\/#website"},"primaryImageOfPage":{"@id":"https:\/\/dfvcg-events.de\/deutscher-fleisch-kongress\/#primaryimage"},"image":{"@id":"https:\/\/dfvcg-events.de\/deutscher-fleisch-kongress\/#primaryimage"},"thumbnailUrl":"https:\/\/dfvcg-events.de\/deutscher-fleisch-kongress\/wp-content\/uploads\/2025\/11\/deutscher-fleich-kongress-2026-teaser.jpg","datePublished":"2025-11-18T10:44:11+00:00","dateModified":"2026-03-23T13:14:19+00:00","description":"21. Deutscher Fleisch Kongress 2026: Bietet Fleischwirtschaft, Einzel-, Gro\u00dfhandel und Handwerk einen \u00dcberblick \u00fcber die Marktentwicklungen.","breadcrumb":{"@id":"https:\/\/dfvcg-events.de\/deutscher-fleisch-kongress\/#breadcrumb"},"inLanguage":"de","potentialAction":[{"@type":"ReadAction","target":["https:\/\/dfvcg-events.de\/deutscher-fleisch-kongress\/"]}]},{"@type":"ImageObject","inLanguage":"de","@id":"https:\/\/dfvcg-events.de\/deutscher-fleisch-kongress\/#primaryimage","url":"https:\/\/dfvcg-events.de\/deutscher-fleisch-kongress\/wp-content\/uploads\/2025\/11\/deutscher-fleich-kongress-2026-teaser.jpg","contentUrl":"https:\/\/dfvcg-events.de\/deutscher-fleisch-kongress\/wp-content\/uploads\/2025\/11\/deutscher-fleich-kongress-2026-teaser.jpg","width":800,"height":800},{"@type":"BreadcrumbList","@id":"https:\/\/dfvcg-events.de\/deutscher-fleisch-kongress\/#breadcrumb","itemListElement":[{"@type":"ListItem","position":1,"name":"Startseite","item":"https:\/\/dfvcg-events.de\/deutscher-fleisch-kongress\/"},{"@type":"ListItem","position":2,"name":"Deutscher Fleisch Kongress 2026"}]},{"@type":"WebSite","@id":"https:\/\/dfvcg-events.de\/deutscher-fleisch-kongress\/#website","url":"https:\/\/dfvcg-events.de\/deutscher-fleisch-kongress\/","name":"Deutscher Fleisch Kongress","description":"Das Business-Event f\u00fcr Fleischwirtschaft, Handel und Handwerk","publisher":{"@id":"https:\/\/dfvcg-events.de\/deutscher-fleisch-kongress\/#organization"},"potentialAction":[{"@type":"SearchAction","target":{"@type":"EntryPoint","urlTemplate":"https:\/\/dfvcg-events.de\/deutscher-fleisch-kongress\/?s={search_term_string}"},"query-input":{"@type":"PropertyValueSpecification","valueRequired":true,"valueName":"search_term_string"}}],"inLanguage":"de"},{"@type":"Organization","@id":"https:\/\/dfvcg-events.de\/deutscher-fleisch-kongress\/#organization","name":"Deutscher Fleisch Kongress","url":"https:\/\/dfvcg-events.de\/deutscher-fleisch-kongress\/","logo":{"@type":"ImageObject","inLanguage":"de","@id":"https:\/\/dfvcg-events.de\/deutscher-fleisch-kongress\/#\/schema\/logo\/image\/","url":"https:\/\/dfvcg-events.de\/deutscher-fleisch-kongress\/wp-content\/uploads\/2020\/03\/deutscher-fleisch-kongress-header-gold.png","contentUrl":"https:\/\/dfvcg-events.de\/deutscher-fleisch-kongress\/wp-content\/uploads\/2020\/03\/deutscher-fleisch-kongress-header-gold.png","width":340,"height":156,"caption":"Deutscher Fleisch Kongress"},"image":{"@id":"https:\/\/dfvcg-events.de\/deutscher-fleisch-kongress\/#\/schema\/logo\/image\/"}}]}},"_links":{"self":[{"href":"https:\/\/dfvcg-events.de\/deutscher-fleisch-kongress\/wp-json\/wp\/v2\/pages\/6671","targetHints":{"allow":["GET"]}}],"collection":[{"href":"https:\/\/dfvcg-events.de\/deutscher-fleisch-kongress\/wp-json\/wp\/v2\/pages"}],"about":[{"href":"https:\/\/dfvcg-events.de\/deutscher-fleisch-kongress\/wp-json\/wp\/v2\/types\/page"}],"author":[{"embeddable":true,"href":"https:\/\/dfvcg-events.de\/deutscher-fleisch-kongress\/wp-json\/wp\/v2\/users\/1"}],"replies":[{"embeddable":true,"href":"https:\/\/dfvcg-events.de\/deutscher-fleisch-kongress\/wp-json\/wp\/v2\/comments?post=6671"}],"version-history":[{"count":70,"href":"https:\/\/dfvcg-events.de\/deutscher-fleisch-kongress\/wp-json\/wp\/v2\/pages\/6671\/revisions"}],"predecessor-version":[{"id":7204,"href":"https:\/\/dfvcg-events.de\/deutscher-fleisch-kongress\/wp-json\/wp\/v2\/pages\/6671\/revisions\/7204"}],"wp:featuredmedia":[{"embeddable":true,"href":"https:\/\/dfvcg-events.de\/deutscher-fleisch-kongress\/wp-json\/wp\/v2\/media\/6784"}],"wp:attachment":[{"href":"https:\/\/dfvcg-events.de\/deutscher-fleisch-kongress\/wp-json\/wp\/v2\/media?parent=6671"}],"curies":[{"name":"wp","href":"https:\/\/api.w.org\/{rel}","templated":true}]}}