{"id":1615,"date":"2025-09-16T10:30:34","date_gmt":"2025-09-16T08:30:34","guid":{"rendered":"https:\/\/dfvcg-events.de\/consumer-health-protection\/?post_type=portfolio&#038;p=1615"},"modified":"2025-10-20T10:22:20","modified_gmt":"2025-10-20T08:22:20","slug":"dr-florian-steidl","status":"publish","type":"portfolio","link":"https:\/\/dfvcg-events.de\/consumer-health-protection\/vortragend\/dr-florian-steidl\/","title":{"rendered":"Dr. Florian Steidl"},"content":{"rendered":"<div id='av_section_1'  class='avia-section av-k7yuhjt1-a783d814e2fc857f3cacc95bc1ef5381 main_color avia-section-default avia-no-border-styling  avia-builder-el-0  avia-builder-el-no-sibling  avia-bg-style-scroll av-minimum-height av-minimum-height-50 av-height-50  container_wrap fullsize'   data-av_minimum_height_pc='50' data-av_min_height_opt='50'><div class='container av-section-cont-open' ><main  role=\"main\" itemprop=\"mainContentOfPage\"  class='template-page content  av-content-full alpha units'><div class='post-entry post-entry-type-page post-entry-1615'><div class='entry-content-wrapper clearfix'>\n\n<style type=\"text\/css\" data-created_by=\"avia_inline_auto\" id=\"style-css-av-1hpil-0aefe2f1e90c83a225330af7bd6248ca\">\n.flex_column.av-1hpil-0aefe2f1e90c83a225330af7bd6248ca{\nborder-radius:0px 0px 0px 0px;\npadding:0px 0px 0px 0px;\n}\n<\/style>\n<div  class='flex_column av-1hpil-0aefe2f1e90c83a225330af7bd6248ca av_one_fourth  avia-builder-el-1  el_before_av_three_fourth  avia-builder-el-first  first flex_column_div av-zero-column-padding  '     ><style type=\"text\/css\" data-created_by=\"avia_inline_auto\" id=\"style-css-av-k7z57foz-bb68fe7463f512aa890a1ea54d534bfe\">\n.avia-image-container.av-k7z57foz-bb68fe7463f512aa890a1ea54d534bfe img.avia_image{\nbox-shadow:none;\n}\n.avia-image-container.av-k7z57foz-bb68fe7463f512aa890a1ea54d534bfe .av-image-caption-overlay-center{\ncolor:#ffffff;\n}\n<\/style>\n<div  class='avia-image-container av-k7z57foz-bb68fe7463f512aa890a1ea54d534bfe av-styling-no-styling avia-align-center  avia-builder-el-2  avia-builder-el-no-sibling '   itemprop=\"image\" itemscope=\"itemscope\" itemtype=\"https:\/\/schema.org\/ImageObject\" ><div class=\"avia-image-container-inner\"><div class=\"avia-image-overlay-wrap\"><img decoding=\"async\" fetchpriority=\"high\" class='wp-image-1764 avia-img-lazy-loading-not-1764 avia_image ' src=\"https:\/\/dfvcg-events.de\/consumer-health-protection\/wp-content\/uploads\/sites\/65\/2025\/09\/CHP25_Florian-Steidl_web.jpg\" alt='' title='CHP25_Florian Steidl_web'  height=\"800\" width=\"600\"  itemprop=\"thumbnailUrl\" srcset=\"https:\/\/dfvcg-events.de\/consumer-health-protection\/wp-content\/uploads\/sites\/65\/2025\/09\/CHP25_Florian-Steidl_web.jpg 600w, https:\/\/dfvcg-events.de\/consumer-health-protection\/wp-content\/uploads\/sites\/65\/2025\/09\/CHP25_Florian-Steidl_web-529x705.jpg 529w\" sizes=\"(max-width: 600px) 100vw, 600px\" \/><\/div><\/div><\/div><\/div>\n<style type=\"text\/css\" data-created_by=\"avia_inline_auto\" id=\"style-css-av-q939-36bd9e2970eba44b209398e6adaba9f5\">\n.flex_column.av-q939-36bd9e2970eba44b209398e6adaba9f5{\nborder-radius:0px 0px 0px 0px;\npadding:0px 0px 0px 0px;\n}\n<\/style>\n<div  class='flex_column av-q939-36bd9e2970eba44b209398e6adaba9f5 av_three_fourth  avia-builder-el-3  el_after_av_one_fourth  avia-builder-el-last  flex_column_div av-zero-column-padding  '     ><p>\n<style type=\"text\/css\" data-created_by=\"avia_inline_auto\" id=\"style-css-av-kaux4tv8-39471adea2fcf62f001525f1b1b51af8\">\n#top .av-special-heading.av-kaux4tv8-39471adea2fcf62f001525f1b1b51af8{\npadding-bottom:10px;\n}\nbody .av-special-heading.av-kaux4tv8-39471adea2fcf62f001525f1b1b51af8 .av-special-heading-tag .heading-char{\nfont-size:25px;\n}\n.av-special-heading.av-kaux4tv8-39471adea2fcf62f001525f1b1b51af8 .av-subheading{\nfont-size:19px;\n}\n<\/style>\n<div  class='av-special-heading av-kaux4tv8-39471adea2fcf62f001525f1b1b51af8 av-special-heading-h2 blockquote modern-quote  avia-builder-el-4  el_before_av_textblock  avia-builder-el-first '><h2 class='av-special-heading-tag '  itemprop=\"headline\"  >Dr. Florian Steidl<\/h2><div class='av-subheading av-subheading_below'><p>Lehrbeauftragter, Hochschule RheinMain<br \/>\nGesch\u00e4ftsf\u00fchrer, IHK Rheinhessen<\/p>\n<\/div><div class=\"special-heading-border\"><div class=\"special-heading-inner-border\"><\/div><\/div><\/div><br \/>\n<section  class='av_textblock_section av-k7yuci90-941662c15edaa3ab75d434a4d26ac3d9 '   itemscope=\"itemscope\" itemtype=\"https:\/\/schema.org\/CreativeWork\" ><div class='avia_textblock'  itemprop=\"text\" ><p>Dr. Florian Steidl hat in Passau Staatswissenschaften (Bachelor) studiert sowie in G\u00f6ttingen, Bogot\u00e1 (Kolumbien) und Antwerpen (Belgien) internationale Volkswirtschaftslehre (Master).<\/p>\n<p>Danach war er wissenschaftlicher Mitarbeiter am Lehrstuhl f\u00fcr Finanzwissenschaft und Public Management am Karlsruher Institut f\u00fcr Technologie und promovierte dort in Finanzwissenschaften.<\/p>\n<p>Bei der Industrie- und Handelskammer Wiesbaden war Dr. Florian Steidl von 2015 bis 2021 Leiter Wirtschaftspolitik und Chefvolkswirt, zuletzt auch stv. Gesch\u00e4ftsf\u00fchrer. Im Anschluss war er wirtschaftspolitischer Berater des Hessischen Ministerpr\u00e4sidenten bei der Hessischen Staatskanzlei in Wiesbaden.<\/p>\n<p>Seit 2023 ist Dr. Florian Steidl Gesch\u00e4ftsf\u00fchrer bei der IHK f\u00fcr Rheinhessen und steuer- und finanzpolitischer Sprecher der IHK-Arbeitsgemeinschaft Rheinland-Pfalz. Zudem publiziert er zu Verbrauchsteuern ist seit 2016 Lehrbeauftragter an der Hochschule RheinMain, zuletzt f\u00fcr Wirtschaftspolitik.<\/p>\n<\/div><\/section><\/p><\/div>\n","protected":false},"excerpt":{"rendered":"<p>Hochschule RheinMain<\/p>\n","protected":false},"author":24,"featured_media":1764,"comment_status":"closed","ping_status":"closed","template":"","meta":{"footnotes":""},"tags":[],"portfolio_entries":[3,4],"class_list":["post-1615","portfolio","type-portfolio","status-publish","has-post-thumbnail","hentry","portfolio_entries-vortragend","portfolio_entries-vortragend-feature"],"yoast_head":"<!-- This site is optimized with the Yoast SEO plugin v27.4 - https:\/\/yoast.com\/product\/yoast-seo-wordpress\/ -->\n<title>Referent: Dr. Florian Steidl | Consumer Health Protection<\/title>\n<meta name=\"description\" content=\"Consumer Health Protection | Begr\u00fc\u00dfen Sie auf der B\u00fchne: Dr. Florian Steidl\" \/>\n<meta name=\"robots\" content=\"index, follow, max-snippet:-1, max-image-preview:large, max-video-preview:-1\" \/>\n<link rel=\"canonical\" href=\"https:\/\/dfvcg-events.de\/consumer-health-protection\/vortragend\/dr-florian-steidl\/\" \/>\n<meta property=\"og:locale\" content=\"de_DE\" \/>\n<meta property=\"og:type\" content=\"article\" \/>\n<meta property=\"og:title\" content=\"Referent: Dr. Florian Steidl | Consumer Health Protection\" \/>\n<meta property=\"og:description\" content=\"Consumer Health Protection | Begr\u00fc\u00dfen Sie auf der B\u00fchne: Dr. Florian Steidl\" \/>\n<meta property=\"og:url\" content=\"https:\/\/dfvcg-events.de\/consumer-health-protection\/vortragend\/dr-florian-steidl\/\" \/>\n<meta property=\"og:site_name\" content=\"Consumer Health Protection\" \/>\n<meta property=\"article:modified_time\" content=\"2025-10-20T08:22:20+00:00\" \/>\n<meta property=\"og:image\" content=\"https:\/\/dfvcg-events.de\/consumer-health-protection\/wp-content\/uploads\/sites\/65\/2025\/09\/CHP25_Florian-Steidl_web.jpg\" \/>\n\t<meta property=\"og:image:width\" content=\"600\" \/>\n\t<meta property=\"og:image:height\" content=\"800\" \/>\n\t<meta property=\"og:image:type\" content=\"image\/jpeg\" \/>\n<meta name=\"twitter:card\" content=\"summary_large_image\" \/>\n<meta name=\"twitter:label1\" content=\"Gesch\u00e4tzte Lesezeit\" \/>\n\t<meta name=\"twitter:data1\" content=\"1\u00a0Minute\" \/>\n<script type=\"application\/ld+json\" class=\"yoast-schema-graph\">{\"@context\":\"https:\\\/\\\/schema.org\",\"@graph\":[{\"@type\":\"WebPage\",\"@id\":\"https:\\\/\\\/dfvcg-events.de\\\/consumer-health-protection\\\/vortragend\\\/dr-florian-steidl\\\/\",\"url\":\"https:\\\/\\\/dfvcg-events.de\\\/consumer-health-protection\\\/vortragend\\\/dr-florian-steidl\\\/\",\"name\":\"Referent: Dr. Florian Steidl | Consumer Health Protection\",\"isPartOf\":{\"@id\":\"https:\\\/\\\/dfvcg-events.de\\\/consumer-health-protection\\\/#website\"},\"primaryImageOfPage\":{\"@id\":\"https:\\\/\\\/dfvcg-events.de\\\/consumer-health-protection\\\/vortragend\\\/dr-florian-steidl\\\/#primaryimage\"},\"image\":{\"@id\":\"https:\\\/\\\/dfvcg-events.de\\\/consumer-health-protection\\\/vortragend\\\/dr-florian-steidl\\\/#primaryimage\"},\"thumbnailUrl\":\"https:\\\/\\\/dfvcg-events.de\\\/consumer-health-protection\\\/wp-content\\\/uploads\\\/sites\\\/65\\\/2025\\\/09\\\/CHP25_Florian-Steidl_web.jpg\",\"datePublished\":\"2025-09-16T08:30:34+00:00\",\"dateModified\":\"2025-10-20T08:22:20+00:00\",\"description\":\"Consumer Health Protection | Begr\u00fc\u00dfen Sie auf der B\u00fchne: Dr. Florian Steidl\",\"breadcrumb\":{\"@id\":\"https:\\\/\\\/dfvcg-events.de\\\/consumer-health-protection\\\/vortragend\\\/dr-florian-steidl\\\/#breadcrumb\"},\"inLanguage\":\"de\",\"potentialAction\":[{\"@type\":\"ReadAction\",\"target\":[\"https:\\\/\\\/dfvcg-events.de\\\/consumer-health-protection\\\/vortragend\\\/dr-florian-steidl\\\/\"]}]},{\"@type\":\"ImageObject\",\"inLanguage\":\"de\",\"@id\":\"https:\\\/\\\/dfvcg-events.de\\\/consumer-health-protection\\\/vortragend\\\/dr-florian-steidl\\\/#primaryimage\",\"url\":\"https:\\\/\\\/dfvcg-events.de\\\/consumer-health-protection\\\/wp-content\\\/uploads\\\/sites\\\/65\\\/2025\\\/09\\\/CHP25_Florian-Steidl_web.jpg\",\"contentUrl\":\"https:\\\/\\\/dfvcg-events.de\\\/consumer-health-protection\\\/wp-content\\\/uploads\\\/sites\\\/65\\\/2025\\\/09\\\/CHP25_Florian-Steidl_web.jpg\",\"width\":600,\"height\":800},{\"@type\":\"BreadcrumbList\",\"@id\":\"https:\\\/\\\/dfvcg-events.de\\\/consumer-health-protection\\\/vortragend\\\/dr-florian-steidl\\\/#breadcrumb\",\"itemListElement\":[{\"@type\":\"ListItem\",\"position\":1,\"name\":\"Startseite\",\"item\":\"https:\\\/\\\/dfvcg-events.de\\\/consumer-health-protection\\\/\"},{\"@type\":\"ListItem\",\"position\":2,\"name\":\"Dr. Florian Steidl\"}]},{\"@type\":\"WebSite\",\"@id\":\"https:\\\/\\\/dfvcg-events.de\\\/consumer-health-protection\\\/#website\",\"url\":\"https:\\\/\\\/dfvcg-events.de\\\/consumer-health-protection\\\/\",\"name\":\"Consumer Health Protection\",\"description\":\"Der Kongress f\u00fcr gesundheitlichen Verbraucherschutz\",\"publisher\":{\"@id\":\"https:\\\/\\\/dfvcg-events.de\\\/consumer-health-protection\\\/#organization\"},\"alternateName\":\"dfv Conference Group\",\"potentialAction\":[{\"@type\":\"SearchAction\",\"target\":{\"@type\":\"EntryPoint\",\"urlTemplate\":\"https:\\\/\\\/dfvcg-events.de\\\/consumer-health-protection\\\/?s={search_term_string}\"},\"query-input\":{\"@type\":\"PropertyValueSpecification\",\"valueRequired\":true,\"valueName\":\"search_term_string\"}}],\"inLanguage\":\"de\"},{\"@type\":\"Organization\",\"@id\":\"https:\\\/\\\/dfvcg-events.de\\\/consumer-health-protection\\\/#organization\",\"name\":\"Der Kongress f\u00fcr gesundheitlichen Verbraucherschutz\",\"alternateName\":\"Der Kongress f\u00fcr gesundheitlichen Verbraucherschutz\",\"url\":\"https:\\\/\\\/dfvcg-events.de\\\/consumer-health-protection\\\/\",\"logo\":{\"@type\":\"ImageObject\",\"inLanguage\":\"de\",\"@id\":\"https:\\\/\\\/dfvcg-events.de\\\/consumer-health-protection\\\/#\\\/schema\\\/logo\\\/image\\\/\",\"url\":\"https:\\\/\\\/dfvcg-events.de\\\/consumer-health-protection\\\/wp-content\\\/uploads\\\/sites\\\/65\\\/2025\\\/04\\\/250414-dfvCG-CHP-Visual-800x400px.jpg\",\"contentUrl\":\"https:\\\/\\\/dfvcg-events.de\\\/consumer-health-protection\\\/wp-content\\\/uploads\\\/sites\\\/65\\\/2025\\\/04\\\/250414-dfvCG-CHP-Visual-800x400px.jpg\",\"width\":800,\"height\":400,\"caption\":\"Der Kongress f\u00fcr gesundheitlichen Verbraucherschutz\"},\"image\":{\"@id\":\"https:\\\/\\\/dfvcg-events.de\\\/consumer-health-protection\\\/#\\\/schema\\\/logo\\\/image\\\/\"},\"sameAs\":[\"https:\\\/\\\/www.instagram.com\\\/dfv_conference_group\",\"https:\\\/\\\/de.linkedin.com\\\/company\\\/dfv-conference-group\"]}]}<\/script>\n<!-- \/ Yoast SEO plugin. -->","yoast_head_json":{"title":"Referent: Dr. Florian Steidl | Consumer Health Protection","description":"Consumer Health Protection | Begr\u00fc\u00dfen Sie auf der B\u00fchne: Dr. Florian Steidl","robots":{"index":"index","follow":"follow","max-snippet":"max-snippet:-1","max-image-preview":"max-image-preview:large","max-video-preview":"max-video-preview:-1"},"canonical":"https:\/\/dfvcg-events.de\/consumer-health-protection\/vortragend\/dr-florian-steidl\/","og_locale":"de_DE","og_type":"article","og_title":"Referent: Dr. Florian Steidl | Consumer Health Protection","og_description":"Consumer Health Protection | Begr\u00fc\u00dfen Sie auf der B\u00fchne: Dr. Florian Steidl","og_url":"https:\/\/dfvcg-events.de\/consumer-health-protection\/vortragend\/dr-florian-steidl\/","og_site_name":"Consumer Health Protection","article_modified_time":"2025-10-20T08:22:20+00:00","og_image":[{"width":600,"height":800,"url":"https:\/\/dfvcg-events.de\/consumer-health-protection\/wp-content\/uploads\/sites\/65\/2025\/09\/CHP25_Florian-Steidl_web.jpg","type":"image\/jpeg"}],"twitter_card":"summary_large_image","twitter_misc":{"Gesch\u00e4tzte Lesezeit":"1\u00a0Minute"},"schema":{"@context":"https:\/\/schema.org","@graph":[{"@type":"WebPage","@id":"https:\/\/dfvcg-events.de\/consumer-health-protection\/vortragend\/dr-florian-steidl\/","url":"https:\/\/dfvcg-events.de\/consumer-health-protection\/vortragend\/dr-florian-steidl\/","name":"Referent: Dr. Florian Steidl | Consumer Health Protection","isPartOf":{"@id":"https:\/\/dfvcg-events.de\/consumer-health-protection\/#website"},"primaryImageOfPage":{"@id":"https:\/\/dfvcg-events.de\/consumer-health-protection\/vortragend\/dr-florian-steidl\/#primaryimage"},"image":{"@id":"https:\/\/dfvcg-events.de\/consumer-health-protection\/vortragend\/dr-florian-steidl\/#primaryimage"},"thumbnailUrl":"https:\/\/dfvcg-events.de\/consumer-health-protection\/wp-content\/uploads\/sites\/65\/2025\/09\/CHP25_Florian-Steidl_web.jpg","datePublished":"2025-09-16T08:30:34+00:00","dateModified":"2025-10-20T08:22:20+00:00","description":"Consumer Health Protection | Begr\u00fc\u00dfen Sie auf der B\u00fchne: Dr. Florian Steidl","breadcrumb":{"@id":"https:\/\/dfvcg-events.de\/consumer-health-protection\/vortragend\/dr-florian-steidl\/#breadcrumb"},"inLanguage":"de","potentialAction":[{"@type":"ReadAction","target":["https:\/\/dfvcg-events.de\/consumer-health-protection\/vortragend\/dr-florian-steidl\/"]}]},{"@type":"ImageObject","inLanguage":"de","@id":"https:\/\/dfvcg-events.de\/consumer-health-protection\/vortragend\/dr-florian-steidl\/#primaryimage","url":"https:\/\/dfvcg-events.de\/consumer-health-protection\/wp-content\/uploads\/sites\/65\/2025\/09\/CHP25_Florian-Steidl_web.jpg","contentUrl":"https:\/\/dfvcg-events.de\/consumer-health-protection\/wp-content\/uploads\/sites\/65\/2025\/09\/CHP25_Florian-Steidl_web.jpg","width":600,"height":800},{"@type":"BreadcrumbList","@id":"https:\/\/dfvcg-events.de\/consumer-health-protection\/vortragend\/dr-florian-steidl\/#breadcrumb","itemListElement":[{"@type":"ListItem","position":1,"name":"Startseite","item":"https:\/\/dfvcg-events.de\/consumer-health-protection\/"},{"@type":"ListItem","position":2,"name":"Dr. Florian Steidl"}]},{"@type":"WebSite","@id":"https:\/\/dfvcg-events.de\/consumer-health-protection\/#website","url":"https:\/\/dfvcg-events.de\/consumer-health-protection\/","name":"Consumer Health Protection","description":"Der Kongress f\u00fcr gesundheitlichen Verbraucherschutz","publisher":{"@id":"https:\/\/dfvcg-events.de\/consumer-health-protection\/#organization"},"alternateName":"dfv Conference Group","potentialAction":[{"@type":"SearchAction","target":{"@type":"EntryPoint","urlTemplate":"https:\/\/dfvcg-events.de\/consumer-health-protection\/?s={search_term_string}"},"query-input":{"@type":"PropertyValueSpecification","valueRequired":true,"valueName":"search_term_string"}}],"inLanguage":"de"},{"@type":"Organization","@id":"https:\/\/dfvcg-events.de\/consumer-health-protection\/#organization","name":"Der Kongress f\u00fcr gesundheitlichen Verbraucherschutz","alternateName":"Der Kongress f\u00fcr gesundheitlichen Verbraucherschutz","url":"https:\/\/dfvcg-events.de\/consumer-health-protection\/","logo":{"@type":"ImageObject","inLanguage":"de","@id":"https:\/\/dfvcg-events.de\/consumer-health-protection\/#\/schema\/logo\/image\/","url":"https:\/\/dfvcg-events.de\/consumer-health-protection\/wp-content\/uploads\/sites\/65\/2025\/04\/250414-dfvCG-CHP-Visual-800x400px.jpg","contentUrl":"https:\/\/dfvcg-events.de\/consumer-health-protection\/wp-content\/uploads\/sites\/65\/2025\/04\/250414-dfvCG-CHP-Visual-800x400px.jpg","width":800,"height":400,"caption":"Der Kongress f\u00fcr gesundheitlichen Verbraucherschutz"},"image":{"@id":"https:\/\/dfvcg-events.de\/consumer-health-protection\/#\/schema\/logo\/image\/"},"sameAs":["https:\/\/www.instagram.com\/dfv_conference_group","https:\/\/de.linkedin.com\/company\/dfv-conference-group"]}]}},"_links":{"self":[{"href":"https:\/\/dfvcg-events.de\/consumer-health-protection\/wp-json\/wp\/v2\/portfolio\/1615","targetHints":{"allow":["GET"]}}],"collection":[{"href":"https:\/\/dfvcg-events.de\/consumer-health-protection\/wp-json\/wp\/v2\/portfolio"}],"about":[{"href":"https:\/\/dfvcg-events.de\/consumer-health-protection\/wp-json\/wp\/v2\/types\/portfolio"}],"author":[{"embeddable":true,"href":"https:\/\/dfvcg-events.de\/consumer-health-protection\/wp-json\/wp\/v2\/users\/24"}],"replies":[{"embeddable":true,"href":"https:\/\/dfvcg-events.de\/consumer-health-protection\/wp-json\/wp\/v2\/comments?post=1615"}],"version-history":[{"count":8,"href":"https:\/\/dfvcg-events.de\/consumer-health-protection\/wp-json\/wp\/v2\/portfolio\/1615\/revisions"}],"predecessor-version":[{"id":1842,"href":"https:\/\/dfvcg-events.de\/consumer-health-protection\/wp-json\/wp\/v2\/portfolio\/1615\/revisions\/1842"}],"wp:featuredmedia":[{"embeddable":true,"href":"https:\/\/dfvcg-events.de\/consumer-health-protection\/wp-json\/wp\/v2\/media\/1764"}],"wp:attachment":[{"href":"https:\/\/dfvcg-events.de\/consumer-health-protection\/wp-json\/wp\/v2\/media?parent=1615"}],"wp:term":[{"taxonomy":"post_tag","embeddable":true,"href":"https:\/\/dfvcg-events.de\/consumer-health-protection\/wp-json\/wp\/v2\/tags?post=1615"},{"taxonomy":"portfolio_entries","embeddable":true,"href":"https:\/\/dfvcg-events.de\/consumer-health-protection\/wp-json\/wp\/v2\/portfolio_entries?post=1615"}],"curies":[{"name":"wp","href":"https:\/\/api.w.org\/{rel}","templated":true}]}}