{"id":2061,"date":"2026-04-02T10:31:18","date_gmt":"2026-04-02T08:31:18","guid":{"rendered":"https:\/\/dfvcg-events.de\/community-now\/?post_type=portfolio&#038;p=2061"},"modified":"2026-04-02T10:31:18","modified_gmt":"2026-04-02T08:31:18","slug":"till-schuette","status":"publish","type":"portfolio","link":"https:\/\/dfvcg-events.de\/community-now\/vortragend\/till-schuette\/","title":{"rendered":"Till Sch\u00fctte"},"content":{"rendered":"<div id='av_section_1'  class='avia-section av-k7yuhjt1-a783d814e2fc857f3cacc95bc1ef5381 main_color avia-section-default avia-no-border-styling  avia-builder-el-0  avia-builder-el-no-sibling  avia-bg-style-scroll av-minimum-height av-minimum-height-50 av-height-50  container_wrap fullsize'   data-av_minimum_height_pc='50' data-av_min_height_opt='50'><div class='container av-section-cont-open' ><main  role=\"main\" itemprop=\"mainContentOfPage\"  class='template-page content  av-content-full alpha units'><div class='post-entry post-entry-type-page post-entry-2061'><div class='entry-content-wrapper clearfix'>\n\n<style type=\"text\/css\" data-created_by=\"avia_inline_auto\" id=\"style-css-av-1hpil-0aefe2f1e90c83a225330af7bd6248ca\">\n.flex_column.av-1hpil-0aefe2f1e90c83a225330af7bd6248ca{\nborder-radius:0px 0px 0px 0px;\npadding:0px 0px 0px 0px;\n}\n<\/style>\n<div  class='flex_column av-1hpil-0aefe2f1e90c83a225330af7bd6248ca av_one_fourth  avia-builder-el-1  el_before_av_three_fourth  avia-builder-el-first  first flex_column_div av-zero-column-padding  '     ><style type=\"text\/css\" data-created_by=\"avia_inline_auto\" id=\"style-css-av-k7z57foz-9d57b571418c9e286ecaadf0196d918e\">\n.avia-image-container.av-k7z57foz-9d57b571418c9e286ecaadf0196d918e img.avia_image{\nbox-shadow:none;\n}\n.avia-image-container.av-k7z57foz-9d57b571418c9e286ecaadf0196d918e .av-image-caption-overlay-center{\ncolor:#ffffff;\n}\n<\/style>\n<div  class='avia-image-container av-k7z57foz-9d57b571418c9e286ecaadf0196d918e av-styling-no-styling avia-align-center  avia-builder-el-2  avia-builder-el-no-sibling '   itemprop=\"image\" itemscope=\"itemscope\" itemtype=\"https:\/\/schema.org\/ImageObject\" ><div class=\"avia-image-container-inner\"><div class=\"avia-image-overlay-wrap\"><img decoding=\"async\" fetchpriority=\"high\" class='wp-image-2062 avia-img-lazy-loading-not-2062 avia_image ' src=\"https:\/\/dfvcg-events.de\/community-now\/wp-content\/uploads\/sites\/67\/2026\/04\/Schuette_Till_Denns-BioMarkt_2026_web.jpg\" alt='' title='Sch\u00fctte_Till_Denns BioMarkt_2026_web'  height=\"800\" width=\"600\"  itemprop=\"thumbnailUrl\" srcset=\"https:\/\/dfvcg-events.de\/community-now\/wp-content\/uploads\/sites\/67\/2026\/04\/Schuette_Till_Denns-BioMarkt_2026_web.jpg 600w, https:\/\/dfvcg-events.de\/community-now\/wp-content\/uploads\/sites\/67\/2026\/04\/Schuette_Till_Denns-BioMarkt_2026_web-529x705.jpg 529w\" sizes=\"(max-width: 600px) 100vw, 600px\" \/><\/div><\/div><\/div><\/div>\n<style type=\"text\/css\" data-created_by=\"avia_inline_auto\" id=\"style-css-av-q939-36bd9e2970eba44b209398e6adaba9f5\">\n.flex_column.av-q939-36bd9e2970eba44b209398e6adaba9f5{\nborder-radius:0px 0px 0px 0px;\npadding:0px 0px 0px 0px;\n}\n<\/style>\n<div  class='flex_column av-q939-36bd9e2970eba44b209398e6adaba9f5 av_three_fourth  avia-builder-el-3  el_after_av_one_fourth  avia-builder-el-last  flex_column_div av-zero-column-padding  '     ><p>\n<style type=\"text\/css\" data-created_by=\"avia_inline_auto\" id=\"style-css-av-kaux4tv8-023b7a247b1148af282610337317a4f5\">\n#top .av-special-heading.av-kaux4tv8-023b7a247b1148af282610337317a4f5{\npadding-bottom:10px;\n}\nbody .av-special-heading.av-kaux4tv8-023b7a247b1148af282610337317a4f5 .av-special-heading-tag .heading-char{\nfont-size:25px;\n}\n.av-special-heading.av-kaux4tv8-023b7a247b1148af282610337317a4f5 .av-subheading{\nfont-size:19px;\n}\n<\/style>\n<div  class='av-special-heading av-kaux4tv8-023b7a247b1148af282610337317a4f5 av-special-heading-h2 blockquote modern-quote  avia-builder-el-4  el_before_av_textblock  avia-builder-el-first '><h2 class='av-special-heading-tag '  itemprop=\"headline\"  >Till Sch\u00fctte<\/h2><div class='av-subheading av-subheading_below'><p>Leiter Digital Sevices<br \/>\nDenn\u2019s Bio Markt<\/p>\n<\/div><div class=\"special-heading-border\"><div class=\"special-heading-inner-border\"><\/div><\/div><\/div><br \/>\n<section  class='av_textblock_section av-k7yuci90-4884099db14ba2b6613c3586e3a291f2 '   itemscope=\"itemscope\" itemtype=\"https:\/\/schema.org\/CreativeWork\" ><div class='avia_textblock'  itemprop=\"text\" ><p>Till Sch\u00fctte ist Leiter Digitale Services bei Denns BioMarkt und pr\u00e4gt seit vielen Jahren die digitale Transformation gro\u00dfer Marken und Handelsunternehmen.<\/p>\n<p>Till steht f\u00fcr kundenzentrierte Programme mit starker Umsatzwirkung, die gleichzeitig im Unternehmen Effizienzen heben. Durch Prozessoptimierung, Standardisierung und Automatisierung steigert er kontinuierlich die interne Produktivit\u00e4t und schafft nachhaltigen Mehrwert f\u00fcr Unternehmen und Kund:innen.<\/p>\n<p>Mit \u00fcber zwei Jahrzehnten Erfahrung \u2013 u.\u202fa. in F\u00fchrungspositionen bei Lidl, Molkerei Gropper, The Coca-Cola Company, Danone und METRO AG \u2013 verf\u00fcgt er \u00fcber umfassende Expertise in digitaler Transformation, Marketingtechnologie, Creative &amp; Marketing Operations, Packaging sowie globalen Markenprozessen.<\/p>\n<p>Als Change Leader und Role Model f\u00fchrt er Teams mit klarer Agenda, inspirierender Vision und starkem Fokus auf Effizienz und Wirkung.<\/p>\n<\/div><\/section><\/p><\/div>\n","protected":false},"excerpt":{"rendered":"<p>Denn\u2019s Bio Markt<\/p>\n","protected":false},"author":10,"featured_media":2062,"comment_status":"closed","ping_status":"closed","template":"","meta":{"footnotes":""},"tags":[],"portfolio_entries":[3,4],"class_list":["post-2061","portfolio","type-portfolio","status-publish","has-post-thumbnail","hentry","portfolio_entries-vortragend","portfolio_entries-vortragend-feature"],"yoast_head":"<!-- This site is optimized with the Yoast SEO plugin v27.4 - https:\/\/yoast.com\/product\/yoast-seo-wordpress\/ -->\n<title>Referent: Till Sch\u00fctte | Community Now!<\/title>\n<meta name=\"description\" content=\"Community Now! | Begr\u00fc\u00dfen Sie auf der B\u00fchne: Till Sch\u00fctte\" \/>\n<meta name=\"robots\" content=\"index, follow, max-snippet:-1, max-image-preview:large, max-video-preview:-1\" \/>\n<link rel=\"canonical\" href=\"https:\/\/dfvcg-events.de\/community-now\/vortragend\/till-schuette\/\" \/>\n<meta property=\"og:locale\" content=\"de_DE\" \/>\n<meta property=\"og:type\" content=\"article\" \/>\n<meta property=\"og:title\" content=\"Referent: Till Sch\u00fctte | Community Now!\" \/>\n<meta property=\"og:description\" content=\"Community Now! | Begr\u00fc\u00dfen Sie auf der B\u00fchne: Till Sch\u00fctte\" \/>\n<meta property=\"og:url\" content=\"https:\/\/dfvcg-events.de\/community-now\/vortragend\/till-schuette\/\" \/>\n<meta property=\"og:site_name\" content=\"Community Now!\" \/>\n<meta property=\"og:image\" content=\"https:\/\/dfvcg-events.de\/community-now\/wp-content\/uploads\/sites\/67\/2026\/04\/Schuette_Till_Denns-BioMarkt_2026_web.jpg\" \/>\n\t<meta property=\"og:image:width\" content=\"600\" \/>\n\t<meta property=\"og:image:height\" content=\"800\" \/>\n\t<meta property=\"og:image:type\" content=\"image\/jpeg\" \/>\n<meta name=\"twitter:card\" content=\"summary_large_image\" \/>\n<meta name=\"twitter:label1\" content=\"Gesch\u00e4tzte Lesezeit\" \/>\n\t<meta name=\"twitter:data1\" content=\"1\u00a0Minute\" \/>\n<script type=\"application\/ld+json\" class=\"yoast-schema-graph\">{\"@context\":\"https:\\\/\\\/schema.org\",\"@graph\":[{\"@type\":\"WebPage\",\"@id\":\"https:\\\/\\\/dfvcg-events.de\\\/community-now\\\/vortragend\\\/till-schuette\\\/\",\"url\":\"https:\\\/\\\/dfvcg-events.de\\\/community-now\\\/vortragend\\\/till-schuette\\\/\",\"name\":\"Referent: Till Sch\u00fctte | Community Now!\",\"isPartOf\":{\"@id\":\"https:\\\/\\\/dfvcg-events.de\\\/community-now\\\/#website\"},\"primaryImageOfPage\":{\"@id\":\"https:\\\/\\\/dfvcg-events.de\\\/community-now\\\/vortragend\\\/till-schuette\\\/#primaryimage\"},\"image\":{\"@id\":\"https:\\\/\\\/dfvcg-events.de\\\/community-now\\\/vortragend\\\/till-schuette\\\/#primaryimage\"},\"thumbnailUrl\":\"https:\\\/\\\/dfvcg-events.de\\\/community-now\\\/wp-content\\\/uploads\\\/sites\\\/67\\\/2026\\\/04\\\/Schuette_Till_Denns-BioMarkt_2026_web.jpg\",\"datePublished\":\"2026-04-02T08:31:18+00:00\",\"description\":\"Community Now! | Begr\u00fc\u00dfen Sie auf der B\u00fchne: Till Sch\u00fctte\",\"breadcrumb\":{\"@id\":\"https:\\\/\\\/dfvcg-events.de\\\/community-now\\\/vortragend\\\/till-schuette\\\/#breadcrumb\"},\"inLanguage\":\"de\",\"potentialAction\":[{\"@type\":\"ReadAction\",\"target\":[\"https:\\\/\\\/dfvcg-events.de\\\/community-now\\\/vortragend\\\/till-schuette\\\/\"]}]},{\"@type\":\"ImageObject\",\"inLanguage\":\"de\",\"@id\":\"https:\\\/\\\/dfvcg-events.de\\\/community-now\\\/vortragend\\\/till-schuette\\\/#primaryimage\",\"url\":\"https:\\\/\\\/dfvcg-events.de\\\/community-now\\\/wp-content\\\/uploads\\\/sites\\\/67\\\/2026\\\/04\\\/Schuette_Till_Denns-BioMarkt_2026_web.jpg\",\"contentUrl\":\"https:\\\/\\\/dfvcg-events.de\\\/community-now\\\/wp-content\\\/uploads\\\/sites\\\/67\\\/2026\\\/04\\\/Schuette_Till_Denns-BioMarkt_2026_web.jpg\",\"width\":600,\"height\":800},{\"@type\":\"BreadcrumbList\",\"@id\":\"https:\\\/\\\/dfvcg-events.de\\\/community-now\\\/vortragend\\\/till-schuette\\\/#breadcrumb\",\"itemListElement\":[{\"@type\":\"ListItem\",\"position\":1,\"name\":\"Startseite\",\"item\":\"https:\\\/\\\/dfvcg-events.de\\\/community-now\\\/\"},{\"@type\":\"ListItem\",\"position\":2,\"name\":\"Till Sch\u00fctte\"}]},{\"@type\":\"WebSite\",\"@id\":\"https:\\\/\\\/dfvcg-events.de\\\/community-now\\\/#website\",\"url\":\"https:\\\/\\\/dfvcg-events.de\\\/community-now\\\/\",\"name\":\"Community Now!\",\"description\":\"Von Kundenbindung zu Lovebrand\",\"publisher\":{\"@id\":\"https:\\\/\\\/dfvcg-events.de\\\/community-now\\\/#organization\"},\"alternateName\":\"dfvCG Events\",\"potentialAction\":[{\"@type\":\"SearchAction\",\"target\":{\"@type\":\"EntryPoint\",\"urlTemplate\":\"https:\\\/\\\/dfvcg-events.de\\\/community-now\\\/?s={search_term_string}\"},\"query-input\":{\"@type\":\"PropertyValueSpecification\",\"valueRequired\":true,\"valueName\":\"search_term_string\"}}],\"inLanguage\":\"de\"},{\"@type\":\"Organization\",\"@id\":\"https:\\\/\\\/dfvcg-events.de\\\/community-now\\\/#organization\",\"name\":\"COMMUNITY NOW!\",\"alternateName\":\"Von Kundenbindung zu Lovebrand\",\"url\":\"https:\\\/\\\/dfvcg-events.de\\\/community-now\\\/\",\"logo\":{\"@type\":\"ImageObject\",\"inLanguage\":\"de\",\"@id\":\"https:\\\/\\\/dfvcg-events.de\\\/community-now\\\/#\\\/schema\\\/logo\\\/image\\\/\",\"url\":\"https:\\\/\\\/dfvcg-events.de\\\/community-now\\\/wp-content\\\/uploads\\\/sites\\\/67\\\/2025\\\/12\\\/dfvcg-community-now-2026-teaser-800px.jpg\",\"contentUrl\":\"https:\\\/\\\/dfvcg-events.de\\\/community-now\\\/wp-content\\\/uploads\\\/sites\\\/67\\\/2025\\\/12\\\/dfvcg-community-now-2026-teaser-800px.jpg\",\"width\":800,\"height\":800,\"caption\":\"COMMUNITY NOW!\"},\"image\":{\"@id\":\"https:\\\/\\\/dfvcg-events.de\\\/community-now\\\/#\\\/schema\\\/logo\\\/image\\\/\"}}]}<\/script>\n<!-- \/ Yoast SEO plugin. -->","yoast_head_json":{"title":"Referent: Till Sch\u00fctte | Community Now!","description":"Community Now! | Begr\u00fc\u00dfen Sie auf der B\u00fchne: Till Sch\u00fctte","robots":{"index":"index","follow":"follow","max-snippet":"max-snippet:-1","max-image-preview":"max-image-preview:large","max-video-preview":"max-video-preview:-1"},"canonical":"https:\/\/dfvcg-events.de\/community-now\/vortragend\/till-schuette\/","og_locale":"de_DE","og_type":"article","og_title":"Referent: Till Sch\u00fctte | Community Now!","og_description":"Community Now! | Begr\u00fc\u00dfen Sie auf der B\u00fchne: Till Sch\u00fctte","og_url":"https:\/\/dfvcg-events.de\/community-now\/vortragend\/till-schuette\/","og_site_name":"Community Now!","og_image":[{"width":600,"height":800,"url":"https:\/\/dfvcg-events.de\/community-now\/wp-content\/uploads\/sites\/67\/2026\/04\/Schuette_Till_Denns-BioMarkt_2026_web.jpg","type":"image\/jpeg"}],"twitter_card":"summary_large_image","twitter_misc":{"Gesch\u00e4tzte Lesezeit":"1\u00a0Minute"},"schema":{"@context":"https:\/\/schema.org","@graph":[{"@type":"WebPage","@id":"https:\/\/dfvcg-events.de\/community-now\/vortragend\/till-schuette\/","url":"https:\/\/dfvcg-events.de\/community-now\/vortragend\/till-schuette\/","name":"Referent: Till Sch\u00fctte | Community Now!","isPartOf":{"@id":"https:\/\/dfvcg-events.de\/community-now\/#website"},"primaryImageOfPage":{"@id":"https:\/\/dfvcg-events.de\/community-now\/vortragend\/till-schuette\/#primaryimage"},"image":{"@id":"https:\/\/dfvcg-events.de\/community-now\/vortragend\/till-schuette\/#primaryimage"},"thumbnailUrl":"https:\/\/dfvcg-events.de\/community-now\/wp-content\/uploads\/sites\/67\/2026\/04\/Schuette_Till_Denns-BioMarkt_2026_web.jpg","datePublished":"2026-04-02T08:31:18+00:00","description":"Community Now! | Begr\u00fc\u00dfen Sie auf der B\u00fchne: Till Sch\u00fctte","breadcrumb":{"@id":"https:\/\/dfvcg-events.de\/community-now\/vortragend\/till-schuette\/#breadcrumb"},"inLanguage":"de","potentialAction":[{"@type":"ReadAction","target":["https:\/\/dfvcg-events.de\/community-now\/vortragend\/till-schuette\/"]}]},{"@type":"ImageObject","inLanguage":"de","@id":"https:\/\/dfvcg-events.de\/community-now\/vortragend\/till-schuette\/#primaryimage","url":"https:\/\/dfvcg-events.de\/community-now\/wp-content\/uploads\/sites\/67\/2026\/04\/Schuette_Till_Denns-BioMarkt_2026_web.jpg","contentUrl":"https:\/\/dfvcg-events.de\/community-now\/wp-content\/uploads\/sites\/67\/2026\/04\/Schuette_Till_Denns-BioMarkt_2026_web.jpg","width":600,"height":800},{"@type":"BreadcrumbList","@id":"https:\/\/dfvcg-events.de\/community-now\/vortragend\/till-schuette\/#breadcrumb","itemListElement":[{"@type":"ListItem","position":1,"name":"Startseite","item":"https:\/\/dfvcg-events.de\/community-now\/"},{"@type":"ListItem","position":2,"name":"Till Sch\u00fctte"}]},{"@type":"WebSite","@id":"https:\/\/dfvcg-events.de\/community-now\/#website","url":"https:\/\/dfvcg-events.de\/community-now\/","name":"Community Now!","description":"Von Kundenbindung zu Lovebrand","publisher":{"@id":"https:\/\/dfvcg-events.de\/community-now\/#organization"},"alternateName":"dfvCG Events","potentialAction":[{"@type":"SearchAction","target":{"@type":"EntryPoint","urlTemplate":"https:\/\/dfvcg-events.de\/community-now\/?s={search_term_string}"},"query-input":{"@type":"PropertyValueSpecification","valueRequired":true,"valueName":"search_term_string"}}],"inLanguage":"de"},{"@type":"Organization","@id":"https:\/\/dfvcg-events.de\/community-now\/#organization","name":"COMMUNITY NOW!","alternateName":"Von Kundenbindung zu Lovebrand","url":"https:\/\/dfvcg-events.de\/community-now\/","logo":{"@type":"ImageObject","inLanguage":"de","@id":"https:\/\/dfvcg-events.de\/community-now\/#\/schema\/logo\/image\/","url":"https:\/\/dfvcg-events.de\/community-now\/wp-content\/uploads\/sites\/67\/2025\/12\/dfvcg-community-now-2026-teaser-800px.jpg","contentUrl":"https:\/\/dfvcg-events.de\/community-now\/wp-content\/uploads\/sites\/67\/2025\/12\/dfvcg-community-now-2026-teaser-800px.jpg","width":800,"height":800,"caption":"COMMUNITY NOW!"},"image":{"@id":"https:\/\/dfvcg-events.de\/community-now\/#\/schema\/logo\/image\/"}}]}},"_links":{"self":[{"href":"https:\/\/dfvcg-events.de\/community-now\/wp-json\/wp\/v2\/portfolio\/2061","targetHints":{"allow":["GET"]}}],"collection":[{"href":"https:\/\/dfvcg-events.de\/community-now\/wp-json\/wp\/v2\/portfolio"}],"about":[{"href":"https:\/\/dfvcg-events.de\/community-now\/wp-json\/wp\/v2\/types\/portfolio"}],"author":[{"embeddable":true,"href":"https:\/\/dfvcg-events.de\/community-now\/wp-json\/wp\/v2\/users\/10"}],"replies":[{"embeddable":true,"href":"https:\/\/dfvcg-events.de\/community-now\/wp-json\/wp\/v2\/comments?post=2061"}],"version-history":[{"count":2,"href":"https:\/\/dfvcg-events.de\/community-now\/wp-json\/wp\/v2\/portfolio\/2061\/revisions"}],"predecessor-version":[{"id":2064,"href":"https:\/\/dfvcg-events.de\/community-now\/wp-json\/wp\/v2\/portfolio\/2061\/revisions\/2064"}],"wp:featuredmedia":[{"embeddable":true,"href":"https:\/\/dfvcg-events.de\/community-now\/wp-json\/wp\/v2\/media\/2062"}],"wp:attachment":[{"href":"https:\/\/dfvcg-events.de\/community-now\/wp-json\/wp\/v2\/media?parent=2061"}],"wp:term":[{"taxonomy":"post_tag","embeddable":true,"href":"https:\/\/dfvcg-events.de\/community-now\/wp-json\/wp\/v2\/tags?post=2061"},{"taxonomy":"portfolio_entries","embeddable":true,"href":"https:\/\/dfvcg-events.de\/community-now\/wp-json\/wp\/v2\/portfolio_entries?post=2061"}],"curies":[{"name":"wp","href":"https:\/\/api.w.org\/{rel}","templated":true}]}}