{"id":2147,"date":"2024-03-27T16:34:00","date_gmt":"2024-03-27T15:34:00","guid":{"rendered":"https:\/\/dfvcg-events.de\/cannabis-con\/?post_type=portfolio&#038;p=2147"},"modified":"2024-07-04T09:54:03","modified_gmt":"2024-07-04T07:54:03","slug":"frederike-s-faescher","status":"publish","type":"portfolio","link":"https:\/\/dfvcg-events.de\/cannabis-con\/vortragend\/frederike-s-faescher\/","title":{"rendered":"Frederike S. F\u00e4scher"},"content":{"rendered":"<div id='av_section_1'  class='avia-section av-k7yuhjt1-676f3ed4420f2c40c202d201fc1a3016 main_color avia-section-default avia-no-border-styling  avia-builder-el-0  el_before_av_one_third  avia-builder-el-first  header-farbe avia-bg-style-scroll container_wrap fullsize'  ><div class='container av-section-cont-open' ><main  role=\"main\" itemprop=\"mainContentOfPage\"  class='template-page content  av-content-full alpha units'><div class='post-entry post-entry-type-page post-entry-2147'><div class='entry-content-wrapper clearfix'>\n\n<style type=\"text\/css\" data-created_by=\"avia_inline_auto\" id=\"style-css-av-kav2vwa8-c37139ac6e9111e5dfedd9033885ad71\">\n#top .av-special-heading.av-kav2vwa8-c37139ac6e9111e5dfedd9033885ad71{\npadding-bottom:0;\n}\nbody .av-special-heading.av-kav2vwa8-c37139ac6e9111e5dfedd9033885ad71 .av-special-heading-tag .heading-char{\nfont-size:25px;\n}\n.av-special-heading.av-kav2vwa8-c37139ac6e9111e5dfedd9033885ad71 .av-subheading{\nfont-size:19px;\n}\n<\/style>\n<div  class='av-special-heading av-kav2vwa8-c37139ac6e9111e5dfedd9033885ad71 av-special-heading-h1 blockquote modern-quote  avia-builder-el-1  avia-builder-el-no-sibling '><div class='av-subheading av-subheading_above'><p>CannabisCON live<\/p>\n<\/div><h1 class='av-special-heading-tag '  itemprop=\"headline\"  >Vortragende<\/h1><div class=\"special-heading-border\"><div class=\"special-heading-inner-border\"><\/div><\/div><\/div>\n<\/div><\/div><\/main><!-- close content main element --><\/div><\/div><div id='after_section_1'  class='main_color av_default_container_wrap container_wrap fullsize'  ><div class='container av-section-cont-open' ><div class='template-page content  av-content-full alpha units'><div class='post-entry post-entry-type-page post-entry-2147'><div class='entry-content-wrapper clearfix'>\n\n<style type=\"text\/css\" data-created_by=\"avia_inline_auto\" id=\"style-css-av-1hpil-9666fe4db9abbb55e16afcaa46b74565\">\n.flex_column.av-1hpil-9666fe4db9abbb55e16afcaa46b74565{\nborder-radius:0px 0px 0px 0px;\npadding:0px 0px 0px 0px;\n}\n<\/style>\n<div  class='flex_column av-1hpil-9666fe4db9abbb55e16afcaa46b74565 av_one_third  avia-builder-el-2  el_after_av_section  el_before_av_two_third  avia-builder-el-first  first flex_column_div av-zero-column-padding  '     ><style type=\"text\/css\" data-created_by=\"avia_inline_auto\" id=\"style-css-av-k7z57foz-0273973e42f6fc17ebb8b49770ad0215\">\n.avia-image-container.av-k7z57foz-0273973e42f6fc17ebb8b49770ad0215 img.avia_image{\nbox-shadow:none;\n}\n.avia-image-container.av-k7z57foz-0273973e42f6fc17ebb8b49770ad0215 .av-image-caption-overlay-center{\ncolor:#ffffff;\n}\n<\/style>\n<div  class='avia-image-container av-k7z57foz-0273973e42f6fc17ebb8b49770ad0215 av-styling-no-styling avia-align-center  avia-builder-el-3  avia-builder-el-no-sibling '   itemprop=\"image\" itemscope=\"itemscope\" itemtype=\"https:\/\/schema.org\/ImageObject\" ><div class=\"avia-image-container-inner\"><div class=\"avia-image-overlay-wrap\"><img decoding=\"async\" fetchpriority=\"high\" class='wp-image-2148 avia-img-lazy-loading-not-2148 avia_image ' src=\"https:\/\/dfvcg-events.de\/cannabis-con\/wp-content\/uploads\/sites\/43\/2024\/03\/Faescher-Frederike-S._Werter-Web.jpg\" alt='' title='F\u00e4scher Frederike S._Werter Web'  height=\"920\" width=\"690\"  itemprop=\"thumbnailUrl\" srcset=\"https:\/\/dfvcg-events.de\/cannabis-con\/wp-content\/uploads\/sites\/43\/2024\/03\/Faescher-Frederike-S._Werter-Web.jpg 690w, https:\/\/dfvcg-events.de\/cannabis-con\/wp-content\/uploads\/sites\/43\/2024\/03\/Faescher-Frederike-S._Werter-Web-529x705.jpg 529w\" sizes=\"(max-width: 690px) 100vw, 690px\" \/><\/div><\/div><\/div><\/div>\n<style type=\"text\/css\" data-created_by=\"avia_inline_auto\" id=\"style-css-av-q939-36bd9e2970eba44b209398e6adaba9f5\">\n.flex_column.av-q939-36bd9e2970eba44b209398e6adaba9f5{\nborder-radius:0px 0px 0px 0px;\npadding:0px 0px 0px 0px;\n}\n<\/style>\n<div  class='flex_column av-q939-36bd9e2970eba44b209398e6adaba9f5 av_two_third  avia-builder-el-4  el_after_av_one_third  avia-builder-el-last  flex_column_div av-zero-column-padding  '     ><p>\n<style type=\"text\/css\" data-created_by=\"avia_inline_auto\" id=\"style-css-av-kaux4tv8-9ee51a5a2367158305c28a0f2131184e\">\n#top .av-special-heading.av-kaux4tv8-9ee51a5a2367158305c28a0f2131184e{\npadding-bottom:10px;\n}\nbody .av-special-heading.av-kaux4tv8-9ee51a5a2367158305c28a0f2131184e .av-special-heading-tag .heading-char{\nfont-size:25px;\n}\n.av-special-heading.av-kaux4tv8-9ee51a5a2367158305c28a0f2131184e .av-subheading{\nfont-size:19px;\n}\n<\/style>\n<div  class='av-special-heading av-kaux4tv8-9ee51a5a2367158305c28a0f2131184e av-special-heading-h2 blockquote modern-quote  avia-builder-el-5  el_before_av_textblock  avia-builder-el-first '><h2 class='av-special-heading-tag '  itemprop=\"headline\"  >Frederike S. F\u00e4scher<\/h2><div class='av-subheading av-subheading_below'><p>Unternehmensberaterin PIVOT Regulatory<\/p>\n<\/div><div class=\"special-heading-border\"><div class=\"special-heading-inner-border\"><\/div><\/div><\/div><br \/>\n<section  class='av_textblock_section av-lu9ysaf0-147a8c1b283efcadfb0e65a3baf79172 '   itemscope=\"itemscope\" itemtype=\"https:\/\/schema.org\/CreativeWork\" ><div class='avia_textblock'  itemprop=\"text\" ><p>Frederike S. F\u00e4scher ist Unternehmensberaterin f\u00fcr politische Strategie und Regulierung bei PIVOT Regulatory, dem f\u00fchrenden Beratungsunternehmen Deutschlands f\u00fcr Cannabisregulierung und Industriepolitik.<\/p>\n<p>Seit zwei Jahren ist sie als Expertin f\u00fcr Politik im Bereich Konsumg\u00fcter und die Regulierung von risikobehafteten FMCG (Fast Moving Consumer Goods) daf\u00fcr verantwortlich, eine Vielzahl von deutschen und internationalen Unternehmen in und um die Cannabisbranche zu betreuen.<\/p>\n<p>Mit einer einzigartigen Kombination aus politischem Feingef\u00fchl und Branchenkenntnissen ebnet Frederike f\u00fcr ihre Kund*innen den Weg von erfolgreichem Market Access \u00fcber gezielten Positionierungs-und Probleml\u00f6sungskampagnen den Weg zum Erfolg in Deutschland und Europa. Gemeinsam mit ihrem Team \u00fcbersetzt sie durch die Steuerung der \u00f6ffentlichen Wahrnehmung Gesch\u00e4ftsmodelle ideal in die regulatorische Realit\u00e4t.<\/p>\n<p>Vor ihrem Einstieg bei PIVOT war sie im Bundestag und europ\u00e4ischen Parlament t\u00e4tig und widmete sich der philanthropischen Stiftungsarbeit.<\/p>\n<\/div><\/section><br \/>\n<section  class='av_textblock_section av-k7yuci90-cc8f536f476c354fb273c6b3e8aa0dbd '   itemscope=\"itemscope\" itemtype=\"https:\/\/schema.org\/CreativeWork\" ><div class='avia_textblock'  itemprop=\"text\" ><p><a href=\"https:\/\/de.linkedin.com\/in\/frederike-s-f%C3%A4scher-2a1230186\" target=\"_blank\" rel=\"noopener\">Hier geht&#8217;s zum LinkedIn-Profil.<\/a><\/p>\n<\/div><\/section><\/p><\/div><\/p>\n","protected":false},"excerpt":{"rendered":"<p>PIVOT Regulatory<\/p>\n","protected":false},"author":4,"featured_media":2148,"comment_status":"closed","ping_status":"closed","template":"","meta":{"footnotes":""},"tags":[],"portfolio_entries":[51,52],"class_list":["post-2147","portfolio","type-portfolio","status-publish","has-post-thumbnail","hentry","portfolio_entries-vortragende-2024","portfolio_entries-vortragende-feature-2024"],"yoast_head":"<!-- This site is optimized with the Yoast SEO plugin v27.4 - https:\/\/yoast.com\/product\/yoast-seo-wordpress\/ -->\n<title>Referent: Frederike S. F\u00e4scher | CannabisCon live<\/title>\n<meta name=\"description\" content=\"CannabisCon live | Begr\u00fc\u00dfen Sie auf der B\u00fchne: Frederike S. F\u00e4scher\" \/>\n<meta name=\"robots\" content=\"index, follow, max-snippet:-1, max-image-preview:large, max-video-preview:-1\" \/>\n<link rel=\"canonical\" href=\"https:\/\/dfvcg-events.de\/cannabis-con\/vortragend\/frederike-s-faescher\/\" \/>\n<meta property=\"og:locale\" content=\"de_DE\" \/>\n<meta property=\"og:type\" content=\"article\" \/>\n<meta property=\"og:title\" content=\"Referent: Frederike S. F\u00e4scher | CannabisCon live\" \/>\n<meta property=\"og:description\" content=\"CannabisCon live | Begr\u00fc\u00dfen Sie auf der B\u00fchne: Frederike S. F\u00e4scher\" \/>\n<meta property=\"og:url\" content=\"https:\/\/dfvcg-events.de\/cannabis-con\/vortragend\/frederike-s-faescher\/\" \/>\n<meta property=\"og:site_name\" content=\"CannabisCon live\" \/>\n<meta property=\"article:publisher\" content=\"https:\/\/www.facebook.com\/dfvcg.de\/\" \/>\n<meta property=\"article:modified_time\" content=\"2024-07-04T07:54:03+00:00\" \/>\n<meta property=\"og:image\" content=\"https:\/\/dfvcg-events.de\/cannabis-con\/wp-content\/uploads\/sites\/43\/2024\/03\/Faescher-Frederike-S._Werter-Web.jpg\" \/>\n\t<meta property=\"og:image:width\" content=\"690\" \/>\n\t<meta property=\"og:image:height\" content=\"920\" \/>\n\t<meta property=\"og:image:type\" content=\"image\/jpeg\" \/>\n<meta name=\"twitter:card\" content=\"summary_large_image\" \/>\n<meta name=\"twitter:site\" content=\"@dfvcg_\" \/>\n<meta name=\"twitter:label1\" content=\"Gesch\u00e4tzte Lesezeit\" \/>\n\t<meta name=\"twitter:data1\" content=\"1\u00a0Minute\" \/>\n<script type=\"application\/ld+json\" class=\"yoast-schema-graph\">{\"@context\":\"https:\\\/\\\/schema.org\",\"@graph\":[{\"@type\":\"WebPage\",\"@id\":\"https:\\\/\\\/dfvcg-events.de\\\/cannabis-con\\\/vortragend\\\/frederike-s-faescher\\\/\",\"url\":\"https:\\\/\\\/dfvcg-events.de\\\/cannabis-con\\\/vortragend\\\/frederike-s-faescher\\\/\",\"name\":\"Referent: Frederike S. F\u00e4scher | CannabisCon live\",\"isPartOf\":{\"@id\":\"https:\\\/\\\/dfvcg-events.de\\\/cannabis-con\\\/#website\"},\"primaryImageOfPage\":{\"@id\":\"https:\\\/\\\/dfvcg-events.de\\\/cannabis-con\\\/vortragend\\\/frederike-s-faescher\\\/#primaryimage\"},\"image\":{\"@id\":\"https:\\\/\\\/dfvcg-events.de\\\/cannabis-con\\\/vortragend\\\/frederike-s-faescher\\\/#primaryimage\"},\"thumbnailUrl\":\"https:\\\/\\\/dfvcg-events.de\\\/cannabis-con\\\/wp-content\\\/uploads\\\/sites\\\/43\\\/2024\\\/03\\\/Faescher-Frederike-S._Werter-Web.jpg\",\"datePublished\":\"2024-03-27T15:34:00+00:00\",\"dateModified\":\"2024-07-04T07:54:03+00:00\",\"description\":\"CannabisCon live | Begr\u00fc\u00dfen Sie auf der B\u00fchne: Frederike S. F\u00e4scher\",\"breadcrumb\":{\"@id\":\"https:\\\/\\\/dfvcg-events.de\\\/cannabis-con\\\/vortragend\\\/frederike-s-faescher\\\/#breadcrumb\"},\"inLanguage\":\"de\",\"potentialAction\":[{\"@type\":\"ReadAction\",\"target\":[\"https:\\\/\\\/dfvcg-events.de\\\/cannabis-con\\\/vortragend\\\/frederike-s-faescher\\\/\"]}]},{\"@type\":\"ImageObject\",\"inLanguage\":\"de\",\"@id\":\"https:\\\/\\\/dfvcg-events.de\\\/cannabis-con\\\/vortragend\\\/frederike-s-faescher\\\/#primaryimage\",\"url\":\"https:\\\/\\\/dfvcg-events.de\\\/cannabis-con\\\/wp-content\\\/uploads\\\/sites\\\/43\\\/2024\\\/03\\\/Faescher-Frederike-S._Werter-Web.jpg\",\"contentUrl\":\"https:\\\/\\\/dfvcg-events.de\\\/cannabis-con\\\/wp-content\\\/uploads\\\/sites\\\/43\\\/2024\\\/03\\\/Faescher-Frederike-S._Werter-Web.jpg\",\"width\":690,\"height\":920},{\"@type\":\"BreadcrumbList\",\"@id\":\"https:\\\/\\\/dfvcg-events.de\\\/cannabis-con\\\/vortragend\\\/frederike-s-faescher\\\/#breadcrumb\",\"itemListElement\":[{\"@type\":\"ListItem\",\"position\":1,\"name\":\"Startseite\",\"item\":\"https:\\\/\\\/dfvcg-events.de\\\/cannabis-con\\\/\"},{\"@type\":\"ListItem\",\"position\":2,\"name\":\"Frederike S. F\u00e4scher\"}]},{\"@type\":\"WebSite\",\"@id\":\"https:\\\/\\\/dfvcg-events.de\\\/cannabis-con\\\/#website\",\"url\":\"https:\\\/\\\/dfvcg-events.de\\\/cannabis-con\\\/\",\"name\":\"CannabisCon live\",\"description\":\"dfv Conference Group\",\"publisher\":{\"@id\":\"https:\\\/\\\/dfvcg-events.de\\\/cannabis-con\\\/#organization\"},\"alternateName\":\"CannabisCon live\",\"potentialAction\":[{\"@type\":\"SearchAction\",\"target\":{\"@type\":\"EntryPoint\",\"urlTemplate\":\"https:\\\/\\\/dfvcg-events.de\\\/cannabis-con\\\/?s={search_term_string}\"},\"query-input\":{\"@type\":\"PropertyValueSpecification\",\"valueRequired\":true,\"valueName\":\"search_term_string\"}}],\"inLanguage\":\"de\"},{\"@type\":\"Organization\",\"@id\":\"https:\\\/\\\/dfvcg-events.de\\\/cannabis-con\\\/#organization\",\"name\":\"CannabisCON live\",\"alternateName\":\"CannabisCon live\",\"url\":\"https:\\\/\\\/dfvcg-events.de\\\/cannabis-con\\\/\",\"logo\":{\"@type\":\"ImageObject\",\"inLanguage\":\"de\",\"@id\":\"https:\\\/\\\/dfvcg-events.de\\\/cannabis-con\\\/#\\\/schema\\\/logo\\\/image\\\/\",\"url\":\"https:\\\/\\\/dfvcg-events.de\\\/cannabis-con\\\/wp-content\\\/uploads\\\/sites\\\/43\\\/2023\\\/02\\\/dfvcg_CanConlive_Logo.png\",\"contentUrl\":\"https:\\\/\\\/dfvcg-events.de\\\/cannabis-con\\\/wp-content\\\/uploads\\\/sites\\\/43\\\/2023\\\/02\\\/dfvcg_CanConlive_Logo.png\",\"width\":3233,\"height\":2500,\"caption\":\"CannabisCON live\"},\"image\":{\"@id\":\"https:\\\/\\\/dfvcg-events.de\\\/cannabis-con\\\/#\\\/schema\\\/logo\\\/image\\\/\"},\"sameAs\":[\"https:\\\/\\\/www.facebook.com\\\/dfvcg.de\\\/\",\"https:\\\/\\\/x.com\\\/dfvcg_\"]}]}<\/script>\n<!-- \/ Yoast SEO plugin. -->","yoast_head_json":{"title":"Referent: Frederike S. F\u00e4scher | CannabisCon live","description":"CannabisCon live | Begr\u00fc\u00dfen Sie auf der B\u00fchne: Frederike S. F\u00e4scher","robots":{"index":"index","follow":"follow","max-snippet":"max-snippet:-1","max-image-preview":"max-image-preview:large","max-video-preview":"max-video-preview:-1"},"canonical":"https:\/\/dfvcg-events.de\/cannabis-con\/vortragend\/frederike-s-faescher\/","og_locale":"de_DE","og_type":"article","og_title":"Referent: Frederike S. F\u00e4scher | CannabisCon live","og_description":"CannabisCon live | Begr\u00fc\u00dfen Sie auf der B\u00fchne: Frederike S. F\u00e4scher","og_url":"https:\/\/dfvcg-events.de\/cannabis-con\/vortragend\/frederike-s-faescher\/","og_site_name":"CannabisCon live","article_publisher":"https:\/\/www.facebook.com\/dfvcg.de\/","article_modified_time":"2024-07-04T07:54:03+00:00","og_image":[{"width":690,"height":920,"url":"https:\/\/dfvcg-events.de\/cannabis-con\/wp-content\/uploads\/sites\/43\/2024\/03\/Faescher-Frederike-S._Werter-Web.jpg","type":"image\/jpeg"}],"twitter_card":"summary_large_image","twitter_site":"@dfvcg_","twitter_misc":{"Gesch\u00e4tzte Lesezeit":"1\u00a0Minute"},"schema":{"@context":"https:\/\/schema.org","@graph":[{"@type":"WebPage","@id":"https:\/\/dfvcg-events.de\/cannabis-con\/vortragend\/frederike-s-faescher\/","url":"https:\/\/dfvcg-events.de\/cannabis-con\/vortragend\/frederike-s-faescher\/","name":"Referent: Frederike S. F\u00e4scher | CannabisCon live","isPartOf":{"@id":"https:\/\/dfvcg-events.de\/cannabis-con\/#website"},"primaryImageOfPage":{"@id":"https:\/\/dfvcg-events.de\/cannabis-con\/vortragend\/frederike-s-faescher\/#primaryimage"},"image":{"@id":"https:\/\/dfvcg-events.de\/cannabis-con\/vortragend\/frederike-s-faescher\/#primaryimage"},"thumbnailUrl":"https:\/\/dfvcg-events.de\/cannabis-con\/wp-content\/uploads\/sites\/43\/2024\/03\/Faescher-Frederike-S._Werter-Web.jpg","datePublished":"2024-03-27T15:34:00+00:00","dateModified":"2024-07-04T07:54:03+00:00","description":"CannabisCon live | Begr\u00fc\u00dfen Sie auf der B\u00fchne: Frederike S. F\u00e4scher","breadcrumb":{"@id":"https:\/\/dfvcg-events.de\/cannabis-con\/vortragend\/frederike-s-faescher\/#breadcrumb"},"inLanguage":"de","potentialAction":[{"@type":"ReadAction","target":["https:\/\/dfvcg-events.de\/cannabis-con\/vortragend\/frederike-s-faescher\/"]}]},{"@type":"ImageObject","inLanguage":"de","@id":"https:\/\/dfvcg-events.de\/cannabis-con\/vortragend\/frederike-s-faescher\/#primaryimage","url":"https:\/\/dfvcg-events.de\/cannabis-con\/wp-content\/uploads\/sites\/43\/2024\/03\/Faescher-Frederike-S._Werter-Web.jpg","contentUrl":"https:\/\/dfvcg-events.de\/cannabis-con\/wp-content\/uploads\/sites\/43\/2024\/03\/Faescher-Frederike-S._Werter-Web.jpg","width":690,"height":920},{"@type":"BreadcrumbList","@id":"https:\/\/dfvcg-events.de\/cannabis-con\/vortragend\/frederike-s-faescher\/#breadcrumb","itemListElement":[{"@type":"ListItem","position":1,"name":"Startseite","item":"https:\/\/dfvcg-events.de\/cannabis-con\/"},{"@type":"ListItem","position":2,"name":"Frederike S. F\u00e4scher"}]},{"@type":"WebSite","@id":"https:\/\/dfvcg-events.de\/cannabis-con\/#website","url":"https:\/\/dfvcg-events.de\/cannabis-con\/","name":"CannabisCon live","description":"dfv Conference Group","publisher":{"@id":"https:\/\/dfvcg-events.de\/cannabis-con\/#organization"},"alternateName":"CannabisCon live","potentialAction":[{"@type":"SearchAction","target":{"@type":"EntryPoint","urlTemplate":"https:\/\/dfvcg-events.de\/cannabis-con\/?s={search_term_string}"},"query-input":{"@type":"PropertyValueSpecification","valueRequired":true,"valueName":"search_term_string"}}],"inLanguage":"de"},{"@type":"Organization","@id":"https:\/\/dfvcg-events.de\/cannabis-con\/#organization","name":"CannabisCON live","alternateName":"CannabisCon live","url":"https:\/\/dfvcg-events.de\/cannabis-con\/","logo":{"@type":"ImageObject","inLanguage":"de","@id":"https:\/\/dfvcg-events.de\/cannabis-con\/#\/schema\/logo\/image\/","url":"https:\/\/dfvcg-events.de\/cannabis-con\/wp-content\/uploads\/sites\/43\/2023\/02\/dfvcg_CanConlive_Logo.png","contentUrl":"https:\/\/dfvcg-events.de\/cannabis-con\/wp-content\/uploads\/sites\/43\/2023\/02\/dfvcg_CanConlive_Logo.png","width":3233,"height":2500,"caption":"CannabisCON live"},"image":{"@id":"https:\/\/dfvcg-events.de\/cannabis-con\/#\/schema\/logo\/image\/"},"sameAs":["https:\/\/www.facebook.com\/dfvcg.de\/","https:\/\/x.com\/dfvcg_"]}]}},"_links":{"self":[{"href":"https:\/\/dfvcg-events.de\/cannabis-con\/wp-json\/wp\/v2\/portfolio\/2147","targetHints":{"allow":["GET"]}}],"collection":[{"href":"https:\/\/dfvcg-events.de\/cannabis-con\/wp-json\/wp\/v2\/portfolio"}],"about":[{"href":"https:\/\/dfvcg-events.de\/cannabis-con\/wp-json\/wp\/v2\/types\/portfolio"}],"author":[{"embeddable":true,"href":"https:\/\/dfvcg-events.de\/cannabis-con\/wp-json\/wp\/v2\/users\/4"}],"replies":[{"embeddable":true,"href":"https:\/\/dfvcg-events.de\/cannabis-con\/wp-json\/wp\/v2\/comments?post=2147"}],"version-history":[{"count":2,"href":"https:\/\/dfvcg-events.de\/cannabis-con\/wp-json\/wp\/v2\/portfolio\/2147\/revisions"}],"predecessor-version":[{"id":2262,"href":"https:\/\/dfvcg-events.de\/cannabis-con\/wp-json\/wp\/v2\/portfolio\/2147\/revisions\/2262"}],"wp:featuredmedia":[{"embeddable":true,"href":"https:\/\/dfvcg-events.de\/cannabis-con\/wp-json\/wp\/v2\/media\/2148"}],"wp:attachment":[{"href":"https:\/\/dfvcg-events.de\/cannabis-con\/wp-json\/wp\/v2\/media?parent=2147"}],"wp:term":[{"taxonomy":"post_tag","embeddable":true,"href":"https:\/\/dfvcg-events.de\/cannabis-con\/wp-json\/wp\/v2\/tags?post=2147"},{"taxonomy":"portfolio_entries","embeddable":true,"href":"https:\/\/dfvcg-events.de\/cannabis-con\/wp-json\/wp\/v2\/portfolio_entries?post=2147"}],"curies":[{"name":"wp","href":"https:\/\/api.w.org\/{rel}","templated":true}]}}